{"id":5641,"date":"2022-05-02T09:08:48","date_gmt":"2022-05-02T12:08:48","guid":{"rendered":"https:\/\/www.ufmg.br\/95anos\/?page_id=5641"},"modified":"2022-05-27T07:55:38","modified_gmt":"2022-05-27T10:55:38","slug":"ufmg-em-imagens","status":"publish","type":"page","link":"https:\/\/www.ufmg.br\/95anos\/ufmg-em-imagens\/","title":{"rendered":"UFMG em Imagens"},"content":{"rendered":"\n<p><\/p>\n\n\n\t                <ul class=\"easy-image-gallery thumbnails-48 linked\">\r\n                    <li><a data-fancybox=\"gallery166\" href=\"https:\/\/www.ufmg.br\/95anos\/wp-content\/uploads\/2022\/05\/EEFFTO-1024x683.jpg\" class=\"eig-popup\" title=\"Escola de Educa\u00e7\u00e3o F\u00edsica, Fisioterapia e Terapia Ocupacional\" data-caption=\"Escola de Educa\u00e7\u00e3o F\u00edsica, Fisioterapia e Terapia Ocupacional\" target=\"_blank\"><i class=\"icon-view\"><\/i><span class=\"overlay\"><\/span><img width=\"150\" height=\"150\" src=\"https:\/\/www.ufmg.br\/95anos\/wp-content\/uploads\/2022\/05\/EEFFTO-150x150.jpg\" class=\"attachment-thumbnail size-thumbnail\" alt=\"\" loading=\"lazy\" \/><\/a><\/li><li><a data-fancybox=\"gallery166\" href=\"https:\/\/www.ufmg.br\/95anos\/wp-content\/uploads\/2022\/05\/ICEX-1024x683.jpg\" class=\"eig-popup\" title=\"Instituto de Ci\u00eancias Exatas\" data-caption=\"Instituto de Ci\u00eancias Exatas\" target=\"_blank\"><i class=\"icon-view\"><\/i><span class=\"overlay\"><\/span><img width=\"150\" height=\"150\" src=\"https:\/\/www.ufmg.br\/95anos\/wp-content\/uploads\/2022\/05\/ICEX-150x150.jpg\" class=\"attachment-thumbnail size-thumbnail\" alt=\"\" loading=\"lazy\" \/><\/a><\/li><li><a data-fancybox=\"gallery166\" href=\"https:\/\/www.ufmg.br\/95anos\/wp-content\/uploads\/2022\/05\/ICB-1024x683.jpg\" class=\"eig-popup\" title=\"Instituto de Ci\u00eancias Biol\u00f3gicas\" data-caption=\"Instituto de Ci\u00eancias Biol\u00f3gicas\" target=\"_blank\"><i class=\"icon-view\"><\/i><span class=\"overlay\"><\/span><img width=\"150\" height=\"150\" src=\"https:\/\/www.ufmg.br\/95anos\/wp-content\/uploads\/2022\/05\/ICB-150x150.jpg\" class=\"attachment-thumbnail size-thumbnail\" alt=\"\" loading=\"lazy\" \/><\/a><\/li><li><a data-fancybox=\"gallery166\" href=\"https:\/\/www.ufmg.br\/95anos\/wp-content\/uploads\/2022\/05\/ICA-1024x683.jpg\" class=\"eig-popup\" title=\"Instituto de Ci\u00eancias Agr\u00e1rias\" data-caption=\"Instituto de Ci\u00eancias Agr\u00e1rias\" target=\"_blank\"><i class=\"icon-view\"><\/i><span class=\"overlay\"><\/span><img width=\"150\" height=\"150\" src=\"https:\/\/www.ufmg.br\/95anos\/wp-content\/uploads\/2022\/05\/ICA-150x150.jpg\" class=\"attachment-thumbnail size-thumbnail\" alt=\"\" loading=\"lazy\" \/><\/a><\/li><li><a data-fancybox=\"gallery166\" href=\"https:\/\/www.ufmg.br\/95anos\/wp-content\/uploads\/2022\/05\/FAO-1024x767.jpg\" class=\"eig-popup\" title=\"Faculdade de Odontologia\" data-caption=\"Faculdade de Odontologia\" target=\"_blank\"><i class=\"icon-view\"><\/i><span class=\"overlay\"><\/span><img width=\"150\" height=\"150\" src=\"https:\/\/www.ufmg.br\/95anos\/wp-content\/uploads\/2022\/05\/FAO-150x150.jpg\" class=\"attachment-thumbnail size-thumbnail\" alt=\"\" loading=\"lazy\" \/><\/a><\/li><li><a data-fancybox=\"gallery166\" href=\"https:\/\/www.ufmg.br\/95anos\/wp-content\/uploads\/2022\/05\/FAFICH-1024x683.jpg\" class=\"eig-popup\" title=\"Faculdade de Filosofia e Ci\u00eancias Humanas\" data-caption=\"Faculdade de Filosofia e Ci\u00eancias Humanas\" target=\"_blank\"><i class=\"icon-view\"><\/i><span class=\"overlay\"><\/span><img width=\"150\" height=\"150\" src=\"https:\/\/www.ufmg.br\/95anos\/wp-content\/uploads\/2022\/05\/FAFICH-150x150.jpg\" class=\"attachment-thumbnail size-thumbnail\" alt=\"\" loading=\"lazy\" \/><\/a><\/li><li><a data-fancybox=\"gallery166\" href=\"https:\/\/www.ufmg.br\/95anos\/wp-content\/uploads\/2022\/05\/FaE-1024x683.jpg\" class=\"eig-popup\" title=\"Faculdade de Educa\u00e7\u00e3o\" data-caption=\"Faculdade de Educa\u00e7\u00e3o\" target=\"_blank\"><i class=\"icon-view\"><\/i><span class=\"overlay\"><\/span><img width=\"150\" height=\"150\" src=\"https:\/\/www.ufmg.br\/95anos\/wp-content\/uploads\/2022\/05\/FaE-150x150.jpg\" class=\"attachment-thumbnail size-thumbnail\" alt=\"\" loading=\"lazy\" \/><\/a><\/li><li><a data-fancybox=\"gallery166\" href=\"https:\/\/www.ufmg.br\/95anos\/wp-content\/uploads\/2022\/05\/Faculdade-de-Medicina-1024x683.jpg\" class=\"eig-popup\" title=\"Faculdade de Medicina\" data-caption=\"Faculdade de Medicina\" target=\"_blank\"><i class=\"icon-view\"><\/i><span class=\"overlay\"><\/span><img width=\"150\" height=\"150\" src=\"https:\/\/www.ufmg.br\/95anos\/wp-content\/uploads\/2022\/05\/Faculdade-de-Medicina-150x150.jpg\" class=\"attachment-thumbnail size-thumbnail\" alt=\"\" loading=\"lazy\" \/><\/a><\/li><li><a data-fancybox=\"gallery166\" href=\"https:\/\/www.ufmg.br\/95anos\/wp-content\/uploads\/2022\/05\/Faculdade-de-farmacia-1024x768.jpg\" class=\"eig-popup\" title=\"Faculdade de Farm\u00e1cia\" data-caption=\"Faculdade de Farm\u00e1cia\" target=\"_blank\"><i class=\"icon-view\"><\/i><span class=\"overlay\"><\/span><img width=\"150\" height=\"150\" src=\"https:\/\/www.ufmg.br\/95anos\/wp-content\/uploads\/2022\/05\/Faculdade-de-farmacia-150x150.jpg\" class=\"attachment-thumbnail size-thumbnail\" alt=\"\" loading=\"lazy\" \/><\/a><\/li><li><a data-fancybox=\"gallery166\" href=\"https:\/\/www.ufmg.br\/95anos\/wp-content\/uploads\/2022\/05\/Faculdade-de-Direito-1024x683.jpg\" class=\"eig-popup\" title=\"Faculdade de Direito \" data-caption=\"Faculdade de Direito \" target=\"_blank\"><i class=\"icon-view\"><\/i><span class=\"overlay\"><\/span><img width=\"150\" height=\"150\" src=\"https:\/\/www.ufmg.br\/95anos\/wp-content\/uploads\/2022\/05\/Faculdade-de-Direito-150x150.jpg\" class=\"attachment-thumbnail size-thumbnail\" alt=\"\" loading=\"lazy\" \/><\/a><\/li><li><a data-fancybox=\"gallery166\" href=\"https:\/\/www.ufmg.br\/95anos\/wp-content\/uploads\/2022\/05\/FACE-1024x685.jpg\" class=\"eig-popup\" title=\"Faculdade de Ci\u00eancias Econ\u00f4micas\" data-caption=\"Faculdade de Ci\u00eancias Econ\u00f4micas\" target=\"_blank\"><i class=\"icon-view\"><\/i><span class=\"overlay\"><\/span><img width=\"150\" height=\"150\" src=\"https:\/\/www.ufmg.br\/95anos\/wp-content\/uploads\/2022\/05\/FACE-150x150.jpg\" class=\"attachment-thumbnail size-thumbnail\" alt=\"\" loading=\"lazy\" \/><\/a><\/li><li><a data-fancybox=\"gallery166\" href=\"https:\/\/www.ufmg.br\/95anos\/wp-content\/uploads\/2022\/05\/Escola-de-Veterinaria-1024x682.jpg\" class=\"eig-popup\" title=\"Escola de Veterin\u00e1ria\" data-caption=\"Escola de Veterin\u00e1ria\" target=\"_blank\"><i class=\"icon-view\"><\/i><span class=\"overlay\"><\/span><img width=\"150\" height=\"150\" src=\"https:\/\/www.ufmg.br\/95anos\/wp-content\/uploads\/2022\/05\/Escola-de-Veterinaria-150x150.jpg\" class=\"attachment-thumbnail size-thumbnail\" alt=\"\" loading=\"lazy\" \/><\/a><\/li><li><a data-fancybox=\"gallery166\" href=\"https:\/\/www.ufmg.br\/95anos\/wp-content\/uploads\/2022\/05\/Escola-de-Musica-1024x683.jpg\" class=\"eig-popup\" title=\"Escola de M\u00fasica\" data-caption=\"Escola de M\u00fasica\" target=\"_blank\"><i class=\"icon-view\"><\/i><span class=\"overlay\"><\/span><img width=\"150\" height=\"150\" src=\"https:\/\/www.ufmg.br\/95anos\/wp-content\/uploads\/2022\/05\/Escola-de-Musica-150x150.jpg\" class=\"attachment-thumbnail size-thumbnail\" alt=\"\" loading=\"lazy\" \/><\/a><\/li><li><a data-fancybox=\"gallery166\" href=\"https:\/\/www.ufmg.br\/95anos\/wp-content\/uploads\/2022\/05\/Escola-de-Engenharia-1024x683.jpg\" class=\"eig-popup\" title=\"Escola de Engenharia\" data-caption=\"Escola de Engenharia\" target=\"_blank\"><i class=\"icon-view\"><\/i><span class=\"overlay\"><\/span><img width=\"150\" height=\"150\" src=\"https:\/\/www.ufmg.br\/95anos\/wp-content\/uploads\/2022\/05\/Escola-de-Engenharia-150x150.jpg\" class=\"attachment-thumbnail size-thumbnail\" alt=\"\" loading=\"lazy\" \/><\/a><\/li><li><a data-fancybox=\"gallery166\" href=\"https:\/\/www.ufmg.br\/95anos\/wp-content\/uploads\/2022\/05\/Escola-de-Enfermagem-1024x683.jpg\" class=\"eig-popup\" title=\"Escola de Enfermagem\" data-caption=\"Escola de Enfermagem\" target=\"_blank\"><i class=\"icon-view\"><\/i><span class=\"overlay\"><\/span><img width=\"150\" height=\"150\" src=\"https:\/\/www.ufmg.br\/95anos\/wp-content\/uploads\/2022\/05\/Escola-de-Enfermagem-150x150.jpg\" class=\"attachment-thumbnail size-thumbnail\" alt=\"\" loading=\"lazy\" \/><\/a><\/li><li><a data-fancybox=\"gallery166\" href=\"https:\/\/www.ufmg.br\/95anos\/wp-content\/uploads\/2022\/05\/Escola-de-Ciencia-da-Informacao-1024x683.jpg\" class=\"eig-popup\" title=\"Escola de Ci\u00eancia da Informa\u00e7\u00e3o\" data-caption=\"Escola de Ci\u00eancia da Informa\u00e7\u00e3o\" target=\"_blank\"><i class=\"icon-view\"><\/i><span class=\"overlay\"><\/span><img width=\"150\" height=\"150\" src=\"https:\/\/www.ufmg.br\/95anos\/wp-content\/uploads\/2022\/05\/Escola-de-Ciencia-da-Informacao-150x150.jpg\" class=\"attachment-thumbnail size-thumbnail\" alt=\"\" loading=\"lazy\" \/><\/a><\/li><li><a data-fancybox=\"gallery166\" href=\"https:\/\/www.ufmg.br\/95anos\/wp-content\/uploads\/2022\/05\/Escola-de-Belas-Artes-1024x683.jpg\" class=\"eig-popup\" title=\"Escola de Belas-Artes\" data-caption=\"Escola de Belas-Artes\" target=\"_blank\"><i class=\"icon-view\"><\/i><span class=\"overlay\"><\/span><img width=\"150\" height=\"150\" src=\"https:\/\/www.ufmg.br\/95anos\/wp-content\/uploads\/2022\/05\/Escola-de-Belas-Artes-150x150.jpg\" class=\"attachment-thumbnail size-thumbnail\" alt=\"\" loading=\"lazy\" \/><\/a><\/li><li><a data-fancybox=\"gallery166\" href=\"https:\/\/www.ufmg.br\/95anos\/wp-content\/uploads\/2022\/05\/Escola-de-Arquitetura-1024x683.jpg\" class=\"eig-popup\" title=\"Arquitetura\" data-caption=\"Arquitetura\" target=\"_blank\"><i class=\"icon-view\"><\/i><span class=\"overlay\"><\/span><img width=\"150\" height=\"150\" src=\"https:\/\/www.ufmg.br\/95anos\/wp-content\/uploads\/2022\/05\/Escola-de-Arquitetura-150x150.jpg\" class=\"attachment-thumbnail size-thumbnail\" alt=\"\" loading=\"lazy\" \/><\/a><\/li><li><a data-fancybox=\"gallery166\" href=\"https:\/\/www.ufmg.br\/95anos\/wp-content\/uploads\/2022\/05\/EEFFTO-1024x683.jpg\" class=\"eig-popup\" title=\"Escola de Educa\u00e7\u00e3o F\u00edsica, Fisioterapia e Terapia Ocupacional\" data-caption=\"Escola de Educa\u00e7\u00e3o F\u00edsica, Fisioterapia e Terapia Ocupacional\" target=\"_blank\"><i class=\"icon-view\"><\/i><span class=\"overlay\"><\/span><img width=\"150\" height=\"150\" src=\"https:\/\/www.ufmg.br\/95anos\/wp-content\/uploads\/2022\/05\/EEFFTO-150x150.jpg\" class=\"attachment-thumbnail size-thumbnail\" alt=\"\" loading=\"lazy\" \/><\/a><\/li><li><a data-fancybox=\"gallery166\" href=\"https:\/\/www.ufmg.br\/95anos\/wp-content\/uploads\/2022\/05\/BU-1024x683.jpg\" class=\"eig-popup\" title=\"Biblioteca Central\" data-caption=\"Biblioteca Central\" target=\"_blank\"><i class=\"icon-view\"><\/i><span class=\"overlay\"><\/span><img width=\"150\" height=\"150\" src=\"https:\/\/www.ufmg.br\/95anos\/wp-content\/uploads\/2022\/05\/BU-150x150.jpg\" class=\"attachment-thumbnail size-thumbnail\" alt=\"\" loading=\"lazy\" \/><\/a><\/li><li><a data-fancybox=\"gallery166\" href=\"https:\/\/www.ufmg.br\/95anos\/wp-content\/uploads\/2022\/05\/FALE-1024x683.jpg\" class=\"eig-popup\" title=\"Faculdade de Letras\" data-caption=\"Faculdade de Letras\" target=\"_blank\"><i class=\"icon-view\"><\/i><span class=\"overlay\"><\/span><img width=\"150\" height=\"150\" src=\"https:\/\/www.ufmg.br\/95anos\/wp-content\/uploads\/2022\/05\/FALE-150x150.jpg\" class=\"attachment-thumbnail size-thumbnail\" alt=\"\" loading=\"lazy\" \/><\/a><\/li><li><a data-fancybox=\"gallery166\" href=\"https:\/\/www.ufmg.br\/95anos\/wp-content\/uploads\/2022\/05\/BU-1024x683.jpg\" class=\"eig-popup\" title=\"Biblioteca Central\" data-caption=\"Biblioteca Central\" target=\"_blank\"><i class=\"icon-view\"><\/i><span class=\"overlay\"><\/span><img width=\"150\" height=\"150\" src=\"https:\/\/www.ufmg.br\/95anos\/wp-content\/uploads\/2022\/05\/BU-150x150.jpg\" class=\"attachment-thumbnail size-thumbnail\" alt=\"\" loading=\"lazy\" \/><\/a><\/li><li><a data-fancybox=\"gallery166\" href=\"https:\/\/www.ufmg.br\/95anos\/wp-content\/uploads\/2022\/05\/IGC-1024x683.jpg\" class=\"eig-popup\" title=\"Instituto de Geoci\u00eancias\" data-caption=\"Instituto de Geoci\u00eancias\" target=\"_blank\"><i class=\"icon-view\"><\/i><span class=\"overlay\"><\/span><img width=\"150\" height=\"150\" src=\"https:\/\/www.ufmg.br\/95anos\/wp-content\/uploads\/2022\/05\/IGC-150x150.jpg\" class=\"attachment-thumbnail size-thumbnail\" alt=\"\" loading=\"lazy\" \/><\/a><\/li><li><a data-fancybox=\"gallery166\" href=\"https:\/\/www.ufmg.br\/95anos\/wp-content\/uploads\/2022\/05\/EEFFTO-1024x683.jpg\" class=\"eig-popup\" title=\"Escola de Educa\u00e7\u00e3o F\u00edsica, Fisioterapia e Terapia Ocupacional\" data-caption=\"Escola de Educa\u00e7\u00e3o F\u00edsica, Fisioterapia e Terapia Ocupacional\" target=\"_blank\"><i class=\"icon-view\"><\/i><span class=\"overlay\"><\/span><img width=\"150\" height=\"150\" src=\"https:\/\/www.ufmg.br\/95anos\/wp-content\/uploads\/2022\/05\/EEFFTO-150x150.jpg\" class=\"attachment-thumbnail size-thumbnail\" alt=\"\" loading=\"lazy\" \/><\/a><\/li><li><a data-fancybox=\"gallery166\" href=\"https:\/\/www.ufmg.br\/95anos\/wp-content\/uploads\/2022\/05\/@focalisboa-2012.jpg\" class=\"eig-popup\" title=\"Reitoria da UFMG | Foto : Foca Lisboa \" data-caption=\"Reitoria da UFMG | Foto : Foca Lisboa \" target=\"_blank\"><i class=\"icon-view\"><\/i><span class=\"overlay\"><\/span><img width=\"150\" height=\"150\" src=\"https:\/\/www.ufmg.br\/95anos\/wp-content\/uploads\/2022\/05\/@focalisboa-2012-150x150.jpg\" class=\"attachment-thumbnail size-thumbnail\" alt=\"\" loading=\"lazy\" \/><\/a><\/li><li><a data-fancybox=\"gallery166\" href=\"https:\/\/www.ufmg.br\/95anos\/wp-content\/uploads\/2022\/05\/6-semana-de-saude-mental-lucas-braga-2018-1024x683.jpg\" class=\"eig-popup\" title=\"6\u00ba Semana de Sa\u00fade Mental | Foto: Lucas Braga 2018\" data-caption=\"6\u00ba Semana de Sa\u00fade Mental | Foto: Lucas Braga 2018\" target=\"_blank\"><i class=\"icon-view\"><\/i><span class=\"overlay\"><\/span><img width=\"150\" height=\"150\" src=\"https:\/\/www.ufmg.br\/95anos\/wp-content\/uploads\/2022\/05\/6-semana-de-saude-mental-lucas-braga-2018-150x150.jpg\" class=\"attachment-thumbnail size-thumbnail\" alt=\"\" loading=\"lazy\" \/><\/a><\/li><li><a data-fancybox=\"gallery166\" href=\"https:\/\/www.ufmg.br\/95anos\/wp-content\/uploads\/2022\/05\/10-festival-de-verao-oficina-de-cordel-lucas-braga-1024x683.jpg\" class=\"eig-popup\" title=\"10\u00ba Festival de Ver\u00e3o da UFMG | Foto: Lucas Braga 2016\" data-caption=\"10\u00ba Festival de Ver\u00e3o da UFMG | Foto: Lucas Braga 2016\" target=\"_blank\"><i class=\"icon-view\"><\/i><span class=\"overlay\"><\/span><img width=\"150\" height=\"150\" src=\"https:\/\/www.ufmg.br\/95anos\/wp-content\/uploads\/2022\/05\/10-festival-de-verao-oficina-de-cordel-lucas-braga-150x150.jpg\" class=\"attachment-thumbnail size-thumbnail\" alt=\"\" loading=\"lazy\" \/><\/a><\/li><li><a data-fancybox=\"gallery166\" href=\"https:\/\/www.ufmg.br\/95anos\/wp-content\/uploads\/2022\/05\/17-UFMG-JOVEM-1024x683.jpg\" class=\"eig-popup\" title=\"17\u00ba UFMG Jovem | Foto: Lucas Braga 2016\" data-caption=\"17\u00ba UFMG Jovem | Foto: Lucas Braga 2016\" target=\"_blank\"><i class=\"icon-view\"><\/i><span class=\"overlay\"><\/span><img width=\"150\" height=\"150\" src=\"https:\/\/www.ufmg.br\/95anos\/wp-content\/uploads\/2022\/05\/17-UFMG-JOVEM-150x150.jpg\" class=\"attachment-thumbnail size-thumbnail\" alt=\"\" loading=\"lazy\" \/><\/a><\/li><li><a data-fancybox=\"gallery166\" href=\"https:\/\/www.ufmg.br\/95anos\/wp-content\/uploads\/2022\/05\/69-SBPC-1024x683.jpg\" class=\"eig-popup\" title=\"Prepara\u00e7\u00e3o da 69\u00ba SBPC | Foto: Lucas Braga 2017\" data-caption=\"Prepara\u00e7\u00e3o da 69\u00ba SBPC | Foto: Lucas Braga 2017\" target=\"_blank\"><i class=\"icon-view\"><\/i><span class=\"overlay\"><\/span><img width=\"150\" height=\"150\" src=\"https:\/\/www.ufmg.br\/95anos\/wp-content\/uploads\/2022\/05\/69-SBPC-150x150.jpg\" class=\"attachment-thumbnail size-thumbnail\" alt=\"\" loading=\"lazy\" \/><\/a><\/li><li><a data-fancybox=\"gallery166\" href=\"https:\/\/www.ufmg.br\/95anos\/wp-content\/uploads\/2022\/05\/25553679534_96813a6cbe_o-1024x683.jpg\" class=\"eig-popup\" title=\"Bandeira da Universidade | Foto: Lucas Braga 2016\" data-caption=\"Bandeira da Universidade | Foto: Lucas Braga 2016\" target=\"_blank\"><i class=\"icon-view\"><\/i><span class=\"overlay\"><\/span><img width=\"150\" height=\"150\" src=\"https:\/\/www.ufmg.br\/95anos\/wp-content\/uploads\/2022\/05\/25553679534_96813a6cbe_o-150x150.jpg\" class=\"attachment-thumbnail size-thumbnail\" alt=\"\" loading=\"lazy\" \/><\/a><\/li><li><a data-fancybox=\"gallery166\" href=\"https:\/\/www.ufmg.br\/95anos\/wp-content\/uploads\/2022\/05\/Aula-de-natacao-no-cte-1024x683.jpg\" class=\"eig-popup\" title=\"Aula de Nata\u00e7\u00e3o no CTE | Foto: Lucas Braga 2016\" data-caption=\"Aula de Nata\u00e7\u00e3o no CTE | Foto: Lucas Braga 2016\" target=\"_blank\"><i class=\"icon-view\"><\/i><span class=\"overlay\"><\/span><img width=\"150\" height=\"150\" src=\"https:\/\/www.ufmg.br\/95anos\/wp-content\/uploads\/2022\/05\/Aula-de-natacao-no-cte-150x150.jpg\" class=\"attachment-thumbnail size-thumbnail\" alt=\"\" loading=\"lazy\" \/><\/a><\/li><li><a data-fancybox=\"gallery166\" href=\"https:\/\/www.ufmg.br\/95anos\/wp-content\/uploads\/2022\/05\/CAD-I-1024x683.jpg\" class=\"eig-popup\" title=\"Centro de Atividades Did\u00e1ticas I | Foto: Lucas Braga 2016\" data-caption=\"Centro de Atividades Did\u00e1ticas I | Foto: Lucas Braga 2016\" target=\"_blank\"><i class=\"icon-view\"><\/i><span class=\"overlay\"><\/span><img width=\"150\" height=\"150\" src=\"https:\/\/www.ufmg.br\/95anos\/wp-content\/uploads\/2022\/05\/CAD-I-150x150.jpg\" class=\"attachment-thumbnail size-thumbnail\" alt=\"\" loading=\"lazy\" \/><\/a><\/li><li><a data-fancybox=\"gallery166\" href=\"https:\/\/www.ufmg.br\/95anos\/wp-content\/uploads\/2022\/05\/COLTEC-1024x683.jpg\" class=\"eig-popup\" title=\"Col\u00e9gio T\u00e9cnico | UFMG\nFoto: Lucas Braga 2016\" data-caption=\"Col\u00e9gio T\u00e9cnico | UFMG\nFoto: Lucas Braga 2016\" target=\"_blank\"><i class=\"icon-view\"><\/i><span class=\"overlay\"><\/span><img width=\"150\" height=\"150\" src=\"https:\/\/www.ufmg.br\/95anos\/wp-content\/uploads\/2022\/05\/COLTEC-150x150.jpg\" class=\"attachment-thumbnail size-thumbnail\" alt=\"\" loading=\"lazy\" \/><\/a><\/li><li><a data-fancybox=\"gallery166\" href=\"https:\/\/www.ufmg.br\/95anos\/wp-content\/uploads\/2022\/05\/Cortejo-de-povos-indigenas-e-guardas-de-reinado-1024x683.jpg\" class=\"eig-popup\" title=\"Cortejo de Povos Ind\u00edgenas e Guardas de reinado | Foto : Lucas Braga 2017\" data-caption=\"Cortejo de Povos Ind\u00edgenas e Guardas de reinado | Foto : Lucas Braga 2017\" target=\"_blank\"><i class=\"icon-view\"><\/i><span class=\"overlay\"><\/span><img width=\"150\" height=\"150\" src=\"https:\/\/www.ufmg.br\/95anos\/wp-content\/uploads\/2022\/05\/Cortejo-de-povos-indigenas-e-guardas-de-reinado-150x150.jpg\" class=\"attachment-thumbnail size-thumbnail\" alt=\"\" loading=\"lazy\" \/><\/a><\/li><li><a data-fancybox=\"gallery166\" href=\"https:\/\/www.ufmg.br\/95anos\/wp-content\/uploads\/2022\/05\/cria-junior-2013-1024x685.jpg\" class=\"eig-popup\" title=\"Cria UFMG | Foto: Lucas Braga 2013\" data-caption=\"Cria UFMG | Foto: Lucas Braga 2013\" target=\"_blank\"><i class=\"icon-view\"><\/i><span class=\"overlay\"><\/span><img width=\"150\" height=\"150\" src=\"https:\/\/www.ufmg.br\/95anos\/wp-content\/uploads\/2022\/05\/cria-junior-2013-150x150.jpg\" class=\"attachment-thumbnail size-thumbnail\" alt=\"\" loading=\"lazy\" \/><\/a><\/li><li><a data-fancybox=\"gallery166\" href=\"https:\/\/www.ufmg.br\/95anos\/wp-content\/uploads\/2022\/05\/Curso-de-Design-Escola-de-Arquitetura-1024x683.jpg\" class=\"eig-popup\" title=\"Curso de Design - Escola de Arquitetura | Foto: Lucas Braga \" data-caption=\"Curso de Design - Escola de Arquitetura | Foto: Lucas Braga \" target=\"_blank\"><i class=\"icon-view\"><\/i><span class=\"overlay\"><\/span><img width=\"150\" height=\"150\" src=\"https:\/\/www.ufmg.br\/95anos\/wp-content\/uploads\/2022\/05\/Curso-de-Design-Escola-de-Arquitetura-150x150.jpg\" class=\"attachment-thumbnail size-thumbnail\" alt=\"\" loading=\"lazy\" \/><\/a><\/li><li><a data-fancybox=\"gallery166\" href=\"https:\/\/www.ufmg.br\/95anos\/wp-content\/uploads\/2022\/05\/Cursos-de-extensao-e-graduacao-para-cirurgia-de-dente-incluso.-Nucleo-de-Cirurgia-da-Faculdade-de-Odontologia.-1024x683.jpg\" class=\"eig-popup\" title=\"N\u00facleo de Cirurgia da Faculdade de Odontologia | Foto: Lucas Braga \" data-caption=\"N\u00facleo de Cirurgia da Faculdade de Odontologia | Foto: Lucas Braga \" target=\"_blank\"><i class=\"icon-view\"><\/i><span class=\"overlay\"><\/span><img width=\"150\" height=\"150\" src=\"https:\/\/www.ufmg.br\/95anos\/wp-content\/uploads\/2022\/05\/Cursos-de-extensao-e-graduacao-para-cirurgia-de-dente-incluso.-Nucleo-de-Cirurgia-da-Faculdade-de-Odontologia.-150x150.jpg\" class=\"attachment-thumbnail size-thumbnail\" alt=\"\" loading=\"lazy\" \/><\/a><\/li><li><a data-fancybox=\"gallery166\" href=\"https:\/\/www.ufmg.br\/95anos\/wp-content\/uploads\/2022\/05\/Domingo-no-Campus-foca-lisboa-2015-1024x683.jpg\" class=\"eig-popup\" title=\"Domingo no Campus | Foto: Foca Lisboa 2015\" data-caption=\"Domingo no Campus | Foto: Foca Lisboa 2015\" target=\"_blank\"><i class=\"icon-view\"><\/i><span class=\"overlay\"><\/span><img width=\"150\" height=\"150\" src=\"https:\/\/www.ufmg.br\/95anos\/wp-content\/uploads\/2022\/05\/Domingo-no-Campus-foca-lisboa-2015-150x150.jpg\" class=\"attachment-thumbnail size-thumbnail\" alt=\"\" loading=\"lazy\" \/><\/a><\/li><li><a data-fancybox=\"gallery166\" href=\"https:\/\/www.ufmg.br\/95anos\/wp-content\/uploads\/2022\/05\/Entrega-Grande-Premio-de-Teses-UFMG-2019-foca-lisboa-1024x580.jpg\" class=\"eig-popup\" title=\"Grande Pr\u00e9mio de Teses UFMG | Foto: Foca Lisboa 2019\n\n\" data-caption=\"Grande Pr\u00e9mio de Teses UFMG | Foto: Foca Lisboa 2019\n\n\" target=\"_blank\"><i class=\"icon-view\"><\/i><span class=\"overlay\"><\/span><img width=\"150\" height=\"150\" src=\"https:\/\/www.ufmg.br\/95anos\/wp-content\/uploads\/2022\/05\/Entrega-Grande-Premio-de-Teses-UFMG-2019-foca-lisboa-150x150.jpg\" class=\"attachment-thumbnail size-thumbnail\" alt=\"\" loading=\"lazy\" \/><\/a><\/li><li><a data-fancybox=\"gallery166\" href=\"https:\/\/www.ufmg.br\/95anos\/wp-content\/uploads\/2022\/05\/ESTUDANTES-NGROS-FOTO-FOCA-LISBOA-1024x683.jpg\" class=\"eig-popup\" title=\"Estudantes da UFMG | Foto: Foca Lisboa \" data-caption=\"Estudantes da UFMG | Foto: Foca Lisboa \" target=\"_blank\"><i class=\"icon-view\"><\/i><span class=\"overlay\"><\/span><img width=\"150\" height=\"150\" src=\"https:\/\/www.ufmg.br\/95anos\/wp-content\/uploads\/2022\/05\/ESTUDANTES-NGROS-FOTO-FOCA-LISBOA-150x150.jpg\" class=\"attachment-thumbnail size-thumbnail\" alt=\"\" loading=\"lazy\" \/><\/a><\/li><li><a data-fancybox=\"gallery166\" href=\"https:\/\/www.ufmg.br\/95anos\/wp-content\/uploads\/2022\/05\/Feira-Agroecologica-2018-1024x683.jpg\" class=\"eig-popup\" title=\"Feira Agroecol\u00f3gica da UFMG | Foto: Lucas Braca \" data-caption=\"Feira Agroecol\u00f3gica da UFMG | Foto: Lucas Braca \" target=\"_blank\"><i class=\"icon-view\"><\/i><span class=\"overlay\"><\/span><img width=\"150\" height=\"150\" src=\"https:\/\/www.ufmg.br\/95anos\/wp-content\/uploads\/2022\/05\/Feira-Agroecologica-2018-150x150.jpg\" class=\"attachment-thumbnail size-thumbnail\" alt=\"\" loading=\"lazy\" \/><\/a><\/li><li><a data-fancybox=\"gallery166\" href=\"https:\/\/www.ufmg.br\/95anos\/wp-content\/uploads\/2022\/05\/Feira-do-livro-2014-@LucasBraga-1024x683.jpg\" class=\"eig-popup\" title=\"Feira do Livro | Foto: Lucas Braga 2014\" data-caption=\"Feira do Livro | Foto: Lucas Braga 2014\" target=\"_blank\"><i class=\"icon-view\"><\/i><span class=\"overlay\"><\/span><img width=\"150\" height=\"150\" src=\"https:\/\/www.ufmg.br\/95anos\/wp-content\/uploads\/2022\/05\/Feira-do-livro-2014-@LucasBraga-150x150.jpg\" class=\"attachment-thumbnail size-thumbnail\" alt=\"\" loading=\"lazy\" \/><\/a><\/li><li><a data-fancybox=\"gallery166\" href=\"https:\/\/www.ufmg.br\/95anos\/wp-content\/uploads\/2022\/05\/ICA-@LucasBraga-2-1024x683.jpg\" class=\"eig-popup\" title=\"Instituto de Ci\u00eancias Agr\u00e1rias | Foto: Lucas Braga \" data-caption=\"Instituto de Ci\u00eancias Agr\u00e1rias | Foto: Lucas Braga \" target=\"_blank\"><i class=\"icon-view\"><\/i><span class=\"overlay\"><\/span><img width=\"150\" height=\"150\" src=\"https:\/\/www.ufmg.br\/95anos\/wp-content\/uploads\/2022\/05\/ICA-@LucasBraga-2-150x150.jpg\" class=\"attachment-thumbnail size-thumbnail\" alt=\"\" loading=\"lazy\" \/><\/a><\/li><li><a data-fancybox=\"gallery166\" href=\"https:\/\/www.ufmg.br\/95anos\/wp-content\/uploads\/2022\/05\/ICA-@LucasBraga-1024x683.jpg\" class=\"eig-popup\" title=\"Instituto de Ci\u00eancias Agr\u00e1rias | Foto: Lucas Braga \" data-caption=\"Instituto de Ci\u00eancias Agr\u00e1rias | Foto: Lucas Braga \" target=\"_blank\"><i class=\"icon-view\"><\/i><span class=\"overlay\"><\/span><img width=\"150\" height=\"150\" src=\"https:\/\/www.ufmg.br\/95anos\/wp-content\/uploads\/2022\/05\/ICA-@LucasBraga-150x150.jpg\" class=\"attachment-thumbnail size-thumbnail\" alt=\"\" loading=\"lazy\" \/><\/a><\/li><li><a data-fancybox=\"gallery166\" href=\"https:\/\/www.ufmg.br\/95anos\/wp-content\/uploads\/2022\/05\/Indios-Pataxo-MG-na-plateia-do-Auditorio-da-Reitoria-@LucasBraga-1024x683.jpg\" class=\"eig-popup\" title=\"\u00cdndios Patax\u00f3 (MG), na plateia do Audit\u00f3rio da Reitoria | Foto: Lucas Braga \" data-caption=\"\u00cdndios Patax\u00f3 (MG), na plateia do Audit\u00f3rio da Reitoria | Foto: Lucas Braga \" target=\"_blank\"><i class=\"icon-view\"><\/i><span class=\"overlay\"><\/span><img width=\"150\" height=\"150\" src=\"https:\/\/www.ufmg.br\/95anos\/wp-content\/uploads\/2022\/05\/Indios-Pataxo-MG-na-plateia-do-Auditorio-da-Reitoria-@LucasBraga-150x150.jpg\" class=\"attachment-thumbnail size-thumbnail\" alt=\"\" loading=\"lazy\" \/><\/a><\/li><li><a data-fancybox=\"gallery166\" href=\"https:\/\/www.ufmg.br\/95anos\/wp-content\/uploads\/2022\/05\/Mostra-coreografa-de-trabalhos-desenvolvidos-pelos-alunos-do-curso-de-Licenciatura-em-Danca-da-UFMG-no-Auditorio-da-Reitoria.-LEVEARTE-2015-@LucasBraga-1024x683.jpg\" class=\"eig-popup\" title=\"Levearte 2015 | Foto: Lucas Braga \" data-caption=\"Levearte 2015 | Foto: Lucas Braga \" target=\"_blank\"><i class=\"icon-view\"><\/i><span class=\"overlay\"><\/span><img width=\"150\" height=\"150\" src=\"https:\/\/www.ufmg.br\/95anos\/wp-content\/uploads\/2022\/05\/Mostra-coreografa-de-trabalhos-desenvolvidos-pelos-alunos-do-curso-de-Licenciatura-em-Danca-da-UFMG-no-Auditorio-da-Reitoria.-LEVEARTE-2015-@LucasBraga-150x150.jpg\" class=\"attachment-thumbnail size-thumbnail\" alt=\"\" loading=\"lazy\" \/><\/a><\/li><li><a data-fancybox=\"gallery166\" href=\"https:\/\/www.ufmg.br\/95anos\/wp-content\/uploads\/2022\/05\/Restaurante-Universitario-@LucasBraga-1024x683.jpg\" class=\"eig-popup\" title=\"Restaurante Universit\u00e1rio | Foto: Lucas Braga \" data-caption=\"Restaurante Universit\u00e1rio | Foto: Lucas Braga \" target=\"_blank\"><i class=\"icon-view\"><\/i><span class=\"overlay\"><\/span><img width=\"150\" height=\"150\" src=\"https:\/\/www.ufmg.br\/95anos\/wp-content\/uploads\/2022\/05\/Restaurante-Universitario-@LucasBraga-150x150.jpg\" class=\"attachment-thumbnail size-thumbnail\" alt=\"\" loading=\"lazy\" \/><\/a><\/li><li><a data-fancybox=\"gallery166\" href=\"https:\/\/www.ufmg.br\/95anos\/wp-content\/uploads\/2022\/05\/Semana-do-servidor-@Foca-Lisboa-2019-1024x683.jpg\" class=\"eig-popup\" title=\"Semana do servidor 2019 | Foto: Foca Lisboa \" data-caption=\"Semana do servidor 2019 | Foto: Foca Lisboa \" target=\"_blank\"><i class=\"icon-view\"><\/i><span class=\"overlay\"><\/span><img width=\"150\" height=\"150\" src=\"https:\/\/www.ufmg.br\/95anos\/wp-content\/uploads\/2022\/05\/Semana-do-servidor-@Foca-Lisboa-2019-150x150.jpg\" class=\"attachment-thumbnail size-thumbnail\" alt=\"\" loading=\"lazy\" \/><\/a><\/li><\/ul>\n","protected":false},"excerpt":{"rendered":"","protected":false},"author":1,"featured_media":0,"parent":0,"menu_order":0,"comment_status":"closed","ping_status":"closed","template":"","meta":[],"_links":{"self":[{"href":"https:\/\/www.ufmg.br\/95anos\/wp-json\/wp\/v2\/pages\/5641"}],"collection":[{"href":"https:\/\/www.ufmg.br\/95anos\/wp-json\/wp\/v2\/pages"}],"about":[{"href":"https:\/\/www.ufmg.br\/95anos\/wp-json\/wp\/v2\/types\/page"}],"author":[{"embeddable":true,"href":"https:\/\/www.ufmg.br\/95anos\/wp-json\/wp\/v2\/users\/1"}],"replies":[{"embeddable":true,"href":"https:\/\/www.ufmg.br\/95anos\/wp-json\/wp\/v2\/comments?post=5641"}],"version-history":[{"count":2,"href":"https:\/\/www.ufmg.br\/95anos\/wp-json\/wp\/v2\/pages\/5641\/revisions"}],"predecessor-version":[{"id":5712,"href":"https:\/\/www.ufmg.br\/95anos\/wp-json\/wp\/v2\/pages\/5641\/revisions\/5712"}],"wp:attachment":[{"href":"https:\/\/www.ufmg.br\/95anos\/wp-json\/wp\/v2\/media?parent=5641"}],"curies":[{"name":"wp","href":"https:\/\/api.w.org\/{rel}","templated":true}]}}