{"id":6229,"date":"2022-06-22T12:29:26","date_gmt":"2022-06-22T15:29:26","guid":{"rendered":"https:\/\/www.ufmg.br\/95anos\/?page_id=6229"},"modified":"2022-08-11T11:31:38","modified_gmt":"2022-08-11T14:31:38","slug":"cultura-95-anos","status":"publish","type":"page","link":"https:\/\/www.ufmg.br\/95anos\/cultura-95-anos\/","title":{"rendered":"Cultura 95 anos"},"content":{"rendered":"\n\n<div id=\"sp-ea-6314\" class=\"sp-ea-one sp-easy-accordion\" data-ex-icon=\"fa-minus\" data-col-icon=\"fa-plus\"  data-ea-active=\"ea-click\"  data-ea-mode=\"vertical\" data-preloader=\"\"><div class=\"ea-card ea-expand sp-ea-single\"><h3 class=\"ea-header\"><a class=\"collapsed\" data-sptoggle=\"spcollapse\" data-sptarget=\"#collapse63140\" href=\"javascript:void(0)\"><i class=\"ea-expand-icon fa fa-minus\"><\/i>  Centro Cultural UFMG em Tiradentes <\/a><\/h3><div class=\"sp-collapse spcollapse collapsed show\" id=\"collapse63140\" data-parent=\"#sp-ea-6314\"><div class=\"ea-body\"> <p>17\/11 - Exposi\u00e7\u00e3o \u201cEspa\u00e7os de inconfid\u00eancia e Liberdade:\u00a0inaugura\u00e7\u00e3o da restaura\u00e7\u00e3o das pinturas setecentistas da Sala do Torre\u00e3o do Museu\u201d - Museu Casa Padre Toledo\/Tiradentes<\/p>\n<p>17\/11\u00a0 a 27 \/11\u00a0 Semin\u00e1rio \u201cDa inconfid\u00eancia \u00e0 Independ\u00eancia: quais independ\u00eancias comemorar e quais independ\u00eancias sonhar?\u201d - espa\u00e7os do Campus Cultural UFMG em Tiradentes<\/p>\n<p>17\/11 - Novembro a dezembro - Exposi\u00e7\u00f5es \"Ainda que tardia\" \u2013 Campus Cultural UFMG em Tiradentes e Festival Artes Vertentes - Museu Casa Padre Toledo e Quatro Cantos Espa\u00e7o Cultural<\/p>\n <\/div><\/div><\/div><div class=\"ea-card  sp-ea-single\"><h3 class=\"ea-header\"><a class=\"collapsed\" data-sptoggle=\"spcollapse\" data-sptarget=\"#collapse63141\" href=\"javascript:void(0)\"><i class=\"ea-expand-icon fa fa-plus\"><\/i> Conservat\u00f3rio UFMG<\/a><\/h3><div class=\"sp-collapse spcollapse \" id=\"collapse63141\" data-parent=\"#sp-ea-6314\"><div class=\"ea-body\"> <p><strong>S\u00e9rie Conex\u00f5es Musicais - \u201cEspecial 2022: Bicenten\u00e1rio da Independ\u00eancia\u201d<\/strong> \u2013 200 anos de m\u00fasica brasileira, movimentos e diversidade - Conservat\u00f3rio UFMG<\/p>\n<p>Apresenta\u00e7\u00f5es - Especial 2022: Retratos do Brasil<\/p>\n<p>17 de agosto \u2013 quarta-feira \u00e0s 20h | 50 Anos do Clube da Esquina\u00a0 com Rodrigo Borges (parceria com o Circuito Cultural UFMG)<\/p>\n<p>13 de setembro \u2013 ter\u00e7a-feira \u00e0s 19h30 | O Choro como Patrim\u00f4nio \u00a0com Flor de Abacate\/MG, Ausier Vin\u00edcius\/MG e Silv\u00e9rio Pontes\/RJ<\/p>\n<p>23 de setembro \u2013 sexta-feira \u00e0s 20h | Tradi\u00e7\u00f5es do povo negro de Minas Gerais reinventadas com\u00a0Babadan Banda de Rua (parceria com o Circuito Cultural UFMG)<\/p>\n<p>27 de setembro \u2013 ter\u00e7a-feira \u00e0s 19h30 | O piano e a m\u00fasica de concerto brasileira com Gustavo Carvalho<\/p>\n<p>4 de outubro \u2013 ter\u00e7a-feira \u00e0s 19h30 | Grupo de Pesquisa Resgate da Can\u00e7\u00e3o Brasileira\/UFMG com Luciana Monteiro de Castro, M\u00f4nica Pedrosa e Mauro Chantal<\/p>\n<p>11 de outubro \u2013 ter\u00e7a-feira \u00e0s 19h30 | Cena urbana: o rap em Belo Horizonte com Roger Deff<\/p>\n<p>25 de outubro \u2013 ter\u00e7a-feira \u00e0s 19h30 | M\u00fasica Popular Instrumental do Brasil\u00a0 com Nivaldo Ornellas e Kiko Continentino<\/p>\n<p>5 de novembro \u2013 s\u00e1bado \u00e0s 16h | Can\u00e7\u00e3o Infantil Brasileira e Latino-Americana com Grupo Serelepe | Ciranda \u2013 Conservat\u00f3rio para a Inf\u00e2ncia<\/p>\n<p>8 de novembro \u2013 ter\u00e7a-feira \u00e0s 20h | Cria\u00e7\u00e3o contempor\u00e2nea e M\u00fasica Nova. Homenagem aos 100 anos de Gilberto Mendes com Grupo Sonante 21 e Ars Nova - Coral da UFMG<\/p>\n<p>18 de novembro \u2013 sexta-feira \u00e0s 20h |\u00a0 Dona Jandira e o Samba em Belo Horizonte - Show Dona Jandira (em parceria com o Circuito Cultural UFMG)<\/p>\n<p>22 de novembro \u2013 ter\u00e7a-feira \u00e0s 19h30 | Fala de Bicho, Fala de Gente: cantigas de ninar do povo Juruna do Xingu. Marlui Miranda<\/p>\n <\/div><\/div><\/div><div class=\"ea-card  sp-ea-single\"><h3 class=\"ea-header\"><a class=\"collapsed\" data-sptoggle=\"spcollapse\" data-sptarget=\"#collapse63142\" href=\"javascript:void(0)\"><i class=\"ea-expand-icon fa fa-plus\"><\/i> Espa\u00e7o do Conhecimento <\/a><\/h3><div class=\"sp-collapse spcollapse \" id=\"collapse63142\" data-parent=\"#sp-ea-6314\"><div class=\"ea-body\"> <p>Exposi\u00e7\u00e3o virtual at\u00e9 setembro de 2022 - Exposi\u00e7\u00e3o \u201cSert\u00e3o Mundo\u201d - Exposi\u00e7\u00e3o concebida para o ambiente virtual, a mostra tem como refer\u00eancia o sert\u00e3o, caracter\u00edstico na obra de Guimar\u00e3es Rosa, ao abordar quest\u00f5es universais\u00a0 como o amor, o medo, o sentido da vida e a d\u00favida \u2013 Espa\u00e7o do Conhecimento UFMG<\/p>\n<p>Em exibi\u00e7\u00e3o at\u00e9 janeiro de 2023 - Exposi\u00e7\u00e3o \u201cMundos ind\u00edgenas\u201d - Os modos de viver, de saber e de cuidar dos povos Maxakali, Pataxoop, Xakriab\u00e1, Yanomami e Ye\u2019kwana s\u00e3o apresentados em uma exposi\u00e7\u00e3o in\u00e9dita com curadoria de mestres ind\u00edgenas que nos convidam a conhecer seus mundos. Espa\u00e7o do Conhecimento UFMG<\/p>\n <\/div><\/div><\/div><div class=\"ea-card  sp-ea-single\"><h3 class=\"ea-header\"><a class=\"collapsed\" data-sptoggle=\"spcollapse\" data-sptarget=\"#collapse63143\" href=\"javascript:void(0)\"><i class=\"ea-expand-icon fa fa-plus\"><\/i> Centro Cultural UFMG<\/a><\/h3><div class=\"sp-collapse spcollapse \" id=\"collapse63143\" data-parent=\"#sp-ea-6314\"><div class=\"ea-body\"> <p>De agosto a dezembro \u2013 Exposi\u00e7\u00f5es de artes visuais, espet\u00e1culos c\u00eanicos e musicais \u2013 95 anos da UFMG e Bicenten\u00e1rio da Independ\u00eancia<\/p>\n<p>\u00a0<\/p>\n <\/div><\/div><\/div><div class=\"ea-card  sp-ea-single\"><h3 class=\"ea-header\"><a class=\"collapsed\" data-sptoggle=\"spcollapse\" data-sptarget=\"#collapse63144\" href=\"javascript:void(0)\"><i class=\"ea-expand-icon fa fa-plus\"><\/i> Exposi\u00e7\u00e3o \u201cMem\u00f3ria Moderna: cole\u00e7\u00e3o Funda\u00e7\u00e3o Rodrigo Mello Franco de Andrade<\/a><\/h3><div class=\"sp-collapse spcollapse \" id=\"collapse63144\" data-parent=\"#sp-ea-6314\"><div class=\"ea-body\"> <p>04\/09 - Exposi\u00e7\u00e3o \u201cMem\u00f3ria Moderna: cole\u00e7\u00e3o Funda\u00e7\u00e3o Rodrigo Mello Franco de Andrade\u201d \u2013 Sagu\u00e3o da Reitoria da UFMG (setembro a dezembro) - Itiner\u00e2ncia no Campus Cultural UFMG em Tiradentes de novembro a fevereiro<\/p>\n <\/div><\/div><\/div><div class=\"ea-card  sp-ea-single\"><h3 class=\"ea-header\"><a class=\"collapsed\" data-sptoggle=\"spcollapse\" data-sptarget=\"#collapse63145\" href=\"javascript:void(0)\"><i class=\"ea-expand-icon fa fa-plus\"><\/i> Feira do Vale do Jequitinhonha<\/a><\/h3><div class=\"sp-collapse spcollapse \" id=\"collapse63145\" data-parent=\"#sp-ea-6314\"><div class=\"ea-body\"> <p>12 a 17\/09 - Feira do Vale do Jequitinhonha<\/p>\n <\/div><\/div><\/div><div class=\"ea-card  sp-ea-single\"><h3 class=\"ea-header\"><a class=\"collapsed\" data-sptoggle=\"spcollapse\" data-sptarget=\"#collapse63146\" href=\"javascript:void(0)\"><i class=\"ea-expand-icon fa fa-plus\"><\/i> Ciclo de F\u00f3runs UFMG de Cultura \u2013 Elabora\u00e7\u00e3o de Plano de Cultura da UFMG<\/a><\/h3><div class=\"sp-collapse spcollapse \" id=\"collapse63146\" data-parent=\"#sp-ea-6314\"><div class=\"ea-body\"> <p>Outubro a novembro\u2013 Ciclo de F\u00f3runs UFMG de Cultura \u2013 Elabora\u00e7\u00e3o de Plano de Cultura da UFMG<\/p>\n <\/div><\/div><\/div><div class=\"ea-card  sp-ea-single\"><h3 class=\"ea-header\"><a class=\"collapsed\" data-sptoggle=\"spcollapse\" data-sptarget=\"#collapse63147\" href=\"javascript:void(0)\"><i class=\"ea-expand-icon fa fa-plus\"><\/i> Encontro com os Mestres - Not\u00f3rio Saber <\/a><\/h3><div class=\"sp-collapse spcollapse \" id=\"collapse63147\" data-parent=\"#sp-ea-6314\"><div class=\"ea-body\"> <p>17 a 21\/10 \u2013 Encontro com os Mestres - Not\u00f3rio Saber<\/p>\n <\/div><\/div><\/div><div class=\"ea-card  sp-ea-single\"><h3 class=\"ea-header\"><a class=\"collapsed\" data-sptoggle=\"spcollapse\" data-sptarget=\"#collapse63148\" href=\"javascript:void(0)\"><i class=\"ea-expand-icon fa fa-plus\"><\/i> <\/a><\/h3><div class=\"sp-collapse spcollapse \" id=\"collapse63148\" data-parent=\"#sp-ea-6314\"><div class=\"ea-body\"> No Content <\/div><\/div><\/div><\/div>\n\n\n","protected":false},"excerpt":{"rendered":"","protected":false},"author":3,"featured_media":0,"parent":0,"menu_order":0,"comment_status":"closed","ping_status":"closed","template":"","meta":[],"_links":{"self":[{"href":"https:\/\/www.ufmg.br\/95anos\/wp-json\/wp\/v2\/pages\/6229"}],"collection":[{"href":"https:\/\/www.ufmg.br\/95anos\/wp-json\/wp\/v2\/pages"}],"about":[{"href":"https:\/\/www.ufmg.br\/95anos\/wp-json\/wp\/v2\/types\/page"}],"author":[{"embeddable":true,"href":"https:\/\/www.ufmg.br\/95anos\/wp-json\/wp\/v2\/users\/3"}],"replies":[{"embeddable":true,"href":"https:\/\/www.ufmg.br\/95anos\/wp-json\/wp\/v2\/comments?post=6229"}],"version-history":[{"count":8,"href":"https:\/\/www.ufmg.br\/95anos\/wp-json\/wp\/v2\/pages\/6229\/revisions"}],"predecessor-version":[{"id":6323,"href":"https:\/\/www.ufmg.br\/95anos\/wp-json\/wp\/v2\/pages\/6229\/revisions\/6323"}],"wp:attachment":[{"href":"https:\/\/www.ufmg.br\/95anos\/wp-json\/wp\/v2\/media?parent=6229"}],"curies":[{"name":"wp","href":"https:\/\/api.w.org\/{rel}","templated":true}]}}