{"id":6521,"date":"2022-09-20T09:16:55","date_gmt":"2022-09-20T12:16:55","guid":{"rendered":"https:\/\/www.ufmg.br\/95anos\/?page_id=6521"},"modified":"2022-09-30T15:53:46","modified_gmt":"2022-09-30T18:53:46","slug":"a-epopeia-de-beto","status":"publish","type":"page","link":"https:\/\/www.ufmg.br\/95anos\/diversa-95\/a-epopeia-de-beto\/","title":{"rendered":"A epopeia de Beto"},"content":{"rendered":"\t\t<div data-elementor-type=\"wp-page\" data-elementor-id=\"6521\" class=\"elementor elementor-6521\">\n\t\t\t\t\t\t\t\t\t<section class=\"elementor-section elementor-top-section elementor-element elementor-element-2558528 elementor-section-boxed elementor-section-height-default elementor-section-height-default\" data-id=\"2558528\" data-element_type=\"section\">\n\t\t\t\t\t\t<div class=\"elementor-container elementor-column-gap-default\">\n\t\t\t\t\t<div class=\"elementor-column elementor-col-100 elementor-top-column elementor-element elementor-element-c4a1dc9\" data-id=\"c4a1dc9\" data-element_type=\"column\">\n\t\t\t<div class=\"elementor-widget-wrap elementor-element-populated\">\n\t\t\t\t\t\t\t\t<div class=\"elementor-element elementor-element-1bba25f elementor-widget elementor-widget-text-editor\" data-id=\"1bba25f\" data-element_type=\"widget\" data-widget_type=\"text-editor.default\">\n\t\t\t\t<div class=\"elementor-widget-container\">\n\t\t\t<style>\/*! elementor - v3.6.5 - 27-04-2022 *\/\n.elementor-widget-text-editor.elementor-drop-cap-view-stacked .elementor-drop-cap{background-color:#818a91;color:#fff}.elementor-widget-text-editor.elementor-drop-cap-view-framed .elementor-drop-cap{color:#818a91;border:3px solid;background-color:transparent}.elementor-widget-text-editor:not(.elementor-drop-cap-view-default) .elementor-drop-cap{margin-top:8px}.elementor-widget-text-editor:not(.elementor-drop-cap-view-default) .elementor-drop-cap-letter{width:1em;height:1em}.elementor-widget-text-editor .elementor-drop-cap{float:left;text-align:center;line-height:1;font-size:50px}.elementor-widget-text-editor .elementor-drop-cap-letter{display:inline-block}<\/style>\t\t\t\t<p><em style=\"font-variant-ligatures: normal; font-variant-caps: normal; font-weight: 400; font-family: Tajawal, sans-serif; font-size: 30px; color: #000000;\">Refer\u00eancia no direito \u00e0 educa\u00e7\u00e3o e no ensino laico, Carlos Roberto Jamil Cury nunca abriu m\u00e3o da sala de aula e tem a UFMG como \u2018alma mater<\/em><\/p>\t\t\t\t\t\t<\/div>\n\t\t\t\t<\/div>\n\t\t\t\t\t<\/div>\n\t\t<\/div>\n\t\t\t\t\t\t\t<\/div>\n\t\t<\/section>\n\t\t\t\t<section class=\"elementor-section elementor-top-section elementor-element elementor-element-c9447d0 elementor-section-boxed elementor-section-height-default elementor-section-height-default\" data-id=\"c9447d0\" data-element_type=\"section\">\n\t\t\t\t\t\t<div class=\"elementor-container elementor-column-gap-default\">\n\t\t\t\t\t<div class=\"elementor-column elementor-col-100 elementor-top-column elementor-element elementor-element-682b97a\" data-id=\"682b97a\" data-element_type=\"column\">\n\t\t\t<div class=\"elementor-widget-wrap elementor-element-populated\">\n\t\t\t\t\t\t\t\t<div class=\"elementor-element elementor-element-96d42a6 elementor-widget elementor-widget-text-editor\" data-id=\"96d42a6\" data-element_type=\"widget\" data-widget_type=\"text-editor.default\">\n\t\t\t\t<div class=\"elementor-widget-container\">\n\t\t\t\t\t\t\t<p><span style=\"color: #000000; font-family: Tajawal, sans-serif; font-size: 22.5px; font-style: normal; font-variant-ligatures: normal; font-variant-caps: normal; font-weight: 400;\">Alessandra Ribeiro<\/span><\/p>\t\t\t\t\t\t<\/div>\n\t\t\t\t<\/div>\n\t\t\t\t\t<\/div>\n\t\t<\/div>\n\t\t\t\t\t\t\t<\/div>\n\t\t<\/section>\n\t\t\t\t<section class=\"elementor-section elementor-top-section elementor-element elementor-element-0f18b91 elementor-section-boxed elementor-section-height-default elementor-section-height-default\" data-id=\"0f18b91\" data-element_type=\"section\">\n\t\t\t\t\t\t<div class=\"elementor-container elementor-column-gap-default\">\n\t\t\t\t\t<div class=\"elementor-column elementor-col-100 elementor-top-column elementor-element elementor-element-c02e113\" data-id=\"c02e113\" data-element_type=\"column\">\n\t\t\t<div class=\"elementor-widget-wrap elementor-element-populated\">\n\t\t\t\t\t\t\t\t<div class=\"elementor-element elementor-element-8146893 elementor-widget elementor-widget-image\" data-id=\"8146893\" data-element_type=\"widget\" data-widget_type=\"image.default\">\n\t\t\t\t<div class=\"elementor-widget-container\">\n\t\t\t<style>\/*! elementor - v3.6.5 - 27-04-2022 *\/\n.elementor-widget-image{text-align:center}.elementor-widget-image a{display:inline-block}.elementor-widget-image a img[src$=\".svg\"]{width:48px}.elementor-widget-image img{vertical-align:middle;display:inline-block}<\/style>\t\t\t\t\t\t\t\t\t\t\t\t<img width=\"600\" height=\"751\" src=\"https:\/\/www.ufmg.br\/95anos\/wp-content\/uploads\/2022\/09\/Jamil-Cury-sem-detalhes-e1663679851896.png\" class=\"attachment-full size-full\" alt=\"\" loading=\"lazy\" \/>\t\t\t\t\t\t\t\t\t\t\t\t\t\t\t<\/div>\n\t\t\t\t<\/div>\n\t\t\t\t<div class=\"elementor-element elementor-element-4793501 elementor-widget elementor-widget-heading\" data-id=\"4793501\" data-element_type=\"widget\" data-widget_type=\"heading.default\">\n\t\t\t\t<div class=\"elementor-widget-container\">\n\t\t\t<style>\/*! elementor - v3.6.5 - 27-04-2022 *\/\n.elementor-heading-title{padding:0;margin:0;line-height:1}.elementor-widget-heading .elementor-heading-title[class*=elementor-size-]>a{color:inherit;font-size:inherit;line-height:inherit}.elementor-widget-heading .elementor-heading-title.elementor-size-small{font-size:15px}.elementor-widget-heading .elementor-heading-title.elementor-size-medium{font-size:19px}.elementor-widget-heading .elementor-heading-title.elementor-size-large{font-size:29px}.elementor-widget-heading .elementor-heading-title.elementor-size-xl{font-size:39px}.elementor-widget-heading .elementor-heading-title.elementor-size-xxl{font-size:59px}<\/style><div class=\"elementor-heading-title elementor-size-default\">Ilustra\u00e7\u00e3o de Gabriel Lisboa sobre foto de Foca Lisboa <\/div>\t\t<\/div>\n\t\t\t\t<\/div>\n\t\t\t\t<div class=\"elementor-element elementor-element-fb6ed46 elementor-widget elementor-widget-spacer\" data-id=\"fb6ed46\" data-element_type=\"widget\" data-widget_type=\"spacer.default\">\n\t\t\t\t<div class=\"elementor-widget-container\">\n\t\t\t<style>\/*! elementor - v3.6.5 - 27-04-2022 *\/\n.e-container.e-container--row .elementor-spacer-inner{width:var(--spacer-size)}.e-container.e-container--column .elementor-spacer-inner,.elementor-column .elementor-spacer-inner{height:var(--spacer-size)}<\/style>\t\t<div class=\"elementor-spacer\">\n\t\t\t<div class=\"elementor-spacer-inner\"><\/div>\n\t\t<\/div>\n\t\t\t\t<\/div>\n\t\t\t\t<\/div>\n\t\t\t\t<div class=\"elementor-element elementor-element-4f82c70 elementor-widget elementor-widget-text-editor\" data-id=\"4f82c70\" data-element_type=\"widget\" data-widget_type=\"text-editor.default\">\n\t\t\t\t<div class=\"elementor-widget-container\">\n\t\t\t\t\t\t\t<p style=\"margin-bottom: 1.33333em; font-style: normal; font-variant-ligatures: normal; font-variant-caps: normal; font-weight: 400; font-family: Tajawal, sans-serif; color: #000000;\"><span style=\"font-size: 18pt;\">\u00c9 o pr\u00f3prio professor Cury quem abre a porta do apartamento, com toda simpatia. De bon\u00e9 escuro e traje esportivo \u2014 blusa de linha, cal\u00e7a com tr\u00eas listras laterais e t\u00eanis (ou seriam&nbsp;<em>Crocs?) \u2014<\/em><em>,&nbsp;<\/em>ele pergunta se precisa trocar de roupa para a entrevista. N\u00e3o \u00e9 necess\u00e1rio. Ele deixa a jornalista \u00e0 vontade para escolher onde se sentar. E acaba ficando naturalmente emoldurado na poltrona de madeira sobre o tapete azul da sala, entre dois quadros grandes na parede, o jardim de inverno ao fundo.<\/span><\/p>\n<p style=\"margin-bottom: 1.33333em; font-style: normal; font-variant-ligatures: normal; font-variant-caps: normal; font-weight: 400; font-family: Tajawal, sans-serif; color: #000000;\"><span style=\"font-size: 18pt;\">Para come\u00e7o de conversa, uma pergunta trivial como \u201conde o senhor nasceu?\u201d nos leva a S\u00e3o Jos\u00e9 do Rio Preto, no interior de S\u00e3o Paulo, cidade fundada por mineiros que atravessaram o Rio Grande depois que o estado de Minas Gerais foi assolado por uma grande seca. \u00c9 assim que ele apresenta sua terra natal, sem deixar de mencionar heran\u00e7as culin\u00e1rias ainda preservadas por l\u00e1, como o gosto pela couve e pela carne de porco e a influ\u00eancia no dialeto \u2014 n\u00e3o se fala propriamente \u201duai\u201d, mas \u201cu\u00e9\u201d, revela.<\/span><\/p>\n<p style=\"margin-bottom: 1.33333em; font-style: normal; font-variant-ligatures: normal; font-variant-caps: normal; font-weight: 400; font-family: Tajawal, sans-serif; color: #000000;\"><span style=\"font-size: 18pt;\">Nascido em 1945, Carlos Roberto Jamil Cury \u00e9 o s\u00e9timo filho de uma fam\u00edlia de pequenos comerciantes libaneses. Em 1956, ele iniciou \u201cuma esp\u00e9cie de epopeia\u201d, quando partiu para Araraquara, tamb\u00e9m no interior paulista, passando por Ponta Grossa, no Paran\u00e1, at\u00e9 chegar \u00e0 cidade de S\u00e3o Paulo, onde ingressou na extinta Faculdade de Filosofia, Ci\u00eancias e Letras Nossa Senhora Medianeira, fundada por padres jesu\u00edtas<\/span><\/p>\n<p style=\"margin-bottom: 1.33333em; font-style: normal; font-variant-ligatures: normal; font-variant-caps: normal; font-weight: 400; font-family: Tajawal, sans-serif; color: #000000;\"><span style=\"font-size: 18pt;\">Antes, j\u00e1 havia tido uma viv\u00eancia em uma institui\u00e7\u00e3o religiosa ao ingressar \u2014 como seminarista \u2014 no gin\u00e1sio, que era como se chamava o ensino m\u00e9dio na \u00e9poca. \u201cFoi uma experi\u00eancia muito rica, mas, ao mesmo tempo, contradit\u00f3ria\u201d, resume. No semin\u00e1rio, leu cl\u00e1ssicos da filosofia nos textos originais, em grego e latim, aprendeu a tocar \u00f3rg\u00e3o e piano e descobriu o gosto pelo cinema: l\u00e1 eram exibidos filmes de diretores como Godard e Pasolini, seguidos de debates.<\/span><\/p>\n<p style=\"margin-bottom: 1.33333em; font-style: normal; font-variant-ligatures: normal; font-variant-caps: normal; font-weight: 400; font-family: Tajawal, sans-serif; color: #000000;\"><span style=\"font-size: 18pt;\">Tamanha erudi\u00e7\u00e3o n\u00e3o foi suficiente para conseguir ingressar no mestrado em Filosofia na USP. \u201cNa entrevista, eu disse que dominava o franc\u00eas, o ingl\u00eas, o latim e o grego, mas n\u00e3o sabia alem\u00e3o. O professor falou: \u2018como \u00e9 que voc\u00ea vai ler a&nbsp;<em>Cr\u00edtica da raz\u00e3o pura\u2019&nbsp;<\/em>[de Kant]?.\u201d<\/span><\/p>\n<p style=\"margin-bottom: 1.33333em; font-style: normal; font-variant-ligatures: normal; font-variant-caps: normal; font-weight: 400; font-family: Tajawal, sans-serif; color: #000000;\"><span style=\"font-size: 18pt;\">Enveredou-se, ent\u00e3o, pela filosofia da educa\u00e7\u00e3o, durante o mestrado e o doutorado, na PUC S\u00e3o Paulo. O desvio na trajet\u00f3ria n\u00e3o impediu que se tornasse uma \u201crefer\u00eancia bibliogr\u00e1fica\u201d, express\u00e3o usada pelo atual colega no Programa de P\u00f3s-gradua\u00e7\u00e3o em Educa\u00e7\u00e3o da PUC Minas, o professor Teodoro Zanardi. \u201c\u00c9 um autor fundamental para pensar o direito \u00e0 educa\u00e7\u00e3o no Brasil\u201d, define.<\/span><\/p>\n<p style=\"margin-bottom: 1.33333em; font-style: normal; font-variant-ligatures: normal; font-variant-caps: normal; font-weight: 400; font-family: Tajawal, sans-serif; color: #000000;\"><b style=\"font-size: 18pt;\">Ra\u00edzes em BH<br><\/b><span style=\"font-size: 18pt; font-weight: 400;\">A epopeia de Cury estava s\u00f3 no come\u00e7o. Em 1978, ele e o c\u00e9lebre professor Neidson Rodrigues, \u00e0 \u00e9poca tamb\u00e9m doutorando na PUC S\u00e3o Paulo, foram convidados por outro colega, Luiz Ant\u00f4nio Cunha, que dava aulas no mestrado em Educa\u00e7\u00e3o da UFMG, para refor\u00e7ar o corpo docente do curso. O convite oficial foi feito posteriormente pelo ent\u00e3o coordenador, Oder dos Santos. Na \u00e9poca, n\u00e3o se contratava por concurso.<\/span><\/p>\n<p style=\"margin-bottom: 1.33333em; font-style: normal; font-variant-ligatures: normal; font-variant-caps: normal; font-weight: 400; font-family: Tajawal, sans-serif; color: #000000;\"><span style=\"font-size: 18pt;\">Durante uma viagem de \u00f4nibus de S\u00e3o Paulo para Belo Horizonte, Cury foi convencido de que deveria vir com a perspectiva de ficar, n\u00e3o seria apenas uma experi\u00eancia tempor\u00e1ria. Acabou por construir uma carreira de 22 anos na UFMG, at\u00e9 se aposentar, no ano 2000, como professor em\u00e9rito. \u201cTenho-a comigo como minha&nbsp;<em>alma mater<\/em>, e toda a preocupa\u00e7\u00e3o que envolve as universidades p\u00fablicas me toca, porque toca a UFMG\u201d, afirma.<\/span><\/p>\n<p style=\"margin-bottom: 1.33333em; font-style: normal; font-variant-ligatures: normal; font-variant-caps: normal; font-weight: 400; font-family: Tajawal, sans-serif; color: #000000;\"><span style=\"font-size: 18pt;\">No reitorado do professor Cid Veloso (1986-1990), Cury assumiu o cargo de pr\u00f3-reitor adjunto de Pesquisa. Desse per\u00edodo, ele destaca a realiza\u00e7\u00e3o de um evento com a presen\u00e7a dos principais dirigentes universit\u00e1rios, que elaboraram um documento conjunto em defesa da autonomia das institui\u00e7\u00f5es. \u201cNaquele momento, a UFMG foi a institui\u00e7\u00e3o que organizou a discuss\u00e3o sobre o \u00e2mbito de aplicabilidade do artigo 207, que \u00e9 o artigo da indissociabilidade de ensino, pesquisa, extens\u00e3o e autonomia universit\u00e1ria\u201d, recorda.<\/span><\/p>\n<p style=\"margin-bottom: 1.33333em; font-style: normal; font-variant-ligatures: normal; font-variant-caps: normal; font-weight: 400; font-family: Tajawal, sans-serif; color: #000000;\"><span style=\"font-size: 18pt;\">A decis\u00e3o de deixar uma vida j\u00e1 estabelecida em S\u00e3o Paulo e vir para Minas, em 1978, teve o apoio da esposa, Maria Zilda Ferreira Cury, que viria a ser professora na UFMG, na Faculdade de Letras. O casal j\u00e1 tinha dois filhos pequenos, Roberta e Rafael. Anos depois, em Belo Horizonte, veio um terceiro \u2014 tempor\u00e3o \u2014 Tom\u00e1s. Hoje, eles t\u00eam tamb\u00e9m um neto, Ot\u00e1vio, de nove anos, que aparece na foto de perfil do av\u00f4 no WhatsApp, entre os galhos de um p\u00e9 de jabuticaba. [Maria Zilda adentra a sala e se apresenta exatamente nesse ponto da conversa, como se estivesse no&nbsp;<em>script.&nbsp;<\/em>Mas s\u00f3 volta depois, quando ele sai de cena.]<\/span><\/p>\n<p style=\"margin-bottom: 1.33333em; font-style: normal; font-variant-ligatures: normal; font-variant-caps: normal; font-weight: 400; font-family: Tajawal, sans-serif; color: #000000;\"><span style=\"font-size: 18pt;\">O casal, que em dezembro de 2022 comemora bodas de ouro, se conheceu na sala de aula. Maria Zilda foi aluna de Cury no ensino m\u00e9dio. Ele dava aulas de filosofia e ci\u00eancias sociais no antigo Sacr\u00e9-Coeur de Marie, um col\u00e9gio de freiras tradicional na elite paulistana, onde ela era bolsista.<\/span><\/p>\n<p style=\"margin-bottom: 1.33333em; font-style: normal; font-variant-ligatures: normal; font-variant-caps: normal; font-weight: 400; font-family: Tajawal, sans-serif; color: #000000;\"><span style=\"font-size: 18pt;\">No ambiente acad\u00eamico, os Cury constru\u00edram uma rela\u00e7\u00e3o de coopera\u00e7\u00e3o m\u00fatua. \u201cDe um lado, eu leio as coisas que ele escreve, dou sugest\u00f5es nas interse\u00e7\u00f5es com a literatura. De outro, ele contribui por ter um di\u00e1logo f\u00e1cil com a pol\u00edtica \u2014 pol\u00edticas da educa\u00e7\u00e3o, especialmente \u2014, que \u00e9 a \u00e1rea principal dele, junto com a filosofia\u201d, conta a professora. As trocas compreendem sugest\u00f5es de bibliografias e discuss\u00f5es sobre os trabalhos que cada um est\u00e1 desenvolvendo. Os dois tamb\u00e9m t\u00eam posicionamentos pol\u00edticos semelhantes e compartilham o interesse pelo cinema.&nbsp;<\/span><span style=\"font-family: Tajawal, sans-serif; font-size: 24px; font-style: normal; font-variant-ligatures: normal; font-variant-caps: normal; font-weight: 400;\">\u201c<\/span><span style=\"font-size: 18pt;\">Temos bastante afinidade de gosto\u201d, diz ela.<\/span><\/p>\n<p style=\"margin-bottom: 1.33333em; font-style: normal; font-variant-ligatures: normal; font-variant-caps: normal; font-weight: 400; font-family: Tajawal, sans-serif; color: #000000;\"><span style=\"font-size: 18pt;\">Maria Zilda expressa certo constrangimento ao falar do companheiro, Beto, j\u00e1 que n\u00e3o consegue esconder sua admira\u00e7\u00e3o. \u201cTenho muito orgulho de ser professora e me orgulho tamb\u00e9m do professor, acad\u00eamico, pesquisador que meu marido \u00e9. Ele realmente \u00e9 uma pessoa \u00edmpar, um exemplo\u201d, revela, emocionada, depois de se perguntar quantas centenas de alunos os dois formaram. \u201cA UFMG criou espa\u00e7o para que pud\u00e9ssemos ter essa afei\u00e7\u00e3o acad\u00eamica, doar o que temos de melhor, que \u00e9 a capacidade de reflex\u00e3o, de n\u00e3o acomoda\u00e7\u00e3o, de valoriza\u00e7\u00e3o da \u00e9tica, sempre\u201d, afirma.<\/span><\/p>\n<p style=\"margin-bottom: 1.33333em; font-style: normal; font-variant-ligatures: normal; font-variant-caps: normal; font-family: Tajawal, sans-serif; color: #000000;\"><span style=\"font-family: Tajawal, sans-serif; font-size: 24px; font-style: normal; font-variant-ligatures: normal; font-variant-caps: normal;\"><b>Atua\u00e7\u00e3o pol\u00edtica<br><\/b><\/span><span style=\"font-size: 18pt; font-weight: 400;\">Cury nunca abriu m\u00e3o da doc\u00eancia, mesmo nos per\u00edodos em que ocupava fun\u00e7\u00f5es administrativas. \u201c\u00c9 professor h\u00e1 55 anos\u201d, conforme descri\u00e7\u00e3o no seu curr\u00edculo Lattes. Em junho de 2000, quando se aposentou da UFMG, j\u00e1 integrava a C\u00e2mara de Educa\u00e7\u00e3o B\u00e1sica do Conselho Nacional de Educa\u00e7\u00e3o.<\/span><\/p>\n<p style=\"margin-bottom: 1.33333em; font-style: normal; font-variant-ligatures: normal; font-variant-caps: normal; font-weight: 400; font-family: Tajawal, sans-serif; color: #000000;\"><span style=\"font-size: 18pt;\">\u201cChega um certo momento, voc\u00ea diz assim: \u00e9 hora da renova\u00e7\u00e3o\u201d, pensou. N\u00e3o esperava que fosse t\u00e3o r\u00e1pido. Em agosto do mesmo ano, come\u00e7ou a lecionar na PUC Minas, a convite do reitor da institui\u00e7\u00e3o, conta.<\/span><\/p>\n<p style=\"margin-bottom: 1.33333em; font-style: normal; font-variant-ligatures: normal; font-variant-caps: normal; font-weight: 400; font-family: Tajawal, sans-serif; color: #000000;\"><span style=\"font-size: 18pt;\">O&nbsp;<em>looping&nbsp;<\/em>veio em janeiro do ano seguinte, quando recebeu uma liga\u00e7\u00e3o com o convite para assumir a presid\u00eancia da Capes, a Coordena\u00e7\u00e3o de Aperfei\u00e7oamento de Pessoal de N\u00edvel Superior, vinculada ao Minist\u00e9rio da Educa\u00e7\u00e3o. Chegou a pensar que fosse um trote. \u201cEm nome de quem voc\u00ea est\u00e1 falando?\u201d, perguntou. Era em nome do presidente da Rep\u00fablica. \u201cVenha para Bras\u00edlia conversar com o ministro da Educa\u00e7\u00e3o, Crist\u00f3vam Buarque\u201d, disse a voz do outro lado. \u201cO Crist\u00f3vam foi muito transparente. Ele disse:&nbsp;<\/span><span style=\"font-style: normal; font-variant-ligatures: normal; font-variant-caps: normal; font-weight: 400; font-family: Tajawal, sans-serif; font-size: 24px;\">\u2018<\/span><span style=\"font-size: 18pt;\">voc\u00ea n\u00e3o \u00e9 o meu candidato, mas, t\u00e3o logo seu nome saiu, teve imediato apoio da comunidade cient\u00edfica, e eu n\u00e3o irei contra<\/span><span style=\"font-family: Tajawal, sans-serif; font-size: 24px; font-style: normal; font-variant-ligatures: normal; font-variant-caps: normal; font-weight: 400;\">&#8216;<\/span><span style=\"font-size: 18pt;\">\u201d, revela. O mandato durou somente at\u00e9 setembro. \u201cO Minist\u00e9rio tinha uma prioridade absoluta com rela\u00e7\u00e3o \u00e0 educa\u00e7\u00e3o b\u00e1sica, o que \u00e9 leg\u00edtimo. E eu achava que a p\u00f3s-gradua\u00e7\u00e3o, dentro do sistema federal de educa\u00e7\u00e3o, n\u00e3o deve competir com a educa\u00e7\u00e3o b\u00e1sica, mas tamb\u00e9m n\u00e3o pode ser secundarizada\u201d, argumenta.<\/span><\/p>\n<p style=\"margin-bottom: 1.33333em; font-style: normal; font-variant-ligatures: normal; font-variant-caps: normal; font-weight: 400; font-family: Tajawal, sans-serif; color: #000000;\"><span style=\"font-size: 18pt;\">Cury teve assento, ainda, na Sociedade Brasileira para o Progresso da Ci\u00eancia (SBPC), como vice-presidente (2018-2019). Atualmente, \u00e9 membro do conselho nacional da entidade que se dedica \u00e0 educa\u00e7\u00e3o. Entre outros cargos de relev\u00e2ncia em institui\u00e7\u00f5es diversas, integrou a C\u00e2mara de Ci\u00eancias Humanas da Funda\u00e7\u00e3o de Amparo \u00e0 Pesquisa do Estado de Minas Gerais (Fapemig).<\/span><\/p>\n<p style=\"margin-bottom: 1.33333em; font-style: normal; font-variant-ligatures: normal; font-variant-caps: normal; font-weight: 400; font-family: Tajawal, sans-serif; color: #000000;\"><span style=\"font-size: 18pt;\">\u201cO Cury n\u00e3o \u00e9 s\u00f3 o intelectual que produz refer\u00eancias te\u00f3ricas. Ele participou do Conselho Nacional de Educa\u00e7\u00e3o, da Capes, e da constru\u00e7\u00e3o da educa\u00e7\u00e3o brasileira ap\u00f3s 1988, de forma muito efetiva. N\u00e3o s\u00f3 nas reflex\u00f5es, mas tamb\u00e9m na atua\u00e7\u00e3o pol\u00edtica, no sentido melhor dessa palavra, e tamb\u00e9m na participa\u00e7\u00e3o nos \u00f3rg\u00e3os para produ\u00e7\u00e3o e efetiva\u00e7\u00e3o do direito \u00e0 educa\u00e7\u00e3o\u201d, resume Teodoro Zanardi, colega de doc\u00eancia na PUC Minas.<\/span><\/p>\n<p style=\"margin-bottom: 1.33333em; font-style: normal; font-variant-ligatures: normal; font-variant-caps: normal; font-weight: 400; font-family: Tajawal, sans-serif; color: #000000;\"><span style=\"font-size: 18pt;\">Como professor, Zanardi ressalta o respeito com que Cury trata seus orientandos, independentemente do n\u00edvel de forma\u00e7\u00e3o, o que contribui para que os alunos se orgulhem dos pr\u00f3prios trabalhos. \u201cEle d\u00e1 aten\u00e7\u00e3o a todos que orienta da mesma forma, isso \u00e9 percept\u00edvel. Tem o mesmo cuidado, faz anota\u00e7\u00f5es, debate com os estudantes, seja aquele que est\u00e1 no curso de pedagogia, fazendo o trabalho final de gradua\u00e7\u00e3o, ou aquele que est\u00e1 no doutorado\u201d, observa.<\/span><\/p>\n<p style=\"margin-bottom: 1.33333em; font-style: normal; font-variant-ligatures: normal; font-variant-caps: normal; font-weight: 400; font-family: Tajawal, sans-serif; color: #000000;\"><span style=\"font-size: 18pt;\">A educa\u00e7\u00e3o no trato com as pessoas tamb\u00e9m \u00e9 uma caracter\u00edstica marcante de Cury, segundo Zanardi. \u201cEu o percebo nos eventos, participando de palestras, bancas, como uma pessoa muito atenciosa, muito elegante, sem deixar de ser cr\u00edtico, de fazer os coment\u00e1rios que julga necess\u00e1rios, mas agindo sempre de uma forma respeitosa, que n\u00e3o inferiorize a pessoa ou n\u00e3o a deixe constrangida, pois ele sempre se mostra aberto \u00e0 possibilidade de uma reconstru\u00e7\u00e3o\u201d, conta.<\/span><\/p>\n<p style=\"margin-bottom: 1.33333em; font-style: normal; font-variant-ligatures: normal; font-variant-caps: normal; font-weight: 400; font-family: Tajawal, sans-serif; color: #000000;\"><span style=\"font-size: 18pt;\">Uma r\u00e1pida pesquisa no reposit\u00f3rio da UFMG por trabalhos que tiveram a orienta\u00e7\u00e3o de Cury reitera a dedica\u00e7\u00e3o do professor, manifestada nos agradecimentos dos alunos: \u201cPela confian\u00e7a e cr\u00e9dito no meu trabalho e pela orienta\u00e7\u00e3o paciente e estimulante\u201d, registrou Sandra de F\u00e1tima Pereira Tosta, em 1989. No ano seguinte, Ciro Fl\u00e1vio de Castro Bandeira de Melo agradeceu \u201cas chamadas ao trabalho e a paci\u00eancia da espera\u201d; depois ressalta \u201cas cr\u00edticas serenas e sugest\u00f5es objetivas sobre o texto\u201d. Maria das Merc\u00eas Bonfim Ambrosio dedicou-lhe as seguintes palavras em 1988. \u201cAo Cury, antes que a qualquer outro. Foi atrav\u00e9s do que ele considera seu trabalho como orientador que pude reunir vontade e capacidade, nas diversas fases em que a disserta\u00e7\u00e3o esteve inconclu\u00edda, para conclu\u00ed-la\u201d.<\/span><span style=\"font-size: 18pt;\">&nbsp;<\/span><\/p>\n<p style=\"margin-bottom: 1.33333em; font-style: normal; font-variant-ligatures: normal; font-variant-caps: normal; font-weight: 400; font-family: Tajawal, sans-serif; color: #000000;\"><span style=\"font-weight: bold; font-size: 18pt;\">\u00c0 francesa<\/span><br><span style=\"font-size: 18pt;\">Zanardi compartilha com o colega o gosto pelo cinema. Eles costumam conversar sobre filmes em cartaz e tamb\u00e9m trocam indica\u00e7\u00f5es de livros e s\u00e9ries. \u201cComo viveu na Fran\u00e7a, Cury tem um gosto por cinema franc\u00eas\u201d, diz o amigo.<\/span><\/p>\n<p style=\"margin-bottom: 1.33333em; font-style: normal; font-variant-ligatures: normal; font-variant-caps: normal; font-weight: 400; font-family: Tajawal, sans-serif; color: #000000;\"><span style=\"font-size: 18pt;\">Em 1994, 16 anos depois de ingressar como professor na UFMG, Cury sentiu que faltava uma experi\u00eancia internacional em sua trajet\u00f3ria. Foi, ent\u00e3o, cursar o segundo p\u00f3s-doutorado na Universidade de Paris V \u2014 o primeiro foi na Faculdade de Direito da USP, no Largo de S\u00e3o Francisco. Voltou ao Brasil no ano seguinte e, em 1998, prosseguiu com os estudos p\u00f3s-doutorais na Fran\u00e7a, desta vez na Escola de Altos Estudos em Ci\u00eancias Sociais, acompanhado da esposa, que tamb\u00e9m fazia o p\u00f3s-doutorado, na Sorbonne Nouvelle \u2014 Paris III.<\/span><\/p>\n<p style=\"margin-bottom: 1.33333em; font-style: normal; font-variant-ligatures: normal; font-variant-caps: normal; font-weight: 400; font-family: Tajawal, sans-serif; color: #000000;\"><span style=\"font-size: 18pt;\">Em junho de 2022, foi homenageado no programa&nbsp;<em>Bibliografia viva,&nbsp;<\/em>transmitido no canal da Faculdade de Educa\u00e7\u00e3o da UFMG no YouTube. Um dos participantes, o professor Luiz Ant\u00f4nio Cunha, da Universidade Federal do Rio de Janeiro \u2014 o mesmo que o levara para a UFMG \u2014 reconheceu a contribui\u00e7\u00e3o do amigo na hist\u00f3ria da educa\u00e7\u00e3o brasileira e seu pioneirismo em discuss\u00f5es sobre laicidade nesse campo. Ele fazia refer\u00eancia \u00e0 an\u00e1lise publicada em 2001 no livro&nbsp;<em>Cidadania republicana e educa\u00e7\u00e3o: governo provis\u00f3rio do Mal. Deodoro e Congresso Constituinte de 1890-1891<\/em><span style=\"font-weight: bold;\">.<\/span>&nbsp;\u201cTalvez tenha sido a primeira pessoa que tratou desse per\u00edodo da hist\u00f3ria e tem um cap\u00edtulo inteiro sobre a laicidade na educa\u00e7\u00e3o, em uma \u00e9poca em que os pesquisadores brasileiros ignoravam esse tema\u201d, destaca o docente da UFRJ.<\/span><\/p>\n<p style=\"margin-bottom: 1.33333em; font-style: normal; font-variant-ligatures: normal; font-variant-caps: normal; font-weight: 400; font-family: Tajawal, sans-serif; color: #000000;\"><span style=\"font-size: 18pt;\">Para Cury, a laicidade \u00e9 importante porque garante que o espa\u00e7o escolar, sobretudo das escolas p\u00fablicas, seja preservado de aspectos que concernem \u00e0 vida privada dos sujeitos. Por envolver sobretudo a emo\u00e7\u00e3o, levar a religi\u00e3o para o espa\u00e7o escolar implica estimular atitudes discriminat\u00f3rias, conscientes ou inconscientes, adverte.<\/span><\/p>\n<p style=\"margin-bottom: 1.33333em; font-style: normal; font-variant-ligatures: normal; font-variant-caps: normal; font-weight: 400; font-family: Tajawal, sans-serif; color: #000000;\"><span style=\"font-size: 18pt;\">\u201cEu sou crist\u00e3o, mas n\u00e3o sou favor\u00e1vel a um crucifixo no Supremo Tribunal Federal, por mais que eu respeite o crucifixo. Tenho um em cima da cama por op\u00e7\u00e3o nossa, mas n\u00e3o o quero no Supremo, como n\u00e3o quero ensino religioso nas escolas p\u00fablicas\u201d, argumenta.<\/span><\/p>\n<p style=\"margin-bottom: 1.33333em; font-style: normal; font-variant-ligatures: normal; font-variant-caps: normal; font-weight: 400; font-family: Tajawal, sans-serif; color: #000000;\"><span style=\"font-size: 18pt;\">Foi em territ\u00f3rio franc\u00eas, quase 30 anos atr\u00e1s, que Cury viveu o que chama de experi\u00eancia da laicidade no sentido mais radical. \u201cMeu filho tinha que esconder, ou melhor, podia usar isto aqui, mas olha, pequenininho, e ficava debaixo da camisa\u201d, revela, enquanto mostra, ele pr\u00f3prio, o delicado cord\u00e3o com um pequeno crucifixo, at\u00e9 ent\u00e3o escondido sob a blusa.<\/span><\/p>\t\t\t\t\t\t<\/div>\n\t\t\t\t<\/div>\n\t\t\t\t\t<\/div>\n\t\t<\/div>\n\t\t\t\t\t\t\t<\/div>\n\t\t<\/section>\n\t\t\t\t\t\t\t<\/div>\n\t\t","protected":false},"excerpt":{"rendered":"<p>Refer\u00eancia no direito \u00e0 educa\u00e7\u00e3o e no ensino laico, Carlos [&hellip;]<\/p>\n","protected":false},"author":1,"featured_media":0,"parent":6411,"menu_order":0,"comment_status":"closed","ping_status":"closed","template":"","meta":[],"_links":{"self":[{"href":"https:\/\/www.ufmg.br\/95anos\/wp-json\/wp\/v2\/pages\/6521"}],"collection":[{"href":"https:\/\/www.ufmg.br\/95anos\/wp-json\/wp\/v2\/pages"}],"about":[{"href":"https:\/\/www.ufmg.br\/95anos\/wp-json\/wp\/v2\/types\/page"}],"author":[{"embeddable":true,"href":"https:\/\/www.ufmg.br\/95anos\/wp-json\/wp\/v2\/users\/1"}],"replies":[{"embeddable":true,"href":"https:\/\/www.ufmg.br\/95anos\/wp-json\/wp\/v2\/comments?post=6521"}],"version-history":[{"count":76,"href":"https:\/\/www.ufmg.br\/95anos\/wp-json\/wp\/v2\/pages\/6521\/revisions"}],"predecessor-version":[{"id":6754,"href":"https:\/\/www.ufmg.br\/95anos\/wp-json\/wp\/v2\/pages\/6521\/revisions\/6754"}],"up":[{"embeddable":true,"href":"https:\/\/www.ufmg.br\/95anos\/wp-json\/wp\/v2\/pages\/6411"}],"wp:attachment":[{"href":"https:\/\/www.ufmg.br\/95anos\/wp-json\/wp\/v2\/media?parent=6521"}],"curies":[{"name":"wp","href":"https:\/\/api.w.org\/{rel}","templated":true}]}}