{"id":6629,"date":"2022-09-20T15:12:34","date_gmt":"2022-09-20T18:12:34","guid":{"rendered":"https:\/\/www.ufmg.br\/95anos\/?page_id=6629"},"modified":"2022-09-28T16:12:10","modified_gmt":"2022-09-28T19:12:10","slug":"a-universidade-as-cidades-e-a-aposta-civilizatoria","status":"publish","type":"page","link":"https:\/\/www.ufmg.br\/95anos\/diversa-95\/a-universidade-as-cidades-e-a-aposta-civilizatoria\/","title":{"rendered":"A Universidade, as cidades e a aposta civilizat\u00f3ria"},"content":{"rendered":"\t\t<div data-elementor-type=\"wp-page\" data-elementor-id=\"6629\" class=\"elementor elementor-6629\">\n\t\t\t\t\t\t\t\t\t<section class=\"elementor-section elementor-top-section elementor-element elementor-element-2558528 elementor-section-boxed elementor-section-height-default elementor-section-height-default\" data-id=\"2558528\" data-element_type=\"section\">\n\t\t\t\t\t\t<div class=\"elementor-container elementor-column-gap-default\">\n\t\t\t\t\t<div class=\"elementor-column elementor-col-100 elementor-top-column elementor-element elementor-element-c4a1dc9\" data-id=\"c4a1dc9\" data-element_type=\"column\">\n\t\t\t<div class=\"elementor-widget-wrap elementor-element-populated\">\n\t\t\t\t\t\t\t\t<div class=\"elementor-element elementor-element-1bba25f elementor-widget elementor-widget-text-editor\" data-id=\"1bba25f\" data-element_type=\"widget\" data-widget_type=\"text-editor.default\">\n\t\t\t\t<div class=\"elementor-widget-container\">\n\t\t\t<style>\/*! elementor - v3.6.5 - 27-04-2022 *\/\n.elementor-widget-text-editor.elementor-drop-cap-view-stacked .elementor-drop-cap{background-color:#818a91;color:#fff}.elementor-widget-text-editor.elementor-drop-cap-view-framed .elementor-drop-cap{color:#818a91;border:3px solid;background-color:transparent}.elementor-widget-text-editor:not(.elementor-drop-cap-view-default) .elementor-drop-cap{margin-top:8px}.elementor-widget-text-editor:not(.elementor-drop-cap-view-default) .elementor-drop-cap-letter{width:1em;height:1em}.elementor-widget-text-editor .elementor-drop-cap{float:left;text-align:center;line-height:1;font-size:50px}.elementor-widget-text-editor .elementor-drop-cap-letter{display:inline-block}<\/style>\t\t\t\t<p style=\"margin-bottom: 1.33333em; font-style: normal; font-variant-ligatures: normal; font-variant-caps: normal; font-weight: 400; font-family: Tajawal, sans-serif; font-size: 30px; color: #000000;\"><em style=\"font-size: 30px;\">Influ\u00eancia da UFMG transcende a presen\u00e7a f\u00edsica nos munic\u00edpios onde est\u00e1 estabelecida\u00a0<\/em><\/p>\t\t\t\t\t\t<\/div>\n\t\t\t\t<\/div>\n\t\t\t\t\t<\/div>\n\t\t<\/div>\n\t\t\t\t\t\t\t<\/div>\n\t\t<\/section>\n\t\t\t\t<section class=\"elementor-section elementor-top-section elementor-element elementor-element-c9447d0 elementor-section-boxed elementor-section-height-default elementor-section-height-default\" data-id=\"c9447d0\" data-element_type=\"section\">\n\t\t\t\t\t\t<div class=\"elementor-container elementor-column-gap-default\">\n\t\t\t\t\t<div class=\"elementor-column elementor-col-100 elementor-top-column elementor-element elementor-element-682b97a\" data-id=\"682b97a\" data-element_type=\"column\">\n\t\t\t<div class=\"elementor-widget-wrap elementor-element-populated\">\n\t\t\t\t\t\t\t\t<div class=\"elementor-element elementor-element-96d42a6 elementor-widget elementor-widget-text-editor\" data-id=\"96d42a6\" data-element_type=\"widget\" data-widget_type=\"text-editor.default\">\n\t\t\t\t<div class=\"elementor-widget-container\">\n\t\t\t\t\t\t\t<div class=\"wp-block-image\" style=\"margin: 0px 0px 1em; padding: 0px; border: 0px; font-style: normal; font-variant-ligatures: normal; font-variant-caps: normal; font-variant-numeric: inherit; font-variant-east-asian: inherit; font-weight: 400; font-stretch: inherit; line-height: inherit; font-family: Tajawal, sans-serif; font-size: 18px; vertical-align: baseline; color: #000000; letter-spacing: normal; orphans: 2; text-align: start; text-indent: 0px; text-transform: none; white-space: normal; widows: 2; word-spacing: 0px; -webkit-text-stroke-width: 0px; text-decoration-thickness: initial; text-decoration-style: initial; text-decoration-color: initial;\">\u00a0<\/div><p class=\"has-medium-font-size\" style=\"margin: 0px 0px 1.33333em; padding: 0px; border: 0px; font-style: normal; font-variant-ligatures: normal; font-variant-caps: normal; font-variant-numeric: inherit; font-variant-east-asian: inherit; font-weight: 400; font-stretch: inherit; line-height: 1; font-family: Tajawal, sans-serif; font-size: 1.25em; vertical-align: baseline; color: #000000; letter-spacing: normal; orphans: 2; text-align: start; text-indent: 0px; text-transform: none; white-space: normal; widows: 2; word-spacing: 0px; -webkit-text-stroke-width: 0px; text-decoration-thickness: initial; text-decoration-style: initial; text-decoration-color: initial;\">Mauricio Campomori*<\/p>\t\t\t\t\t\t<\/div>\n\t\t\t\t<\/div>\n\t\t\t\t\t<\/div>\n\t\t<\/div>\n\t\t\t\t\t\t\t<\/div>\n\t\t<\/section>\n\t\t\t\t<section class=\"elementor-section elementor-top-section elementor-element elementor-element-0f18b91 elementor-section-boxed elementor-section-height-default elementor-section-height-default\" data-id=\"0f18b91\" data-element_type=\"section\">\n\t\t\t\t\t\t<div class=\"elementor-container elementor-column-gap-default\">\n\t\t\t\t\t<div class=\"elementor-column elementor-col-100 elementor-top-column elementor-element elementor-element-c02e113\" data-id=\"c02e113\" data-element_type=\"column\">\n\t\t\t<div class=\"elementor-widget-wrap elementor-element-populated\">\n\t\t\t\t\t\t\t\t<div class=\"elementor-element elementor-element-4f82c70 elementor-widget elementor-widget-text-editor\" data-id=\"4f82c70\" data-element_type=\"widget\" data-widget_type=\"text-editor.default\">\n\t\t\t\t<div class=\"elementor-widget-container\">\n\t\t\t\t\t\t\t\t\t\t\t\t\t<\/div>\n\t\t\t\t<\/div>\n\t\t\t\t<div class=\"elementor-element elementor-element-5e97c78 elementor-widget elementor-widget-image\" data-id=\"5e97c78\" data-element_type=\"widget\" data-widget_type=\"image.default\">\n\t\t\t\t<div class=\"elementor-widget-container\">\n\t\t\t<style>\/*! elementor - v3.6.5 - 27-04-2022 *\/\n.elementor-widget-image{text-align:center}.elementor-widget-image a{display:inline-block}.elementor-widget-image a img[src$=\".svg\"]{width:48px}.elementor-widget-image img{vertical-align:middle;display:inline-block}<\/style>\t\t\t\t\t\t\t\t\t\t\t\t<img width=\"352\" height=\"540\" src=\"https:\/\/www.ufmg.br\/95anos\/wp-content\/uploads\/2022\/09\/campomori3-1.png\" class=\"attachment-large size-large\" alt=\"Ilustra\u00e7\u00e3o de Marcelo Lustosa \/ Cedecom UFMG\" loading=\"lazy\" srcset=\"https:\/\/www.ufmg.br\/95anos\/wp-content\/uploads\/2022\/09\/campomori3-1.png 352w, https:\/\/www.ufmg.br\/95anos\/wp-content\/uploads\/2022\/09\/campomori3-1-196x300.png 196w\" sizes=\"(max-width: 352px) 100vw, 352px\" \/>\t\t\t\t\t\t\t\t\t\t\t\t\t\t\t<\/div>\n\t\t\t\t<\/div>\n\t\t\t\t<div class=\"elementor-element elementor-element-14f45e1 elementor-widget elementor-widget-heading\" data-id=\"14f45e1\" data-element_type=\"widget\" data-widget_type=\"heading.default\">\n\t\t\t\t<div class=\"elementor-widget-container\">\n\t\t\t<style>\/*! elementor - v3.6.5 - 27-04-2022 *\/\n.elementor-heading-title{padding:0;margin:0;line-height:1}.elementor-widget-heading .elementor-heading-title[class*=elementor-size-]>a{color:inherit;font-size:inherit;line-height:inherit}.elementor-widget-heading .elementor-heading-title.elementor-size-small{font-size:15px}.elementor-widget-heading .elementor-heading-title.elementor-size-medium{font-size:19px}.elementor-widget-heading .elementor-heading-title.elementor-size-large{font-size:29px}.elementor-widget-heading .elementor-heading-title.elementor-size-xl{font-size:39px}.elementor-widget-heading .elementor-heading-title.elementor-size-xxl{font-size:59px}<\/style><h2 class=\"elementor-heading-title elementor-size-default\"><div class=\"wp-block-image\" style=\"font-style: normal; font-variant-ligatures: normal; font-variant-caps: normal; font-weight: 400; font-family: Tajawal, sans-serif; font-size: 18px; color: rgb(0, 0, 0); white-space: normal;\"><figure class=\"aligncenter size-large is-resized\" style=\"margin-right: auto; margin-left: auto; font-size: 18px;\"><figcaption style=\"font-size: 1.11111em;\">Ilustra\u00e7\u00e3o de Marcelo Lustosa | UFMG<\/figcaption><\/figure><\/div><\/h2>\t\t<\/div>\n\t\t\t\t<\/div>\n\t\t\t\t\t<\/div>\n\t\t<\/div>\n\t\t\t\t\t\t\t<\/div>\n\t\t<\/section>\n\t\t\t\t<section class=\"elementor-section elementor-top-section elementor-element elementor-element-86f69c2 elementor-section-boxed elementor-section-height-default elementor-section-height-default\" data-id=\"86f69c2\" data-element_type=\"section\">\n\t\t\t\t\t\t<div class=\"elementor-container elementor-column-gap-default\">\n\t\t\t\t\t<div class=\"elementor-column elementor-col-100 elementor-top-column elementor-element elementor-element-45e26f4\" data-id=\"45e26f4\" data-element_type=\"column\">\n\t\t\t<div class=\"elementor-widget-wrap elementor-element-populated\">\n\t\t\t\t\t\t\t\t<div class=\"elementor-element elementor-element-d88ae17 elementor-widget elementor-widget-text-editor\" data-id=\"d88ae17\" data-element_type=\"widget\" data-widget_type=\"text-editor.default\">\n\t\t\t\t<div class=\"elementor-widget-container\">\n\t\t\t\t\t\t\t<p class=\"has-text-align-left has-medium-font-size\" style=\"margin-bottom: 1.33333em; font-style: normal; font-variant-ligatures: normal; font-variant-caps: normal; font-weight: 400; font-family: Tajawal, sans-serif; color: #000000;\">O per\u00edodo decorrido desde o in\u00edcio do s\u00e9culo 20 foi palco de uma s\u00e9rie de eventos que provocaram not\u00e1veis transforma\u00e7\u00f5es em nosso modo de viver. Em pouco mais de um s\u00e9culo, houve duas guerras mundiais, as primeiras viagens espaciais e a chegada do homem \u00e0 Lua. A ci\u00eancia e a tecnologia avan\u00e7aram a ponto de se transformarem em promessa de felicidade, e a energia nuclear, ainda que tenha sido utilizada com fins pac\u00edficos, tamb\u00e9m foi empregada para guerra e destrui\u00e7\u00e3o. Nesse per\u00edodo, tivemos acesso \u00e0 teoria da relatividade e \u00e0 psican\u00e1lise, testemunhamos a era do r\u00e1dio e, depois, a da televis\u00e3o, enquanto o cinema encantava multid\u00f5es. O mundo foi surpreendido por duas pandemias. Na \u00e1rea m\u00e9dica, deu-se o desenvolvimento dos antibi\u00f3ticos e dos contraceptivos. Foi criado o transistor, e os semicondutores propiciaram vislumbrar novas possibilidades para a eletr\u00f4nica. Surgiram os computadores, a inform\u00e1tica e a internet. Arte, cultura e entretenimento se transformaram em conceito, escala e intensidade antes impens\u00e1veis. Nesses 120 anos, revolucionaram-se os costumes e reestruturaram-se as rela\u00e7\u00f5es sociais, de g\u00eanero, de trabalho e de poder, como nunca antes, talvez.<\/p><p class=\"has-medium-font-size\" style=\"margin-bottom: 1.33333em; font-style: normal; font-variant-ligatures: normal; font-variant-caps: normal; font-weight: 400; font-family: Tajawal, sans-serif; color: #000000;\">A Universidade Federal de Minas Gerais (UFMG) foi criada e se desenvolveu dentro desse mesmo per\u00edodo. Ao completar 95 anos de exist\u00eancia, \u00e9 f\u00e1cil perceber que ela foi n\u00e3o apenas testemunha, mas personagem de destaque em quase todas as cenas desse tempo de intensas transforma\u00e7\u00f5es em nossas vidas, nossa cultura e nossas cidades.\u00a0<\/p><p class=\"has-medium-font-size\" style=\"margin-bottom: 1.33333em; font-style: normal; font-variant-ligatures: normal; font-variant-caps: normal; font-weight: 400; font-family: Tajawal, sans-serif; color: #000000;\">Em 1920, 23 anos depois de sua funda\u00e7\u00e3o, Belo Horizonte tinha aproximadamente 55 mil habitantes, n\u00famero ainda inferior ao de outras cidades do estado, como Juiz de Fora e seus quase 120 mil habitantes, ou Montes Claros, com quase 70 mil. No Rio de Janeiro, ent\u00e3o capital da Rep\u00fablica, naquele mesmo ano, viviam aproximadamente 1,15 milh\u00e3o de pessoas, e S\u00e3o Paulo j\u00e1 contava com cerca de 580 mil habitantes. Dez anos depois, em 1930, a popula\u00e7\u00e3o de Belo Horizonte havia mais que dobrado e passava de 116 mil habitantes.<\/p><p class=\"has-medium-font-size\" style=\"margin-bottom: 1.33333em; font-style: normal; font-variant-ligatures: normal; font-variant-caps: normal; font-weight: 400; font-family: Tajawal, sans-serif; color: #000000;\">\u00a0<\/p><p class=\"has-medium-font-size\" style=\"margin-bottom: 1.33333em; font-style: normal; font-variant-ligatures: normal; font-variant-caps: normal; font-weight: 400; font-family: Tajawal, sans-serif; color: #000000;\">\u00a0<\/p>\t\t\t\t\t\t<\/div>\n\t\t\t\t<\/div>\n\t\t\t\t\t<\/div>\n\t\t<\/div>\n\t\t\t\t\t\t\t<\/div>\n\t\t<\/section>\n\t\t\t\t<section class=\"elementor-section elementor-top-section elementor-element elementor-element-9ff37e0 elementor-section-boxed elementor-section-height-default elementor-section-height-default\" data-id=\"9ff37e0\" data-element_type=\"section\">\n\t\t\t\t\t\t<div class=\"elementor-container elementor-column-gap-default\">\n\t\t\t\t\t<div class=\"elementor-column elementor-col-100 elementor-top-column elementor-element elementor-element-ee42249\" data-id=\"ee42249\" data-element_type=\"column\">\n\t\t\t<div class=\"elementor-widget-wrap elementor-element-populated\">\n\t\t\t\t\t\t\t\t<div class=\"elementor-element elementor-element-95a333c elementor-widget elementor-widget-image\" data-id=\"95a333c\" data-element_type=\"widget\" data-widget_type=\"image.default\">\n\t\t\t\t<div class=\"elementor-widget-container\">\n\t\t\t\t\t\t\t\t\t\t\t\t\t\t\t<img width=\"712\" height=\"474\" src=\"https:\/\/www.ufmg.br\/95anos\/wp-content\/uploads\/2022\/09\/campomori2.png\" class=\"attachment-large size-large\" alt=\"\" loading=\"lazy\" srcset=\"https:\/\/www.ufmg.br\/95anos\/wp-content\/uploads\/2022\/09\/campomori2.png 712w, https:\/\/www.ufmg.br\/95anos\/wp-content\/uploads\/2022\/09\/campomori2-300x200.png 300w\" sizes=\"(max-width: 712px) 100vw, 712px\" \/>\t\t\t\t\t\t\t\t\t\t\t\t\t\t\t<\/div>\n\t\t\t\t<\/div>\n\t\t\t\t<div class=\"elementor-element elementor-element-983f4da elementor-widget elementor-widget-heading\" data-id=\"983f4da\" data-element_type=\"widget\" data-widget_type=\"heading.default\">\n\t\t\t\t<div class=\"elementor-widget-container\">\n\t\t\t<h2 class=\"elementor-heading-title elementor-size-default\"><div class=\"wp-block-image\" style=\"font-style: normal; font-variant-ligatures: normal; font-variant-caps: normal; font-weight: 400; font-family: Tajawal, sans-serif; font-size: 18px; color: rgb(0, 0, 0); white-space: normal;\"><figure class=\"aligncenter size-large is-resized\" style=\"margin-right: auto; margin-left: auto; font-size: 18px;\"><figcaption style=\"font-size: 1.11111em;\">Ilustra\u00e7\u00e3o de Marcelo Lustosa | UFMG<\/figcaption><\/figure><\/div><\/h2>\t\t<\/div>\n\t\t\t\t<\/div>\n\t\t\t\t\t<\/div>\n\t\t<\/div>\n\t\t\t\t\t\t\t<\/div>\n\t\t<\/section>\n\t\t\t\t<section class=\"elementor-section elementor-top-section elementor-element elementor-element-b56ee61 elementor-section-boxed elementor-section-height-default elementor-section-height-default\" data-id=\"b56ee61\" data-element_type=\"section\">\n\t\t\t\t\t\t<div class=\"elementor-container elementor-column-gap-default\">\n\t\t\t\t\t<div class=\"elementor-column elementor-col-100 elementor-top-column elementor-element elementor-element-66a6f38\" data-id=\"66a6f38\" data-element_type=\"column\">\n\t\t\t<div class=\"elementor-widget-wrap elementor-element-populated\">\n\t\t\t\t\t\t\t\t<div class=\"elementor-element elementor-element-ab5d5ef elementor-widget elementor-widget-text-editor\" data-id=\"ab5d5ef\" data-element_type=\"widget\" data-widget_type=\"text-editor.default\">\n\t\t\t\t<div class=\"elementor-widget-container\">\n\t\t\t\t\t\t\t<p><span style=\"color: #000000; font-family: Tajawal, sans-serif; font-size: 22.5px; font-style: normal; font-variant-ligatures: normal; font-variant-caps: normal; font-weight: 400;\">Nesse&nbsp; come\u00e7o, tudo estava por ser feito: n\u00e3o s\u00f3 pr\u00e9dios, ruas e esgotos, mas tamb\u00e9m as institui\u00e7\u00f5es e a vida social habitual. As classes alfabetizadas, transplantadas sobretudo de outras regi\u00f5es mineiras, em especial da antiga capital Ouro Preto, tinham diversas necessidades de educa\u00e7\u00e3o, de lazer e tamb\u00e9m de arte, literatura, teatro, m\u00fasica, pintura, entre outras. \u00c9 exatamente nesse contexto que a UFMG, criada em 1927, come\u00e7a a fazer parte da vida da cidade.<\/span><\/p>\n<p><em style=\"font-variant-ligatures: normal; font-variant-caps: normal; font-weight: 400; font-family: Tajawal, sans-serif; font-size: 18px; color: #000000;\">&#8220;A ideia de constituir uma universidade significa fazer uma aposta civilizat\u00f3ria. Nesse sentido, desde Bolonha e Paris, onde essa institui\u00e7\u00e3o se anunciou pela primeira vez, h\u00e1 quase mil anos, as universidades s\u00e3o apostas na ideia de educa\u00e7\u00e3o e emancipa\u00e7\u00e3o, ou seja, na ideia de que \u00e9 poss\u00edvel desenvolver a capacidade humana de intervir e modificar o mundo.&#8221;&nbsp;<\/em><span style=\"color: #000000; font-family: Tajawal, sans-serif; font-size: 22.5px; font-style: normal; font-variant-ligatures: normal; font-variant-caps: normal; font-weight: 400;\"><br><\/span><\/p>\n<p><span style=\"color: #000000; font-family: Tajawal, sans-serif; font-size: 22.5px; font-style: normal; font-variant-ligatures: normal; font-variant-caps: normal; font-weight: 400;\">\u00c0 primeira vista, os v\u00ednculos que a UFMG mant\u00e9m com Belo Horizonte \u2014 bem como com as centenas de cidades mineiras ou mesmo as de fora do estado \u2014 decorrem primordialmente de suas&nbsp;a\u00e7\u00f5es de extens\u00e3o, ensino e pesquisa.&nbsp;<\/span><span style=\"color: #000000; font-family: Tajawal, sans-serif; font-size: 22.5px; font-style: normal; font-variant-ligatures: normal; font-variant-caps: normal; font-weight: 400;\">\u00c9 natural imaginar que a presen\u00e7a da UFMG em Minas Gerais seja especialmente marcante nas cidades onde estabeleceu seus campi e infraestruturas de apoio a suas atividades acad\u00eamicas presenciais, mas \u00e9 importante lembrar que a Universidade tamb\u00e9m se destaca em todos os lugares onde repercutem as atividades que desenvolve em suas v\u00e1rias \u00e1reas de atua\u00e7\u00e3o, seja no campo cient\u00edfico, seja no campo cultural. Desde os impactos sentidos pela atua\u00e7\u00e3o da UFMG como geradora de conhecimento e indutora de desenvolvimento at\u00e9 as diversas transforma\u00e7\u00f5es socioculturais que decorrem da atividade de uma institui\u00e7\u00e3o que cultiva por princ\u00edpio a liberdade de pensamento, a ideia da Universidade tende a ir muito al\u00e9m de sua presen\u00e7a f\u00edsica nos munic\u00edpios onde ela se estabelece. A ideia de constituir uma universidade significa fazer uma aposta civilizat\u00f3ria. Nesse sentido, desde Bolonha e Paris, onde esse tipo de institui\u00e7\u00e3o se anunciou pela primeira vez, h\u00e1 quase mil anos, as universidades s\u00e3o apostas na ideia de educa\u00e7\u00e3o e emancipa\u00e7\u00e3o, ou seja, na ideia de que \u00e9 poss\u00edvel desenvolver a capacidade humana de intervir e modificar o mundo.<\/span><\/p>\n<p class=\"has-medium-font-size\" style=\"margin-bottom: 1.33333em; font-style: normal; font-variant-ligatures: normal; font-variant-caps: normal; font-weight: 400; font-family: Tajawal, sans-serif; color: #000000;\">Um bom exemplo de como a UFMG interage com a cidade est\u00e1 na rela\u00e7\u00e3o da sua Escola de Arquitetura com Belo Horizonte. Poucos anos depois de sua funda\u00e7\u00e3o, ocorrida em 1930, a atua\u00e7\u00e3o dos arquitetos que lecionavam na Escola e das novas gera\u00e7\u00f5es nela formadas j\u00e1 marcava a cidade. Edif\u00edcios e espa\u00e7os ic\u00f4nicos passavam a fazer parte n\u00e3o apenas do cotidiano, mas tamb\u00e9m do imagin\u00e1rio das pessoas, ao ponto de se transformarem em refer\u00eancias da pr\u00f3pria cidade. De certo modo, a marca dos estilos e das ideias arquitet\u00f4nicas associadas a diferentes \u00e9pocas constitui um tipo de memorial da cultura e da sociedade dessas \u00e9pocas. Ilustra isso o fato de que, a partir da d\u00e9cada de 1940, \u00e9 praticamente imposs\u00edvel pensar na cidade de Belo Horizonte sem lembrar, por exemplo, do conjunto arquitet\u00f4nico da Pampulha, concebido pelo arquiteto Oscar Niemeyer e pelo paisagista Roberto Burle Marx, e realizado na gest\u00e3o do ent\u00e3o prefeito Juscelino Kubitschek. Al\u00e9m de se constituir como primeira paisagem urbana moderna de Minas e marco da arquitetura moderna nacional, os edif\u00edcios e a paisagem da Pampulha acabaram por se tornar um tipo de s\u00edmbolo da cidade.&nbsp;<\/p>\n<p class=\"has-medium-font-size\" style=\"margin-bottom: 1.33333em; font-style: normal; font-variant-ligatures: normal; font-variant-caps: normal; font-weight: 400; font-family: Tajawal, sans-serif; color: #000000;\">Sobre essa capacidade da arquitetura de representar a sociedade e a cultura de um tempo e de um lugar, \u00e9 o pr\u00f3prio Juscelino quem diz, em seu discurso na formatura dos engenheiros-arquitetos da Universidade de Minas Gerais, em 1951:&nbsp;<em style=\"font-size: 22.5px;\">Mais que a obra liter\u00e1ria, mais que a m\u00fasica, a arquitetura espelha, na fisionomia do edif\u00edcio e da cidade, o grau de civiliza\u00e7\u00e3o de uma \u00e9poca, o apuro de seu gosto pl\u00e1stico.<\/em>&nbsp;<\/p>\n<p class=\"has-medium-font-size\" style=\"margin-bottom: 1.33333em; font-style: normal; font-variant-ligatures: normal; font-variant-caps: normal; font-weight: 400; font-family: Tajawal, sans-serif; color: #000000;\">Tendo sido a \u00fanica escola de arquitetura de Minas Gerais at\u00e9 1980, a Escola de Arquitetura da UFMG contribuiu ativamente com a constru\u00e7\u00e3o do perfil da jovem capital. A face mais vis\u00edvel dessa atua\u00e7\u00e3o \u00e9 a pr\u00f3pria forma\u00e7\u00e3o dos profissionais \u2014 planejadores e projetistas para os servi\u00e7os p\u00fablicos e privados \u2014 que envolve desde a elabora\u00e7\u00e3o da legisla\u00e7\u00e3o urbana at\u00e9 os projetos dos edif\u00edcios e espa\u00e7os. Nesse vi\u00e9s, decisivo tamb\u00e9m foi e continua sendo seu papel na forma\u00e7\u00e3o e desenvolvimento de todas as outras escolas de arquitetura e urbanismo que hoje coabitam a cidade de Belo Horizonte e o estado de Minas Gerais. Uma face menos evidente, mas igualmente importante, \u00e9 que a rela\u00e7\u00e3o entre o fazer da Escola de Arquitetura e a vida da cidade se revela em hist\u00f3rias que, com o passar do tempo, n\u00e3o podem mais ser dissociadas, j\u00e1 que a arquitetura e o urbanismo da cidade tendem a estar relacionados com a&nbsp;forma como as pessoas&nbsp;espacializam a sua cultura, constituindo o que alguns autores chamam de lugar antropol\u00f3gico, necessariamente hist\u00f3rico, relacional e identit\u00e1rio.<\/p>\n<blockquote class=\"wp-block-quote\" style=\"font-style: normal; font-variant-ligatures: normal; font-variant-caps: normal; font-weight: 400; font-family: Tajawal, sans-serif; font-size: 18px; color: #000000;\">\n<p style=\"margin-bottom: 1.33333em; font-size: 18px;\"><em style=\"font-size: 18px;\">Importa dizer que, nos dias atuais, cidade, arquitetura e urbanismo dizem respeito n\u00e3o apenas \u00e0 ideia de edif\u00edcios, lugares e espa\u00e7os funcional e esteticamente concebidos para serem constru\u00eddos e ocupados pelas pessoas, mas, tamb\u00e9m, a tudo o que diz respeito ao direito a esses espa\u00e7os e a essas cidades, para que elas possam ser usufru\u00eddas por todos os seus habitantes, com acesso universalizado a bens, direitos e servi\u00e7os e com representatividade e oportunidades para todos.<\/em><\/p>\n<\/blockquote>\n<p class=\"has-medium-font-size\" style=\"margin-bottom: 1.33333em; font-style: normal; font-variant-ligatures: normal; font-variant-caps: normal; font-weight: 400; font-family: Tajawal, sans-serif; color: #000000;\">Em tempos atuais, existe um enorme potencial de democratiza\u00e7\u00e3o da vida, da sociedade e da pol\u00edtica, representado, por exemplo, pela crescente oferta de acesso \u00e0s informa\u00e7\u00f5es, propiciada pela expans\u00e3o e pela populariza\u00e7\u00e3o da rede mundial de computadores ou internet. Por outro lado, existe, tamb\u00e9m, uma evidente tend\u00eancia de concentra\u00e7\u00e3o de renda e de riquezas em uma pequena parcela da popula\u00e7\u00e3o mundial, e esse fen\u00f4meno tem-se acentuado, e seus impactos, aumentado brutalmente em anos recentes. De acordo com dados do IBGE, em 2017, uma minoria mais rica formada por 10% dos brasileiros concentrava 43,3% da renda total do pa\u00eds. Na outra ponta, os 10% mais pobres detinham apenas 0,7% da renda total. Mais que isso, alguns dos novos modelos das rela\u00e7\u00f5es de trabalho e poder t\u00eam provocado a exclus\u00e3o de enormes contingentes populacionais dos processos decis\u00f3rios sobre a economia, sobre a sociedade e, em consequ\u00eancia, dos processos decis\u00f3rios sobre a cidade.&nbsp;<\/p>\n<p class=\"has-medium-font-size\" style=\"margin-bottom: 1.33333em; font-style: normal; font-variant-ligatures: normal; font-variant-caps: normal; font-weight: 400; font-family: Tajawal, sans-serif; color: #000000;\">A UFMG n\u00e3o poderia estar, obviamente, alheia a essas transforma\u00e7\u00f5es. A arquitetura e o urbanismo continuam, hoje, posicionados no foco de um debate que questiona suas rela\u00e7\u00f5es de subordina\u00e7\u00e3o ao poder econ\u00f4mico, seja pela necessidade de financiamento da sua materializa\u00e7\u00e3o, seja pela reprodu\u00e7\u00e3o das pr\u00e1ticas econ\u00f4micas e comerciais estabelecidas, tanto nos canteiros de obras quanto em suas rela\u00e7\u00f5es com o mercado que os consomem como produto. Essa discuss\u00e3o n\u00e3o pode ser evitada. Importa dizer que, nos dias atuais, cidade, arquitetura e urbanismo dizem respeito n\u00e3o apenas \u00e0 ideia de edif\u00edcios, lugares e espa\u00e7os funcional e esteticamente concebidos para serem constru\u00eddos e ocupados pelas pessoas, mas tamb\u00e9m a tudo o que diz respeito ao direito a esses espa\u00e7os e a essas cidades, para que elas possam ser usufru\u00eddas por todos os seus habitantes, com acesso universalizado a bens, direitos e servi\u00e7os e com representatividade e oportunidades para todos.<\/p>\n<p class=\"has-medium-font-size\" style=\"margin-bottom: 1.33333em; font-style: normal; font-variant-ligatures: normal; font-variant-caps: normal; font-weight: 400; font-family: Tajawal, sans-serif; color: #000000;\">Nessa perspectiva, como institui\u00e7\u00e3o que se desenvolve sobre os ideais de excel\u00eancia acad\u00eamica e relev\u00e2ncia social, comprometida com princ\u00edpios de solidariedade, autonomia, liberdade e democracia, a UFMG se interessa cada vez mais em participar da constru\u00e7\u00e3o de um mundo \u2014 em suas variadas escalas \u2014 onde nunca prevale\u00e7a o interesse em remunerar o capital. A todos n\u00f3s interessa participar da constru\u00e7\u00e3o de um mundo onde se celebre a aposta civilizat\u00f3ria de que fal\u00e1vamos \u2014 corporificada pela pr\u00f3pria Universidade \u2014, onde as l\u00f3gicas do mercado n\u00e3o se apliquem a quest\u00f5es de dignidade, de liberdade e de cidadania. Interessa, principalmente, contribuir para que, assim como a cultura e a educa\u00e7\u00e3o, nossas cidades n\u00e3o sejam entendidas apenas como mercadoria, mas, antes, como direito coletivo e bem p\u00fablico de primeira necessidade.<\/p>\n<p><span style=\"color: #000000; font-family: Tajawal, sans-serif; font-size: 22.5px; font-style: normal; font-variant-ligatures: normal; font-variant-caps: normal; font-weight: 400;\">&nbsp;<\/span><\/p>\t\t\t\t\t\t<\/div>\n\t\t\t\t<\/div>\n\t\t\t\t\t<\/div>\n\t\t<\/div>\n\t\t\t\t\t\t\t<\/div>\n\t\t<\/section>\n\t\t\t\t<section class=\"elementor-section elementor-top-section elementor-element elementor-element-04d4f7f elementor-section-boxed elementor-section-height-default elementor-section-height-default\" data-id=\"04d4f7f\" data-element_type=\"section\">\n\t\t\t\t\t\t<div class=\"elementor-container elementor-column-gap-default\">\n\t\t\t\t\t<div class=\"elementor-column elementor-col-100 elementor-top-column elementor-element elementor-element-aa969b2\" data-id=\"aa969b2\" data-element_type=\"column\">\n\t\t\t<div class=\"elementor-widget-wrap elementor-element-populated\">\n\t\t\t\t\t\t\t\t<div class=\"elementor-element elementor-element-ccbacac elementor-widget elementor-widget-image\" data-id=\"ccbacac\" data-element_type=\"widget\" data-widget_type=\"image.default\">\n\t\t\t\t<div class=\"elementor-widget-container\">\n\t\t\t\t\t\t\t\t\t\t\t\t\t\t\t<img width=\"712\" height=\"474\" src=\"https:\/\/www.ufmg.br\/95anos\/wp-content\/uploads\/2022\/09\/campomori.png\" class=\"attachment-large size-large\" alt=\"\" loading=\"lazy\" srcset=\"https:\/\/www.ufmg.br\/95anos\/wp-content\/uploads\/2022\/09\/campomori.png 712w, https:\/\/www.ufmg.br\/95anos\/wp-content\/uploads\/2022\/09\/campomori-300x200.png 300w\" sizes=\"(max-width: 712px) 100vw, 712px\" \/>\t\t\t\t\t\t\t\t\t\t\t\t\t\t\t<\/div>\n\t\t\t\t<\/div>\n\t\t\t\t<div class=\"elementor-element elementor-element-f439d13 elementor-widget elementor-widget-heading\" data-id=\"f439d13\" data-element_type=\"widget\" data-widget_type=\"heading.default\">\n\t\t\t\t<div class=\"elementor-widget-container\">\n\t\t\t<h2 class=\"elementor-heading-title elementor-size-default\"><div style=\"font-style: normal; font-variant-ligatures: normal; font-variant-caps: normal; font-weight: 400; font-family: Tajawal, sans-serif; font-size: 18px; color: rgb(0, 0, 0); white-space: normal;\"><figure style=\"margin-right: auto; margin-left: auto; font-size: 18px;\"><figcaption style=\"font-size: 1.11111em;\">Ilustra\u00e7\u00e3o de Marcelo Lustosa | UFMG<span style=\"color: var( --e-global-color-primary ); font-family: var( --e-global-typography-primary-font-family ), Sans-serif; font-size: 2em; font-weight: 700; white-space: pre-wrap;\"><\/span><\/figcaption><\/figure><\/div><\/h2>\t\t<\/div>\n\t\t\t\t<\/div>\n\t\t\t\t\t<\/div>\n\t\t<\/div>\n\t\t\t\t\t\t\t<\/div>\n\t\t<\/section>\n\t\t\t\t<section class=\"elementor-section elementor-top-section elementor-element elementor-element-6bdedf0 elementor-section-boxed elementor-section-height-default elementor-section-height-default\" data-id=\"6bdedf0\" data-element_type=\"section\">\n\t\t\t\t\t\t<div class=\"elementor-container elementor-column-gap-default\">\n\t\t\t\t\t<div class=\"elementor-column elementor-col-100 elementor-top-column elementor-element elementor-element-d4a75c7\" data-id=\"d4a75c7\" data-element_type=\"column\">\n\t\t\t<div class=\"elementor-widget-wrap elementor-element-populated\">\n\t\t\t\t\t\t\t\t<div class=\"elementor-element elementor-element-4ee0b00 elementor-widget elementor-widget-text-editor\" data-id=\"4ee0b00\" data-element_type=\"widget\" data-widget_type=\"text-editor.default\">\n\t\t\t\t<div class=\"elementor-widget-container\">\n\t\t\t\t\t\t\t<p class=\"has-text-align-left has-medium-font-size\" style=\"margin-bottom: 1.33333em; font-style: normal; font-variant-ligatures: normal; font-variant-caps: normal; font-weight: 400; font-family: Tajawal, sans-serif; color: #000000;\"><span style=\"font-family: Tajawal, sans-serif; font-size: 18px; font-style: normal; font-variant-ligatures: normal; font-variant-caps: normal; font-weight: 400;\">* Arquiteto e urbanista. Professor associado do Departamento de Projetos e diretor da Escola de Arquitetura da UFMG, membro do Conselho Estadual de Patrim\u00f4nio Cultural de Minas Gerais e presidente da Associa\u00e7\u00e3o de Escolas e Faculdades P\u00fablicas de Arquitetura da Am\u00e9rica do Sul (Arquisur)<\/span><\/p>\t\t\t\t\t\t<\/div>\n\t\t\t\t<\/div>\n\t\t\t\t\t<\/div>\n\t\t<\/div>\n\t\t\t\t\t\t\t<\/div>\n\t\t<\/section>\n\t\t\t\t\t\t\t<\/div>\n\t\t","protected":false},"excerpt":{"rendered":"<p>Influ\u00eancia da UFMG transcende a presen\u00e7a f\u00edsica nos munic\u00edpios onde [&hellip;]<\/p>\n","protected":false},"author":2,"featured_media":0,"parent":6411,"menu_order":0,"comment_status":"closed","ping_status":"closed","template":"","meta":[],"_links":{"self":[{"href":"https:\/\/www.ufmg.br\/95anos\/wp-json\/wp\/v2\/pages\/6629"}],"collection":[{"href":"https:\/\/www.ufmg.br\/95anos\/wp-json\/wp\/v2\/pages"}],"about":[{"href":"https:\/\/www.ufmg.br\/95anos\/wp-json\/wp\/v2\/types\/page"}],"author":[{"embeddable":true,"href":"https:\/\/www.ufmg.br\/95anos\/wp-json\/wp\/v2\/users\/2"}],"replies":[{"embeddable":true,"href":"https:\/\/www.ufmg.br\/95anos\/wp-json\/wp\/v2\/comments?post=6629"}],"version-history":[{"count":30,"href":"https:\/\/www.ufmg.br\/95anos\/wp-json\/wp\/v2\/pages\/6629\/revisions"}],"predecessor-version":[{"id":6727,"href":"https:\/\/www.ufmg.br\/95anos\/wp-json\/wp\/v2\/pages\/6629\/revisions\/6727"}],"up":[{"embeddable":true,"href":"https:\/\/www.ufmg.br\/95anos\/wp-json\/wp\/v2\/pages\/6411"}],"wp:attachment":[{"href":"https:\/\/www.ufmg.br\/95anos\/wp-json\/wp\/v2\/media?parent=6629"}],"curies":[{"name":"wp","href":"https:\/\/api.w.org\/{rel}","templated":true}]}}