{"id":6728,"date":"2022-09-30T09:18:38","date_gmt":"2022-09-30T12:18:38","guid":{"rendered":"https:\/\/www.ufmg.br\/95anos\/?page_id=6728"},"modified":"2022-09-30T11:52:20","modified_gmt":"2022-09-30T14:52:20","slug":"um-seculo-dedicado-ao-humanismo-verdadeiramente-democratico","status":"publish","type":"page","link":"https:\/\/www.ufmg.br\/95anos\/diversa-95\/um-seculo-dedicado-ao-humanismo-verdadeiramente-democratico\/","title":{"rendered":"Um s\u00e9culo dedicado ao \u2018humanismo verdadeiramente democr\u00e1tico\u2019"},"content":{"rendered":"\t\t<div data-elementor-type=\"wp-page\" data-elementor-id=\"6728\" class=\"elementor elementor-6728\">\n\t\t\t\t\t\t\t\t\t<section class=\"elementor-section elementor-top-section elementor-element elementor-element-2558528 elementor-section-boxed elementor-section-height-default elementor-section-height-default\" data-id=\"2558528\" data-element_type=\"section\">\n\t\t\t\t\t\t<div class=\"elementor-container elementor-column-gap-default\">\n\t\t\t\t\t<div class=\"elementor-column elementor-col-100 elementor-top-column elementor-element elementor-element-c4a1dc9\" data-id=\"c4a1dc9\" data-element_type=\"column\">\n\t\t\t<div class=\"elementor-widget-wrap elementor-element-populated\">\n\t\t\t\t\t\t\t\t<div class=\"elementor-element elementor-element-1bba25f elementor-widget elementor-widget-text-editor\" data-id=\"1bba25f\" data-element_type=\"widget\" data-widget_type=\"text-editor.default\">\n\t\t\t\t<div class=\"elementor-widget-container\">\n\t\t\t<style>\/*! elementor - v3.6.5 - 27-04-2022 *\/\n.elementor-widget-text-editor.elementor-drop-cap-view-stacked .elementor-drop-cap{background-color:#818a91;color:#fff}.elementor-widget-text-editor.elementor-drop-cap-view-framed .elementor-drop-cap{color:#818a91;border:3px solid;background-color:transparent}.elementor-widget-text-editor:not(.elementor-drop-cap-view-default) .elementor-drop-cap{margin-top:8px}.elementor-widget-text-editor:not(.elementor-drop-cap-view-default) .elementor-drop-cap-letter{width:1em;height:1em}.elementor-widget-text-editor .elementor-drop-cap{float:left;text-align:center;line-height:1;font-size:50px}.elementor-widget-text-editor .elementor-drop-cap-letter{display:inline-block}<\/style>\t\t\t\t<p><em style=\"font-variant-ligatures: normal; font-variant-caps: normal; font-weight: 400; font-family: Tajawal, sans-serif; font-size: 30px; color: #000000;\">Aos 100 anos e em plena atividade intelectual, professora \u00c2ngela Vaz Le\u00e3o continua liderando grupo de pesquisa sobre a obra po\u00e9tica de Dom Afonso X<\/em><\/p>\t\t\t\t\t\t<\/div>\n\t\t\t\t<\/div>\n\t\t\t\t\t<\/div>\n\t\t<\/div>\n\t\t\t\t\t\t\t<\/div>\n\t\t<\/section>\n\t\t\t\t<section class=\"elementor-section elementor-top-section elementor-element elementor-element-c9447d0 elementor-section-boxed elementor-section-height-default elementor-section-height-default\" data-id=\"c9447d0\" data-element_type=\"section\">\n\t\t\t\t\t\t<div class=\"elementor-container elementor-column-gap-default\">\n\t\t\t\t\t<div class=\"elementor-column elementor-col-100 elementor-top-column elementor-element elementor-element-682b97a\" data-id=\"682b97a\" data-element_type=\"column\">\n\t\t\t<div class=\"elementor-widget-wrap elementor-element-populated\">\n\t\t\t\t\t\t\t\t<div class=\"elementor-element elementor-element-96d42a6 elementor-widget elementor-widget-text-editor\" data-id=\"96d42a6\" data-element_type=\"widget\" data-widget_type=\"text-editor.default\">\n\t\t\t\t<div class=\"elementor-widget-container\">\n\t\t\t\t\t\t\t<p class=\"MsoNormal\" style=\"margin-bottom: .0001pt; text-align: justify; line-height: normal;\"><span style=\"font-size: 14pt; font-family: tahoma, arial, helvetica, sans-serif; color: #000000;\">Ewerton Martins Ribeiro<\/span><\/p>\t\t\t\t\t\t<\/div>\n\t\t\t\t<\/div>\n\t\t\t\t\t<\/div>\n\t\t<\/div>\n\t\t\t\t\t\t\t<\/div>\n\t\t<\/section>\n\t\t\t\t<section class=\"elementor-section elementor-top-section elementor-element elementor-element-0f18b91 elementor-section-boxed elementor-section-height-default elementor-section-height-default\" data-id=\"0f18b91\" data-element_type=\"section\">\n\t\t\t\t\t\t<div class=\"elementor-container elementor-column-gap-default\">\n\t\t\t\t\t<div class=\"elementor-column elementor-col-100 elementor-top-column elementor-element elementor-element-c02e113\" data-id=\"c02e113\" data-element_type=\"column\">\n\t\t\t<div class=\"elementor-widget-wrap elementor-element-populated\">\n\t\t\t\t\t\t\t\t<div class=\"elementor-element elementor-element-8146893 elementor-widget elementor-widget-image\" data-id=\"8146893\" data-element_type=\"widget\" data-widget_type=\"image.default\">\n\t\t\t\t<div class=\"elementor-widget-container\">\n\t\t\t<style>\/*! elementor - v3.6.5 - 27-04-2022 *\/\n.elementor-widget-image{text-align:center}.elementor-widget-image a{display:inline-block}.elementor-widget-image a img[src$=\".svg\"]{width:48px}.elementor-widget-image img{vertical-align:middle;display:inline-block}<\/style>\t\t\t\t\t\t\t\t\t\t\t\t<img width=\"498\" height=\"783\" src=\"https:\/\/www.ufmg.br\/95anos\/wp-content\/uploads\/2022\/09\/Angela-Vaz-Leao-1-e1664539749643.png\" class=\"attachment-full size-full\" alt=\"\" loading=\"lazy\" srcset=\"https:\/\/www.ufmg.br\/95anos\/wp-content\/uploads\/2022\/09\/Angela-Vaz-Leao-1-e1664539749643.png 498w, https:\/\/www.ufmg.br\/95anos\/wp-content\/uploads\/2022\/09\/Angela-Vaz-Leao-1-e1664539749643-191x300.png 191w\" sizes=\"(max-width: 498px) 100vw, 498px\" \/>\t\t\t\t\t\t\t\t\t\t\t\t\t\t\t<\/div>\n\t\t\t\t<\/div>\n\t\t\t\t<div class=\"elementor-element elementor-element-81e4b72 elementor-widget elementor-widget-heading\" data-id=\"81e4b72\" data-element_type=\"widget\" data-widget_type=\"heading.default\">\n\t\t\t\t<div class=\"elementor-widget-container\">\n\t\t\t<style>\/*! elementor - v3.6.5 - 27-04-2022 *\/\n.elementor-heading-title{padding:0;margin:0;line-height:1}.elementor-widget-heading .elementor-heading-title[class*=elementor-size-]>a{color:inherit;font-size:inherit;line-height:inherit}.elementor-widget-heading .elementor-heading-title.elementor-size-small{font-size:15px}.elementor-widget-heading .elementor-heading-title.elementor-size-medium{font-size:19px}.elementor-widget-heading .elementor-heading-title.elementor-size-large{font-size:29px}.elementor-widget-heading .elementor-heading-title.elementor-size-xl{font-size:39px}.elementor-widget-heading .elementor-heading-title.elementor-size-xxl{font-size:59px}<\/style><div class=\"elementor-heading-title elementor-size-default\">Ilustra\u00e7\u00e3o de Gabriel Lisboa sobre imagem da PUC TV Minas<\/div>\t\t<\/div>\n\t\t\t\t<\/div>\n\t\t\t\t<div class=\"elementor-element elementor-element-fb6ed46 elementor-widget elementor-widget-spacer\" data-id=\"fb6ed46\" data-element_type=\"widget\" data-widget_type=\"spacer.default\">\n\t\t\t\t<div class=\"elementor-widget-container\">\n\t\t\t<style>\/*! elementor - v3.6.5 - 27-04-2022 *\/\n.e-container.e-container--row .elementor-spacer-inner{width:var(--spacer-size)}.e-container.e-container--column .elementor-spacer-inner,.elementor-column .elementor-spacer-inner{height:var(--spacer-size)}<\/style>\t\t<div class=\"elementor-spacer\">\n\t\t\t<div class=\"elementor-spacer-inner\"><\/div>\n\t\t<\/div>\n\t\t\t\t<\/div>\n\t\t\t\t<\/div>\n\t\t\t\t<div class=\"elementor-element elementor-element-4f82c70 elementor-widget elementor-widget-text-editor\" data-id=\"4f82c70\" data-element_type=\"widget\" data-widget_type=\"text-editor.default\">\n\t\t\t\t<div class=\"elementor-widget-container\">\n\t\t\t\t\t\t\t<p style=\"margin-bottom: 1.33333em; font-style: normal; font-variant-ligatures: normal; font-variant-caps: normal; font-weight: 400; font-family: Tajawal, sans-serif; color: #000000;\"><span style=\"font-size: 18pt;\">Costuma-se dizer que o Brasil come\u00e7ou a se pensar moderno em 1922, a partir da Semana de Arte Moderna, realizada no Theatro Municipal de S\u00e3o Paulo, evento que mudaria o que estava por vir. Curiosamente, o ano tamb\u00e9m \u00e9 uma pedra fundamental da compet\u00eancia desenvolvida no pa\u00eds para se analisar as coisas da era supostamente menos \u201cmoderna\u201d do mundo, o medievo, de modo a ser poss\u00edvel perscrutar tamb\u00e9m nesse per\u00edodo saberes e hist\u00f3rias caros ao presente.\u00a0<\/span><span style=\"font-size: 18pt;\">\u00a0<\/span><\/p>\n<p style=\"margin-bottom: 1.33333em; font-style: normal; font-variant-ligatures: normal; font-variant-caps: normal; font-weight: 400; font-family: Tajawal, sans-serif; color: #000000;\"><span style=\"font-size: 18pt;\">Dito de outro modo: no dia 1\u00ba de outubro de 1922, nascia em Formiga, no Centro-Oeste de Minas, \u00c2ngela Tonelli Vaz Le\u00e3o, que mais tarde se tornaria uma das grandes refer\u00eancias latino-americanas no campo da literatura medieval \u2013 em particular, no que concerne \u00e0 poesia galego-portuguesa do rei-poeta Dom Afonso X, da qual \u00e9 contumaz analista e tradutora.<\/span><\/p>\n<p style=\"margin-bottom: 1.33333em; font-style: normal; font-variant-ligatures: normal; font-variant-caps: normal; font-weight: 400; font-family: Tajawal, sans-serif; color: #000000;\"><span style=\"font-size: 18pt;\">Professora em\u00e9rita da UFMG, \u00c2ngela Vaz Le\u00e3o foi a primeira diretora da Faculdade de Letras (1969-1973), tendo sido a respons\u00e1vel por sua efetiva implementa\u00e7\u00e3o. A forma\u00e7\u00e3o em Letras j\u00e1 existia desde 1940, na ent\u00e3o Universidade de Minas Gerais (UMG), mas, s\u00f3 nos \u00faltimos meses do fervilhante ano de 1968, o curso veio a se desmembrar da Faculdade de Filosofia, Ci\u00eancias e Letras, para configurar uma unidade aut\u00f4noma. \u201cToda a estrutura\u00e7\u00e3o da Fale \u00e9 fruto da gest\u00e3o de Dona \u00c2ngela, que envolveu atividades de ensino, pesquisa e extens\u00e3o e o in\u00edcio da p\u00f3s-gradua\u00e7\u00e3o\u201d, anotou, certa vez, o professor Jacyntho Lins Brand\u00e3o \u2013 ele tamb\u00e9m um em\u00e9rito da Faculdade de Letras, que, ap\u00f3s ter sido aluno de \u00c2ngela, mais tarde tamb\u00e9m dirigiu a Fale por duas vezes, na gest\u00e3o 1990-1994 e na gest\u00e3o 2006-2010.<\/span><span style=\"font-size: 18pt;\">\u00a0<\/span><\/p>\n<p style=\"margin-bottom: 1.33333em; font-style: normal; font-variant-ligatures: normal; font-variant-caps: normal; font-weight: 400; font-family: Tajawal, sans-serif; color: #000000;\"><span style=\"font-size: 18pt;\">\u201cO que dizer de \u00c2ngela Vaz Le\u00e3o em meia d\u00fazia de linhas? Talvez resumir tudo assim: \u00e9 uma personalidade marcante. No sentido de que deixa sua marca de excel\u00eancia em tudo o que toca. Nas institui\u00e7\u00f5es por que passou foi o que ela fez. De um modo muito especial, por exemplo, a nossa Faculdade de Letras guarda seu DNA, pois nasceu sob sua batuta. Mas \u00e9 nos seus alunos que ela mais imprimiu seu influxo. Tive o privil\u00e9gio de ser um deles. E pela vida afora, quando penso o que deve ser um professor, tenho o tamb\u00e9m privil\u00e9gio de n\u00e3o titubear: \u00e9 ser como Dona \u00c2ngela\u201d, diz Jacyntho, em depoimento enviado \u00e0 DIVERSA.<\/span><\/p>\n<p style=\"margin-bottom: 1.33333em; font-style: normal; font-variant-ligatures: normal; font-variant-caps: normal; font-weight: 400; font-family: Tajawal, sans-serif; color: #000000;\"><span style=\"font-size: 18pt;\">\u00a0<\/span><\/p>\n<p style=\"margin-bottom: 1.33333em; font-style: normal; font-variant-ligatures: normal; font-variant-caps: normal; font-weight: 400; font-family: Tajawal, sans-serif; color: #000000;\"><span style=\"font-size: 18pt;\"><b>Entre a doc\u00eancia e o empreendimento na educa\u00e7\u00e3o<\/b><\/span><\/p>\n<p style=\"margin-bottom: 1.33333em; font-style: normal; font-variant-ligatures: normal; font-variant-caps: normal; font-weight: 400; font-family: Tajawal, sans-serif; color: #000000;\"><span style=\"font-size: 18pt;\">Quando \u00c2ngela Vaz Le\u00e3o recebeu a medalha Mendes Pimentel, em 2011, Jacyntho fez quest\u00e3o de lembrar que a professora tamb\u00e9m foi respons\u00e1vel pela estrutura\u00e7\u00e3o da p\u00f3s-gradua\u00e7\u00e3o em Letras da PUC Minas (nos n\u00edveis de mestrado e doutorado), institui\u00e7\u00e3o na qual tamb\u00e9m j\u00e1 atuava como professora desde 1961, e continuou a atuar, ainda mais intensamente, ap\u00f3s sua aposentadoria da UFMG. Tamb\u00e9m foi uma das respons\u00e1veis pela elabora\u00e7\u00e3o dos projetos do programa de p\u00f3s-gradua\u00e7\u00e3o <\/span><i style=\"margin-bottom: 1.33333em; font-style: normal; font-variant-ligatures: normal; font-variant-caps: normal; font-weight: 400; font-family: Tajawal, sans-serif; color: #000000;\"><span style=\"font-size: 18pt;\"> da PUC Minas. O programa, segundo Jacyntho, foi \u201cconcebido com a finalidade de capacitar professores de escolas e faculdades do interior do Brasil e da Am\u00e9rica Latina\u201d, o que se v\u00ea traduzido neste depoimento extra\u00eddo de entrevista de \u00c2ngela concedida \u00e0s professoras Eneida Maria de Souza e Rachel Esteves Lima: \u201cO que tem valor \u00e9 o trabalho que a gente faz, principalmente para ajudar os outros a crescer. Para ajudar a educa\u00e7\u00e3o deste pa\u00eds\u201d.<\/span><\/i><\/p>\n<p style=\"margin-bottom: 1.33333em; font-style: normal; font-variant-ligatures: normal; font-variant-caps: normal; font-weight: 400; font-family: Tajawal, sans-serif; color: #000000;\"><span style=\"font-size: 18pt;\">A \u00faltima prova desse empenho pela educa\u00e7\u00e3o brasileira \u2013 e da vitalidade dessa intelectual \u2013 \u00e9 o livro <i>Milagres de ressurrei\u00e7\u00e3o nas Cantigas de Santa Maria, de Afonso X, o S\u00e1bio<\/i>, em que \u00c2ngela d\u00e1 sequ\u00eancia ao seu trabalho de reuni\u00e3o, organiza\u00e7\u00e3o e tradu\u00e7\u00e3o (do galego-portugu\u00eas para o portugu\u00eas) das 427 Cantigas de Santa Maria compostas por Dom Afonso X na segunda metade do s\u00e9culo 13. Nesse novo volume, lan\u00e7ado em plena pandemia, em 2021, a agora centen\u00e1ria pesquisadora traduz, anota e analisa 28 desses manuscritos medievais. A obra \u00e9 a sexta de uma s\u00e9rie focada na divulga\u00e7\u00e3o da poesia medieval galego-portuguesa, em particular dos poemas do rei-poeta Dom Afonso X.<\/span><\/p>\n<p style=\"margin-bottom: 1.33333em; font-style: normal; font-variant-ligatures: normal; font-variant-caps: normal; font-weight: 400; font-family: Tajawal, sans-serif; color: #000000;\"><span style=\"font-size: 18pt;\">\u00c2ngela Vaz Le\u00e3o foi ainda a primeira presidente da Associa\u00e7\u00e3o Brasileira de Lingu\u00edstica (Abralin), durante a gest\u00e3o 1973-1975, tendo colaborado decisivamente para o estabelecimento da institui\u00e7\u00e3o \u2013 e segue hoje coordenando o grupo de pesquisa que ela criou na PUC Minas, centrado na obra po\u00e9tica de Dom Afonso X.\u00a0 O grupo \u00e9 composto de ex-alunas que, em sua quase totalidade, conclu\u00edram o mestrado e o doutorado sob a sua orienta\u00e7\u00e3o. Ap\u00f3s o afastamento da professora das atividades nos campi, essas alunas decidiram continuar o trabalho com a professora, em sua pr\u00f3pria resid\u00eancia. A seguir, outros tr\u00eas disc\u00edpulos de \u00c2ngela Vaz Le\u00e3o homenageiam a mestra, em depoimentos escritos especialmente para esta edi\u00e7\u00e3o da DIVERSA.<\/span><\/p>\n<p style=\"margin-bottom: 1.33333em; font-style: normal; font-variant-ligatures: normal; font-variant-caps: normal; font-weight: 400; font-family: Tajawal, sans-serif; color: #000000;\"><b style=\"font-size: 18pt;\">\u00a0<\/b><\/p>\n<p style=\"margin-bottom: 1.33333em; font-style: normal; font-variant-ligatures: normal; font-variant-caps: normal; font-weight: 400; font-family: Tajawal, sans-serif; color: #000000;\"><b style=\"font-size: 18pt;\">Sueli Maria Coelho, professora e diretora da <\/b><b style=\"font-size: 18pt;\">Faculdade de Letras (gest\u00e3o 2021-2025)<\/b><\/p>\n<p style=\"margin-bottom: 1.33333em; font-style: normal; font-variant-ligatures: normal; font-variant-caps: normal; font-weight: 400; font-family: Tajawal, sans-serif; color: #000000;\"><span style=\"font-size: 18pt;\">Dona \u00c2ngela Vaz Le\u00e3o \u00e9 uma personalidade muito importante para nossa institui\u00e7\u00e3o, onde atuou como professora, gestora e pesquisadora por 28 anos, de 1959 a 1987. Graduada em 1946 pela sexta turma do curso de Letras, \u00e0 \u00e9poca ofertado pela Faculdade de Filosofia de Minas Gerais, Dona \u00c2ngela foi fundadora e primeira diretora da Faculdade de Letras da UFMG (1969-1973), trabalhando sempre, e de modo incans\u00e1vel, para o crescimento e o reconhecimento de nossa querida Fale. Poliglota, versada em hist\u00f3ria da l\u00edngua e em literatura medieval, al\u00e9m de detentora de vasto saber, Dona \u00c2ngela contribuiu para projetar nosso curso de Letras no cen\u00e1rio nacional e internacional e foi condecorada com incont\u00e1veis medalhas, pr\u00eamios e distin\u00e7\u00f5es honrosas. Tive o privil\u00e9gio de ser aluna dessa grande mestra durante o curso de mestrado em L\u00edngua Portuguesa, na Pontif\u00edcia Universidade Cat\u00f3lica de Minas Gerais (PUC Minas), em 2001. Matriculei-me numa disciplina dedicada ao estudo das Cantigas de Santa Maria, sua grande paix\u00e3o. Encantava-me o profundo conhecimento de Dona \u00c2ngela acerca da hist\u00f3ria da l\u00edngua e da literatura medieval. Nossas aulas eram \u00e0s segundas-feiras, e Dona \u00c2ngela, que tamb\u00e9m coordenava o Programa de P\u00f3s-gradua\u00e7\u00e3o \u00e0 \u00e9poca, chegava para a aula diretamente de seu s\u00edtio, trazendo sempre alguma guloseima para nosso lanche, que faz\u00edamos comunitariamente, aproveitando tamb\u00e9m esse momento para nos nutrir de seu conhecimento, j\u00e1 que conviver com ela \u00e9 sempre uma oportunidade para aprender. Como eu era a \u00fanica aluna de l\u00edngua portuguesa matriculada na disciplina, Dona \u00c2ngela sempre se preocupava se meus objetivos estavam sendo atendidos e, em todas as aulas, tinha, para enriquecer minha reflex\u00e3o, alguma curiosidade sobre meu objeto de estudo. Al\u00e9m disso, fez quest\u00e3o de participar, na condi\u00e7\u00e3o de coordenadora do Programa de P\u00f3s-gradua\u00e7\u00e3o, da sess\u00e3o p\u00fablica de minha defesa de disserta\u00e7\u00e3o e de me cumprimentar pelo trabalho e pela conquista do t\u00edtulo.<\/span><\/p>\n<p style=\"margin-bottom: 1.33333em; font-style: normal; font-variant-ligatures: normal; font-variant-caps: normal; font-weight: 400; font-family: Tajawal, sans-serif; color: #000000;\"><span style=\"font-size: 18pt;\">\u00a0<\/span><\/p>\n<p style=\"margin-bottom: 1.33333em; font-style: normal; font-variant-ligatures: normal; font-variant-caps: normal; font-weight: 400; font-family: Tajawal, sans-serif; color: #000000;\"><span style=\"font-size: 18pt;\"><b>S\u00f4nia Queiroz, professora aposentada da Faculdade de Letras<\/b><\/span><\/p>\n<p style=\"margin-bottom: 1.33333em; font-style: normal; font-variant-ligatures: normal; font-variant-caps: normal; font-weight: 400; font-family: Tajawal, sans-serif; color: #000000;\"><span style=\"font-size: 18pt;\">A professora \u00c2ngela Tonelli Vaz Le\u00e3o, que sempre tratamos por Dona \u00c2ngela, \u00e9 uma grande estrela, no sentido mais forte do termo. Uma mulher iluminada, iluminando caminhos e pessoas. Na minha vida profissional, Dona \u00c2ngela foi uma estrela-guia. Inicialmente, eu representante estudantil na Congrega\u00e7\u00e3o da Faculdade de Letras, tive oportunidade de conhecer seu pulso forte como diretora. Alguns anos depois, fui aluna dela na P\u00f3s-gradua\u00e7\u00e3o em Letras, que ela coordenava no in\u00edcio dos anos 1980. Foi um encantamento desde a primeira aula. As luzes que ela lan\u00e7ava sobre a hist\u00f3ria das l\u00ednguas nos levavam at\u00e9 outros planetas, em exerc\u00edcios de imaginar e aplicar m\u00e9todos de an\u00e1lise em l\u00ednguas nunca dantes conhecidas. Nunca mais deixei de seguir as luzes dessa estrela-guia, que brilha e brilha, agora centen\u00e1ria.<\/span><\/p>\n<p style=\"margin-bottom: 1.33333em; font-style: normal; font-variant-ligatures: normal; font-variant-caps: normal; font-weight: 400; font-family: Tajawal, sans-serif; color: #000000;\"><span style=\"font-size: 18pt;\">\u00a0<\/span><\/p>\n<p style=\"margin-bottom: 1.33333em; font-style: normal; font-variant-ligatures: normal; font-variant-caps: normal; font-weight: 400; font-family: Tajawal, sans-serif; color: #000000;\"><span style=\"font-size: 18pt;\"><b>Thiago Saltarelli, professor da Faculdade de Letras<\/b><\/span><\/p>\n<p style=\"margin-bottom: 1.33333em; font-style: normal; font-variant-ligatures: normal; font-variant-caps: normal; font-weight: 400; font-family: Tajawal, sans-serif; color: #000000;\"><span style=\"font-size: 18pt;\">Dona \u00c2ngela \u00e9 minha mestra no sentido mais profundo da palavra. Costumo brincar \u2013 e \u00e9 uma brincadeira s\u00e9ria! \u2013 que com ela tive uma experi\u00eancia de aprendizagem bastante pr\u00f3xima da rela\u00e7\u00e3o mestre\/aprendiz dos tempos antigos, antes que a burocratiza\u00e7\u00e3o do ensino trouxesse um alto grau de impessoalidade e pasteuriza\u00e7\u00e3o ao ambiente escolar e acad\u00eamico. Assim, para al\u00e9m do estudo te\u00f3rico, aprendi muito observando sua pr\u00f3pria pr\u00e1tica. Com Dona \u00c2ngela, as fronteiras entre o acad\u00eamico e o pessoal, entre o ensino e um conv\u00edvio mais \u00edntimo se diluem. Muitas vezes trabalhamos, meus colegas do grupo de pesquisa e eu, em sua casa, e as reuni\u00f5es s\u00e3o alegradas por um bom caf\u00e9 e um dedo de prosa! Devo grande parte da minha forma\u00e7\u00e3o em Filologia, Lingu\u00edstica Hist\u00f3rica e Literatura Medieval aos seus ensinamentos, que foram \u00a0cruciais para que anos depois eu pudesse me tornar professor da UFMG nessa \u00e1rea. Para al\u00e9m da minha experi\u00eancia pessoal, ela \u00e9 uma refer\u00eancia incontorn\u00e1vel para a hist\u00f3ria da Faculdade de Letras e para a Filologia em Minas Gerais. Em rela\u00e7\u00e3o ao primeiro ponto, foi nossa primeira diretora, ap\u00f3s a desintegra\u00e7\u00e3o da antiga Faculdade de Filosofia pela reforma de 1968, e ajudou a estabelecer as bases da nova faculdade. Quanto ao \u00e2mbito da Filologia, sua pr\u00e1tica de professora e pesquisadora sempre prezou por duas grandes voca\u00e7\u00f5es da \u00e1rea: o car\u00e1ter transdisciplinar e um humanismo verdadeiramente democr\u00e1tico.<\/span><\/p>\t\t\t\t\t\t<\/div>\n\t\t\t\t<\/div>\n\t\t\t\t\t<\/div>\n\t\t<\/div>\n\t\t\t\t\t\t\t<\/div>\n\t\t<\/section>\n\t\t\t\t\t\t\t<\/div>\n\t\t","protected":false},"excerpt":{"rendered":"<p>Aos 100 anos e em plena atividade intelectual, professora \u00c2ngela [&hellip;]<\/p>\n","protected":false},"author":2,"featured_media":0,"parent":6411,"menu_order":0,"comment_status":"closed","ping_status":"closed","template":"","meta":[],"_links":{"self":[{"href":"https:\/\/www.ufmg.br\/95anos\/wp-json\/wp\/v2\/pages\/6728"}],"collection":[{"href":"https:\/\/www.ufmg.br\/95anos\/wp-json\/wp\/v2\/pages"}],"about":[{"href":"https:\/\/www.ufmg.br\/95anos\/wp-json\/wp\/v2\/types\/page"}],"author":[{"embeddable":true,"href":"https:\/\/www.ufmg.br\/95anos\/wp-json\/wp\/v2\/users\/2"}],"replies":[{"embeddable":true,"href":"https:\/\/www.ufmg.br\/95anos\/wp-json\/wp\/v2\/comments?post=6728"}],"version-history":[{"count":17,"href":"https:\/\/www.ufmg.br\/95anos\/wp-json\/wp\/v2\/pages\/6728\/revisions"}],"predecessor-version":[{"id":6751,"href":"https:\/\/www.ufmg.br\/95anos\/wp-json\/wp\/v2\/pages\/6728\/revisions\/6751"}],"up":[{"embeddable":true,"href":"https:\/\/www.ufmg.br\/95anos\/wp-json\/wp\/v2\/pages\/6411"}],"wp:attachment":[{"href":"https:\/\/www.ufmg.br\/95anos\/wp-json\/wp\/v2\/media?parent=6728"}],"curies":[{"name":"wp","href":"https:\/\/api.w.org\/{rel}","templated":true}]}}