{"id":17385,"date":"2022-04-25T11:59:00","date_gmt":"2022-04-25T14:59:00","guid":{"rendered":"https:\/\/www.ufmg.br\/centrocultural\/?post_type=tribe_events&#038;p=17385"},"modified":"2022-04-26T09:06:54","modified_gmt":"2022-04-26T12:06:54","slug":"espetaculo-viralata-o-palhaco-ta-solto","status":"publish","type":"tribe_events","link":"https:\/\/www.ufmg.br\/centrocultural\/evento\/espetaculo-viralata-o-palhaco-ta-solto\/","title":{"rendered":"Espet\u00e1culo: &#8216;Viralata: o palha\u00e7o t\u00e1 solto!&#8217;"},"content":{"rendered":"<div id=\"cmsmasters_row_80ll7bgjgj\" class=\"cmsmasters_row cmsmasters_color_scheme_default cmsmasters_row_top_default cmsmasters_row_bot_default cmsmasters_row_boxed\">\n<div class=\"cmsmasters_row_outer_parent\">\n<div class=\"cmsmasters_row_outer\">\n<div class=\"cmsmasters_row_inner\">\n<div class=\"cmsmasters_row_margin\">\n<div id=\"cmsmasters_column_y9mujrx9w\" class=\"cmsmasters_column one_first\">\n<div class=\"cmsmasters_column_inner\">\n<div class=\"cmsmasters_sharing\">\n<div class=\"share_wrap\">\n<a href=\"https:\/\/twitter.com\/intent\/tweet?text=Check+out+%27Espet%C3%A1culo%3A+%E2%80%98Viralata%3A+o+palha%C3%A7o+t%C3%A1+solto%21%E2%80%99%27+on+Centro+Cultural++UFMG+website&url=https%3A%2F%2Fwww.ufmg.br%2Fcentrocultural%2Fevento%2Fespetaculo-viralata-o-palhaco-ta-solto%2F\" class=\"button cmsmasters-icon-twitter\">Twitter<\/a>\n<\/div>\n<div class=\"share_wrap\">\n<a href=\"https:\/\/www.facebook.com\/sharer\/sharer.php?display=popup&u=https%3A%2F%2Fwww.ufmg.br%2Fcentrocultural%2Fevento%2Fespetaculo-viralata-o-palhaco-ta-solto%2F\" class=\"button cmsmasters-icon-facebook\">Facebook<\/a>\n<\/div>\n<\/div>\n<\/div><\/div>\n<\/div>\n<\/div>\n<\/div>\n<\/div>\n<\/div>\n<div id=\"cmsmasters_row_\" class=\"cmsmasters_row cmsmasters_color_scheme_default cmsmasters_row_top_default cmsmasters_row_bot_default cmsmasters_row_boxed\">\n<div class=\"cmsmasters_row_outer_parent\">\n<div class=\"cmsmasters_row_outer\">\n<div class=\"cmsmasters_row_inner\">\n<div class=\"cmsmasters_row_margin\">\n<div id=\"cmsmasters_column_\" class=\"cmsmasters_column one_first\">\n<div class=\"cmsmasters_column_inner\"><div class=\"cmsmasters_text\">\n<p><strong>Espet\u00e1culo: &#8216;Viralata: o palha\u00e7o t\u00e1 solto!&#8217;<\/strong><br \/>\n<em>Projeto Baixo Centro En[cena] apresenta espet\u00e1culo solo para rua com Rodrigo Roble\u00f1o<\/em><\/p>\n<p>Data: 29 de abril de 2022<br \/>\nHor\u00e1rio: 18h30<br \/>\nLocal: P\u00e1tio interno ao Centro Cultural UFMG<br \/>\nDura\u00e7\u00e3o: 45 minutos<br \/>\nCria\u00e7\u00e3o, dire\u00e7\u00e3o e atua\u00e7\u00e3o: Rodrigo Roble\u00f1o<br \/>\nEntrada gratuita<br \/>\nClassifica\u00e7\u00e3o: livre<\/p>\n<p>Leia mais clicando <a href=\"https:\/\/www.ufmg.br\/centrocultural\/?p=17388\">neste link<\/a><\/p>\n<\/div>\n<\/div><\/div>\n<\/div>\n<\/div>\n<\/div>\n<\/div>\n<\/div>\n<div id=\"cmsmasters_row_yizz2tmc78\" class=\"cmsmasters_row cmsmasters_color_scheme_default cmsmasters_row_top_default cmsmasters_row_bot_default cmsmasters_row_boxed\">\n<div class=\"cmsmasters_row_outer_parent\">\n<div class=\"cmsmasters_row_outer\">\n<div class=\"cmsmasters_row_inner\">\n<div class=\"cmsmasters_row_margin\">\n<div id=\"cmsmasters_column_rorjqd9wju\" class=\"cmsmasters_column one_first\">\n<div class=\"cmsmasters_column_inner\"><div id=\"cmsmasters_notice_o1f54tzwwp\" class=\"cmsmasters_notice cmsmasters_notice_success cmsmasters-icon-check-1\">\n<a href=\"#\" class=\"notice_close cmsmasters_theme_icon_cancel\"><\/a><div class=\"notice_content\">\n<p><em>Lembre-se: \u00e9 necess\u00e1rio o uso de m\u00e1scara nos espa\u00e7os do Centro Cultural\u00a0 UFMG mesmo para imunizados<\/em><\/p>\n<\/div>\n<\/div>\n<\/div><\/div>\n<\/div>\n<\/div>\n<\/div>\n<\/div>\n<\/div>\n\n","protected":false},"excerpt":{"rendered":"","protected":false},"author":8,"featured_media":17392,"template":"","meta":{"_tribe_events_status":"","_tribe_events_status_reason":"","footnotes":""},"tags":[163,164],"tribe_events_cat":[21,52],"class_list":["post-17385","tribe_events","type-tribe_events","status-publish","has-post-thumbnail","hentry","tag-arte","tag-espetaculoderua","tribe_events_cat-baixo-centro-encena","tribe_events_cat-espetaculos","cat_baixo-centro-encena","cat_espetaculos"],"_links":{"self":[{"href":"https:\/\/www.ufmg.br\/centrocultural\/wp-json\/wp\/v2\/tribe_events\/17385","targetHints":{"allow":["GET"]}}],"collection":[{"href":"https:\/\/www.ufmg.br\/centrocultural\/wp-json\/wp\/v2\/tribe_events"}],"about":[{"href":"https:\/\/www.ufmg.br\/centrocultural\/wp-json\/wp\/v2\/types\/tribe_events"}],"author":[{"embeddable":true,"href":"https:\/\/www.ufmg.br\/centrocultural\/wp-json\/wp\/v2\/users\/8"}],"version-history":[{"count":6,"href":"https:\/\/www.ufmg.br\/centrocultural\/wp-json\/wp\/v2\/tribe_events\/17385\/revisions"}],"predecessor-version":[{"id":17394,"href":"https:\/\/www.ufmg.br\/centrocultural\/wp-json\/wp\/v2\/tribe_events\/17385\/revisions\/17394"}],"wp:featuredmedia":[{"embeddable":true,"href":"https:\/\/www.ufmg.br\/centrocultural\/wp-json\/wp\/v2\/media\/17392"}],"wp:attachment":[{"href":"https:\/\/www.ufmg.br\/centrocultural\/wp-json\/wp\/v2\/media?parent=17385"}],"wp:term":[{"taxonomy":"post_tag","embeddable":true,"href":"https:\/\/www.ufmg.br\/centrocultural\/wp-json\/wp\/v2\/tags?post=17385"},{"taxonomy":"tribe_events_cat","embeddable":true,"href":"https:\/\/www.ufmg.br\/centrocultural\/wp-json\/wp\/v2\/tribe_events_cat?post=17385"}],"curies":[{"name":"wp","href":"https:\/\/api.w.org\/{rel}","templated":true}]}}