{"id":21506,"date":"2022-12-22T10:09:54","date_gmt":"2022-12-22T13:09:54","guid":{"rendered":"https:\/\/www.ufmg.br\/centrocultural\/?post_type=tribe_events&#038;p=21506"},"modified":"2022-12-22T10:12:40","modified_gmt":"2022-12-22T13:12:40","slug":"exposicao-devaneios-da-vontade-manasses-muniz","status":"publish","type":"tribe_events","link":"https:\/\/www.ufmg.br\/centrocultural\/evento\/exposicao-devaneios-da-vontade-manasses-muniz\/","title":{"rendered":"Exposi\u00e7\u00e3o Devaneios da vontade &#8211; Manass\u00e9s Muniz"},"content":{"rendered":"<div id=\"cmsmasters_row_t6k42680c\" class=\"cmsmasters_row cmsmasters_color_scheme_default cmsmasters_row_top_default cmsmasters_row_bot_default cmsmasters_row_boxed\">\n<div class=\"cmsmasters_row_outer_parent\">\n<div class=\"cmsmasters_row_outer\">\n<div class=\"cmsmasters_row_inner\">\n<div class=\"cmsmasters_row_margin\">\n<div id=\"cmsmasters_column_wbzcr18zee\" class=\"cmsmasters_column one_first\">\n<div class=\"cmsmasters_column_inner\">\n<div class=\"cmsmasters_sharing\">\n<div class=\"share_wrap\">\n<a href=\"https:\/\/twitter.com\/intent\/tweet?text=Check+out+%27Exposi%C3%A7%C3%A3o+Devaneios+da+vontade+%E2%80%93+Manass%C3%A9s+Muniz%27+on+Centro+Cultural++UFMG+website&url=https%3A%2F%2Fwww.ufmg.br%2Fcentrocultural%2Fevento%2Fexposicao-devaneios-da-vontade-manasses-muniz%2F\" class=\"button cmsmasters-icon-twitter\">Twitter<\/a>\n<\/div>\n<div class=\"share_wrap\">\n<a href=\"https:\/\/www.facebook.com\/sharer\/sharer.php?display=popup&u=https%3A%2F%2Fwww.ufmg.br%2Fcentrocultural%2Fevento%2Fexposicao-devaneios-da-vontade-manasses-muniz%2F\" class=\"button cmsmasters-icon-facebook\">Facebook<\/a>\n<\/div>\n<\/div>\n<\/div><\/div>\n<\/div>\n<\/div>\n<\/div>\n<\/div>\n<\/div>\n<div id=\"cmsmasters_row_\" class=\"cmsmasters_row cmsmasters_color_scheme_default cmsmasters_row_top_default cmsmasters_row_bot_default cmsmasters_row_boxed\">\n<div class=\"cmsmasters_row_outer_parent\">\n<div class=\"cmsmasters_row_outer\">\n<div class=\"cmsmasters_row_inner\">\n<div class=\"cmsmasters_row_margin\">\n<div id=\"cmsmasters_column_\" class=\"cmsmasters_column one_first\">\n<div class=\"cmsmasters_column_inner\"><div class=\"cmsmasters_text\">\n<p><strong>Exposi\u00e7\u00e3o \u2018Devaneios da vontade\u2019<\/strong><br \/>\n<em>Manass\u00e9s Muniz<\/em><\/p>\n<p>Abertura: 16 de dezembro de 2022 | \u00e0s 19 horas<br \/>\nVisita\u00e7\u00e3o: at\u00e9 o dia 14\/02\/2023<br \/>\nTer\u00e7as a sextas: 9h \u00e0s 20h<br \/>\nS\u00e1bados, domingos e feriados: 9h \u00e0s 17h<br \/>\nClassifica\u00e7\u00e3o indicativa: livre<br \/>\nEntrada gratuita<br \/>\nEspa\u00e7o Experimenta\u00e7\u00e3o da Imagem<br \/>\nEndere\u00e7o: Avenida Santos Dumont 174 \u2013 Centro \u2013 Belo Horizonte<br \/>\nConsulte\u00a0<span style=\"color: #333399;\"><a style=\"color: #333399;\" href=\"https:\/\/www.google.com.br\/maps\/dir\/\/Av.+Santos+Dumont,+174+-+Centro,+Belo+Horizonte+-+MG,+30111-040\/@-19.9170546,-43.9360151,17z\/data=!4m6!4m5!1m0!1m2!1m1!1s0xa699fbd5aaae01:0xab4780c129fa0883!3e0\">rotas e meios de transporte<\/a><\/span>\u00a0para chegar ao Centro Cultural UFMG<\/p>\n<div id=\"cmsmasters_button_s160gsd8u\" class=\"button_wrap\"><a href=\"https:\/\/www.ufmg.br\/centrocultural\/manasses-muniz-expoe-desenhos-e-gravuras-no-centro-cultural-ufmg\/\" class=\"cmsmasters_button cmsmasters_but_clear_styles cmsmasters_but_bg_hover\"><span>MAIS INFORMA\u00c7\u00d5ES<\/span><\/a><\/div>\n<\/div>\n<\/div><\/div>\n<\/div>\n<\/div>\n<\/div>\n<\/div>\n<\/div>\n<div id=\"cmsmasters_row_dafwpms9ax\" class=\"cmsmasters_row cmsmasters_color_scheme_default cmsmasters_row_top_default cmsmasters_row_bot_default cmsmasters_row_boxed\">\n<div class=\"cmsmasters_row_outer_parent\">\n<div class=\"cmsmasters_row_outer\">\n<div class=\"cmsmasters_row_inner\">\n<div class=\"cmsmasters_row_margin\">\n<div id=\"cmsmasters_column_qcwxg7ei1f\" class=\"cmsmasters_column three_fourth\">\n<div class=\"cmsmasters_column_inner\"><div id=\"cmsmasters_notice_hbxey5x8zg\" class=\"cmsmasters_notice cmsmasters_notice_warning cmsmasters-icon-check-1\">\n<a href=\"#\" class=\"notice_close cmsmasters_theme_icon_cancel\"><\/a><div class=\"notice_content\">\n<p>Lembre-se: \u00e9 necess\u00e1rio o uso de m\u00e1scara nos espa\u00e7os do Centro Cultural UFMG mesmo para imunizados<\/p>\n<\/div>\n<\/div>\n<\/div><\/div>\n<div id=\"cmsmasters_column_hqxpe3dc5\" class=\"cmsmasters_column one_fourth\">\n<div class=\"cmsmasters_column_inner\"><\/div><\/div>\n<\/div>\n<\/div>\n<\/div>\n<\/div>\n<\/div>\n\n","protected":false},"excerpt":{"rendered":"","protected":false},"author":8,"featured_media":21509,"template":"","meta":{"_tribe_events_status":"","_tribe_events_status_reason":"","footnotes":""},"tags":[264,134,122,267,416],"tribe_events_cat":[32],"class_list":["post-21506","tribe_events","type-tribe_events","status-publish","has-post-thumbnail","hentry","tag-artesvisuais","tag-desenho","tag-exposicao","tag-gravuras","tag-manassesmuniz","tribe_events_cat-exposicoes","cat_exposicoes"],"_links":{"self":[{"href":"https:\/\/www.ufmg.br\/centrocultural\/wp-json\/wp\/v2\/tribe_events\/21506","targetHints":{"allow":["GET"]}}],"collection":[{"href":"https:\/\/www.ufmg.br\/centrocultural\/wp-json\/wp\/v2\/tribe_events"}],"about":[{"href":"https:\/\/www.ufmg.br\/centrocultural\/wp-json\/wp\/v2\/types\/tribe_events"}],"author":[{"embeddable":true,"href":"https:\/\/www.ufmg.br\/centrocultural\/wp-json\/wp\/v2\/users\/8"}],"version-history":[{"count":2,"href":"https:\/\/www.ufmg.br\/centrocultural\/wp-json\/wp\/v2\/tribe_events\/21506\/revisions"}],"predecessor-version":[{"id":21508,"href":"https:\/\/www.ufmg.br\/centrocultural\/wp-json\/wp\/v2\/tribe_events\/21506\/revisions\/21508"}],"wp:featuredmedia":[{"embeddable":true,"href":"https:\/\/www.ufmg.br\/centrocultural\/wp-json\/wp\/v2\/media\/21509"}],"wp:attachment":[{"href":"https:\/\/www.ufmg.br\/centrocultural\/wp-json\/wp\/v2\/media?parent=21506"}],"wp:term":[{"taxonomy":"post_tag","embeddable":true,"href":"https:\/\/www.ufmg.br\/centrocultural\/wp-json\/wp\/v2\/tags?post=21506"},{"taxonomy":"tribe_events_cat","embeddable":true,"href":"https:\/\/www.ufmg.br\/centrocultural\/wp-json\/wp\/v2\/tribe_events_cat?post=21506"}],"curies":[{"name":"wp","href":"https:\/\/api.w.org\/{rel}","templated":true}]}}