{"id":21656,"date":"2023-02-01T12:35:40","date_gmt":"2023-02-01T14:35:40","guid":{"rendered":"https:\/\/www.ufmg.br\/centrocultural\/?post_type=tribe_events&#038;p=21656"},"modified":"2023-02-03T11:10:06","modified_gmt":"2023-02-03T13:10:06","slug":"espetaculo-teatral-alem-do-rio","status":"publish","type":"tribe_events","link":"https:\/\/www.ufmg.br\/centrocultural\/evento\/espetaculo-teatral-alem-do-rio\/","title":{"rendered":"Espet\u00e1culo teatral &#8216;Al\u00e9m do Rio&#8217;"},"content":{"rendered":"<div id=\"cmsmasters_row_t6k42680c\" class=\"cmsmasters_row cmsmasters_color_scheme_default cmsmasters_row_top_default cmsmasters_row_bot_default cmsmasters_row_boxed\">\n<div class=\"cmsmasters_row_outer_parent\">\n<div class=\"cmsmasters_row_outer\">\n<div class=\"cmsmasters_row_inner\">\n<div class=\"cmsmasters_row_margin\">\n<div id=\"cmsmasters_column_wbzcr18zee\" class=\"cmsmasters_column one_first\">\n<div class=\"cmsmasters_column_inner\">\n<div class=\"cmsmasters_sharing\">\n<div class=\"share_wrap\">\n<a href=\"https:\/\/twitter.com\/intent\/tweet?text=Check+out+%27Espet%C3%A1culo+teatral+%E2%80%98Al%C3%A9m+do+Rio%E2%80%99%27+on+Centro+Cultural++UFMG+website&url=https%3A%2F%2Fwww.ufmg.br%2Fcentrocultural%2Fevento%2Fespetaculo-teatral-alem-do-rio%2F\" class=\"button cmsmasters-icon-twitter\">Twitter<\/a>\n<\/div>\n<div class=\"share_wrap\">\n<a href=\"https:\/\/www.facebook.com\/sharer\/sharer.php?display=popup&u=https%3A%2F%2Fwww.ufmg.br%2Fcentrocultural%2Fevento%2Fespetaculo-teatral-alem-do-rio%2F\" class=\"button cmsmasters-icon-facebook\">Facebook<\/a>\n<\/div>\n<\/div>\n<\/div><\/div>\n<\/div>\n<\/div>\n<\/div>\n<\/div>\n<\/div>\n<div id=\"cmsmasters_row_\" class=\"cmsmasters_row cmsmasters_color_scheme_default cmsmasters_row_top_default cmsmasters_row_bot_default cmsmasters_row_boxed\">\n<div class=\"cmsmasters_row_outer_parent\">\n<div class=\"cmsmasters_row_outer\">\n<div class=\"cmsmasters_row_inner\">\n<div class=\"cmsmasters_row_margin\">\n<div id=\"cmsmasters_column_\" class=\"cmsmasters_column one_first\">\n<div class=\"cmsmasters_column_inner\"><div class=\"cmsmasters_text\">\n<p><strong>Al\u00e9m do Rio<\/strong><br \/>\n<em>Teatro&amp;Cidade \u2013 N\u00facleo de Pesquisa C\u00eanica<\/em><\/p>\n<p>Data: 15 a 17 de fevereiro de 2023<br \/>\nHor\u00e1rio: 19h30<br \/>\nClassifica\u00e7\u00e3o: 12 anos<br \/>\nIngressos: R$ 15 (meia) e R$ 30 (inteira)<\/p>\n<p><em>[Aten\u00e7\u00e3o: Ingressos, limitados \u00e0 lota\u00e7\u00e3o do espa\u00e7o, podem ser <span style=\"color: #333399;\"><a style=\"color: #333399;\" href=\"https:\/\/www.sympla.com.br\/evento\/alem-do-rio\/1865648\" target=\"_blank\" rel=\"noopener\">adquiridos por este link<\/a><\/span> ou\u00a0na portaria do Centro Cultural UFMG uma hora antes das sess\u00f5es]<\/em><\/p>\n<p>Local: Centro Cultural UFMG<br \/>\nEndere\u00e7o: Avenida Santos Dumont 174 | Centro | Belo Horizonte<br \/>\n<span style=\"color: #333399;\"><a style=\"color: #333399;\" href=\"https:\/\/www.google.com.br\/maps\/dir\/\/Av.+Santos+Dumont,+174+-+Centro,+Belo+Horizonte+-+MG,+30111-040\/@-19.9170546,-43.9360151,17z\/data=!4m6!4m5!1m0!1m2!1m1!1s0xa699fbd5aaae01:0xab4780c129fa0883!3e0\">Consulte trajetos e meios de transporte para chegar<\/a><\/span><\/p>\n<p>&nbsp;<\/p>\n<div id=\"cmsmasters_button_s160gsd8u\" class=\"button_wrap\"><a href=\"https:\/\/www.ufmg.br\/centrocultural\/alunos-do-teatro-universitario-da-ufmg-apresentam-peca-inspirada-no-mito-de-medeia\/\" class=\"cmsmasters_button cmsmasters_but_clear_styles cmsmasters_but_bg_hover\"><span>MAIS INFORMA\u00c7\u00d5ES<\/span><\/a><\/div>\n<\/div>\n<\/div><\/div>\n<\/div>\n<\/div>\n<\/div>\n<\/div>\n<\/div>\n<div id=\"cmsmasters_row_dafwpms9ax\" class=\"cmsmasters_row cmsmasters_color_scheme_default cmsmasters_row_top_default cmsmasters_row_bot_default cmsmasters_row_boxed\">\n<div class=\"cmsmasters_row_outer_parent\">\n<div class=\"cmsmasters_row_outer\">\n<div class=\"cmsmasters_row_inner\">\n<div class=\"cmsmasters_row_margin\">\n<div id=\"cmsmasters_column_qcwxg7ei1f\" class=\"cmsmasters_column three_fourth\">\n<div class=\"cmsmasters_column_inner\"><div id=\"cmsmasters_notice_hbxey5x8zg\" class=\"cmsmasters_notice cmsmasters_notice_warning cmsmasters-icon-check-1\">\n<a href=\"#\" class=\"notice_close cmsmasters_theme_icon_cancel\"><\/a><div class=\"notice_content\">\n<p>Lembre-se: \u00e9 necess\u00e1rio o uso de m\u00e1scara nos espa\u00e7os do Centro Cultural UFMG mesmo para imunizados<\/p>\n<\/div>\n<\/div>\n<\/div><\/div>\n<div id=\"cmsmasters_column_hqxpe3dc5\" class=\"cmsmasters_column one_fourth\">\n<div class=\"cmsmasters_column_inner\"><\/div><\/div>\n<\/div>\n<\/div>\n<\/div>\n<\/div>\n<\/div>\n\n","protected":false},"excerpt":{"rendered":"","protected":false},"author":8,"featured_media":21650,"template":"","meta":{"_tribe_events_status":"","_tribe_events_status_reason":"","footnotes":""},"tags":[419,190,420,409],"tribe_events_cat":[52],"class_list":["post-21656","tribe_events","type-tribe_events","status-publish","has-post-thumbnail","hentry","tag-agostinhoolavo","tag-teatro","tag-teatronegro","tag-teatrouniversitarioufmg","tribe_events_cat-espetaculos","cat_espetaculos"],"_links":{"self":[{"href":"https:\/\/www.ufmg.br\/centrocultural\/wp-json\/wp\/v2\/tribe_events\/21656","targetHints":{"allow":["GET"]}}],"collection":[{"href":"https:\/\/www.ufmg.br\/centrocultural\/wp-json\/wp\/v2\/tribe_events"}],"about":[{"href":"https:\/\/www.ufmg.br\/centrocultural\/wp-json\/wp\/v2\/types\/tribe_events"}],"author":[{"embeddable":true,"href":"https:\/\/www.ufmg.br\/centrocultural\/wp-json\/wp\/v2\/users\/8"}],"version-history":[{"count":7,"href":"https:\/\/www.ufmg.br\/centrocultural\/wp-json\/wp\/v2\/tribe_events\/21656\/revisions"}],"predecessor-version":[{"id":21729,"href":"https:\/\/www.ufmg.br\/centrocultural\/wp-json\/wp\/v2\/tribe_events\/21656\/revisions\/21729"}],"wp:featuredmedia":[{"embeddable":true,"href":"https:\/\/www.ufmg.br\/centrocultural\/wp-json\/wp\/v2\/media\/21650"}],"wp:attachment":[{"href":"https:\/\/www.ufmg.br\/centrocultural\/wp-json\/wp\/v2\/media?parent=21656"}],"wp:term":[{"taxonomy":"post_tag","embeddable":true,"href":"https:\/\/www.ufmg.br\/centrocultural\/wp-json\/wp\/v2\/tags?post=21656"},{"taxonomy":"tribe_events_cat","embeddable":true,"href":"https:\/\/www.ufmg.br\/centrocultural\/wp-json\/wp\/v2\/tribe_events_cat?post=21656"}],"curies":[{"name":"wp","href":"https:\/\/api.w.org\/{rel}","templated":true}]}}