{"id":22011,"date":"2023-02-23T13:12:59","date_gmt":"2023-02-23T15:12:59","guid":{"rendered":"https:\/\/www.ufmg.br\/centrocultural\/?post_type=tribe_events&#038;p=22011"},"modified":"2023-02-24T11:55:37","modified_gmt":"2023-02-24T13:55:37","slug":"17o-festival-de-verao-ufmg-oficina-pin-hole-e-principios-fotograficos","status":"publish","type":"tribe_events","link":"https:\/\/www.ufmg.br\/centrocultural\/evento\/17o-festival-de-verao-ufmg-oficina-pin-hole-e-principios-fotograficos\/","title":{"rendered":"17\u00ba Festival de Ver\u00e3o UFMG &#8211; Oficina &#8216;Pin hole e princ\u00edpios fotogr\u00e1ficos&#8217;"},"content":{"rendered":"<div id=\"cmsmasters_row_t6k42680c\" class=\"cmsmasters_row cmsmasters_color_scheme_default cmsmasters_row_top_default cmsmasters_row_bot_default cmsmasters_row_boxed\">\n<div class=\"cmsmasters_row_outer_parent\">\n<div class=\"cmsmasters_row_outer\">\n<div class=\"cmsmasters_row_inner\">\n<div class=\"cmsmasters_row_margin\">\n<div id=\"cmsmasters_column_wbzcr18zee\" class=\"cmsmasters_column one_first\">\n<div class=\"cmsmasters_column_inner\">\n<div class=\"cmsmasters_sharing\">\n<div class=\"share_wrap\">\n<a href=\"https:\/\/twitter.com\/intent\/tweet?text=Check+out+%2717%C2%BA+Festival+de+Ver%C3%A3o+UFMG+%E2%80%93+Oficina+%E2%80%98Pin+hole+e+princ%C3%ADpios+fotogr%C3%A1ficos%E2%80%99%27+on+Centro+Cultural++UFMG+website&url=https%3A%2F%2Fwww.ufmg.br%2Fcentrocultural%2Fevento%2F17o-festival-de-verao-ufmg-oficina-pin-hole-e-principios-fotograficos%2F\" class=\"button cmsmasters-icon-twitter\">Twitter<\/a>\n<\/div>\n<div class=\"share_wrap\">\n<a href=\"https:\/\/www.facebook.com\/sharer\/sharer.php?display=popup&u=https%3A%2F%2Fwww.ufmg.br%2Fcentrocultural%2Fevento%2F17o-festival-de-verao-ufmg-oficina-pin-hole-e-principios-fotograficos%2F\" class=\"button cmsmasters-icon-facebook\">Facebook<\/a>\n<\/div>\n<\/div>\n<\/div><\/div>\n<\/div>\n<\/div>\n<\/div>\n<\/div>\n<\/div>\n<div id=\"cmsmasters_row_\" class=\"cmsmasters_row cmsmasters_color_scheme_default cmsmasters_row_top_default cmsmasters_row_bot_default cmsmasters_row_boxed\">\n<div class=\"cmsmasters_row_outer_parent\">\n<div class=\"cmsmasters_row_outer\">\n<div class=\"cmsmasters_row_inner\">\n<div class=\"cmsmasters_row_margin\">\n<\/div>\n<\/div>\n<\/div>\n<\/div>\n<\/div>\n<div id=\"cmsmasters_column_\" class=\"cmsmasters_column one_first\">\n<div class=\"cmsmasters_column_inner\"><\/div><\/div>\n<div class=\"cmsmasters_text\">\n<\/div>\n<\/p>\n<p><strong>Oficina: &#8216;Pin hole e princ\u00edpios fotogr\u00e1ficos&#8217;<\/strong><\/p>\n<p><em><span style=\"color: #333399;\">Atividade do 17\u00b0 Festival de Ver\u00e3o da UFMG<\/span><\/em><\/p>\n<p>Data: 3 de mar\u00e7o de 2023<br \/>\nHor\u00e1rio: 9h \u00e0s 12h30<br \/>\nVagas: 10<br \/>\nAtividade gratuita<br \/>\nClassifica\u00e7\u00e3o et\u00e1ria: maiores de 18 anos<br \/>\nP\u00fablico alvo: Pessoas interessadas em processos fotogr\u00e1ficos, com ou sem experi\u00eancia pr\u00e9via.<\/p>\n<p>Material do participante: Um tubinho de cola branca, uma tesoura com bom corte, um rolo de fita crepe.<\/p>\n<p>Inscri\u00e7\u00e3o: Os interessados devem comparecer no local de realiza\u00e7\u00e3o da atividade meia hora antes de seu in\u00edcio, para efetuar sua inscri\u00e7\u00e3o. A inscri\u00e7\u00e3o ser\u00e1 feita de acordo com a quantidade de vagas dispon\u00edveis, respeitando-se a ordem de chegada dos interessados. \u00c9 poss\u00edvel tamb\u00e9m\u00a0realizar a pr\u00e9-reserva at\u00e9 \u00e0s 20h do dia 27 de fevereiro, por meio do formul\u00e1rio <span style=\"color: #333399;\"><a style=\"color: #333399;\" href=\"http:\/\/bit.ly\/3XXaX6n\" target=\"_blank\" rel=\"noopener\">http:\/\/bit.ly\/3XXaX6n<\/a><\/span>. Importante: a pr\u00e9-reserva \u00e9 garantida at\u00e9 30 minutos antes do in\u00edcio da oficina.<\/p>\n<p>Certificado: veja informa\u00e7\u00f5es <span style=\"color: #333399;\"><a style=\"color: #333399;\" href=\"https:\/\/www.ufmg.br\/festivaldeverao\/2023\/inscricoes\/\" target=\"_blank\" rel=\"noopener\">neste link<\/a><\/span><\/p>\n<p>Local: Centro Cultural UFMG<br \/>\nEndere\u00e7o: Av. Santos Dumont, 174 &#8211; Centro &#8211; Belo Horizonte &#8211; MG<\/p>\n<p><span style=\"color: #333399;\"><a style=\"color: #333399;\" href=\"https:\/\/www.google.com.br\/maps\/dir\/\/Av.+Santos+Dumont,+174+-+Centro,+Belo+Horizonte+-+MG,+30111-040\/@-19.9170546,-43.9360151,17z\/data=!4m6!4m5!1m0!1m2!1m1!1s0xa699fbd5aaae01:0xab4780c129fa0883!3e0\" target=\"_blank\" rel=\"noopener\">Consulte rotas e meios de transporte para chegar<\/a><\/span><\/p>\n<p><strong>A oficina<\/strong><br \/>\nViv\u00eancia de observar imagens atrav\u00e9s da c\u00e2mera escura. A atividade se divide em dois momentos. No primeiro momento, faremos a constru\u00e7\u00e3o de objetos \u00f3ticos, no caso, c\u00e2meras escuras pinhole (c\u00e2meras de orif\u00edcio). \u00c9 um trabalho orientado \u00e0 constru\u00e7\u00e3o de visores feitos em papel\u00e3o, no qual os participantes\/construtores poder\u00e3o observar a forma\u00e7\u00e3o de imagens e assim, tamb\u00e9m, ter um melhor entendimento dos princ\u00edpios fotogr\u00e1ficos. Num segundo momento, os participantes ir\u00e3o conhecer uma grande c\u00e2mara escura, com a qual poder\u00e3o, em seguida, produzir retratos de verdade, pela \u00f3tica dessa c\u00e2mera em conjun\u00e7\u00e3o com a c\u00e2mera de seus celulares. A ideia \u00e9 que os participantes produzam e troquem retratos, gerando tamb\u00e9m uma s\u00e9rie de fotos que possa culminar numa proje\u00e7\u00e3o ao final da oficina.<\/p>\n<p><strong>Professor<br \/>\n<\/strong><em>Cleber Falieri<\/em> \u00e9 fot\u00f3grafo autoral, formado em artes visuais e educa\u00e7\u00e3o, que trabalha com processos alternativos e de base qu\u00edmica. Atua na \u00e1rea da educa\u00e7\u00e3o e trabalha como fot\u00f3grafo na Escola de Belas Artes da UFMG. Tamb\u00e9m produtor cultural em projetos e eventos em BH.<strong><br \/>\n<\/strong><\/p>\n<ul>\n<li><span style=\"color: #333399;\"><a style=\"color: #333399;\" href=\"https:\/\/api.whatsapp.com\/send?text=https:\/\/www.ufmg.br\/centrocultural\/evento\/17o-festival-de-verao-oficina-expor-as-memorias\/\" target=\"_blank\" rel=\"noopener\">Compartilhe no WhatsApp<\/a><\/span><\/li>\n<li><span style=\"color: #333399;\"><a style=\"color: #333399;\" href=\"https:\/\/telegram.me\/share\/url?url=%20https:\/\/www.ufmg.br\/centrocultural\/evento\/17o-festival-de-verao-oficina-expor-as-memorias\/\" target=\"_blank\" rel=\"noopener\">Compartilhe no Telegram<\/a><\/span><\/li>\n<li><span style=\"color: #333399;\"><a style=\"color: #333399;\" href=\"https:\/\/www.ufmg.br\/centrocultural\/wp-content\/uploads\/2023\/02\/festival-verao-2023.jpg\" target=\"_blank\" rel=\"noopener\">Baixe o flyer do Festival<\/a><\/span><\/li>\n<\/ul>\n<p>&nbsp;<\/p>\n","protected":false},"excerpt":{"rendered":"<p>Oficina: &#8216;Pin hole e princ\u00edpios fotogr\u00e1ficos&#8217; Atividade do 17\u00b0 Festival de Ver\u00e3o da UFMG Data: 3 de mar\u00e7o de 2023 Hor\u00e1rio: 9h \u00e0s 12h30 Vagas: 10 Atividade gratuita Classifica\u00e7\u00e3o et\u00e1ria:&#8230;<\/p>\n","protected":false},"author":8,"featured_media":22015,"template":"","meta":{"_tribe_events_status":"","_tribe_events_status_reason":"","footnotes":""},"tags":[96,173,286,455],"tribe_events_cat":[95],"class_list":["post-22011","tribe_events","type-tribe_events","status-publish","has-post-thumbnail","hentry","tag-festivaldeverao","tag-fotografia","tag-oficina","tag-pinhole","tribe_events_cat-festival-de-verao-ufmg","cat_festival-de-verao-ufmg"],"_links":{"self":[{"href":"https:\/\/www.ufmg.br\/centrocultural\/wp-json\/wp\/v2\/tribe_events\/22011","targetHints":{"allow":["GET"]}}],"collection":[{"href":"https:\/\/www.ufmg.br\/centrocultural\/wp-json\/wp\/v2\/tribe_events"}],"about":[{"href":"https:\/\/www.ufmg.br\/centrocultural\/wp-json\/wp\/v2\/types\/tribe_events"}],"author":[{"embeddable":true,"href":"https:\/\/www.ufmg.br\/centrocultural\/wp-json\/wp\/v2\/users\/8"}],"version-history":[{"count":7,"href":"https:\/\/www.ufmg.br\/centrocultural\/wp-json\/wp\/v2\/tribe_events\/22011\/revisions"}],"predecessor-version":[{"id":22069,"href":"https:\/\/www.ufmg.br\/centrocultural\/wp-json\/wp\/v2\/tribe_events\/22011\/revisions\/22069"}],"wp:featuredmedia":[{"embeddable":true,"href":"https:\/\/www.ufmg.br\/centrocultural\/wp-json\/wp\/v2\/media\/22015"}],"wp:attachment":[{"href":"https:\/\/www.ufmg.br\/centrocultural\/wp-json\/wp\/v2\/media?parent=22011"}],"wp:term":[{"taxonomy":"post_tag","embeddable":true,"href":"https:\/\/www.ufmg.br\/centrocultural\/wp-json\/wp\/v2\/tags?post=22011"},{"taxonomy":"tribe_events_cat","embeddable":true,"href":"https:\/\/www.ufmg.br\/centrocultural\/wp-json\/wp\/v2\/tribe_events_cat?post=22011"}],"curies":[{"name":"wp","href":"https:\/\/api.w.org\/{rel}","templated":true}]}}