{"id":22052,"date":"2023-02-24T11:37:36","date_gmt":"2023-02-24T13:37:36","guid":{"rendered":"https:\/\/www.ufmg.br\/centrocultural\/?post_type=tribe_events&#038;p=22052"},"modified":"2023-02-24T11:43:36","modified_gmt":"2023-02-24T13:43:36","slug":"17o-festival-de-verao-ufmg-apresentacao-de-danca-nos-passos-do-grupo-sarandeiros","status":"publish","type":"tribe_events","link":"https:\/\/www.ufmg.br\/centrocultural\/evento\/17o-festival-de-verao-ufmg-apresentacao-de-danca-nos-passos-do-grupo-sarandeiros\/","title":{"rendered":"17\u00ba Festival de Ver\u00e3o UFMG &#8211; Apresenta\u00e7\u00e3o de dan\u00e7a &#8216;Nos passos do Grupo Sarandeiros&#8217;"},"content":{"rendered":"<div id=\"cmsmasters_row_t6k42680c\" class=\"cmsmasters_row cmsmasters_color_scheme_default cmsmasters_row_top_default cmsmasters_row_bot_default cmsmasters_row_boxed\">\n<div class=\"cmsmasters_row_outer_parent\">\n<div class=\"cmsmasters_row_outer\">\n<div class=\"cmsmasters_row_inner\">\n<div class=\"cmsmasters_row_margin\">\n<div id=\"cmsmasters_column_wbzcr18zee\" class=\"cmsmasters_column one_first\">\n<div class=\"cmsmasters_column_inner\">\n<div class=\"cmsmasters_sharing\">\n<div class=\"share_wrap\">\n<a href=\"https:\/\/twitter.com\/intent\/tweet?text=Check+out+%2717%C2%BA+Festival+de+Ver%C3%A3o+UFMG+%E2%80%93+Apresenta%C3%A7%C3%A3o+de+dan%C3%A7a+%E2%80%98Nos+passos+do+Grupo+Sarandeiros%E2%80%99%27+on+Centro+Cultural++UFMG+website&url=https%3A%2F%2Fwww.ufmg.br%2Fcentrocultural%2Fevento%2F17o-festival-de-verao-ufmg-apresentacao-de-danca-nos-passos-do-grupo-sarandeiros%2F\" class=\"button cmsmasters-icon-twitter\">Twitter<\/a>\n<\/div>\n<div class=\"share_wrap\">\n<a href=\"https:\/\/www.facebook.com\/sharer\/sharer.php?display=popup&u=https%3A%2F%2Fwww.ufmg.br%2Fcentrocultural%2Fevento%2F17o-festival-de-verao-ufmg-apresentacao-de-danca-nos-passos-do-grupo-sarandeiros%2F\" class=\"button cmsmasters-icon-facebook\">Facebook<\/a>\n<\/div>\n<\/div>\n<\/div><\/div>\n<\/div>\n<\/div>\n<\/div>\n<\/div>\n<\/div>\n<div id=\"cmsmasters_row_\" class=\"cmsmasters_row cmsmasters_color_scheme_default cmsmasters_row_top_default cmsmasters_row_bot_default cmsmasters_row_boxed\">\n<div class=\"cmsmasters_row_outer_parent\">\n<div class=\"cmsmasters_row_outer\">\n<div class=\"cmsmasters_row_inner\">\n<div class=\"cmsmasters_row_margin\">\n<\/div>\n<\/div>\n<\/div>\n<\/div>\n<\/div>\n<div id=\"cmsmasters_column_\" class=\"cmsmasters_column one_first\">\n<div class=\"cmsmasters_column_inner\"><\/div><\/div>\n<div class=\"cmsmasters_text\">\n<\/div>\n<\/p>\n<p><strong>Apresenta\u00e7\u00e3o de dan\u00e7a &#8216;Nos passos do Grupo Sarandeiros&#8217;<\/strong><\/p>\n<p><em><span style=\"color: #333399;\">Evento do 17\u00b0 Festival de Ver\u00e3o da UFMG<\/span><\/em><\/p>\n<p>Data: 1\u00ba de mar\u00e7o de 2023<br \/>\nHor\u00e1rio: 20h<br \/>\nDura\u00e7\u00e3o: 1 hora<br \/>\nEntrada gratuita<br \/>\nLocal: Centro Cultural UFMG<br \/>\nEndere\u00e7o: Av. Santos Dumont, 174 &#8211; Centro &#8211; Belo Horizonte &#8211; MG<\/p>\n<p><span style=\"color: #333399;\"><a style=\"color: #333399;\" href=\"https:\/\/www.google.com.br\/maps\/dir\/\/Av.+Santos+Dumont,+174+-+Centro,+Belo+Horizonte+-+MG,+30111-040\/@-19.9170546,-43.9360151,17z\/data=!4m6!4m5!1m0!1m2!1m1!1s0xa699fbd5aaae01:0xab4780c129fa0883!3e0\" target=\"_blank\" rel=\"noopener\">Consulte rotas e meios de transporte para chegar<\/a><\/span><\/p>\n<p><sub><em>[Foto: Grupo Sarandeiros\/Reprodu\u00e7\u00e3o]<\/em><\/sub><\/p>\n<p><strong>Sobre o espet\u00e1culo<\/strong><\/p>\n<p>O <span style=\"color: #333399;\"><a style=\"color: #333399;\" href=\"http:\/\/projetos.eeffto.ufmg.br\/sarandeiros\/\" target=\"_blank\" rel=\"noopener\">Grupo Sarandeiros<\/a><\/span> da Escola de Educa\u00e7\u00e3o F\u00edsica, Fisioterapia e Terapia Ocupacional (EEFFTO) da UFMG exibe novo trabalho, em que destacam as principais dan\u00e7as realizadas pelo grupo nas \u00faltimas duas d\u00e9cadas de exist\u00eancia, com novos figurinos e encena\u00e7\u00f5es. A proposta \u00e9 traduzir por meio da dan\u00e7a, encena\u00e7\u00f5es de povos tradicionais, sem perder a originalidade e mantendo o respeito pela hist\u00f3ria.<\/p>\n<p><strong>Sarandeiros<\/strong><\/p>\n<p>Com 42 anos de exist\u00eancia, o grupo \u00e9 um um dos principais grupos art\u00edsticos da UFMG, fazendo um elo de liga\u00e7\u00e3o entre a pesquisa acad\u00eamica e o fazer art\u00edstico. A produ\u00e7\u00e3o acad\u00eamica do Sarandeiros se expressa atrav\u00e9s de livros, espet\u00e1culos, oficinas, aulas, cursos, artigos, disserta\u00e7\u00f5es, teses, e s\u00e3o uma prova que o trabalho desenvolvido h\u00e1 mais de quatro d\u00e9cadas consegue ultrapassar os limites da Universidade e levar ao p\u00fablico em todo o mundo o trabalho exemplar de pesquisa e produ\u00e7\u00e3o art\u00edstica realizado pelo Sarandeiros, tendo sempre como local privilegiado a cultura popular atrav\u00e9s das dan\u00e7as do Brasil, reconhecendo o valor dos saberes tradicionais, e dos modos de express\u00e3o de seus povos.<\/p>\n<p><strong>Ficha t\u00e9cnica<\/strong><\/p>\n<p>Dire\u00e7\u00e3o geral de Gustavo C\u00f4rtes<br \/>\nDire\u00e7\u00e3o art\u00edstica de Petr\u00f4nio Alves<br \/>\nMsical de Tat\u00e1 Sympa<br \/>\nCoordena\u00e7\u00e3o de ensaios por Gerson J\u00fanior e Luiza Rallo<br \/>\nPrepara\u00e7\u00e3o f\u00edsica de Diego Marcossi e Mariana Gomes<\/p>\n<ul>\n<li style=\"list-style-type: none;\">\n<ul>\n<li style=\"list-style-type: none;\">\n<ul>\n<li><span style=\"color: #333399;\"><a style=\"color: #333399;\" href=\"https:\/\/api.whatsapp.com\/send?text=https:\/\/www.ufmg.br\/centrocultural\/evento\/17o-festival-de-verao-ufmg-apresentacao-de-danca-nos-passos-do-grupo-sarandeiros\/\" target=\"_blank\" rel=\"noopener\">Compartilhe no WhatsApp<\/a><\/span><\/li>\n<li><span style=\"color: #333399;\"><a style=\"color: #333399;\" href=\"https:\/\/telegram.me\/share\/url?url=%20https:\/\/www.ufmg.br\/centrocultural\/evento\/17o-festival-de-verao-ufmg-apresentacao-de-danca-nos-passos-do-grupo-sarandeiros\/\" target=\"_blank\" rel=\"noopener\">Compartilhe no Telegram<\/a><\/span><\/li>\n<li><span style=\"color: #333399;\"><span style=\"color: #333399;\"><a style=\"color: #333399;\" href=\"https:\/\/www.ufmg.br\/centrocultural\/wp-content\/uploads\/2023\/02\/festival-verao-2023.jpg\" target=\"_blank\" rel=\"noopener\">Baixe o flyer do Festival<\/a><\/span><\/span><\/li>\n<\/ul>\n<\/li>\n<\/ul>\n<\/li>\n<li style=\"list-style-type: none;\">Conhe\u00e7a um pouco mais sobre o grupo:<\/li>\n<li style=\"list-style-type: none;\"><iframe loading=\"lazy\" title=\"YouTube video player\" src=\"https:\/\/www.youtube.com\/embed\/zKdHY308FFk?start=10\" width=\"560\" height=\"315\" frameborder=\"0\" allowfullscreen=\"allowfullscreen\"><\/iframe><\/li>\n<\/ul>\n<p>&nbsp;<\/p>\n","protected":false},"excerpt":{"rendered":"<p>Apresenta\u00e7\u00e3o de dan\u00e7a &#8216;Nos passos do Grupo Sarandeiros&#8217; Evento do 17\u00b0 Festival de Ver\u00e3o da UFMG Data: 1\u00ba de mar\u00e7o de 2023 Hor\u00e1rio: 20h Dura\u00e7\u00e3o: 1 hora Entrada gratuita Local:&#8230;<\/p>\n","protected":false},"author":8,"featured_media":22054,"template":"","meta":{"_tribe_events_status":"","_tribe_events_status_reason":"","footnotes":""},"tags":[222,96,461],"tribe_events_cat":[52,95],"class_list":["post-22052","tribe_events","type-tribe_events","status-publish","has-post-thumbnail","hentry","tag-danca","tag-festivaldeverao","tag-gruposarandeiros","tribe_events_cat-espetaculos","tribe_events_cat-festival-de-verao-ufmg","cat_espetaculos","cat_festival-de-verao-ufmg"],"_links":{"self":[{"href":"https:\/\/www.ufmg.br\/centrocultural\/wp-json\/wp\/v2\/tribe_events\/22052","targetHints":{"allow":["GET"]}}],"collection":[{"href":"https:\/\/www.ufmg.br\/centrocultural\/wp-json\/wp\/v2\/tribe_events"}],"about":[{"href":"https:\/\/www.ufmg.br\/centrocultural\/wp-json\/wp\/v2\/types\/tribe_events"}],"author":[{"embeddable":true,"href":"https:\/\/www.ufmg.br\/centrocultural\/wp-json\/wp\/v2\/users\/8"}],"version-history":[{"count":9,"href":"https:\/\/www.ufmg.br\/centrocultural\/wp-json\/wp\/v2\/tribe_events\/22052\/revisions"}],"predecessor-version":[{"id":22062,"href":"https:\/\/www.ufmg.br\/centrocultural\/wp-json\/wp\/v2\/tribe_events\/22052\/revisions\/22062"}],"wp:featuredmedia":[{"embeddable":true,"href":"https:\/\/www.ufmg.br\/centrocultural\/wp-json\/wp\/v2\/media\/22054"}],"wp:attachment":[{"href":"https:\/\/www.ufmg.br\/centrocultural\/wp-json\/wp\/v2\/media?parent=22052"}],"wp:term":[{"taxonomy":"post_tag","embeddable":true,"href":"https:\/\/www.ufmg.br\/centrocultural\/wp-json\/wp\/v2\/tags?post=22052"},{"taxonomy":"tribe_events_cat","embeddable":true,"href":"https:\/\/www.ufmg.br\/centrocultural\/wp-json\/wp\/v2\/tribe_events_cat?post=22052"}],"curies":[{"name":"wp","href":"https:\/\/api.w.org\/{rel}","templated":true}]}}