{"id":22253,"date":"2023-03-29T13:35:29","date_gmt":"2023-03-29T16:35:29","guid":{"rendered":"https:\/\/www.ufmg.br\/centrocultural\/?post_type=tribe_events&#038;p=22253"},"modified":"2023-03-29T13:37:15","modified_gmt":"2023-03-29T16:37:15","slug":"espetaculo-teatral-anjos","status":"publish","type":"tribe_events","link":"https:\/\/www.ufmg.br\/centrocultural\/evento\/espetaculo-teatral-anjos\/","title":{"rendered":"Espet\u00e1culo teatral \u2018Anjos\u2019"},"content":{"rendered":"<div id=\"cmsmasters_row_t6k42680c\" class=\"cmsmasters_row cmsmasters_color_scheme_default cmsmasters_row_top_default cmsmasters_row_bot_default cmsmasters_row_boxed\">\n<div class=\"cmsmasters_row_outer_parent\">\n<div class=\"cmsmasters_row_outer\">\n<div class=\"cmsmasters_row_inner\">\n<div class=\"cmsmasters_row_margin\">\n<div id=\"cmsmasters_column_wbzcr18zee\" class=\"cmsmasters_column one_first\">\n<div class=\"cmsmasters_column_inner\">\n<div class=\"cmsmasters_sharing\">\n<div class=\"share_wrap\">\n<a href=\"https:\/\/twitter.com\/intent\/tweet?text=Check+out+%27Espet%C3%A1culo+teatral+%E2%80%98Anjos%E2%80%99%27+on+Centro+Cultural++UFMG+website&url=https%3A%2F%2Fwww.ufmg.br%2Fcentrocultural%2Fevento%2Fespetaculo-teatral-anjos%2F\" class=\"button cmsmasters-icon-twitter\">Twitter<\/a>\n<\/div>\n<div class=\"share_wrap\">\n<a href=\"https:\/\/www.facebook.com\/sharer\/sharer.php?display=popup&u=https%3A%2F%2Fwww.ufmg.br%2Fcentrocultural%2Fevento%2Fespetaculo-teatral-anjos%2F\" class=\"button cmsmasters-icon-facebook\">Facebook<\/a>\n<\/div>\n<\/div>\n<\/div><\/div>\n<\/div>\n<\/div>\n<\/div>\n<\/div>\n<\/div>\n<div id=\"cmsmasters_row_\" class=\"cmsmasters_row cmsmasters_color_scheme_default cmsmasters_row_top_default cmsmasters_row_bot_default cmsmasters_row_boxed\">\n<div class=\"cmsmasters_row_outer_parent\">\n<div class=\"cmsmasters_row_outer\">\n<div class=\"cmsmasters_row_inner\">\n<div class=\"cmsmasters_row_margin\">\n<div id=\"cmsmasters_column_\" class=\"cmsmasters_column one_first\">\n<div class=\"cmsmasters_column_inner\"><div class=\"cmsmasters_text\">\n<p><strong>Espet\u00e1culo teatral &#8216;Anjos&#8217;<\/strong><br \/>\n<em>Grupo de Teatro Morro Encena<\/em><\/p>\n<p>Data: 31\/03\/2023<br \/>\nHor\u00e1rio: 18h30<br \/>\nDura\u00e7\u00e3o: 60 minutos<br \/>\nLocal: audit\u00f3rio do Centro Cultural UFMG<br \/>\nEntrada gratuita<br \/>\nClassifica\u00e7\u00e3o: 12 anos<\/p>\n<p><em>Ficha T\u00e9cnica<\/em><br \/>\nAutora\/Dire\u00e7\u00e3o: H\u00e9rlen Rom\u00e3o<br \/>\nProdu\u00e7\u00e3o: Luciana Simpl\u00edcio, Josiane Magna<br \/>\nAtrizes: Andressa Rom\u00e3o, Daniele Amaral e Sandra Sawilza<br \/>\nConcep\u00e7\u00e3o figurino: Jo\u00e3o Lopes<br \/>\nAdapta\u00e7\u00e3o figurino: Andressa Rom\u00e3o<br \/>\nTradu\u00e7\u00e3o libras: Ros\u00e2ngela Oliveira<\/p>\n<p><span style=\"color: #333399;\"><a style=\"color: #333399;\" href=\"https:\/\/www.google.com.br\/maps\/dir\/\/Av.+Santos+Dumont,+174+-+Centro,+Belo+Horizonte+-+MG,+30111-040\/@-19.9170546,-43.9360151,17z\/data=!4m9!4m8!1m0!1m5!1m1!1s0xa699fbd5aaae01:0xab4780c129fa0883!2m2!1d-43.9353846!2d-19.916266!3e0\" target=\"_blank\" rel=\"noopener\">Consulte rotas e meios e meios de transporte para chegar\u00a0<\/a><\/span><\/p>\n<div id=\"cmsmasters_button_s160gsd8u\" class=\"button_wrap\"><a href=\"https:\/\/www.ufmg.br\/centrocultural\/espetaculo-anjos-do-grupo-de-teatro-morro-encena\" class=\"cmsmasters_button cmsmasters_but_clear_styles cmsmasters_but_bg_hover\"><span>MAIS INFORMA\u00c7\u00d5ES<\/span><\/a><\/div>\n<\/div>\n<\/div><\/div>\n<\/div>\n<\/div>\n<\/div>\n<\/div>\n<\/div>\n<div id=\"cmsmasters_row_dafwpms9ax\" class=\"cmsmasters_row cmsmasters_color_scheme_default cmsmasters_row_top_default cmsmasters_row_bot_default cmsmasters_row_boxed\">\n<div class=\"cmsmasters_row_outer_parent\">\n<div class=\"cmsmasters_row_outer\">\n<div class=\"cmsmasters_row_inner\">\n<div class=\"cmsmasters_row_margin\">\n<div id=\"cmsmasters_column_qcwxg7ei1f\" class=\"cmsmasters_column three_fourth\">\n<div class=\"cmsmasters_column_inner\"><div id=\"cmsmasters_notice_hbxey5x8zg\" class=\"cmsmasters_notice cmsmasters_notice_warning cmsmasters-icon-check-1\">\n<a href=\"#\" class=\"notice_close cmsmasters_theme_icon_cancel\"><\/a><div class=\"notice_content\">\n<p>Lembre-se: \u00e9 necess\u00e1rio o uso de m\u00e1scara nos espa\u00e7os do Centro Cultural UFMG mesmo para imunizados<\/p>\n<\/div>\n<\/div>\n<\/div><\/div>\n<div id=\"cmsmasters_column_hqxpe3dc5\" class=\"cmsmasters_column one_fourth\">\n<div class=\"cmsmasters_column_inner\"><\/div><\/div>\n<\/div>\n<\/div>\n<\/div>\n<\/div>\n<\/div>\n\n<p>&nbsp;<\/p>\n","protected":false},"excerpt":{"rendered":"<p>&nbsp;<\/p>\n","protected":false},"author":8,"featured_media":22255,"template":"","meta":{"_tribe_events_status":"","_tribe_events_status_reason":"","footnotes":""},"tags":[462,190],"tribe_events_cat":[21,52],"class_list":["post-22253","tribe_events","type-tribe_events","status-publish","has-post-thumbnail","hentry","tag-grupomorroencena","tag-teatro","tribe_events_cat-baixo-centro-encena","tribe_events_cat-espetaculos","cat_baixo-centro-encena","cat_espetaculos"],"_links":{"self":[{"href":"https:\/\/www.ufmg.br\/centrocultural\/wp-json\/wp\/v2\/tribe_events\/22253","targetHints":{"allow":["GET"]}}],"collection":[{"href":"https:\/\/www.ufmg.br\/centrocultural\/wp-json\/wp\/v2\/tribe_events"}],"about":[{"href":"https:\/\/www.ufmg.br\/centrocultural\/wp-json\/wp\/v2\/types\/tribe_events"}],"author":[{"embeddable":true,"href":"https:\/\/www.ufmg.br\/centrocultural\/wp-json\/wp\/v2\/users\/8"}],"version-history":[{"count":2,"href":"https:\/\/www.ufmg.br\/centrocultural\/wp-json\/wp\/v2\/tribe_events\/22253\/revisions"}],"predecessor-version":[{"id":22256,"href":"https:\/\/www.ufmg.br\/centrocultural\/wp-json\/wp\/v2\/tribe_events\/22253\/revisions\/22256"}],"wp:featuredmedia":[{"embeddable":true,"href":"https:\/\/www.ufmg.br\/centrocultural\/wp-json\/wp\/v2\/media\/22255"}],"wp:attachment":[{"href":"https:\/\/www.ufmg.br\/centrocultural\/wp-json\/wp\/v2\/media?parent=22253"}],"wp:term":[{"taxonomy":"post_tag","embeddable":true,"href":"https:\/\/www.ufmg.br\/centrocultural\/wp-json\/wp\/v2\/tags?post=22253"},{"taxonomy":"tribe_events_cat","embeddable":true,"href":"https:\/\/www.ufmg.br\/centrocultural\/wp-json\/wp\/v2\/tribe_events_cat?post=22253"}],"curies":[{"name":"wp","href":"https:\/\/api.w.org\/{rel}","templated":true}]}}