{"id":14567,"date":"2026-01-15T12:16:02","date_gmt":"2026-01-15T15:16:02","guid":{"rendered":"https:\/\/www.ufmg.br\/dedd\/?page_id=14567"},"modified":"2026-01-15T12:16:31","modified_gmt":"2026-01-15T15:16:31","slug":"selecoes-2025-2","status":"publish","type":"page","link":"https:\/\/www.ufmg.br\/dedd\/selecoes-2025-2\/","title":{"rendered":"Sele\u00e7\u00f5es 2025"},"content":{"rendered":"<p><span style=\"font-size: 14pt; font-family: verdana, geneva, sans-serif;\"><strong>Sele\u00e7\u00f5es finalizadas &#8211; 2025<\/strong><\/span><\/p>\n<p><a href=\"https:\/\/www.ufmg.br\/dedd\/edital-3383-2025\/\" target=\"_blank\" rel=\"noopener\"><span style=\"font-family: verdana, geneva, sans-serif;\">Edital 3383\/2025 \u2013 Processo de Sele\u00e7\u00e3o de Estagi\u00e1rio \u2013 Aluno da UFMG, do curso de Artes Visuais, a partir do 6\u00ba per\u00edodo<\/span><\/a><\/p>\n<p><span style=\"font-size: 12pt; font-family: verdana, geneva, sans-serif;\"><a href=\"https:\/\/www.ufmg.br\/dedd\/edital-3384-2025\/\" target=\"_blank\" rel=\"noopener\">Edital N\u00ba 3384\/2025 &#8211; Processo de Sele\u00e7\u00e3o de Estagi\u00e1rio &#8211; Aluno Curso de Pedagogia<\/a><\/span><\/p>\n<p><a href=\"https:\/\/www.ufmg.br\/dedd\/edital-3030-2025\/\"><span style=\"font-family: verdana, geneva, sans-serif;\">Edital N\u00ba 3030\/2025 &#8211; Professor Formador &#8211; Educa\u00e7\u00e3o Especial<\/span><\/a><\/p>\n<p><a href=\"https:\/\/www.ufmg.br\/dedd\/edital-3072-2025\/\"><span style=\"font-family: verdana, geneva, sans-serif;\">Edital N\u00ba 3072\/2025 &#8211; Afastamento &#8211; P\u00f3s-Gradua\u00e7\u00e3o &#8211; PLAD\/DEDD<\/span><\/a><\/p>\n<p><a href=\"https:\/\/www.ufmg.br\/dedd\/edital-2904-2025\/\"><span style=\"font-family: verdana, geneva, sans-serif;\">Edital N\u00ba 2904\/2025 &#8211; Professor Formador &#8211; Geoprocessamento<\/span><\/a><\/p>\n<p><a href=\"https:\/\/www.ufmg.br\/dedd\/edital-2711-2025\/\"><span style=\"font-family: verdana, geneva, sans-serif;\">Edital N\u00ba 2711\/2025 &#8211; Professor Formador &#8211; Gest\u00e3o Escolar<\/span><\/a><\/p>\n<p><a href=\"https:\/\/www.ufmg.br\/dedd\/edital-2527-2025\/\"><span style=\"font-family: verdana, geneva, sans-serif;\">Edital N\u00ba 2527\/2025 \u2013 Alunos \u2013 Extens\u00e3o DEDD\/UFMG<\/span><\/a><\/p>\n<p><a href=\"https:\/\/www.ufmg.br\/dedd\/edital-2316-2025\/\"><span style=\"font-family: verdana, geneva, sans-serif;\">Edital N\u00ba 2316\/2025 &#8211; Assistente Pedag\u00f3gico &#8211; Equipe Multidisciplinar UAB\/UFMG<\/span><\/a><\/p>\n<p><a href=\"https:\/\/www.ufmg.br\/dedd\/edital-2314-2025\/\"><span style=\"font-family: verdana, geneva, sans-serif;\">Edital N\u00ba 2314\/2025 \u2013 Sele\u00e7\u00e3o de Coordenador Geral e Adjunto da UAB<\/span><\/a><\/p>\n<p><a href=\"https:\/\/www.ufmg.br\/dedd\/edital-1880-2025\/\"><span style=\"font-family: verdana, geneva, sans-serif;\">Edital N\u00ba 1880\/2025 &#8211; Professor Formador &#8211; Gest\u00e3o Escolar<\/span><\/a><\/p>\n<p><span style=\"font-family: verdana, geneva, sans-serif;\"><a href=\"https:\/\/www.ufmg.br\/dedd\/edital-1964-2025\/\">Edital N\u00ba 1964\/2025 &#8211; Estagi\u00e1rio CECI<\/a><\/span><\/p>\n<p><span style=\"font-family: verdana, geneva, sans-serif;\"><a href=\"https:\/\/www.ufmg.br\/dedd\/edital-1582-2025\/\" target=\"_blank\" rel=\"noopener\">Edital N\u00ba 1582\/2025 &#8211; Professor Formador &#8211; Alfabetiza\u00e7\u00e3o e Letramento<\/a><\/span><\/p>\n<p><span style=\"font-family: verdana, geneva, sans-serif;\"><a href=\"https:\/\/www.ufmg.br\/dedd\/edital-1835-2025\/\">Edital N\u00ba 1835\/2025 &#8211; Professor Formador &#8211; Educa\u00e7\u00e3o Especial<\/a><\/span><\/p>\n<p><span style=\"font-family: verdana, geneva, sans-serif;\"><a href=\"https:\/\/www.ufmg.br\/dedd\/edital-1561-2025\/\">Edital N\u00ba 1561\/2025 &#8211; Professor Formador &#8211; Geoprocessamento Aplicado<\/a><\/span><\/p>\n<p><span style=\"font-family: verdana, geneva, sans-serif;\"><a href=\"https:\/\/www.ufmg.br\/dedd\/edital-1808-2025\/\">Edital N\u00ba 1.808\/2025 &#8211; Educa\u00e7\u00e3o Especial &#8211; Tutor<\/a><\/span><\/p>\n<p><span style=\"font-family: verdana, geneva, sans-serif;\"><a href=\"https:\/\/www.ufmg.br\/dedd\/edital-1807-2025\/\" rel=\"noopener\">Edital N\u00ba 1.807\/2025 &#8211; Gest\u00e3o Escolar &#8211; Tutor<\/a><\/span><\/p>\n<p><span style=\"font-family: verdana, geneva, sans-serif; font-size: 12pt;\"><a href=\"https:\/\/www.ufmg.br\/dedd\/edital-1736-2025\/\">Edital N\u00ba 1736\/2025 &#8211; Sele\u00e7\u00e3o de Bolsistas &#8211; Assistente Pedag\u00f3gico<\/a><\/span><\/p>\n<p><span style=\"font-size: 12pt; font-family: verdana, geneva, sans-serif;\"><a href=\"https:\/\/www.ufmg.br\/dedd\/edital-1618-2025\/\">Edital N\u00ba 1618\/2025 &#8211; Alunos &#8211; Educa\u00e7\u00e3o Digital<\/a><\/span><\/p>\n<p><span style=\"font-size: 12pt; font-family: verdana, geneva, sans-serif;\"><a href=\"https:\/\/www.ufmg.br\/dedd\/edital-1565-2025\/\" target=\"_blank\" rel=\"noopener\">Edital N\u00ba 1565\/2025 &#8211; Prestador de Servi\u00e7o &#8211; Arquivista<\/a><\/span><\/p>\n<p><span style=\"font-size: 12pt; font-family: verdana, geneva, sans-serif;\"><a href=\"https:\/\/www.ufmg.br\/dedd\/edital-1340-2025\" target=\"_blank\" rel=\"noopener\">Edital N\u00ba 1340\/2025 &#8211; Alunos &#8211; Gest\u00e3o Escolar\u00a0<\/a><\/span><\/p>\n<p><span style=\"font-size: 12pt; font-family: verdana, geneva, sans-serif;\"><a href=\"https:\/\/www.ufmg.br\/dedd\/edital-1163-2025\/\" target=\"_blank\" rel=\"noopener\">Edital N\u00ba 1163\/2025 &#8211; Alunos &#8211; Educa\u00e7\u00e3o Especial<\/a><\/span><\/p>\n<p><span style=\"font-family: verdana, geneva, sans-serif;\"><a href=\"https:\/\/www.ufmg.br\/dedd\/edital-1087-2025\/\" target=\"_blank\" rel=\"noopener\">Edital N\u00ba 1087\/2025 &#8211; Tutor &#8211; Geoprocessamento Aplicado \u00e0 Gest\u00e3o Territorial\u00a0<\/a><\/span><\/p>\n<p><span style=\"font-size: 12pt; font-family: verdana, geneva, sans-serif;\"><a href=\"https:\/\/www.ufmg.br\/dedd\/edital-1128-2025\/\" target=\"_blank\" rel=\"noopener\">Edital N\u00ba 1128\/2025 \u2013 Tutor \u2013 Alfabetiza\u00e7\u00e3o e Letramento<\/a><\/span><\/p>\n<p><span style=\"font-size: 12pt; font-family: verdana, geneva, sans-serif;\"><a href=\"https:\/\/www.ufmg.br\/dedd\/edital-782-2025\/\" target=\"_blank\" rel=\"noopener\">Edital N\u00ba 782\/2025 &#8211; Assistente Pedag\u00f3gico &#8211; 3\u00ba Sele\u00e7\u00e3o &#8211; Educa\u00e7\u00e3o Inclusiva<\/a><\/span><\/p>\n<p><span style=\"font-size: 12pt; font-family: verdana, geneva, sans-serif;\"><a href=\"https:\/\/www.ufmg.br\/dedd\/edital-571-2025\/\" target=\"_blank\" rel=\"noopener\">Edital N\u00ba 571\/2025 &#8211; Coordenador de Curso &#8211;\u00a0 Especializa\u00e7\u00e3o em Educa\u00e7\u00e3o Especial<\/a><\/span><\/p>\n<p><span style=\"font-size: 12pt; font-family: verdana, geneva, sans-serif;\"><a href=\"https:\/\/www.ufmg.br\/dedd\/edital-570-2025\/\" target=\"_blank\" rel=\"noopener\">Edital N\u00ba 570\/2025 &#8211; Coordenador de Curso &#8211; <\/a><a href=\"https:\/\/www.ufmg.br\/dedd\/edital-571-2025\/\" target=\"_blank\" rel=\"noopener\"> Especializa\u00e7\u00e3o em <\/a><a href=\"https:\/\/www.ufmg.br\/dedd\/edital-570-2025\/\" target=\"_blank\" rel=\"noopener\">Gest\u00e3o Escolar<\/a><\/span><\/p>\n<p><span style=\"font-size: 12pt; font-family: verdana, geneva, sans-serif;\"><a href=\"https:\/\/www.ufmg.br\/dedd\/edital-no-479-2025\/\" rel=\"noopener\">Edital N\u00ba 479\/2025 &#8211; <\/a><a href=\"https:\/\/www.ufmg.br\/dedd\/edital-571-2025\/\" target=\"_blank\" rel=\"noopener\"> Especializa\u00e7\u00e3o em <\/a><a href=\"https:\/\/www.ufmg.br\/dedd\/edital-no-479-2025\/\" target=\"_blank\" rel=\"noopener\">Geoprocessamento Aplicado \u00e0 Gest\u00e3o Territorial &#8211; Sele\u00e7\u00e3o de Alunos<\/a><\/span><\/p>\n<p><span style=\"font-size: 12pt; font-family: verdana, geneva, sans-serif;\"><a href=\"https:\/\/www.ufmg.br\/dedd\/edital-472-2025\/\" target=\"_blank\" rel=\"noopener\">Edital N\u00ba 472\/2025 &#8211; <\/a><a href=\"https:\/\/www.ufmg.br\/dedd\/edital-571-2025\/\" target=\"_blank\" rel=\"noopener\"> Especializa\u00e7\u00e3o em <\/a><a href=\"https:\/\/www.ufmg.br\/dedd\/edital-472-2025\/\" target=\"_blank\" rel=\"noopener\">Alfabetiza\u00e7\u00e3o e Letramento &#8211; Sele\u00e7\u00e3o de Alunos<\/a><\/span><\/p>\n<p><span style=\"font-size: 12pt; font-family: verdana, geneva, sans-serif;\"><a href=\"https:\/\/www.ufmg.br\/dedd\/edital-449-2025\/\" target=\"_blank\" rel=\"noopener\">Edital N\u00ba 449\/2025 &#8211; Sele\u00e7\u00e3o para Bolsista do Programa Universidade Aberta do Brasil (UAB), na Fun\u00e7\u00e3o de Professor Formador &#8211; Orienta\u00e7\u00e3o para Trabalho de Conclus\u00e3o de Curso (TCC) para Atuar no Curso de Especializa\u00e7\u00e3o em Geoprocessamento, Levantamento e Interpreta\u00e7\u00e3o de Solos<\/a><\/span><\/p>\n<p><span style=\"font-size: 12pt; font-family: verdana, geneva, sans-serif;\"><a href=\"https:\/\/www.ufmg.br\/dedd\/edital-259-2025\/\" target=\"_blank\" rel=\"noopener\">Edital N\u00ba 259\/2025 &#8211; Sele\u00e7\u00e3o para Bolsista do Programa Universidade Aberta do Brasil (UAB) na Fun\u00e7\u00e3o de Coordenadoria de Curso para Atuar no Curso de Especializa\u00e7\u00e3o em Alfabetiza\u00e7\u00e3o e Letramento<\/a><\/span><\/p>\n<p><span style=\"font-size: 12pt; font-family: verdana, geneva, sans-serif;\"><a href=\"https:\/\/www.ufmg.br\/dedd\/edital-255-2025\/\" target=\"_blank\" rel=\"noopener\">Edital N\u00ba 255\/2025 &#8211; Sele\u00e7\u00e3o para Bolsista do Programa (UAB) na Fun\u00e7\u00e3o de Coordenadoria de Curso para Atuar no Curso de Especializa\u00e7\u00e3o em Geoprocessamento Aplicado \u00e0 Gest\u00e3o P\u00fablica Territorial<\/a><\/span><\/p>\n<p><span style=\"font-size: 12pt; font-family: verdana, geneva, sans-serif;\"><a href=\"https:\/\/www.ufmg.br\/dedd\/edital-407-2025\/\" target=\"_blank\" rel=\"noopener\">Edital N\u00ba 407\/2025 \u2013 2\u00ba Sele\u00e7\u00e3o para Bolsista do Programa Universidade Aberta do Brasil (UAB) para Integrar a Equipe no Curso de Extens\u00e3o em Educa\u00e7\u00e3o Especial na Perspectiva da Educa\u00e7\u00e3o Inclusiva<\/a><\/span><\/p>\n<p><span style=\"font-size: 12pt; font-family: verdana, geneva, sans-serif;\"><a href=\"https:\/\/www.ufmg.br\/dedd\/edital-130-2025\/\" target=\"_blank\" rel=\"noreferrer noopener\">Edital N\u00ba 130\/2025 \u2013 Sele\u00e7\u00e3o para Bolsista UAB, na Fun\u00e7\u00e3o de Coordenadoria De Curso para Atuar no Curso de Extens\u00e3o em Educa\u00e7\u00e3o Especial na Perspectiva da Educa\u00e7\u00e3o Inclusiva<\/a><\/span><\/p>\n<p><span style=\"font-size: 12pt; font-family: verdana, geneva, sans-serif;\"><a href=\"https:\/\/www.ufmg.br\/dedd\/?page_id=12757\" data-type=\"page\" data-id=\"12757\">Edital N\u00ba 57\/2025 &#8212; Sele\u00e7\u00e3o de bolsistas volunt\u00e1rios para atua\u00e7\u00e3o no programa de extens\u00e3o Aproxime-se\u00a0<\/a><\/span><\/p>\n<p><span style=\"font-size: 12pt; font-family: verdana, geneva, sans-serif;\"><a href=\"https:\/\/www.ufmg.br\/dedd\/edital-55-2025-selecao-de-bolsistas-para-atuacao-no-programa-de-extensao-aproxime-se\/\">Edital N\u00ba 55\/2025 &#8212; Sele\u00e7\u00e3o de bolsistas para atua\u00e7\u00e3o no programa de extens\u00e3o Aproxime-se<\/a><\/span><\/p>\n<p><span style=\"font-size: 12pt; font-family: verdana, geneva, sans-serif;\"><a href=\"https:\/\/www.ufmg.br\/dedd\/edital-2901-2024\/\" target=\"_blank\" rel=\"noopener\">Edital N\u00ba 2901\/2024 &#8211; Sele\u00e7\u00e3o para Bolsista do Programa Universidade Aberta do Brasil (UAB) para Atuar no Curso de Extens\u00e3o em Educa\u00e7\u00e3o Especial na Perspectiva da Educa\u00e7\u00e3o Inclusiva<\/a><\/span><\/p>\n<p><span style=\"font-size: 12pt; font-family: verdana, geneva, sans-serif;\"><a href=\"https:\/\/www.ufmg.br\/dedd\/edital-2884-2024\/\" target=\"_blank\" rel=\"noopener\">Edital N\u00ba 2.884\/2024 &#8211; Sele\u00e7\u00e3o para bolsista do programa Universidade Aberta Do Brasil (UAB), na fun\u00e7\u00e3o de professor formador &#8211; orienta\u00e7\u00e3o para Trabalho De Conclus\u00e3o De Curso (TCC) para atuar no Curso De Especializa\u00e7\u00e3o em Ensino de Artes Visuais e Tecnologias Contempor\u00e2neas \u2013 CEEAV<\/a><\/span><\/p>\n<p><span style=\"font-size: 12pt; font-family: verdana, geneva, sans-serif;\"><a href=\"https:\/\/www.ufmg.br\/dedd\/edital-2670-2024-selecao-bolsista-na-funcao-de-professor-formador-para-atuar-no-curso-de-geoprocessamento-uab\/\" target=\"_blank\" rel=\"noopener\">Edital N\u00ba 2670\/2024 &#8211; Sele\u00e7\u00e3o de bolsista do programa Universidade Aberta do Brasil (UAB), na fun\u00e7\u00e3o de Professor Formador &#8211; Orienta\u00e7\u00e3o para trabalho de conclus\u00e3o de curso (TCC) para atuar no curso de especializa\u00e7\u00e3o em GEOPROCESSAMENTO, LEVANTAMENTO E INTERPRETA\u00c7\u00c3O DE SOLOS<\/a><\/span><\/p>\n<p><span style=\"font-size: 12pt; font-family: verdana, geneva, sans-serif;\"><a href=\"https:\/\/www.ufmg.br\/dedd\/edital-2734-2024\/\" target=\"_blank\" rel=\"noopener\">Edital N\u00ba 2734\/2024 &#8211; Processo de Sele\u00e7\u00e3o de Alunos no Curso de Extens\u00e3o em Educa\u00e7\u00e3o Especial na Perspectiva da Educa\u00e7\u00e3o Inclusiva no \u00c2mbito do Sistema Universidade Aberta do Brasil \u2013 UAB<\/a><\/span><\/p>\n","protected":false},"excerpt":{"rendered":"<p>Sele\u00e7\u00f5es finalizadas &#8211; 2025 Edital 3383\/2025 \u2013 Processo de Sele\u00e7\u00e3o [&hellip;]<\/p>\n","protected":false},"author":5,"featured_media":0,"parent":0,"menu_order":0,"comment_status":"closed","ping_status":"closed","template":"","meta":[],"categories":[],"tags":[],"acf":[],"_links":{"self":[{"href":"https:\/\/www.ufmg.br\/dedd\/wp-json\/wp\/v2\/pages\/14567"}],"collection":[{"href":"https:\/\/www.ufmg.br\/dedd\/wp-json\/wp\/v2\/pages"}],"about":[{"href":"https:\/\/www.ufmg.br\/dedd\/wp-json\/wp\/v2\/types\/page"}],"author":[{"embeddable":true,"href":"https:\/\/www.ufmg.br\/dedd\/wp-json\/wp\/v2\/users\/5"}],"replies":[{"embeddable":true,"href":"https:\/\/www.ufmg.br\/dedd\/wp-json\/wp\/v2\/comments?post=14567"}],"version-history":[{"count":5,"href":"https:\/\/www.ufmg.br\/dedd\/wp-json\/wp\/v2\/pages\/14567\/revisions"}],"predecessor-version":[{"id":14574,"href":"https:\/\/www.ufmg.br\/dedd\/wp-json\/wp\/v2\/pages\/14567\/revisions\/14574"}],"wp:attachment":[{"href":"https:\/\/www.ufmg.br\/dedd\/wp-json\/wp\/v2\/media?parent=14567"}],"wp:term":[{"taxonomy":"category","embeddable":true,"href":"https:\/\/www.ufmg.br\/dedd\/wp-json\/wp\/v2\/categories?post=14567"},{"taxonomy":"post_tag","embeddable":true,"href":"https:\/\/www.ufmg.br\/dedd\/wp-json\/wp\/v2\/tags?post=14567"}],"curies":[{"name":"wp","href":"https:\/\/api.w.org\/{rel}","templated":true}]}}