{"id":8812,"date":"2022-04-18T08:57:04","date_gmt":"2022-04-18T11:57:04","guid":{"rendered":"https:\/\/www.ufmg.br\/dedd\/?page_id=8812"},"modified":"2024-07-03T15:54:23","modified_gmt":"2024-07-03T18:54:23","slug":"edital-1094-2021-selecao-para-tutor-do-curso-de-especializacao-em-ensino-de-artes-visuais","status":"publish","type":"page","link":"https:\/\/www.ufmg.br\/dedd\/servicos-o-que-fazemos\/edital-1094-2021-selecao-para-tutor-do-curso-de-especializacao-em-ensino-de-artes-visuais\/","title":{"rendered":"Edital 1094\/2021 \u2014 Sele\u00e7\u00e3o para tutor do curso de especializa\u00e7\u00e3o em Ensino de Artes Visuais"},"content":{"rendered":"<p><a href=\"https:\/\/www.ufmg.br\/dedd\/wp-content\/uploads\/2023\/05\/Edital-1094-2021-Ato-de-Convocacao-Mirele.pdf\">Ato de Convoca\u00e7\u00e3o n\u00ba 107\/2021 \u2014 Convoca a candidata Mirele Castanheira Brant para o cargo de tutora do curso de Especializa\u00e7\u00e3o em Ensino de Artes Visuais e Tecnologias Contempor\u00e2neas<\/a>(publicado em 17\/11\/\/2021)<\/p>\n<p><a href=\"https:\/\/www.ufmg.br\/dedd\/wp-content\/uploads\/2023\/05\/Edital-1094-2021-Ato-de-Convocacao.pdf\">Ato de convoca\u00e7\u00e3o<\/a>\u00a0(publicado em 4\/11\/\/2021)<\/p>\n<p><a href=\"https:\/\/www.ufmg.br\/dedd\/wp-content\/uploads\/2023\/05\/Edital-1094-2021-Resultado-Final.pdf\">Resultado final<\/a>(publicado em 10\/9\/\/2021)<\/p>\n<p><a href=\"https:\/\/www.ufmg.br\/dedd\/formulario\/Edital-1094-2021-recurso\/\">Formul\u00e1rio para interposi\u00e7\u00e3o de recursos<\/a> (dispon\u00edvel at\u00e9 as 17h do dia 4\/9)<\/p>\n<p><a href=\"https:\/\/www.ufmg.br\/dedd\/wp-content\/uploads\/2023\/05\/Edital-1094-2021-Resultado-Preliminar.pdf\">Resultado preliminar das primeira e segunda etapas<\/a> (publicado em 25\/8\/2021)<\/p>\n<p><a href=\"https:\/\/www.ufmg.br\/dedd\/wp-content\/uploads\/2022\/04\/Edital-1094-2021-Portaria-5995.pdf\">Portaria n\u00ba 5995\/2021 \u2014 Designa membros para a comiss\u00e3o respons\u00e1vel pelo processo seletivo<\/a> (publicada em 20\/08\/2021)<\/p>\n<p><a href=\"https:\/\/www.ufmg.br\/dedd\/wp-content\/uploads\/2022\/04\/Edital-1094-2021-Retificacao.pdf\">Retifica\u00e7\u00e3o ao edital de sele\u00e7\u00e3o<\/a> (publicada em 10\/08\/2021)<\/p>\n<p><a href=\"https:\/\/www.ufmg.br\/dedd\/formulario\/Edital-1094-2021-CEEAV\/\">Formul\u00e1rio para inscri\u00e7\u00f5es<\/a> (dispon\u00edvel do dia 3\/8 \u00e0s 17h do dia 17\/8)<\/p>\n<p><a href=\"https:\/\/www.ufmg.br\/dedd\/wp-content\/uploads\/2022\/04\/EDITAL-1094.2021-TUTOR-CEEAV-assinado.pdf\">Edital 1094\/2021 \u2014 Sele\u00e7\u00e3o para tutor do curso de especializa\u00e7\u00e3o em Ensino de Artes Visuais<\/a> (publicado em 19\/07\/2021)<\/p>\n","protected":false},"excerpt":{"rendered":"<p>Ato de Convoca\u00e7\u00e3o n\u00ba 107\/2021 \u2014 Convoca a candidata Mirele [&hellip;]<\/p>\n","protected":false},"author":5,"featured_media":0,"parent":9337,"menu_order":0,"comment_status":"closed","ping_status":"closed","template":"","meta":[],"categories":[220,209],"tags":[],"acf":[],"_links":{"self":[{"href":"https:\/\/www.ufmg.br\/dedd\/wp-json\/wp\/v2\/pages\/8812"}],"collection":[{"href":"https:\/\/www.ufmg.br\/dedd\/wp-json\/wp\/v2\/pages"}],"about":[{"href":"https:\/\/www.ufmg.br\/dedd\/wp-json\/wp\/v2\/types\/page"}],"author":[{"embeddable":true,"href":"https:\/\/www.ufmg.br\/dedd\/wp-json\/wp\/v2\/users\/5"}],"replies":[{"embeddable":true,"href":"https:\/\/www.ufmg.br\/dedd\/wp-json\/wp\/v2\/comments?post=8812"}],"version-history":[{"count":10,"href":"https:\/\/www.ufmg.br\/dedd\/wp-json\/wp\/v2\/pages\/8812\/revisions"}],"predecessor-version":[{"id":10070,"href":"https:\/\/www.ufmg.br\/dedd\/wp-json\/wp\/v2\/pages\/8812\/revisions\/10070"}],"up":[{"embeddable":true,"href":"https:\/\/www.ufmg.br\/dedd\/wp-json\/wp\/v2\/pages\/9337"}],"wp:attachment":[{"href":"https:\/\/www.ufmg.br\/dedd\/wp-json\/wp\/v2\/media?parent=8812"}],"wp:term":[{"taxonomy":"category","embeddable":true,"href":"https:\/\/www.ufmg.br\/dedd\/wp-json\/wp\/v2\/categories?post=8812"},{"taxonomy":"post_tag","embeddable":true,"href":"https:\/\/www.ufmg.br\/dedd\/wp-json\/wp\/v2\/tags?post=8812"}],"curies":[{"name":"wp","href":"https:\/\/api.w.org\/{rel}","templated":true}]}}