{"id":8857,"date":"2022-04-18T10:55:43","date_gmt":"2022-04-18T13:55:43","guid":{"rendered":"https:\/\/www.ufmg.br\/dedd\/?page_id=8857"},"modified":"2024-07-03T15:54:23","modified_gmt":"2024-07-03T18:54:23","slug":"edital-1095-2021-selecao-para-professor-formador-do-curso-de-especializacao-em-ensino-de-artes-visuais","status":"publish","type":"page","link":"https:\/\/www.ufmg.br\/dedd\/servicos-o-que-fazemos\/edital-1095-2021-selecao-para-professor-formador-do-curso-de-especializacao-em-ensino-de-artes-visuais\/","title":{"rendered":"Edital 1095\/2021 &#8211; Sele\u00e7\u00e3o para professor formador do curso de especializa\u00e7\u00e3o em Ensino de Artes Visuais"},"content":{"rendered":"<p><a href=\"https:\/\/www.ufmg.br\/dedd\/wp-content\/uploads\/2022\/04\/Edital-1095-2021-Convocacao.pdf\">Ato de convoca\u00e7\u00e3o<\/a> (publicado em 26\/10\/2021)<\/p>\n<p><a href=\"https:\/\/www.ufmg.br\/dedd\/wp-content\/uploads\/2022\/04\/Edital-1095-2021-4o-Ato-de-Retificacao-1.pdf\">Resultado Final: Apresenta resultado final ap\u00f3s recursos<\/a> (publicado em 13\/10\/2021)<\/p>\n<p><a href=\"https:\/\/www.ufmg.br\/dedd\/wp-content\/uploads\/2022\/04\/Edital-1095-2021-Resposta-a-recursos.pdf\">Resultado aos Recursos: Apresenta a resposta aos recursos<\/a> (publicado em 13\/10\/2021)<\/p>\n<p><a href=\"https:\/\/www.ufmg.br\/dedd\/wp-content\/uploads\/2022\/04\/Edital-1095-2021-4o-Ato-de-Retificacao.pdf\">Quarto ato de retifica\u00e7\u00e3o: altera o Resultado Preliminar das Etapas I e II<\/a> (publicado em 01\/10\/2021)<\/p>\n<p><a href=\"https:\/\/www.ufmg.br\/dedd\/formulario\/Edital-1095-2021-recurso\/\">Formul\u00e1rio para recursos<\/a> (dispon\u00edvel at\u00e9 10\/10\/2021)<\/p>\n<p><a href=\"https:\/\/www.ufmg.br\/dedd\/wp-content\/uploads\/2022\/04\/Edital-1095-2021-Resultado-Preliminar-Etapas-I-e-II.pdf\">Resultado preliminar<\/a> (publicado em 30\/9\/2021)<\/p>\n<p><a href=\"https:\/\/www.ufmg.br\/dedd\/wp-content\/uploads\/2022\/04\/Edital-1095-2021-Portaria-6982-Comissao.pdf\">Portaria n\u00ba 6982\/2021 \u2014 Designa novos membros para a comiss\u00e3o respons\u00e1vel pelo processo de sele\u00e7\u00e3o e substitui a portaria n\u00ba n\u00ba 6864\/2021<\/a> (publicado em 23\/9\/2021)<\/p>\n<p><a href=\"https:\/\/www.ufmg.br\/dedd\/wp-content\/uploads\/2022\/04\/Edital-1095-2021-3o-Ato-de-Retificacao.pdf\">Terceiro ato de retifica\u00e7\u00e3o: altera o cronograma do processo seletivo<\/a> (publicado em 27\/9\/2021)<\/p>\n<p><a href=\"https:\/\/www.ufmg.br\/dedd\/wp-content\/uploads\/2022\/04\/Edital-1095-2021-Portaria-6864-Comissao.pdf\">Portaria n\u00ba 6864\/2021 \u2013\u2013 Designa membros para a comiss\u00e3o respons\u00e1vel pelo processo de sele\u00e7\u00e3o<\/a> (publicado em 23\/9\/2021)<\/p>\n<p><a href=\"https:\/\/www.ufmg.br\/dedd\/wp-content\/uploads\/2022\/04\/Edital-1095-2021-2o-Ato-de-Retificacao.pdf\">Segundo ato de retifica\u00e7\u00e3o: altera observa\u00e7\u00f5es sobre a carga hor\u00e1ria das disciplinas e amplia as poss\u00edveis forma\u00e7\u00f5es dos candidatos<\/a><\/p>\n<p><a href=\"https:\/\/www.ufmg.br\/dedd\/wp-content\/uploads\/2022\/04\/Edital-1095-2021-1o-Ato-de-Retificacao.pdf\">Ato de retifica\u00e7\u00e3o: altera o cronograma do processo seletivo<\/a> (publicado em 3\/9\/2021)<\/p>\n<p><a href=\"https:\/\/www.ufmg.br\/dedd\/formulario\/Edital-1095-2021-CEEAV\/\">Formul\u00e1rio para inscri\u00e7\u00f5es<\/a> (dispon\u00edvel at\u00e9 as 17h do dia 19\/9)<\/p>\n<p><a href=\"https:\/\/www.ufmg.br\/dedd\/wp-content\/uploads\/2022\/04\/Edital-1095-2021-alterado.pdf\">Edital 1095\/2021 \u2014 Sele\u00e7\u00e3o para professor formador do curso de especializa\u00e7\u00e3o em Ensino de Artes Visuais<\/a> (publicado em 06\/08\/2021)<\/p>\n","protected":false},"excerpt":{"rendered":"<p>Ato de convoca\u00e7\u00e3o (publicado em 26\/10\/2021) Resultado Final: Apresenta resultado [&hellip;]<\/p>\n","protected":false},"author":5,"featured_media":0,"parent":9337,"menu_order":0,"comment_status":"closed","ping_status":"closed","template":"","meta":[],"categories":[220,209],"tags":[],"acf":[],"_links":{"self":[{"href":"https:\/\/www.ufmg.br\/dedd\/wp-json\/wp\/v2\/pages\/8857"}],"collection":[{"href":"https:\/\/www.ufmg.br\/dedd\/wp-json\/wp\/v2\/pages"}],"about":[{"href":"https:\/\/www.ufmg.br\/dedd\/wp-json\/wp\/v2\/types\/page"}],"author":[{"embeddable":true,"href":"https:\/\/www.ufmg.br\/dedd\/wp-json\/wp\/v2\/users\/5"}],"replies":[{"embeddable":true,"href":"https:\/\/www.ufmg.br\/dedd\/wp-json\/wp\/v2\/comments?post=8857"}],"version-history":[{"count":6,"href":"https:\/\/www.ufmg.br\/dedd\/wp-json\/wp\/v2\/pages\/8857\/revisions"}],"predecessor-version":[{"id":8875,"href":"https:\/\/www.ufmg.br\/dedd\/wp-json\/wp\/v2\/pages\/8857\/revisions\/8875"}],"up":[{"embeddable":true,"href":"https:\/\/www.ufmg.br\/dedd\/wp-json\/wp\/v2\/pages\/9337"}],"wp:attachment":[{"href":"https:\/\/www.ufmg.br\/dedd\/wp-json\/wp\/v2\/media?parent=8857"}],"wp:term":[{"taxonomy":"category","embeddable":true,"href":"https:\/\/www.ufmg.br\/dedd\/wp-json\/wp\/v2\/categories?post=8857"},{"taxonomy":"post_tag","embeddable":true,"href":"https:\/\/www.ufmg.br\/dedd\/wp-json\/wp\/v2\/tags?post=8857"}],"curies":[{"name":"wp","href":"https:\/\/api.w.org\/{rel}","templated":true}]}}