{"id":802,"date":"2026-02-03T18:55:44","date_gmt":"2026-02-03T21:55:44","guid":{"rendered":"https:\/\/www.ufmg.br\/defesademocracia\/?page_id=802"},"modified":"2026-03-17T23:36:31","modified_gmt":"2026-03-18T02:36:31","slug":"membros","status":"publish","type":"page","link":"https:\/\/www.ufmg.br\/defesademocracia\/membros\/","title":{"rendered":"MEMBROS"},"content":{"rendered":"<p><b>Alice Carvalho<\/b><\/p>\n<p><img loading=\"lazy\" class=\"aligncenter size-medium wp-image-864\" src=\"https:\/\/www.ufmg.br\/defesademocracia\/wp-content\/uploads\/2026\/02\/WhatsApp-Image-2026-02-04-at-10.03.48-300x300.jpeg\" alt=\"Alice Carvalho\" width=\"300\" height=\"300\" srcset=\"https:\/\/www.ufmg.br\/defesademocracia\/wp-content\/uploads\/2026\/02\/WhatsApp-Image-2026-02-04-at-10.03.48-300x300.jpeg 300w, https:\/\/www.ufmg.br\/defesademocracia\/wp-content\/uploads\/2026\/02\/WhatsApp-Image-2026-02-04-at-10.03.48-1024x1024.jpeg 1024w, https:\/\/www.ufmg.br\/defesademocracia\/wp-content\/uploads\/2026\/02\/WhatsApp-Image-2026-02-04-at-10.03.48-150x150.jpeg 150w, https:\/\/www.ufmg.br\/defesademocracia\/wp-content\/uploads\/2026\/02\/WhatsApp-Image-2026-02-04-at-10.03.48-768x768.jpeg 768w, https:\/\/www.ufmg.br\/defesademocracia\/wp-content\/uploads\/2026\/02\/WhatsApp-Image-2026-02-04-at-10.03.48.jpeg 1280w\" sizes=\"(max-width: 300px) 100vw, 300px\" \/><\/p>\n<p><span style=\"font-weight: 400;\">Graduanda em jornalismo pela UFMG, atua com bolsista do PET CDD e faz parte da comiss\u00e3o de conex\u00e3o. Em sua experi\u00eancia profissional e acad\u00eamica, atuou como pesquisadora volunt\u00e1ria no Projeto &#8220;Os usos e apropria\u00e7\u00f5es do passado e as novas tecnologias da informa\u00e7\u00e3o&#8221; do \u00e2mbito de hist\u00f3ria do CEFET-MG, como rep\u00f3rter da Revista Universit\u00e1ria RU3 e como revisora na Revista Curi\u00f3.\u00a0<\/span><\/p>\n<p><span style=\"font-weight: 400;\">Acesse seu lattes <\/span><a href=\"http:\/\/lattes.cnpq.br\/3904327942373442\"><span style=\"font-weight: 400;\">aqui<\/span><\/a><span style=\"font-weight: 400;\">.<\/span><\/p>\n<p>&nbsp;<\/p>\n<p><b>D\u00f4uglas Ferreira<\/b><\/p>\n<p><img loading=\"lazy\" class=\"aligncenter size-medium wp-image-866\" src=\"https:\/\/www.ufmg.br\/defesademocracia\/wp-content\/uploads\/2026\/02\/WhatsApp-Image-2026-02-04-at-10.04.13-224x300.jpeg\" alt=\"Douglas Ferreira\" width=\"224\" height=\"300\" srcset=\"https:\/\/www.ufmg.br\/defesademocracia\/wp-content\/uploads\/2026\/02\/WhatsApp-Image-2026-02-04-at-10.04.13-224x300.jpeg 224w, https:\/\/www.ufmg.br\/defesademocracia\/wp-content\/uploads\/2026\/02\/WhatsApp-Image-2026-02-04-at-10.04.13-764x1024.jpeg 764w, https:\/\/www.ufmg.br\/defesademocracia\/wp-content\/uploads\/2026\/02\/WhatsApp-Image-2026-02-04-at-10.04.13-768x1029.jpeg 768w, https:\/\/www.ufmg.br\/defesademocracia\/wp-content\/uploads\/2026\/02\/WhatsApp-Image-2026-02-04-at-10.04.13-1146x1536.jpeg 1146w, https:\/\/www.ufmg.br\/defesademocracia\/wp-content\/uploads\/2026\/02\/WhatsApp-Image-2026-02-04-at-10.04.13.jpeg 1194w\" sizes=\"(max-width: 224px) 100vw, 224px\" \/><\/p>\n<p><span style=\"font-weight: 400;\">Professor do Programa de P\u00f3s-gradua\u00e7\u00e3o em Comunica\u00e7\u00e3o Social da UFMG, \u00e9 o tutor do PET CDD. \u00c9 mestre em Comunica\u00e7\u00e3o Social &#8211; Intera\u00e7\u00f5es Midi\u00e1ticas pela Pontif\u00edcia Universidade Cat\u00f3lica de Minas Gerais com per\u00edodo de interc\u00e2mbio na Ural Federal University (UrFU &#8211; Ecaterimburgo &#8211; R\u00fassia) para cursar disciplinas no Departamento de Comunica\u00e7\u00e3o de Marketing e Branding. Especialista em Gest\u00e3o de Marcas e Identidade Corporativa e bacharel em Comunica\u00e7\u00e3o Social (Gest\u00e3o da Comunica\u00e7\u00e3o Integrada) &#8211; Habilitado em Publicidade e Propaganda pela Pontif\u00edcia Universidade Cat\u00f3lica de Minas Gerais. Membro do GRIS &#8211; Grupo de Imagem e Sociabilidade (UFMG) e Midi\u00e1ticus &#8211; Grupo de Pesquisa em M\u00eddia, Pol\u00edtica e Democracia (UFMT). Vencedor do Pr\u00eamio ABRAPCORP de Disserta\u00e7\u00f5es em 2017. Autor dos livros &#8220;O jornal que subiu as escadas: estrat\u00e9gias e representa\u00e7\u00f5es na Comunica\u00e7\u00e3o Interna&#8221; , &#8220;Como \u00e9 trabalhar em uma ag\u00eancia de publicidade? Relatos das emo\u00e7\u00f5es vivenciadas no ambiente de trabalho publicit\u00e1rio&#8221; , &#8220;O que (\u00e9) marca? Um olhar comunicacional sobre o branding&#8221; e &#8220;Quatro Li\u00e7\u00f5es essenciais sobre branding: uma introdu\u00e7\u00e3o para quem est\u00e1 come\u00e7ando no universo das marcas&#8221; e do jogo &#8220;P do Qu\u00ea? &#8211; Do Marketing&#8221;\u00a0<\/span><\/p>\n<p><span style=\"font-weight: 400;\">Acesse seu lattes <\/span><a href=\"https:\/\/buscatextual.cnpq.br\/buscatextual\/visualizacv.do?id=K4257094Y5&amp;tokenCaptchar=0cAFcWeA6pNRL-dNl0xW0jJYkwn7dttEFxn3qOaPFLfJ0ip3rXv3aiQVcg1TrrinK82aFV96-jQw6iafabO1PICCBRXyDPs67kbrerh14X2v2tpjmDKySIgyrpqLizPvUNbtixHkZAcV88-NBmTvusP5VVeU-iJBcmBwmlSLdB94MNhbYH-5zceo2k0hdtmVoStw2Bh3bKphE2RdEHVzYVuUircVlnrRPmPAuWqrVMSFTj0tlfKN7dKzKebO1iH4WohQoYwjnDN0m2Da7hOUzh9uDDR-hpwQflJEFikxSF-thw30UliMpZ-f7oNuqNKMRiShTgnvVBM7A83nX6FfcV5M6k0N2z6Qit4rPWEnIk2xnTDP53j3sPrVLXAnaemytOYJetjQ4hT3q0AzWQOg49Pxd3eLyd15D5RjTNLUMksJRsVqgHPpOy6tgV4Tl5Zey53py6F95pIOYhizS37xxM3K9s3M5id-9dxbc6Q5Y2l3Ve_JphCKHs4V8g-1Q-dA5RdUVZT6KBgBxn3EwwIDfdG93hNeGtBwGgPfoHl7INgyRhT0q24fz2U6bdtFHwrq4boZiEGk1Ax-waz-Svn6hyh3cuWV5sQb0FS7YsQDRn4J5Ne9S8F934zL2EUQCqE7lAJgPD_RT7EAOzY8zqaa2G73cpItsOEaBTcC02_HCfE8VmTVbBfA7qJkpcbzVG6sRkWGhO0Qa2HHxYy2GA2s5EGQpN7iR7kU-N8mCm_qqybJtrfqy23veWuH1xAD7fRRM4WMj-4x121_RXQ6vIBoSF1Fc1azt5e0U52NZEd0PtClfmNWASs4HMlvzO-wMg4Ox7nDKM1bsN3q1JbAAauJaEImFFK8beqyTrWUgPV866XJKknt6e3l6h7enEAVFzI_R5xiGfr9HGipSwvCQwI2q0tLds3olmtpAa9Gq7ekZxomYlkETK0rfXpIRiPvY67u8DdC9xFecxox1E\"><span style=\"font-weight: 400;\">aqui<\/span><\/a><\/p>\n<p>&nbsp;<\/p>\n<p><b>Lara Tavares Oliveira<\/b><\/p>\n<p><img loading=\"lazy\" class=\"aligncenter size-medium wp-image-867\" src=\"https:\/\/www.ufmg.br\/defesademocracia\/wp-content\/uploads\/2026\/02\/WhatsApp-Image-2026-02-04-at-10.07.25-300x225.jpeg\" alt=\"\" width=\"300\" height=\"225\" srcset=\"https:\/\/www.ufmg.br\/defesademocracia\/wp-content\/uploads\/2026\/02\/WhatsApp-Image-2026-02-04-at-10.07.25-300x225.jpeg 300w, https:\/\/www.ufmg.br\/defesademocracia\/wp-content\/uploads\/2026\/02\/WhatsApp-Image-2026-02-04-at-10.07.25-1024x768.jpeg 1024w, https:\/\/www.ufmg.br\/defesademocracia\/wp-content\/uploads\/2026\/02\/WhatsApp-Image-2026-02-04-at-10.07.25-768x576.jpeg 768w, https:\/\/www.ufmg.br\/defesademocracia\/wp-content\/uploads\/2026\/02\/WhatsApp-Image-2026-02-04-at-10.07.25-1536x1152.jpeg 1536w, https:\/\/www.ufmg.br\/defesademocracia\/wp-content\/uploads\/2026\/02\/WhatsApp-Image-2026-02-04-at-10.07.25.jpeg 1600w\" sizes=\"(max-width: 300px) 100vw, 300px\" \/><\/p>\n<p><span style=\"font-weight: 400;\">Graduanda em Publicidade e Propaganda pela UFMG, \u00e9 bolsista do PET CDD e faz parte da comiss\u00e3o de redes. Durante a gradua\u00e7\u00e3o, participou como volunt\u00e1ria da equipe de Comunica\u00e7\u00e3o da 59\u2060\u00aa Olimp\u00edada Internacional de Qu\u00edmica Mendeleev (IMChO-59) e atuou como assessora de projetos e gerente de marketing na Empresa J\u00fanior Cria UFMG e realizou. Em sua experi\u00eancia profissional, realizou est\u00e1gios remunerados nas \u00e1reas de marketing digital e design UX\/UI.<\/span><\/p>\n<p><span style=\"font-weight: 400;\">Acesse seu lattes <\/span><a href=\"https:\/\/buscatextual.cnpq.br\/buscatextual\/visualizacv.do?id=K1507717Z9&amp;tokenCaptchar=0cAFcWeA4budEt6mhoi4CPcjoc7aMD1VtNFkGNxAZyN7zh7348Vj9uah02YIf5EJ583jWrp4lRSMCAulrBvwhBPuxN4AgAbTSeWrt6kG4Ru_qfh33EG5vnrUjVoocimVEu9EnzhHmO8Rpr3SMIDgNLXPLA3DpDYcp3WChGTFstKaAyyZHLh-mWy9Zqd2LskxYd0YNKk-MD24co-wmqMECz2PmPmB--Xch2o2vTbhzjAylBJskRXP34u45zFPZm7EM3YIriwvkp66L6ta9g2Mo9fKmXSAUmmsx1ghjUImX0yydDbng4F-hMYMpZ20-8MjuXkTjPsaP6jjv--nZpEzWJToJSi2P_ODhXnY3GRg5b_hp6ijTfnv0wlD2_gcUgi4A3uTZl1Gt6fKlpx0Eq66kZpxlWXG6LAnXa-_0sWIisknsjdMTomztRs4GuinH1x1bHdcp9BXg1WwSBflv1ctvGicZMNhl5l1Q7zH0kaxP0iWepS0aDu7Js0wuDmHOgv-hUnS_c49EseAN-7bUvMcJNEqa0Q4IvY_pFwjeOPmV8gcUv4aIBMmE9qbIs3vLuvsYHFRXR9Mztm0vHoXngo7HEHvTH_bQ0TuDcK8mR0cwBgX1y7jVCYharZXHXy4UzAzh-_Zd4Tn_4U1UlQkeEW5a9TE4kp1RuXdL88SU39O8WK0ydiRL2877fD75tCTUXNIw-tO9TSdd1-EcIVFp4EyWcry_bM6MFUsj6GXvNb5_MZaqcFqkPRMX18sqWDo6Mjjf7Ch9gIlghWmC4-0yfZK7c73FqPuzULnYuItXllRguk1nOeCRl3Z8fiwlmIsCfY4Mw37l70uXp0G_slMLSyRYyido_6rbbwVQPCPWwoAMxcjvjr9TUvPNqD3K6saM72XZEurf-FVpjPbbg7P2LZjuVTvk8zk9kZOjJF4Fcl8hNEtONM1J8t9hOIt3rVTkzh6ih7lzLxI2K5O8h5av6zzIVn_MpS2NmfN0pew\"><span style=\"font-weight: 400;\">aqui<\/span><\/a><\/p>\n<p>&nbsp;<\/p>\n<p><b>Diego de Deus<\/b><\/p>\n<p><img loading=\"lazy\" class=\"aligncenter size-medium wp-image-868\" src=\"https:\/\/www.ufmg.br\/defesademocracia\/wp-content\/uploads\/2026\/02\/WhatsApp-Image-2026-02-04-at-10.03.49-2-216x300.jpeg\" alt=\"\" width=\"216\" height=\"300\" srcset=\"https:\/\/www.ufmg.br\/defesademocracia\/wp-content\/uploads\/2026\/02\/WhatsApp-Image-2026-02-04-at-10.03.49-2-216x300.jpeg 216w, https:\/\/www.ufmg.br\/defesademocracia\/wp-content\/uploads\/2026\/02\/WhatsApp-Image-2026-02-04-at-10.03.49-2-736x1024.jpeg 736w, https:\/\/www.ufmg.br\/defesademocracia\/wp-content\/uploads\/2026\/02\/WhatsApp-Image-2026-02-04-at-10.03.49-2-768x1069.jpeg 768w, https:\/\/www.ufmg.br\/defesademocracia\/wp-content\/uploads\/2026\/02\/WhatsApp-Image-2026-02-04-at-10.03.49-2.jpeg 926w\" sizes=\"(max-width: 216px) 100vw, 216px\" \/><\/p>\n<p><span style=\"font-weight: 400;\">Mestre e doutorando em Comunica\u00e7\u00e3o Social pela Faculdade de Filosofia e Ci\u00eancias Humanas &#8211; FAFICH\/PPGCOM-UFMG. Foi bolsista da Coordena\u00e7\u00e3o de Aperfei\u00e7oamento de Pessoal de N\u00edvel Superior (CAPES) durante o mestrado. \u00c9 integrante da Rede SIMM: Rede de Pesquisa em Semi\u00f3tica, Intera\u00e7\u00f5es e Materialidades Midi\u00e1ticas. Tamb\u00e9m integra o Grupo de Pesquisa M\u00eddia, Semi\u00f3tica e Pragmatismo &#8211; MediaA\u00e7\u00e3o (UFMG\/CNPq). Possui gradua\u00e7\u00e3o em Jornalismo pelo Centro Universit\u00e1rio das Faculdades Associadas de Ensino (UNIFAE). \u00c9 produtor e roteirista do document\u00e1rio &#8220;Democracia da Desinforma\u00e7\u00e3o&#8221;. Atua como editor-adjunto da revista acad\u00eamica da Associa\u00e7\u00e3o Brasileira de TV Universit\u00e1ria (ABTU).<\/span><\/p>\n<p><span style=\"font-weight: 400;\">Acesse seu lattes <\/span><a href=\"https:\/\/buscatextual.cnpq.br\/buscatextual\/visualizacv.do?id=K9742262Y6&amp;tokenCaptchar=0cAFcWeA73KgaLNBHmlWObWdSsgg738HXTSLdytzZ9dDorGGs4bfpoLeOX9yYgZM9c4kU3Nw1ayhAzV-6iv33DBzThICCB5GPnReVcVaDbm2gXxzIHIkA2rhTX4wIDQj-OjLuzfhcS7Vm6zapvQYcwp6g-ZJa_4b-EeEDIO42Xdwi4VDxy_hHsKGO7JjmaA9lKetteh0QXhbOlXRw3o6ivRcIxWCxlAHgDe1GO5tAZEItoVYl6tvznNI8tPqkzH_cF5efI1VxBhu0PemB8BWx40SVmaiJEl_qX7QRHOJ6Ik9TT36OyrxcfBHVYwbxjGHs-o39_Biw2nafK-9KUwwAejMPxYvW5wWToZxOJxjOYHe5Pj47P9UWWQYFh98JH4HWyhXtf7ILXNl52Bh487cWZz1acvg7Ocstqt0YFeIVTci211ADNfet2B43BFARUktum0XfcMUaa8tmJ6Tkr5Ib0sD2HNZMixCu0GUaucyAesDoiybkBaJWW8LZfQ3PfPdI7yDF6egJr_FVI0qp8zbdeWQCMJe59qRR3QTnupukA3SAgyYpsmoUAd1stsnMVMjs-3M3gUD_yEPd0h3Rr1evtILUdFkSGp4of6-k9-wXGuR9AgH-f_IBSBBMM8uFLj4TOG1Q6vI-0-Codz2CGB2LwPSrzJGw4jZ5o8tk8aMUrIoNf7nwL5t2-6xEudZQq7cjZ3dms6m0A-vXVnlliEMzg8Nh6aeJ0oej7RxkIovAGoicD_dZS7G9GK86WTscRLWuAr3inXxoKBBlvNw3wK61qxOAPB43eDbgDft99SXT2z3wj34oEGlRW_kCIUOBg3BB8A5P9HvKuQVc-qH0HGUZU9oTpBQmthQ-B7eiqSTyIAU8BO_-9TBqdFcsI8qlA6ZCvLmcB4WiIb4qAEy-WQRzNUEHr0tapYlSA-g\"><span style=\"font-weight: 400;\">aqui<\/span><\/a><\/p>\n<p>&nbsp;<\/p>\n<p><b>J\u00falia Resende<\/b><\/p>\n<p><img loading=\"lazy\" class=\"aligncenter size-medium wp-image-870\" src=\"https:\/\/www.ufmg.br\/defesademocracia\/wp-content\/uploads\/2026\/02\/WhatsApp-Image-2026-02-04-at-10.03.58-225x300.jpeg\" alt=\"J\u00falia Resende\" width=\"225\" height=\"300\" srcset=\"https:\/\/www.ufmg.br\/defesademocracia\/wp-content\/uploads\/2026\/02\/WhatsApp-Image-2026-02-04-at-10.03.58-225x300.jpeg 225w, https:\/\/www.ufmg.br\/defesademocracia\/wp-content\/uploads\/2026\/02\/WhatsApp-Image-2026-02-04-at-10.03.58-768x1024.jpeg 768w, https:\/\/www.ufmg.br\/defesademocracia\/wp-content\/uploads\/2026\/02\/WhatsApp-Image-2026-02-04-at-10.03.58.jpeg 960w\" sizes=\"(max-width: 225px) 100vw, 225px\" \/><\/p>\n<p><span style=\"font-weight: 400;\">Graduanda em Rela\u00e7\u00f5es P\u00fablicas, atua como volunt\u00e1ria no PET CDD faz parte da comiss\u00e3o de secretariado. Em sua experi\u00eancia acad\u00eamica e profissional, fez parte da Empresa J\u00fanior Cria UFMG como assessora de projetos e foi coordenadora de infraestrutura no evento TipCom.<\/span><\/p>\n<p><span style=\"font-weight: 400;\">Acesse seu lattes <\/span><a href=\"https:\/\/buscatextual.cnpq.br\/buscatextual\/visualizacv.do?id=K1572721E4&amp;tokenCaptchar=0cAFcWeA6oEyd1NcdF7JHCQfokY2utiZhoVbMjs-gB1I3fbcjHiGdzXXava7eBvh4z5QIbyDk98r64VrGsTqjcscrtjHkM4LRkjD8QhirbCAOXDT05I5VFLmwOVMqwWDIOgTWXQCT5Hd_EaBx7Mf69ecMhe4xFQBaUV-igixMAHhZgH3cKtiECGn9qQUCPtJKLcuzVTEZeEMIPiNYdHjs84eEKpojD8imn1oT8tJ8J8nK-EGangUQWxtqeHeq2BIr75pYVMnxyq8g-UxaWbg6doHDkZxjHYmvPApKs2lwsGtdo9_OWy7mQa00Ph3_kOlEQ7ZuJ_3apFyTIWowwBDm9R6QRpYQfd_dkMZACq_OyQflweqt6kKKr8ZFYz_ayuxupNpziEQSGcQYpGz02AO88-XnKztvq7hbcT557oBCfPbhGNMcBhyC4HF6-fGoPUMUPLp9uhB4PGkKGw5aTK8lWer4b2bSQQ5nhIhxThOOJq-djqfPr3Hjllkz6S0zdjBRU8GXAPeA_3yzYdrQZ_ONackm6PQ5wFLzIaK-NsOKeCUnr8AtA4KcR_YORZC_xQ4pM0-Il6i7SU3W_LG5WZ3bqOcwnBVov4EXAMuSraQk43HTQ62n4lLnOIwpAbI1YDfJQOpnSxD1F8NXK0x2YKHU_l3kr-EXmOKlHwr4FCuswTQQzUnhXJyfwpFpBawIPfHBWIEJK-2VeixXgcSxFhl-g5J_lsz4pBL5zgvUMWdxxZX7GhtXOeoWmYrzh6Slr_ePJYQ2NJwVcy2lqRmKeevDXWm3OxO-zgnh98rsRnMZMxHUd6dHsy334sIJl76OIn9tV0Ov2kOUw8IxoVE53omALOQVqs7XfQCcq_jdC09SaZcSxCqfLneqUYy_eDVlDwUK5FrpQPrajT47i9L9_fTWbzyohCT4fBm5dLXpx7YzgoVCKC0UtfO5sNcHicSZYGL4HOz9Y-gfVbvY44SwYYJIlMJi-n9S-OeJh-Q\"><span style=\"font-weight: 400;\">aqui<\/span><\/a><\/p>\n<p>&nbsp;<\/p>\n<p><b>Mariana Santos<\/b><\/p>\n<p><img loading=\"lazy\" class=\"aligncenter size-medium wp-image-871\" src=\"https:\/\/www.ufmg.br\/defesademocracia\/wp-content\/uploads\/2026\/02\/WhatsApp-Image-2026-02-04-at-10.08.36-296x300.jpeg\" alt=\"\" width=\"296\" height=\"300\" srcset=\"https:\/\/www.ufmg.br\/defesademocracia\/wp-content\/uploads\/2026\/02\/WhatsApp-Image-2026-02-04-at-10.08.36-296x300.jpeg 296w, https:\/\/www.ufmg.br\/defesademocracia\/wp-content\/uploads\/2026\/02\/WhatsApp-Image-2026-02-04-at-10.08.36-1009x1024.jpeg 1009w, https:\/\/www.ufmg.br\/defesademocracia\/wp-content\/uploads\/2026\/02\/WhatsApp-Image-2026-02-04-at-10.08.36-768x779.jpeg 768w, https:\/\/www.ufmg.br\/defesademocracia\/wp-content\/uploads\/2026\/02\/WhatsApp-Image-2026-02-04-at-10.08.36.jpeg 1080w\" sizes=\"(max-width: 296px) 100vw, 296px\" \/><\/p>\n<p><span style=\"font-weight: 400;\">Graduanda em Biblioteconomia pela UFMG, \u00e9 bolsista do PET CDD e faz parte da comiss\u00e3o de secretariado. Durante sua forma\u00e7\u00e3o acad\u00eamica, est\u00e1 adquirindo conhecimentos nas \u00e1reas de organiza\u00e7\u00e3o e gest\u00e3o da informa\u00e7\u00e3o, servi\u00e7os de informa\u00e7\u00e3o, processamento t\u00e9cnico e forma\u00e7\u00e3o de leitores. Em sua experi\u00eancia profissional, realizou o est\u00e1gio remunerado no N\u00facleo de Acervo da Academia Mineira de Letras e o Est\u00e1gio Obrigat\u00f3rio na Biblioteca da Escola de Design da UEMG, onde desenvolveu habilidades na cataloga\u00e7\u00e3o, organiza\u00e7\u00e3o de acervos, preserva\u00e7\u00e3o, pesquisa e elabora\u00e7\u00e3o de projetos culturais e educacionais.<\/span><\/p>\n<p><span style=\"font-weight: 400;\">Acesse seu lattes <\/span><a href=\"http:\/\/lattes.cnpq.br\/7618529774066705\"><span style=\"font-weight: 400;\">aqui<\/span><\/a><\/p>\n<p>&nbsp;<\/p>\n<p><b>Augusto Vallejos<\/b><\/p>\n<p><img loading=\"lazy\" class=\"aligncenter size-medium wp-image-872\" src=\"https:\/\/www.ufmg.br\/defesademocracia\/wp-content\/uploads\/2026\/02\/1727116667608-300x300.jpeg\" alt=\"\" width=\"300\" height=\"300\" srcset=\"https:\/\/www.ufmg.br\/defesademocracia\/wp-content\/uploads\/2026\/02\/1727116667608-300x300.jpeg 300w, https:\/\/www.ufmg.br\/defesademocracia\/wp-content\/uploads\/2026\/02\/1727116667608-150x150.jpeg 150w, https:\/\/www.ufmg.br\/defesademocracia\/wp-content\/uploads\/2026\/02\/1727116667608-768x768.jpeg 768w, https:\/\/www.ufmg.br\/defesademocracia\/wp-content\/uploads\/2026\/02\/1727116667608.jpeg 800w\" sizes=\"(max-width: 300px) 100vw, 300px\" \/><\/p>\n<p><span style=\"font-weight: 400;\">Graduando em Rela\u00e7\u00f5es P\u00fablicas pela UFMG, \u00e9 bolsista do PET CDD e faz parte da comiss\u00e3o de conex\u00e3o. Durante a forma\u00e7\u00e3o acad\u00eamica, participou como volunt\u00e1rio do Laborat\u00f3rio de Rela\u00e7\u00f5es P\u00fablicas em 2023 e atua como Coordenador da modalidade de handebol Masculino da AAFAFICH e como Coordenador de Comunica\u00e7\u00e3o do Time Geral de Handebol Masculino da UFMG. Tem experi\u00eancia em est\u00e1gio nas \u00e1reas de comunica\u00e7\u00e3o, marketing e comercial.<\/span><\/p>\n<p><span style=\"font-weight: 400;\">Acesse seu lattes aqui<\/span><\/p>\n<p>&nbsp;<\/p>\n<p><b>Sophia Silv\u00e9rio<\/b><\/p>\n<p><img loading=\"lazy\" class=\"aligncenter size-medium wp-image-873\" src=\"https:\/\/www.ufmg.br\/defesademocracia\/wp-content\/uploads\/2026\/02\/WhatsApp-Image-2026-02-04-at-10.03.49-300x300.jpeg\" alt=\"\" width=\"300\" height=\"300\" srcset=\"https:\/\/www.ufmg.br\/defesademocracia\/wp-content\/uploads\/2026\/02\/WhatsApp-Image-2026-02-04-at-10.03.49-300x300.jpeg 300w, https:\/\/www.ufmg.br\/defesademocracia\/wp-content\/uploads\/2026\/02\/WhatsApp-Image-2026-02-04-at-10.03.49-1024x1024.jpeg 1024w, https:\/\/www.ufmg.br\/defesademocracia\/wp-content\/uploads\/2026\/02\/WhatsApp-Image-2026-02-04-at-10.03.49-150x150.jpeg 150w, https:\/\/www.ufmg.br\/defesademocracia\/wp-content\/uploads\/2026\/02\/WhatsApp-Image-2026-02-04-at-10.03.49-768x768.jpeg 768w, https:\/\/www.ufmg.br\/defesademocracia\/wp-content\/uploads\/2026\/02\/WhatsApp-Image-2026-02-04-at-10.03.49-1536x1536.jpeg 1536w, https:\/\/www.ufmg.br\/defesademocracia\/wp-content\/uploads\/2026\/02\/WhatsApp-Image-2026-02-04-at-10.03.49.jpeg 1600w\" sizes=\"(max-width: 300px) 100vw, 300px\" \/><\/p>\n<p><span style=\"font-weight: 400;\">Graduanda em Jornalismo,\u00e9 volunt\u00e1ria no PET CDD e faz parte da comiss\u00e3o de conex\u00e3o. Como experi\u00eancia de acad\u00eamica e profissional, atuou como Rep\u00f3rter da Revista Universit\u00e1ria RU3, diretora de comunica\u00e7\u00e3o no projeto Enactus UFMG e editora audiovisual no podcast \u201cQuem Quer Pod?\u201d.<\/span><\/p>\n<p><span style=\"font-weight: 400;\">Acesse seu lattes <\/span><a href=\"https:\/\/buscatextual.cnpq.br\/buscatextual\/visualizacv.do?id=K1582106U9&amp;tokenCaptchar=0cAFcWeA7VV87BKlbpCchX0ZA1UEhDcVgmMvzA7iteVsuogWOjHRhd9FduE3hnjtavvRG6pFvc7sbzRyAfzPGI6XEa2LDNAjzjrW02tFQQYCTTqSaxSSt7j-Cmpw8x5tXO2lgsC4whSgSwOmpaE13stTG4jBj6bgFrYXQot2SHHRfb-Cus_pkaV-dC0KCdj7bNVU6_L05v8mPVJYOtUFFiN1v_RZ0duZC-Ct7Bh08iODcP6b3ek8TJ3J4eFozqHRI6q1fUBKNYR3Gubnfs5pMOeb6ImujBtiPyeEA8Uww6q5XiYQ2Q5SjbUs0LuSUv__gu7i8gQX_LlZ6L8EQMTFSc6Tw7agHHFREZDWlekXKPTUHyPT-UesDhRz9vwLfYoXTFBquXL8BhHlD9toNV4XbEh6U2AbQnZ5LBpa-H5AAyg-Vkh_bnd84dfH-xyKCd1qyRd3kC8eMjPYfWcaE1rghaVGByiXbB2jJjjzTMLz1clKXibGfakLOKGS2x0zu_ax8RDNQW8nXt15oj4ycf1yXukVPMbNR098_aeNKWXdm-KRQ8ENT0ClhN1TgQHMvT3Z69sqLNU75Pn22rkdTfinPF2T9F9k10rBEz3WnanyeXWddnHiH29kSPvFA366ujjwpkLMgAv3RmeK_CMdQvb5oC2Ia1ZDFEDTBylV5JnXaJ8FWTEd4bHAUpR6dtfgv9EqYE6Dt55o7a1i_y2yMCDbBVjf09VkYkcUSdF06U227GplOZitriY1uX8BJ1mSJ8dd66Ok4yNtakgLzkDciY0nGqS_IH9uibU7GSdYGNPjfyWqViuvTHDUP9OzzKRaBH6-L-JIapEH131juMGnzrbX_WXXv4yJf2pAsOGYAGsXY06otYBJ_MHkbzs02BXHA9XQiULlNa3fbu08FfV3GE0qtaHms28cDkUjvFw08ZKLvnDhPgGRcK_LJsg0LSFcoZ1yFdiGuBxVwIYxs8y6SD45En5ZKo2ZUlv2bwaePDAJGJR7mv7AiLuudUGWg\"><span style=\"font-weight: 400;\">aqui<\/span><\/a><\/p>\n<p>&nbsp;<\/p>\n<p><strong>Astrid Rojas<\/strong><\/p>\n<p><img loading=\"lazy\" class=\"aligncenter size-medium wp-image-904\" src=\"https:\/\/www.ufmg.br\/defesademocracia\/wp-content\/uploads\/2026\/03\/WhatsApp-Image-2026-03-16-at-15.43.20-1-300x277.jpeg\" alt=\"\" width=\"300\" height=\"277\" srcset=\"https:\/\/www.ufmg.br\/defesademocracia\/wp-content\/uploads\/2026\/03\/WhatsApp-Image-2026-03-16-at-15.43.20-1-300x277.jpeg 300w, https:\/\/www.ufmg.br\/defesademocracia\/wp-content\/uploads\/2026\/03\/WhatsApp-Image-2026-03-16-at-15.43.20-1-1024x945.jpeg 1024w, https:\/\/www.ufmg.br\/defesademocracia\/wp-content\/uploads\/2026\/03\/WhatsApp-Image-2026-03-16-at-15.43.20-1-768x709.jpeg 768w, https:\/\/www.ufmg.br\/defesademocracia\/wp-content\/uploads\/2026\/03\/WhatsApp-Image-2026-03-16-at-15.43.20-1.jpeg 1280w\" sizes=\"(max-width: 300px) 100vw, 300px\" \/><\/p>\n<p>&nbsp;<\/p>\n<p><span style=\"font-weight: 400;\">Mestranda em Comunica\u00e7\u00e3o Social na UFMG na linha de pesquisa Comunica\u00e7\u00e3o, Territ\u00f3rio e Vulnerabilidade e Bacharel em Comunica\u00e7\u00e3o Social pela Universidad Nacional Mayor de San Marcos (UNMSM), Peru. Como experi\u00eancia de acad\u00eamica e profissional, atuou na coordena\u00e7\u00e3o do programa &#8216;Illariywan Yachariy&#8217; e fez parte da equipe de colabora\u00e7\u00e3o com o Programa das Na\u00e7\u00f5es Unidas para o Desenvolvimento (PNUD).<\/span><\/p>\n<p><span style=\"font-weight: 400;\">Acesse seu lattes <\/span><a href=\"https:\/\/lattes.cnpq.br\/2823850041931095\"><span style=\"font-weight: 400;\">aqui<\/span><\/a><\/p>\n<p>&nbsp;<\/p>\n<p><strong>Flora Villela<\/strong><\/p>\n<p><img loading=\"lazy\" class=\"aligncenter size-medium wp-image-903\" src=\"https:\/\/www.ufmg.br\/defesademocracia\/wp-content\/uploads\/2026\/03\/WhatsApp-Image-2026-03-16-at-15.42.33-169x300.jpeg\" alt=\"\" width=\"169\" height=\"300\" srcset=\"https:\/\/www.ufmg.br\/defesademocracia\/wp-content\/uploads\/2026\/03\/WhatsApp-Image-2026-03-16-at-15.42.33-169x300.jpeg 169w, https:\/\/www.ufmg.br\/defesademocracia\/wp-content\/uploads\/2026\/03\/WhatsApp-Image-2026-03-16-at-15.42.33-576x1024.jpeg 576w, https:\/\/www.ufmg.br\/defesademocracia\/wp-content\/uploads\/2026\/03\/WhatsApp-Image-2026-03-16-at-15.42.33.jpeg 720w\" sizes=\"(max-width: 169px) 100vw, 169px\" \/><\/p>\n<p>&nbsp;<\/p>\n<p><span style=\"font-weight: 400;\">Graduanda em jornalismo pela UFMG com forma\u00e7\u00e3o complementar em Rela\u00e7\u00f5es Econ\u00f4micas Internacionais. Como experi\u00eancia profissional, atuou como estagi\u00e1ria no jornal Brasil de Fato MG e como volunt\u00e1ria na cobertura de eventos de car\u00e1ter social. Durante a forma\u00e7\u00e3o acad\u00eamica, foi bolsista CNPQ de inicia\u00e7\u00e3o cient\u00edfica no projeto &#8220;A cria\u00e7\u00e3o de espa\u00e7os de jogo e zonas de hospitalidade nas imagens&#8221;.<\/span><\/p>\n<p><span style=\"font-weight: 400;\">Acesse seu lattes <\/span><a href=\"https:\/\/buscatextual.cnpq.br\/buscatextual\/visualizacv.do?id=K2874071J6&amp;tokenCaptchar=0cAFcWeA4-ogT3UypI7wW_RRWWs9lGB2uwm6Cp0Xcjqw9N_qI_4hPwEf2LW_63Pt1fW1NK65MUSUtRvnc0X9EucY2-1CzpxZLd6LiWrRXdUD2ngEp2iF8Rn0fnPMZvHItO5Omky-rTYAmB5VgsXqP93o_r3Jf4wCpaoRocvN2ubBXaoSGys4tOhSFRMzbV5aZH6xx96kCo5wkpOGU480-2ufy6ezqIy4w5hnw18njImUNlxUqNpM4iPGmpBde_vf-tyt3s9W3ENLq50UEq_DAx93R5A2bCiDwWfFHYnX-zu58NP0_BHtRp16uhvnn05nmFmLuqlgN6DFSNQgAU_cB2kzXgA5cJeorrVQN2WXsLuCQVVco9G6EBim92mlp28tdNmHJa0eAiMPdtEwqQ1Lv1DIkey6VXpPEvC425KGmMcDqOkL_bL9mOIzyPP2VDIGIzFTloTvSC-Ita0ET1ZSPXet7GLpYPni7jR0qBbNCvXsWSZSwHW-za5Qfzufb4GhiZ3jZmi4x8cabGk71-VNHi15GS5lPIPFZtuVWP_ZhU1E9klEpP6yoGhReBdw0h9s5Kn3YV02fOI6Y70l7PRzC1cMeIN9OsJ0f29ub_kC1H1HjqHFWMa5CcW3pd7qUQE8GbGuu8y8YyeYRx-OpOph4iud-uSuA9EO55wVqzTS05w7ZZ8uwIS4oIHHoRGd6iSfM47GgDehRgx6Lqny8AJ5L1Z4Cwv-kEnj9Mn9tJtN2FbawO74rsloNoUayDKn9TTKhUaQBJg1pkMDCAQ3SNunV7kIt6ZF1_B6mn93MOdp3BvoVhe5qqMYRtjrJjWWZu5vQXoAP4xpk4OBM40iaLlkF7jrkjwrwfbPvwmdgHiMnxBr5HtnsWIQUkxoBkTbThL1czYnl7vrvL3RqLm0grSpFYK_4TTLbNFr-C667ay2XnZ3gPSLhPcAeszVHbfvnZgGBI3mXiztLQ3eCX88fVJhij3ZVuY7CoEIkJYgfpvng4WOfJTZVQP3SHFobdKImV1pQVXgK2PXfQ9ynTh80AJbezQchrfiN_d5UDl7YsqQlUSSgKVEjjjcy9-m9mHs1RCggsvbgQvV02tO5NHN3yB9x_wD-pI84TlgMXEXPI-BH9BEuyf6UwA7pVxaj8hhmK2JKyTVVxIDuPkHeGjmzfQJjrkI-m9j7wPZqqZ02Nj1fdLWfEOMNT4GLnMHf7ucKdFI46ZQNDnRJt-lza7t82jBAXzvjyaX3nkZT80vKg2YLpcTJcjud-CdG-2FxMHv6oYBgWZK_SFgEC-Dyba0r-VBXHe3QXWPnRh63kkfaFlk6f_ahtH0fqIqGP-jXbj0IlRQ3JmWGfbjgCqEBJf2F81qEYnH34KMBJFwM7Qz7L4Qs8RL6B2KTTCLPBZ576JesgCgjanbDE2t1h72ePwhdb-MtkARTj-t5xfscZcobPGpY0K29UhdV_0LLbhEs7N5DV10h0BT9oMPCcbbqmYLEXAOEDGmtUZYd9w0MwsMjlV534icPZmRb3H6peevfVNbU8C20OwX7bLd-YpMFVXE3LklKC2RtmZ8vgwOGZiYysaIyQXRvhmeaggytLWo20ohsQL0QNy6vNtHMRJXIlC4QlNJmXZqLxnttMikVN8335MeSvEbHEhTQmFC_GHo5pZLGKF72yPNpH5ZuFdUVDw289og3ZNyMl7DffkUcZS92saHCg4WRYCENlUQ3I7y_6sebhCeg49My-qG6WsmDywjlVFtz8bKZLRpwn6_4puhzeN7Inslg5iRkpcZi8dmMxsYrBfs82Fo0wtuzBHSHqp_lRcoXA-0bOEtgSW4jwT7EVKuB-clvxZyiEOSrsw3Mib5YC4Y5YChVQxBlWi14uzlyB0uRqSvZ8IluBgKlk_XIt5rbB0yBR3IUScXo7j571BQoKazWDUToNoVbOT9TyKzEQm_CD9xfQHCXtQ4JrF1OBvESG_DjoXLMB-1M-nXUJ8PXkSDiBVegXWlNR4znfzBsLpjzhSmCJ6qdIJ9VJYnGL3mG9Io6GxkDwrlMuGyM2oYsrz6ehYGQFTToiaRk8AdQL0hmh_0Kj_UUtiLdVA_dopldw4XedmmfGeVufbIY6iUIoK_v6fiTxMBoXk1uQirmppMqeNtkUuVDWgvO7SUA8hlaYgUfuhRVQEJQWf7KBf2fQzIi5SQ2ch-ncsHYkFQUCTlXnhy9C5ofSjKYtxA\"><span style=\"font-weight: 400;\">aqui<\/span><\/a><\/p>\n","protected":false},"excerpt":{"rendered":"<p>Alice Carvalho Graduanda em jornalismo pela UFMG, atua com bolsista [&hellip;]<\/p>\n","protected":false},"author":6,"featured_media":0,"parent":0,"menu_order":0,"comment_status":"closed","ping_status":"closed","template":"","meta":[],"acf":[],"_links":{"self":[{"href":"https:\/\/www.ufmg.br\/defesademocracia\/wp-json\/wp\/v2\/pages\/802"}],"collection":[{"href":"https:\/\/www.ufmg.br\/defesademocracia\/wp-json\/wp\/v2\/pages"}],"about":[{"href":"https:\/\/www.ufmg.br\/defesademocracia\/wp-json\/wp\/v2\/types\/page"}],"author":[{"embeddable":true,"href":"https:\/\/www.ufmg.br\/defesademocracia\/wp-json\/wp\/v2\/users\/6"}],"replies":[{"embeddable":true,"href":"https:\/\/www.ufmg.br\/defesademocracia\/wp-json\/wp\/v2\/comments?post=802"}],"version-history":[{"count":6,"href":"https:\/\/www.ufmg.br\/defesademocracia\/wp-json\/wp\/v2\/pages\/802\/revisions"}],"predecessor-version":[{"id":905,"href":"https:\/\/www.ufmg.br\/defesademocracia\/wp-json\/wp\/v2\/pages\/802\/revisions\/905"}],"wp:attachment":[{"href":"https:\/\/www.ufmg.br\/defesademocracia\/wp-json\/wp\/v2\/media?parent=802"}],"curies":[{"name":"wp","href":"https:\/\/api.w.org\/{rel}","templated":true}]}}