
{"id":46,"date":"2021-01-25T17:10:06","date_gmt":"2021-01-25T19:10:06","guid":{"rendered":"https:\/\/www.ufmg.br\/dri\/desafiosglobais\/?page_id=46"},"modified":"2021-03-01T13:05:24","modified_gmt":"2021-03-01T16:05:24","slug":"autores","status":"publish","type":"page","link":"https:\/\/www.ufmg.br\/dri\/desafiosglobais\/autores\/","title":{"rendered":"Autores da Cole\u00e7\u00e3o"},"content":{"rendered":"\n<p><strong>Abdelhafid Hammouche<\/strong> Professor de Sociologia da Universit\u00e9 de Lille (Univ-Lille). Doutor em Sociologia e Antropologia pela Universit\u00e9 Lumi\u00e8re Lyon 2 (Univ-Lyon2). Membro do conselho do departamento de sociologia da Facult\u00e9 d\u2019Anthropologie et de Sociologie de Lyon 2 (2000-2009). Tem atua\u00e7\u00e3o acad\u00eamica em imigra\u00e7\u00e3o, cidade, imigrante, pol\u00edticas e casamento.<\/p>\n\n\n\n<p><strong>Adriana Marcela Monroy Garz\u00f3n <\/strong>Professora da Escola de Enfermagem da Universidad El Bosque (UEB). Doutoranda em Enfermagem pela Universidade Federal de Minas Gerais (UFMG). Pesquisadora do N\u00facleo de Estudos e Pesquisas sobre Ensino e Pr\u00e1tica de Enfermagem (NUPEPE). Trabalhou como enfermeira na Fundaci\u00f3n Cardioinfantil (2015). Tem atua\u00e7\u00e3o acad\u00eamica em sa\u00fade da crian\u00e7a e do adolescente.<\/p>\n\n\n\n<p><strong>Alex J\u00fanio Silva da Cruz <\/strong>Mestrando em Odontologia pela Universidade Federal de Minas Gerais (UFMG). Graduado em Odontologia pela mesma universidade. Associado da Sociedade Brasileira de Pesquisa Odontol\u00f3gica (SBPqO). Tem atua\u00e7\u00e3o acad\u00eamica em odontologia na sa\u00fade prim\u00e1ria e no Sistema \u00danico de Sa\u00fade (SUS).<\/p>\n\n\n\n<p><strong>Aline Burni <\/strong>Pesquisadora no German Development Institute (GDI). Doutora em Ci\u00eancia Pol\u00edtica pela Universidade Federal de Minas Gerais (UFMG) com per\u00edodo de est\u00e1gio doutoral na New York University (NYU). Chefiou a Assessoria de Parcerias Nacionais e Internacionais (APNI) da Secretaria de Estado de Ci\u00eancia, Tecnologia e Ensino Superior (SECTES) de Minas Gerais (2015-2016). Tem atua\u00e7\u00e3o acad\u00eamica em pol\u00edtica comparada, pol\u00edtica europeia, partidos pol\u00edticos, comportamento eleitoral e imigra\u00e7\u00e3o.<\/p>\n\n\n\n<p><strong>Amine Ait-Chaalal<\/strong> Professor da Universit\u00e9 Catholique de Louvain (UCL), B\u00e9lgica. Doutor em Ci\u00eancias Pol\u00edticas e Rela\u00e7\u00f5es Internacionais pela mesma universidade. Membro do Grupo de Estudos e Pesquisa sobre o Mundo \u00c1rabe Contempor\u00e2neo (GERMAC). Tem atua\u00e7\u00e3o acad\u00eamica em pol\u00edticas de seguran\u00e7a, reforma pol\u00edtica, democracia e governan\u00e7a e pol\u00edticas da Uni\u00e3o Europeia no Mediterr\u00e2neo.<\/p>\n\n\n\n<p><strong>Ana Maria de Ara\u00fajo Rodrigues <\/strong>M\u00e9dica e professora de Medicina Antropos\u00f3fica e de Ayurveda. Mestre em Medicina pelo IEP Santa Casa. Especialista em Medicina Antropos\u00f3fica pela Se\u00e7\u00e3o M\u00e9dica do Goetheanum, Su\u00ed\u00e7a. Membro do Conselho Consultivo do Centro de Estudos Indianos (CEI) da Universidade Federal de Minas Gerais (UFMG). Tem atua\u00e7\u00e3o acad\u00eamica em psicologia, nutri\u00e7\u00e3o e qu\u00edmica dos produtos naturais.<\/p>\n\n\n\n<p><strong>Andr\u00e9 Pagliarini <\/strong>Professor de Hist\u00f3ria do Dartmouth College, Estados Unidos. Doutor em Filosofia pela Brown University, Estados Unidos. Foi professor assistente visitante na Brown University (2018-2019). Liderou o Opening the Archives, projeto para digitalizar milhares de documentos relacionados ao Brasil do governo americano nas d\u00e9cadas de 1960 a 1980. Tem atua\u00e7\u00e3o acad\u00eamica em Guerra Fria na Am\u00e9rica Latina, ideologias radicais e pol\u00edtica do desenvolvimento econ\u00f4mico.<\/p>\n\n\n\n<p><strong>Anna Zavadskaya <\/strong>Cientista s\u00eanior na Kronotsky Federal Nature Biosphere Reserve, R\u00fassia. Doutora em Gest\u00e3o de Recursos Naturais e Geografia pela Lomonosov State University Moscow, R\u00fassia. Atualmente trabalha em projeto para conectar o turismo e a preserva\u00e7\u00e3o da natureza em comunidades de Kamchatka, R\u00fassia. Tem atua\u00e7\u00e3o acad\u00eamica em conserva\u00e7\u00e3o e gest\u00e3o de ecoturismo, educa\u00e7\u00e3o ambiental e interpreta\u00e7\u00e3o da natureza.<\/p>\n\n\n\n<p><strong>Annick Durand-Delvigne <\/strong>Professora de Psicologia da Universit\u00e9 de Lille (Univ-Lille). Doutora em Filosofia pela mesma universidade e em Estado pela Universit\u00e9 de Paris (Univ-Paris). Faz parte do Laborat\u00f3rio Psichologie: Interactions, Temps, Emotions, Cognition da Univ-Lille. Tem atua\u00e7\u00e3o acad\u00eamica em psicologia social, estat\u00edstica aplicada, g\u00eanero, teorias feministas e migra\u00e7\u00f5es.<\/p>\n\n\n\n<p><strong>Aracy Alves Martins<\/strong> Professora associada aposentada da Faculdade de Educa\u00e7\u00e3o da Universidade Federal de Minas Gerais (UFMG). Doutora em Educa\u00e7\u00e3o pela mesma universidade, com per\u00edodo sandu\u00edche no Institut National de R\u00e9cherche P\u00e9dagogique (INRP), Fran\u00e7a. Pesquisadora do Grupo de Pesquisa do Letramento Liter\u00e1rio (GPELL). Tem atua\u00e7\u00e3o acad\u00eamica em forma\u00e7\u00e3o de leitores, leitura liter\u00e1ria, forma\u00e7\u00e3o de professores, manuais escolares, tens\u00f5es entre l\u00ednguas e rela\u00e7\u00f5es raciais.<\/p>\n\n\n\n<p><strong>Archana Shivan <\/strong>Mestre em Pol\u00edticas P\u00fablicas e Governan\u00e7a pela Azim Premji University, Bangalore, \u00cdndia. Associada do Outline India. Fez est\u00e1gio de pesquisa pela Indian Housing Federation, Assam Urban Development Department e pelo Planning Department of Assam. Tamb\u00e9m fez est\u00e1gio no Centre for Equity Studies. Tem atua\u00e7\u00e3o acad\u00eamica em habita\u00e7\u00e3o, sociologia e pol\u00edticas p\u00fablicas.<\/p>\n\n\n\n<p><strong>Arist\u00f3teles G\u00f3es-Neto <\/strong>Professor adjunto do Instituto de Ci\u00eancias Biol\u00f3gicas da Universidade Federal de Minas Gerais (UFMG). Doutor em Bot\u00e2nica pela Universidade Federal do Rio Grande do Sul (UFRGS). Coordenador do Centro de Estudos Norte-Americanos (CENA) da UFMG. L\u00edder do grupo de pesquisa Biologia Molecular e Computacional de Fungos (BMCF). Tem atua\u00e7\u00e3o acad\u00eamica em biologia e biotecnologia de fungos e (meta)\u00f4micas.<\/p>\n\n\n\n<p><strong>Asbel Bohigues <\/strong>Pesquisador p\u00f3s-doutoral em Ci\u00eancia Pol\u00edtica na Universidade Federal de Minas Gerais (UFMG). Doutor em Ci\u00eancia Pol\u00edtica pela Universidad de Salamanca (USAL). Colaborador do Observatorio de \u00c9lites Parlamentarias en Am\u00e9rica Latina (PELA). Tem atua\u00e7\u00e3o acad\u00eamica em estudos latino-americanos, democracia, elites pol\u00edticas e estudos parlamentares.<\/p>\n\n\n\n<p><strong>Augusto Jos\u00e9 Fazenda<\/strong> Professor associado do Instituto Superior de Ci\u00eancias de Educa\u00e7\u00e3o do Cuanza Sul da Universidade Katyavala Bwila (UKB), Angola. Doutor em Ci\u00eancias Pedag\u00f3gicas pela Universidade de Holgu\u00edn, Cuba. Tem atua\u00e7\u00e3o acad\u00eamica em did\u00e1tica da geografia, educa\u00e7\u00e3o ambiental no processo docente educativo e gest\u00e3o de res\u00edduos s\u00f3lidos urbanos.<\/p>\n\n\n\n<p><strong>Aziz Tuffi Saliba <\/strong>Professor da Faculdade de Direito da Universidade Federal de Minas Gerais (UFMG). Doutor em Direito pela mesma universidade. Diretor de Rela\u00e7\u00f5es Internacionais da UFMG. Presidente do Ramo Brasileiro da International Law Association. Vice-diretor da Faculdade de Direito da UFMG (2014-2018). Tem atua\u00e7\u00e3o acad\u00eamica em direito internacional p\u00fablico e rela\u00e7\u00f5es internacionais, bilaterais e multilaterais.<\/p>\n\n\n\n<p><strong>Barbara Orfan\u00f2 <\/strong>Professora adjunta da Faculdade de Letras da Universidade Federal de Minas Gerais (UFMG). Doutora em Lingu\u00edstica Aplicada pelo Mary Immaculate College, University of Limerick (MIC), Irlanda. Coordenadora do N\u00facleo de Estudos de L\u00ednguas para Fins Acad\u00eamicos da UFMG. Tem atua\u00e7\u00e3o acad\u00eamica em lingu\u00edstica de corpus, corpora de aprendizes e discurso acad\u00eamico oral e escrito da l\u00edngua inglesa.<\/p>\n\n\n\n<p><strong>Bruno Augusto Benevenuto de Andrade <\/strong>Professor adjunto da Faculdade de Odontologia da Universidade Federal do Rio de Janeiro (UFRJ). Doutor em Estomatopatologia pela Universidade Estadual de Campinas (Unicamp). Fez est\u00e1gio p\u00f3s-doutoral no Laborat\u00f3rio de Patologia Bucal e Biologia Molecular da Faculdade de Odontologia da Universidade Federal de Minas Gerais (UFMG). Tem atua\u00e7\u00e3o acad\u00eamica em estomatopatologia e patologia bucal.<\/p>\n\n\n\n<p><strong>Bruno Theodoro Luciano <\/strong>Bolsista de ensino na University of Warwick, Reino Unido. Doutorando em Ci\u00eancia Pol\u00edtica e Estudos Internacionais pela University of Birmingham, Reino Unido. Mestre em Rela\u00e7\u00f5es Internacionais pela Universidade de Bras\u00edlia (UnB). Membro da Rede de Pesquisa em Pol\u00edtica Externa e Regionalismo (REPRI). Tem atua\u00e7\u00e3o acad\u00eamica em parlamentos de integra\u00e7\u00e3o regional na Europa, \u00c1frica e Am\u00e9rica Latina.<\/p>\n\n\n\n<p><strong>Caio F\u00e1bio Schlechta Portella <\/strong>Professor do Instituto Israelita Albert Einstein. Mestre em Ci\u00eancias pela Faculdade de Sa\u00fade P\u00fablica da Universidade de S\u00e3o Paulo (USP). Vice-presidente do Cons\u00f3rcio Acad\u00eamico Brasileiro de Sa\u00fade Integrativa (CABSIn). Tem atua\u00e7\u00e3o acad\u00eamica em transdisciplinaridade aplicada \u00e0 sa\u00fade e \u00e0 educa\u00e7\u00e3o, racionalidades m\u00e9dicas, metodologias de pesquisa e interface corpo-mente.<\/p>\n\n\n\n<p><strong>Carla Ribeiro Volpini Silva<\/strong> Professora do Departamento de Direito P\u00fablico da Faculdade de Direito da Universidade Federal de Minas Gerais (UFMG). Doutora em Direito P\u00fablico pela Pontif\u00edcia Universidade Cat\u00f3lica de Minas Gerais (PUC Minas). Tem atua\u00e7\u00e3o acad\u00eamica em direitos humanos, direito internacional, cultura, globaliza\u00e7\u00e3o, direito de integra\u00e7\u00e3o, acesso \u00e0 justi\u00e7a e direito internacional ambiental.<\/p>\n\n\n\n<p><strong>Carlos Gustavo Poggio Teixeira <\/strong>Professor do curso de Rela\u00e7\u00f5es Internacionais da Funda\u00e7\u00e3o Armando \u00c1lvares Penteado (FAAP). Doutor em Estudos Internacionais pela Old Dominion University (ODU), Estados Unidos. Autor do livro Brazil, the United States, and the South American Subsystem. Tem atua\u00e7\u00e3o acad\u00eamica em neg\u00f3cios internacionais e atitudes e ideologias pol\u00edticas.<\/p>\n\n\n\n<p><strong>Carlos Haddad <\/strong>Professor adjunto da Faculdade de Direito da Universidade Federal de Minas Gerais (UFMG). Doutor em Ci\u00eancias Penais pela mesma universidade. Realizou est\u00e1gio p\u00f3s-doutoral na University of Michigan (UMich), Estados Unidos. Juiz Federal (Se\u00e7\u00e3o Judici\u00e1ria de Minas Gerais). Coordenador da Cl\u00ednica de Trabalho Escravo e Tr\u00e1fico de Pessoas. Tem atua\u00e7\u00e3o acad\u00eamica em administra\u00e7\u00e3o da justi\u00e7a e forma\u00e7\u00e3o de ju\u00edzes.<\/p>\n\n\n\n<p><strong>Cec\u00edlia Cornero <\/strong>Professora do Departamento de Geof\u00edsica e Geodin\u00e2mica da Universidad Nacional de Rosario (UNR). Doutora em Engenharia pela mesma universidade, com est\u00e1gio p\u00f3s-doutoral pelo Consejo Nacional de Investigaciones Cient\u00edficas y T\u00e9cnicas (CONICET) da Argentina. Membro da International Association of Geodesy (IAG). Tem atua\u00e7\u00e3o acad\u00eamica em geografia, geod\u00e9sia e geoinform\u00e1tica.<\/p>\n\n\n\n<p><strong>Celso Luiz Nunes Amorim <\/strong>Diplomata. Mestre em Rela\u00e7\u00f5es Internacionais pela Diplomatic Academy of Vienna (DA). Ministro das Rela\u00e7\u00f5es Exteriores do Governo Itamar Franco (1993-1994) e do Governo Lula da Silva (2003-2010). Ministro da Defesa do Governo Dilma Rousseff (2011-2014). Membro permanente do Departamento de Rela\u00e7\u00f5es Internacionais da Universidade de S\u00e3o Paulo (USP).<\/p>\n\n\n\n<p><strong>Chen Jinyang <\/strong>Doutorando em Seguran\u00e7a Social pela Escola de Administra\u00e7\u00e3o e Pol\u00edticas P\u00fablicas da Renmin University of China, China. Mestre em Administra\u00e7\u00e3o P\u00fablica pela Zhongnan University of Economics and Law. Tem atua\u00e7\u00e3o acad\u00eamica em seguro de sa\u00fade e microeconometria aplicada.<\/p>\n\n\n\n<p><strong>Cheng Jin <\/strong>Professora de Ingl\u00eas pela Escola de L\u00ednguas Estrangeiras da Huazhong University of Science &amp; Technology, China. Mestre em Lingu\u00edstica Aplicada pela mesma universidade. Diretora chinesa do Instituto Conf\u00facio da Universidade Federal de Minas Gerais (UFMG). Tem atua\u00e7\u00e3o acad\u00eamica em lingu\u00edstica aplicada e ensino de l\u00ednguas estrangeiras.<\/p>\n\n\n\n<p><strong>Climene Arruda <\/strong>Professora da Faculdade de Letras da Universidade Federal de Minas Gerais (UFMG). Doutora em Estudos Lingu\u00edsticos pela mesma universidade. Coordenadora do Setor de Profici\u00eancia Lingu\u00edstica da Diretoria de Rela\u00e7\u00f5es Internacionais da UFMG (2018-2020). Tem atua\u00e7\u00e3o acad\u00eamica em experi\u00eancias de ensino\/aprendizagem de l\u00edngua inglesa, motiva\u00e7\u00e3o e vis\u00e3o para aprender, ag\u00eancia de estudantes para aprender e forma\u00e7\u00e3o de professores.<\/p>\n\n\n\n<p><strong>Cristian Altavilla <\/strong>Professor de Direito Constitucional da Universidad Siglo 21. Doutor em Direito e Ci\u00eancias Sociais pela Universidad Nacional de C\u00f3rdoba, com per\u00edodo de est\u00e1gio \u201csandu\u00edche\u201d na Universit\u00e0 di Bologna. Tem atua\u00e7\u00e3o acad\u00eamica em direito p\u00fablico, federalismo, rela\u00e7\u00f5es intergovernamentais, sistemas de partidos pol\u00edticos e eleitorais, descentraliza\u00e7\u00e3o fiscal, pol\u00edticas p\u00fablicas e pol\u00edticas sociais.<\/p>\n\n\n\n<p><strong>Cristina Caldeira <\/strong>Professora auxiliar de Direito da Universidade Europeia (UE). Doutora em Ci\u00eancias Jur\u00eddicas e Pol\u00edticas pela Universidade Aut\u00f3noma de Lisboa (UAL). Adjunta da Secret\u00e1ria de Estado do Minist\u00e9rio da Ci\u00eancia, Tecnologia e Ensino Superior de Portugal. Tem atua\u00e7\u00e3o acad\u00eamica em direitos fundamentais, privacidade e prote\u00e7\u00e3o de dados, direito do consumo e propriedade intelectual.<\/p>\n\n\n\n<p><strong>Dalila Andrade Oliveira <\/strong>Professora titular da Faculdade de Educa\u00e7\u00e3o da Universidade Federalde Minas Gerais (UFMG). Doutora em Educa\u00e7\u00e3o pela Universidade de S\u00e3o Paulo (USP), com est\u00e1gio p\u00f3s-doutoral em Educa\u00e7\u00e3o na Universidade Estadual do Rio de Janeiro (UERJ), na Universit\u00e9 de Montr\u00e9al(UM) e na University of London (UL). Tem atua\u00e7\u00e3o acad\u00eamica em pol\u00edticas p\u00fablicas em educa\u00e7\u00e3o, gest\u00e3o escolar e trabalho docente na Am\u00e9rica Latina.<\/p>\n\n\n\n<p><strong>David Faflik <\/strong>Professor associado da Escola de Artes e Ci\u00eancias da University of Rhode Island, Estados Unidos. Doutor em Literatura Americana pela University of North Carolina, Chapel Hill, Estados Unidos. Autor de cinco livros, sendo o \u00faltimo Transcendental Heresies: Harvard and the Modern American Practice of Unbelief. Tem atua\u00e7\u00e3o acad\u00eamica em cultura e literatura americana do s\u00e9culo XIX.<\/p>\n\n\n\n<p><strong>David Magalh\u00e3es <\/strong>Professor de Rela\u00e7\u00f5es Internacionais da Pontif\u00edcia Universidade Cat\u00f3lica de S\u00e3o Paulo (PUC-SP) e da Funda\u00e7\u00e3o Armando \u00c1lvares Penteado (FAAP). Doutor em Rela\u00e7\u00f5es Internacionais pelo Programa de P\u00f3s-Gradua\u00e7\u00e3o San Tiago Dantas (Unesp-PUC-Unicamp). Tem atua\u00e7\u00e3o acad\u00eamica em integra\u00e7\u00e3o internacional, conflito, guerra e paz e em pol\u00edtica externa do Brasil.<\/p>\n\n\n\n<p><strong>Dawisson Bel\u00e9m Lopes <\/strong>Professor associado da Faculdade de Filosofia e Ci\u00eancias Humanas da Universidade Federal de Minas Gerais (UFMG). Doutor em Ci\u00eancia Pol\u00edtica pela Universidade do Estado do Rio de Janeiro (UERJ). Diretor adjunto de Rela\u00e7\u00f5es Internacionais da UFMG. Foi professor visitante da Universit\u00e9 Catholique de Louvain (UCL), B\u00e9lgica. Tem atua\u00e7\u00e3o acad\u00eamica em pol\u00edtica externa e institui\u00e7\u00f5es internacionais.<\/p>\n\n\n\n<p><strong>Deborah Barros Leal Farias <\/strong>Professora da Escola de Ci\u00eancias Sociais da University of New South Wales, Austr\u00e1lia. Doutora em Ci\u00eancia Pol\u00edtica pela University of British Columbia, Canad\u00e1. Integrante da Assessoria para Assuntos Internacionais do Gabinete do Governo do Estado do Cear\u00e1 (2001-2006). Tem atua\u00e7\u00e3o acad\u00eamica em economia pol\u00edtica internacional, governan\u00e7a global, pol\u00edtica ambiental e pot\u00eancias emergentes.<\/p>\n\n\n\n<p><strong>Deise Prina Dutra <\/strong>Professora titular da Faculdade de Letras da Universidade Federal de Minas Gerais (UFMG). Doutora em Lingu\u00edstica pela University of Florida, Estados Unidos. Coordenadora do Grupo de Estudos de Corpora Especializados e de Aprendizes (GECEA). Conduziu o processo de cria\u00e7\u00e3o das disciplinas de Ingl\u00eas para Fins Acad\u00eamicos na UFMG. Tem atua\u00e7\u00e3o acad\u00eamica em lingu\u00edstica de corpus.<\/p>\n\n\n\n<p><strong>Diomira Faria <\/strong>Professora adjunta do Departamento de Geografia da Universidade Federal de Minas Gerais (UFMG). Doutora em Economia pela mesma universidade. L\u00edder do grupo de pesquisa Turismo, Economia, Cultura e Territ\u00f3rio e colaboradora do grupo Economia da Cultura, ambos registrados no CNPq. Tem atua\u00e7\u00e3o acad\u00eamica em economia do turismo e da cultura, turismo e pobreza e viabilidade econ\u00f4mica de projetos.<\/p>\n\n\n\n<p><strong>Eduardo Bastianetto <\/strong>Professor adjunto da Escola de Veterin\u00e1ria da Universidade Federal de Minas Gerais (UFMG). Doutor em Ci\u00eancia Animal e em Medicina Veterin\u00e1ria pela mesma universidade. Membro do Instituto Nacional de Ci\u00eancia e Tecnologia (INCT) de Pecu\u00e1ria. Tem atua\u00e7\u00e3o acad\u00eamica em medicina veterin\u00e1ria preventiva, doen\u00e7as parasit\u00e1rias de animais e epidemiologia animal.<\/p>\n\n\n\n<p><strong>Eduardo da Motta e Albuquerque <\/strong>Professor titular do Departamento de Ci\u00eancias Econ\u00f4micas da Universidade Federal de Minas Gerais (UFMG). Doutor em Economia pela Universidade Federal do Rio de Janeiro (UFRJ), com per\u00edodo de est\u00e1gio \u201csandu\u00edche\u201d na University of Sussex. Autor do livro Agenda Rosdolsky. Tem atua\u00e7\u00e3o acad\u00eamica em economia pol\u00edtica contempor\u00e2nea e economia da ci\u00eancia e da tecnologia.<\/p>\n\n\n\n<p><strong>Elcio Loureiro Cornelsen <\/strong>Professor titular da Faculdade de Letras da Universidade Federal de Minas Gerais (UFMG). Doutor em German\u00edstica pela Freie Universit\u00e4t Berlin (FU-Berlin), Alemanha. Membro do N\u00facleo Walter Benjamin (UFMG) e do N\u00facleo de Estudos sobre Literatura e Guerra (UFMG), entre outros. Tem atua\u00e7\u00e3o acad\u00eamica em teoria liter\u00e1ria, literatura alem\u00e3, l\u00edngua alem\u00e3, an\u00e1lise do discurso e cinema.<\/p>\n\n\n\n<p><strong>Elis Borde <\/strong>Professora adjunta da Faculdade de Medicina da Universidade Federal de Minas Gerais (UFMG). Doutora em Sa\u00fade P\u00fablica pela Universidad Nacional de Colombia, Col\u00f4mbia. Pesquisadora no Grupo de Pesquisa Observat\u00f3rio de Sa\u00fade Urbana (OSUBH) da UFMG. Tem atua\u00e7\u00e3o acad\u00eamica em determinantes sociais e determina\u00e7\u00e3o social das desigualdades em sa\u00fade e medicina social e sa\u00fade coletiva latino-americana.<\/p>\n\n\n\n<p><strong>Eugenia Kelly Luciano Batista <\/strong>Residente p\u00f3s-doutoral no Laborat\u00f3rio de Ecologia Evolutiva e Biodiversidade da Universidade Federal de Minas Gerais (UFMG). Doutora em Ecologia pela mesma universidade. Possui conhecimentos avan\u00e7ados em Sistemas de Informa\u00e7\u00e3o Geogr\u00e1fica e Sensoriamento Remoto. Tem atua\u00e7\u00e3o acad\u00eamica em ecologia e manejo do fogo, geoprocessamento e sensoriamento remoto de \u00e1reas queimadas.<\/p>\n\n\n\n<p><strong>Evandro Lu\u00eds Rodrigues <\/strong>Doutorando em Ecologia, Conserva\u00e7\u00e3o e Manejo da Vida Silvestre pela Universidade Federal de Minas Gerais (UFMG). Mestre em An\u00e1lise e Modelagem de Sistemas Ambientais pela mesma universidade. Analista em Geoprocessamento e Relat\u00f3rios da Pol\u00edcia Militar de Minas Gerais (PMMG). Tem atua\u00e7\u00e3o acad\u00eamica em din\u00e2mica de ecossistemas e modelagem de sistemas ambientais.<\/p>\n\n\n\n<p><strong>Felipe Mendes Cardoso <\/strong>Professor de Jornalismo da Universidade Vale do Rio Doce (Univale). Doutorando em Rela\u00e7\u00f5es Internacionais pela Pontif\u00edcia Universidade Cat\u00f3lica de Minas Gerais (PUC Minas). Mestre em Comunica\u00e7\u00e3o Social pela Universidade Federal de Minas Gerais (UFMG). Tem atua\u00e7\u00e3o acad\u00eamica em mudan\u00e7as clim\u00e1ticas e pol\u00edtica energ\u00e9tica em perspectiva comparada, jornalismo cient\u00edfico, jornalismo opinativo e desenvolvimento sustent\u00e1vel.<\/p>\n\n\n\n<p><strong>Felipe Paiva Fonseca <\/strong>Professor da Faculdade de Odontologia da Universidade Federal de Minas Gerais (UFMG). Doutor em Estomatopatologia pela Universidade Estadual de Campinas (Unicamp), com per\u00edodo sandu\u00edche na University of Sheffield, Reino Unido. Realizou est\u00e1gio p\u00f3s-doutoral pela Unicamp. Tem atua\u00e7\u00e3o acad\u00eamica em estomatopatologia, estomatologia e patologia oral.<\/p>\n\n\n\n<p><strong>Felipe Ribeiro Cunha <\/strong>Arquiteto. BIM manager e Mestre de Confer\u00eancias de BIM e f\u00edsica do edif\u00edcio na \u00c9cole Sup\u00e9rieure d\u2019Architecture da Normandia (ENSA Normandie) e no CNAM (Conservat\u00f3rio Nacional de Artes e Of\u00edcios de Paris) na Fran\u00e7a. Tem atua\u00e7\u00e3o acad\u00eamica nas \u00e1reas de conforto ambiental, tecnologia da constru\u00e7\u00e3o, materiais e modeliza\u00e7\u00e3o param\u00e9trica.<\/p>\n\n\n\n<p><strong>Felix Kaputu <\/strong>Professor residente da Universidade Federal de Minas Gerais. Doutor em Literatura Inglesa e Literatura Comparada pela Universidade de Lubumbashi, na Rep\u00fablica Democr\u00e1tica do Congo. Doutor em Antropologia pela Universidade de Ghent e em Estudos Interdisciplinares pela Vrije Universiteit Brussel, duas institui\u00e7\u00f5es belgas. Ensinou em v\u00e1rios pa\u00edses e desenvolve suas pesquisas e escritos nas \u00e1reas de seus estudos.<\/p>\n\n\n\n<p><strong>Fernanda Cimini <\/strong>Professora adjunta do Departamento de Ci\u00eancias Econ\u00f4micas da Universidade Federal de Minas Gerais (UFMG). Doutora em Sociologia pela Universidade Federal do Rio de Janeiro (UFRJ), com doutorado \u201csandu\u00edche\u201d em Ci\u00eancia Pol\u00edtica no Massachusetts Institute of Technology (MIT). Tem atua\u00e7\u00e3o acad\u00eamica em organiza\u00e7\u00f5es internacionais e coopera\u00e7\u00e3o internacional, economia pol\u00edtica internacional e economia pol\u00edtica comparada.<\/p>\n\n\n\n<p><strong>Fernando Pinheiro Moreira<\/strong> Engenheiro civil com Especializa\u00e7\u00e3o em Advanced Topics in Project Management: Strategy and Human Elements pela University of La Verne. Aperfei\u00e7oamento em Sustentabilidade para Gestores no Setor da Constru\u00e7\u00e3o pela Funda\u00e7\u00e3o Dom Cabral. Mestre em Ambiente Constru\u00eddo e Patrim\u00f4nio Sustent\u00e1vel pela Escola de Arquitetura da UFMG. Tem atua\u00e7\u00e3o profissional em edifica\u00e7\u00f5es e urbanismo.<\/p>\n\n\n\n<p><strong>Fid\u00e8le Mwepu Kalenga <\/strong>Professor-pesquisador do Departamento de Letras e Civiliza\u00e7\u00e3o Inglesas da Faculdade de Letras e Ci\u00eancias Humanas da Universit\u00e9 de Lubumbashi (UniLu), Congo. Doutorando pela mesma universidade. Tem atua\u00e7\u00e3o acad\u00eamica em ecocriticismo africano, estudos p\u00f3s-coloniais e identidade cultural africana.<\/p>\n\n\n\n<p><strong>Flavio Carsalade <\/strong>Professor da Escola de Arquitetura da Universidade Federal de Minas Gerais (UFMG). Doutor em Arquitetura e Urbanismo pela Universidade Federal da Bahia (UFBA). Presidente do Instituto Estadual do Patrim\u00f4nio Hist\u00f3rico e Art\u00edstico de Minas Gerais (1999-2002). Tem atua\u00e7\u00e3o acad\u00eamica em planejamento e projetos da edifica\u00e7\u00e3o e urbanismo.<\/p>\n\n\n\n<p><strong>Francisca Izabel Pereira Maciel <\/strong>Professora titular da Faculdade de Educa\u00e7\u00e3o da Universidade Federal de Minas Gerais (UFMG). Doutora em Educa\u00e7\u00e3o pela mesma universidade. Coordenadora do grupo de pesquisa Alfabetiza\u00e7\u00e3o no Brasil: O Estado do Conhecimento. Membro do Comit\u00ea Gestor do Centro de Estudos Africanos da UFMG (2018-2020). Tem atua\u00e7\u00e3o acad\u00eamica em alfabetiza\u00e7\u00e3o, leitura e escrita de crian\u00e7as, jovens e adultos e hist\u00f3ria da leitura, da escrita e dos m\u00e9todos de alfabetiza\u00e7\u00e3o.<\/p>\n\n\n\n<p><strong>Fr\u00e9d\u00e9ric Dumont <\/strong>Professor Assistente do Departamento de Geografia da Universit\u00e9 de Lille (Univ-Lille). Doutor em Geografia pela mesma universidade. Participa do grupo de pesquisa Territoires, Villes, Environnement &amp; Soci\u00e9t\u00e9. Autor do livro Atlas de La R\u00e9gion Nord-Pas de Calais et de L\u2019\u00c9tat du Minas Gerais. Tem atua\u00e7\u00e3o acad\u00eamica em geografia da popula\u00e7\u00e3o, geografia social e demografia territorial.<\/p>\n\n\n\n<p><strong>Frederico Marinho <\/strong>Professor Adjunto do Departamento de Geografia da Universidade Federal de Minas Gerais (UFMG). Doutor em Sociologia pela mesma universidade, com est\u00e1gio doutoral na Universit\u00e9 de Lille (Univ-Lille). Membro pesquisador do INCT Espa\u00e7o Urbano e Gest\u00e3o da Seguran\u00e7a P\u00fablica. Tem atua\u00e7\u00e3o acad\u00eamica em sociologia urbana, an\u00e1lise e avalia\u00e7\u00e3o de pol\u00edticas p\u00fablicas, seguran\u00e7a p\u00fablica, justi\u00e7a juvenil e trajet\u00f3ria de vida.<\/p>\n\n\n\n<p><strong>Gabriela Gomes de Oliveira <\/strong>Doutoranda em Literatura de L\u00edngua Alem\u00e3 pela Universidade de Col\u00f4nia (Uni-K\u00f6ln). Mestre em Literaturas Modernas e Contempor\u00e2neas pela Universidade Federal de Minas Gerais (UFMG). Organizou a exposi\u00e7\u00e3o A Rosa Branca: a resist\u00eancia de estudantes contra Hitler \u2013 Munique 1942\/1943 (2017). Tem atua\u00e7\u00e3o acad\u00eamica em literaturas estrangeiras modernas e literatura comparada.<\/p>\n\n\n\n<p><strong>Geane Carvalho Alzamora <\/strong>Professora associada da Universidade Federal de Minas Gerais (UFMG). Doutora em Comunica\u00e7\u00e3o e Semi\u00f3tica pela Pontif\u00edcia Universidade Cat\u00f3lica de S\u00e3o Paulo (PUC-SP), com est\u00e1gio doutoral na Universit\u00e4t Kassel (Uni-Kassel), Alemanha. Fez est\u00e1gio p\u00f3s-doutoral pela Universitat Pompeu Fabra (UPF), Espanha. L\u00edder do N\u00facleo de Pesquisa em Conex\u00f5es Interm\u00e9dia (NucCon). Tem atua\u00e7\u00e3o acad\u00eamica em din\u00e2mica transm\u00eddia, rede interm\u00eddia e jornalismo multiplataforma.<\/p>\n\n\n\n<p><strong>Gelza Nunes <\/strong>Doutoranda em Medicina pela Universidade Federal de Minas Gerais (UFMG). Mestre em Lingu\u00edstica pela Universidade de S\u00e3o Paulo (USP)e em Enfermagem pela University of Tennessee. Coordenadora da Pol\u00edtica de Pr\u00e1ticas Integrativas e Complementares da Secretaria de Estado de Sa\u00fade de Minas Gerais. Tem atua\u00e7\u00e3o acad\u00eamica em promo\u00e7\u00e3o da sa\u00fade e preven\u00e7\u00e3o da viol\u00eancia e medicina integrativa e complementar.<\/p>\n\n\n\n<p><strong>Geraldo Wilson Fernandes <\/strong>Professor titular do Instituto de Ci\u00eancias Biol\u00f3gicas da Universidade Federal de Minas Gerais (UFMG). Doutor em Ecologia Evolutiva pela Northern Arizona University, Estados Unidos. Membro titular da Academia Brasileira de Ci\u00eancias. Tem atua\u00e7\u00e3o acad\u00eamica em monitoramento ambiental, servi\u00e7os ecossist\u00eamicos, herbivoria, restaura\u00e7\u00e3o ambiental, mudan\u00e7as clim\u00e1ticas, ecologia de comunidades, bioprospec\u00e7\u00e3o e fitoter\u00e1picos.<\/p>\n\n\n\n<p><strong>Gilberto Lib\u00e2nio <\/strong>Professor associado do Departamento de Ci\u00eancias Econ\u00f4micas da Universidade Federal de Minas Gerais (UFMG). Doutor em Economia pela University of Notre Dame, Estados Unidos. Coordenador do Programa de P\u00f3s-Gradua\u00e7\u00e3o em Economia do Cedeplar, UFMG. Tem atua\u00e7\u00e3o acad\u00eamica em macroeconomia, desenvolvimento econ\u00f4mico, economia internacional e economia regional.<\/p>\n\n\n\n<p><strong>Guilherme Casar\u00f5es <\/strong>Professor da Escola de Administra\u00e7\u00e3o de Empresas de S\u00e3o Paulo da Funda\u00e7\u00e3o Get\u00falio Vargas (FGV-EAESP). Doutor em Ci\u00eancia Pol\u00edtica pela Universidade de S\u00e3o Paulo (USP). Pesquisador visitante da Tel Aviv University, Israel (2011) e da Brandeis University, Estados Unidos (2015). Tem atua\u00e7\u00e3o acad\u00eamica em pol\u00edtica externa brasileira, rela\u00e7\u00f5es Brasil-Oriente M\u00e9dio e teoria das rela\u00e7\u00f5es internacionais.<\/p>\n\n\n\n<p><strong>Gustavo Cerqueira Guimar\u00e3es <\/strong>Professor de Literatura da Universidade Eduardo Mondlane (UEM), Mo\u00e7ambique. Doutor em Estudos Liter\u00e1rios pela Universidade Federal de Minas Gerais (UFMG). Realizou pesquisa p\u00f3s-doutoral em Estudos Liter\u00e1rios pela mesma universidade. \u00c9 editor, preparador de textos e curador do peri\u00f3dico FuLIA, da UFMG. Tem atua\u00e7\u00e3o acad\u00eamica em literatura brasileira, literaturas africanas em l\u00edngua portuguesa, teoria da literatura e edi\u00e7\u00e3o.<\/p>\n\n\n\n<p><strong>Haroldo Ramanzini Junior <\/strong>Professor de Rela\u00e7\u00f5es Internacionais da Universidade Federal de Uberl\u00e2ndia (UFU). Doutor em Ci\u00eancia Pol\u00edtica pela Universidade de S\u00e3o Paulo (USP). Realizou est\u00e1gio p\u00f3s-doutoral pela Harvard University, Estados Unidos. Secret\u00e1rio-executivo da Associa\u00e7\u00e3o Brasileira de Rela\u00e7\u00f5es Internacionais. Tem atua\u00e7\u00e3o acad\u00eamica em pol\u00edtica externa brasileira, institui\u00e7\u00f5es internacionais, regionalismo e Coopera\u00e7\u00e3o Sul-Sul.<\/p>\n\n\n\n<p><strong>Hu Hongwei <\/strong>Professor da Escola de Administra\u00e7\u00e3o e Pol\u00edticas P\u00fablicas da Renmin University of China, China. Doutor em Seguran\u00e7a Social pelo Centro de Estudos de Seguran\u00e7a Social da Wuhan University, China. Diretor do Instituto de Seguran\u00e7a Social. Tem atua\u00e7\u00e3o acad\u00eamica em seguro de sa\u00fade e prote\u00e7\u00e3o para idosos e crian\u00e7as.<\/p>\n\n\n\n<p><strong>Hussein Kalout <\/strong>Pesquisador da Harvard Kennedy School Belfer Center for Science and International Affairs, Estados Unidos. Membro do Conselho Consultivo da Harvard International Review. Mestre em Rela\u00e7\u00f5es Internacionais pela Universidade \u00c1rabe de Beirute, L\u00edbano. Foi secret\u00e1rio especial da Secretaria de Assuntos Estrat\u00e9gicos (SAE) da Presid\u00eancia da Rep\u00fablica (2016-2018). Tem atua\u00e7\u00e3o acad\u00eamica em pol\u00edtica externa brasileira, integra\u00e7\u00e3o internacional, conflito, guerra e paz.<\/p>\n\n\n\n<p><strong>Ingrid Forte Moura Rocha <\/strong>Graduada em Direito pela Universidade Federal do Cear\u00e1 (UFC), especialista em Direito Internacional pela Universidade de Paris e mestranda em Direito Internacional, Europeu e Pol\u00edticas P\u00fablicas na Universit\u00e9 de Paris (Univ-Paris). Tem atua\u00e7\u00e3o acad\u00eamica em direito internacional ambiental, direitos humanos e direito humanit\u00e1rio, com foco principal em temas de pol\u00edticas p\u00fablicas de desenvolvimento sustent\u00e1vel.<\/p>\n\n\n\n<p><strong>Isabela Almeida Pordeus <\/strong>Professora titular da Faculdade de Odontologia da Universidade Federal de Minas Gerais (UFMG). Doutora em Epidemiologia e Sa\u00fade P\u00fablica pela University College London, Reino Unido. Membro do Grupo Assessor Especial da Diretoria de Rela\u00e7\u00f5es Internacionais da CAPES. Presidente da Sociedade Brasileira de Pesquisa Odontol\u00f3gica (SBPqO). Tem atua\u00e7\u00e3o acad\u00eamica em promo\u00e7\u00e3o da sa\u00fade, qualidade de vida e epidemiologia da sa\u00fade.<\/p>\n\n\n\n<p><strong>Jamile Mata Diz <\/strong>Professora adjunta da Faculdade de Direito da Universidade Federal de Minas Gerais (UFMG). Doutora em Direito P\u00fablico pela Universidad de Alcal\u00e1 de Henares (UAH). Diretora do Centro de Excel\u00eancia Europeu Jean Monnet UFMG. Coordenadora da C\u00e1tedra Jean Monnet de Direito Comunit\u00e1rio. Tem atua\u00e7\u00e3o acad\u00eamica em Mercosul, Uni\u00e3o Europeia, processo de integra\u00e7\u00e3o, direito comunit\u00e1rio e direito ambiental.<\/p>\n\n\n\n<p><strong>Jane Alexandre Mutsuque <\/strong>Docente do Departamento de Ci\u00eancias Sociais, Curso de Ci\u00eancias da Comunica\u00e7\u00e3o da Universidade Zambeze, Mo\u00e7ambique. Doutorando em Comunica\u00e7\u00e3o Social pela Universidade Federal de Minas Gerais (UFMG). Membro do N\u00facleo de Pesquisa em Conex\u00f5es Interm\u00e9dia (NucCon). Tem atua\u00e7\u00e3o acad\u00eamica em l\u00edngua portuguesa, literatura de express\u00e3o portuguesa e educa\u00e7\u00e3o transm\u00eddia.<\/p>\n\n\n\n<p><strong>Jer\u00f4nimo Coura-Sobrinho <\/strong>Professor titular do Departamento de Linguagem e Tecnologia do Centro Federal de Educa\u00e7\u00e3o Tecnol\u00f3gica de Minas Gerais (CEFET-MG). Doutor em Estudos Lingu\u00edsticos pela Universidade Federal de Minas Gerais (UFMG). Possui est\u00e1gio p\u00f3s-doutoral pela Universidade Federal Fluminense (UFF). Tem atua\u00e7\u00e3o acad\u00eamica em exame Celpe-Bras, exames de profici\u00eancia lingu\u00edstica e avalia\u00e7\u00e3o de profici\u00eancia em l\u00ednguas.<\/p>\n\n\n\n<p><strong>Jo\u00e3o Paulo Ferraz Oliveira <\/strong>Professor substituto do Departamento de Rela\u00e7\u00f5es Internacionais da Universidade Federal de Sergipe (UFS) (2018-2019). Doutor em Ci\u00eancia Pol\u00edtica pela Universidade Federal de Minas Gerais (UFMG) e em Ci\u00eancia Pol\u00edtica e Social pela Universit\u00e9 Catholique de Louvain (UCL), B\u00e9lgica. Membro do Grupo de Estudos Oriente M\u00e9dio e Magreb. Tem atua\u00e7\u00e3o acad\u00eamica em integra\u00e7\u00e3o internacional e regionalismo.<\/p>\n\n\n\n<p><strong>Jo\u00e3o Paulo Nicolini Gabriel <\/strong>Doutorando em Ci\u00eancias Pol\u00edticas pela Universidade Federal de Minas Gerais (UFMG). Mestre em Rela\u00e7\u00f5es Internacionais pelo Programa de P\u00f3s-Gradua\u00e7\u00e3o San Tiago Dantas (Unesp\/Unicamp\/PUC-SP). Integrante da Rede de Pesquisa em Pol\u00edtica Externa e Regime Pol\u00edtico (RIPPERP). Tem atua\u00e7\u00e3o acad\u00eamica em desenvolvimento comparado de pot\u00eancias emergentes, teoria de rela\u00e7\u00f5es internacionais e prolifera\u00e7\u00e3o nuclear.<\/p>\n\n\n\n<p><strong>Jos\u00e9 Angelo Machado <\/strong>Professor associado do Departamento de Ci\u00eancia Pol\u00edtica da Universidade Federal de Minas Gerais (UFMG). Doutor em Ci\u00eancias Humanas pela mesma universidade. Tem atua\u00e7\u00e3o acad\u00eamica em institui\u00e7\u00f5es pol\u00edticas, intera\u00e7\u00e3o estrat\u00e9gica, sistemas federativos, rela\u00e7\u00f5es intergovernamentais, descentraliza\u00e7\u00e3o, planejamento e gest\u00e3o de pol\u00edticas p\u00fablicas.<\/p>\n\n\n\n<p><strong>Jos\u00e9 Eug\u00eanio C\u00f4rtes Figueira <\/strong>Professor adjunto do Instituto de Ci\u00eancias Biol\u00f3gicas da Universidade Federal de Minas Gerais (UFMG). Doutor em Ecologia pela Universidade Estadual de Campinas (Unicamp). Tem atua\u00e7\u00e3o acad\u00eamica em ecologia de popula\u00e7\u00f5es e ecologia de comunidades, com \u00eanfase em vegeta\u00e7\u00e3o de campos rupestres, ecologia do fogo e comunidades animais.<\/p>\n\n\n\n<p><strong>Julijana Nicha Andrade <\/strong>Doutora em Ci\u00eancia Pol\u00edtica pela Universidade Federal de Minas Gerais (UFMG). Mestre em Pol\u00edticas P\u00fablicas pela University of York. Foi gestora de eventos culturais do Centro de Informa\u00e7\u00e3o da Uni\u00e3o Europeia (2013). Morou, viajou e trabalhou em mais de 20 pa\u00edses. Tem atua\u00e7\u00e3o acad\u00eamica em pol\u00edtica, mobilidade art\u00edstica e pol\u00edticas p\u00fablicas.<\/p>\n\n\n\n<p><strong>K\u00e1tia Regis <\/strong>Professora associada da Universidade Federal do Maranh\u00e3o (UFMA). Doutora em Educa\u00e7\u00e3o pela Pontif\u00edcia Universidade Cat\u00f3lica de S\u00e3o Paulo (PUC-SP). Coordenadora da Licenciatura em Estudos Africanos e Afro-Brasileiros da UFMA. Tem atua\u00e7\u00e3o acad\u00eamica em ensino da hist\u00f3ria e cultura africana e afro-brasileira, curr\u00edculo e pol\u00edticas curriculares.<\/p>\n\n\n\n<p><strong>K\u00eania Lara Silva <\/strong>Professora associada da Escola de Enfermagem da Universidade Federal de Minas Gerais (UFMG). Doutora em Enfermagem pela mesma universidade. Pesquisadora do N\u00facleo de Estudos e Pesquisas sobre Ensino e Pr\u00e1tica de Enfermagem (NUPEPE). Tem atua\u00e7\u00e3o acad\u00eamica em ensino, curr\u00edculo, organiza\u00e7\u00e3o de servi\u00e7os com \u00eanfase na aten\u00e7\u00e3o domiciliar, sa\u00fade coletiva e promo\u00e7\u00e3o da sa\u00fade.<\/p>\n\n\n\n<p><strong>Klaus Guimar\u00e3es Dalgaard <\/strong>Professor adjunto de Pol\u00edtica Internacional e Comparada da Universidade Federal de Minas Gerais (UFMG). Doutor em Rela\u00e7\u00f5es Internacionais pela London School of Economics and Political Science (LSE),com est\u00e1gio p\u00f3s-doutoral em Engenharia de Energia e Planejamento Energ\u00e9tico na Unicamp. Tem atua\u00e7\u00e3o acad\u00eamica em pol\u00edtica energ\u00e9tica nacional e internacional, pol\u00edtica externa e rela\u00e7\u00f5es internacionais.<\/p>\n\n\n\n<p><strong>Leonardo Costa Ribeiro <\/strong>Professor adjunto do Departamento de Ci\u00eancias Econ\u00f4micas da Universidade Federal de Minas Gerais (UFMG). Docente do Mestrado Profissional do Instituto Nacional de Metrologia. Doutor em F\u00edsica, com est\u00e1gio p\u00f3s-doutoral em Ci\u00eancias Sociais Aplicadas pela mesma universidade. Tem atua\u00e7\u00e3o acad\u00eamica em f\u00edsica, com \u00eanfase em f\u00edsica estat\u00edstica.<\/p>\n\n\n\n<p><strong>Leonardo Netto Parentoni <\/strong>Professor adjunto da Faculdade de Direito da Universidade Federal de Minas Gerais (UFMG) e titular do Instituto Brasileiro de Mercado de Capitais (IBMEC\/MG). Doutor em Direito pela Universidade de S\u00e3o Paulo (USP). Procurador Federal de Categoria Especial \u2013 AGU. Fundador e Conselheiro Cient\u00edfico do Centro de Pesquisa em Direito, Tecnologia e Inova\u00e7\u00e3o \u2013 DTIBR. Tem atua\u00e7\u00e3o acad\u00eamica em direito, tecnologia e inova\u00e7\u00e3o, an\u00e1lise emp\u00edrica do direito e direito societ\u00e1rio.<\/p>\n\n\n\n<p><strong>Leonardo Nunes <\/strong>Professor adjunto da Faculdade de Letras da Universidade Federal de Minas Gerais (UFMG). Doutor em Estudos Lingu\u00edsticos pela mesma universidade. Realizou est\u00e1gio doutoral na Universit\u00e4t des Saarlandes, Alemanha. Tem atua\u00e7\u00e3o acad\u00eamica em tradu\u00e7\u00e3o, ingl\u00eas para fins acad\u00eamicos, estudos de corpora, descri\u00e7\u00e3o lingu\u00edstica e cogni\u00e7\u00e3o.<\/p>\n\n\n\n<p><strong>Lin Jia <\/strong>Gerente de design da Gensler, China, maior empresa de design do mundo. Graduada em Arquitetura e em Administra\u00e7\u00e3o pela University of Virginia, Estados Unidos, e University of Pennsylvania, Estados Unidos, respectivamente. Participou do projeto do Evergrande Guangzhou Stadium, maior arena da China. Participou do Asian Forum for Global Governance e do Dhaka Global Dialogue.<\/p>\n\n\n\n<p><strong>Liu Jinlong <\/strong>Professor da Renmin University of China, China. Doutor em Sociologia do Desenvolvimento Rural pela Wageningen University, Holanda. Pesquisador visitante da Guelph University Canada, Canad\u00e1 (1999). Pesquisador pelo Sustainable Forestry Research and Development Centre (1990-2008). Tem atua\u00e7\u00e3o acad\u00eamica em desenvolvimento sustent\u00e1vel e ci\u00eancias da floresta.<\/p>\n\n\n\n<p><strong>Liu Yuanchun <\/strong>Professor da Escola de Economia da Renmin University of China, China. Doutor em Economia pela mesma universidade. Vice-reitor da mesma institui\u00e7\u00e3o. Diretor adjunto do Instituto de Pesquisa Econ\u00f4mica da Renmin University of China. Executivo da Academia de Desenvolvimento Nacional e Estrat\u00e9gia da universidade. Tem atua\u00e7\u00e3o acad\u00eamica em macroeconomia e economia mundial.<\/p>\n\n\n\n<p><strong>Lucas Carlos Lima <\/strong>Professor adjunto da Faculdade de Direito da Universidade Federal de Minas Gerais (UFMG). Doutor em Direito Internacional pela Universidade de Macerata, It\u00e1lia. Fez est\u00e1gio p\u00f3s-doutoral na University of Copenhagen, Dinamarca. Coordenador do Stylus Curiarum \u2013 Grupo de Pesquisa em Cortes e Tribunais Internacionais. Tem atua\u00e7\u00e3o acad\u00eamica em teoria e hist\u00f3ria do direito internacional e jurisdi\u00e7\u00e3o internacional.<\/p>\n\n\n\n<p><strong>Lu\u00eds Eust\u00e1quio Moreira <\/strong>Professor associado da Escola de Engenharia da Universidade Federal de Minas Gerais (UFMG). Doutor em Engenharia Civil pela Pontif\u00edcia Universidade Cat\u00f3lica do Rio de Janeiro (PUC-RJ). Possui est\u00e1gio p\u00f3s-doutoral pela mesma universidade. Fez parte da primeira Miss\u00e3o China. Tem atua\u00e7\u00e3o acad\u00eamica em mec\u00e2nica das estruturas de bambu e materiais conjugados n\u00e3o met\u00e1licos.<\/p>\n\n\n\n<p><strong>Manoel Leonardo Santos <\/strong>Professor associado do Departamento de Ci\u00eancia Pol\u00edtica da Universidade Federal de Minas Gerais (UFMG). Doutor em Ci\u00eancia Pol\u00edtica pela Universidade Federal de Pernambuco (UFPE). Coordenador do Centro de Estudos Latino-Americanos (CELA) e do Centro de Estudos Legislativos (CEL) da UFMG. Tem atua\u00e7\u00e3o acad\u00eamica em lobby e grupos de interesse, financiamento de campanha, poder legislativo e institui\u00e7\u00f5es comparadas.<\/p>\n\n\n\n<p><strong>Marcelo Antonio Nero <\/strong>Professor adjunto do Departamento de Cartografia da Universidade Federal de Minas Gerais (UFMG). Doutor em Engenharia de Transportes pela Universidade de S\u00e3o Paulo (USP), com est\u00e1gio p\u00f3s-doutoral em Probabilidade e Estat\u00edstica Aplicadas e Sistemas de Computa\u00e7\u00e3o pela USP. Vice-coordenador do Curso de Especializa\u00e7\u00e3o em Geoprocessamento do Instituto de Geoci\u00eancias da UFMG. Tem atua\u00e7\u00e3o acad\u00eamica em cartografia digital, controle de qualidade posicional em cartografia e bases de dados geogr\u00e1ficos.<\/p>\n\n\n\n<p><strong>M\u00e1rcia Miranda Soares <\/strong>Professora associada do Departamento de Ci\u00eancia Pol\u00edtica da Universidade Federal de Minas Gerais (UFMG). Doutora em Ci\u00eancia Pol\u00edtica pelo Instituto Universit\u00e1rio de Pesquisas do Rio de Janeiro (IUPERJ). Membro do Conselho T\u00e9cnico e Cient\u00edfico do N\u00facleo de Estudos em Gest\u00e3o e Pol\u00edticas P\u00fablicas (Publicus) da UFMG. Tem atua\u00e7\u00e3o acad\u00eamica em federalismo, rela\u00e7\u00f5es intergovernamentais e pol\u00edticas p\u00fablicas.<\/p>\n\n\n\n<p><strong>Marc\u00edlio Franca Filho <\/strong>Professor do Centro de Ci\u00eancias Jur\u00eddicas da Universidade Federal da Para\u00edba (UFPB). Fez est\u00e1gio p\u00f3s-doutoral em Direito pelo European University Institute (EUI). Membro do Conselho Executivo da International Law Association (ILA). \u00c1rbitro Suplente do Tribunal Permanente de Revis\u00e3o do Mercosul (TPR). Tem atua\u00e7\u00e3o acad\u00eamica em direito constitucional, direito administrativo, direito econ\u00f4mico internacional, direito da integra\u00e7\u00e3o, direito da arte e teoria geral do direito.<\/p>\n\n\n\n<p><strong>Marcos Ant\u00f4nio Alexandre <\/strong>Professor titular da Faculdade de Letras da Universidade Federal de Minas Gerais (UFMG). Doutor em Estudos Liter\u00e1rios pela mesma universidade. Coordenador do Centro de Estudos Africanos da UFMG. Coeditor da Aletria: Revista de Estudos Liter\u00e1rios. Tem atua\u00e7\u00e3o acad\u00eamica em literaturas hisp\u00e2nicas, performances, rituais afro-brasileiros, teatro negro e teatro latino-americano.<\/p>\n\n\n\n<p><strong>Maria Auxiliadora Figueiredo <\/strong>Diplomata de carreira. P\u00f3s-graduada em Rela\u00e7\u00f5es Internacionais pela Sociedad de Estudios Internacionales (SEI), Espanha. Chefe do Escrit\u00f3rio de Representa\u00e7\u00e3o do Minist\u00e9rio das Rela\u00e7\u00f5es Exteriores em Minas Gerais. Embaixadora do Brasil junto \u00e0 Costa do Marfim (2008-2012) e \u00e0 Mal\u00e1sia (2012-2014). Tem atua\u00e7\u00e3o acad\u00eamica em diplomacia, \u00c1frica e preven\u00e7\u00e3o de conflitos.<\/p>\n\n\n\n<p><strong>Maria Luiza Almeida Cunha de Castro <\/strong>Professora adjunta da Escola de Arquitetura da Universidade Federal de Minas Gerais (UFMG). Doutora em Ci\u00eancias Socioambientais pela Universidade Federal do Par\u00e1 (UFPA). Membro do corpo editorial do The International Journal of Sustainability Policy and Practice. Tem atua\u00e7\u00e3o acad\u00eamica em desenho industrial e planejamento urbano e regional.<\/p>\n\n\n\n<p><strong>Mariana Ferreira da Silva <\/strong>Graduanda em Direito pela Universidade Federal de Minas Gerais (UFMG). Bolsista FAPEMIG do Projeto Medidas Socioeducativas e Direitos das Popula\u00e7\u00f5es LGBT, da Cl\u00ednica de Direitos Humanos da UFMG. Membro do Stylus Curiarum \u2013 Grupo de Estudos em Cortes e Tribunais Internacionais da UFMG. Tem atua\u00e7\u00e3o acad\u00eamica em direitos humanos e direito internacional p\u00fablico.<\/p>\n\n\n\n<p><strong>Mariana Lima Muniz <\/strong>Professora titular da Escola de Belas Artes da Universidade Federal de Minas Gerais (UFMG). Doutora em Hist\u00f3ria, Teoria e Pr\u00e1tica do Teatro pela Universidad de Alcal\u00e1, Espanha. Realizou est\u00e1gio p\u00f3s-doutoral na Universidad de Buenos Aires, Argentina. L\u00edder do grupo de pesquisa Improvisa\u00e7\u00e3o e outras Interatividades (Improlab). Tem atua\u00e7\u00e3o acad\u00eamica em improvisa\u00e7\u00e3o e dramaturgia, rela\u00e7\u00e3o ator-p\u00fablico e rela\u00e7\u00e3o teatro-internet no teatro contempor\u00e2neo.<\/p>\n\n\n\n<p><strong>Mariana Miranda Rodrigues <\/strong>Bacharel em Rela\u00e7\u00f5es Econ\u00f4micas Internacionais pela Universidade Federal de Minas Gerais (UFMG). Interc\u00e2mbio na The Hague University of Applied Sciences, Holanda (2017). Professora de Ingl\u00eas na UPTIME \u2013 Comunica\u00e7\u00e3o em Ingl\u00eas. Tem atua\u00e7\u00e3o acad\u00eamica em economia da China, desenvolvimento econ\u00f4mico e blocos econ\u00f4micos (ASEAN).<\/p>\n\n\n\n<p><strong>Matheus Costa do Vale <\/strong>Graduando em Direito pela Universidade Federal da Para\u00edba (UFPB). Pesquisador do Grupo LABIRINT \u2013 Laborat\u00f3rio Internacional de Investiga\u00e7\u00e3o em Transjuridicidade. Fez o Curso de Preven\u00e7\u00e3o \u00e0 Lavagem de Dinheiro e Financiamento ao Terrorismo (ESAF). Tem atua\u00e7\u00e3o acad\u00eamica em direito tribut\u00e1rio, direito comercial, direito da arte e direito do petr\u00f3leo.<\/p>\n\n\n\n<p><strong>Mauro Henrique Abreu <\/strong>Professor associado da Faculdade de Odontologia da Universidade Federal de Minas Gerais (UFMG). Doutor em Epidemiologia pela mesma universidade. Realizou est\u00e1gio p\u00f3s-doutoral pelo The Forsyth Institute\/Harvard School of Dental Medicine, Estados Unidos. Tem atua\u00e7\u00e3o acad\u00eamica em sa\u00fade coletiva, epidemiologia e cl\u00ednica odontol\u00f3gica.<\/p>\n\n\n\n<p><strong>Monique Sochaczewski <\/strong>Pesquisadora associada do Centro Brasileiro de Rela\u00e7\u00f5es Internacionais (CEBRI). Doutora em Hist\u00f3ria, Pol\u00edtica e Bens Culturais pela Funda\u00e7\u00e3o Get\u00falio Vargas. Cursou est\u00e1gio p\u00f3s-doutoral na mesma institui\u00e7\u00e3o. Autora dos livros Tr\u00f3picos orientais\/orientes tropicais: reflex\u00f5es sobre o Brasil e o Oriente M\u00e9dio e Do Rio de Janeiro a Istambul: contrastes e conex\u00f5es entre o Brasil e o Imp\u00e9rio Otomano (1850-1919). Tem atua\u00e7\u00e3o acad\u00eamica em hist\u00f3ria judaica, Oriente M\u00e9dio e Norte da \u00c1frica, g\u00eanero e migra\u00e7\u00f5es.<\/p>\n\n\n\n<p><strong>Natalia Sofia Aldana-Mart\u00ednez <\/strong>Professora de Medicina da Universidad Nacional de Colombia (UNAL).Mestre em Medicina Alternativa, com \u00eanfase em Homeopatia, pela mesma universidade. Editora-geral da \u201cVirtual Health Library \u2013 Traditional, Complementary and Integrative Medicine \u2013 Americas\u201d. Tem atua\u00e7\u00e3o acad\u00eamica em acupuntura, medicina tradicional chinesa e homeopatia.<\/p>\n\n\n\n<p><strong>Nilma Lino Gomes <\/strong>Professora titular em\u00e9rita da Faculdade de Educa\u00e7\u00e3o da Universidade Federal de Minas Gerais (UFMG). Doutora em Antropologia Social pela Universidade de S\u00e3o Paulo (USP). Reitora Pr\u00f3-Tempore da Universidade da Integra\u00e7\u00e3o Internacional da Lusofonia Afro-Brasileira (UNILAB) (2013-2014). Tem atua\u00e7\u00e3o acad\u00eamica em diversidade, cultura e educa\u00e7\u00e3o, rela\u00e7\u00f5es \u00e9tnico-raciais e educa\u00e7\u00e3o, forma\u00e7\u00e3o de professores e diversidade \u00e9tnico-racial.<\/p>\n\n\n\n<p><strong>Patr\u00edcia Nasser de Carvalho <\/strong>Professora adjunta do Departamento de Ci\u00eancias Econ\u00f4micas da Universidade Federal de Minas Gerais (UFMG). Doutora em Economia Pol\u00edtica Internacional pela Universidade Federal do Rio de Janeiro (UFRJ). Coordenadora da Forma\u00e7\u00e3o Transversal em Estudos Internacionais da UFMG. Tem atua\u00e7\u00e3o acad\u00eamica em economia pol\u00edtica internacional, com\u00e9rcio internacional, regionalismo e integra\u00e7\u00e3o regional.<\/p>\n\n\n\n<p><strong>Pauline Bosredon <\/strong>Professora assistente do Departamento de Geografia da Universit\u00e9 de Lille (Univ-Lille). Doutora em Ci\u00eancias Sociais e Humanas pela Universit\u00e9 de Rennes (Univ-Rennes). Participa do grupo de pesquisa Territoires, Villes, Environnement &amp; Soci\u00e9t\u00e9. Tem atua\u00e7\u00e3o acad\u00eamica em patrim\u00f4nio, cultura, regenera\u00e7\u00e3o urbana, desigualdades.<\/p>\n\n\n\n<p><strong>Pavin Chachavalpongpun <\/strong>Professor associado da Kyoto University, Jap\u00e3o. Doutor em Estudos Pol\u00edticos pela School of Oriental and African Studies, University of London, Reino Unido. Professor visitante da University of Sydney, Austr\u00e1lia (2019) e da Tallinn University (2018-2019), Est\u00f4nia. Exilado da Tail\u00e2ndia por oposi\u00e7\u00e3o ao regime pol\u00edtico nacional. Tem atua\u00e7\u00e3o acad\u00eamica em pol\u00edtica externa da Tail\u00e2ndia, democratiza\u00e7\u00e3o tailandesa e rela\u00e7\u00f5es exteriores de Mianmar.<\/p>\n\n\n\n<p><strong>Pedro Andrade Matos <\/strong>Professor do Programa de P\u00f3s-Gradua\u00e7\u00e3o em Direito Ambiental e Desenvolvimento Sustent\u00e1vel da Escola Superior Dom Helder C\u00e2mara (ESDHC). Doutor em Rela\u00e7\u00f5es Internacionais pela Pontif\u00edcia Universidade Cat\u00f3lica de Minas Gerais (PUC Minas). Comentarista no programa Vis\u00e3o \u00c1frica da r\u00e1dio Educativa da UFMG (2011-2013). Tem atua\u00e7\u00e3o acad\u00eamica em coopera\u00e7\u00e3o internacional, desenvolvimento sustent\u00e1vel e estudos africanos.<\/p>\n\n\n\n<p><strong>Plinio da Costa Temba <\/strong>Professor associado do Departamento de Cartografia da Universidade Federal de Minas Gerais (UFMG). Doutor em Engenharia Civil pela Universidade Federal de Santa Catarina (UFSC). Revisor de peri\u00f3dico da ISPRS Journal of Photogrammetry and Remote Sensing e da Revista Brasileira de Cartografia (RBC). Tem atua\u00e7\u00e3o acad\u00eamica em cartografia digital, processamento digital de imagens, tecnologia GNSS e lasermetria.<\/p>\n\n\n\n<p><strong>Prerna Mukharya <\/strong>Fundadora da Outline India, uma empresa social com fins lucrativos que busca criar impacto social por meio de dados. Mestre em Economia pela Boston University, Estados Unidos. Foi listada entre as 25 mulheres de neg\u00f3cio mais poderosas da \u00cdndia, pela Business Today, em 2019. Tem atua\u00e7\u00e3o acad\u00eamica em economia, inova\u00e7\u00e3o e sociologia.<\/p>\n\n\n\n<p><strong>Raghu Radhakrishnan <\/strong>Professor do Departamento de Patologia Oral da Manipal Academy of Higher Education, \u00cdndia. Doutor em Epigen\u00e9tica do C\u00e2ncer Oral pela mesma institui\u00e7\u00e3o. Pesquisador Marie Curie na University of Sheffield, Reino Unido. Diretor de Colabora\u00e7\u00f5es Internacionais da referida universidade indiana. Tem atua\u00e7\u00e3o acad\u00eamica em patologias orais, anatomia dental e microbiologia.<\/p>\n\n\n\n<p><strong>Rajeswari Pillai Rajagopalan <\/strong>Chefe da Iniciativa de Pol\u00edtica Nuclear e Espacial na Observer Research Foundation (ORF). Escreve para o peri\u00f3dico The Diplomat sobre Defesa na \u00c1sia. Foi professora militar na \u00cdndia. Autora de quatro livros, dentre os quais Nuclear Security in India (2015) e Clashing Titans: Military Strategy and Insecurity among Asian Great Powers (2012). Tem atua\u00e7\u00e3o acad\u00eamica em defesa, for\u00e7as armadas, seguran\u00e7a e armas nucleares.<\/p>\n\n\n\n<p><strong>Ram\u00f3n Perea <\/strong>Professor da Universidad Polit\u00e9cnica de Madrid, Espanha. Doutor em Pesquisa Avan\u00e7ada em Florestas pela mesma universidade, com pr\u00eamio de melhor trabalho de doutorado pela Sociedade Espanhola de Ecologia Terrestre. Criador do projeto BIOSTRESS \u2013 Linking biotic and abiotic stress into the net outcome of plant interactions. Tem atua\u00e7\u00e3o acad\u00eamica em ecologia florestal e intera\u00e7\u00e3o interesp\u00e9cies.<\/p>\n\n\n\n<p><strong>Regina C\u00e2ndido Lima e Silva Santos <\/strong>Oficial de Registro de T\u00edtulos e Documentos e Civil das Pessoas Jur\u00eddicas da Comarca de Ouro Branco (MG). Mestranda em Direito pela Funda\u00e7\u00e3o Universidade de Ita\u00fana (UIT). Especialista em Direito P\u00fablico pela Universidade C\u00e2ndido Mendes (UCAM).<\/p>\n\n\n\n<p><strong>Ricardo Ghelman <\/strong>Professor colaborador do Departamento de Pediatria da Universidadede S\u00e3o Paulo (USP). Doutor em Medicina (Obstetr\u00edcia) pela Universidade Federal de S\u00e3o Paulo (Unifesp), com est\u00e1gio p\u00f3s-doutoral emNeurologia tamb\u00e9m pela Unifesp. Coordenador da Unidade de Pediatria Integrativa do Departamento de Pediatria da USP. Tem atua\u00e7\u00e3oacad\u00eamica em pediatria, medicina integrativa e complementar, cl\u00ednicam\u00e9dica e cancerologia.<\/p>\n\n\n\n<p><strong>Ricardo Santiago Gomez <\/strong>Professor titular da Faculdade de Odontologia da Universidade Federal de Minas Gerais (UFMG). Doutor em Odontologia pela Universidade de S\u00e3o Paulo (USP). Editor associado do Journal of Oral Pathology &amp; Medicine. Pr\u00f3-Reitor de P\u00f3s-Gradua\u00e7\u00e3o da UFMG (2010-2014). Diretor da Faculdade de Odontologia da UFMG (2004-2008). Tem atua\u00e7\u00e3o acad\u00eamica em patologia bucal e estomatologia.<\/p>\n\n\n\n<p><strong>R\u00f4mulo Monte Alto <\/strong>Professor associado da Faculdade de Letras da Universidade Federal de Minas Gerais (UFMG). Doutor em Literatura Comparada pela mesma universidade, com est\u00e1gio p\u00f3s-doutoral em Literatura Peruana pela Universidad Jaume I. Membro do Centro de Estudos Latino-Americanos (CELA\/UFMG). Coordenador do grupo de pesquisa \u201cRede de Estudos Andinos\u201d (CNPq). Tem experi\u00eancia em estudos andinos e na obra liter\u00e1ria de Jos\u00e9 Mar\u00eda Arguedas.<\/p>\n\n\n\n<p><strong>Rubens Ricupero <\/strong>Diplomata. Formado em Direito pela Universidade de S\u00e3o Paulo (USP). Ministro do Meio Ambiente e da Amaz\u00f4nia Legal do Governo Itamar Franco (1993-1994). Ministro da Fazenda do mesmo governo (1994). Secret\u00e1rio-geral da Confer\u00eancia das Na\u00e7\u00f5es Unidas sobre Com\u00e9rcio e Desenvolvimento (UNCTAD) (1995-2004). Subsecret\u00e1rio-geral da ONU (1995-2004).<\/p>\n\n\n\n<p><strong>Samir Saran <\/strong>Presidente da Observer Research Foundation (ORF). Comiss\u00e1rio da UN Global Commission on the Stability of Cyberspace. Membro do conselho consultivo do Sul da \u00c1sia do World Economic Forum. Membro do Global Future Council on Cybersecurity. Diretor do Centre for Peace and Security da Sardar Patel Police University, \u00cdndia. Tem atua\u00e7\u00e3o acad\u00eamica em seguran\u00e7a internacional, paz e ciberespa\u00e7o.<\/p>\n\n\n\n<p><strong>Samson Ajayi <\/strong>Mestre em Administra\u00e7\u00e3o de Neg\u00f3cios e Gest\u00e3o de Marketing pela Ahmadu Bello University (ABU), Nig\u00e9ria, e em Administra\u00e7\u00e3o de Neg\u00f3cios e Gest\u00e3o Estrat\u00e9gica &amp; Finan\u00e7as pelo American College of Greece (ACG), Gr\u00e9cia. Membro do Chartered Management Institute (CMI). Tem atua\u00e7\u00e3o acad\u00eamica em moderniza\u00e7\u00e3o dos canais de varejo, comportamento do consumidor e comunica\u00e7\u00e3o de marca.<\/p>\n\n\n\n<p><strong>Sarah Goifman Martins Diniz <\/strong>Mestranda em Rela\u00e7\u00f5es Internacionais pela Pontif\u00edcia Universidade Cat\u00f3lica de Minas Gerais (PUC Minas). Graduada em Rela\u00e7\u00f5es Econ\u00f4micas Internacionais pela Universidade Federal de Minas Gerais (UFMG). Tem atua\u00e7\u00e3o acad\u00eamica em processos decis\u00f3rios e governan\u00e7a econ\u00f4mica na integra\u00e7\u00e3o regional europeia.<\/p>\n\n\n\n<p><strong>Sebasti\u00e1n Amherdt <\/strong>Professor do Departamento de Geof\u00edsica e Geodin\u00e2mica da Universidad Nacional de Rosario (UNR). Doutorando em Ci\u00eancias da Terra pela mesma universidade. Tem interesse acad\u00eamico em an\u00e1lise de imagem por sat\u00e9lite, geoinforma\u00e7\u00e3o, processamento de imagem por sat\u00e9lite, geom\u00e1tica, topografia, meteorologia e geod\u00e9sia.<\/p>\n\n\n\n<p><strong>Shashi Tharoor <\/strong>Escritor e pol\u00edtico. Doutor em Direito e Diplomacia pela Fletcher School, Estados Unidos. Parlamentar da Lok Sabha, c\u00e2mara baixa do Parlamento indiano, por Thiruvananthapuram. Subsecret\u00e1rio-geral das Na\u00e7\u00f5es Unidas para Comunica\u00e7\u00f5es e Informa\u00e7\u00e3o P\u00fablica (2002-2007). Ministro das Rela\u00e7\u00f5es Exteriores da \u00cdndia (2009-2010). Ministro de Desenvolvimento de Recursos Humanos da \u00cdndia (2012-2014). Tem atua\u00e7\u00e3o acad\u00eamica em rela\u00e7\u00f5es internacionais, organiza\u00e7\u00f5es internacionais e direito.<\/p>\n\n\n\n<p><strong>Showkat Shafi <\/strong>Fotojornalista. Mestre em Jornalismo pela Kashmir University, \u00cdndia. Editor fotogr\u00e1fico da Al Jazeera Media Network desde 2015, onde tamb\u00e9m foi fotojornalista freelancer (2011-2015). Cobriu hist\u00f3rias internacionalmente em \u00c1ustria, But\u00e3o, Nepal, Bangladesh, Israel\/Palestina, Estados Unidos (Alaska) e Catar. Possui vasta produ\u00e7\u00e3o documentando as vidas dos \u201cinvis\u00edveis\u201d no subcontinente indiano.<\/p>\n\n\n\n<p><strong>Shruti Pandalai <\/strong>Membro do Institute for Defence Studies and Analyses. Jornalista. Mestre em R\u00e1dio e Televis\u00e3o pelo Asian College of Journalism, Chennai, \u00cdndia. Mestre em Rela\u00e7\u00f5es Internacionais pela School of Oriental and African Studies, University of London, Reino Unido. Correspondente da Times Now (2005-2009). Tem atua\u00e7\u00e3o acad\u00eamica em diplomacia e seguran\u00e7a internacional.<\/p>\n\n\n\n<p><strong>Tarin Cristino Frota Mont\u2019Alverne <\/strong>Professora da Faculdade de Direito da Universidade Federal do Cear\u00e1 (UFC). Doutora em Direito Internacional do Meio Ambiente pelas Universit\u00e9 de Paris (Univ-Paris) e Universidade de S\u00e3o Paulo (USP). Coordenadora do Grupo de Estudos em Direito e Assuntos Internacionais (GEDAI). Tem atua\u00e7\u00e3o acad\u00eamica em direito internacional e direito ambiental.<\/p>\n\n\n\n<p><strong>Tiago Duarte Dias <\/strong>Doutorando em Antropologia pela Universidade Federal Fluminense (UFF). Mestre em Antropologia pela mesma universidade. Graduado em Rela\u00e7\u00f5es Internacionais pela mesma institui\u00e7\u00e3o. Tem atua\u00e7\u00e3o acad\u00eamica em antropologia urbana, etnicidade, comunidades em di\u00e1spora, identidade curda e imigra\u00e7\u00e3o na Dinamarca.<\/p>\n\n\n\n<p><strong>Ulysses Panisset <\/strong>Professor adjunto da Faculdade de Medicina da Universidade Federal de Minas Gerais (UFMG). Doutor em Rela\u00e7\u00f5es Internacionais pela Johns Hopkins University, Estados Unidos. Coordenador fundador do Centro de Rela\u00e7\u00f5es Internacionais da Faculdade de Medicina da UFMG. Foi membro fundador do Comit\u00ea Revisor de Guias da OMS. Tem atua\u00e7\u00e3o acad\u00eamica em gest\u00e3o do conhecimento, sa\u00fade coletiva e ci\u00eancia pol\u00edtica.<\/p>\n\n\n\n<p><strong>Vanessa de Almeida Guerra<\/strong> Professora adjunta da Escola de Enfermagem da Universidade Federal de Minas Gerais (UFMG). Doutora em Sa\u00fade P\u00fablica pela Universidade de S\u00e3o Paulo (USP). Membro do N\u00facleo de Gest\u00e3o em Sa\u00fade (NUGES\/UFMG). Tem atua\u00e7\u00e3o acad\u00eamica em promo\u00e7\u00e3o da sa\u00fade, sa\u00fade do trabalhador, gest\u00e3o e aten\u00e7\u00e3o prim\u00e1ria \u00e0 sa\u00fade.<\/p>\n\n\n\n<p><strong>Varvara Sazhina <\/strong>Professora da Faculdade de Administra\u00e7\u00e3o P\u00fablica da Lomonosov Moscow State University, R\u00fassia. Doutora em Geografia, Sociologia e Ecologia pela mesma universidade. Envolvida em diversos projetos da Kronotsky State Natural Biosphere Reserve e do South-Kamchatka Sanctuary. Tem atua\u00e7\u00e3o acad\u00eamica em ecologia, capital social e administra\u00e7\u00e3o p\u00fablica local.<\/p>\n\n\n\n<p><strong>Victoria Grieve <\/strong>Professora da Escola de Humanidades e Ci\u00eancias Sociais da Utah State University, Estados Unidos. Doutora em Hist\u00f3ria Americana Moderna pela George Washington University, Estados Unidos. Publicou os livros Little Cold Warriors: American Childhood in the 1950s e The Federal Art Project and the Creation of Middle Culture. Tem atua\u00e7\u00e3o acad\u00eamica em cultura visual, hist\u00f3ria da inf\u00e2ncia e Guerra Fria.<\/p>\n\n\n\n<p><strong>Volker Jaeckel <\/strong>Professor associado da Faculdade de Letras da Universidade Federal de Minas Gerais (UFMG). Doutor em Literatura Brasileira pela Friedrich-Schiller-Universit\u00e4t Jena (Uni-Jena). Subcoordenador do N\u00facleo de Estudos de Guerra e Literatura (NEGUE). Tem atua\u00e7\u00e3o acad\u00eamica em literatura alem\u00e3 contempor\u00e2nea, literatura do expressionismo, literatura das grandes cidades e literatura brasileira da \u00e9poca colonial.<\/p>\n\n\n\n<p><strong>Xu Tuoyuan <\/strong>Doutora em Administra\u00e7\u00e3o (Economia Florestal e Administra\u00e7\u00e3o) pela Faculdade de Desenvolvimento Agr\u00edcola e Rural da Renmin University of China, em Pequim. Foi \u201cEstudante M\u00e9rito\u201d pela mesma universidade (2016). Tem atua\u00e7\u00e3o acad\u00eamica em mecanismos de governan\u00e7a comunit\u00e1ria, direitos coletivos de propriedade de florestas e pol\u00edtica agr\u00edcola.<\/p>\n\n\n\n<p><strong>Yoichiro Sato <\/strong>Professor da Faculdade de Estudos da \u00c1sia-Pac\u00edfico da Ritsumeikan Asia Pacific University, Jap\u00e3o. Doutor em Ci\u00eancia Pol\u00edtica pela University of Hawaii, Estados Unidos. Professor da University of Auckland (1998-2001) e da University of Hawaii (1993-1998). Presidente da International Association of Asia Pacific Studies (2016-2017). Tem atua\u00e7\u00e3o acad\u00eamica em pol\u00edtica e teoria das rela\u00e7\u00f5es internacionais.<\/p>\n\n\n\n<p><strong>Zuo Xiying <\/strong>Professor da Escola de Estudos Internacionais da Renmin University of China, China. Doutor em Ci\u00eancia Pol\u00edtica pela Fudan University, China. Pesquisador da National Academy of Development and Strategy, think tank ligado \u00e0 mesma universidade. Tem atua\u00e7\u00e3o acad\u00eamica em seguran\u00e7a internacional, rela\u00e7\u00f5es sino-estadunidenses e seguran\u00e7a regional da \u00c1sia-Pac\u00edfico.<\/p>\n","protected":false},"excerpt":{"rendered":"<p>Abdelhafid Hammouche Professor de Sociologia da Universit\u00e9 de Lille (Univ-Lille). Doutor em Sociologia e Antropologia pela Universit\u00e9 Lumi\u00e8re Lyon 2 (Univ-Lyon2). Membro do conselho do departamento de sociologia da Facult\u00e9 d\u2019Anthropologie et de Sociologie de Lyon 2 (2000-2009). Tem atua\u00e7\u00e3o acad\u00eamica em imigra\u00e7\u00e3o, cidade, imigrante, pol\u00edticas e casamento. Adriana Marcela Monroy Garz\u00f3n Professora da Escola [&hellip;]<\/p>\n","protected":false},"author":1,"featured_media":0,"parent":0,"menu_order":0,"comment_status":"closed","ping_status":"closed","template":"","meta":[],"categories":[],"_links":{"self":[{"href":"https:\/\/www.ufmg.br\/dri\/desafiosglobais\/wp-json\/wp\/v2\/pages\/46"}],"collection":[{"href":"https:\/\/www.ufmg.br\/dri\/desafiosglobais\/wp-json\/wp\/v2\/pages"}],"about":[{"href":"https:\/\/www.ufmg.br\/dri\/desafiosglobais\/wp-json\/wp\/v2\/types\/page"}],"author":[{"embeddable":true,"href":"https:\/\/www.ufmg.br\/dri\/desafiosglobais\/wp-json\/wp\/v2\/users\/1"}],"replies":[{"embeddable":true,"href":"https:\/\/www.ufmg.br\/dri\/desafiosglobais\/wp-json\/wp\/v2\/comments?post=46"}],"version-history":[{"count":5,"href":"https:\/\/www.ufmg.br\/dri\/desafiosglobais\/wp-json\/wp\/v2\/pages\/46\/revisions"}],"predecessor-version":[{"id":64,"href":"https:\/\/www.ufmg.br\/dri\/desafiosglobais\/wp-json\/wp\/v2\/pages\/46\/revisions\/64"}],"wp:attachment":[{"href":"https:\/\/www.ufmg.br\/dri\/desafiosglobais\/wp-json\/wp\/v2\/media?parent=46"}],"wp:term":[{"taxonomy":"category","embeddable":true,"href":"https:\/\/www.ufmg.br\/dri\/desafiosglobais\/wp-json\/wp\/v2\/categories?post=46"}],"curies":[{"name":"wp","href":"https:\/\/api.w.org\/{rel}","templated":true}]}}