{"id":3614,"date":"2019-02-26T17:49:17","date_gmt":"2019-02-26T20:49:17","guid":{"rendered":"https:\/\/www.ufmg.br\/dti\/cecom\/?page_id=3614"},"modified":"2026-07-28T09:46:07","modified_gmt":"2026-07-28T12:46:07","slug":"compras","status":"publish","type":"page","link":"https:\/\/www.ufmg.br\/dti\/compras\/","title":{"rendered":"Compras"},"content":{"rendered":"<p>Nesta se\u00e7\u00e3o est\u00e3o dispon\u00edveis os editais, publica\u00e7\u00f5es e demais informa\u00e7\u00f5es referentes \u00e0s compras realizadas pela DTI.<\/p>\n<p><strong>Compras<\/strong><\/p>\n<div class=\"su-accordion su-u-trim\">\n<div class=\"su-spoiler su-spoiler-style-fancy su-spoiler-icon-folder-2 su-spoiler-closed\" data-anchor=\"2026\" data-scroll-offset=\"0\" data-anchor-in-url=\"no\"><div class=\"su-spoiler-title\" tabindex=\"0\" role=\"button\"><span class=\"su-spoiler-icon\"><\/span>Ano 2026<\/div><div class=\"su-spoiler-content su-u-clearfix su-u-trim\">\n<p><strong>Preg\u00e3o Eletr\u00f4nico: SRP 90013\/2025<br \/>\n<\/strong><strong>Processo n\u00b0<\/strong>: 23072.253020\/2025-08<br \/>\n<strong>Objeto:<\/strong>\u00a0Aquisi\u00e7\u00e3o de\u00a0itens de inform\u00e1tica<br \/>\n<strong>Pr\u00e9vias*<\/strong>: <a href=\"https:\/\/www.ufmg.br\/dti\/wp-content\/uploads\/2019\/02\/termo_de_referencia_pregao_90013_2025.pdf\" target=\"_blank\"><strong>Termo de Refer\u00eancia e Estudo T\u00e9cnico Preliminar<\/strong><br \/>\n<\/a><strong>Abertura da Proposta<\/strong>: 10\/06\/2026 \u00e0s 09:00 no site: www.gov.br\/compras<br \/>\n<strong>Aviso de Licita\u00e7\u00e3o<\/strong>: <strong><a href=\"https:\/\/www.ufmg.br\/dti\/wp-content\/uploads\/2019\/02\/aviso_de_licitacao_pregao_90013_2025_dou_imprensa_nacional.pdf\" target=\"_blank\">Publica\u00e7\u00e3o do Aviso<\/a><\/strong><br \/>\n<strong>Edital<\/strong>: <strong><a href=\"https:\/\/www.ufmg.br\/dti\/wp-content\/uploads\/2019\/02\/edital_completo_pregao_90013_2025_versao_final.pdf\" target=\"_blank\">Edital do Preg\u00e3o<br \/>\n<\/a>Contrata\u00e7\u00e3o: <a href=\"https:\/\/pncp.gov.br\/app\/editais\/17217985000104\/2025\/489\" target=\"_blank\">Publica\u00e7\u00e3o da Contrata\u00e7\u00e3o<\/a><br \/>\nAta de Registro de Pre\u00e7os: <a href=\"https:\/\/contratos.sistema.gov.br\/transparencia\/arp?palavra_chave=&amp;status=&amp;dataInicio=&amp;dataFim=&amp;numeroAta=&amp;anoAta=&amp;numeroCompra=90013&amp;anoCompra=2025&amp;situacao=Vigente&amp;situacao=vigente&amp;modalidadeLicitacao%5B%5D=&amp;unidadesGerenciadoras%5B%5D=5942\" target=\"_blank\">Publica\u00e7\u00e3o da Ata<\/a><\/strong><\/p>\n<p>* Os documentos disponibilizados (Estudo T\u00e9cnico Preliminar e Termo de Refer\u00eancia) consistem em vers\u00f5es preliminares apresentadas em atendimento ao art. 34 da Instru\u00e7\u00e3o Normativa SGD\/ME n\u00ba 94\/2022. Ressaltamos que\u00a0<strong>tais documentos ainda poder\u00e3o sofrer ajustes at\u00e9 a data de publica\u00e7\u00e3o do edital<\/strong>, conforme o andamento dos tr\u00e2mites internos do processo licitat\u00f3rio. A vers\u00e3o definitiva consta\u00a0como anexo do edital.<\/p>\n<\/div><\/div>\n<div class=\"su-spoiler su-spoiler-style-fancy su-spoiler-icon-folder-2 su-spoiler-closed\" data-anchor=\"2025\" data-scroll-offset=\"0\" data-anchor-in-url=\"no\"><div class=\"su-spoiler-title\" tabindex=\"0\" role=\"button\"><span class=\"su-spoiler-icon\"><\/span>Ano 2025<\/div><div class=\"su-spoiler-content su-u-clearfix su-u-trim\">\n<div>\n<p><strong>Preg\u00e3o Eletr\u00f4nico: SRP 90005\/2025<br \/>\n<\/strong><strong>Processo n\u00b0<\/strong>:\u00a023072.226110\/2025-18<br \/>\n<strong>Objeto:<\/strong>\u00a0Contrata\u00e7\u00e3o de empresa para presta\u00e7\u00e3o de servi\u00e7os de telefonia fixa comutada &#8211; STFC<br \/>\n<strong>Abertura da Proposta:<\/strong>\u00a021\/07\/2025 \u00e0s 10h00 no site:\u00a0<a href=\"http:\/\/www.gov.br\/compras\" target=\"_blank\">www.gov.br\/compras<br \/>\n<\/a><strong>Aviso de Licita\u00e7\u00e3o: <a href=\"https:\/\/www.ufmg.br\/dti\/wp-content\/uploads\/2019\/02\/aviso_de_licitacao_pregao_90005_2025_dou_imprensa_nacional.pdf\" target=\"_blank\">Publica\u00e7\u00e3o do Aviso<\/a><\/strong><br \/>\n<strong>Edital<\/strong>: <strong><a href=\"https:\/\/www.ufmg.br\/dti\/wp-content\/uploads\/2019\/02\/edital_completo_pregao_90005_2025.pdf\" target=\"_blank\">Edital do Preg\u00e3o<\/a><br \/>\nContrata\u00e7\u00e3o:\u00a0<a href=\"https:\/\/pncp.gov.br\/app\/editais\/17217985000104\/2025\/153\" target=\"_blank\">Publica\u00e7\u00e3o da Contrata\u00e7\u00e3o<\/a><br \/>\nAta de Registro de Pre\u00e7os: <a href=\"https:\/\/contratos.sistema.gov.br\/transparencia\/arp?palavra_chave=&amp;status=&amp;dataInicio=&amp;dataFim=&amp;numeroAta=&amp;anoAta=&amp;numeroCompra=90005&amp;anoCompra=2025&amp;situacao=Vigente&amp;situacao=vigente&amp;modalidadeLicitacao%5B%5D=&amp;unidadesGerenciadoras%5B%5D=5942\" target=\"_blank\">Publica\u00e7\u00e3o da Ata<\/a><\/strong><\/p>\n<p><strong>Preg\u00e3o Eletr\u00f4nico: SRP 90015\/2025<br \/>\n<\/strong><strong>Processo n\u00b0<\/strong>: 23072.240076\/2025-94<br \/>\n<strong>Objeto:<\/strong>\u00a0Aquisi\u00e7\u00e3o de equipamentos para expans\u00e3o da cobertura e atualiza\u00e7\u00e3o da rede sem fio da UFMG<br \/>\n<strong>Pr\u00e9vias*: <a href=\"https:\/\/www.ufmg.br\/dti\/wp-content\/uploads\/2019\/02\/etp_e_anexo.pdf\" target=\"_blank\">Estudo T\u00e9cnico Preliminar<\/a>\u00a0e <a href=\"https:\/\/www.ufmg.br\/dti\/wp-content\/uploads\/2019\/02\/tr153258_000005_2025__10_.pdf\" target=\"_blank\">Termo de Refer\u00eancia<br \/>\n<\/a>Abertura da Proposta:<\/strong>\u00a029\/10\/2025 \u00e0s 10h00 no site:\u00a0<strong><a href=\"http:\/\/www.gov.br\/compras\" target=\"_blank\">www.gov.br\/compras<\/a><a href=\"https:\/\/www.ufmg.br\/dti\/wp-content\/uploads\/2019\/02\/tr153258_000005_2025__10_.pdf\" target=\"_blank\"><br \/>\n<\/a>Aviso de Licita\u00e7\u00e3o:\u00a0<a href=\"https:\/\/www.ufmg.br\/dti\/wp-content\/uploads\/2019\/02\/aviso_de_licitacao_pregao_90015_2025_dou_imprensa_nacional.pdf\" target=\"_blank\">Publica\u00e7\u00e3o do Aviso<\/a><br \/>\nEdital: <a href=\"https:\/\/www.ufmg.br\/dti\/wp-content\/uploads\/2019\/02\/edital_completo_pregao_90015_2025.pdf\" target=\"_blank\">Edital do Preg\u00e3o<br \/>\n<\/a>Contrata\u00e7\u00e3o: <a href=\"https:\/\/pncp.gov.br\/app\/editais\/17217985000104\/2025\/312\" target=\"_blank\">Publica\u00e7\u00e3o da Contrata\u00e7\u00e3o<br \/>\n<\/a>Ata de Registro de Pre\u00e7os: <a href=\"https:\/\/contratos.sistema.gov.br\/transparencia\/arp?palavra_chave=&amp;status=&amp;dataInicio=&amp;dataFim=&amp;numeroAta=&amp;anoAta=&amp;numeroCompra=90015&amp;anoCompra=2025&amp;situacao=Vigente&amp;situacao=vigente&amp;modalidadeLicitacao%5B%5D=&amp;unidadesGerenciadoras%5B%5D=5942\" target=\"_blank\">Publica\u00e7\u00e3o da Ata<\/a><\/strong><\/p>\n<p>&nbsp;<\/p>\n<p>* Os documentos disponibilizados (Estudo T\u00e9cnico Preliminar e Termo de Refer\u00eancia)\u00a0consistem em\u00a0vers\u00f5es preliminares\u00a0apresentadas\u00a0em atendimento ao art. 34 da Instru\u00e7\u00e3o Normativa SGD\/ME n\u00ba 94\/2022. Ressaltamos que\u00a0<strong>tais documentos ainda poder\u00e3o sofrer ajustes at\u00e9 a data de publica\u00e7\u00e3o do edital<\/strong>, conforme o andamento dos tr\u00e2mites internos do processo licitat\u00f3rio. A vers\u00e3o\u00a0definitiva consta\u00a0como anexo do edital.<\/p>\n<\/div><\/div>\n<\/div>\n<div class=\"su-spoiler su-spoiler-style-fancy su-spoiler-icon-folder-2 su-spoiler-closed\" data-anchor=\"2024\" data-scroll-offset=\"0\" data-anchor-in-url=\"no\"><div class=\"su-spoiler-title\" tabindex=\"0\" role=\"button\"><span class=\"su-spoiler-icon\"><\/span>Ano 2024<\/div><div class=\"su-spoiler-content su-u-clearfix su-u-trim\">\n<div>\n<p><strong>AVISO DE LICITA\u00c7\u00c3O<\/strong><\/p>\n<p><strong>Preg\u00e3o Eletr\u00f4nico: SRP 90001\/2024<br \/>\n<\/strong><strong>Processo n\u00b0<\/strong>:\u00a023072.225707\/2024-64<br \/>\n<strong>Objeto:<\/strong>\u00a0Contrata\u00e7\u00e3o de links redundantes para a rede centro de BH e Pampulha e link para r\u00e1dio UFMG<br \/>\n<strong>Abertura da Proposta:<\/strong>\u00a009\/09\/2024 \u00e0s 10h00 no site:\u00a0<a href=\"http:\/\/www.gov.br\/compras\" target=\"_blank\">www.gov.br\/compras<br \/>\n<\/a><strong>Aviso de Licita\u00e7\u00e3o: <a href=\"https:\/\/www.ufmg.br\/dti\/wp-content\/uploads\/2019\/02\/aviso_de_licitacao_pregao_90001_2024_dou_imprensa_nacional.pdf\" target=\"_blank\">Publica\u00e7\u00e3o do Aviso<\/a><\/strong><br \/>\n<strong>Edital<\/strong>: <strong><a href=\"https:\/\/www.ufmg.br\/dti\/wp-content\/uploads\/2019\/02\/edital_completo_pregao_90001_2024-1.pdf\" target=\"_blank\">Edital do Preg\u00e3o<\/a><\/strong><br \/>\n<strong>Contrata\u00e7\u00e3o:\u00a0<\/strong>\u00a0<strong><a href=\"https:\/\/pncp.gov.br\/app\/editais\/17217985000104\/2024\/247\" target=\"_blank\">Publica\u00e7\u00e3o da Contrata\u00e7\u00e3o<\/a><\/strong><br \/>\n<strong>Ata de Registro de Pre\u00e7os:<\/strong>\u00a0<strong><a href=\"https:\/\/pncp.gov.br\/app\/atas\/17217985000104\/2024\/247\/1\" target=\"_blank\">Publica\u00e7\u00e3o da Ata<\/a><\/strong><\/p>\n<p><strong>Preg\u00e3o Eletr\u00f4nico: SRP 90002\/2024<br \/>\n<\/strong><strong>Processo n\u00b0<\/strong>: 23072.261310\/2024-36<br \/>\n<strong>Objeto:<\/strong>\u00a0Aquisi\u00e7\u00e3o de itens diversos de telecomunica\u00e7\u00f5es<br \/>\n<strong>Abertura da Proposta:<\/strong>\u00a010\/12\/2024 \u00e0s 09h00 no site:\u00a0<a href=\"http:\/\/www.gov.br\/compras\" target=\"_blank\">www.gov.br\/compras<br \/>\n<\/a><strong>Aviso de Licita\u00e7\u00e3o: <a href=\"https:\/\/www.ufmg.br\/dti\/wp-content\/uploads\/2019\/02\/aviso_de_licitacao_pregao_90002_2024_dou_imprensa_nacional.pdf\" target=\"_blank\">Publica\u00e7\u00e3o do Aviso<\/a><\/strong><br \/>\n<strong>Edital<\/strong>:\u00a0<strong><a href=\"https:\/\/www.ufmg.br\/dti\/wp-content\/uploads\/2019\/02\/edital_completo_pregao_90002_2024.pdf\" target=\"_blank\">Edital do Preg\u00e3o<\/a><\/strong><br \/>\n<strong>Contrata\u00e7\u00e3o: <a href=\"https:\/\/pncp.gov.br\/app\/editais\/17217985000104\/2024\/472\" target=\"_blank\">Publica\u00e7\u00e3o da Contrata\u00e7\u00e3o<\/a><\/strong><br \/>\n<strong>Ata de Registro de Pre\u00e7os: <a href=\"https:\/\/pncp.gov.br\/app\/atas?q=17217985000104-1-000472%2F2024&amp;pagina=1&amp;ordenacao=data&amp;status=todos\" target=\"_blank\">Publica\u00e7\u00e3o da Ata<\/a><\/strong><\/p>\n<\/div><\/div>\n<\/div>\n<div class=\"su-spoiler su-spoiler-style-fancy su-spoiler-icon-folder-2 su-spoiler-closed\" data-anchor=\"2023\" data-scroll-offset=\"0\" data-anchor-in-url=\"no\"><div class=\"su-spoiler-title\" tabindex=\"0\" role=\"button\"><span class=\"su-spoiler-icon\"><\/span>Ano 2023<\/div><div class=\"su-spoiler-content su-u-clearfix su-u-trim\">\n<strong>Preg\u00e3o Eletr\u00f4nico:\u00a0001\/2023<br \/>\nObjeto:\u00a0<\/strong>Renova\u00e7\u00e3o de suporte e permiss\u00e3o de atualiza\u00e7\u00e3o de software IBM<br \/>\n<strong>Observa\u00e7\u00f5es:\u00a0<\/strong>A sess\u00e3o p\u00fablica ser\u00e1 aberta \u00e0s <strong>09h00 (nove horas)<\/strong>, hor\u00e1rio de Bras\u00edlia, do dia<strong>\u00a007 de mar\u00e7o de 2023<\/strong> no site\u00a0<a href=\"http:\/\/www.gov.br\/compras\" target=\"_blank\">www.gov.br\/compras<\/a>, onde poder\u00e1 ser obtida a c\u00f3pia do edital, seus anexos e demais informa\u00e7\u00f5es.<br \/>\n<strong>Aviso de Licita\u00e7\u00e3o: <a href=\"https:\/\/www.ufmg.br\/dti\/wp-content\/uploads\/2019\/02\/aviso_de_licitacao_pregao_001_2023_dou_imprensa_nacional.pdf\" target=\"_blank\">Publica\u00e7\u00e3o do Aviso<\/a><\/strong><br \/>\n<strong>Edital: <a href=\"https:\/\/www.ufmg.br\/dti\/wp-content\/uploads\/2019\/02\/edital_completo_pregao_001_2023_versao_final.pdf\" target=\"_blank\">Edital do Preg\u00e3o<br \/>\n<\/a>Resultado da Licita\u00e7\u00e3o: <a href=\"https:\/\/www.ufmg.br\/dti\/wp-content\/uploads\/2019\/02\/resultado_de_julgamento_pregao_eletronico_n1_2023_dou_imprensa_nacional.pdf\" target=\"_blank\">Publica\u00e7\u00e3o do Resultado<\/a><\/strong><\/p>\n<p><strong>Preg\u00e3o Eletr\u00f4nico:\u00a0002\/2023<br \/>\nObjeto:\u00a0<\/strong>Aquisi\u00e7\u00e3o de\u00a0licen\u00e7as tronco IP SIP e licen\u00e7as IP de terceiros<br \/>\n<strong>Observa\u00e7\u00f5es:\u00a0<\/strong>A sess\u00e3o p\u00fablica ser\u00e1 aberta \u00e0s\u00a0<strong>09h30 (nove horas e trinta minutos)<\/strong>, hor\u00e1rio de Bras\u00edlia, do dia<strong>\u00a025 de agosto de 2023<\/strong>\u00a0no site\u00a0<a href=\"http:\/\/www.gov.br\/compras\" target=\"_blank\">www.gov.br\/compras<\/a>, onde poder\u00e1 ser obtida a c\u00f3pia do edital, seus anexos e demais informa\u00e7\u00f5es.<br \/>\n<strong>Aviso de\u00a0Licita\u00e7\u00e3o: <a href=\"https:\/\/www.ufmg.br\/dti\/wp-content\/uploads\/2019\/02\/aviso_de_licitacao_pregao_002_2023_dou_imprensa_nacional.pdf\" target=\"_blank\">Publica\u00e7\u00e3o do Aviso<\/a><br \/>\nEdital: <a href=\"https:\/\/www.ufmg.br\/dti\/wp-content\/uploads\/2019\/02\/edital_completo_pregao_002_2023_versao_final.pdf\" target=\"_blank\">Edital do Preg\u00e3o<\/a><br \/>\nResultado da Licita\u00e7\u00e3o: <a href=\"https:\/\/www.ufmg.br\/dti\/wp-content\/uploads\/2019\/02\/resultado_de_julgamento_pregao_eletronico_n2_2023_dou_imprensa_nacional.pdf\" target=\"_blank\">Publica\u00e7\u00e3o do Resultado<\/a><\/strong><\/p>\n<p><strong>Preg\u00e3o Eletr\u00f4nico:\u00a0003\/2023<br \/>\nObjeto:\u00a0<\/strong>Aquisi\u00e7\u00e3o de\u00a0switches e pontos de acesso<br \/>\n<strong>Observa\u00e7\u00f5es:\u00a0<\/strong><span style=\"color: #333333\">A sess\u00e3o p\u00fablica ser\u00e1 aberta \u00e0s\u00a0<\/span><strong><span style=\"color: #333333\">09h00 (nove horas e trinta minutos)<\/span><\/strong><span style=\"color: #333333\">, hor\u00e1rio de Bras\u00edlia, do dia<\/span><span style=\"color: #333333\">\u00a0<strong>06 de novembro de 2023<\/strong><\/span><span style=\"color: #333333\">\u00a0no site\u00a0<\/span><a href=\"http:\/\/www.gov.br\/compras\" target=\"_blank\"><span style=\"color: #1e73be\">www.gov.br\/compras<\/span><\/a><span style=\"color: #333333\">, onde poder\u00e1 ser obtida a c\u00f3pia do edital, seus anexos e demais informa\u00e7\u00f5es;<br \/>\nComunicamos que o edital da licita\u00e7\u00e3o supracitada, publicada no D.O.U de 06\/09\/2023 foi alterado. A sess\u00e3o p\u00fablica, inicialmente agendada para o dia 27\/09\/2023, foi remarcada para o dia 06\/11\/2023 para altera\u00e7\u00f5es especialmente no Termo de Refer\u00eancia, notadamente, mas n\u00e3o exclusivamente, nos seguintes termos:<br \/>\na) descri\u00e7\u00e3o espec\u00edfica da marca, do modelo e do partnumber da solu\u00e7\u00e3o na proposta comercial;<br \/>\nb) procedimentos de teste e inspe\u00e7\u00e3o para fiscaliza\u00e7\u00e3o;<br \/>\nc) comprova\u00e7\u00e3o de aquisi\u00e7\u00e3o junto ao fabricante do suporte\/garantia;<br \/>\n<\/span><span style=\"color: #333333\">d) especifica\u00e7\u00f5es t\u00e9cnicas;<br \/>\n<\/span><span style=\"color: #333333\">e) atualiza\u00e7\u00f5es e corre\u00e7\u00f5es dos valores estimados.<br \/>\n<\/span> <strong>Aviso de Licita\u00e7\u00e3o: <a href=\"https:\/\/www.ufmg.br\/dti\/wp-content\/uploads\/2019\/02\/aviso_de_licitacao_pregao_003_2023_dou_imprensa_nacional.pdf\" target=\"_blank\">Publica\u00e7\u00e3o do Aviso<\/a><\/strong><br \/>\n<strong> Aviso de Altera\u00e7\u00e3o: <a href=\"https:\/\/www.ufmg.br\/dti\/wp-content\/uploads\/2019\/02\/aviso_de_alteracao_pregao_003_2023_dou_imprensa_nacional-3.pdf\" target=\"_blank\">Aviso de Altera\u00e7\u00e3o<\/a><br \/>\nEdital: <a href=\"https:\/\/www.ufmg.br\/dti\/wp-content\/uploads\/2019\/02\/edital_completo_pregao_003_2023_versao_final-1.pdf\" target=\"_blank\">Edital do Preg\u00e3o<\/a><br \/>\nResultado da Licita\u00e7\u00e3o: <a href=\"https:\/\/www.ufmg.br\/dti\/wp-content\/uploads\/2019\/02\/resultado_de_julgamento_pregao_eletronico_n3_2023_dou_imprensa_nacional.pdf\" target=\"_blank\">Publica\u00e7\u00e3o do Resultado<\/a><\/strong><\/p>\n<p><strong>Preg\u00e3o Eletr\u00f4nico:\u00a0004\/2023<br \/>\nObjeto:\u00a0<\/strong>Aquisi\u00e7\u00e3o de\u00a0servidores para hiperconverg\u00eancia hci-dti<br \/>\n<strong>Observa\u00e7\u00f5es:\u00a0<\/strong>A sess\u00e3o p\u00fablica ser\u00e1 aberta \u00e0s\u00a0<strong>09h00 (nove horas)<\/strong>, hor\u00e1rio de Bras\u00edlia, do dia<strong>\u00a030 de novembro de 2023<\/strong>\u00a0no site\u00a0<a href=\"http:\/\/www.gov.br\/compras\" target=\"_blank\">www.gov.br\/compras<\/a>, onde poder\u00e1 ser obtida a c\u00f3pia do edital, seus anexos e demais informa\u00e7\u00f5es.<br \/>\n<strong>Aviso de Licita\u00e7\u00e3o: <a href=\"https:\/\/www.ufmg.br\/dti\/wp-content\/uploads\/2019\/02\/aviso_de_licitacao_pregao_004_2023_dou_imprensa_nacional.pdf\" target=\"_blank\">Publica\u00e7\u00e3o do Aviso<\/a><\/strong><strong><br \/>\nEdital: <a href=\"https:\/\/www.ufmg.br\/dti\/wp-content\/uploads\/2019\/02\/edital_completo_pregao_004_2023_versao_final-2.pdf\" target=\"_blank\">Edital do Preg\u00e3o<br \/>\n<\/a><\/strong><strong>Resultado da Licita\u00e7\u00e3o: <a href=\"https:\/\/www.ufmg.br\/dti\/wp-content\/uploads\/2019\/02\/resultado_de_julgamento_pregao_eletronico_n4_2023_dou_imprensa_nacional.pdf\" target=\"_blank\">Publica\u00e7\u00e3o do Resultado<\/a><\/strong><\/p>\n<p><strong>Preg\u00e3o Eletr\u00f4nico:\u00a0005\/2023<\/strong><br \/>\n<strong> Objeto:<\/strong>\u00a0Aquisi\u00e7\u00e3o de\u00a0equipamentos para implementa\u00e7\u00e3o de um sistema centralizado de seguran\u00e7a por meio de Firewall NGFW<br \/>\n<strong>Observa\u00e7\u00f5es:\u00a0<\/strong>A sess\u00e3o p\u00fablica ser\u00e1 aberta \u00e0s\u00a0<strong>09h00 (nove horas)<\/strong>, hor\u00e1rio de Bras\u00edlia, do dia<strong>\u00a020 de dezembro de 2023<\/strong>\u00a0no site\u00a0<a href=\"http:\/\/www.gov.br\/compras\" target=\"_blank\">www.gov.br\/compras<\/a>, onde poder\u00e1 ser obtida a c\u00f3pia do edital, seus anexos e demais informa\u00e7\u00f5es.<br \/>\n<strong>Aviso de Licita\u00e7\u00e3o: <a href=\"https:\/\/www.ufmg.br\/dti\/wp-content\/uploads\/2019\/02\/aviso_de_licitacao_pregao_005_2023_dou_imprensa_nacional.pdf\" target=\"_blank\">Publica\u00e7\u00e3o do Aviso<\/a><\/strong><strong><br \/>\nAviso de Altera\u00e7\u00e3o: <a href=\"https:\/\/www.ufmg.br\/dti\/wp-content\/uploads\/2019\/02\/aviso_de_alteracao_pregao_005_2023_dou_imprensa_nacional.pdf\" target=\"_blank\">Aviso de Altera\u00e7\u00e3o<\/a><br \/>\nEdital: <a href=\"https:\/\/www.ufmg.br\/dti\/wp-content\/uploads\/2019\/02\/edital_completo_pregao_005_2023_versao_final-1.pdf\" target=\"_blank\">Edital do Preg\u00e3o<br \/>\n<\/a><\/strong><strong>Resultado da Licita\u00e7\u00e3o: <a href=\"https:\/\/www.ufmg.br\/dti\/wp-content\/uploads\/2019\/02\/resultado_de_julgamento_pregao_eletronico_n5_2023_dou_imprensa_nacional.pdf\" target=\"_blank\">Publica\u00e7\u00e3o do Resultado<\/a><\/strong><\/p>\n<p>Preg\u00e3o Eletr\u00f4nico:\u00a0006\/2023<br \/>\nObjeto:\u00a0Aquisi\u00e7\u00e3o de\u00a0servidores\u00a0de pequeno e m\u00e9dio portes<\/p>\n<\/div><\/div>\n<div class=\"su-spoiler su-spoiler-style-fancy su-spoiler-icon-folder-2 su-spoiler-closed\" data-anchor=\"2022\" data-scroll-offset=\"0\" data-anchor-in-url=\"no\"><div class=\"su-spoiler-title\" tabindex=\"0\" role=\"button\"><span class=\"su-spoiler-icon\"><\/span>Ano 2022<\/div><div class=\"su-spoiler-content su-u-clearfix su-u-trim\">\n<strong>Preg\u00e3o Eletr\u00f4nico:\u00a0001\/2022<br \/>\nObjeto:\u00a0<\/strong>Aquisi\u00e7\u00e3o de solu\u00e7\u00e3o para Virtualiza\u00e7\u00e3o de Aplica\u00e7\u00f5es\u00a0 pela Diretoria de Tecnologia da Informa\u00e7\u00e3o &#8211; DTI da Universidade Federal de Minas Gerais, que consiste na aquisi\u00e7\u00e3o dos componentes de software, na modalidade perp\u00e9tua, sistema operacional\u00a0 para suportar a solu\u00e7\u00e3o, bem como os servi\u00e7os de instala\u00e7\u00e3o, de repasse de conhecimento e servi\u00e7os t\u00e9cnicos especializados.<br \/>\n<strong>Observa\u00e7\u00f5es:\u00a0<\/strong>A sess\u00e3o p\u00fablica ser\u00e1 aberta \u00e0s\u00a0<strong>10h00 (dez horas)<\/strong>, hor\u00e1rio de Bras\u00edlia, do dia<strong>\u00a001 de fevereiro de 2022<\/strong>\u00a0no site\u00a0<a href=\"http:\/\/www.gov.br\/compras\" target=\"_blank\">www.gov.br\/compras<\/a>, onde poder\u00e1 ser obtida a c\u00f3pia do edital, seus anexos e demais informa\u00e7\u00f5es.<br \/>\n<strong>Aviso de Licita\u00e7\u00e3o: <a href=\"https:\/\/www.ufmg.br\/dti\/wp-content\/uploads\/2019\/02\/aviso_de_licitacao_pregao_01_2022_dou_imprensa_nacional.pdf\" target=\"_blank\">Publica\u00e7\u00e3o do Aviso<\/a><br \/>\nEdital:\u00a0<a href=\"https:\/\/www.ufmg.br\/dti\/wp-content\/uploads\/2019\/02\/edital_completo_pregao_001_2022_v2_14_01.pdf\" target=\"_blank\">Edital do Preg\u00e3o<\/a><br \/>\nResultado da Licita\u00e7\u00e3o: <a href=\"https:\/\/www.ufmg.br\/dti\/wp-content\/uploads\/2019\/02\/resultado_de_julgamento_pregao_eletronico_n1_2022_dou_imprensa_nacional.pdf\" target=\"_blank\">Publica\u00e7\u00e3o do Resultado<\/a><br \/>\n<\/strong><\/p>\n<p><strong>Preg\u00e3o Eletr\u00f4nico:\u00a0002\/2022<br \/>\nObjeto:\u00a0<\/strong>Aquisi\u00e7\u00e3o de\u00a0cartuchos de fita LTO-7 e baterias para controladora RAID<br \/>\n<strong>Observa\u00e7\u00f5es:\u00a0<\/strong>A sess\u00e3o p\u00fablica ser\u00e1 aberta \u00e0s\u00a0<strong>10h00 (dez horas),<\/strong> hor\u00e1rio de Bras\u00edlia, do dia<strong>\u00a012 de dezembro de 2022<\/strong>\u00a0no site\u00a0<a href=\"http:\/\/www.gov.br\/compras\" target=\"_blank\">www.gov.br\/compras<\/a>, onde poder\u00e1 ser obtida a c\u00f3pia do edital, seus anexos e demais informa\u00e7\u00f5es.<br \/>\n<strong>Aviso de Licita\u00e7\u00e3o:\u00a0<a href=\"https:\/\/www.ufmg.br\/dti\/wp-content\/uploads\/2019\/02\/aviso_de_licitacao_pregao_002_2022_dou_imprensa_nacional.pdf\" target=\"_blank\">Publica\u00e7\u00e3o do Aviso<\/a><br \/>\nEdital:\u00a0<a href=\"https:\/\/www.ufmg.br\/dti\/wp-content\/uploads\/2019\/02\/edital_completo_pregao_002_2022_versao_final.pdf\" target=\"_blank\">Edital do Preg\u00e3o<br \/>\n<\/a>Resultado da Licita\u00e7\u00e3o: <a href=\"https:\/\/www.ufmg.br\/dti\/wp-content\/uploads\/2019\/02\/resultado_de_julgamento_pregao_eletronico_srp_n2_2022_dou_imprensa_nacional.pdf\" target=\"_blank\">Publica\u00e7\u00e3o do Resultado<\/a><\/strong><\/p>\n<p><strong>Preg\u00e3o Eletr\u00f4nico:\u00a0003\/2022<br \/>\nObjeto:\u00a0<\/strong>Aquisi\u00e7\u00e3o de\u00a0itens diversos de telecomunica\u00e7\u00f5es.<br \/>\n<strong>Observa\u00e7\u00f5es: <\/strong>A sess\u00e3o p\u00fablica ser\u00e1 aberta \u00e0s\u00a0<strong>10h00 (dez horas)<\/strong>,\u00a0hor\u00e1rio de Bras\u00edlia, do dia\u00a0<strong>22 de dezembro de 2022<\/strong>\u00a0no site\u00a0<a href=\"http:\/\/www.gov.br\/compras\" target=\"_blank\">www.gov.br\/compras<\/a>, onde poder\u00e1 ser obtida a c\u00f3pia do edital, seus anexos e demais informa\u00e7\u00f5es.<br \/>\n<strong>Aviso de Licita\u00e7\u00e3o: <a href=\"https:\/\/www.ufmg.br\/dti\/wp-content\/uploads\/2019\/02\/aviso_de_licitacao_pregao_003_2022_dou_imprensa_nacional.pdf\" target=\"_blank\">Publica\u00e7\u00e3o do Aviso<\/a><br \/>\nEdital: <a href=\"https:\/\/www.ufmg.br\/dti\/wp-content\/uploads\/2019\/02\/edital_completo_pregao_003_2022_versao_final.pdf\" target=\"_blank\">Edital do Preg\u00e3o<br \/>\n<\/a>Resultado da Licita\u00e7\u00e3o: <a href=\"https:\/\/www.ufmg.br\/dti\/wp-content\/uploads\/2019\/02\/resultado_de_julgamento_pregao_eletronico_n3_2022_dou_imprensa_nacional.pdf\" target=\"_blank\">Publica\u00e7\u00e3o do Resultado<\/a><\/strong><\/p>\n<p><strong>Preg\u00e3o Eletr\u00f4nico:\u00a0004\/2022<br \/>\nObjeto:\u00a0<\/strong>Aquisi\u00e7\u00e3o de switches e pontos de acesso (AP)<\/p>\n<\/div><\/div>\n<div class=\"su-spoiler su-spoiler-style-fancy su-spoiler-icon-folder-2 su-spoiler-closed\" data-anchor=\"2021\" data-scroll-offset=\"0\" data-anchor-in-url=\"no\"><div class=\"su-spoiler-title\" tabindex=\"0\" role=\"button\"><span class=\"su-spoiler-icon\"><\/span>Ano 2021<\/div><div class=\"su-spoiler-content su-u-clearfix su-u-trim\">\n<strong>Preg\u00e3o Eletr\u00f4nico:\u00a0001\/2021<br \/>\nObjeto:<\/strong>\u00a0Aquisi\u00e7\u00e3o de equipamentos de rede (switches e transceivers) para melhoria da tecnologia e aumento da velocidade da rede de dados da UFMG.<br \/>\n<strong>Observa\u00e7\u00f5es:\u00a0<\/strong>A sess\u00e3o p\u00fablica ser\u00e1 aberta \u00e0s\u00a0<strong>10h00 (dez horas)<\/strong>, hor\u00e1rio de Bras\u00edlia, do dia<strong>\u00a025 de fevereiro de 2021<\/strong>\u00a0no site\u00a0<a href=\"http:\/\/www.gov.br\/compras\" target=\"_blank\">www.gov.br\/compras<\/a>, onde poder\u00e1 ser obtida a c\u00f3pia do edital, seus anexos e demais informa\u00e7\u00f5es.<br \/>\n<strong>Aviso de Licita\u00e7\u00e3o: <a href=\"https:\/\/www.ufmg.br\/dti\/wp-content\/uploads\/2021\/02\/Aviso-de-Licita\u00e7\u00e3o-DOU-Imprensa-Nacional.pdf\" target=\"_blank\">Publica\u00e7\u00e3o do Aviso<\/a><br \/>\nEdital: <a href=\"https:\/\/www.ufmg.br\/dti\/wp-content\/uploads\/2019\/02\/Edital-do-Preg\u00e3o-SRP-001_2021.pdf\" target=\"_blank\">Edital do Preg\u00e3o 001\/2021<\/a><\/strong><br \/>\n<strong>Resultado da Licita\u00e7\u00e3o: <a href=\"https:\/\/www.ufmg.br\/dti\/wp-content\/uploads\/2019\/02\/RESULTADO-DE-JULGAMENTO-PREG\u00c3O-ELETR\u00d4NICO-SRP-N\u00ba-1_2021-DOU-Imprensa-Nacional.pdf\" target=\"_blank\">Publica\u00e7\u00e3o do Resultado<\/a><\/strong><\/p>\n<p>__________________________________________________________________________________________________________________________________________________________<\/p>\n<p><strong>Preg\u00e3o Eletr\u00f4nico:\u00a0002\/2021<br \/>\nObjeto:<\/strong>\u00a0Placas e discos para a infraestrutura HCI-DTI.<br \/>\n<strong>Observa\u00e7\u00f5es: <\/strong>A sess\u00e3o p\u00fablica ser\u00e1 aberta \u00e0s\u00a0<strong>10h00 (dez horas)<\/strong>, hor\u00e1rio de Bras\u00edlia, do dia\u00a0<strong>08 de julho de 2021\u00a0<\/strong>no site\u00a0<a href=\"http:\/\/www.gov.br\/compras\" target=\"_blank\">www.gov.br\/compras<\/a>, onde poder\u00e1 ser obtida a c\u00f3pia do edital, seus anexos e demais informa\u00e7\u00f5es.<br \/>\n<strong>Aviso de Licita\u00e7\u00e3o: <a href=\"https:\/\/www.ufmg.br\/dti\/wp-content\/uploads\/2019\/02\/AVISO_DE_LICITACAO___DOU___Imprensa_Nacional.pdf\" target=\"_blank\">Publica\u00e7\u00e3o do Aviso<\/a><\/strong><strong><br \/>\nEdital:\u00a0\u00a0<a href=\"https:\/\/www.ufmg.br\/dti\/wp-content\/uploads\/2019\/02\/Edital_Completo___V2_23_06.pdf\" target=\"_blank\">Edital do Preg\u00e3o 002\/2021<\/a><br \/>\nResultado da Licita\u00e7\u00e3o: <a href=\"https:\/\/www.ufmg.br\/dti\/wp-content\/uploads\/2019\/02\/RESULTADO-DE-JULGAMENTO-PREG\u00c3O-ELETR\u00d4NICO-SRP-N\u00ba-2_2021-DOU-Imprensa-Nacional.pdf\" target=\"_blank\">Publica\u00e7\u00e3o do Resultado<\/a><\/strong><\/p>\n<p>__________________________________________________________________________________________________________________________________________________________<\/p>\n<p><strong>Preg\u00e3o Eletr\u00f4nico:\u00a0003\/2021<br \/>\nObjeto:<\/strong>\u00a0Servi\u00e7o Telef\u00f4nico Fixo Comutado &#8211; STFC.<br \/>\n<strong>Observa\u00e7\u00f5es:\u00a0<\/strong>A sess\u00e3o p\u00fablica ser\u00e1 aberta \u00e0s\u00a0<strong>10h00 (dez horas)<\/strong>, hor\u00e1rio de Bras\u00edlia, do dia <strong>15 de setembro de 2021\u00a0<\/strong>no site\u00a0<a href=\"http:\/\/www.gov.br\/compras\" target=\"_blank\">www.gov.br\/compras<\/a>, onde poder\u00e1 ser obtida a c\u00f3pia do edital, seus anexos e demais informa\u00e7\u00f5es.<br \/>\n<strong>Aviso de Licita\u00e7\u00e3o: <a href=\"https:\/\/www.ufmg.br\/dti\/wp-content\/uploads\/2019\/02\/AVISO-DE-LICITA\u00c7\u00c3O-DOU-Imprensa-Nacional-Preg\u00e3o-03_2021.pdf\" target=\"_blank\">Publica\u00e7\u00e3o do Aviso<\/a><\/strong><strong><br \/>\nEdital: <a href=\"https:\/\/www.ufmg.br\/dti\/wp-content\/uploads\/2019\/02\/Edital-completo-Preg\u00e3o-03_2021.pdf\" target=\"_blank\">Edital do Preg\u00e3o 003\/2021<\/a><\/strong><br \/>\n<strong>Resultado da Licita\u00e7\u00e3o: <a href=\"https:\/\/www.ufmg.br\/dti\/wp-content\/uploads\/2021\/10\/RESULTADO-DE-JULGAMENTO-PREG\u00c3O-ELETR\u00d4NICO-SRP-N\u00ba-3_2021-DOU-Imprensa-Nacional.pdf\" target=\"_blank\">Publica\u00e7\u00e3o do Resultado<\/a><\/strong><\/p>\n<p>__________________________________________________________________________________________________________________________________________________________<\/p>\n<p><strong>Preg\u00e3o Eletr\u00f4nico:\u00a0004\/2021<br \/>\nObjeto:<\/strong>\u00a0Contrata\u00e7\u00e3o de servi\u00e7o de apoio t\u00e9cnico especializado, demandado pela Diretoria de Tecnologia da Informa\u00e7\u00e3o, com caracter\u00edsticas de servi\u00e7o cont\u00ednuo, com dedica\u00e7\u00e3o exclusiva de m\u00e3o de obra e por meio de aloca\u00e7\u00e3o de postos de trabalho.<br \/>\n<strong>Observa\u00e7\u00f5es:\u00a0<\/strong>A sess\u00e3o p\u00fablica ser\u00e1 aberta \u00e0s\u00a0<strong>10h00 (dez horas)<\/strong>, hor\u00e1rio de Bras\u00edlia, do dia<strong>\u00a011 de agosto de 2021<\/strong>\u00a0no site\u00a0<a href=\"http:\/\/www.gov.br\/compras\" target=\"_blank\">www.gov.br\/compras<\/a>, onde poder\u00e1 ser obtida a c\u00f3pia do edital, seus anexos e demais informa\u00e7\u00f5es.<br \/>\n<strong>Aviso de Licita\u00e7\u00e3o: <a href=\"https:\/\/www.ufmg.br\/dti\/wp-content\/uploads\/2019\/02\/AVISO-DE-LICITA\u00c7\u00c3O-DOU-Preg\u00e3o-04_2021.pdf\" target=\"_blank\">Publica\u00e7\u00e3o do Aviso<\/a><br \/>\nEdital: <a href=\"https:\/\/www.ufmg.br\/dti\/wp-content\/uploads\/2019\/02\/Edital-e-anexos-Vers\u00e3o-Final.pdf\" target=\"_blank\">Edital do Preg\u00e3o 004\/2021<br \/>\n<\/a>Resultado da Licita\u00e7\u00e3o: <a href=\"https:\/\/www.ufmg.br\/dti\/wp-content\/uploads\/2019\/02\/publicacao_resultado_de_julgamento_pregao_srp_004_2021_dou_imprensa_nacional.pdf\" target=\"_blank\">Publica\u00e7\u00e3o do Resultado<\/a><\/strong><\/p>\n<p>__________________________________________________________________________________________________________________________________________________________<\/p>\n<p><strong>Preg\u00e3o Eletr\u00f4nico:\u00a0005\/2021<br \/>\nObjeto:<\/strong> Contrata\u00e7\u00e3o de servi\u00e7os de manuten\u00e7\u00e3o corretiva nas Centrais Telef\u00f4nicas da UFMG.<br \/>\n<strong>Observa\u00e7\u00f5es:\u00a0<\/strong>A sess\u00e3o p\u00fablica ser\u00e1 aberta \u00e0s\u00a0<strong>10h00 (dez horas)<\/strong>, hor\u00e1rio de Bras\u00edlia, do dia<strong>\u00a007 de outubro de 2021<\/strong>\u00a0no site\u00a0<a href=\"http:\/\/www.gov.br\/compras\" target=\"_blank\">www.gov.br\/compras<\/a>, onde poder\u00e1 ser obtida a c\u00f3pia do edital, seus anexos e demais informa\u00e7\u00f5es.<br \/>\n<strong>Aviso de Licita\u00e7\u00e3o: <a href=\"https:\/\/www.ufmg.br\/dti\/wp-content\/uploads\/2019\/02\/Aviso-de-Licita\u00e7\u00e3o-DOU-Imprensa-Nacional-2.pdf\" target=\"_blank\">Publica\u00e7\u00e3o do Aviso<\/a><br \/>\nEdital: <a href=\"https:\/\/www.ufmg.br\/dti\/wp-content\/uploads\/2019\/02\/Edital-do-Preg\u00e3o-005_2021.pdf\" target=\"_blank\">Edital do Preg\u00e3o 005\/2021<\/a><\/strong><br \/>\n<strong>Resultado da Licita\u00e7\u00e3o: <a href=\"https:\/\/www.ufmg.br\/dti\/wp-content\/uploads\/2021\/10\/resultado_de_julgamento_pregao_eletronico_n5_2021_dou_imprensa_nacional.pdf\" target=\"_blank\">Publica\u00e7\u00e3o do Resultado<\/a><\/strong><\/p>\n<p>__________________________________________________________________________________________________________________________________________________________<\/p>\n<p><strong>Preg\u00e3o Eletr\u00f4nico:\u00a0006\/2021<br \/>\nObjeto:<\/strong>\u00a0Aquisi\u00e7\u00e3o de solu\u00e7\u00e3o para Virtualiza\u00e7\u00e3o de Aplica\u00e7\u00f5es\u00a0 pela Diretoria de Tecnologia da Informa\u00e7\u00e3o &#8211; DTI da Universidade Federal de Minas Gerais, que consiste na aquisi\u00e7\u00e3o dos componentes de software, na modalidade perp\u00e9tua, sistema operacional\u00a0 para suportar a solu\u00e7\u00e3o e o software Powerbuilder para desenvolvimento de aplica\u00e7\u00f5es, bem como os servi\u00e7os de instala\u00e7\u00e3o, de repasse de conhecimento e servi\u00e7os t\u00e9cnicos especializados.<br \/>\n<strong>Observa\u00e7\u00f5es:\u00a0<\/strong>A sess\u00e3o p\u00fablica ser\u00e1 aberta \u00e0s\u00a0<strong>10h00 (dez horas)<\/strong>, hor\u00e1rio de Bras\u00edlia, do dia\u00a0<strong>23 de dezembro de 2021\u00a0<\/strong>no site\u00a0<a href=\"http:\/\/www.gov.br\/compras\" target=\"_blank\">www.gov.br\/compras<\/a>, onde poder\u00e1 ser obtida a c\u00f3pia do edital, seus anexos e demais informa\u00e7\u00f5es; Os itens 1 e 2 ser\u00e3o comprados no Preg\u00e3o 001\/2022.<br \/>\n<strong>Aviso de Licita\u00e7\u00e3o: <a href=\"https:\/\/www.ufmg.br\/dti\/wp-content\/uploads\/2019\/02\/aviso_de_licitacao_06_2021_dou_imprensa_nacional.pdf\" target=\"_blank\">Publica\u00e7\u00e3o do Aviso<\/a><br \/>\nEdital:\u00a0<a href=\"https:\/\/www.ufmg.br\/dti\/wp-content\/uploads\/2019\/02\/edital_completo_e_anexos_pregao_06_2021.pdf\" target=\"_blank\">Edital do Preg\u00e3o 006\/2021<\/a><br \/>\nResultado da Licita\u00e7\u00e3o: <a href=\"https:\/\/www.ufmg.br\/dti\/wp-content\/uploads\/2019\/02\/resultado_de_julgamento_pregao_eletronico_n6_2021_dou_imprensa_nacional.pdf\" target=\"_blank\">Publica\u00e7\u00e3o do Resultado<\/a><\/strong><\/p>\n<p>__________________________________________________________________________________________________________________________________________________________<\/p>\n<p><strong>Preg\u00e3o Eletr\u00f4nico:\u00a0007\/2021<br \/>\nObjeto:<\/strong>\u00a0Aquisi\u00e7\u00e3o de\u00a0itens diversos de telecomunica\u00e7\u00f5es.<br \/>\n<strong>Observa\u00e7\u00f5es:\u00a0<\/strong>A sess\u00e3o p\u00fablica ser\u00e1 aberta \u00e0s\u00a0<strong>10h00 (dez horas)<\/strong>, hor\u00e1rio de Bras\u00edlia, do dia\u00a0<strong>16 de dezembro de 2021\u00a0<\/strong>no site\u00a0<a href=\"http:\/\/www.gov.br\/compras\" target=\"_blank\">www.gov.br\/compras<\/a>, onde poder\u00e1 ser obtida a c\u00f3pia do edital, seus anexos e demais informa\u00e7\u00f5es.<br \/>\n<strong>Aviso de Licita\u00e7\u00e3o: <a href=\"https:\/\/www.ufmg.br\/dti\/wp-content\/uploads\/2019\/02\/aviso_de_licitacao_srp_07_2021_dou_imprensa_nacional.pdf\" target=\"_blank\">Publica\u00e7\u00e3o do Aviso<\/a><br \/>\nEdital:\u00a0<a href=\"https:\/\/www.ufmg.br\/dti\/wp-content\/uploads\/2019\/02\/edital_completo_e_anexos_pregao_07_2021.pdf\" target=\"_blank\">Edital do Preg\u00e3o 007\/2021<\/a><br \/>\nResultado da Licita\u00e7\u00e3o: <a href=\"https:\/\/www.ufmg.br\/dti\/wp-content\/uploads\/2019\/02\/resultado_de_julgamento_pregao_eletronico_srp_n7_2021_dou_imprensa_nacional.pdf\" target=\"_blank\">Publica\u00e7\u00e3o do Resultado<\/a><br \/>\n<\/strong><\/p>\n<p>__________________________________________________________________________________________________________________________________________________________<\/p>\n<p><strong>Preg\u00e3o Eletr\u00f4nico:\u00a0008\/2021<br \/>\nObjeto:<\/strong>\u00a0Aquisi\u00e7\u00e3o de\u00a0webcams para PC e headets &#8211; fones de ouvido com microfone.<br \/>\n<strong>Observa\u00e7\u00f5es:\u00a0<\/strong>A sess\u00e3o p\u00fablica ser\u00e1 aberta \u00e0s\u00a0<strong>10h00 (dez horas)<\/strong>, hor\u00e1rio de Bras\u00edlia, do dia <strong>22 de dezembro de 2021\u00a0<\/strong>no site\u00a0<a href=\"http:\/\/www.gov.br\/compras\" target=\"_blank\">www.gov.br\/compras<\/a>, onde poder\u00e1 ser obtida a c\u00f3pia do edital, seus anexos e demais informa\u00e7\u00f5es.<br \/>\n<strong>Aviso de Licita\u00e7\u00e3o: <a href=\"https:\/\/www.ufmg.br\/dti\/wp-content\/uploads\/2019\/02\/aviso_de_licitacao_srp_08_2021_dou_imprensa_nacional.pdf\" target=\"_blank\">Publica\u00e7\u00e3o do Aviso<\/a><br \/>\nEdital:\u00a0<a href=\"https:\/\/www.ufmg.br\/dti\/wp-content\/uploads\/2019\/02\/edital_completo_e_anexos_pregao_08_2021.pdf\" target=\"_blank\">Edital do Preg\u00e3o 008\/2021<\/a><br \/>\nResultado da Licita\u00e7\u00e3o: <a href=\"https:\/\/www.ufmg.br\/dti\/wp-content\/uploads\/2019\/02\/resultado_de_julgamento_pregao_eletronico_srp_n8_2021_dou_imprensa_nacional.pdf\" target=\"_blank\">Publica\u00e7\u00e3o do Resultado<\/a><br \/>\n<\/strong><\/p>\n<hr \/>\n<\/div><\/div>\n<div class=\"su-spoiler su-spoiler-style-fancy su-spoiler-icon-folder-2 su-spoiler-closed\" data-anchor=\"2020\" data-scroll-offset=\"0\" data-anchor-in-url=\"no\"><div class=\"su-spoiler-title\" tabindex=\"0\" role=\"button\"><span class=\"su-spoiler-icon\"><\/span>Ano 2020<\/div><div class=\"su-spoiler-content su-u-clearfix su-u-trim\">\n<strong>Preg\u00e3o Eletr\u00f4nico:\u00a0001\/2020<br \/>\nObjeto:<\/strong>\u00a0Contrata\u00e7\u00e3o de servi\u00e7os de manuten\u00e7\u00e3o corretiva nas Centrais Telef\u00f4nicas da UFMG.<br \/>\n<strong>Observa\u00e7\u00f5es:\u00a0<\/strong>A\u00a0compra ser\u00e1 realizada por meio do Preg\u00e3o 005\/2021.<\/p>\n<p>__________________________________________________________________________________________________________________________________________________________<\/p>\n<p><strong>Preg\u00e3o Eletr\u00f4nico:\u00a0002\/2020<br \/>\nObjeto:<\/strong>\u00a0Contrata\u00e7\u00e3o de servi\u00e7os de certifica\u00e7\u00e3o digital.<br \/>\n<strong>Observa\u00e7\u00f5es: <\/strong>Compra realizada por dispensa de licita\u00e7\u00e3o.<strong><br \/>\n<\/strong><\/p>\n<p>__________________________________________________________________________________________________________________________________________________________<\/p>\n<p><strong>Preg\u00e3o Eletr\u00f4nico:\u00a0003\/2020<br \/>\nObjeto:<\/strong>\u00a0Aquisi\u00e7\u00e3o de licen\u00e7as Ruckus.<br \/>\n<strong>Observa\u00e7\u00f5es:\u00a0<\/strong>A sess\u00e3o p\u00fablica ser\u00e1 aberta \u00e0s\u00a0<strong>10h00 (dez horas)<\/strong>, hor\u00e1rio de Bras\u00edlia, do dia\u00a0<strong>04 de novembro de 2020<\/strong>\u00a0no site\u00a0<a href=\"http:\/\/www.gov.br\/compras\" target=\"_blank\">www.gov.br\/compras<\/a>, onde poder\u00e1 ser obtida a c\u00f3pia do edital, seus anexos e demais informa\u00e7\u00f5es.<br \/>\n<strong>Aviso de Licita\u00e7\u00e3o: <a href=\"https:\/\/www.ufmg.br\/dti\/wp-content\/uploads\/2019\/02\/AVISO-DE-LICITA\u00c7\u00c3O-AVISO-DE-LICITA\u00c7\u00c3O-DOU-Imprensa-Nacional-1.pdf\" target=\"_blank\">Publica\u00e7\u00e3o do Aviso<\/a><br \/>\n<\/strong><strong>Edital: <a href=\"https:\/\/www.ufmg.br\/dti\/wp-content\/uploads\/2019\/02\/1.1-Edital-V-20-10-2020-V2-1.pdf\" target=\"_blank\">Edital do Preg\u00e3o SRP 003\/2020<\/a><br \/>\nResultado da Licita\u00e7\u00e3o:\u00a0<a href=\"https:\/\/www.ufmg.br\/dti\/wp-content\/uploads\/2019\/02\/RESULTADO-DE-JULGAMENTO-PREG\u00c3O-ELETR\u00d4NICO-SRP-N\u00ba-3_2020-RESULTADO-DE-JULGAMENTO-PREG\u00c3O-ELETR\u00d4NICO-SRP-N\u00ba-3_2020-DOU-Imprensa-Nacional.pdf\" target=\"_blank\">Publica\u00e7\u00e3o do Resultado<\/a><\/strong><strong><br \/>\n<\/strong><\/p>\n<p>__________________________________________________________________________________________________________________________________________________________<\/p>\n<p><strong>Preg\u00e3o Eletr\u00f4nico:\u00a0004\/2020<br \/>\nObjeto:\u00a0<\/strong>Aquisi\u00e7\u00e3o de n\u00f3 de hiperconverg\u00eancia e de solu\u00e7\u00e3o de backup.<br \/>\n<strong>Observa\u00e7\u00f5es:\u00a0<\/strong>A sess\u00e3o p\u00fablica ser\u00e1 aberta \u00e0s\u00a0<strong>08h30 (oito horas e trinta minutos)<\/strong>, hor\u00e1rio de Bras\u00edlia, do dia\u00a0<strong>06 de novembro de 2020<\/strong>\u00a0no site\u00a0<a href=\"http:\/\/www.gov.br\/compras\" target=\"_blank\">www.gov.br\/compras<\/a>, onde poder\u00e1 ser obtida a c\u00f3pia do edital, seus anexos e demais informa\u00e7\u00f5es.<br \/>\n<strong>Aviso de Licita\u00e7\u00e3o: <a href=\"https:\/\/www.ufmg.br\/dti\/wp-content\/uploads\/2019\/02\/54-Aviso-de-Licita\u00e7\u00e3o-DOU-Imprensa-Nacional.pdf\" target=\"_blank\">Publica\u00e7\u00e3o do Aviso<\/a><br \/>\n<\/strong><strong>Edital: <a href=\"https:\/\/www.ufmg.br\/dti\/wp-content\/uploads\/2019\/02\/EDITAL-VERS\u00c3O-FINAL.pdf\" target=\"_blank\">Edital do Preg\u00e3o SRP 004\/2020<\/a><br \/>\nResultado da Licita\u00e7\u00e3o:\u00a0<a href=\"https:\/\/www.ufmg.br\/dti\/wp-content\/uploads\/2019\/02\/RESULTADO-DE-JULGAMENTO-PREG\u00c3O-ELETR\u00d4NICO-SRP-N\u00ba-4_2020-RESULTADO-DE-JULGAMENTO-PREG\u00c3O-ELETR\u00d4NICO-SRP-N\u00ba-4_2020-DOU-Imprensa-Nacional.pdf\" target=\"_blank\">Publica\u00e7\u00e3o do Resultado<\/a><br \/>\n<\/strong><\/p>\n<p>__________________________________________________________________________________________________________________________________________________________<\/p>\n<p><strong>Preg\u00e3o Eletr\u00f4nico:\u00a0005\/2020<br \/>\nObjeto:<\/strong>\u00a0Aquisi\u00e7\u00e3o de itens diversos de telecomunica\u00e7\u00f5es.<br \/>\n<strong>Observa\u00e7\u00f5es:\u00a0<\/strong>Compra adiada para 2021.<\/p>\n<p>__________________________________________________________________________________________________________________________________________________________<\/p>\n<p><strong>Preg\u00e3o Eletr\u00f4nico:\u00a0006\/2020<br \/>\nObjeto:<\/strong>\u00a0Aquisi\u00e7\u00e3o de equipamentos de rede (switches e transceivers) para melhoria da tecnologia e aumento da velocidade da rede de dados da UFMG.<br \/>\n<strong>Observa\u00e7\u00f5es:\u00a0<\/strong>A sess\u00e3o p\u00fablica ser\u00e1 aberta \u00e0s\u00a0<strong>09h00 (nove horas)<\/strong>, hor\u00e1rio de Bras\u00edlia, do dia<strong>\u00a022 de dezembro de 2020<\/strong>\u00a0no site\u00a0<a href=\"http:\/\/www.gov.br\/compras\" target=\"_blank\">www.gov.br\/compras<\/a>, onde poder\u00e1 ser obtida a c\u00f3pia do edital, seus anexos e demais informa\u00e7\u00f5es; 2) Compra adiada para 2021.<br \/>\n<strong>Aviso de Licita\u00e7\u00e3o: <a href=\"https:\/\/www.ufmg.br\/dti\/wp-content\/uploads\/2019\/02\/AVISO-DE-LICITA\u00c7\u00c3O-DOU-Imprensa-Nacional.pdf\" target=\"_blank\">Publica\u00e7\u00e3o do aviso<\/a><br \/>\nAviso de Altera\u00e7\u00e3o: <a href=\"https:\/\/www.ufmg.br\/dti\/wp-content\/uploads\/2019\/02\/AVISO-DE-ALTERA\u00c7\u00c3O-DOU-Imprensa-Nacional.pdf\" target=\"_blank\">Publica\u00e7\u00e3o do aviso<\/a><br \/>\nEdital: <a href=\"https:\/\/www.ufmg.br\/dti\/wp-content\/uploads\/2019\/02\/EDITAL-COMPLETO-V2.pdf\" target=\"_blank\">Edital do Preg\u00e3o SRP 006\/2020<\/a><\/strong><\/p>\n<p>&nbsp;<\/p>\n<p>__________________________________________________________________________________________________________________________________________________________<\/p>\n<p><strong>Preg\u00e3o Eletr\u00f4nico:\u00a0007\/2020<br \/>\nObjeto:<\/strong>\u00a0Aquisi\u00e7\u00e3o de equipamentos de seguran\u00e7a de rede para incremento na seguran\u00e7a de rede de dados da UFMG.<br \/>\n<strong>Observa\u00e7\u00f5es:\u00a0<\/strong>Compra adiada para 2021.<\/p>\n<p>__________________________________________________________________________________________________________________________________________________________<\/p>\n<p><strong>Preg\u00e3o Eletr\u00f4nico:\u00a0008\/2020<br \/>\nObjeto:<\/strong>\u00a0Aquisi\u00e7\u00e3o de biblioteca de fita modular e expans\u00e3o para biblioteca de fita modular.<br \/>\n<strong>Observa\u00e7\u00f5es:\u00a0<\/strong>A sess\u00e3o p\u00fablica ser\u00e1 aberta \u00e0s\u00a0<strong>09h00 (nove horas)<\/strong>, hor\u00e1rio de Bras\u00edlia, do dia\u00a0<strong>04 de dezembro de 2020<\/strong>\u00a0no site\u00a0<a href=\"http:\/\/www.gov.br\/compras\" target=\"_blank\">www.gov.br\/compras<\/a>, onde poder\u00e1 ser obtida a c\u00f3pia do edital, seus anexos e demais informa\u00e7\u00f5es.<br \/>\n<strong>Aviso de Licita\u00e7\u00e3o: <a href=\"https:\/\/www.ufmg.br\/dti\/wp-content\/uploads\/2019\/02\/Aviso-de-Licita\u00e7\u00e3o-DOU-Imprensa-Nacional-1.pdf\" target=\"_blank\">Publica\u00e7\u00e3o do Aviso<br \/>\n<\/a>Edital: <a href=\"https:\/\/www.ufmg.br\/dti\/wp-content\/uploads\/2019\/02\/EDITAL-VERS\u00c3O-FINAL-PREG\u00c3O-08_2020.pdf\" target=\"_blank\">Edital do Preg\u00e3o 008\/2020<br \/>\n<\/a>Resultado da Licita\u00e7\u00e3o:\u00a0<a href=\"https:\/\/www.ufmg.br\/dti\/wp-content\/uploads\/2019\/02\/RESULTADO-DE-JULGAMENTO-PREG\u00c3O-ELETR\u00d4NICO-SRP-N\u00ba-8_2020-RESULTADO-DE-JULGAMENTO-PREG\u00c3O-ELETR\u00d4NICO-SRP-N\u00ba-8_2020-DOU-Imprensa-Nacional.pdf\" target=\"_blank\">Publica\u00e7\u00e3o de Resultado<\/a><a href=\"https:\/\/www.ufmg.br\/dti\/wp-content\/uploads\/2019\/02\/EDITAL-VERS\u00c3O-FINAL-PREG\u00c3O-08_2020.pdf\" target=\"_blank\"><br \/>\n<\/a><\/strong><\/p>\n<p>__________________________________________________________________________________________________________________________________________________________<\/p>\n<p>&nbsp;<\/p>\n<\/div><\/div>\n<div class=\"su-spoiler su-spoiler-style-fancy su-spoiler-icon-folder-2 su-spoiler-closed\" data-anchor=\"2019\" data-scroll-offset=\"0\" data-anchor-in-url=\"no\"><div class=\"su-spoiler-title\" tabindex=\"0\" role=\"button\"><span class=\"su-spoiler-icon\"><\/span>Ano 2019<\/div><div class=\"su-spoiler-content su-u-clearfix su-u-trim\">\n<p><strong>Preg\u00e3o Eletr\u00f4nico:\u00a0001\/2019<br \/>\nObjeto:<\/strong> Implanta\u00e7\u00e3o de rede redundante de fibra \u00f3ptica nas unidades da Faculdade de Medicina,<br \/>\nEscola de Arquitetura e Faculdade de Direito da UFMG.<br \/>\n<strong>Observa\u00e7\u00f5es:\u00a0<\/strong>A sess\u00e3o p\u00fablica ser\u00e1 aberta \u00e0s <strong>10h00 (dez horas)<\/strong>, hor\u00e1rio de Bras\u00edlia, do dia <strong>10 de junho de 2019<\/strong> no site <a href=\"http:\/\/www.comprasgovernamentais.gov.br\" target=\"_blank\">www.comprasgovernamentais.gov.br<\/a>, onde poder\u00e1 ser obtida a c\u00f3pia do edital, seus anexos e demais informa\u00e7\u00f5es.<strong><br \/>\n<\/strong><strong>Aviso de Licita\u00e7\u00e3o: <a href=\"https:\/\/www.ufmg.br\/dti\/wp-content\/uploads\/2019\/02\/18.1-Publica\u00e7\u00e3o-DOU-Imprensa-Nacional.pdf\" target=\"_blank\">Publica\u00e7\u00e3o do Aviso<\/a><br \/>\n<\/strong><strong>Edital:\u00a0<a href=\"https:\/\/www.ufmg.br\/dti\/wp-content\/uploads\/2019\/02\/2-Edital-do-Preg\u00e3o-01_2019.pdf\" target=\"_blank\">Edital do Preg\u00e3o 001\/2019<br \/>\n<\/a><\/strong><strong>Resultado da Licita\u00e7\u00e3o:\u00a0<a href=\"https:\/\/www.ufmg.br\/dti\/wp-content\/uploads\/2019\/02\/3-Publica\u00e7\u00e3o-do-Resultado-da-Licita\u00e7\u00e3o-DOU.pdf\" target=\"_blank\">Publica\u00e7\u00e3o do Resultado<\/a><\/strong><\/p>\n<p>__________________________________________________________________________________________________________________________________________________________<\/p>\n<p><strong>Preg\u00e3o Eletr\u00f4nico:\u00a0002\/2019<br \/>\nObjeto:<\/strong>\u00a0Aquisi\u00e7\u00e3o de equipamentos para expans\u00e3o da cobertura e reposi\u00e7\u00e3o de estoque para a rede sem fio da UFMG.<br \/>\n<strong>Observa\u00e7\u00f5es:\u00a0<\/strong>A sess\u00e3o p\u00fablica ser\u00e1 aberta \u00e0s <strong>09h00 (nove horas)<\/strong>, hor\u00e1rio de Bras\u00edlia, do dia\u00a0<strong>18 de novembro de 2019<\/strong>\u00a0no site\u00a0<a href=\"http:\/\/www.comprasgovernamentais.gov.br\" target=\"_blank\">www.comprasgovernamentais.gov.br<\/a>, onde poder\u00e1 ser obtida a c\u00f3pia do edital, seus anexos e demais informa\u00e7\u00f5es.<br \/>\n<strong>Aviso de Licita\u00e7\u00e3o: <a href=\"https:\/\/www.ufmg.br\/dti\/wp-content\/uploads\/2019\/02\/16-AVISO-DE-ALTERA\u00c7\u00c3O-AVISO-DE-ALTERA\u00c7\u00c3O-DOU-Imprensa-Nacional.pdf\" target=\"_blank\">Publica\u00e7\u00e3o do Aviso<\/a><br \/>\n<\/strong><strong>Edital: <a href=\"https:\/\/www.ufmg.br\/dti\/wp-content\/uploads\/2019\/02\/03-Edital-Preg\u00e3o_02_2019-V-Final-REPUBLICA\u00c7\u00c3O-1.pdf\" target=\"_blank\">Edital do Preg\u00e3o 002\/2019<\/a><br \/>\nResultado da Licita\u00e7\u00e3o: <a href=\"https:\/\/www.ufmg.br\/dti\/wp-content\/uploads\/2019\/02\/AVISO-DE-REVOGA\u00c7\u00c3O-AVISO-DE-REVOGA\u00c7\u00c3O-DOU-Imprensa-Nacional.pdf\" target=\"_blank\">Publica\u00e7\u00e3o do Resultado<\/a><br \/>\n<\/strong><\/p>\n<p>__________________________________________________________________________________________________________________________________________________________<\/p>\n<p><strong>Preg\u00e3o Eletr\u00f4nico:\u00a0003\/2019<br \/>\nObjeto:<\/strong>\u00a0Aquisi\u00e7\u00e3o de equipamentos e insumos para manuten\u00e7\u00e3o, expans\u00e3o da cobertura e reposi\u00e7\u00e3o de estoque para a rede de telefonia e para os servidores de rede da UFMG.<br \/>\n<strong>Observa\u00e7\u00f5es:\u00a0<\/strong>A sess\u00e3o p\u00fablica ser\u00e1 aberta \u00e0s\u00a0<strong>10h00 (dez horas)<\/strong>, hor\u00e1rio de Bras\u00edlia, do dia <strong>29 de outubro de 2019<\/strong>\u00a0no site\u00a0<a href=\"http:\/\/www.comprasgovernamentais.gov.br\" target=\"_blank\">www.comprasgovernamentais.gov.br<\/a>, onde poder\u00e1 ser obtida a c\u00f3pia do edital, seus anexos e demais informa\u00e7\u00f5es.<br \/>\n<strong>Aviso de Licita\u00e7\u00e3o: <a href=\"https:\/\/www.ufmg.br\/dti\/wp-content\/uploads\/2019\/02\/Aviso-de-Licita\u00e7\u00e3o-DOU-Imprensa-Nacional.pdf\" target=\"_blank\">Publica\u00e7\u00e3o do Aviso<\/a><\/strong><strong><a href=\"https:\/\/www.ufmg.br\/dti\/wp-content\/uploads\/2019\/02\/1-Publica\u00e7\u00e3o-do-Aviso-do-Edital-DOU.pdf\" target=\"_blank\"><br \/>\n<\/a><\/strong><strong>Edital:\u00a0<a href=\"https:\/\/www.ufmg.br\/dti\/wp-content\/uploads\/2019\/02\/02-Edital-Final-1.pdf\" target=\"_blank\">Edital do Preg\u00e3o 003\/2019<\/a><br \/>\nResultado da Licita\u00e7\u00e3o: <a href=\"https:\/\/www.ufmg.br\/dti\/wp-content\/uploads\/2019\/02\/12-Publica\u00e7\u00e3o-DOU-Resultado-de-Julgamento-SRP-03_2019.pdf\" target=\"_blank\">Publica\u00e7\u00e3o do Resultado<\/a><br \/>\n<\/strong><\/p>\n<p>__________________________________________________________________________________________________________________________________________________________<\/p>\n<p><strong>Preg\u00e3o Eletr\u00f4nico:\u00a0004\/2019<br \/>\nObjeto:<\/strong>\u00a0Aquisi\u00e7\u00e3o de equipamentos para expans\u00e3o da cobertura e reposi\u00e7\u00e3o de estoque para a rede sem fio da UFMG.<br \/>\n<strong>Observa\u00e7\u00f5es:\u00a0<\/strong>A sess\u00e3o p\u00fablica ser\u00e1 aberta \u00e0s\u00a0<strong>10h00 (dez horas)<\/strong>, hor\u00e1rio de Bras\u00edlia, do dia\u00a0<strong>03 de dezembro de 2019<\/strong>\u00a0no site\u00a0<a href=\"http:\/\/www.comprasgovernamentais.gov.br\" target=\"_blank\">www.comprasgovernamentais.gov.br<\/a>, onde poder\u00e1 ser obtida a c\u00f3pia do edital, seus anexos e demais informa\u00e7\u00f5es.<br \/>\n<strong>Aviso de Licita\u00e7\u00e3o: <a href=\"https:\/\/www.ufmg.br\/dti\/wp-content\/uploads\/2019\/02\/AVISO-DE-LICITA\u00c7\u00c3O-AVISO-DE-LICITA\u00c7\u00c3O-DOU-Imprensa-Nacional.pdf\" target=\"_blank\">Publica\u00e7\u00e3o do Aviso<\/a><br \/>\n<\/strong><strong>Edital:\u00a0<a href=\"https:\/\/www.ufmg.br\/dti\/wp-content\/uploads\/2019\/02\/03-Edital-Preg\u00e3o_04_2019-V-Final-REPUBLICA\u00c7\u00c3O-2.pdf\" target=\"_blank\">Edital do Preg\u00e3o 004\/2019<br \/>\n<\/a><\/strong><strong>Resultado da Licita\u00e7\u00e3o: <a href=\"https:\/\/www.ufmg.br\/dti\/wp-content\/uploads\/2019\/02\/17-Publica\u00e7\u00e3o-Resultado-de-Julgamento.pdf\" target=\"_blank\">Publica\u00e7\u00e3o do Resultado<\/a><br \/>\n<\/strong><\/p>\n<p><strong><a href=\"https:\/\/www.ufmg.br\/dti\/wp-content\/uploads\/2019\/02\/03-Edital-Preg\u00e3o_04_2019-V-Final-REPUBLICA\u00c7\u00c3O-2.pdf\" target=\"_blank\">\u00a0<\/a><\/strong><br \/>\n<\/div><\/div>\n<\/div>\n<p><strong>Contrata\u00e7\u00f5es Diretas<br \/>\n<\/strong><strong>(Inexigibilidade e Dispensa de Licita\u00e7\u00e3o)<\/strong><\/p>\n<div>\n<p>As contrata\u00e7\u00f5es diretas (inexigibilidade e dispensa de licita\u00e7\u00e3o) firmadas pela Diretoria de Tecnologia da Informa\u00e7\u00e3o podem ser consultadas por meio do\u00a0<strong>Portal Nacional de Contrata\u00e7\u00f5es P\u00fablicas (PNCP)<\/strong>, bastando seguir os seguintes passos:<\/p>\n<p><strong>1)<\/strong> Acessar o Portal Nacional de Contrata\u00e7\u00f5es P\u00fablicas: Portal Nacional de Contrata\u00e7\u00f5es P\u00fablicas \u2013 PNCP, clicando <a href=\"https:\/\/www.gov.br\/pncp\/pt-br\" target=\"_blank\">aqui<\/a>;<br \/>\n<strong>2)<\/strong> No campo &#8220;Consulte os Dados das Contrata\u00e7\u00f5es P\u00fablicas&#8221;, clicar no termo \u201cContrata\u00e7\u00f5es\u201d;<br \/>\n<strong>3)<\/strong> Na barra superior inserir a Palavra-chave: \u201cDiretoria de Tecnologia da Informa\u00e7\u00e3o \u2013 153258\u201d \u279c em Status selecionar o campo \u201cTodos\u201d \u279c Clicar em \u201cPesquisar\u201d;<br \/>\n<strong>4)<\/strong> Na barra lateral esquerda de filtros, escolher o filtro: Modalidades da Contrata\u00e7\u00e3o \u279c \u201cDispensa\u201d e\/ou \u201cInexigibilidade\u201d e o filtro Unidades\u00a0 \u279c \u201c153258 \u2013 DIRETORIA DE TECNOLOGIA DA INFORMA\u00c7\u00c3O\/UFMG\u201d;<br \/>\n<strong>5)<\/strong> Depois des\u00e7a o cursor do mouse e clique em \u201cAplicar\u201d;<br \/>\n<strong>6)<\/strong> Alternativamente basta clicar\u00a0<a href=\"https:\/\/pncp.gov.br\/app\/editais?q=Diretoria%20de%20Tecnologia%20da%20Informa%C3%A7%C3%A3o%20-%20153258&amp;status=todos&amp;pagina=1\" target=\"_blank\">aqui<\/a>\u00a0para realizar a consulta. Em \u201cModalidades da Contrata\u00e7\u00e3o\u201d clicar em \u201cDispensa\u201d e\/ou \u201cInexigibilidade\u201d, conforme o caso e depois em &#8220;Aplicar&#8221;.<\/p>\n<\/div>\n","protected":false},"excerpt":{"rendered":"<p>Nesta se\u00e7\u00e3o est\u00e3o dispon\u00edveis os editais, publica\u00e7\u00f5es e demais informa\u00e7\u00f5es referentes \u00e0s compras realizadas pela DTI. Compras Contrata\u00e7\u00f5es Diretas (Inexigibilidade e Dispensa de Licita\u00e7\u00e3o) As contrata\u00e7\u00f5es diretas (inexigibilidade e dispensa de licita\u00e7\u00e3o) firmadas pela Diretoria de Tecnologia da Informa\u00e7\u00e3o podem ser consultadas por meio do\u00a0Portal Nacional de Contrata\u00e7\u00f5es P\u00fablicas (PNCP), bastando seguir os seguintes passos: &#8230; <a title=\"Compras\" class=\"read-more\" href=\"https:\/\/www.ufmg.br\/dti\/compras\/\" aria-label=\"Read more about Compras\">Ler mais<\/a><\/p>\n","protected":false},"author":31,"featured_media":0,"parent":0,"menu_order":0,"comment_status":"closed","ping_status":"closed","template":"","meta":{"inline_featured_image":false,"footnotes":""},"coauthors":[74,66],"class_list":["post-3614","page","type-page","status-publish"],"_links":{"self":[{"href":"https:\/\/www.ufmg.br\/dti\/wp-json\/wp\/v2\/pages\/3614","targetHints":{"allow":["GET"]}}],"collection":[{"href":"https:\/\/www.ufmg.br\/dti\/wp-json\/wp\/v2\/pages"}],"about":[{"href":"https:\/\/www.ufmg.br\/dti\/wp-json\/wp\/v2\/types\/page"}],"author":[{"embeddable":true,"href":"https:\/\/www.ufmg.br\/dti\/wp-json\/wp\/v2\/users\/31"}],"replies":[{"embeddable":true,"href":"https:\/\/www.ufmg.br\/dti\/wp-json\/wp\/v2\/comments?post=3614"}],"version-history":[{"count":1,"href":"https:\/\/www.ufmg.br\/dti\/wp-json\/wp\/v2\/pages\/3614\/revisions"}],"predecessor-version":[{"id":8876,"href":"https:\/\/www.ufmg.br\/dti\/wp-json\/wp\/v2\/pages\/3614\/revisions\/8876"}],"wp:attachment":[{"href":"https:\/\/www.ufmg.br\/dti\/wp-json\/wp\/v2\/media?parent=3614"}],"wp:term":[{"taxonomy":"author","embeddable":true,"href":"https:\/\/www.ufmg.br\/dti\/wp-json\/wp\/v2\/coauthors?post=3614"}],"curies":[{"name":"wp","href":"https:\/\/api.w.org\/{rel}","templated":true}]}}