{"id":13,"date":"2020-05-18T08:40:40","date_gmt":"2020-05-18T11:40:40","guid":{"rendered":"https:\/\/www.ufmg.br\/templates\/eventos\/?page_id=13"},"modified":"2021-03-02T20:14:31","modified_gmt":"2021-03-02T23:14:31","slug":"quando","status":"publish","type":"page","link":"https:\/\/www.ufmg.br\/espacodoconhecimento\/mostrauniversidadecidade\/quando\/","title":{"rendered":"QUANDO?"},"content":{"rendered":"\n<div style=\"height:20px\" aria-hidden=\"true\" class=\"wp-block-spacer\"><\/div>\n\n\n\n<div class=\"wp-block-columns is-layout-flex wp-container-core-columns-is-layout-8f761849 wp-block-columns-is-layout-flex\">\n<div class=\"wp-block-column is-layout-flow wp-block-column-is-layout-flow\" style=\"flex-basis:15%\"><\/div>\n\n\n\n<div class=\"wp-block-column is-layout-flow wp-block-column-is-layout-flow\" style=\"flex-basis:66.66%\">\n<p class=\"wp-block-paragraph\"><span class=\"has-inline-color has-very-dark-gray-color\">Confira aqui as atividades da Mostra Universidade Cidade organizadas por data e hora de realiza\u00e7\u00e3o.<\/span><\/p>\n\n\n\n<div style=\"height:50px\" aria-hidden=\"true\" class=\"wp-block-spacer\"><\/div>\n\n\n\n<div class=\"wp-block-buttons is-layout-flex wp-block-buttons-is-layout-flex\">\n<div class=\"wp-block-button\"><a class=\"wp-block-button__link has-background no-border-radius\" href=\"https:\/\/www.ufmg.br\/espacodoconhecimento\/mostrauniversidadecidade\/quando\/#dezembro\" style=\"background-color:#c66a1e\"><span style=\"color:#ffffff\" class=\"has-inline-color\">Dezembro\/2020<\/span><\/a><\/div>\n<\/div>\n\n\n\n<div style=\"height:40px\" aria-hidden=\"true\" class=\"wp-block-spacer\"><\/div>\n\n\n\n<div class=\"wp-block-buttons is-layout-flex wp-block-buttons-is-layout-flex\">\n<div class=\"wp-block-button\"><a class=\"wp-block-button__link has-background no-border-radius\" href=\"https:\/\/www.ufmg.br\/espacodoconhecimento\/mostrauniversidadecidade\/quando\/#janeiro\" style=\"background-color:#c66a1e\"><span style=\"color:#ffffff\" class=\"has-inline-color\">Janeiro\/2021<\/span><\/a><\/div>\n<\/div>\n\n\n\n<div style=\"height:40px\" aria-hidden=\"true\" class=\"wp-block-spacer\"><\/div>\n\n\n\n<div class=\"wp-block-buttons is-layout-flex wp-block-buttons-is-layout-flex\">\n<div class=\"wp-block-button\"><a class=\"wp-block-button__link has-background no-border-radius\" href=\"https:\/\/www.ufmg.br\/espacodoconhecimento\/mostrauniversidadecidade\/quando\/#fevereiro\" style=\"background-color:#c66a1e\"><span style=\"color:#ffffff\" class=\"has-inline-color\">Fevereiro\/2021<\/span><\/a><\/div>\n<\/div>\n\n\n\n<div style=\"height:40px\" aria-hidden=\"true\" class=\"wp-block-spacer\"><\/div>\n\n\n\n<div class=\"wp-block-buttons is-layout-flex wp-block-buttons-is-layout-flex\">\n<div class=\"wp-block-button\"><a class=\"wp-block-button__link has-background no-border-radius\" href=\"https:\/\/www.ufmg.br\/espacodoconhecimento\/mostrauniversidadecidade\/quando\/#marco\" style=\"background-color:#c66a1e\"><span style=\"color:#ffffff\" class=\"has-inline-color\">Mar\u00e7o\/2021<\/span><\/a><\/div>\n<\/div>\n\n\n\n<div style=\"height:80px\" aria-hidden=\"true\" class=\"wp-block-spacer\"><\/div>\n\n\n\n<div class=\"wp-block-group\" id=\"dezembro\"><div class=\"wp-block-group__inner-container is-layout-flow wp-block-group-is-layout-flow\">\n<hr class=\"wp-block-separator\"\/>\n<\/div><\/div>\n<\/div>\n<\/div>\n\n\n\n<div class=\"wp-block-columns is-layout-flex wp-container-core-columns-is-layout-8f761849 wp-block-columns-is-layout-flex\">\n<div class=\"wp-block-column is-layout-flow wp-block-column-is-layout-flow\" style=\"flex-basis:15%\">\n<div style=\"height:20px\" aria-hidden=\"true\" class=\"wp-block-spacer\"><\/div>\n\n\n\n<h4 style=\"text-align: right;\"><span style=\"background-color: #c66a1e; color: #ffffff;\"><span style=\"color: #c66a1e;\">_<\/span>12\/12\/2020<span style=\"color: #c66a1e;\">_<\/span><\/span><\/h4>\n\n\n\n<p style=\"text-align: right;\"><span style=\"background-color: #c66a1e; color: #ffffff;\"><span style=\"color: #c66a1e;\">_<\/span>S\u00c1BADO<span style=\"color: #c66a1e;\">_<\/span><\/span><\/p>\n<\/div>\n\n\n\n<div class=\"wp-block-column is-layout-flow wp-block-column-is-layout-flow\" style=\"flex-basis:66.66%\">\n<h3><span style=\"color: #333333;\"><a style=\"color: #333333;\" href=\"https:\/\/www.youtube.com\/watch?v=gxOwrEc1AYE\"><span class=\"has-inline-color\" data-rich-text-format-boundary=\"true\">Live de Abertura<\/span><\/a><\/span><\/h3>\n<h6><span style=\"font-size: small; color: #333333;\">18h<\/span><\/h6>\n<p><span style=\"color: #c66a1e;\"><a style=\"color: #c66a1e;\" href=\"https:\/\/www.youtube.com\/user\/espacoufmg\">YouTube do Espa\u00e7o do Conhecimento UFMG<\/a><\/span><\/p>\n\n\n\n<hr class=\"wp-block-separator\"\/>\n\n\n\n<h3><span style=\"color: #333333;\"><a style=\"color: #333333;\" href=\"https:\/\/www.ufmg.br\/espacodoconhecimento\/mostrauniversidadecidade\/prog\/projecoes-universidade-cidade\/\"><span class=\"has-inline-color\" data-rich-text-format-boundary=\"true\">Proje\u00e7\u00f5es na Fachada Digital do Espa\u00e7o do Conhecimento UFMG<\/span><\/a><\/span><\/h3>\n<h6><span style=\"font-size: small; color: #333333;\">19h30 e 20h30<br><\/span><\/h6>\n<p><span style=\"color: #c66a1e;\"><a style=\"color: #c66a1e;\" href=\"https:\/\/www.ufmg.br\/espacodoconhecimento\/mostrauniversidadecidade\/locais\/fachada-digital-do-espaco-do-conhecimento-ufmg\/\">Fachada Digital do Espa\u00e7o do Conhecimento UFMG<\/a><\/span><\/p>\n\n\n\n<p class=\"wp-block-paragraph\"><a href=\"https:\/\/www.ufmg.br\/espacodoconhecimento\/mostrauniversidadecidade\/prog\/projecoes-universidade-cidade\/\"><span style=\"color:#1a5e7b\" class=\"has-inline-color\"><\/span><\/a><\/p>\n<\/div>\n<\/div>\n\n\n\n<hr class=\"wp-block-separator\"\/>\n\n\n\n<div class=\"wp-block-columns is-layout-flex wp-container-core-columns-is-layout-8f761849 wp-block-columns-is-layout-flex\">\n<div class=\"wp-block-column is-layout-flow wp-block-column-is-layout-flow\" style=\"flex-basis:15%\">\n<div style=\"height:20px\" aria-hidden=\"true\" class=\"wp-block-spacer\"><\/div>\n\n\n\n<h4 style=\"text-align: right;\"><span style=\"background-color: #c66a1e; color: #ffffff;\"><span style=\"color: #c66a1e;\">_<\/span>13\/12\/2020<span style=\"color: #c66a1e;\">_<\/span><\/span><\/h4>\n\n\n\n<p style=\"text-align: right;\"><span style=\"background-color: #c66a1e; color: #ffffff;\"><span style=\"color: #c66a1e;\">_<\/span>DOMINGO<span style=\"color: #c66a1e;\">_<\/span><\/span><\/p>\n<\/div>\n\n\n\n<div class=\"wp-block-column is-layout-flow wp-block-column-is-layout-flow\" style=\"flex-basis:66.66%\">\n<h3><span style=\"color: #333333;\"><a style=\"color: #333333;\" href=\"https:\/\/www.ufmg.br\/espacodoconhecimento\/mostrauniversidadecidade\/prog\/projecoes-universidade-cidade-2\/\"><span class=\"has-inline-color\" data-rich-text-format-boundary=\"true\">Proje\u00e7\u00f5es na Fachada Digital do Espa\u00e7o do Conhecimento UFMG<\/span><\/a><\/span><\/h3>\n<h6><span style=\"font-size: small; color: #333333;\">19h30 e 20h30<\/span><\/h6>\n<p><span style=\"color: #c66a1e;\"><a style=\"color: #c66a1e;\" href=\"https:\/\/www.ufmg.br\/espacodoconhecimento\/mostrauniversidadecidade\/locais\/fachada-digital-do-espaco-do-conhecimento-ufmg\/\">Fachada <span style=\"color: #c66a1e;\">Digital<\/span> do Espa\u00e7o do Conhecimento UFMG<\/a><\/span><\/p>\n<\/div>\n<\/div>\n\n\n\n<hr class=\"wp-block-separator\"\/>\n\n\n\n<div class=\"wp-block-columns is-layout-flex wp-container-core-columns-is-layout-8f761849 wp-block-columns-is-layout-flex\">\n<div class=\"wp-block-column is-layout-flow wp-block-column-is-layout-flow\" style=\"flex-basis:15%\">\n<div style=\"height:20px\" aria-hidden=\"true\" class=\"wp-block-spacer\"><\/div>\n\n\n\n<h4 style=\"text-align: right;\"><span style=\"background-color: #c66a1e; color: #ffffff;\"><span style=\"color: #c66a1e;\">_<\/span>14\/12\/2020<span style=\"color: #c66a1e;\">_<\/span><\/span><\/h4>\n\n\n\n<p style=\"text-align: right;\"><span style=\"background-color: #c66a1e; color: #ffffff;\"><span style=\"color: #c66a1e;\">_<\/span>SEGUNDA<span style=\"color: #c66a1e;\">_<\/span><\/span><\/p>\n<\/div>\n\n\n\n<div class=\"wp-block-column is-layout-flow wp-block-column-is-layout-flow\" style=\"flex-basis:66.66%\">\n<h3><span style=\"color: #333333;\"><a style=\"color: #333333;\" href=\"https:\/\/www.ufmg.br\/espacodoconhecimento\/mostrauniversidadecidade\/prog\/projecoes-universidade-cidade-3\/\"><span class=\"has-inline-color\">Pr<\/span><span class=\"has-inline-color\" data-rich-text-format-boundary=\"true\">oje\u00e7\u00f5es na Fachada Digital do Espa\u00e7o do Conhecimento UFMG<\/span><\/a><\/span><\/h3>\n<h6><span style=\"font-size: small; color: #333333;\">19h30 e 20h30<\/span><span style=\"font-size: small; color: #333333;\">&nbsp;<\/span><\/h6>\n<p><span style=\"color: #c66a1e;\"><a style=\"color: #c66a1e;\" href=\"https:\/\/www.ufmg.br\/espacodoconhecimento\/mostrauniversidadecidade\/locais\/fachada-digital-do-espaco-do-conhecimento-ufmg\/\">Fachada Digital do Espa\u00e7o do Conhecimento UFMG<\/a><\/span><\/p>\n<\/div>\n<\/div>\n\n\n\n<hr class=\"wp-block-separator\"\/>\n\n\n\n<div class=\"wp-block-columns is-layout-flex wp-container-core-columns-is-layout-8f761849 wp-block-columns-is-layout-flex\">\n<div class=\"wp-block-column is-layout-flow wp-block-column-is-layout-flow\" style=\"flex-basis:15%\">\n<div style=\"height:20px\" aria-hidden=\"true\" class=\"wp-block-spacer\"><\/div>\n\n\n\n<h4 style=\"text-align: right;\"><span style=\"background-color: #c66a1e; color: #ffffff;\"><span style=\"color: #c66a1e;\">_<\/span>15\/12\/2020<span style=\"color: #c66a1e;\">_<\/span><\/span><\/h4>\n\n\n\n<p style=\"text-align: right;\"><span style=\"background-color: #c66a1e; color: #ffffff;\"><span style=\"color: #c66a1e;\">_<\/span>TER\u00c7A<span style=\"color: #c66a1e;\">_<\/span><\/span><\/p>\n<\/div>\n\n\n\n<div class=\"wp-block-column is-layout-flow wp-block-column-is-layout-flow\" style=\"flex-basis:66.66%\">\n<h3><span style=\"color: #333333;\"><a style=\"color: #333333;\" href=\"https:\/\/www.ufmg.br\/espacodoconhecimento\/mostrauniversidadecidade\/prog\/projecoes-universidade-cidade-4\/\"><span class=\"has-inline-color\" data-rich-text-format-boundary=\"true\">Proje\u00e7\u00f5es na Fachada Digital do Espa\u00e7o do Conhecimento UFMG<\/span><\/a><\/span><\/h3>\n<h6><span style=\"font-size: small; color: #333333;\">19h30 e 20h30<\/span><\/h6>\n<p><span style=\"color: #c66a1e;\"><a style=\"color: #c66a1e;\" href=\"https:\/\/www.ufmg.br\/espacodoconhecimento\/mostrauniversidadecidade\/locais\/fachada-digital-do-espaco-do-conhecimento-ufmg\/\">Fachada Digital do Espa\u00e7o do Conhecimento UFMG<\/a><\/span><\/p>\n\n\n\n<hr class=\"wp-block-separator\"\/>\n\n\n\n<h3><span style=\"color: #333333;\"><a style=\"color: #333333;\" href=\"https:\/\/www.ufmg.br\/espacodoconhecimento\/mostrauniversidadecidade\/serie-faces\/\"><span class=\"has-inline-color\" data-rich-text-format-boundary=\"true\">Proje\u00e7\u00f5es | S\u00e9rie Faces<\/span><\/a><\/span><\/h3>\n<h6><span style=\"font-size: small; color: #333333;\">19h30&nbsp;<\/span><\/h6>\n<p><span style=\"color: #c66a1e;\"><a style=\"color: #c66a1e;\" href=\"https:\/\/www.ufmg.br\/espacodoconhecimento\/mostrauniversidadecidade\/locais\/centro-cultural-ufmg\/\">Centro Cultural UFMG<\/a><\/span><\/p>\n<\/div>\n<\/div>\n\n\n\n<hr class=\"wp-block-separator\"\/>\n\n\n\n<div class=\"wp-block-columns is-layout-flex wp-container-core-columns-is-layout-8f761849 wp-block-columns-is-layout-flex\">\n<div class=\"wp-block-column is-layout-flow wp-block-column-is-layout-flow\" style=\"flex-basis:15%\">\n<div style=\"height:20px\" aria-hidden=\"true\" class=\"wp-block-spacer\"><\/div>\n\n\n\n<h4 style=\"text-align: right;\"><span style=\"background-color: #c66a1e; color: #ffffff;\"><span style=\"color: #c66a1e;\">_<\/span>16\/12\/2020<span style=\"color: #c66a1e;\">_<\/span><\/span><\/h4>\n\n\n\n<p style=\"text-align: right;\"><span style=\"background-color: #c66a1e; color: #ffffff;\"><span style=\"color: #c66a1e;\">_<\/span>QUARTA<span style=\"color: #c66a1e;\">_<\/span><\/span><\/p>\n<\/div>\n\n\n\n<div class=\"wp-block-column is-layout-flow wp-block-column-is-layout-flow\" style=\"flex-basis:66.66%\">\n<h3><span style=\"color: #333333;\"><a style=\"color: #333333;\" href=\"https:\/\/www.youtube.com\/watch?v=W08XsPNu9zo\"><span class=\"has-inline-color\" data-rich-text-format-boundary=\"true\">Live especial Clube do Livro Guimar\u00e3es Rosa<\/span><\/a><\/span><\/h3>\n<h6><span style=\"font-size: small; color: #333333;\">17h<\/span><\/h6>\n<p><span style=\"color: #c66a1e;\"><a style=\"color: #c66a1e;\" href=\"https:\/\/youtu.be\/W08XsPNu9zo\">YouTube do Espa\u00e7o do Conhecimento UFMG<\/a><\/span><\/p>\n\n\n\n<hr class=\"wp-block-separator\"\/>\n\n\n\n<h3><span style=\"color: #333333;\"><a style=\"color: #333333;\" href=\"https:\/\/www.ufmg.br\/espacodoconhecimento\/mostrauniversidadecidade\/prog\/projecoes-universidade-cidade-6\/\"><span class=\"has-inline-color\" data-rich-text-format-boundary=\"true\">Proje\u00e7\u00f5es na Fachada Digital do Espa\u00e7o do Conhecimento UFMG<\/span><\/a><\/span><\/h3>\n<h6><span style=\"font-size: small; color: #333333;\">19h30 e 20h30<\/span><\/h6>\n<p><span style=\"color: #c66a1e;\"><a style=\"color: #c66a1e;\" href=\"https:\/\/www.ufmg.br\/espacodoconhecimento\/mostrauniversidadecidade\/locais\/fachada-digital-do-espaco-do-conhecimento-ufmg\/\">Fachada Digital do Espa\u00e7o do Conhecimento UFMG<\/a><\/span><\/p>\n\n\n\n<hr class=\"wp-block-separator\"\/>\n\n\n\n<h3><span style=\"color: #333333;\"><a style=\"color: #333333;\" href=\"https:\/\/www.ufmg.br\/espacodoconhecimento\/mostrauniversidadecidade\/prog\/projecoes-universidade-cidade-4\/\" data-wplink-edit=\"true\"><span class=\"has-inline-color\" data-rich-text-format-boundary=\"true\">Proje\u00e7\u00f5es | S\u00e9rie Faces<\/span><\/a><\/span><\/h3>\n<h6><span style=\"font-size: small; color: #333333;\">19h30<\/span><\/h6>\n<p><span style=\"color: #c66a1e;\"><a style=\"color: #c66a1e;\" href=\"https:\/\/www.ufmg.br\/espacodoconhecimento\/mostrauniversidadecidade\/locais\/centro-cultural-ufmg\/\">Centro Cultural UFMG<\/a><\/span><\/p>\n<\/div>\n<\/div>\n\n\n\n<hr class=\"wp-block-separator\"\/>\n\n\n\n<div class=\"wp-block-columns is-layout-flex wp-container-core-columns-is-layout-8f761849 wp-block-columns-is-layout-flex\">\n<div class=\"wp-block-column is-layout-flow wp-block-column-is-layout-flow\" style=\"flex-basis:15%\">\n<div style=\"height:20px\" aria-hidden=\"true\" class=\"wp-block-spacer\"><\/div>\n\n\n\n<h4 style=\"text-align: right;\"><span style=\"background-color: #c66a1e; color: #ffffff;\"><span style=\"color: #c66a1e;\">_<\/span>17\/12\/2020<span style=\"color: #c66a1e;\">_<\/span><\/span><\/h4>\n\n\n\n<p style=\"text-align: right;\"><span style=\"background-color: #c66a1e; color: #ffffff;\"><span style=\"color: #c66a1e;\">_<\/span>QUINTA<span style=\"color: #c66a1e;\">_<\/span><\/span><\/p>\n<\/div>\n\n\n\n<div class=\"wp-block-column is-layout-flow wp-block-column-is-layout-flow\" style=\"flex-basis:66.66%\">\n<h3><span style=\"color: #333333;\"><a style=\"color: #333333;\" href=\"https:\/\/www.ufmg.br\/espacodoconhecimento\/mostrauniversidadecidade\/prog\/projecoes-universidade-cidade-8\/\"><span class=\"has-inline-color\" data-rich-text-format-boundary=\"true\">Proje\u00e7\u00f5es na Fachada Digital do Espa\u00e7o do Conhecimento UFMG<\/span><\/a><\/span><\/h3>\n<h6><span style=\"font-size: small; color: #333333;\">19h30 e 20h30<\/span><span style=\"font-size: small; color: #333333;\">&nbsp;<\/span><\/h6>\n<p><span style=\"color: #c66a1e;\"><a style=\"color: #c66a1e;\" href=\"https:\/\/www.ufmg.br\/espacodoconhecimento\/mostrauniversidadecidade\/locais\/fachada-digital-do-espaco-do-conhecimento-ufmg\/\">Fachada Digital do Espa\u00e7o do Conhecimento UFMG<\/a><\/span><\/p>\n\n\n\n<hr class=\"wp-block-separator\"\/>\n\n\n\n<h3><span style=\"color: #333333;\"><a style=\"color: #333333;\" href=\"https:\/\/www.ufmg.br\/espacodoconhecimento\/mostrauniversidadecidade\/prog\/projecoes-universidade-cidade-4\/\" data-wplink-edit=\"true\"><span class=\"has-inline-color\" data-rich-text-format-boundary=\"true\">Proje\u00e7\u00f5es | S\u00e9rie Faces<\/span><\/a><\/span><\/h3>\n<h6><span style=\"font-size: small; color: #333333;\">19h30<\/span><\/h6>\n<p><span style=\"color: #c66a1e;\"><a style=\"color: #c66a1e;\" href=\"https:\/\/www.ufmg.br\/espacodoconhecimento\/mostrauniversidadecidade\/locais\/centro-cultural-ufmg\/\">Centro Cultural UFMG<\/a><\/span><\/p>\n<\/div>\n<\/div>\n\n\n\n<hr class=\"wp-block-separator\"\/>\n\n\n\n<div class=\"wp-block-columns is-layout-flex wp-container-core-columns-is-layout-8f761849 wp-block-columns-is-layout-flex\">\n<div class=\"wp-block-column is-layout-flow wp-block-column-is-layout-flow\" style=\"flex-basis:15%\">\n<div style=\"height:20px\" aria-hidden=\"true\" class=\"wp-block-spacer\"><\/div>\n\n\n\n<h4 style=\"text-align: right;\"><span style=\"background-color: #c66a1e; color: #ffffff;\"><span style=\"color: #c66a1e;\">_<\/span>18\/12\/2020<span style=\"color: #c66a1e;\">_<\/span><\/span><\/h4>\n\n\n\n<p style=\"text-align: right;\"><span style=\"background-color: #c66a1e; color: #ffffff;\"><span style=\"color: #c66a1e;\">_<\/span>SEXTA<span style=\"color: #c66a1e;\">_<\/span><\/span><\/p>\n<\/div>\n\n\n\n<div class=\"wp-block-column is-layout-flow wp-block-column-is-layout-flow\" style=\"flex-basis:66.66%\">\n<h3><span style=\"color: #333333;\"><a style=\"color: #333333;\" href=\"https:\/\/www.ufmg.br\/espacodoconhecimento\/mostrauniversidadecidade\/prog\/projecoes-universidade-cidade-5\/\"><span class=\"has-inline-color\" data-rich-text-format-boundary=\"true\">Proje\u00e7\u00f5es na Fachada Digital do Espa\u00e7o do Conhecimento UFMG<\/span><\/a><\/span><\/h3>\n<h6><span style=\"font-size: small; color: #333333;\">19h30 e 20h30<\/span><\/h6>\n<p><span style=\"font-size: small; color: #333333;\">&nbsp;<\/span><span style=\"color: #c66a1e;\"><a style=\"color: #c66a1e;\" href=\"https:\/\/www.ufmg.br\/espacodoconhecimento\/mostrauniversidadecidade\/locais\/fachada-digital-do-espaco-do-conhecimento-ufmg\/\">Fachada Digital do Espa\u00e7o do Conhecimento UFMG<\/a><\/span><\/p>\n\n\n\n<hr class=\"wp-block-separator\"\/>\n\n\n\n<h3><span style=\"color: #333333;\"><a style=\"color: #333333;\" href=\"https:\/\/www.ufmg.br\/espacodoconhecimento\/mostrauniversidadecidade\/prog\/projecoes-universidade-cidade-4\/\"><span class=\"has-inline-color\" data-rich-text-format-boundary=\"true\">Proje\u00e7\u00f5es | S\u00e9rie Faces<\/span><\/a><\/span><\/h3>\n<h6><span style=\"font-size: small; color: #333333;\">19h30<\/span><\/h6>\n<p><span style=\"color: #c66a1e;\"><a style=\"color: #c66a1e;\" href=\"https:\/\/www.ufmg.br\/espacodoconhecimento\/mostrauniversidadecidade\/locais\/centro-cultural-ufmg\/\">Centro Cultural UFMG<\/a><\/span><\/p>\n<\/div>\n<\/div>\n\n\n\n<hr class=\"wp-block-separator\"\/>\n\n\n\n<div class=\"wp-block-columns is-layout-flex wp-container-core-columns-is-layout-8f761849 wp-block-columns-is-layout-flex\">\n<div class=\"wp-block-column is-layout-flow wp-block-column-is-layout-flow\" style=\"flex-basis:15%\">\n<div style=\"height:20px\" aria-hidden=\"true\" class=\"wp-block-spacer\"><\/div>\n\n\n\n<h4 style=\"text-align: right;\"><span style=\"background-color: #c66a1e; color: #ffffff;\"><span style=\"color: #c66a1e;\">_<\/span>19\/12\/2020<span style=\"color: #c66a1e;\">_<\/span><\/span><\/h4>\n\n\n\n<p style=\"text-align: right;\"><span style=\"background-color: #c66a1e; color: #ffffff;\"><span style=\"color: #c66a1e;\">_<\/span>S\u00c1BADO<span style=\"color: #c66a1e;\">_<\/span><\/span><\/p>\n<\/div>\n\n\n\n<div class=\"wp-block-column is-layout-flow wp-block-column-is-layout-flow\" style=\"flex-basis:66.66%\">\n<h3><span style=\"color: #333333;\"><a style=\"color: #333333;\" href=\"https:\/\/www.ufmg.br\/espacodoconhecimento\/mostrauniversidadecidade\/prog\/projecoes-universidade-cidade-7\/\"><span class=\"has-inline-color\" data-rich-text-format-boundary=\"true\">Proje\u00e7\u00f5es na Fachada Digital do Espa\u00e7o do Conhecimento UFMG<\/span><\/a><\/span><\/h3>\n<h6><span style=\"font-size: small; color: #333333;\">19h30 e 20h30<\/span><\/h6>\n<p><span style=\"color: #c66a1e;\"><a style=\"color: #c66a1e;\" href=\"https:\/\/www.ufmg.br\/espacodoconhecimento\/mostrauniversidadecidade\/locais\/fachada-digital-do-espaco-do-conhecimento-ufmg\/\">Fachada Digital do Espa\u00e7o do Conhecimento UFMG<\/a><\/span><\/p>\n<\/div>\n<\/div>\n\n\n\n<hr class=\"wp-block-separator\"\/>\n\n\n\n<div class=\"wp-block-columns is-layout-flex wp-container-core-columns-is-layout-8f761849 wp-block-columns-is-layout-flex\">\n<div class=\"wp-block-column is-layout-flow wp-block-column-is-layout-flow\" style=\"flex-basis:15%\">\n<div style=\"height:20px\" aria-hidden=\"true\" class=\"wp-block-spacer\"><\/div>\n\n\n\n<h4 style=\"text-align: right;\"><span style=\"background-color: #c66a1e; color: #ffffff;\"><span style=\"color: #c66a1e;\">_<\/span>20\/12\/2020<span style=\"color: #c66a1e;\">_<\/span><\/span><\/h4>\n\n\n\n<p style=\"text-align: right;\"><span style=\"background-color: #c66a1e; color: #ffffff;\"><span style=\"color: #c66a1e;\">_<\/span>DOMINGO<span style=\"color: #c66a1e;\">_<\/span><\/span><\/p>\n<\/div>\n\n\n\n<div class=\"wp-block-column is-layout-flow wp-block-column-is-layout-flow\" style=\"flex-basis:66.66%\">\n<h3><span style=\"color: #333333;\"><a style=\"color: #333333;\" href=\"https:\/\/www.ufmg.br\/espacodoconhecimento\/mostrauniversidadecidade\/prog\/projecoes-universidade-cidade-9\/\"><span class=\"has-inline-color\" data-rich-text-format-boundary=\"true\">Proje\u00e7\u00f5es na Fachada Digital do Espa\u00e7o do Conhecimento UFMG<\/span><\/a><\/span><\/h3>\n<h6><span style=\"font-size: small; color: #333333;\">19h30 e 20h30<\/span><\/h6>\n<p><span style=\"color: #c66a1e;\"><a style=\"color: #c66a1e;\" href=\"https:\/\/www.ufmg.br\/espacodoconhecimento\/mostrauniversidadecidade\/locais\/fachada-digital-do-espaco-do-conhecimento-ufmg\/\">Fachada Digital do Espa\u00e7o do Conhecimento UFMG<\/a><\/span><\/p>\n<\/div>\n<\/div>\n\n\n\n<div class=\"wp-block-group\" id=\"janeiro\"><div class=\"wp-block-group__inner-container is-layout-flow wp-block-group-is-layout-flow\">\n<hr class=\"wp-block-separator\"\/>\n<\/div><\/div>\n\n\n\n<div class=\"wp-block-columns is-layout-flex wp-container-core-columns-is-layout-8f761849 wp-block-columns-is-layout-flex\">\n<div class=\"wp-block-column is-layout-flow wp-block-column-is-layout-flow\" style=\"flex-basis:15%\">\n<div style=\"height:20px\" aria-hidden=\"true\" class=\"wp-block-spacer\"><\/div>\n\n\n\n<h4 style=\"text-align: right;\"><span style=\"background-color: #c66a1e; color: #ffffff;\"><span style=\"color: #c66a1e;\">_<\/span>04\/01\/2021<span style=\"color: #c66a1e;\">_<\/span><\/span><\/h4>\n\n\n\n<p style=\"text-align: right;\"><span style=\"background-color: #c66a1e; color: #ffffff;\"><span style=\"color: #c66a1e;\">_<\/span>SEGUNDA<span style=\"color: #c66a1e;\">_<\/span><\/span><\/p>\n<\/div>\n\n\n\n<div class=\"wp-block-column is-layout-flow wp-block-column-is-layout-flow\" style=\"flex-basis:66.66%\">\n<h3><span style=\"color: #333333;\"><a style=\"color: #333333;\" href=\"https:\/\/www.ufmg.br\/espacodoconhecimento\/mostrauniversidadecidade\/prog\/projecoes-universidade-cidade-10\/\"><span class=\"has-inline-color\" data-rich-text-format-boundary=\"true\">Proje\u00e7\u00f5es na Fachada Digital do Espa\u00e7o do Conhecimento UFMG<\/span><\/a><\/span><\/h3>\n<h6><span style=\"font-size: small; color: #333333;\">19h30 e 20h30<\/span><\/h6>\n<p><span style=\"color: #c66a1e;\"><a style=\"color: #c66a1e;\" href=\"https:\/\/www.ufmg.br\/espacodoconhecimento\/mostrauniversidadecidade\/locais\/fachada-digital-do-espaco-do-conhecimento-ufmg\/\">Fachada Digital do Espa\u00e7o do Conhecimento UFMG<\/a><\/span><\/p>\n<\/div>\n<\/div>\n\n\n\n<hr class=\"wp-block-separator\"\/>\n\n\n\n<div class=\"wp-block-columns is-layout-flex wp-container-core-columns-is-layout-8f761849 wp-block-columns-is-layout-flex\">\n<div class=\"wp-block-column is-layout-flow wp-block-column-is-layout-flow\" style=\"flex-basis:15%\">\n<div style=\"height:20px\" aria-hidden=\"true\" class=\"wp-block-spacer\"><\/div>\n\n\n\n<h4 style=\"text-align: right;\"><span style=\"background-color: #c66a1e; color: #ffffff;\"><span style=\"color: #c66a1e;\">_<\/span>05\/01\/2021<span style=\"color: #c66a1e;\">_<\/span><\/span><\/h4>\n\n\n\n<p style=\"text-align: right;\"><span style=\"background-color: #c66a1e; color: #ffffff;\"><span style=\"color: #c66a1e;\">_<\/span>TER\u00c7A<span style=\"color: #c66a1e;\">_<\/span><\/span><\/p>\n<\/div>\n\n\n\n<div class=\"wp-block-column is-layout-flow wp-block-column-is-layout-flow\" style=\"flex-basis:66.66%\">\n<h3><span class=\"has-inline-color\" data-rich-text-format-boundary=\"true\"><span style=\"color: #333333;\"><a style=\"color: #333333;\" href=\"https:\/\/www.ufmg.br\/espacodoconhecimento\/mostrauniversidadecidade\/prog\/mostrinha-1\/\">Mostrinha | Mirantes &#8211; oficina de postais!<\/a><\/span><br><\/span><\/h3>\n<h6><span style=\"font-size: small; color: #333333;\">17h<\/span><\/h6>\n<p><span style=\"color: #c66a1e;\"><a style=\"color: #c66a1e;\" href=\"https:\/\/www.ufmg.br\/espacodoconhecimento\/mostrauniversidadecidade\/mostrinha\/#1\">Oficina realizada pelo Zoom com participantes inscritos<\/a><\/span><\/p>\n\n\n\n<hr class=\"wp-block-separator\"\/>\n\n\n\n<h3><span style=\"color: #333333;\"><a style=\"color: #333333;\" href=\"https:\/\/www.ufmg.br\/espacodoconhecimento\/mostrauniversidadecidade\/prog\/projecoes-universidade-cidade-11\/\"><span class=\"has-inline-color\" data-rich-text-format-boundary=\"true\">Proje\u00e7\u00f5es na Fachada Digital do Espa\u00e7o do Conhecimento UFMG<\/span><\/a><\/span><\/h3>\n<h6><span style=\"font-size: small; color: #333333;\">19h30 e 20h30<\/span><\/h6>\n<p><span style=\"color: #c66a1e;\"><a style=\"color: #c66a1e;\" href=\"https:\/\/www.ufmg.br\/espacodoconhecimento\/mostrauniversidadecidade\/locais\/fachada-digital-do-espaco-do-conhecimento-ufmg\/\">Fachada Digital do Espa\u00e7o do Conhecimento UFMG<\/a><\/span><\/p>\n<\/div>\n<\/div>\n\n\n\n<hr class=\"wp-block-separator\"\/>\n\n\n\n<div class=\"wp-block-columns is-layout-flex wp-container-core-columns-is-layout-8f761849 wp-block-columns-is-layout-flex\">\n<div class=\"wp-block-column is-layout-flow wp-block-column-is-layout-flow\" style=\"flex-basis:15%\">\n<div style=\"height:20px\" aria-hidden=\"true\" class=\"wp-block-spacer\"><\/div>\n\n\n\n<h4 style=\"text-align: right;\"><span style=\"background-color: #c66a1e; color: #ffffff;\"><span style=\"color: #c66a1e;\">_<\/span>06\/01\/2021<span style=\"color: #c66a1e;\">_<\/span><\/span><\/h4>\n\n\n\n<p style=\"text-align: right;\"><span style=\"background-color: #c66a1e; color: #ffffff;\"><span style=\"color: #c66a1e;\">_<\/span>QUARTA<span style=\"color: #c66a1e;\">_<\/span><\/span><\/p>\n<\/div>\n\n\n\n<div class=\"wp-block-column is-layout-flow wp-block-column-is-layout-flow\" style=\"flex-basis:66.66%\">\n<h3><span style=\"color: #333333;\"><a style=\"color: #333333;\" href=\"https:\/\/www.youtube.com\/watch?v=gnGLcW02c_c\">Live Contar Hist\u00f3rias | Degusta\u00e7\u00e3o Po\u00e9tica<\/a><br><\/span><\/h3>\n<h6><span style=\"font-size: small; color: #333333;\">17h<\/span><\/h6>\n<p><span style=\"color: #c66a1e;\"><a style=\"color: #c66a1e;\" href=\"https:\/\/www.youtube.com\/user\/espacoufmg\">YouTube do Espa\u00e7o do Conhecimento UFMG<\/a><\/span><\/p>\n\n\n\n<hr class=\"wp-block-separator\"\/>\n\n\n\n<h3><span style=\"color: #333333;\"><a style=\"color: #333333;\" href=\"https:\/\/www.ufmg.br\/espacodoconhecimento\/mostrauniversidadecidade\/prog\/projecoes-universidade-cidade-12\/\"><span class=\"has-inline-color\" data-rich-text-format-boundary=\"true\">Proje\u00e7\u00f5es na Fachada Digital do Espa\u00e7o do Conhecimento UFMG<\/span><\/a><\/span><\/h3>\n<h6><span style=\"font-size: small; color: #333333;\">19h30 e 20h30<\/span><\/h6>\n<p><span style=\"color: #c66a1e;\"><a style=\"color: #c66a1e;\" href=\"https:\/\/www.ufmg.br\/espacodoconhecimento\/mostrauniversidadecidade\/locais\/fachada-digital-do-espaco-do-conhecimento-ufmg\/\">Fachada Digital do Espa\u00e7o do Conhecimento UFMG<\/a><\/span><\/p>\n<\/div>\n<\/div>\n\n\n\n<hr class=\"wp-block-separator\"\/>\n\n\n\n<div class=\"wp-block-columns is-layout-flex wp-container-core-columns-is-layout-8f761849 wp-block-columns-is-layout-flex\">\n<div class=\"wp-block-column is-layout-flow wp-block-column-is-layout-flow\" style=\"flex-basis:15%\">\n<div style=\"height:20px\" aria-hidden=\"true\" class=\"wp-block-spacer\"><\/div>\n\n\n\n<h4 style=\"text-align: right;\"><span style=\"background-color: #c66a1e; color: #ffffff;\"><span style=\"color: #c66a1e;\">_<\/span>07\/01\/2021<span style=\"color: #c66a1e;\">_<\/span><\/span><\/h4>\n\n\n\n<p style=\"text-align: right;\"><span style=\"background-color: #c66a1e; color: #ffffff;\"><span style=\"color: #c66a1e;\">_<\/span>QUINTA<span style=\"color: #c66a1e;\">_<\/span><\/span><\/p>\n<\/div>\n\n\n\n<div class=\"wp-block-column is-layout-flow wp-block-column-is-layout-flow\" style=\"flex-basis:66.66%\">\n<h3><span class=\"has-inline-color\" data-rich-text-format-boundary=\"true\"><span style=\"color: #333333;\"><a style=\"color: #333333;\" href=\"https:\/\/www.youtube.com\/watch?v=j7E4zYm-5zQ\">Descobrindo o C\u00e9u | A Hist\u00f3ria da Astronomia em Belo Horizonte<\/a><\/span><br><\/span><\/h3>\n<h6><span style=\"font-size: small; color: #333333;\">17h<\/span><\/h6>\n<p><span style=\"color: #c66a1e;\"><a style=\"color: #c66a1e;\" href=\"https:\/\/www.youtube.com\/user\/espacoufmg\">YouTube do Espa\u00e7o do Conhecimento UFMG<\/a><\/span><\/p>\n\n\n\n<hr class=\"wp-block-separator\"\/>\n\n\n\n<h3><span style=\"color: #333333;\"><a style=\"color: #333333;\" href=\"https:\/\/www.ufmg.br\/espacodoconhecimento\/mostrauniversidadecidade\/prog\/projecoes-universidade-cidade-13\/\"><span class=\"has-inline-color\" data-rich-text-format-boundary=\"true\">Proje\u00e7\u00f5es na Fachada Digital do Espa\u00e7o do Conhecimento UFMG<\/span><\/a><\/span><\/h3>\n<h6><span style=\"font-size: small; color: #333333;\">19h30 e 20h30<\/span><\/h6>\n<p><span style=\"color: #c66a1e;\"><a style=\"color: #c66a1e;\" href=\"https:\/\/www.ufmg.br\/espacodoconhecimento\/mostrauniversidadecidade\/locais\/fachada-digital-do-espaco-do-conhecimento-ufmg\/\">Fachada Digital do Espa\u00e7o do Conhecimento UFMG<\/a><\/span><\/p>\n<\/div>\n<\/div>\n\n\n\n<hr class=\"wp-block-separator\"\/>\n\n\n\n<div class=\"wp-block-columns is-layout-flex wp-container-core-columns-is-layout-8f761849 wp-block-columns-is-layout-flex\">\n<div class=\"wp-block-column is-layout-flow wp-block-column-is-layout-flow\" style=\"flex-basis:15%\">\n<div style=\"height:20px\" aria-hidden=\"true\" class=\"wp-block-spacer\"><\/div>\n\n\n\n<h4 style=\"text-align: right;\"><span style=\"background-color: #c66a1e; color: #ffffff;\"><span style=\"color: #c66a1e;\">_<\/span>08\/01\/2021<span style=\"color: #c66a1e;\">_<\/span><\/span><\/h4>\n\n\n\n<p style=\"text-align: right;\"><span style=\"background-color: #c66a1e; color: #ffffff;\"><span style=\"color: #c66a1e;\">_<\/span>SEXTA<span style=\"color: #c66a1e;\">_<\/span><\/span><\/p>\n<\/div>\n\n\n\n<div class=\"wp-block-column is-layout-flow wp-block-column-is-layout-flow\" style=\"flex-basis:66.66%\">\n<h3><span class=\"has-inline-color\" data-rich-text-format-boundary=\"true\"><span style=\"color: #333333;\"><a style=\"color: #333333;\" href=\"https:\/\/www.youtube.com\/watch?v=mAsBgFncxPU&amp;t=8s\">Live Centros Culturais Municipais | Gestos e afetos criativos<\/a><\/span><br><\/span><\/h3>\n<h6><span style=\"font-size: small; color: #333333;\">19h30<\/span><\/h6>\n<p><span style=\"color: #c66a1e;\"><a style=\"color: #c66a1e;\" href=\"https:\/\/www.youtube.com\/user\/espacoufmg\">YouTube do Espa\u00e7o do Conhecimento UFMG<\/a><\/span><\/p>\n\n\n\n<hr class=\"wp-block-separator\"\/>\n\n\n\n<h3><span style=\"color: #333333;\"><a style=\"color: #333333;\" href=\"https:\/\/www.ufmg.br\/espacodoconhecimento\/mostrauniversidadecidade\/prog\/projecoes-universidade-cidade-14\/\"><span class=\"has-inline-color\" data-rich-text-format-boundary=\"true\">Proje\u00e7\u00f5es na Fachada Digital do Espa\u00e7o do Conhecimento UFMG<\/span><\/a><\/span><\/h3>\n<h6><span style=\"font-size: small; color: #333333;\">19h30 e 20h30<\/span><\/h6>\n<p><span style=\"color: #c66a1e;\"><a style=\"color: #c66a1e;\" href=\"https:\/\/www.ufmg.br\/espacodoconhecimento\/mostrauniversidadecidade\/locais\/fachada-digital-do-espaco-do-conhecimento-ufmg\/\">Fachada Digital do Espa\u00e7o do Conhecimento UFMG<\/a><\/span><\/p>\n<\/div>\n<\/div>\n\n\n\n<hr class=\"wp-block-separator\"\/>\n\n\n\n<div class=\"wp-block-columns is-layout-flex wp-container-core-columns-is-layout-8f761849 wp-block-columns-is-layout-flex\">\n<div class=\"wp-block-column is-layout-flow wp-block-column-is-layout-flow\" style=\"flex-basis:15%\">\n<div style=\"height:20px\" aria-hidden=\"true\" class=\"wp-block-spacer\"><\/div>\n\n\n\n<h4 style=\"text-align: right;\"><span style=\"background-color: #c66a1e; color: #ffffff;\"><span style=\"color: #c66a1e;\">_<\/span>09\/01\/2021<span style=\"color: #c66a1e;\">_<\/span><\/span><\/h4>\n\n\n\n<p style=\"text-align: right;\"><span style=\"background-color: #c66a1e; color: #ffffff;\"><span style=\"color: #c66a1e;\">_<\/span>S\u00c1BADO<span style=\"color: #c66a1e;\">_<\/span><\/span><\/p>\n<\/div>\n\n\n\n<div class=\"wp-block-column is-layout-flow wp-block-column-is-layout-flow\" style=\"flex-basis:66.66%\">\n<h3><span style=\"color: #333333;\"><a style=\"color: #333333;\" href=\"https:\/\/www.ufmg.br\/espacodoconhecimento\/mostrauniversidadecidade\/prog\/radio-janela-1\/\"><span class=\"has-inline-color\" data-rich-text-format-boundary=\"true\">R\u00e1dio Janela<\/span><\/a><\/span><\/h3>\n<h6><span style=\"font-size: small; color: #333333;\">10h<\/span><\/h6>\n<p><a href=\"https:\/\/www.ufmg.br\/espacodoconhecimento\/mostrauniversidadecidade\/prog\/radio-janela-1\/\"><span style=\"color: #c66a1e;\"><u>Regional Pampulha<\/u><\/span><\/a><\/p>\n\n\n\n<hr class=\"wp-block-separator\"\/>\n\n\n\n<h3><span style=\"color: #333333;\"><a style=\"color: #333333;\" href=\"https:\/\/www.ufmg.br\/espacodoconhecimento\/mostrauniversidadecidade\/prog\/projecoes-nos-centros-culturais-pampulha\/\"><span class=\"has-inline-color\" data-rich-text-format-boundary=\"true\">Proje\u00e7\u00f5es nos Centros Culturais | Pampulha<\/span><\/a><\/span><\/h3>\n<h6><span style=\"font-size: small; color: #333333;\">19h30 e 20h30<\/span><\/h6>\n<p><span style=\"color: #c66a1e;\"><a style=\"color: #c66a1e;\" href=\"https:\/\/www.ufmg.br\/espacodoconhecimento\/mostrauniversidadecidade\/locais\/centro-cultural-pampulha\">Centro Cultural Pampulha<\/a><\/span><\/p>\n\n\n\n<hr class=\"wp-block-separator\"\/>\n\n\n\n<h3><span style=\"color: #333333;\"><a style=\"color: #333333;\" href=\"https:\/\/www.ufmg.br\/espacodoconhecimento\/mostrauniversidadecidade\/prog\/projecoes-universidade-cidade-15\/\"><span class=\"has-inline-color\" data-rich-text-format-boundary=\"true\">Proje\u00e7\u00f5es na Fachada Digital do Espa\u00e7o do Conhecimento UFMG<\/span><\/a><\/span><\/h3>\n<h6><span style=\"font-size: small; color: #333333;\">19h30 e 20h30<\/span><\/h6>\n<p><span style=\"color: #c66a1e;\"><a style=\"color: #c66a1e;\" href=\"https:\/\/www.ufmg.br\/espacodoconhecimento\/mostrauniversidadecidade\/locais\/fachada-digital-do-espaco-do-conhecimento-ufmg\/\">Fachada Digital do Espa\u00e7o do Conhecimento UFMG<\/a><\/span><\/p>\n<\/div>\n<\/div>\n\n\n\n<hr class=\"wp-block-separator\"\/>\n\n\n\n<div class=\"wp-block-columns is-layout-flex wp-container-core-columns-is-layout-8f761849 wp-block-columns-is-layout-flex\">\n<div class=\"wp-block-column is-layout-flow wp-block-column-is-layout-flow\" style=\"flex-basis:15%\">\n<div style=\"height:20px\" aria-hidden=\"true\" class=\"wp-block-spacer\"><\/div>\n\n\n\n<h4 style=\"text-align: right;\"><span style=\"background-color: #c66a1e; color: #ffffff;\"><span style=\"color: #c66a1e;\">_<\/span>10\/01\/2021<span style=\"color: #c66a1e;\">_<\/span><\/span><\/h4>\n\n\n\n<p style=\"text-align: right;\"><span style=\"background-color: #c66a1e; color: #ffffff;\"><span style=\"color: #c66a1e;\">_<\/span>DOMINGO<span style=\"color: #c66a1e;\">_<\/span><\/span><\/p>\n<\/div>\n\n\n\n<div class=\"wp-block-column is-layout-flow wp-block-column-is-layout-flow\" style=\"flex-basis:66.66%\">\n<h3><span style=\"color: #333333;\"><a style=\"color: #333333;\" href=\"https:\/\/www.ufmg.br\/espacodoconhecimento\/mostrauniversidadecidade\/prog\/radio-janela-2\/\"><span class=\"has-inline-color\" data-rich-text-format-boundary=\"true\">R\u00e1dio Janela<\/span><\/a><\/span><\/h3>\n<h6><span style=\"font-size: small; color: #333333;\">10h<\/span><\/h6>\n<p><a href=\"https:\/\/www.ufmg.br\/espacodoconhecimento\/mostrauniversidadecidade\/prog\/radio-janela-2\/\"><span style=\"color: #c66a1e;\"><u>Regional Noroeste<\/u><\/span><\/a><\/p>\n\n\n\n<hr class=\"wp-block-separator\"\/>\n\n\n\n<h3><span style=\"color: #333333;\"><a style=\"color: #333333;\" href=\"https:\/\/www.ufmg.br\/espacodoconhecimento\/mostrauniversidadecidade\/prog\/projecoes-nos-centros-culturais-regional-oeste\/\"><span class=\"has-inline-color\" data-rich-text-format-boundary=\"true\">Proje\u00e7\u00f5es nos Centros Culturais | Regional Oeste<\/span><\/a><\/span><\/h3>\n<h6><span style=\"font-size: small; color: #333333;\">19h30 e 20h30<\/span><\/h6>\n<p><span style=\"color: #c66a1e;\"><a style=\"color: #c66a1e;\" href=\"https:\/\/www.ufmg.br\/espacodoconhecimento\/mostrauniversidadecidade\/locais\/centro-cultural-salgado-filho\/\">Centro Cultural Salgado Filho<\/a><\/span><\/p>\n\n\n\n<hr class=\"wp-block-separator\"\/>\n\n\n\n<h3><span style=\"color: #333333;\"><a style=\"color: #333333;\" href=\"https:\/\/www.ufmg.br\/espacodoconhecimento\/mostrauniversidadecidade\/prog\/projecoes-universidade-cidade-16\/\"><span class=\"has-inline-color\" data-rich-text-format-boundary=\"true\">Proje\u00e7\u00f5es na Fachada Digital do Espa\u00e7o do Conhecimento UFMG<\/span><\/a><\/span><\/h3>\n<h6><span style=\"font-size: small; color: #333333;\">19h30 e 20h30<\/span><\/h6>\n<p><span style=\"color: #c66a1e;\"><a style=\"color: #c66a1e;\" href=\"https:\/\/www.ufmg.br\/espacodoconhecimento\/mostrauniversidadecidade\/locais\/fachada-digital-do-espaco-do-conhecimento-ufmg\/\">Fachada Digital do Espa\u00e7o do Conhecimento UFMG<\/a><\/span><\/p>\n<\/div>\n<\/div>\n\n\n\n<hr class=\"wp-block-separator\"\/>\n\n\n\n<div class=\"wp-block-columns is-layout-flex wp-container-core-columns-is-layout-8f761849 wp-block-columns-is-layout-flex\">\n<div class=\"wp-block-column is-layout-flow wp-block-column-is-layout-flow\" style=\"flex-basis:15%\">\n<div style=\"height:20px\" aria-hidden=\"true\" class=\"wp-block-spacer\"><\/div>\n\n\n\n<h4 style=\"text-align: right;\"><span style=\"background-color: #c66a1e; color: #ffffff;\"><span style=\"color: #c66a1e;\">_<\/span>11\/01\/2021<span style=\"color: #c66a1e;\">_<\/span><\/span><\/h4>\n\n\n\n<p style=\"text-align: right;\"><span style=\"background-color: #c66a1e; color: #ffffff;\"><span style=\"color: #c66a1e;\">_<\/span>SEGUNDA<span style=\"color: #c66a1e;\">_<\/span><\/span><\/p>\n<\/div>\n\n\n\n<div class=\"wp-block-column is-layout-flow wp-block-column-is-layout-flow\" style=\"flex-basis:66.66%\">\n<h3><span style=\"color: #333333;\"><a style=\"color: #333333;\" href=\"https:\/\/www.ufmg.br\/espacodoconhecimento\/mostrauniversidadecidade\/prog\/projecoes-universidade-cidade-17\/\"><span class=\"has-inline-color\" data-rich-text-format-boundary=\"true\">Proje\u00e7\u00f5es na Fachada Digital do Espa\u00e7o do Conhecimento UFMG<\/span><\/a><\/span><\/h3>\n<h6><span style=\"font-size: small; color: #333333;\">19h30 e 20h30<\/span><\/h6>\n<p><span style=\"color: #c66a1e;\"><a style=\"color: #c66a1e;\" href=\"https:\/\/www.ufmg.br\/espacodoconhecimento\/mostrauniversidadecidade\/locais\/fachada-digital-do-espaco-do-conhecimento-ufmg\/\">Fachada Digital do Espa\u00e7o do Conhecimento UFMG<\/a><\/span><\/p>\n<\/div>\n<\/div>\n\n\n\n<hr class=\"wp-block-separator\"\/>\n\n\n\n<div class=\"wp-block-columns is-layout-flex wp-container-core-columns-is-layout-8f761849 wp-block-columns-is-layout-flex\">\n<div class=\"wp-block-column is-layout-flow wp-block-column-is-layout-flow\" style=\"flex-basis:15%\">\n<div style=\"height:20px\" aria-hidden=\"true\" class=\"wp-block-spacer\"><\/div>\n\n\n\n<h4 style=\"text-align: right;\"><span style=\"background-color: #c66a1e; color: #ffffff;\"><span style=\"color: #c66a1e;\">_<\/span>12\/01\/2021<span style=\"color: #c66a1e;\">_<\/span><\/span><\/h4>\n\n\n\n<p style=\"text-align: right;\"><span style=\"background-color: #c66a1e; color: #ffffff;\"><span style=\"color: #c66a1e;\">_<\/span>TER\u00c7A<span style=\"color: #c66a1e;\">_<\/span><\/span><\/p>\n<\/div>\n\n\n\n<div class=\"wp-block-column is-layout-flow wp-block-column-is-layout-flow\" style=\"flex-basis:66.66%\">\n<h3><span style=\"color: #333333;\"><a style=\"color: #333333;\" href=\"https:\/\/www.ufmg.br\/espacodoconhecimento\/mostrauniversidadecidade\/prog\/mostrinha-2\/\"><span class=\"has-inline-color\" data-rich-text-format-boundary=\"true\">Mostrinha | No meio do caminho tinha uma hist\u00f3ria&#8230;<\/span><\/a><\/span><\/h3>\n<h6><span style=\"font-size: small; color: #333333;\">17h<\/span><\/h6>\n<p><span style=\"color: #c66a1e;\"><a style=\"color: #c66a1e;\" href=\"https:\/\/www.ufmg.br\/espacodoconhecimento\/mostrauniversidadecidade\/mostrinha\/#2\">Oficina realizada pelo Zoom com participantes inscritos<\/a><\/span><\/p>\n\n\n\n<hr class=\"wp-block-separator\"\/>\n\n\n\n<h3><span style=\"color: #333333;\"><a style=\"color: #333333;\" href=\"https:\/\/www.ufmg.br\/espacodoconhecimento\/mostrauniversidadecidade\/prog\/projecoes-universidade-cidade-18\/\"><span class=\"has-inline-color\" data-rich-text-format-boundary=\"true\">Proje\u00e7\u00f5es na Fachada Digital do Espa\u00e7o do Conhecimento UFMG<\/span><\/a><\/span><\/h3>\n<h6><span style=\"font-size: small; color: #333333;\">19h30 e 20h30<\/span><\/h6>\n<p><span style=\"color: #c66a1e;\"><a style=\"color: #c66a1e;\" href=\"https:\/\/www.ufmg.br\/espacodoconhecimento\/mostrauniversidadecidade\/locais\/fachada-digital-do-espaco-do-conhecimento-ufmg\/\">Fachada Digital do Espa\u00e7o do Conhecimento UFMG<\/a><\/span><\/p>\n<\/div>\n<\/div>\n\n\n\n<hr class=\"wp-block-separator\"\/>\n\n\n\n<div class=\"wp-block-columns is-layout-flex wp-container-core-columns-is-layout-8f761849 wp-block-columns-is-layout-flex\">\n<div class=\"wp-block-column is-layout-flow wp-block-column-is-layout-flow\" style=\"flex-basis:15%\">\n<div style=\"height:20px\" aria-hidden=\"true\" class=\"wp-block-spacer\"><\/div>\n\n\n\n<h4 style=\"text-align: right;\"><span style=\"background-color: #c66a1e; color: #ffffff;\"><span style=\"color: #c66a1e;\">_<\/span>13\/01\/2021<span style=\"color: #c66a1e;\">_<\/span><\/span><\/h4>\n\n\n\n<p style=\"text-align: right;\"><span style=\"background-color: #c66a1e; color: #ffffff;\"><span style=\"color: #c66a1e;\">_<\/span>QUARTA<span style=\"color: #c66a1e;\">_<\/span><\/span><\/p>\n<\/div>\n\n\n\n<div class=\"wp-block-column is-layout-flow wp-block-column-is-layout-flow\" style=\"flex-basis:66.66%\">\n<h3><span style=\"color: #333333;\"><a style=\"color: #333333;\" href=\"https:\/\/www.youtube.com\/watch?v=De3gOnKygBM\">Live Contar Hist\u00f3rias | Do terror ao riso na literatura brasileira<\/a><br><\/span><\/h3>\n<h6><span style=\"font-size: small; color: #333333;\">17h<\/span><\/h6>\n<p><span style=\"color: #c66a1e;\"><a style=\"color: #c66a1e;\" href=\"https:\/\/www.youtube.com\/user\/espacoufmg\">YouTube do Espa\u00e7o do Conhecimento UFMG<\/a><\/span><\/p>\n\n\n\n<hr class=\"wp-block-separator\"\/>\n\n\n\n<h3><span style=\"color: #333333;\"><a style=\"color: #333333;\" href=\"https:\/\/www.ufmg.br\/espacodoconhecimento\/mostrauniversidadecidade\/prog\/projecoes-universidade-cidade-19\/\"><span class=\"has-inline-color\" data-rich-text-format-boundary=\"true\">Proje\u00e7\u00f5es na Fachada Digital do Espa\u00e7o do Conhecimento UFMG<\/span><\/a><\/span><\/h3>\n<h6><span style=\"font-size: small; color: #333333;\">19h30 e 20h30<\/span><\/h6>\n<p><span style=\"color: #c66a1e;\"><a style=\"color: #c66a1e;\" href=\"https:\/\/www.ufmg.br\/espacodoconhecimento\/mostrauniversidadecidade\/locais\/fachada-digital-do-espaco-do-conhecimento-ufmg\/\">Fachada Digital do Espa\u00e7o do Conhecimento UFMG<\/a><\/span><\/p>\n<\/div>\n<\/div>\n\n\n\n<hr class=\"wp-block-separator\"\/>\n\n\n\n<div class=\"wp-block-columns is-layout-flex wp-container-core-columns-is-layout-8f761849 wp-block-columns-is-layout-flex\">\n<div class=\"wp-block-column is-layout-flow wp-block-column-is-layout-flow\" style=\"flex-basis:15%\">\n<div style=\"height:20px\" aria-hidden=\"true\" class=\"wp-block-spacer\"><\/div>\n\n\n\n<h4 style=\"text-align: right;\"><span style=\"background-color: #c66a1e; color: #ffffff;\"><span style=\"color: #c66a1e;\">_<\/span>14\/01\/2021<span style=\"color: #c66a1e;\">_<\/span><\/span><\/h4>\n\n\n\n<p style=\"text-align: right;\"><span style=\"background-color: #c66a1e; color: #ffffff;\"><span style=\"color: #c66a1e;\">_<\/span>QUINTA<span style=\"color: #c66a1e;\">_<\/span><\/span><\/p>\n<\/div>\n\n\n\n<div class=\"wp-block-column is-layout-flow wp-block-column-is-layout-flow\" style=\"flex-basis:66.66%\">\n<h3><span style=\"color: #333333;\"><a style=\"color: #333333;\" href=\"https:\/\/www.youtube.com\/watch?v=GM1TuCHtmpY\"><span class=\"has-inline-color\" data-rich-text-format-boundary=\"true\">Descobrindo o c\u00e9u | O c\u00e9u perdeu estrelas? \u00c9 a polui\u00e7\u00e3o luminosa!<\/span><\/a><\/span><\/h3>\n<h6><span style=\"font-size: small; color: #333333;\">17h<\/span><\/h6>\n<p><span style=\"color: #c66a1e;\"><a style=\"color: #c66a1e;\" href=\"https:\/\/www.youtube.com\/user\/espacoufmg\">YouTube do Espa\u00e7o do Conhecimento UFMG<\/a><\/span><\/p>\n\n\n\n<hr class=\"wp-block-separator\"\/>\n\n\n\n<h3><span style=\"color: #333333;\"><a style=\"color: #333333;\" href=\"https:\/\/www.ufmg.br\/espacodoconhecimento\/mostrauniversidadecidade\/prog\/projecoes-universidade-cidade-20\/\"><span class=\"has-inline-color\" data-rich-text-format-boundary=\"true\">Proje\u00e7\u00f5es na Fachada Digital do Espa\u00e7o do Conhecimento UFMG<\/span><\/a><\/span><\/h3>\n<h6><span style=\"font-size: small; color: #333333;\">19h30 e 20h30<\/span><\/h6>\n<p><span style=\"color: #c66a1e;\"><a style=\"color: #c66a1e;\" href=\"https:\/\/www.ufmg.br\/espacodoconhecimento\/mostrauniversidadecidade\/locais\/fachada-digital-do-espaco-do-conhecimento-ufmg\/\">Fachada Digital do Espa\u00e7o do Conhecimento UFMG<\/a><\/span><\/p>\n<\/div>\n<\/div>\n\n\n\n<hr class=\"wp-block-separator\"\/>\n\n\n\n<div class=\"wp-block-columns is-layout-flex wp-container-core-columns-is-layout-8f761849 wp-block-columns-is-layout-flex\">\n<div class=\"wp-block-column is-layout-flow wp-block-column-is-layout-flow\" style=\"flex-basis:15%\">\n<div style=\"height:20px\" aria-hidden=\"true\" class=\"wp-block-spacer\"><\/div>\n\n\n\n<h4 style=\"text-align: right;\"><span style=\"background-color: #c66a1e; color: #ffffff;\"><span style=\"color: #c66a1e;\">_<\/span>15\/01\/2021<span style=\"color: #c66a1e;\">_<\/span><\/span><\/h4>\n\n\n\n<p style=\"text-align: right;\"><span style=\"background-color: #c66a1e; color: #ffffff;\"><span style=\"color: #c66a1e;\">_<\/span>SEXTA<span style=\"color: #c66a1e;\">_<\/span><\/span><\/p>\n<\/div>\n\n\n\n<div class=\"wp-block-column is-layout-flow wp-block-column-is-layout-flow\" style=\"flex-basis:66.66%\">\n<h3><span style=\"color: #333333;\"><a style=\"color: #333333;\" href=\"https:\/\/www.youtube.com\/watch?v=l2w8HfUykX4\"><span class=\"has-inline-color\" data-rich-text-format-boundary=\"true\">Live Centros Culturais Municipais | Entre cordas, peles, teclas: manifestos musicais<\/span><\/a><\/span><\/h3>\n<h6><span style=\"font-size: small; color: #333333;\">19h30<\/span><\/h6>\n<p><span style=\"color: #c66a1e;\"><a style=\"color: #c66a1e;\" href=\"https:\/\/www.youtube.com\/user\/espacoufmg\">YouTube do Espa\u00e7o do Conhecimento UFMG<\/a><\/span><\/p>\n\n\n\n<hr class=\"wp-block-separator\"\/>\n\n\n\n<h3><span style=\"color: #333333;\"><a style=\"color: #333333;\" href=\"https:\/\/www.ufmg.br\/espacodoconhecimento\/mostrauniversidadecidade\/prog\/projecoes-universidade-cidade-21\/\"><span class=\"has-inline-color\" data-rich-text-format-boundary=\"true\">Proje\u00e7\u00f5es na Fachada Digital do Espa\u00e7o do Conhecimento UFMG<\/span><\/a><\/span><\/h3>\n<h6><span style=\"font-size: small; color: #333333;\">19h30 e 20h30<\/span><\/h6>\n<p><span style=\"color: #c66a1e;\"><a style=\"color: #c66a1e;\" href=\"https:\/\/www.ufmg.br\/espacodoconhecimento\/mostrauniversidadecidade\/locais\/fachada-digital-do-espaco-do-conhecimento-ufmg\/\">Fachada Digital do Espa\u00e7o do Conhecimento UFMG<\/a><\/span><\/p>\n<\/div>\n<\/div>\n\n\n\n<hr class=\"wp-block-separator\"\/>\n\n\n\n<div class=\"wp-block-columns is-layout-flex wp-container-core-columns-is-layout-8f761849 wp-block-columns-is-layout-flex\">\n<div class=\"wp-block-column is-layout-flow wp-block-column-is-layout-flow\" style=\"flex-basis:15%\">\n<div style=\"height:20px\" aria-hidden=\"true\" class=\"wp-block-spacer\"><\/div>\n\n\n\n<h4 style=\"text-align: right;\"><span style=\"background-color: #c66a1e; color: #ffffff;\"><span style=\"color: #c66a1e;\">_<\/span>16\/01\/2021<span style=\"color: #c66a1e;\">_<\/span><\/span><\/h4>\n\n\n\n<p style=\"text-align: right;\"><span style=\"background-color: #c66a1e; color: #ffffff;\"><span style=\"color: #c66a1e;\">_<\/span>S\u00c1BADO<span style=\"color: #c66a1e;\">_<\/span><\/span><\/p>\n<\/div>\n\n\n\n<div class=\"wp-block-column is-layout-flow wp-block-column-is-layout-flow\" style=\"flex-basis:66.66%\">\n<h3><span style=\"color: #333333;\"><a style=\"color: #333333;\" href=\"https:\/\/www.ufmg.br\/espacodoconhecimento\/mostrauniversidadecidade\/prog\/radio-janela-3\/\"><span class=\"has-inline-color\" data-rich-text-format-boundary=\"true\">R\u00e1dio Janela<\/span><\/a><\/span><\/h3>\n<h6><span style=\"font-size: small; color: #333333;\">10h<\/span><\/h6>\n<p><a href=\"https:\/\/www.ufmg.br\/espacodoconhecimento\/mostrauniversidadecidade\/prog\/radio-janela-3\/\"><span style=\"color: #c66a1e;\"><u>Regional Venda Nova<\/u><\/span><\/a><\/p>\n\n\n\n<hr class=\"wp-block-separator\"\/>\n\n\n\n<h3><span style=\"color: #333333;\"><a style=\"color: #333333;\" href=\"https:\/\/www.ufmg.br\/espacodoconhecimento\/mostrauniversidadecidade\/prog\/projecoes-universidade-cidade-22\/\"><span class=\"has-inline-color\" data-rich-text-format-boundary=\"true\">Proje\u00e7\u00f5es na Fachada Digital do Espa\u00e7o do Conhecimento UFMG<\/span><\/a><\/span><\/h3>\n<h6><span style=\"font-size: small; color: #333333;\">19h30 e 20h30<\/span><\/h6>\n<p><span style=\"color: #c66a1e;\"><a style=\"color: #c66a1e;\" href=\"https:\/\/www.ufmg.br\/espacodoconhecimento\/mostrauniversidadecidade\/locais\/fachada-digital-do-espaco-do-conhecimento-ufmg\/\">Fachada Digital do Espa\u00e7o do Conhecimento UFMG<\/a><\/span><\/p>\n<\/div>\n<\/div>\n\n\n\n<hr class=\"wp-block-separator\"\/>\n\n\n\n<div class=\"wp-block-columns is-layout-flex wp-container-core-columns-is-layout-8f761849 wp-block-columns-is-layout-flex\">\n<div class=\"wp-block-column is-layout-flow wp-block-column-is-layout-flow\" style=\"flex-basis:15%\">\n<div style=\"height:20px\" aria-hidden=\"true\" class=\"wp-block-spacer\"><\/div>\n\n\n\n<h4 style=\"text-align: right;\"><span style=\"background-color: #c66a1e; color: #ffffff;\"><span style=\"color: #c66a1e;\">_<\/span>17\/01\/2021<span style=\"color: #c66a1e;\">_<\/span><\/span><\/h4>\n\n\n\n<p style=\"text-align: right;\"><span style=\"background-color: #c66a1e; color: #ffffff;\"><span style=\"color: #c66a1e;\">_<\/span>DOMINGO<span style=\"color: #c66a1e;\">_<\/span><\/span><\/p>\n<\/div>\n\n\n\n<div class=\"wp-block-column is-layout-flow wp-block-column-is-layout-flow\" style=\"flex-basis:66.66%\">\n<h3><span style=\"color: #333333;\"><a style=\"color: #333333;\" href=\"https:\/\/www.ufmg.br\/espacodoconhecimento\/mostrauniversidadecidade\/prog\/radio-janela-4\/\"><span class=\"has-inline-color\" data-rich-text-format-boundary=\"true\">R\u00e1dio Janela<\/span><\/a><\/span><\/h3>\n<h6><span style=\"font-size: small; color: #333333;\">10h<\/span><\/h6>\n<p><span style=\"color: #c66a1e;\"><u>Regional Barreiro<br><\/u><\/span><\/p>\n\n\n\n<hr class=\"wp-block-separator\"\/>\n\n\n\n<h3><span style=\"color: #333333;\"><a style=\"color: #333333;\" href=\"https:\/\/www.ufmg.br\/espacodoconhecimento\/mostrauniversidadecidade\/prog\/projecoes-universidade-cidade-23\/\"><span class=\"has-inline-color\" data-rich-text-format-boundary=\"true\">Proje\u00e7\u00f5es na Fachada Digital do Espa\u00e7o do Conhecimento UFMG<\/span><\/a><\/span><\/h3>\n<h6><span style=\"font-size: small; color: #333333;\">19h30 e 20h30<\/span><\/h6>\n<p><span style=\"color: #c66a1e;\"><a style=\"color: #c66a1e;\" href=\"https:\/\/www.ufmg.br\/espacodoconhecimento\/mostrauniversidadecidade\/locais\/fachada-digital-do-espaco-do-conhecimento-ufmg\/\">Fachada Digital do Espa\u00e7o do Conhecimento UFMG<\/a><\/span><\/p>\n<\/div>\n<\/div>\n\n\n\n<hr class=\"wp-block-separator\"\/>\n\n\n\n<div class=\"wp-block-columns is-layout-flex wp-container-core-columns-is-layout-8f761849 wp-block-columns-is-layout-flex\">\n<div class=\"wp-block-column is-layout-flow wp-block-column-is-layout-flow\" style=\"flex-basis:15%\">\n<div style=\"height:20px\" aria-hidden=\"true\" class=\"wp-block-spacer\"><\/div>\n\n\n\n<h4 style=\"text-align: right;\"><span style=\"background-color: #c66a1e; color: #ffffff;\"><span style=\"color: #c66a1e;\">_<\/span>18\/01\/2021<span style=\"color: #c66a1e;\">_<\/span><\/span><\/h4>\n\n\n\n<p style=\"text-align: right;\"><span style=\"background-color: #c66a1e; color: #ffffff;\"><span style=\"color: #c66a1e;\">_<\/span>SEGUNDA<span style=\"color: #c66a1e;\">_<\/span><\/span><\/p>\n<\/div>\n\n\n\n<div class=\"wp-block-column is-layout-flow wp-block-column-is-layout-flow\" style=\"flex-basis:66.66%\">\n<h3><span style=\"color: #333333;\"><a style=\"color: #333333;\" href=\"https:\/\/www.ufmg.br\/espacodoconhecimento\/mostrauniversidadecidade\/prog\/projecoes-universidade-cidade-24\/\"><span class=\"has-inline-color\" data-rich-text-format-boundary=\"true\">Proje\u00e7\u00f5es na Fachada Digital do Espa\u00e7o do Conhecimento UFMG<\/span><\/a><\/span><\/h3>\n<h6><span style=\"font-size: small; color: #333333;\">19h30 e 20h30<\/span><\/h6>\n<p><span style=\"color: #c66a1e;\"><a style=\"color: #c66a1e;\" href=\"https:\/\/www.ufmg.br\/espacodoconhecimento\/mostrauniversidadecidade\/locais\/fachada-digital-do-espaco-do-conhecimento-ufmg\/\">Fachada Digital do Espa\u00e7o do Conhecimento UFMG<\/a><\/span><\/p>\n<\/div>\n<\/div>\n\n\n\n<hr class=\"wp-block-separator\"\/>\n\n\n\n<div class=\"wp-block-columns is-layout-flex wp-container-core-columns-is-layout-8f761849 wp-block-columns-is-layout-flex\">\n<div class=\"wp-block-column is-layout-flow wp-block-column-is-layout-flow\" style=\"flex-basis:15%\">\n<div style=\"height:20px\" aria-hidden=\"true\" class=\"wp-block-spacer\"><\/div>\n\n\n\n<h4 style=\"text-align: right;\"><span style=\"background-color: #c66a1e; color: #ffffff;\"><span style=\"color: #c66a1e;\">_<\/span>19\/01\/2021<span style=\"color: #c66a1e;\">_<\/span><\/span><\/h4>\n\n\n\n<p style=\"text-align: right;\"><span style=\"background-color: #c66a1e; color: #ffffff;\"><span style=\"color: #c66a1e;\">_<\/span>TER\u00c7A<span style=\"color: #c66a1e;\">_<\/span><\/span><\/p>\n<\/div>\n\n\n\n<div class=\"wp-block-column is-layout-flow wp-block-column-is-layout-flow\" style=\"flex-basis:66.66%\">\n<h3><span style=\"color: #333333;\"><a style=\"color: #333333;\" href=\"https:\/\/www.ufmg.br\/espacodoconhecimento\/mostrauniversidadecidade\/prog\/mostrinha-3\/\"><span class=\"has-inline-color\" data-rich-text-format-boundary=\"true\">Mostrinha | Do meu jardim para o mundo<\/span><\/a><\/span><\/h3>\n<h6><span style=\"font-size: small; color: #333333;\">17h<\/span><\/h6>\n<p><span style=\"color: #c66a1e;\"><a style=\"color: #c66a1e;\" href=\"https:\/\/www.ufmg.br\/espacodoconhecimento\/mostrauniversidadecidade\/mostrinha\/#3\">Oficina realizada pelo Zoom com participantes inscritos<\/a><\/span><\/p>\n\n\n\n<hr class=\"wp-block-separator\"\/>\n\n\n\n<h3><span style=\"color: #333333;\"><a style=\"color: #333333;\" href=\"https:\/\/www.ufmg.br\/espacodoconhecimento\/mostrauniversidadecidade\/prog\/projecoes-universidade-cidade-25\/\"><span class=\"has-inline-color\" data-rich-text-format-boundary=\"true\">Proje\u00e7\u00f5es na Fachada Digital do Espa\u00e7o do Conhecimento UFMG<\/span><\/a><\/span><\/h3>\n<h6><span style=\"font-size: small; color: #333333;\">19h30 e 20h30<\/span><\/h6>\n<p><span style=\"color: #c66a1e;\"><a style=\"color: #c66a1e;\" href=\"https:\/\/www.ufmg.br\/espacodoconhecimento\/mostrauniversidadecidade\/locais\/fachada-digital-do-espaco-do-conhecimento-ufmg\/\">Fachada Digital do Espa\u00e7o do Conhecimento UFMG<\/a><\/span><\/p>\n<\/div>\n<\/div>\n\n\n\n<hr class=\"wp-block-separator\"\/>\n\n\n\n<div class=\"wp-block-columns is-layout-flex wp-container-core-columns-is-layout-8f761849 wp-block-columns-is-layout-flex\">\n<div class=\"wp-block-column is-layout-flow wp-block-column-is-layout-flow\" style=\"flex-basis:15%\">\n<div style=\"height:20px\" aria-hidden=\"true\" class=\"wp-block-spacer\"><\/div>\n\n\n\n<h4 style=\"text-align: right;\"><span style=\"background-color: #c66a1e; color: #ffffff;\"><span style=\"color: #c66a1e;\">_<\/span>20\/01\/2021<span style=\"color: #c66a1e;\">_<\/span><\/span><\/h4>\n\n\n\n<p style=\"text-align: right;\"><span style=\"background-color: #c66a1e; color: #ffffff;\"><span style=\"color: #c66a1e;\">_<\/span>QUARTA<span style=\"color: #c66a1e;\">_<\/span><\/span><\/p>\n<\/div>\n\n\n\n<div class=\"wp-block-column is-layout-flow wp-block-column-is-layout-flow\" style=\"flex-basis:66.66%\">\n<h3><span style=\"color: #333333;\"><a style=\"color: #333333;\" href=\"https:\/\/www.youtube.com\/watch?v=pypt9YaPShY\">Live Contar Hist\u00f3rias |&nbsp;Leituras de Concei\u00e7\u00e3o Evaristo<\/a><\/span><\/h3>\n<h6><span style=\"font-size: small; color: #333333;\">17h<\/span><\/h6>\n<p><span style=\"color: #c66a1e;\"><a style=\"color: #c66a1e;\" href=\"https:\/\/www.youtube.com\/user\/espacoufmg\">YouTube do Espa\u00e7o do Conhecimento UFMG<\/a><\/span><\/p>\n\n\n\n<hr class=\"wp-block-separator\"\/>\n\n\n\n<h3><span style=\"color: #333333;\"><a style=\"color: #333333;\" href=\"https:\/\/www.ufmg.br\/espacodoconhecimento\/mostrauniversidadecidade\/prog\/projecoes-universidade-cidade-26\/\"><span class=\"has-inline-color\" data-rich-text-format-boundary=\"true\">Proje\u00e7\u00f5es na Fachada Digital do Espa\u00e7o do Conhecimento UFMG<\/span><\/a><\/span><\/h3>\n<h6><span style=\"font-size: small; color: #333333;\">19h30 e 20h30<\/span><\/h6>\n<p><span style=\"color: #c66a1e;\"><a style=\"color: #c66a1e;\" href=\"https:\/\/www.ufmg.br\/espacodoconhecimento\/mostrauniversidadecidade\/locais\/fachada-digital-do-espaco-do-conhecimento-ufmg\/\">Fachada Digital do Espa\u00e7o do Conhecimento UFMG<\/a><\/span><\/p>\n<\/div>\n<\/div>\n\n\n\n<hr class=\"wp-block-separator\"\/>\n\n\n\n<div class=\"wp-block-columns is-layout-flex wp-container-core-columns-is-layout-8f761849 wp-block-columns-is-layout-flex\">\n<div class=\"wp-block-column is-layout-flow wp-block-column-is-layout-flow\" style=\"flex-basis:15%\">\n<div style=\"height:20px\" aria-hidden=\"true\" class=\"wp-block-spacer\"><\/div>\n\n\n\n<h4 style=\"text-align: right;\"><span style=\"background-color: #c66a1e; color: #ffffff;\"><span style=\"color: #c66a1e;\">_<\/span>21\/01\/2021<span style=\"color: #c66a1e;\">_<\/span><\/span><\/h4>\n\n\n\n<p style=\"text-align: right;\"><span style=\"background-color: #c66a1e; color: #ffffff;\"><span style=\"color: #c66a1e;\">_<\/span>QUINTA<span style=\"color: #c66a1e;\">_<\/span><\/span><\/p>\n<\/div>\n\n\n\n<div class=\"wp-block-column is-layout-flow wp-block-column-is-layout-flow\" style=\"flex-basis:66.66%\">\n<h3><span style=\"color: #333333;\"><a style=\"color: #333333;\" href=\"https:\/\/www.youtube.com\/watch?v=B86hjo8UxwU\"><span class=\"has-inline-color\" data-rich-text-format-boundary=\"true\">Descobrindo o c\u00e9u | Astronomia e Belo Horizonte: elementos pela rua da cidade<\/span><\/a><\/span><\/h3>\n<h6><span style=\"font-size: small; color: #333333;\">17h<\/span><\/h6>\n<p><span style=\"color: #c66a1e;\"><a style=\"color: #c66a1e;\" href=\"https:\/\/www.youtube.com\/user\/espacoufmg\">YouTube do Espa\u00e7o do Conhecimento UFMG<\/a><\/span><\/p>\n\n\n\n<hr class=\"wp-block-separator\"\/>\n\n\n\n<h3><span style=\"color: #333333;\"><a style=\"color: #333333;\" href=\"https:\/\/www.ufmg.br\/espacodoconhecimento\/mostrauniversidadecidade\/prog\/projecoes-universidade-cidade-27\/\"><span class=\"has-inline-color\" data-rich-text-format-boundary=\"true\">Proje\u00e7\u00f5es na Fachada Digital do Espa\u00e7o do Conhecimento UFMG<\/span><\/a><\/span><\/h3>\n<h6><span style=\"font-size: small; color: #333333;\">19h30 e 20h30<\/span><\/h6>\n<p><span style=\"color: #c66a1e;\"><a style=\"color: #c66a1e;\" href=\"https:\/\/www.ufmg.br\/espacodoconhecimento\/mostrauniversidadecidade\/locais\/fachada-digital-do-espaco-do-conhecimento-ufmg\/\">Fachada Digital do Espa\u00e7o do Conhecimento UFMG<\/a><\/span><\/p>\n<\/div>\n<\/div>\n\n\n\n<hr class=\"wp-block-separator\"\/>\n\n\n\n<div class=\"wp-block-columns is-layout-flex wp-container-core-columns-is-layout-8f761849 wp-block-columns-is-layout-flex\">\n<div class=\"wp-block-column is-layout-flow wp-block-column-is-layout-flow\" style=\"flex-basis:15%\">\n<div style=\"height:20px\" aria-hidden=\"true\" class=\"wp-block-spacer\"><\/div>\n\n\n\n<h4 style=\"text-align: right;\"><span style=\"background-color: #c66a1e; color: #ffffff;\"><span style=\"color: #c66a1e;\">_<\/span>22\/01\/2021<span style=\"color: #c66a1e;\">_<\/span><\/span><\/h4>\n\n\n\n<p style=\"text-align: right;\"><span style=\"background-color: #c66a1e; color: #ffffff;\"><span style=\"color: #c66a1e;\">_<\/span>SEXTA<span style=\"color: #c66a1e;\">_<\/span><\/span><\/p>\n<\/div>\n\n\n\n<div class=\"wp-block-column is-layout-flow wp-block-column-is-layout-flow\" style=\"flex-basis:66.66%\">\n<h3><span class=\"has-inline-color\" data-rich-text-format-boundary=\"true\"><span style=\"color: #333333;\"><a style=\"color: #333333;\" href=\"https:\/\/www.youtube.com\/watch?v=6UFvyBAvEE8\">Live Centros Culturais Municipais | Inf\u00e2ncia, afeto e urbanidade<\/a><\/span><br><\/span><\/h3>\n<h6><span style=\"font-size: small; color: #333333;\">19h30<\/span><\/h6>\n<p><span style=\"color: #c66a1e;\"><a style=\"color: #c66a1e;\" href=\"https:\/\/www.youtube.com\/user\/espacoufmg\">YouTube do Espa\u00e7o do Conhecimento UFMG<\/a><\/span><\/p>\n\n\n\n<hr class=\"wp-block-separator\"\/>\n\n\n\n<h3><span style=\"color: #333333;\"><a style=\"color: #333333;\" href=\"https:\/\/www.ufmg.br\/espacodoconhecimento\/mostrauniversidadecidade\/prog\/projecoes-universidade-cidade-28\/\"><span class=\"has-inline-color\" data-rich-text-format-boundary=\"true\">Proje\u00e7\u00f5es na Fachada Digital do Espa\u00e7o do Conhecimento UFMG<\/span><\/a><\/span><\/h3>\n<h6><span style=\"font-size: small; color: #333333;\">19h30 e 20h30<\/span><\/h6>\n<p><span style=\"color: #c66a1e;\"><a style=\"color: #c66a1e;\" href=\"https:\/\/www.ufmg.br\/espacodoconhecimento\/mostrauniversidadecidade\/locais\/fachada-digital-do-espaco-do-conhecimento-ufmg\/\">Fachada Digital do Espa\u00e7o do Conhecimento UFMG<\/a><\/span><\/p>\n<\/div>\n<\/div>\n\n\n\n<hr class=\"wp-block-separator\"\/>\n\n\n\n<div class=\"wp-block-columns is-layout-flex wp-container-core-columns-is-layout-8f761849 wp-block-columns-is-layout-flex\">\n<div class=\"wp-block-column is-layout-flow wp-block-column-is-layout-flow\" style=\"flex-basis:15%\">\n<div style=\"height:20px\" aria-hidden=\"true\" class=\"wp-block-spacer\"><\/div>\n\n\n\n<h4 style=\"text-align: right;\"><span style=\"background-color: #c66a1e; color: #ffffff;\"><span style=\"color: #c66a1e;\">_<\/span>23\/01\/2021<span style=\"color: #c66a1e;\">_<\/span><\/span><\/h4>\n\n\n\n<p style=\"text-align: right;\"><span style=\"background-color: #c66a1e; color: #ffffff;\"><span style=\"color: #c66a1e;\">_<\/span>S\u00c1BADO<span style=\"color: #c66a1e;\">_<\/span><\/span><\/p>\n<\/div>\n\n\n\n<div class=\"wp-block-column is-layout-flow wp-block-column-is-layout-flow\" style=\"flex-basis:66.66%\">\n<h3><span style=\"color: #333333;\"><a style=\"color: #333333;\" href=\"https:\/\/www.ufmg.br\/espacodoconhecimento\/mostrauniversidadecidade\/prog\/radio-janela-5\/\"><span class=\"has-inline-color\" data-rich-text-format-boundary=\"true\">R\u00e1dio Janela<\/span><\/a><\/span><\/h3>\n<h6><span style=\"font-size: small; color: #333333;\">10h<\/span><\/h6>\n<p><a href=\"https:\/\/www.ufmg.br\/espacodoconhecimento\/mostrauniversidadecidade\/prog\/radio-janela-5\/\"><span style=\"color: #c66a1e;\"><u>Regional Leste<\/u><\/span><\/a><\/p>\n\n\n\n<hr class=\"wp-block-separator\"\/>\n\n\n\n<h3><span style=\"color: #333333;\"><a style=\"color: #333333;\" href=\"https:\/\/www.ufmg.br\/espacodoconhecimento\/mostrauniversidadecidade\/prog\/projecoes-universidade-cidade-29\/\"><span class=\"has-inline-color\" data-rich-text-format-boundary=\"true\">Proje\u00e7\u00f5es na Fachada Digital do Espa\u00e7o do Conhecimento UFMG<\/span><\/a><\/span><\/h3>\n<h6><span style=\"font-size: small; color: #333333;\">19h30 e 20h30<\/span><\/h6>\n<p><span style=\"color: #c66a1e;\"><a style=\"color: #c66a1e;\" href=\"https:\/\/www.ufmg.br\/espacodoconhecimento\/mostrauniversidadecidade\/locais\/fachada-digital-do-espaco-do-conhecimento-ufmg\/\">Fachada Digital do Espa\u00e7o do Conhecimento UFMG<\/a><\/span><\/p>\n<\/div>\n<\/div>\n\n\n\n<hr class=\"wp-block-separator\"\/>\n\n\n\n<div class=\"wp-block-columns is-layout-flex wp-container-core-columns-is-layout-8f761849 wp-block-columns-is-layout-flex\">\n<div class=\"wp-block-column is-layout-flow wp-block-column-is-layout-flow\" style=\"flex-basis:15%\">\n<div style=\"height:20px\" aria-hidden=\"true\" class=\"wp-block-spacer\"><\/div>\n\n\n\n<h4 style=\"text-align: right;\"><span style=\"background-color: #c66a1e; color: #ffffff;\"><span style=\"color: #c66a1e;\">_<\/span>24\/01\/2021<span style=\"color: #c66a1e;\">_<\/span><\/span><\/h4>\n\n\n\n<p style=\"text-align: right;\"><span style=\"background-color: #c66a1e; color: #ffffff;\"><span style=\"color: #c66a1e;\">_<\/span>DOMINGO<span style=\"color: #c66a1e;\">_<\/span><\/span><\/p>\n<\/div>\n\n\n\n<div class=\"wp-block-column is-layout-flow wp-block-column-is-layout-flow\" style=\"flex-basis:66.66%\">\n<h3><span style=\"color: #333333;\"><a style=\"color: #333333;\" href=\"https:\/\/www.ufmg.br\/espacodoconhecimento\/mostrauniversidadecidade\/prog\/radio-janela-6\/\"><span class=\"has-inline-color\" data-rich-text-format-boundary=\"true\">R\u00e1dio Janela<\/span><\/a><\/span><\/h3>\n<h6><span style=\"font-size: small; color: #333333;\">10h<\/span><\/h6>\n<p><a href=\"https:\/\/www.ufmg.br\/espacodoconhecimento\/mostrauniversidadecidade\/prog\/radio-janela-6\/\"><span style=\"color: #c66a1e;\"><u>Regional Noroeste<\/u><\/span><\/a><\/p>\n\n\n\n<hr class=\"wp-block-separator\"\/>\n\n\n\n<h3><span style=\"color: #333333;\"><a style=\"color: #333333;\" href=\"https:\/\/www.ufmg.br\/espacodoconhecimento\/mostrauniversidadecidade\/prog\/projecoes-universidade-cidade-30\/\"><span class=\"has-inline-color\" data-rich-text-format-boundary=\"true\">Proje\u00e7\u00f5es na Fachada Digital do Espa\u00e7o do Conhecimento UFMG<\/span><\/a><\/span><\/h3>\n<h6><span style=\"font-size: small; color: #333333;\">19h30 e 20h30<\/span><\/h6>\n<p><span style=\"color: #c66a1e;\"><a style=\"color: #c66a1e;\" href=\"https:\/\/www.ufmg.br\/espacodoconhecimento\/mostrauniversidadecidade\/locais\/fachada-digital-do-espaco-do-conhecimento-ufmg\/\">Fachada Digital do Espa\u00e7o do Conhecimento UFMG<\/a><\/span><\/p>\n<\/div>\n<\/div>\n\n\n\n<hr class=\"wp-block-separator\"\/>\n\n\n\n<div class=\"wp-block-columns is-layout-flex wp-container-core-columns-is-layout-8f761849 wp-block-columns-is-layout-flex\">\n<div class=\"wp-block-column is-layout-flow wp-block-column-is-layout-flow\" style=\"flex-basis:15%\">\n<div style=\"height:20px\" aria-hidden=\"true\" class=\"wp-block-spacer\"><\/div>\n\n\n\n<h4 style=\"text-align: right;\"><span style=\"background-color: #c66a1e; color: #ffffff;\"><span style=\"color: #c66a1e;\">_<\/span>25\/01\/2021<span style=\"color: #c66a1e;\">_<\/span><\/span><\/h4>\n\n\n\n<p style=\"text-align: right;\"><span style=\"background-color: #c66a1e; color: #ffffff;\"><span style=\"color: #c66a1e;\">_<\/span>SEGUNDA<span style=\"color: #c66a1e;\">_<\/span><\/span><\/p>\n<\/div>\n\n\n\n<div class=\"wp-block-column is-layout-flow wp-block-column-is-layout-flow\" style=\"flex-basis:66.66%\">\n<h3><span style=\"color: #333333;\"><a style=\"color: #333333;\" href=\"https:\/\/www.ufmg.br\/espacodoconhecimento\/mostrauniversidadecidade\/prog\/projecoes-universidade-cidade-31\/\"><span class=\"has-inline-color\" data-rich-text-format-boundary=\"true\">Proje\u00e7\u00f5es na Fachada Digital do Espa\u00e7o do Conhecimento UFMG<\/span><\/a><\/span><\/h3>\n<h6><span style=\"font-size: small; color: #333333;\">19h30 e 20h30<\/span><\/h6>\n<p><span style=\"color: #c66a1e;\"><a style=\"color: #c66a1e;\" href=\"https:\/\/www.ufmg.br\/espacodoconhecimento\/mostrauniversidadecidade\/locais\/fachada-digital-do-espaco-do-conhecimento-ufmg\/\">Fachada Digital do Espa\u00e7o do Conhecimento UFMG<\/a><\/span><\/p>\n<\/div>\n<\/div>\n\n\n\n<hr class=\"wp-block-separator\"\/>\n\n\n\n<div class=\"wp-block-columns is-layout-flex wp-container-core-columns-is-layout-8f761849 wp-block-columns-is-layout-flex\">\n<div class=\"wp-block-column is-layout-flow wp-block-column-is-layout-flow\" style=\"flex-basis:15%\">\n<div style=\"height:20px\" aria-hidden=\"true\" class=\"wp-block-spacer\"><\/div>\n\n\n\n<h4 style=\"text-align: right;\"><span style=\"background-color: #c66a1e; color: #ffffff;\"><span style=\"color: #c66a1e;\">_<\/span>26\/01\/2021<span style=\"color: #c66a1e;\">_<\/span><\/span><\/h4>\n\n\n\n<p style=\"text-align: right;\"><span style=\"background-color: #c66a1e; color: #ffffff;\"><span style=\"color: #c66a1e;\">_<\/span>TER\u00c7A<span style=\"color: #c66a1e;\">_<\/span><\/span><\/p>\n<\/div>\n\n\n\n<div class=\"wp-block-column is-layout-flow wp-block-column-is-layout-flow\" style=\"flex-basis:66.66%\">\n<h3><span style=\"color: #333333;\"><a style=\"color: #333333;\" href=\"https:\/\/www.ufmg.br\/espacodoconhecimento\/mostrauniversidadecidade\/prog\/mostrinha-4\/\"><span class=\"has-inline-color\" data-rich-text-format-boundary=\"true\"><span style=\"color: #333333;\">Mostrinha | Giz e Tra\u00e7o<\/span><\/span><\/a><\/span><\/h3>\n<h6><span style=\"font-size: small; color: #333333;\">17h<\/span><\/h6>\n<p><span style=\"color: #c66a1e;\"><a style=\"color: #c66a1e;\" href=\"https:\/\/www.ufmg.br\/espacodoconhecimento\/mostrauniversidadecidade\/mostrinha\/#4\">Oficina realizada pelo Zoom com participantes inscritos<\/a><\/span><\/p>\n\n\n\n<hr class=\"wp-block-separator\"\/>\n\n\n\n<h3><span style=\"color: #333333;\"><a style=\"color: #333333;\" href=\"https:\/\/www.ufmg.br\/espacodoconhecimento\/mostrauniversidadecidade\/prog\/projecoes-universidade-cidade-32\/\"><span class=\"has-inline-color\" data-rich-text-format-boundary=\"true\">Proje\u00e7\u00f5es na Fachada Digital do Espa\u00e7o do Conhecimento UFMG<\/span><\/a><\/span><\/h3>\n<h6><span style=\"font-size: small; color: #333333;\">19h30 e 20h30<\/span><\/h6>\n<p><span style=\"color: #c66a1e;\"><a style=\"color: #c66a1e;\" href=\"https:\/\/www.ufmg.br\/espacodoconhecimento\/mostrauniversidadecidade\/locais\/fachada-digital-do-espaco-do-conhecimento-ufmg\/\">Fachada Digital do Espa\u00e7o do Conhecimento UFMG<\/a><\/span><\/p>\n<\/div>\n<\/div>\n\n\n\n<hr class=\"wp-block-separator\"\/>\n\n\n\n<div class=\"wp-block-columns is-layout-flex wp-container-core-columns-is-layout-8f761849 wp-block-columns-is-layout-flex\">\n<div class=\"wp-block-column is-layout-flow wp-block-column-is-layout-flow\" style=\"flex-basis:15%\">\n<div style=\"height:20px\" aria-hidden=\"true\" class=\"wp-block-spacer\"><\/div>\n\n\n\n<h4 style=\"text-align: right;\"><span style=\"background-color: #c66a1e; color: #ffffff;\"><span style=\"color: #c66a1e;\">_<\/span>27\/01\/2021<span style=\"color: #c66a1e;\">_<\/span><\/span><\/h4>\n\n\n\n<p style=\"text-align: right;\"><span style=\"background-color: #c66a1e; color: #ffffff;\"><span style=\"color: #c66a1e;\">_<\/span>QUARTA<span style=\"color: #c66a1e;\">_<\/span><\/span><\/p>\n<\/div>\n\n\n\n<div class=\"wp-block-column is-layout-flow wp-block-column-is-layout-flow\" style=\"flex-basis:66.66%\">\n<h3><span style=\"color: #333333;\"><a style=\"color: #333333;\" href=\"https:\/\/www.youtube.com\/watch?v=yv54S6O54l8\">Live Contar Hist\u00f3rias | Do chap\u00e9u \u00e0 fita<\/a><br><\/span><\/h3>\n<h6><span style=\"font-size: small; color: #333333;\">17h<\/span><\/h6>\n<p><span style=\"color: #c66a1e;\"><a style=\"color: #c66a1e;\" href=\"https:\/\/www.youtube.com\/user\/espacoufmg\">YouTube do Espa\u00e7o do Conhecimento UFMG<\/a><\/span><\/p>\n\n\n\n<hr class=\"wp-block-separator\"\/>\n\n\n\n<h3><span style=\"color: #333333;\"><a style=\"color: #333333;\" href=\"https:\/\/www.ufmg.br\/espacodoconhecimento\/mostrauniversidadecidade\/prog\/projecoes-universidade-cidade-34\/\"><span class=\"has-inline-color\" data-rich-text-format-boundary=\"true\">Proje\u00e7\u00f5es na Fachada Digital do Espa\u00e7o do Conhecimento UFMG<\/span><\/a><\/span><\/h3>\n<h6><span style=\"font-size: small; color: #333333;\">19h30 e 20h30<\/span><\/h6>\n<p><span style=\"color: #c66a1e;\"><a style=\"color: #c66a1e;\" href=\"https:\/\/www.ufmg.br\/espacodoconhecimento\/mostrauniversidadecidade\/locais\/fachada-digital-do-espaco-do-conhecimento-ufmg\/\">Fachada Digital do Espa\u00e7o do Conhecimento UFMG<\/a><\/span><\/p>\n<\/div>\n<\/div>\n\n\n\n<hr class=\"wp-block-separator\"\/>\n\n\n\n<div class=\"wp-block-columns is-layout-flex wp-container-core-columns-is-layout-8f761849 wp-block-columns-is-layout-flex\">\n<div class=\"wp-block-column is-layout-flow wp-block-column-is-layout-flow\" style=\"flex-basis:15%\">\n<div style=\"height:20px\" aria-hidden=\"true\" class=\"wp-block-spacer\"><\/div>\n\n\n\n<h4 style=\"text-align: right;\"><span style=\"background-color: #c66a1e; color: #ffffff;\"><span style=\"color: #c66a1e;\">_<\/span><strong><span class=\"has-inline-color\" data-rich-text-format-boundary=\"true\">28\/01\/2021<\/span><\/strong><span style=\"color: #c66a1e;\">_<\/span><\/span><\/h4>\n\n\n\n<p style=\"text-align: right;\"><span style=\"background-color: #c66a1e; color: #ffffff;\"><span style=\"color: #c66a1e;\">_<\/span>QUINTA<span style=\"color: #c66a1e;\">_<\/span><\/span><\/p>\n<\/div>\n\n\n\n<div class=\"wp-block-column is-layout-flow wp-block-column-is-layout-flow\" style=\"flex-basis:66.66%\">\n<h3><span style=\"color: #333333;\"><a style=\"color: #333333;\" href=\"https:\/\/www.youtube.com\/watch?v=GM1TuCHtmpY\"><span class=\"has-inline-color\" data-rich-text-format-boundary=\"true\">Descobrindo o c\u00e9u | Grupos de Astronomia em Belo Horizonte<\/span><\/a><\/span><\/h3>\n<h6><span style=\"font-size: small; color: #333333;\">17h<\/span><\/h6>\n<p><span style=\"color: #c66a1e;\"><a style=\"color: #c66a1e;\" href=\"https:\/\/www.youtube.com\/user\/espacoufmg\">YouTube do Espa\u00e7o do Conhecimento UFMG<\/a><\/span><\/p>\n\n\n\n<hr class=\"wp-block-separator\"\/>\n\n\n\n<h3><span style=\"color: #333333;\"><a style=\"color: #333333;\" href=\"https:\/\/www.ufmg.br\/espacodoconhecimento\/mostrauniversidadecidade\/prog\/projecoes-universidade-cidade-35\/\"><span class=\"has-inline-color\" data-rich-text-format-boundary=\"true\">Proje\u00e7\u00f5es na Fachada Digital do Espa\u00e7o do Conhecimento UFMG<\/span><\/a><\/span><\/h3>\n<h6><span style=\"font-size: small; color: #333333;\">19h30 e 20h30<\/span><\/h6>\n<p><span style=\"color: #c66a1e;\"><a style=\"color: #c66a1e;\" href=\"https:\/\/www.ufmg.br\/espacodoconhecimento\/mostrauniversidadecidade\/locais\/fachada-digital-do-espaco-do-conhecimento-ufmg\/\">Fachada Digital do Espa\u00e7o do Conhecimento UFMG<\/a><\/span><\/p>\n<\/div>\n<\/div>\n\n\n\n<hr class=\"wp-block-separator\"\/>\n\n\n\n<div class=\"wp-block-columns is-layout-flex wp-container-core-columns-is-layout-8f761849 wp-block-columns-is-layout-flex\">\n<div class=\"wp-block-column is-layout-flow wp-block-column-is-layout-flow\" style=\"flex-basis:15%\">\n<div style=\"height:20px\" aria-hidden=\"true\" class=\"wp-block-spacer\"><\/div>\n\n\n\n<h4 style=\"text-align: right;\"><span style=\"background-color: #c66a1e; color: #ffffff;\"><span style=\"color: #c66a1e;\">_<\/span>29\/01\/2021<span style=\"color: #c66a1e;\">_<\/span><\/span><\/h4>\n\n\n\n<p style=\"text-align: right;\"><span style=\"background-color: #c66a1e; color: #ffffff;\"><span style=\"color: #c66a1e;\">_<\/span>SEXTA<span style=\"color: #c66a1e;\">_<\/span><\/span><\/p>\n<\/div>\n\n\n\n<div class=\"wp-block-column is-layout-flow wp-block-column-is-layout-flow\" style=\"flex-basis:66.66%\">\n<h3><span class=\"has-inline-color\" data-rich-text-format-boundary=\"true\"><span style=\"color: #333333;\"><a style=\"color: #333333;\" href=\"https:\/\/www.youtube.com\/watch?v=etvKSniANE0\">Live Centros Culturais Municipais | Dirias \u00e0 Live, com L\u00e9o Dirias<\/a><\/span><br><\/span><\/h3>\n<h6><span style=\"font-size: small; color: #333333;\">19h30<\/span><\/h6>\n<p><span style=\"color: #c66a1e;\"><a style=\"color: #c66a1e;\" href=\"https:\/\/www.youtube.com\/user\/espacoufmg\">YouTube do Espa\u00e7o do Conhecimento UFMG<\/a><\/span><\/p>\n\n\n\n<hr class=\"wp-block-separator\"\/>\n\n\n\n<h3><span style=\"color: #333333;\"><a style=\"color: #333333;\" href=\"https:\/\/www.ufmg.br\/espacodoconhecimento\/mostrauniversidadecidade\/prog\/projecoes-universidade-cidade-36\/\"><span class=\"has-inline-color\" data-rich-text-format-boundary=\"true\">Proje\u00e7\u00f5es na Fachada Digital do Espa\u00e7o do Conhecimento UFMG<\/span><\/a><\/span><\/h3>\n<h6><span style=\"font-size: small; color: #333333;\">19h30 e 20h30<\/span><\/h6>\n<p><span style=\"color: #c66a1e;\"><a style=\"color: #c66a1e;\" href=\"https:\/\/www.ufmg.br\/espacodoconhecimento\/mostrauniversidadecidade\/locais\/fachada-digital-do-espaco-do-conhecimento-ufmg\/\">Fachada Digital do Espa\u00e7o do Conhecimento UFMG<\/a><\/span><\/p>\n<\/div>\n<\/div>\n\n\n\n<hr class=\"wp-block-separator\"\/>\n\n\n\n<div class=\"wp-block-columns is-layout-flex wp-container-core-columns-is-layout-8f761849 wp-block-columns-is-layout-flex\">\n<div class=\"wp-block-column is-layout-flow wp-block-column-is-layout-flow\" style=\"flex-basis:15%\">\n<div style=\"height:20px\" aria-hidden=\"true\" class=\"wp-block-spacer\"><\/div>\n\n\n\n<h4 style=\"text-align: right;\"><span style=\"background-color: #c66a1e; color: #ffffff;\"><span style=\"color: #c66a1e;\">_<\/span>30\/01\/2021<span style=\"color: #c66a1e;\">_<\/span><\/span><\/h4>\n\n\n\n<p style=\"text-align: right;\"><span style=\"background-color: #c66a1e; color: #ffffff;\"><span style=\"color: #c66a1e;\">_<\/span>S\u00c1BADO<span style=\"color: #c66a1e;\">_<\/span><\/span><\/p>\n<\/div>\n\n\n\n<div class=\"wp-block-column is-layout-flow wp-block-column-is-layout-flow\" style=\"flex-basis:66.66%\">\n<h3><span style=\"color: #333333;\"><a style=\"color: #333333;\" href=\"https:\/\/www.ufmg.br\/espacodoconhecimento\/mostrauniversidadecidade\/prog\/radio-janela-7\/\"><span class=\"has-inline-color\" data-rich-text-format-boundary=\"true\">R\u00e1dio Janela<\/span><\/a><\/span><\/h3>\n<h6><span style=\"font-size: small;\">10h<\/span><\/h6>\n<p><strong><span style=\"color: #c66a1e;\"><u>Regional Oeste<br><\/u><\/span><\/strong><\/p>\n\n\n\n<hr class=\"wp-block-separator\"\/>\n\n\n\n<h3><span style=\"color: #333333;\"><a style=\"color: #333333;\" href=\"https:\/\/www.ufmg.br\/espacodoconhecimento\/mostrauniversidadecidade\/prog\/projecoes-universidade-cidade-37\/\"><span class=\"has-inline-color\" data-rich-text-format-boundary=\"true\">Proje\u00e7\u00f5es na Fachada Digital do Espa\u00e7o do Conhecimento UFMG<\/span><\/a><\/span><\/h3>\n<h6><span style=\"font-size: small; color: #333333;\">19h30 e 20h30<\/span><\/h6>\n<p><span style=\"color: #c66a1e;\"><a style=\"color: #c66a1e;\" href=\"https:\/\/www.ufmg.br\/espacodoconhecimento\/mostrauniversidadecidade\/locais\/fachada-digital-do-espaco-do-conhecimento-ufmg\/\">Fachada Digital do Espa\u00e7o do Conhecimento UFMG<\/a><\/span><\/p>\n<\/div>\n<\/div>\n\n\n\n<hr class=\"wp-block-separator\"\/>\n\n\n\n<div class=\"wp-block-columns is-layout-flex wp-container-core-columns-is-layout-8f761849 wp-block-columns-is-layout-flex\">\n<div class=\"wp-block-column is-layout-flow wp-block-column-is-layout-flow\" style=\"flex-basis:15%\">\n<div style=\"height:20px\" aria-hidden=\"true\" class=\"wp-block-spacer\"><\/div>\n\n\n\n<h4 style=\"text-align: right;\"><span style=\"background-color: #c66a1e; color: #ffffff;\"><span style=\"color: #c66a1e;\">_<\/span>31\/01\/2021<span style=\"color: #c66a1e;\">_<\/span><\/span><\/h4>\n\n\n\n<p style=\"text-align: right;\"><span style=\"background-color: #c66a1e; color: #ffffff;\"><span style=\"color: #c66a1e;\">_<\/span>DOMINGO<span style=\"color: #c66a1e;\">_<\/span><\/span><\/p>\n<\/div>\n\n\n\n<div class=\"wp-block-column is-layout-flow wp-block-column-is-layout-flow\" style=\"flex-basis:66.66%\">\n<h3><span style=\"color: #333333;\"><a style=\"color: #333333;\" href=\"https:\/\/www.ufmg.br\/espacodoconhecimento\/mostrauniversidadecidade\/prog\/radio-janela-8\/\"><span class=\"has-inline-color\" data-rich-text-format-boundary=\"true\">R\u00e1dio Janela<\/span><\/a><\/span><\/h3>\n<h6><span style=\"font-size: small;\">10h<\/span><\/h6>\n<p><a href=\"https:\/\/www.ufmg.br\/espacodoconhecimento\/mostrauniversidadecidade\/prog\/radio-janela-8\/\"><span style=\"color: #c66a1e;\"><u>Regional Norte<\/u><\/span><\/a><\/p>\n\n\n\n<hr class=\"wp-block-separator\"\/>\n\n\n\n<h3><span style=\"color: #333333;\"><a style=\"color: #333333;\" href=\"https:\/\/www.ufmg.br\/espacodoconhecimento\/mostrauniversidadecidade\/prog\/projecoes-universidade-cidade-39\/\"><span class=\"has-inline-color\" data-rich-text-format-boundary=\"true\">Proje\u00e7\u00f5es na Fachada Digital do Espa\u00e7o do Conhecimento UFMG<\/span><\/a><\/span><\/h3>\n<h6><span style=\"font-size: small; color: #333333;\">19h30 e 20h30<\/span><\/h6>\n<p><span style=\"color: #c66a1e;\"><a style=\"color: #c66a1e;\" href=\"https:\/\/www.ufmg.br\/espacodoconhecimento\/mostrauniversidadecidade\/locais\/fachada-digital-do-espaco-do-conhecimento-ufmg\/\">Fachada Digital do Espa\u00e7o do Conhecimento UFMG<\/a><\/span><\/p>\n<\/div>\n<\/div>\n\n\n\n<div class=\"wp-block-group\" id=\"fevereiro\"><div class=\"wp-block-group__inner-container is-layout-flow wp-block-group-is-layout-flow\">\n<hr class=\"wp-block-separator\"\/>\n<\/div><\/div>\n\n\n\n<div class=\"wp-block-columns is-layout-flex wp-container-core-columns-is-layout-8f761849 wp-block-columns-is-layout-flex\">\n<div class=\"wp-block-column is-layout-flow wp-block-column-is-layout-flow\" style=\"flex-basis:15%\">\n<div style=\"height:20px\" aria-hidden=\"true\" class=\"wp-block-spacer\"><\/div>\n\n\n\n<h4 style=\"text-align: right;\"><span style=\"background-color: #c66a1e; color: #ffffff;\"><span style=\"color: #c66a1e;\">_<\/span>01\/02\/2021<span style=\"color: #c66a1e;\">_<\/span><\/span><\/h4>\n\n\n\n<p style=\"text-align: right;\"><span style=\"background-color: #c66a1e; color: #ffffff;\"><span style=\"color: #c66a1e;\">_<\/span>SEGUNDA<span style=\"color: #c66a1e;\">_<\/span><\/span><\/p>\n<\/div>\n\n\n\n<div class=\"wp-block-column is-layout-flow wp-block-column-is-layout-flow\" style=\"flex-basis:66.66%\">\n<h3><span style=\"color: #333333;\"><a style=\"color: #333333;\" href=\"https:\/\/www.ufmg.br\/espacodoconhecimento\/mostrauniversidadecidade\/prog\/projecoes-universidade-cidade-40\/\"><span class=\"has-inline-color\" data-rich-text-format-boundary=\"true\">Proje\u00e7\u00f5es na Fachada Digital do Espa\u00e7o do Conhecimento UFMG<\/span><\/a><\/span><\/h3>\n<h6><span style=\"font-size: small; color: #333333;\">19h30 e 20h30<\/span><\/h6>\n<p><span style=\"color: #c66a1e;\"><a style=\"color: #c66a1e;\" href=\"https:\/\/www.ufmg.br\/espacodoconhecimento\/mostrauniversidadecidade\/locais\/fachada-digital-do-espaco-do-conhecimento-ufmg\/\">Fachada Digital do Espa\u00e7o do Conhecimento UFMG<\/a><\/span><\/p>\n<\/div>\n<\/div>\n\n\n\n<hr class=\"wp-block-separator\"\/>\n\n\n\n<div class=\"wp-block-columns is-layout-flex wp-container-core-columns-is-layout-8f761849 wp-block-columns-is-layout-flex\">\n<div class=\"wp-block-column is-layout-flow wp-block-column-is-layout-flow\" style=\"flex-basis:15%\">\n<div style=\"height:20px\" aria-hidden=\"true\" class=\"wp-block-spacer\"><\/div>\n\n\n\n<h4 style=\"text-align: right;\"><span style=\"background-color: #c66a1e; color: #ffffff;\"><span style=\"color: #c66a1e;\">_<\/span>02\/02\/2021<span style=\"color: #c66a1e;\">_<\/span><\/span><\/h4>\n\n\n\n<p style=\"text-align: right;\"><span style=\"background-color: #c66a1e; color: #ffffff;\"><span style=\"color: #c66a1e;\">_<\/span>TER\u00c7A<span style=\"color: #c66a1e;\">_<\/span><\/span><\/p>\n<\/div>\n\n\n\n<div class=\"wp-block-column is-layout-flow wp-block-column-is-layout-flow\" style=\"flex-basis:66.66%\">\n<h3><span style=\"color: #333333;\"><a style=\"color: #333333;\" href=\"https:\/\/www.ufmg.br\/espacodoconhecimento\/mostrauniversidadecidade\/prog\/projecoes-universidade-cidade-43\/\"><span class=\"has-inline-color\" data-rich-text-format-boundary=\"true\">Proje\u00e7\u00f5es na Fachada Digital do Espa\u00e7o do Conhecimento UFMG<\/span><\/a><\/span><\/h3>\n<h6><span style=\"font-size: small; color: #333333;\">19h30 e 20h30<\/span><\/h6>\n<p><span style=\"color: #c66a1e;\"><a style=\"color: #c66a1e;\" href=\"https:\/\/www.ufmg.br\/espacodoconhecimento\/mostrauniversidadecidade\/locais\/fachada-digital-do-espaco-do-conhecimento-ufmg\/\">Fachada Digital do Espa\u00e7o do Conhecimento UFMG<\/a><\/span><\/p>\n<\/div>\n<\/div>\n\n\n\n<hr class=\"wp-block-separator\"\/>\n\n\n\n<div class=\"wp-block-columns is-layout-flex wp-container-core-columns-is-layout-8f761849 wp-block-columns-is-layout-flex\">\n<div class=\"wp-block-column is-layout-flow wp-block-column-is-layout-flow\" style=\"flex-basis:15%\">\n<div style=\"height:20px\" aria-hidden=\"true\" class=\"wp-block-spacer\"><\/div>\n\n\n\n<h4 style=\"text-align: right;\"><span style=\"background-color: #c66a1e; color: #ffffff;\"><span style=\"color: #c66a1e;\">_<\/span>03\/02\/2021<span style=\"color: #c66a1e;\">_<\/span><\/span><\/h4>\n\n\n\n<p style=\"text-align: right;\"><span style=\"background-color: #c66a1e; color: #ffffff;\"><span style=\"color: #c66a1e;\">_<\/span>QUARTA<span style=\"color: #c66a1e;\">_<\/span><\/span><\/p>\n<\/div>\n\n\n\n<div class=\"wp-block-column is-layout-flow wp-block-column-is-layout-flow\" style=\"flex-basis:66.66%\">\n<h3><span style=\"color: #333333;\"><a style=\"color: #333333;\" href=\"https:\/\/www.ufmg.br\/espacodoconhecimento\/mostrauniversidadecidade\/prog\/projecoes-universidade-cidade-45\/\"><span class=\"has-inline-color\" data-rich-text-format-boundary=\"true\">Proje\u00e7\u00f5es na Fachada Digital do Espa\u00e7o do Conhecimento UFMG<\/span><\/a><\/span><\/h3>\n<h6><span style=\"font-size: small; color: #333333;\">19h30 e 20h30<\/span><\/h6>\n<p><span style=\"color: #c66a1e;\"><a style=\"color: #c66a1e;\" href=\"https:\/\/www.ufmg.br\/espacodoconhecimento\/mostrauniversidadecidade\/locais\/fachada-digital-do-espaco-do-conhecimento-ufmg\/\">Fachada Digital do Espa\u00e7o do Conhecimento UFMG<\/a><\/span><\/p>\n<\/div>\n<\/div>\n\n\n\n<hr class=\"wp-block-separator\"\/>\n\n\n\n<div class=\"wp-block-columns is-layout-flex wp-container-core-columns-is-layout-8f761849 wp-block-columns-is-layout-flex\">\n<div class=\"wp-block-column is-layout-flow wp-block-column-is-layout-flow\" style=\"flex-basis:15%\">\n<div style=\"height:20px\" aria-hidden=\"true\" class=\"wp-block-spacer\"><\/div>\n\n\n\n<h4 style=\"text-align: right;\"><span style=\"background-color: #c66a1e; color: #ffffff;\"><span style=\"color: #c66a1e;\">_<\/span>04\/02\/2021<span style=\"color: #c66a1e;\">_<\/span><\/span><\/h4>\n\n\n\n<p style=\"text-align: right;\"><span style=\"background-color: #c66a1e; color: #ffffff;\"><span style=\"color: #c66a1e;\">_<\/span>QUINTA<span style=\"color: #c66a1e;\">_<\/span><\/span><\/p>\n<\/div>\n\n\n\n<div class=\"wp-block-column is-layout-flow wp-block-column-is-layout-flow\" style=\"flex-basis:66.66%\">\n<h3><span style=\"color: #333333;\"><a style=\"color: #333333;\" href=\"https:\/\/www.ufmg.br\/espacodoconhecimento\/mostrauniversidadecidade\/prog\/projecoes-universidade-cidade-42\/\"><span class=\"has-inline-color\" data-rich-text-format-boundary=\"true\">Proje\u00e7\u00f5es na Fachada Digital do Espa\u00e7o do Conhecimento UFMG<\/span><\/a><\/span><\/h3>\n<h6><span style=\"font-size: small; color: #333333;\">19h30 e 20h30<\/span><\/h6>\n<p><span style=\"color: #c66a1e;\"><a style=\"color: #c66a1e;\" href=\"https:\/\/www.ufmg.br\/espacodoconhecimento\/mostrauniversidadecidade\/locais\/fachada-digital-do-espaco-do-conhecimento-ufmg\/\">Fachada Digital do Espa\u00e7o do Conhecimento UFMG<\/a><\/span><\/p>\n<\/div>\n<\/div>\n\n\n\n<hr class=\"wp-block-separator\"\/>\n\n\n\n<div class=\"wp-block-columns is-layout-flex wp-container-core-columns-is-layout-8f761849 wp-block-columns-is-layout-flex\">\n<div class=\"wp-block-column is-layout-flow wp-block-column-is-layout-flow\" style=\"flex-basis:15%\">\n<div style=\"height:20px\" aria-hidden=\"true\" class=\"wp-block-spacer\"><\/div>\n\n\n\n<h4 style=\"text-align: right;\"><span style=\"background-color: #c66a1e; color: #ffffff;\"><span style=\"color: #c66a1e;\">_<\/span>05\/02\/21<span style=\"color: #c66a1e;\">_<\/span><\/span><\/h4>\n\n\n\n<p style=\"text-align: right;\"><span style=\"background-color: #c66a1e; color: #ffffff;\"><span style=\"color: #c66a1e;\">_<\/span>SEXTA<span style=\"color: #c66a1e;\">_<\/span><\/span><\/p>\n<\/div>\n\n\n\n<div class=\"wp-block-column is-layout-flow wp-block-column-is-layout-flow\" style=\"flex-basis:66.66%\">\n<h3><span style=\"color: #333333;\"><a style=\"color: #333333;\" href=\"https:\/\/www.ufmg.br\/espacodoconhecimento\/mostrauniversidadecidade\/prog\/projecoes-universidade-cidade-44\/\"><span class=\"has-inline-color\" data-rich-text-format-boundary=\"true\">Proje\u00e7\u00f5es na Fachada Digital do Espa\u00e7o do Conhecimento UFMG<\/span><\/a><\/span><\/h3>\n<h6><span style=\"font-size: small; color: #333333;\">19h30 e 20h30<\/span><\/h6>\n<p><span style=\"color: #c66a1e;\"><a style=\"color: #c66a1e;\" href=\"https:\/\/www.ufmg.br\/espacodoconhecimento\/mostrauniversidadecidade\/locais\/fachada-digital-do-espaco-do-conhecimento-ufmg\/\">Fachada Digital do Espa\u00e7o do Conhecimento UFMG<\/a><\/span><\/p>\n\n\n\n<hr class=\"wp-block-separator\"\/>\n\n\n\n<h3><span style=\"color: #333333;\"><a style=\"color: #333333;\" href=\"https:\/\/www.ufmg.br\/espacodoconhecimento\/mostrauniversidadecidade\/prog\/periferico-rap-com-mcs-dos-centros-culturais-alto-vera-cruz-pampulha-urucuia-e-jardim-guanabara\/\">Perif\u00e9rico RAP | com MCs dos Centros Culturais Alto Vera Cruz, Pampulha, Urucuia e Jardim Guanabara<\/a><\/span><\/h3>\n<h6><span style=\"font-size: small; color: #333333;\">19h30<\/span><\/h6>\n<p><span style=\"color: #c66a1e;\"><a style=\"color: #c66a1e;\" href=\"https:\/\/www.youtube.com\/user\/espacoufmg\">YouTube do Espa\u00e7o do Conhecimento UFMG<\/a><\/span><\/p>\n<\/div>\n<\/div>\n\n\n\n<hr class=\"wp-block-separator\"\/>\n\n\n\n<div class=\"wp-block-columns is-layout-flex wp-container-core-columns-is-layout-8f761849 wp-block-columns-is-layout-flex\">\n<div class=\"wp-block-column is-layout-flow wp-block-column-is-layout-flow\" style=\"flex-basis:15%\">\n<div style=\"height:20px\" aria-hidden=\"true\" class=\"wp-block-spacer\"><\/div>\n\n\n\n<h4 style=\"text-align: right;\"><span style=\"background-color: #c66a1e; color: #ffffff;\"><span style=\"color: #c66a1e;\">_<\/span>06\/02\/21<span style=\"color: #c66a1e;\">_<\/span><\/span><\/h4>\n\n\n\n<p style=\"text-align: right;\"><span style=\"background-color: #c66a1e; color: #ffffff;\"><span style=\"color: #c66a1e;\">_<\/span>S\u00c1BADO<span style=\"color: #c66a1e;\">_<\/span><\/span><\/p>\n<\/div>\n\n\n\n<div class=\"wp-block-column is-layout-flow wp-block-column-is-layout-flow\" style=\"flex-basis:66.66%\">\n<h3><a href=\"https:\/\/www.ufmg.br\/espacodoconhecimento\/mostrauniversidadecidade\/prog\/projecoes-universidade-cidade-46\/\"><span style=\"color: #333333;\"><span class=\"has-inline-color\" data-rich-text-format-boundary=\"true\">Proje\u00e7\u00f5es na Fachada Digital do Espa\u00e7o do Conhecimento UFMG<\/span><\/span><\/a><\/h3>\n<h6><span style=\"font-size: small; color: #333333;\">19h30 e 20h30<\/span><\/h6>\n<p><span style=\"color: #c66a1e;\"><a style=\"color: #c66a1e;\" href=\"https:\/\/www.ufmg.br\/espacodoconhecimento\/mostrauniversidadecidade\/locais\/fachada-digital-do-espaco-do-conhecimento-ufmg\/\">Fachada Digital do Espa\u00e7o do Conhecimento UFMG<\/a><\/span><\/p>\n<\/div>\n<\/div>\n\n\n\n<hr class=\"wp-block-separator\"\/>\n\n\n\n<div class=\"wp-block-columns is-layout-flex wp-container-core-columns-is-layout-8f761849 wp-block-columns-is-layout-flex\">\n<div class=\"wp-block-column is-layout-flow wp-block-column-is-layout-flow\" style=\"flex-basis:15%\">\n<div style=\"height:20px\" aria-hidden=\"true\" class=\"wp-block-spacer\"><\/div>\n\n\n\n<h4 style=\"text-align: right;\"><span style=\"background-color: #c66a1e; color: #ffffff;\"><span style=\"color: #c66a1e;\">_<\/span>07\/02\/21<span style=\"color: #c66a1e;\">_<\/span><\/span><\/h4>\n\n\n\n<p style=\"text-align: right;\"><span style=\"background-color: #c66a1e; color: #ffffff;\"><span style=\"color: #c66a1e;\">_<\/span>DOMINGO<span style=\"color: #c66a1e;\">_<\/span><\/span><\/p>\n<\/div>\n\n\n\n<div class=\"wp-block-column is-layout-flow wp-block-column-is-layout-flow\" style=\"flex-basis:66.66%\">\n<h3><a href=\"https:\/\/www.ufmg.br\/espacodoconhecimento\/mostrauniversidadecidade\/prog\/projecoes-universidade-cidade-41\/\"><span style=\"color: #333333;\"><span class=\"has-inline-color\" data-rich-text-format-boundary=\"true\">Proje\u00e7\u00f5es na Fachada Digital do Espa\u00e7o do Conhecimento UFMG<\/span><\/span><\/a><\/h3>\n<h6><span style=\"font-size: small; color: #333333;\">19h30 e 20h30<\/span><\/h6>\n<p><span style=\"color: #c66a1e;\"><a style=\"color: #c66a1e;\" href=\"https:\/\/www.ufmg.br\/espacodoconhecimento\/mostrauniversidadecidade\/locais\/fachada-digital-do-espaco-do-conhecimento-ufmg\/\">Fachada Digital do Espa\u00e7o do Conhecimento UFMG<\/a><\/span><\/p>\n<\/div>\n<\/div>\n\n\n\n<div class=\"wp-block-group\" id=\"marco\"><div class=\"wp-block-group__inner-container is-layout-flow wp-block-group-is-layout-flow\">\n<hr class=\"wp-block-separator\"\/>\n<\/div><\/div>\n\n\n\n<div class=\"wp-block-columns is-layout-flex wp-container-core-columns-is-layout-8f761849 wp-block-columns-is-layout-flex\">\n<div class=\"wp-block-column is-layout-flow wp-block-column-is-layout-flow\" style=\"flex-basis:15%\">\n<div style=\"height:20px\" aria-hidden=\"true\" class=\"wp-block-spacer\"><\/div>\n\n\n\n<h4 style=\"text-align: right;\"><span style=\"background-color: #c66a1e; color: #ffffff;\"><span style=\"color: #c66a1e;\">_<\/span>04\/03\/21<span style=\"color: #c66a1e;\">_<\/span><\/span><\/h4>\n\n\n\n<p style=\"text-align: right;\"><span style=\"background-color: #c66a1e; color: #ffffff;\"><span style=\"color: #c66a1e;\">_<\/span>QUINTA<span style=\"color: #c66a1e;\">_<\/span><\/span><\/p>\n<\/div>\n\n\n\n<div class=\"wp-block-column is-layout-flow wp-block-column-is-layout-flow\" style=\"flex-basis:66.66%\">\n<h3><span style=\"color: #333333;\"><a style=\"color: #333333;\" href=\"https:\/\/www.ufmg.br\/espacodoconhecimento\/mostrauniversidadecidade\/projecoes-na-estacao-diamante\/\"><span class=\"has-inline-color\" data-rich-text-format-boundary=\"true\">Proje\u00e7\u00f5es na Esta\u00e7\u00e3o Diamante<\/span><\/a><\/span><\/h3>\n<h6><span style=\"font-size: small; color: #333333;\">19h30<br \/><\/span><\/h6>\n<p><span style=\"color: #c66a1e;\"><a style=\"color: #c66a1e;\" href=\"https:\/\/goo.gl\/maps\/Gs3nnw41CAQ4r3Ze6\">Esta\u00e7\u00e3o Diamante<\/a><\/span><\/p>\n\n\n\n<p class=\"wp-block-paragraph\"><\/p>\n<\/div>\n<\/div>\n\n\n\n<hr class=\"wp-block-separator\"\/>\n\n\n\n<div class=\"wp-block-columns is-layout-flex wp-container-core-columns-is-layout-8f761849 wp-block-columns-is-layout-flex\">\n<div class=\"wp-block-column is-layout-flow wp-block-column-is-layout-flow\" style=\"flex-basis:15%\">\n<div style=\"height:20px\" aria-hidden=\"true\" class=\"wp-block-spacer\"><\/div>\n\n\n\n<h4 style=\"text-align: right;\"><span style=\"background-color: #c66a1e; color: #ffffff;\"><span style=\"color: #c66a1e;\">_<\/span>05\/03\/21<span style=\"color: #c66a1e;\">_<\/span><\/span><\/h4>\n\n\n\n<p style=\"text-align: right;\"><span style=\"background-color: #c66a1e; color: #ffffff;\"><span style=\"color: #c66a1e;\">_<\/span>SEXTA<span style=\"color: #c66a1e;\">_<\/span><\/span><\/p>\n<\/div>\n\n\n\n<div class=\"wp-block-column is-layout-flow wp-block-column-is-layout-flow\" style=\"flex-basis:66.66%\">\n<h3><span style=\"color: #333333;\"><a style=\"color: #333333;\" href=\"https:\/\/www.ufmg.br\/espacodoconhecimento\/mostrauniversidadecidade\/projecoes-na-estacao-santa-ines\/\"><span class=\"has-inline-color\" data-rich-text-format-boundary=\"true\">Proje\u00e7\u00f5es na Esta\u00e7\u00e3o Santa In\u00eas<\/span><\/a><\/span><\/h3>\n<h6><span style=\"font-size: small; color: #333333;\">19h30<br \/><\/span><\/h6>\n<p><span style=\"color: #c66a1e;\"><a style=\"color: #c66a1e;\" href=\"https:\/\/goo.gl\/maps\/GfV26fTSPQBaCniR8\">Esta\u00e7\u00e3o Santa In\u00eas<\/a><\/span><\/p>\n\n\n\n<hr class=\"wp-block-separator\"\/>\n\n\n\n<h3><span style=\"color: #333333;\"><a style=\"color: #333333;\" href=\"https:\/\/www.ufmg.br\/espacodoconhecimento\/mostrauniversidadecidade\/projecoes-na-fachada-digital-do-espaco-do-conhecimento-fv1\/\"><span class=\"has-inline-color\" data-rich-text-format-boundary=\"true\">Proje\u00e7\u00f5es na Fachada Digital do Espa\u00e7o do Conhecimento UFMG<\/span><\/a><\/span><\/h3>\n<h6><span style=\"font-size: small; color: #333333;\">19h30 e 20h30<\/span><\/h6>\n<p><span style=\"color: #c66a1e;\"><a style=\"color: #c66a1e;\" href=\"https:\/\/www.ufmg.br\/espacodoconhecimento\/mostrauniversidadecidade\/locais\/fachada-digital-do-espaco-do-conhecimento-ufmg\/\">Fachada Digital do Espa\u00e7o do Conhecimento UFMG<\/a><\/span><\/p>\n\n\n\n<p class=\"wp-block-paragraph\"><\/p>\n<\/div>\n<\/div>\n\n\n\n<hr class=\"wp-block-separator\"\/>\n\n\n\n<div class=\"wp-block-columns is-layout-flex wp-container-core-columns-is-layout-8f761849 wp-block-columns-is-layout-flex\">\n<div class=\"wp-block-column is-layout-flow wp-block-column-is-layout-flow\" style=\"flex-basis:15%\">\n<div style=\"height:20px\" aria-hidden=\"true\" class=\"wp-block-spacer\"><\/div>\n\n\n\n<h4 style=\"text-align: right;\"><span style=\"background-color: #c66a1e; color: #ffffff;\"><span style=\"color: #c66a1e;\">_<\/span>06\/03\/21<span style=\"color: #c66a1e;\">_<\/span><\/span><\/h4>\n\n\n\n<p style=\"text-align: right;\"><span style=\"background-color: #c66a1e; color: #ffffff;\"><span style=\"color: #c66a1e;\">_<\/span>S\u00c1BADO<span style=\"color: #c66a1e;\">_<\/span><\/span><\/p>\n<\/div>\n\n\n\n<div class=\"wp-block-column is-layout-flow wp-block-column-is-layout-flow\" style=\"flex-basis:66.66%\">\n<h3><span style=\"color: #333333;\"><a style=\"color: #333333;\" href=\"https:\/\/www.ufmg.br\/espacodoconhecimento\/mostrauniversidadecidade\/projecoes-na-fachada-digital-do-espaco-do-conhecimento-fv2\/\"><span class=\"has-inline-color\" data-rich-text-format-boundary=\"true\">Proje\u00e7\u00f5es na Fachada Digital do Espa\u00e7o do Conhecimento UFMG<\/span><\/a><\/span><\/h3>\n<h6><span style=\"font-size: small; color: #333333;\">19h30 e 20h30<\/span><\/h6>\n<p><span style=\"color: #c66a1e;\"><a style=\"color: #c66a1e;\" href=\"https:\/\/www.ufmg.br\/espacodoconhecimento\/mostrauniversidadecidade\/locais\/fachada-digital-do-espaco-do-conhecimento-ufmg\/\">Fachada Digital do Espa\u00e7o do Conhecimento UFMG<\/a><\/span><\/p>\n\n\n\n<p class=\"wp-block-paragraph\"><\/p>\n<\/div>\n<\/div>\n\n\n\n<hr class=\"wp-block-separator\"\/>\n\n\n\n<div class=\"wp-block-columns is-layout-flex wp-container-core-columns-is-layout-8f761849 wp-block-columns-is-layout-flex\">\n<div class=\"wp-block-column is-layout-flow wp-block-column-is-layout-flow\" style=\"flex-basis:15%\">\n<div style=\"height:20px\" aria-hidden=\"true\" class=\"wp-block-spacer\"><\/div>\n\n\n\n<h4 style=\"text-align: right;\"><span style=\"background-color: #c66a1e; color: #ffffff;\"><span style=\"color: #c66a1e;\">_<\/span>07\/03\/21<span style=\"color: #c66a1e;\">_<\/span><\/span><\/h4>\n\n\n\n<p style=\"text-align: right;\"><span style=\"background-color: #c66a1e; color: #ffffff;\"><span style=\"color: #c66a1e;\">_<\/span>DOMINGO<span style=\"color: #c66a1e;\">_<\/span><\/span><\/p>\n<\/div>\n\n\n\n<div class=\"wp-block-column is-layout-flow wp-block-column-is-layout-flow\" style=\"flex-basis:66.66%\">\n<h3><span style=\"color: #333333;\"><a style=\"color: #333333;\" href=\"https:\/\/www.ufmg.br\/espacodoconhecimento\/mostrauniversidadecidade\/projecoes-na-fachada-digital-do-espaco-do-conhecimento-fv3\/\"><span class=\"has-inline-color\" data-rich-text-format-boundary=\"true\">Proje\u00e7\u00f5es na Fachada Digital do Espa\u00e7o do Conhecimento UFMG<\/span><\/a><\/span><\/h3>\n<h6><span style=\"font-size: small; color: #333333;\">19h30 e 20h30<\/span><\/h6>\n<p><span style=\"color: #c66a1e;\"><a style=\"color: #c66a1e;\" href=\"https:\/\/www.ufmg.br\/espacodoconhecimento\/mostrauniversidadecidade\/locais\/fachada-digital-do-espaco-do-conhecimento-ufmg\/\">Fachada Digital do Espa\u00e7o do Conhecimento UFMG<\/a><\/span><\/p>\n\n\n\n<p class=\"wp-block-paragraph\"><\/p>\n<\/div>\n<\/div>\n\n\n\n<hr class=\"wp-block-separator\"\/>\n\n\n\n<div class=\"wp-block-columns is-layout-flex wp-container-core-columns-is-layout-8f761849 wp-block-columns-is-layout-flex\">\n<div class=\"wp-block-column is-layout-flow wp-block-column-is-layout-flow\" style=\"flex-basis:15%\">\n<div style=\"height:20px\" aria-hidden=\"true\" class=\"wp-block-spacer\"><\/div>\n\n\n\n<h4 style=\"text-align: right;\"><span style=\"background-color: #c66a1e; color: #ffffff;\"><span style=\"color: #c66a1e;\">_<\/span>08\/03\/21<span style=\"color: #c66a1e;\">_<\/span><\/span><\/h4>\n\n\n\n<p style=\"text-align: right;\"><span style=\"background-color: #c66a1e; color: #ffffff;\"><span style=\"color: #c66a1e;\">_<\/span>SEGUNDA<span style=\"color: #c66a1e;\">_<\/span><\/span><\/p>\n<\/div>\n\n\n\n<div class=\"wp-block-column is-layout-flow wp-block-column-is-layout-flow\" style=\"flex-basis:66.66%\">\n<h3><span style=\"color: #333333;\"><a style=\"color: #333333;\" href=\"https:\/\/www.ufmg.br\/espacodoconhecimento\/mostrauniversidadecidade\/projecoes-na-estacao-pampulha\/\"><span class=\"has-inline-color\" data-rich-text-format-boundary=\"true\">Proje\u00e7\u00f5es na Esta\u00e7\u00e3o Pampulha<\/span><\/a><\/span><\/h3>\n<h6><span style=\"font-size: small; color: #333333;\">19h30<\/span><\/h6>\n<p><span style=\"color: #c66a1e;\"><a style=\"color: #c66a1e;\" href=\"https:\/\/goo.gl\/maps\/DtdSLC71R5JSJ7XZ7\">Esta\u00e7\u00e3o Pampulha<\/a><\/span><\/p>\n\n\n\n<p class=\"wp-block-paragraph\"><\/p>\n<\/div>\n<\/div>\n\n\n\n<hr class=\"wp-block-separator\"\/>\n\n\n\n<div class=\"wp-block-columns is-layout-flex wp-container-core-columns-is-layout-8f761849 wp-block-columns-is-layout-flex\">\n<div class=\"wp-block-column is-layout-flow wp-block-column-is-layout-flow\" style=\"flex-basis:15%\">\n<div style=\"height:20px\" aria-hidden=\"true\" class=\"wp-block-spacer\"><\/div>\n\n\n\n<h4 style=\"text-align: right;\"><span style=\"background-color: #c66a1e; color: #ffffff;\"><span style=\"color: #c66a1e;\">_<\/span>09\/03\/21<span style=\"color: #c66a1e;\">_<\/span><\/span><\/h4>\n\n\n\n<p style=\"text-align: right;\"><span style=\"background-color: #c66a1e; color: #ffffff;\"><span style=\"color: #c66a1e;\">_<\/span>TER\u00c7A<span style=\"color: #c66a1e;\">_<\/span><\/span><\/p>\n<\/div>\n\n\n\n<div class=\"wp-block-column is-layout-flow wp-block-column-is-layout-flow\" style=\"flex-basis:66.66%\">\n<h3><span style=\"color: #333333;\"><a style=\"color: #333333;\" href=\"https:\/\/www.ufmg.br\/espacodoconhecimento\/mostrauniversidadecidade\/projecoes-na-estacao-vilarinho\/\"><span class=\"has-inline-color\" data-rich-text-format-boundary=\"true\">Proje\u00e7\u00f5es na Esta\u00e7\u00e3o Vilarinho<\/span><\/a><\/span><\/h3>\n<h6><span style=\"font-size: small; color: #333333;\">19h30<\/span><\/h6>\n<p><span style=\"color: #c66a1e;\"><a style=\"color: #c66a1e;\" href=\"https:\/\/goo.gl\/maps\/9PNpaSFfisF6tWfq7\">Esta\u00e7\u00e3o Vilarinho<\/a><\/span><\/p>\n\n\n\n<hr class=\"wp-block-separator\"\/>\n\n\n\n<h3><span style=\"color: #333333;\"><a style=\"color: #333333;\" href=\"https:\/\/www.ufmg.br\/espacodoconhecimento\/mostrauniversidadecidade\/projecoes-na-fachada-digital-do-espaco-do-conhecimento-fv4\/\"><span class=\"has-inline-color\" data-rich-text-format-boundary=\"true\">Proje\u00e7\u00f5es na Fachada Digital do Espa\u00e7o do Conhecimento UFMG<\/span><\/a><\/span><\/h3>\n<h6><span style=\"font-size: small; color: #333333;\">19h30 e 20h30<\/span><\/h6>\n<p><span style=\"color: #c66a1e;\"><a style=\"color: #c66a1e;\" href=\"https:\/\/www.ufmg.br\/espacodoconhecimento\/mostrauniversidadecidade\/locais\/fachada-digital-do-espaco-do-conhecimento-ufmg\/\">Fachada Digital do Espa\u00e7o do Conhecimento UFMG<\/a><\/span><\/p>\n\n\n\n<p class=\"wp-block-paragraph\"><\/p>\n<\/div>\n<\/div>\n\n\n\n<hr class=\"wp-block-separator\"\/>\n\n\n\n<div class=\"wp-block-columns is-layout-flex wp-container-core-columns-is-layout-8f761849 wp-block-columns-is-layout-flex\">\n<div class=\"wp-block-column is-layout-flow wp-block-column-is-layout-flow\" style=\"flex-basis:15%\">\n<div style=\"height:20px\" aria-hidden=\"true\" class=\"wp-block-spacer\"><\/div>\n\n\n\n<h4 style=\"text-align: right;\"><span style=\"background-color: #c66a1e; color: #ffffff;\"><span style=\"color: #c66a1e;\">_<\/span>10\/03\/21<span style=\"color: #c66a1e;\">_<\/span><\/span><\/h4>\n\n\n\n<p style=\"text-align: right;\"><span style=\"background-color: #c66a1e; color: #ffffff;\"><span style=\"color: #c66a1e;\">_<\/span>QUARTA<span style=\"color: #c66a1e;\">_<\/span><\/span><\/p>\n<\/div>\n\n\n\n<div class=\"wp-block-column is-layout-flow wp-block-column-is-layout-flow\" style=\"flex-basis:66.66%\">\n<h3><span style=\"color: #333333;\"><a style=\"color: #333333;\" href=\"https:\/\/www.ufmg.br\/espacodoconhecimento\/mostrauniversidadecidade\/projecoes-na-estacao-sao-gabriel\/\"><span class=\"has-inline-color\" data-rich-text-format-boundary=\"true\">Proje\u00e7\u00f5es na Esta\u00e7\u00e3o S\u00e3o Gabriel<\/span><\/a><\/span><\/h3>\n<h6><span style=\"font-size: small; color: #333333;\">19h30<\/span><\/h6>\n<p><span style=\"color: #c66a1e;\"><a style=\"color: #c66a1e;\" href=\"https:\/\/goo.gl\/maps\/2ijTa1uShVGSLtbr8\">Esta\u00e7\u00e3o S\u00e3o Gabriel<\/a><\/span><\/p>\n\n\n\n<hr class=\"wp-block-separator\"\/>\n\n\n\n<h3><span style=\"color: #333333;\"><a style=\"color: #333333;\" href=\"https:\/\/www.ufmg.br\/espacodoconhecimento\/mostrauniversidadecidade\/projecoes-na-fachada-digital-do-espaco-do-conhecimento-fv5\/\"><span class=\"has-inline-color\" data-rich-text-format-boundary=\"true\">Proje\u00e7\u00f5es na Fachada Digital do Espa\u00e7o do Conhecimento UFMG<\/span><\/a><\/span><\/h3>\n<h6><span style=\"font-size: small; color: #333333;\">19h30 e 20h30<\/span><\/h6>\n<p><span style=\"color: #c66a1e;\"><a style=\"color: #c66a1e;\" href=\"https:\/\/www.ufmg.br\/espacodoconhecimento\/mostrauniversidadecidade\/locais\/fachada-digital-do-espaco-do-conhecimento-ufmg\/\">Fachada Digital do Espa\u00e7o do Conhecimento UFMG<\/a><\/span><\/p>\n\n\n\n<p class=\"wp-block-paragraph\"><\/p>\n<\/div>\n<\/div>\n\n\n\n<hr class=\"wp-block-separator\"\/>\n\n\n\n<div class=\"wp-block-columns is-layout-flex wp-container-core-columns-is-layout-8f761849 wp-block-columns-is-layout-flex\">\n<div class=\"wp-block-column is-layout-flow wp-block-column-is-layout-flow\" style=\"flex-basis:15%\">\n<div style=\"height:20px\" aria-hidden=\"true\" class=\"wp-block-spacer\"><\/div>\n\n\n\n<h4 style=\"text-align: right;\"><span style=\"background-color: #c66a1e; color: #ffffff;\"><span style=\"color: #c66a1e;\">_<\/span>11\/03\/21<span style=\"color: #c66a1e;\">_<\/span><\/span><\/h4>\n\n\n\n<p style=\"text-align: right;\"><span style=\"background-color: #c66a1e; color: #ffffff;\"><span style=\"color: #c66a1e;\">_<\/span>QUINTA<span style=\"color: #c66a1e;\">_<\/span><\/span><\/p>\n<\/div>\n\n\n\n<div class=\"wp-block-column is-layout-flow wp-block-column-is-layout-flow\" style=\"flex-basis:66.66%\">\n<h3><span style=\"color: #333333;\"><a style=\"color: #333333;\" href=\"https:\/\/www.ufmg.br\/espacodoconhecimento\/mostrauniversidadecidade\/projecoes-na-estacao-lagoinha\/\"><span class=\"has-inline-color\" data-rich-text-format-boundary=\"true\">Proje\u00e7\u00f5es na Esta\u00e7\u00e3o Lagoinha<\/span><\/a><\/span><\/h3>\n<h6><span style=\"font-size: small; color: #333333;\">19h30<\/span><\/h6>\n<p><span style=\"color: #c66a1e;\"><a style=\"color: #c66a1e;\" href=\"https:\/\/goo.gl\/maps\/bua4iavJdmPxTrCN8\">Esta\u00e7\u00e3o Lagoinha<\/a><\/span><\/p>\n\n\n\n<hr class=\"wp-block-separator\"\/>\n\n\n\n<h3><span style=\"color: #333333;\"><a style=\"color: #333333;\" href=\"https:\/\/www.ufmg.br\/espacodoconhecimento\/mostrauniversidadecidade\/projecoes-na-fachada-digital-do-espaco-do-conhecimento-fv6\/\"><span class=\"has-inline-color\" data-rich-text-format-boundary=\"true\">Proje\u00e7\u00f5es na Fachada Digital do Espa\u00e7o do Conhecimento UFMG<\/span><\/a><\/span><\/h3>\n<h6><span style=\"font-size: small; color: #333333;\">19h30 e 20h30<\/span><\/h6>\n<p><span style=\"color: #c66a1e;\"><a style=\"color: #c66a1e;\" href=\"https:\/\/www.ufmg.br\/espacodoconhecimento\/mostrauniversidadecidade\/locais\/fachada-digital-do-espaco-do-conhecimento-ufmg\/\">Fachada Digital do Espa\u00e7o do Conhecimento UFMG<\/a><\/span><\/p>\n\n\n\n<p class=\"wp-block-paragraph\"><\/p>\n<\/div>\n<\/div>\n\n\n\n<hr class=\"wp-block-separator\"\/>\n","protected":false},"excerpt":{"rendered":"<p>Confira aqui as atividades da Mostra Universidade Cidade organizadas por [&hellip;]<\/p>\n","protected":false},"author":1,"featured_media":0,"parent":0,"menu_order":0,"comment_status":"closed","ping_status":"closed","template":"page-programming.php","meta":{"_acf_changed":false,"_monsterinsights_skip_tracking":false,"footnotes":""},"class_list":["post-13","page","type-page","status-publish","hentry"],"acf":[],"_links":{"self":[{"href":"https:\/\/www.ufmg.br\/espacodoconhecimento\/mostrauniversidadecidade\/wp-json\/wp\/v2\/pages\/13","targetHints":{"allow":["GET"]}}],"collection":[{"href":"https:\/\/www.ufmg.br\/espacodoconhecimento\/mostrauniversidadecidade\/wp-json\/wp\/v2\/pages"}],"about":[{"href":"https:\/\/www.ufmg.br\/espacodoconhecimento\/mostrauniversidadecidade\/wp-json\/wp\/v2\/types\/page"}],"author":[{"embeddable":true,"href":"https:\/\/www.ufmg.br\/espacodoconhecimento\/mostrauniversidadecidade\/wp-json\/wp\/v2\/users\/1"}],"replies":[{"embeddable":true,"href":"https:\/\/www.ufmg.br\/espacodoconhecimento\/mostrauniversidadecidade\/wp-json\/wp\/v2\/comments?post=13"}],"version-history":[{"count":181,"href":"https:\/\/www.ufmg.br\/espacodoconhecimento\/mostrauniversidadecidade\/wp-json\/wp\/v2\/pages\/13\/revisions"}],"predecessor-version":[{"id":3717,"href":"https:\/\/www.ufmg.br\/espacodoconhecimento\/mostrauniversidadecidade\/wp-json\/wp\/v2\/pages\/13\/revisions\/3717"}],"wp:attachment":[{"href":"https:\/\/www.ufmg.br\/espacodoconhecimento\/mostrauniversidadecidade\/wp-json\/wp\/v2\/media?parent=13"}],"curies":[{"name":"wp","href":"https:\/\/api.w.org\/{rel}","templated":true}]}}