{"id":17,"date":"2020-05-18T08:41:14","date_gmt":"2020-05-18T11:41:14","guid":{"rendered":"https:\/\/www.ufmg.br\/templates\/eventos\/?page_id=17"},"modified":"2021-03-11T20:30:46","modified_gmt":"2021-03-11T23:30:46","slug":"quem","status":"publish","type":"page","link":"https:\/\/www.ufmg.br\/espacodoconhecimento\/mostrauniversidadecidade\/quem\/","title":{"rendered":"Com Quem?"},"content":{"rendered":"\n<p class=\"has-text-color has-normal-font-size has-very-dark-gray-color wp-block-paragraph\">A Mostra Universidade Cidade foi concebida visando promover o di\u00e1logo, a conex\u00e3o, a interlocu\u00e7\u00e3o e o compartilhamento entre cidad\u00e3s e cidad\u00e3os de Belo Horizonte, a partir do compartilhamento da produ\u00e7\u00e3o cultural acumulada nos diversos territ\u00f3rios (Centros Culturais da Prefeitura de Belo Horizonte), na academia (UFMG), ou decorrente do encontro entre esses saberes. Assim, buscamos potencializar a dimens\u00e3o urbana que recentemente est\u00e1 sendo atravessada e desmaterializada pelo isolamento social.<\/p>\n\n\n\n<div style=\"height:20px\" aria-hidden=\"true\" class=\"wp-block-spacer\"><\/div>\n\n\n\n<div class=\"wp-block-group\" id=\"universidade\"><div class=\"wp-block-group__inner-container is-layout-flow wp-block-group-is-layout-flow\">\n<hr class=\"wp-block-separator\"\/>\n<\/div><\/div>\n\n\n\n<div style=\"height:20px\" aria-hidden=\"true\" class=\"wp-block-spacer\"><\/div>\n\n\n\n<div class=\"wp-block-group\"><div class=\"wp-block-group__inner-container is-layout-flow wp-block-group-is-layout-flow\">\n<div class=\"wp-block-group\"><div class=\"wp-block-group__inner-container is-layout-flow wp-block-group-is-layout-flow\">\n<h3 class=\"has-very-dark-gray-color has-text-color wp-block-heading\"><span class=\"has-inline-color has-very-dark-gray-color\">Universidade:<\/span><\/h3>\n<\/div><\/div>\n<\/div><\/div>\n\n\n\n<div style=\"height:20px\" aria-hidden=\"true\" class=\"wp-block-spacer\"><\/div>\n\n\n\n<div class=\"wp-block-group\" id=\"aue\"><div class=\"wp-block-group__inner-container is-layout-flow wp-block-group-is-layout-flow\">\n<div class=\"wp-block-buttons is-layout-flex wp-block-buttons-is-layout-flex\">\n<div class=\"wp-block-button\"><a class=\"wp-block-button__link has-text-color has-background\" href=\"https:\/\/www.ufmg.br\/espacodoconhecimento\/mostrauniversidadecidade\/ars-nova\/\" style=\"background-color:#111111;color:#ffffff;border-radius:4px\" rel=\"\"><img loading=\"lazy\" decoding=\"async\" width=\"350\" height=\"200\" class=\"wp-image-1513\" style=\"width: 350px;\" src=\"https:\/\/www.ufmg.br\/espacodoconhecimento\/mostrauniversidadecidade\/wp-content\/uploads\/2020\/12\/quem-logos_ars-nova.png\" alt=\"Ars Nova\" srcset=\"https:\/\/www.ufmg.br\/espacodoconhecimento\/mostrauniversidadecidade\/wp-content\/uploads\/2020\/12\/quem-logos_ars-nova.png 1459w, https:\/\/www.ufmg.br\/espacodoconhecimento\/mostrauniversidadecidade\/wp-content\/uploads\/2020\/12\/quem-logos_ars-nova-300x171.png 300w, https:\/\/www.ufmg.br\/espacodoconhecimento\/mostrauniversidadecidade\/wp-content\/uploads\/2020\/12\/quem-logos_ars-nova-1024x585.png 1024w, https:\/\/www.ufmg.br\/espacodoconhecimento\/mostrauniversidadecidade\/wp-content\/uploads\/2020\/12\/quem-logos_ars-nova-768x439.png 768w\" sizes=\"auto, (max-width: 350px) 100vw, 350px\" \/><\/a><\/div>\n<\/div>\n<\/div><\/div>\n\n\n\n<p class=\"has-small-font-size wp-block-paragraph\"><strong>ARS NOVA CORAL DA UFMG<\/strong><\/p>\n\n\n\n<div style=\"height:20px\" aria-hidden=\"true\" class=\"wp-block-spacer\"><\/div>\n\n\n\n<div class=\"wp-block-group\" id=\"aue\"><div class=\"wp-block-group__inner-container is-layout-flow wp-block-group-is-layout-flow\">\n<div class=\"wp-block-buttons is-layout-flex wp-block-buttons-is-layout-flex\">\n<div class=\"wp-block-button\"><a class=\"wp-block-button__link has-text-color has-background\" href=\"https:\/\/www.ufmg.br\/espacodoconhecimento\/mostrauniversidadecidade\/grupo-aue\" style=\"background-color:#111111;color:#ffffff;border-radius:4px\" rel=\"\"><span style=\"color:#111111\" class=\"has-inline-color\"><img loading=\"lazy\" decoding=\"async\" width=\"350\" height=\"200\" class=\"wp-image-1514\" style=\"width: 350px;\" src=\"https:\/\/www.ufmg.br\/espacodoconhecimento\/mostrauniversidadecidade\/wp-content\/uploads\/2020\/12\/quem-logos_aue.png\" alt=\"\" srcset=\"https:\/\/www.ufmg.br\/espacodoconhecimento\/mostrauniversidadecidade\/wp-content\/uploads\/2020\/12\/quem-logos_aue.png 1459w, https:\/\/www.ufmg.br\/espacodoconhecimento\/mostrauniversidadecidade\/wp-content\/uploads\/2020\/12\/quem-logos_aue-300x171.png 300w, https:\/\/www.ufmg.br\/espacodoconhecimento\/mostrauniversidadecidade\/wp-content\/uploads\/2020\/12\/quem-logos_aue-1024x585.png 1024w, https:\/\/www.ufmg.br\/espacodoconhecimento\/mostrauniversidadecidade\/wp-content\/uploads\/2020\/12\/quem-logos_aue-768x439.png 768w\" sizes=\"auto, (max-width: 350px) 100vw, 350px\" \/><\/span><\/a><\/div>\n<\/div>\n<\/div><\/div>\n\n\n\n<p class=\"has-small-font-size wp-block-paragraph\"><strong>AU\u00ca &#8211; IGC\/UFMG<\/strong><\/p>\n\n\n\n<div style=\"height:20px\" aria-hidden=\"true\" class=\"wp-block-spacer\"><\/div>\n\n\n\n<div class=\"wp-block-group\" id=\"projeto-faces\"><div class=\"wp-block-group__inner-container is-layout-flow wp-block-group-is-layout-flow\">\n<div class=\"wp-block-buttons is-layout-flex wp-block-buttons-is-layout-flex\">\n<div class=\"wp-block-button\"><a class=\"wp-block-button__link has-text-color has-background\" href=\"https:\/\/www.ufmg.br\/espacodoconhecimento\/mostrauniversidadecidade\/locais\/centro-cultural-ufmg\/\" style=\"background-color:#111111;color:#ffffff;border-radius:4px\" rel=\"\"><span style=\"color:#111111\" class=\"has-inline-color\"><img loading=\"lazy\" decoding=\"async\" width=\"350\" height=\"200\" class=\"wp-image-1515\" style=\"width: 350px;\" src=\"https:\/\/www.ufmg.br\/espacodoconhecimento\/mostrauniversidadecidade\/wp-content\/uploads\/2020\/12\/quem-logos_centro-cultural-ufmg.png\" alt=\"\" srcset=\"https:\/\/www.ufmg.br\/espacodoconhecimento\/mostrauniversidadecidade\/wp-content\/uploads\/2020\/12\/quem-logos_centro-cultural-ufmg.png 1459w, https:\/\/www.ufmg.br\/espacodoconhecimento\/mostrauniversidadecidade\/wp-content\/uploads\/2020\/12\/quem-logos_centro-cultural-ufmg-300x171.png 300w, https:\/\/www.ufmg.br\/espacodoconhecimento\/mostrauniversidadecidade\/wp-content\/uploads\/2020\/12\/quem-logos_centro-cultural-ufmg-1024x585.png 1024w, https:\/\/www.ufmg.br\/espacodoconhecimento\/mostrauniversidadecidade\/wp-content\/uploads\/2020\/12\/quem-logos_centro-cultural-ufmg-768x439.png 768w\" sizes=\"auto, (max-width: 350px) 100vw, 350px\" \/><\/span><\/a><\/div>\n<\/div>\n<\/div><\/div>\n\n\n\n<p class=\"has-small-font-size wp-block-paragraph\"><strong>CENTRO CULTURAL UFMG<\/strong><\/p>\n\n\n\n<div style=\"height:20px\" aria-hidden=\"true\" class=\"wp-block-spacer\"><\/div>\n\n\n\n<div class=\"wp-block-group\" id=\"projeto-faces\"><div class=\"wp-block-group__inner-container is-layout-flow wp-block-group-is-layout-flow\">\n<div class=\"wp-block-buttons is-layout-flex wp-block-buttons-is-layout-flex\">\n<div class=\"wp-block-button\"><a class=\"wp-block-button__link has-text-color has-background\" href=\"https:\/\/www.ufmg.br\/espacodoconhecimento\/mostrauniversidadecidade\/cartografia-do-orcamento-participativo\/\" style=\"background-color:#111111;color:#ffffff;border-radius:4px\" rel=\"\"><img loading=\"lazy\" decoding=\"async\" width=\"350\" height=\"200\" class=\"wp-image-1523\" style=\"width: 350px;\" src=\"https:\/\/www.ufmg.br\/espacodoconhecimento\/mostrauniversidadecidade\/wp-content\/uploads\/2020\/12\/quem-logos_or\u00e7amento-participativo.png\" alt=\"Cartografia do or\u00e7amento participativo\" srcset=\"https:\/\/www.ufmg.br\/espacodoconhecimento\/mostrauniversidadecidade\/wp-content\/uploads\/2020\/12\/quem-logos_or\u00e7amento-participativo.png 1459w, https:\/\/www.ufmg.br\/espacodoconhecimento\/mostrauniversidadecidade\/wp-content\/uploads\/2020\/12\/quem-logos_or\u00e7amento-participativo-300x171.png 300w, https:\/\/www.ufmg.br\/espacodoconhecimento\/mostrauniversidadecidade\/wp-content\/uploads\/2020\/12\/quem-logos_or\u00e7amento-participativo-1024x585.png 1024w, https:\/\/www.ufmg.br\/espacodoconhecimento\/mostrauniversidadecidade\/wp-content\/uploads\/2020\/12\/quem-logos_or\u00e7amento-participativo-768x439.png 768w\" sizes=\"auto, (max-width: 350px) 100vw, 350px\" \/><\/a><\/div>\n<\/div>\n<\/div><\/div>\n\n\n\n<p class=\"has-small-font-size wp-block-paragraph\"><strong>CARTOGRAFIA DO OR\u00c7AMENTO PARTICIPATIVO &#8211; INDISCIPLINAR &#8211; EA-UFMG<\/strong><\/p>\n\n\n\n<div style=\"height:20px\" aria-hidden=\"true\" class=\"wp-block-spacer\"><\/div>\n\n\n\n<div class=\"wp-block-group\" id=\"cia-ananda\"><div class=\"wp-block-group__inner-container is-layout-flow wp-block-group-is-layout-flow\">\n<div class=\"wp-block-buttons is-layout-flex wp-block-buttons-is-layout-flex\">\n<div class=\"wp-block-button\"><a class=\"wp-block-button__link has-text-color has-background\" href=\"https:\/\/www.ufmg.br\/espacodoconhecimento\/mostrauniversidadecidade\/cia-ananda\/\" style=\"background-color:#111111;color:#ffffff;border-radius:4px\" rel=\"\"><span style=\"color:#111111\" class=\"has-inline-color\"><img loading=\"lazy\" decoding=\"async\" width=\"350\" height=\"200\" class=\"wp-image-1512\" style=\"width: 350px;\" src=\"https:\/\/www.ufmg.br\/espacodoconhecimento\/mostrauniversidadecidade\/wp-content\/uploads\/2020\/12\/quem-logos_ananda.png\" alt=\"\" srcset=\"https:\/\/www.ufmg.br\/espacodoconhecimento\/mostrauniversidadecidade\/wp-content\/uploads\/2020\/12\/quem-logos_ananda.png 1459w, https:\/\/www.ufmg.br\/espacodoconhecimento\/mostrauniversidadecidade\/wp-content\/uploads\/2020\/12\/quem-logos_ananda-300x171.png 300w, https:\/\/www.ufmg.br\/espacodoconhecimento\/mostrauniversidadecidade\/wp-content\/uploads\/2020\/12\/quem-logos_ananda-1024x585.png 1024w, https:\/\/www.ufmg.br\/espacodoconhecimento\/mostrauniversidadecidade\/wp-content\/uploads\/2020\/12\/quem-logos_ananda-768x439.png 768w\" sizes=\"auto, (max-width: 350px) 100vw, 350px\" \/><\/span><\/a><\/div>\n<\/div>\n<\/div><\/div>\n\n\n\n<p class=\"has-small-font-size wp-block-paragraph\"><strong>CIA ANANDA &#8211; EBA\/UFMG<\/strong><\/p>\n\n\n\n<div style=\"height:20px\" aria-hidden=\"true\" class=\"wp-block-spacer\"><\/div>\n\n\n\n<div class=\"wp-block-group\" id=\"colmeia\"><div class=\"wp-block-group__inner-container is-layout-flow wp-block-group-is-layout-flow\">\n<div class=\"wp-block-buttons is-layout-flex wp-block-buttons-is-layout-flex\">\n<div class=\"wp-block-button\"><a class=\"wp-block-button__link has-text-color has-background\" href=\"https:\/\/www.ufmg.br\/espacodoconhecimento\/mostrauniversidadecidade\/colmeia\" style=\"background-color:#111111;color:#ffffff;border-radius:4px\" target=\"_blank\" rel=\"noreferrer noopener\"><span style=\"color:#111111\" class=\"has-inline-color\"><img loading=\"lazy\" decoding=\"async\" width=\"350\" height=\"200\" class=\"wp-image-1529\" style=\"width: 350px;\" src=\"https:\/\/www.ufmg.br\/espacodoconhecimento\/mostrauniversidadecidade\/wp-content\/uploads\/2020\/12\/quem-logos_colmeia-1.png\" alt=\"\" srcset=\"https:\/\/www.ufmg.br\/espacodoconhecimento\/mostrauniversidadecidade\/wp-content\/uploads\/2020\/12\/quem-logos_colmeia-1.png 1459w, https:\/\/www.ufmg.br\/espacodoconhecimento\/mostrauniversidadecidade\/wp-content\/uploads\/2020\/12\/quem-logos_colmeia-1-300x171.png 300w, https:\/\/www.ufmg.br\/espacodoconhecimento\/mostrauniversidadecidade\/wp-content\/uploads\/2020\/12\/quem-logos_colmeia-1-1024x585.png 1024w, https:\/\/www.ufmg.br\/espacodoconhecimento\/mostrauniversidadecidade\/wp-content\/uploads\/2020\/12\/quem-logos_colmeia-1-768x439.png 768w\" sizes=\"auto, (max-width: 350px) 100vw, 350px\" \/><\/span><\/a><\/div>\n<\/div>\n<\/div><\/div>\n\n\n\n<p class=\"has-small-font-size wp-block-paragraph\"><strong>COLM\u00c9IA [grupo de estudos, pesquisa e extens\u00e3o em Economia Popular e Solid\u00e1ria] &#8211; FACE\/UFMG<\/strong><\/p>\n\n\n\n<div style=\"height:20px\" aria-hidden=\"true\" class=\"wp-block-spacer\"><\/div>\n\n\n\n<div class=\"wp-block-group\" id=\"compasso\"><div class=\"wp-block-group__inner-container is-layout-flow wp-block-group-is-layout-flow\">\n<div class=\"wp-block-buttons is-layout-flex wp-block-buttons-is-layout-flex\">\n<div class=\"wp-block-button\"><a class=\"wp-block-button__link has-text-color has-background\" href=\"https:\/\/www.ufmg.br\/espacodoconhecimento\/mostrauniversidadecidade\/compasso\" style=\"background-color:#111111;color:#ffffff;border-radius:4px\" target=\"_blank\" rel=\"https:\/\/www.ufmg.br\/espacodoconhecimento\/mostrauniversidadecidade\/compasso noopener noreferrer\"><span style=\"color:#111111\" class=\"has-inline-color\"><img loading=\"lazy\" decoding=\"async\" width=\"350\" height=\"200\" class=\"wp-image-1517\" style=\"width: 350px;\" src=\"https:\/\/www.ufmg.br\/espacodoconhecimento\/mostrauniversidadecidade\/wp-content\/uploads\/2020\/12\/quem-logos_compasso.png\" alt=\"\" srcset=\"https:\/\/www.ufmg.br\/espacodoconhecimento\/mostrauniversidadecidade\/wp-content\/uploads\/2020\/12\/quem-logos_compasso.png 1459w, https:\/\/www.ufmg.br\/espacodoconhecimento\/mostrauniversidadecidade\/wp-content\/uploads\/2020\/12\/quem-logos_compasso-300x171.png 300w, https:\/\/www.ufmg.br\/espacodoconhecimento\/mostrauniversidadecidade\/wp-content\/uploads\/2020\/12\/quem-logos_compasso-1024x585.png 1024w, https:\/\/www.ufmg.br\/espacodoconhecimento\/mostrauniversidadecidade\/wp-content\/uploads\/2020\/12\/quem-logos_compasso-768x439.png 768w\" sizes=\"auto, (max-width: 350px) 100vw, 350px\" \/><\/span><\/a><\/div>\n<\/div>\n<\/div><\/div>\n\n\n\n<p class=\"has-small-font-size wp-block-paragraph\"><strong>COMPASSO &#8211; EA\/UFMG<\/strong><\/p>\n\n\n\n<div style=\"height:20px\" aria-hidden=\"true\" class=\"wp-block-spacer\"><\/div>\n\n\n\n<div class=\"wp-block-group\" id=\"compasso\"><div class=\"wp-block-group__inner-container is-layout-flow wp-block-group-is-layout-flow\">\n<div class=\"wp-block-buttons is-layout-flex wp-block-buttons-is-layout-flex\">\n<div class=\"wp-block-button\"><a class=\"wp-block-button__link has-text-color has-background\" href=\"https:\/\/www.ufmg.br\/espacodoconhecimento\/mostrauniversidadecidade\/conservatorio-ufmg\/\" style=\"background-color:#111111;color:#ffffff;border-radius:4px\" target=\"_blank\" rel=\"noreferrer noopener\"><img loading=\"lazy\" decoding=\"async\" width=\"350\" height=\"200\" class=\"wp-image-1518\" style=\"width: 350px;\" src=\"https:\/\/www.ufmg.br\/espacodoconhecimento\/mostrauniversidadecidade\/wp-content\/uploads\/2020\/12\/quem-logos_conservat\u00f3rio.png\" alt=\"Conservat\u00f3rio UFMG\" srcset=\"https:\/\/www.ufmg.br\/espacodoconhecimento\/mostrauniversidadecidade\/wp-content\/uploads\/2020\/12\/quem-logos_conservat\u00f3rio.png 1459w, https:\/\/www.ufmg.br\/espacodoconhecimento\/mostrauniversidadecidade\/wp-content\/uploads\/2020\/12\/quem-logos_conservat\u00f3rio-300x171.png 300w, https:\/\/www.ufmg.br\/espacodoconhecimento\/mostrauniversidadecidade\/wp-content\/uploads\/2020\/12\/quem-logos_conservat\u00f3rio-1024x585.png 1024w, https:\/\/www.ufmg.br\/espacodoconhecimento\/mostrauniversidadecidade\/wp-content\/uploads\/2020\/12\/quem-logos_conservat\u00f3rio-768x439.png 768w\" sizes=\"auto, (max-width: 350px) 100vw, 350px\" \/><\/a><\/div>\n<\/div>\n<\/div><\/div>\n\n\n\n<p class=\"has-small-font-size wp-block-paragraph\"><strong>CONSERVAT\u00d3RIO UFMG<\/strong><\/p>\n\n\n\n<div style=\"height:20px\" aria-hidden=\"true\" class=\"wp-block-spacer\"><\/div>\n\n\n\n<div class=\"wp-block-group\" id=\"compasso\"><div class=\"wp-block-group__inner-container is-layout-flow wp-block-group-is-layout-flow\">\n<div class=\"wp-block-buttons is-layout-flex wp-block-buttons-is-layout-flex\">\n<div class=\"wp-block-button\"><a class=\"wp-block-button__link has-text-color has-background\" href=\"https:\/\/www.ufmg.br\/espacodoconhecimento\/mostrauniversidadecidade\/corpo-coletivo-eu-voce-nos\/\" style=\"background-color:#111111;color:#ffffff;border-radius:4px\" target=\"_blank\" rel=\"noreferrer noopener\"><img loading=\"lazy\" decoding=\"async\" width=\"350\" height=\"200\" class=\"wp-image-1905\" style=\"width: 350px;\" src=\"https:\/\/www.ufmg.br\/espacodoconhecimento\/mostrauniversidadecidade\/wp-content\/uploads\/2020\/12\/quem-logos_corpo-coletivo-24.png\" alt=\"Corpo coletivo: eu, voc\u00eas, n\u00f3s\" srcset=\"https:\/\/www.ufmg.br\/espacodoconhecimento\/mostrauniversidadecidade\/wp-content\/uploads\/2020\/12\/quem-logos_corpo-coletivo-24.png 1459w, https:\/\/www.ufmg.br\/espacodoconhecimento\/mostrauniversidadecidade\/wp-content\/uploads\/2020\/12\/quem-logos_corpo-coletivo-24-300x171.png 300w, https:\/\/www.ufmg.br\/espacodoconhecimento\/mostrauniversidadecidade\/wp-content\/uploads\/2020\/12\/quem-logos_corpo-coletivo-24-1024x585.png 1024w, https:\/\/www.ufmg.br\/espacodoconhecimento\/mostrauniversidadecidade\/wp-content\/uploads\/2020\/12\/quem-logos_corpo-coletivo-24-768x439.png 768w\" sizes=\"auto, (max-width: 350px) 100vw, 350px\" \/><\/a><\/div>\n<\/div>\n<\/div><\/div>\n\n\n\n<p class=\"has-small-font-size wp-block-paragraph\"><strong>CORPO COLETIVO: eu, voc\u00ea, n\u00f3s &#8211; EBA\/UFMG<\/strong><\/p>\n\n\n\n<div style=\"height:20px\" aria-hidden=\"true\" class=\"wp-block-spacer\"><\/div>\n\n\n\n<div class=\"wp-block-group\" id=\"dialogos\"><div class=\"wp-block-group__inner-container is-layout-flow wp-block-group-is-layout-flow\">\n<div class=\"wp-block-buttons is-layout-flex wp-block-buttons-is-layout-flex\">\n<div class=\"wp-block-button\"><a class=\"wp-block-button__link has-text-color has-background\" href=\"https:\/\/www.ufmg.br\/espacodoconhecimento\/mostrauniversidadecidade\/dialogos\" style=\"background-color:#111111;color:#ffffff;border-radius:4px\" rel=\"\"><span style=\"color:#111111\" class=\"has-inline-color\"><img loading=\"lazy\" decoding=\"async\" width=\"350\" height=\"200\" class=\"wp-image-1525\" style=\"width: 350px;\" src=\"https:\/\/www.ufmg.br\/espacodoconhecimento\/mostrauniversidadecidade\/wp-content\/uploads\/2020\/12\/quem-logos_praxis.png\" alt=\"\" srcset=\"https:\/\/www.ufmg.br\/espacodoconhecimento\/mostrauniversidadecidade\/wp-content\/uploads\/2020\/12\/quem-logos_praxis.png 1459w, https:\/\/www.ufmg.br\/espacodoconhecimento\/mostrauniversidadecidade\/wp-content\/uploads\/2020\/12\/quem-logos_praxis-300x171.png 300w, https:\/\/www.ufmg.br\/espacodoconhecimento\/mostrauniversidadecidade\/wp-content\/uploads\/2020\/12\/quem-logos_praxis-1024x585.png 1024w, https:\/\/www.ufmg.br\/espacodoconhecimento\/mostrauniversidadecidade\/wp-content\/uploads\/2020\/12\/quem-logos_praxis-768x439.png 768w\" sizes=\"auto, (max-width: 350px) 100vw, 350px\" \/><\/span><\/a><\/div>\n<\/div>\n<\/div><\/div>\n\n\n\n<p class=\"has-small-font-size wp-block-paragraph\"><strong>DI\u00c1LOGOS &#8211; PRAXIS -EA\/UFMG<\/strong><\/p>\n\n\n\n<div style=\"height:20px\" aria-hidden=\"true\" class=\"wp-block-spacer\"><\/div>\n\n\n\n<div class=\"wp-block-buttons is-layout-flex wp-block-buttons-is-layout-flex\">\n<div class=\"wp-block-button\"><a class=\"wp-block-button__link has-background\" href=\"https:\/\/www.ufmg.br\/espacodoconhecimento\/mostrauniversidadecidade\/entre-rios-e-jardins\" style=\"background-color:#111111;border-radius:4px\"><img loading=\"lazy\" decoding=\"async\" width=\"350\" height=\"200\" class=\"wp-image-1545\" style=\"width: 350px;\" src=\"https:\/\/www.ufmg.br\/espacodoconhecimento\/mostrauniversidadecidade\/wp-content\/uploads\/2020\/12\/quem-logos-18.png\" alt=\"Entre Rios e Jardins\" srcset=\"https:\/\/www.ufmg.br\/espacodoconhecimento\/mostrauniversidadecidade\/wp-content\/uploads\/2020\/12\/quem-logos-18.png 1459w, https:\/\/www.ufmg.br\/espacodoconhecimento\/mostrauniversidadecidade\/wp-content\/uploads\/2020\/12\/quem-logos-18-300x171.png 300w, https:\/\/www.ufmg.br\/espacodoconhecimento\/mostrauniversidadecidade\/wp-content\/uploads\/2020\/12\/quem-logos-18-1024x585.png 1024w, https:\/\/www.ufmg.br\/espacodoconhecimento\/mostrauniversidadecidade\/wp-content\/uploads\/2020\/12\/quem-logos-18-768x439.png 768w\" sizes=\"auto, (max-width: 350px) 100vw, 350px\" \/><\/a><\/div>\n<\/div>\n\n\n\n<p class=\"has-small-font-size wp-block-paragraph\"><strong>ENTRE RIOS E JARDINS &#8211; EBA E EA\/UFMG<\/strong><\/p>\n\n\n\n<div style=\"height:20px\" aria-hidden=\"true\" class=\"wp-block-spacer\"><\/div>\n\n\n\n<div class=\"wp-block-buttons is-layout-flex wp-block-buttons-is-layout-flex\">\n<div class=\"wp-block-button\"><a class=\"wp-block-button__link has-background\" href=\"https:\/\/www.ufmg.br\/espacodoconhecimento\/mostrauniversidadecidade\/entre-rios-e-ruas\/\" style=\"background-color:#111111;border-radius:4px\"><img loading=\"lazy\" decoding=\"async\" width=\"350\" height=\"200\" class=\"wp-image-1732\" style=\"width: 350px;\" src=\"https:\/\/www.ufmg.br\/espacodoconhecimento\/mostrauniversidadecidade\/wp-content\/uploads\/2020\/12\/quem-logos_entre-rios-e-ruas.png\" alt=\"\" srcset=\"https:\/\/www.ufmg.br\/espacodoconhecimento\/mostrauniversidadecidade\/wp-content\/uploads\/2020\/12\/quem-logos_entre-rios-e-ruas.png 1459w, https:\/\/www.ufmg.br\/espacodoconhecimento\/mostrauniversidadecidade\/wp-content\/uploads\/2020\/12\/quem-logos_entre-rios-e-ruas-300x171.png 300w, https:\/\/www.ufmg.br\/espacodoconhecimento\/mostrauniversidadecidade\/wp-content\/uploads\/2020\/12\/quem-logos_entre-rios-e-ruas-1024x585.png 1024w, https:\/\/www.ufmg.br\/espacodoconhecimento\/mostrauniversidadecidade\/wp-content\/uploads\/2020\/12\/quem-logos_entre-rios-e-ruas-768x439.png 768w\" sizes=\"auto, (max-width: 350px) 100vw, 350px\" \/><\/a><\/div>\n<\/div>\n\n\n\n<p class=\"has-small-font-size wp-block-paragraph\"><strong>ENTRE RIOS E RUAS &#8211; EBA\/UFMG<\/strong><\/p>\n\n\n\n<div class=\"wp-block-group\" id=\"mirantes\"><div class=\"wp-block-group__inner-container is-layout-flow wp-block-group-is-layout-flow\">\n<div class=\"wp-block-buttons is-layout-flex wp-block-buttons-is-layout-flex\">\n<div class=\"wp-block-button\"><a class=\"wp-block-button__link has-text-color has-background\" href=\"https:\/\/www.ufmg.br\/espacodoconhecimento\/\" style=\"background-color:#111111;color:#ffffff;border-radius:4px\" rel=\"\"><span style=\"color:#111111\" class=\"has-inline-color\"><img loading=\"lazy\" decoding=\"async\" width=\"350\" height=\"200\" class=\"wp-image-1555\" style=\"width: 350px;\" src=\"https:\/\/www.ufmg.br\/espacodoconhecimento\/mostrauniversidadecidade\/wp-content\/uploads\/2020\/12\/quem-logos_espa\u00e7o-do-conhecimento.png\" alt=\"\" srcset=\"https:\/\/www.ufmg.br\/espacodoconhecimento\/mostrauniversidadecidade\/wp-content\/uploads\/2020\/12\/quem-logos_espa\u00e7o-do-conhecimento.png 1459w, https:\/\/www.ufmg.br\/espacodoconhecimento\/mostrauniversidadecidade\/wp-content\/uploads\/2020\/12\/quem-logos_espa\u00e7o-do-conhecimento-300x171.png 300w, https:\/\/www.ufmg.br\/espacodoconhecimento\/mostrauniversidadecidade\/wp-content\/uploads\/2020\/12\/quem-logos_espa\u00e7o-do-conhecimento-1024x585.png 1024w, https:\/\/www.ufmg.br\/espacodoconhecimento\/mostrauniversidadecidade\/wp-content\/uploads\/2020\/12\/quem-logos_espa\u00e7o-do-conhecimento-768x439.png 768w\" sizes=\"auto, (max-width: 350px) 100vw, 350px\" \/><\/span><\/a><\/div>\n<\/div>\n<\/div><\/div>\n\n\n\n<p class=\"has-small-font-size wp-block-paragraph\"><strong>ESPA\u00c7O DO CONHECIMENTO \/ UFMG<\/strong><\/p>\n\n\n\n<div style=\"height:20px\" aria-hidden=\"true\" class=\"wp-block-spacer\"><\/div>\n\n\n\n<div class=\"wp-block-group\" id=\"flores-do-morro\"><div class=\"wp-block-group__inner-container is-layout-flow wp-block-group-is-layout-flow\">\n<div class=\"wp-block-buttons is-layout-flex wp-block-buttons-is-layout-flex\">\n<div class=\"wp-block-button\"><a class=\"wp-block-button__link has-text-color has-background\" href=\"https:\/\/www.ufmg.br\/espacodoconhecimento\/mostrauniversidadecidade\/flores-do-morro\" style=\"background-color:#111111;color:#ffffff;border-radius:4px\" target=\"_blank\" rel=\"noopener noreferrer\"><span style=\"color:#111111\" class=\"has-inline-color\"><img loading=\"lazy\" decoding=\"async\" width=\"350\" height=\"200\" class=\"wp-image-1528\" style=\"width: 350px;\" src=\"https:\/\/www.ufmg.br\/espacodoconhecimento\/mostrauniversidadecidade\/wp-content\/uploads\/2020\/12\/quem-logos_flores-do-morro.png\" alt=\"\" srcset=\"https:\/\/www.ufmg.br\/espacodoconhecimento\/mostrauniversidadecidade\/wp-content\/uploads\/2020\/12\/quem-logos_flores-do-morro.png 1459w, https:\/\/www.ufmg.br\/espacodoconhecimento\/mostrauniversidadecidade\/wp-content\/uploads\/2020\/12\/quem-logos_flores-do-morro-300x171.png 300w, https:\/\/www.ufmg.br\/espacodoconhecimento\/mostrauniversidadecidade\/wp-content\/uploads\/2020\/12\/quem-logos_flores-do-morro-1024x585.png 1024w, https:\/\/www.ufmg.br\/espacodoconhecimento\/mostrauniversidadecidade\/wp-content\/uploads\/2020\/12\/quem-logos_flores-do-morro-768x439.png 768w\" sizes=\"auto, (max-width: 350px) 100vw, 350px\" \/><\/span><\/a><\/div>\n<\/div>\n<\/div><\/div>\n\n\n\n<p class=\"has-small-font-size wp-block-paragraph\"><strong>FLORES DO MORRO &#8211; EA\/UFMG E DAN\u00c7A &#8211; EBA\/UFMG<\/strong><\/p>\n\n\n\n<div style=\"height:20px\" aria-hidden=\"true\" class=\"wp-block-spacer\"><\/div>\n\n\n\n<div class=\"wp-block-group\" id=\"entre-rios-e-jardins\"><div class=\"wp-block-group__inner-container is-layout-flow wp-block-group-is-layout-flow\">\n<div class=\"wp-block-buttons is-layout-flex wp-block-buttons-is-layout-flex\">\n<div class=\"wp-block-button\"><a class=\"wp-block-button__link has-text-color has-background\" href=\"https:\/\/www.ufmg.br\/espacodoconhecimento\/mostrauniversidadecidade\/projeto-jardins-possiveis\/\" style=\"background-color:#111111;color:#ffffff;border-radius:4px\" rel=\"\"><img loading=\"lazy\" decoding=\"async\" width=\"350\" height=\"200\" class=\"wp-image-1728\" style=\"width: 350px;\" src=\"https:\/\/www.ufmg.br\/espacodoconhecimento\/mostrauniversidadecidade\/wp-content\/uploads\/2020\/12\/quem-logos_jardins-poss\u00edveis-2.png\" alt=\"\" srcset=\"https:\/\/www.ufmg.br\/espacodoconhecimento\/mostrauniversidadecidade\/wp-content\/uploads\/2020\/12\/quem-logos_jardins-poss\u00edveis-2.png 1459w, https:\/\/www.ufmg.br\/espacodoconhecimento\/mostrauniversidadecidade\/wp-content\/uploads\/2020\/12\/quem-logos_jardins-poss\u00edveis-2-300x171.png 300w, https:\/\/www.ufmg.br\/espacodoconhecimento\/mostrauniversidadecidade\/wp-content\/uploads\/2020\/12\/quem-logos_jardins-poss\u00edveis-2-1024x585.png 1024w, https:\/\/www.ufmg.br\/espacodoconhecimento\/mostrauniversidadecidade\/wp-content\/uploads\/2020\/12\/quem-logos_jardins-poss\u00edveis-2-768x439.png 768w\" sizes=\"auto, (max-width: 350px) 100vw, 350px\" \/><span style=\"color:#111111\" class=\"has-inline-color\">_<\/span><\/a><\/div>\n<\/div>\n<\/div><\/div>\n\n\n\n<p class=\"has-small-font-size wp-block-paragraph\"><strong>JARDINS POSS\u00cdVEIS &#8211; EA\/UFMG<\/strong><\/p>\n\n\n\n<div style=\"height:20px\" aria-hidden=\"true\" class=\"wp-block-spacer\"><\/div>\n\n\n\n<div class=\"wp-block-group\" id=\"leve\"><div class=\"wp-block-group__inner-container is-layout-flow wp-block-group-is-layout-flow\">\n<div class=\"wp-block-buttons is-layout-flex wp-block-buttons-is-layout-flex\">\n<div class=\"wp-block-button\"><a class=\"wp-block-button__link has-text-color has-background\" href=\"https:\/\/www.ufmg.br\/espacodoconhecimento\/mostrauniversidadecidade\/leve\/\" style=\"background-color:#111111;color:#ffffff;border-radius:4px\" rel=\"\"><span style=\"color:#111111\" class=\"has-inline-color\"><img loading=\"lazy\" decoding=\"async\" width=\"350\" height=\"200\" class=\"wp-image-1520\" style=\"width: 350px;\" src=\"https:\/\/www.ufmg.br\/espacodoconhecimento\/mostrauniversidadecidade\/wp-content\/uploads\/2020\/12\/quem-logos_leve.png\" alt=\"\" srcset=\"https:\/\/www.ufmg.br\/espacodoconhecimento\/mostrauniversidadecidade\/wp-content\/uploads\/2020\/12\/quem-logos_leve.png 1459w, https:\/\/www.ufmg.br\/espacodoconhecimento\/mostrauniversidadecidade\/wp-content\/uploads\/2020\/12\/quem-logos_leve-300x171.png 300w, https:\/\/www.ufmg.br\/espacodoconhecimento\/mostrauniversidadecidade\/wp-content\/uploads\/2020\/12\/quem-logos_leve-1024x585.png 1024w, https:\/\/www.ufmg.br\/espacodoconhecimento\/mostrauniversidadecidade\/wp-content\/uploads\/2020\/12\/quem-logos_leve-768x439.png 768w\" sizes=\"auto, (max-width: 350px) 100vw, 350px\" \/><\/span><\/a><\/div>\n<\/div>\n<\/div><\/div>\n\n\n\n<p class=\"has-small-font-size wp-block-paragraph\"><strong>LEVE [laborat\u00f3rio de estudos e viv\u00eancias da espacialidade] &#8211; EBA\/UFMG<\/strong><\/p>\n\n\n\n<div style=\"height:20px\" aria-hidden=\"true\" class=\"wp-block-spacer\"><\/div>\n\n\n\n<div class=\"wp-block-buttons is-layout-flex wp-block-buttons-is-layout-flex\">\n<div class=\"wp-block-button\"><a class=\"wp-block-button__link has-text-color has-background\" href=\"https:\/\/www.ufmg.br\/espacodoconhecimento\/mostrauniversidadecidade\/mhnjb-ufmg\" style=\"background-color:#111111;color:#ffffff;border-radius:4px\" rel=\"\"><span style=\"color:#111111\" class=\"has-inline-color\"><img loading=\"lazy\" decoding=\"async\" width=\"350\" height=\"200\" class=\"wp-image-1533\" style=\"width: 350px;\" src=\"https:\/\/www.ufmg.br\/espacodoconhecimento\/mostrauniversidadecidade\/wp-content\/uploads\/2020\/12\/quem-logos_mhnjb-1.png\" alt=\"\" srcset=\"https:\/\/www.ufmg.br\/espacodoconhecimento\/mostrauniversidadecidade\/wp-content\/uploads\/2020\/12\/quem-logos_mhnjb-1.png 1459w, https:\/\/www.ufmg.br\/espacodoconhecimento\/mostrauniversidadecidade\/wp-content\/uploads\/2020\/12\/quem-logos_mhnjb-1-300x171.png 300w, https:\/\/www.ufmg.br\/espacodoconhecimento\/mostrauniversidadecidade\/wp-content\/uploads\/2020\/12\/quem-logos_mhnjb-1-1024x585.png 1024w, https:\/\/www.ufmg.br\/espacodoconhecimento\/mostrauniversidadecidade\/wp-content\/uploads\/2020\/12\/quem-logos_mhnjb-1-768x439.png 768w\" sizes=\"auto, (max-width: 350px) 100vw, 350px\" \/><\/span><\/a><\/div>\n<\/div>\n\n\n\n<p class=\"has-small-font-size wp-block-paragraph\"><strong>Museu de Hist\u00f3ria Natural e Jardim Bot\u00e2nico da UFMG<\/strong><\/p>\n\n\n\n<div style=\"height:20px\" aria-hidden=\"true\" class=\"wp-block-spacer\"><\/div>\n\n\n\n<div class=\"wp-block-buttons is-layout-flex wp-block-buttons-is-layout-flex\">\n<div class=\"wp-block-button\"><a class=\"wp-block-button__link has-text-color has-background\" href=\"https:\/\/www.ufmg.br\/espacodoconhecimento\/mostrauniversidadecidade\/projeto-mirantes\/#sobre\" style=\"background-color:#111111;color:#ffffff;border-radius:4px\" rel=\"\"><img loading=\"lazy\" decoding=\"async\" width=\"350\" height=\"200\" class=\"wp-image-1522\" style=\"width: 350px;\" src=\"https:\/\/www.ufmg.br\/espacodoconhecimento\/mostrauniversidadecidade\/wp-content\/uploads\/2020\/12\/quem-logos_mirantes.png\" alt=\"Projeto Mirantes - N\u00facleo de A\u00e7\u00f5es Educativas do Espa\u00e7o do Conhecimento UFMG\" srcset=\"https:\/\/www.ufmg.br\/espacodoconhecimento\/mostrauniversidadecidade\/wp-content\/uploads\/2020\/12\/quem-logos_mirantes.png 1459w, https:\/\/www.ufmg.br\/espacodoconhecimento\/mostrauniversidadecidade\/wp-content\/uploads\/2020\/12\/quem-logos_mirantes-300x171.png 300w, https:\/\/www.ufmg.br\/espacodoconhecimento\/mostrauniversidadecidade\/wp-content\/uploads\/2020\/12\/quem-logos_mirantes-1024x585.png 1024w, https:\/\/www.ufmg.br\/espacodoconhecimento\/mostrauniversidadecidade\/wp-content\/uploads\/2020\/12\/quem-logos_mirantes-768x439.png 768w\" sizes=\"auto, (max-width: 350px) 100vw, 350px\" \/><\/a><\/div>\n<\/div>\n\n\n\n<p class=\"has-small-font-size wp-block-paragraph\"><strong><strong>N\u00facleo de A\u00e7\u00f5es Educativas, Acessibilidade e Estudos de P\u00fablico do Espa\u00e7o do Conhecimento UFMG<\/strong><\/strong><\/p>\n\n\n\n<div style=\"height:20px\" aria-hidden=\"true\" class=\"wp-block-spacer\"><\/div>\n\n\n\n<div class=\"wp-block-group\" id=\"radio-janela\"><div class=\"wp-block-group__inner-container is-layout-flow wp-block-group-is-layout-flow\">\n<div class=\"wp-block-buttons is-layout-flex wp-block-buttons-is-layout-flex\">\n<div class=\"wp-block-button\"><a class=\"wp-block-button__link has-text-color has-background\" href=\"https:\/\/www.ufmg.br\/espacodoconhecimento\/mostrauniversidadecidade\/orquestra-sinfonica-da-escola-de-musica-da-ufmg\/\" style=\"background-color:#111111;color:#ffffff;border-radius:4px\" rel=\"\"><img loading=\"lazy\" decoding=\"async\" width=\"350\" height=\"197\" class=\"wp-image-1419\" style=\"width: 350px;\" src=\"https:\/\/www.ufmg.br\/espacodoconhecimento\/mostrauniversidadecidade\/wp-content\/uploads\/2020\/12\/Logotipo_fundotransparente_branco.png\" alt=\"Orquestra Sinf\u00f4nica da UFMG\" srcset=\"https:\/\/www.ufmg.br\/espacodoconhecimento\/mostrauniversidadecidade\/wp-content\/uploads\/2020\/12\/Logotipo_fundotransparente_branco.png 1920w, https:\/\/www.ufmg.br\/espacodoconhecimento\/mostrauniversidadecidade\/wp-content\/uploads\/2020\/12\/Logotipo_fundotransparente_branco-300x169.png 300w, https:\/\/www.ufmg.br\/espacodoconhecimento\/mostrauniversidadecidade\/wp-content\/uploads\/2020\/12\/Logotipo_fundotransparente_branco-1024x576.png 1024w, https:\/\/www.ufmg.br\/espacodoconhecimento\/mostrauniversidadecidade\/wp-content\/uploads\/2020\/12\/Logotipo_fundotransparente_branco-768x432.png 768w, https:\/\/www.ufmg.br\/espacodoconhecimento\/mostrauniversidadecidade\/wp-content\/uploads\/2020\/12\/Logotipo_fundotransparente_branco-1536x864.png 1536w\" sizes=\"auto, (max-width: 350px) 100vw, 350px\" \/><\/a><\/div>\n<\/div>\n<\/div><\/div>\n\n\n\n<p class=\"has-small-font-size wp-block-paragraph\"><strong>Orquestra Sinf\u00f4nica da UFMG<\/strong><\/p>\n\n\n\n<div style=\"height:20px\" aria-hidden=\"true\" class=\"wp-block-spacer\"><\/div>\n\n\n\n<div class=\"wp-block-group\" id=\"radio-janela\"><div class=\"wp-block-group__inner-container is-layout-flow wp-block-group-is-layout-flow\">\n<div class=\"wp-block-buttons is-layout-flex wp-block-buttons-is-layout-flex\">\n<div class=\"wp-block-button\"><a class=\"wp-block-button__link has-text-color has-background\" href=\"https:\/\/www.ufmg.br\/espacodoconhecimento\/mostrauniversidadecidade\/radio-janela\" style=\"background-color:#111111;color:#ffffff;border-radius:4px\" rel=\"\"><img loading=\"lazy\" decoding=\"async\" width=\"350\" height=\"200\" class=\"wp-image-1710\" style=\"width: 350px;\" src=\"https:\/\/www.ufmg.br\/espacodoconhecimento\/mostrauniversidadecidade\/wp-content\/uploads\/2020\/12\/quem-logos_radio-janela.png\" alt=\"\" srcset=\"https:\/\/www.ufmg.br\/espacodoconhecimento\/mostrauniversidadecidade\/wp-content\/uploads\/2020\/12\/quem-logos_radio-janela.png 1459w, https:\/\/www.ufmg.br\/espacodoconhecimento\/mostrauniversidadecidade\/wp-content\/uploads\/2020\/12\/quem-logos_radio-janela-300x171.png 300w, https:\/\/www.ufmg.br\/espacodoconhecimento\/mostrauniversidadecidade\/wp-content\/uploads\/2020\/12\/quem-logos_radio-janela-1024x585.png 1024w, https:\/\/www.ufmg.br\/espacodoconhecimento\/mostrauniversidadecidade\/wp-content\/uploads\/2020\/12\/quem-logos_radio-janela-768x439.png 768w\" sizes=\"auto, (max-width: 350px) 100vw, 350px\" \/><\/a><\/div>\n<\/div>\n<\/div><\/div>\n\n\n\n<p class=\"has-small-font-size wp-block-paragraph\"><strong>R\u00c1DIO JANELA &#8211; ECI\/UFMG<\/strong><\/p>\n\n\n\n<div style=\"height:20px\" aria-hidden=\"true\" class=\"wp-block-spacer\"><\/div>\n\n\n\n<div class=\"wp-block-group\" id=\"radio-janela\"><div class=\"wp-block-group__inner-container is-layout-flow wp-block-group-is-layout-flow\">\n<div class=\"wp-block-buttons is-layout-flex wp-block-buttons-is-layout-flex\">\n<div class=\"wp-block-button\"><a class=\"wp-block-button__link has-text-color has-background\" href=\"https:\/\/www.ufmg.br\/espacodoconhecimento\/mostrauniversidadecidade\/corregos-vivos-terra-comum\/\" style=\"background-color:#111111;color:#ffffff;border-radius:4px\" rel=\"\"><br><img loading=\"lazy\" decoding=\"async\" width=\"350\" height=\"125\" class=\"wp-image-3498\" style=\"width: 350px;\" src=\"https:\/\/www.ufmg.br\/espacodoconhecimento\/mostrauniversidadecidade\/wp-content\/uploads\/2021\/02\/logo04.png\" alt=\"\" srcset=\"https:\/\/www.ufmg.br\/espacodoconhecimento\/mostrauniversidadecidade\/wp-content\/uploads\/2021\/02\/logo04.png 454w, https:\/\/www.ufmg.br\/espacodoconhecimento\/mostrauniversidadecidade\/wp-content\/uploads\/2021\/02\/logo04-300x107.png 300w\" sizes=\"auto, (max-width: 350px) 100vw, 350px\" \/><br><span style=\"color:#111111\" class=\"has-inline-color\">_<\/span><\/a><\/div>\n<\/div>\n<\/div><\/div>\n\n\n\n<p class=\"has-small-font-size wp-block-paragraph\"><strong>TERRA COMUM &#8211; EA\/UFMG<\/strong><\/p>\n\n\n\n<div style=\"height:20px\" aria-hidden=\"true\" class=\"wp-block-spacer\"><\/div>\n\n\n\n<div class=\"wp-block-group\" id=\"radio-janela\"><div class=\"wp-block-group__inner-container is-layout-flow wp-block-group-is-layout-flow\">\n<div class=\"wp-block-buttons is-layout-flex wp-block-buttons-is-layout-flex\">\n<div class=\"wp-block-button\"><a class=\"wp-block-button__link has-text-color has-background\" href=\"https:\/\/www.ufmg.br\/espacodoconhecimento\/mostrauniversidadecidade\/corregos-vivos-terra-comum\/\" style=\"background-color:#111111;color:#ffffff;border-radius:4px\" rel=\"\"><img loading=\"lazy\" decoding=\"async\" width=\"350\" height=\"200\" class=\"wp-image-1526\" style=\"width: 350px;\" src=\"https:\/\/www.ufmg.br\/espacodoconhecimento\/mostrauniversidadecidade\/wp-content\/uploads\/2020\/12\/quem-logos_territorios-populares.png\" alt=\"Territ\u00f3rios Populares\" srcset=\"https:\/\/www.ufmg.br\/espacodoconhecimento\/mostrauniversidadecidade\/wp-content\/uploads\/2020\/12\/quem-logos_territorios-populares.png 1459w, https:\/\/www.ufmg.br\/espacodoconhecimento\/mostrauniversidadecidade\/wp-content\/uploads\/2020\/12\/quem-logos_territorios-populares-300x171.png 300w, https:\/\/www.ufmg.br\/espacodoconhecimento\/mostrauniversidadecidade\/wp-content\/uploads\/2020\/12\/quem-logos_territorios-populares-1024x585.png 1024w, https:\/\/www.ufmg.br\/espacodoconhecimento\/mostrauniversidadecidade\/wp-content\/uploads\/2020\/12\/quem-logos_territorios-populares-768x439.png 768w\" sizes=\"auto, (max-width: 350px) 100vw, 350px\" \/><span style=\"color:#111111\" class=\"has-inline-color\">_<\/span><\/a><\/div>\n<\/div>\n<\/div><\/div>\n\n\n\n<p class=\"has-small-font-size wp-block-paragraph\"><strong>TERRIT\u00d3RIOS POPULARES &#8211; INDISCIPLINAR &#8211; EA\/UFMG<\/strong><\/p>\n\n\n\n<div style=\"height:20px\" aria-hidden=\"true\" class=\"wp-block-spacer\"><\/div>\n\n\n\n<div class=\"wp-block-group\" id=\"cidade\"><div class=\"wp-block-group__inner-container is-layout-flow wp-block-group-is-layout-flow\">\n<hr class=\"wp-block-separator has-text-color has-background has-very-light-gray-background-color has-very-light-gray-color\"\/>\n<\/div><\/div>\n\n\n\n<div style=\"height:25px\" aria-hidden=\"true\" class=\"wp-block-spacer\"><\/div>\n\n\n\n<div class=\"wp-block-group\"><div class=\"wp-block-group__inner-container is-layout-flow wp-block-group-is-layout-flow\">\n<h3 class=\"has-very-dark-gray-color has-text-color wp-block-heading\"><span class=\"has-inline-color has-very-dark-gray-color\">Cidade:<\/span><\/h3>\n\n\n\n<div style=\"height:25px\" aria-hidden=\"true\" class=\"wp-block-spacer\"><\/div>\n<\/div><\/div>\n\n\n\n<div style=\"height:20px\" aria-hidden=\"true\" class=\"wp-block-spacer\"><\/div>\n\n\n\n<div class=\"wp-block-cover has-background-dim-80 has-background-dim\" style=\"background-image:url(https:\/\/www.ufmg.br\/espacodoconhecimento\/mostrauniversidadecidade\/wp-content\/uploads\/2020\/11\/centro-cultural-alto-vera-cruz-0.png);background-color:#201816;background-position:67% 10%;min-height:150px;aspect-ratio:unset;\"><div class=\"wp-block-cover__inner-container is-layout-flow wp-block-cover-is-layout-flow\">\n<p class=\"has-text-color has-text-align-center has-medium-font-size has-very-light-gray-color wp-block-paragraph\"><strong><a href=\"https:\/\/www.ufmg.br\/espacodoconhecimento\/mostrauniversidadecidade\/locais\/centro-cultural-alto-vera-cruz\/\"><span class=\"has-inline-color has-very-light-gray-color\">Centro Cultural Alto Vera Cruz<\/span><\/a><\/strong><\/p>\n<\/div><\/div>\n\n\n\n<div style=\"height:20px\" aria-hidden=\"true\" class=\"wp-block-spacer\"><\/div>\n\n\n\n<div class=\"wp-block-cover has-background-dim-80 has-background-dim\" style=\"background-image:url(https:\/\/www.ufmg.br\/espacodoconhecimento\/mostrauniversidadecidade\/wp-content\/uploads\/2020\/11\/centro-cultural-bairro-das-ind\u00fastrias0.png);background-color:#201816;background-position:60% 6%;min-height:150px;aspect-ratio:unset;\"><div class=\"wp-block-cover__inner-container is-layout-flow wp-block-cover-is-layout-flow\">\n<p class=\"has-text-color has-text-align-center has-medium-font-size has-very-light-gray-color wp-block-paragraph\"><strong><a href=\"https:\/\/www.ufmg.br\/espacodoconhecimento\/mostrauniversidadecidade\/locais\/centro-cultural-bairro-das-industrias\/\"><span class=\"has-inline-color has-very-light-gray-color\">Centro Cultural Bairro das Ind\u00fastrias<\/span><\/a><\/strong><\/p>\n<\/div><\/div>\n\n\n\n<div style=\"height:20px\" aria-hidden=\"true\" class=\"wp-block-spacer\"><\/div>\n\n\n\n<div class=\"wp-block-cover has-background-dim-80 has-background-dim\" style=\"background-image:url(https:\/\/www.ufmg.br\/espacodoconhecimento\/mostrauniversidadecidade\/wp-content\/uploads\/2020\/11\/centro-cultural-jardim-guanabara0.png);background-color:#201816;background-position:54% 13%;min-height:150px;aspect-ratio:unset;\"><div class=\"wp-block-cover__inner-container is-layout-flow wp-block-cover-is-layout-flow\">\n<p style=\"color:#ffffff\" class=\"has-text-color has-text-align-center has-medium-font-size wp-block-paragraph\"><strong><a href=\"https:\/\/www.ufmg.br\/espacodoconhecimento\/mostrauniversidadecidade\/locais\/centro-cultural-jardim-guanabara\/\"><span class=\"has-inline-color has-very-light-gray-color\">Centro Cultural Jardim Guanabara<\/span><\/a><\/strong><\/p>\n<\/div><\/div>\n\n\n\n<div style=\"height:20px\" aria-hidden=\"true\" class=\"wp-block-spacer\"><\/div>\n\n\n\n<div class=\"wp-block-cover has-background-dim-80 has-background-dim\" style=\"background-image:url(https:\/\/www.ufmg.br\/espacodoconhecimento\/mostrauniversidadecidade\/wp-content\/uploads\/2020\/11\/centro-cultural-liberalino0.png);background-color:#201816;background-position:55% 68%;min-height:150px;aspect-ratio:unset;\"><div class=\"wp-block-cover__inner-container is-layout-flow wp-block-cover-is-layout-flow\">\n<p style=\"color:#ffffff\" class=\"has-text-color has-text-align-center has-medium-font-size wp-block-paragraph\"><strong><a href=\"https:\/\/www.ufmg.br\/espacodoconhecimento\/mostrauniversidadecidade\/locais\/centro-cultural-liberalino-alves-de-oliveira\/\"><span class=\"has-inline-color has-very-light-gray-color\">Centro Cultural Liberalino Alves de Oliveira<\/span><\/a><\/strong><\/p>\n<\/div><\/div>\n\n\n\n<div style=\"height:20px\" aria-hidden=\"true\" class=\"wp-block-spacer\"><\/div>\n\n\n\n<div class=\"wp-block-cover has-background-dim-80 has-background-dim\" style=\"background-image:url(https:\/\/www.ufmg.br\/espacodoconhecimento\/mostrauniversidadecidade\/wp-content\/uploads\/2020\/11\/centro-cultural-lindeia-regina0.png);background-color:#201816;background-position:77% 48%;min-height:150px;aspect-ratio:unset;\"><div class=\"wp-block-cover__inner-container is-layout-flow wp-block-cover-is-layout-flow\">\n<p style=\"color:#ffffff\" class=\"has-text-color has-text-align-center has-medium-font-size wp-block-paragraph\"><strong><a href=\"https:\/\/www.ufmg.br\/espacodoconhecimento\/mostrauniversidadecidade\/locais\/centro-cultural-lindeia-regina\/\"><span class=\"has-inline-color has-very-light-gray-color\">Centro Cultural Lind\u00e9ia Regina<\/span><\/a><\/strong><\/p>\n<\/div><\/div>\n\n\n\n<div style=\"height:20px\" aria-hidden=\"true\" class=\"wp-block-spacer\"><\/div>\n\n\n\n<div class=\"wp-block-cover has-background-dim-80 has-background-dim\" style=\"background-image:url(https:\/\/www.ufmg.br\/espacodoconhecimento\/mostrauniversidadecidade\/wp-content\/uploads\/2020\/11\/centro-cultural-padre-eustaqui0.png);background-color:#201816;background-position:79% 74%;min-height:150px;aspect-ratio:unset;\"><div class=\"wp-block-cover__inner-container is-layout-flow wp-block-cover-is-layout-flow\">\n<p style=\"color:#ffffff\" class=\"has-text-color has-text-align-center has-medium-font-size wp-block-paragraph\"><strong><a href=\"https:\/\/www.ufmg.br\/espacodoconhecimento\/mostrauniversidadecidade\/locais\/centro-cultural-padre-eustaquio\/\"><span class=\"has-inline-color has-very-light-gray-color\">Centro Cultural Padre Eust\u00e1quio<\/span><\/a><\/strong><\/p>\n<\/div><\/div>\n\n\n\n<div style=\"height:20px\" aria-hidden=\"true\" class=\"wp-block-spacer\"><\/div>\n\n\n\n<div class=\"wp-block-cover has-background-dim-80 has-background-dim\" style=\"background-image:url(https:\/\/www.ufmg.br\/espacodoconhecimento\/mostrauniversidadecidade\/wp-content\/uploads\/2020\/11\/centro-cultural-pampulha0.png);background-color:#201816;background-position:81% 64%;min-height:150px;aspect-ratio:unset;\"><div class=\"wp-block-cover__inner-container is-layout-flow wp-block-cover-is-layout-flow\">\n<p style=\"color:#ffffff\" class=\"has-text-color has-text-align-center has-medium-font-size wp-block-paragraph\"><strong><a href=\"https:\/\/www.ufmg.br\/espacodoconhecimento\/mostrauniversidadecidade\/locais\/centro-cultural-pampulha\"><span class=\"has-inline-color has-very-light-gray-color\">Centro Cultural Pampulha<\/span><\/a><\/strong><\/p>\n<\/div><\/div>\n\n\n\n<div style=\"height:20px\" aria-hidden=\"true\" class=\"wp-block-spacer\"><\/div>\n\n\n\n<div class=\"wp-block-cover has-background-dim-80 has-background-dim\" style=\"background-image:url(https:\/\/www.ufmg.br\/espacodoconhecimento\/mostrauniversidadecidade\/wp-content\/uploads\/2020\/11\/centro-cultural-salgado-filho0.png);background-color:#201816;background-position:83% 37%;min-height:150px;aspect-ratio:unset;\"><div class=\"wp-block-cover__inner-container is-layout-flow wp-block-cover-is-layout-flow\">\n<p style=\"color:#ffffff\" class=\"has-text-color has-text-align-center has-medium-font-size wp-block-paragraph\"><strong><a href=\"https:\/\/www.ufmg.br\/espacodoconhecimento\/mostrauniversidadecidade\/locais\/centro-cultural-salgado-filho\/\"><span class=\"has-inline-color has-very-light-gray-color\">Centro Cultural Salgado Filho<\/span><\/a><\/strong><\/p>\n<\/div><\/div>\n\n\n\n<div style=\"height:20px\" aria-hidden=\"true\" class=\"wp-block-spacer\"><\/div>\n\n\n\n<div class=\"wp-block-cover has-background-dim-80 has-background-dim\" style=\"background-image:url(https:\/\/www.ufmg.br\/espacodoconhecimento\/mostrauniversidadecidade\/wp-content\/uploads\/2020\/11\/centro-cultural-sao-bernardo0.png);background-color:#201816;background-position:79% 53%;min-height:150px;aspect-ratio:unset;\"><div class=\"wp-block-cover__inner-container is-layout-flow wp-block-cover-is-layout-flow\">\n<p style=\"color:#ffffff\" class=\"has-text-color has-text-align-center has-medium-font-size wp-block-paragraph\"><strong><a href=\"https:\/\/www.ufmg.br\/espacodoconhecimento\/mostrauniversidadecidade\/locais\/centro-cultural-sao-bernardo\/\"><span class=\"has-inline-color has-very-light-gray-color\">Centro Cultural S\u00e3o Bernardo<\/span><\/a><\/strong><\/p>\n<\/div><\/div>\n\n\n\n<div style=\"height:20px\" aria-hidden=\"true\" class=\"wp-block-spacer\"><\/div>\n\n\n\n<div class=\"wp-block-cover has-background-dim-80 has-background-dim\" style=\"background-image:url(https:\/\/www.ufmg.br\/espacodoconhecimento\/mostrauniversidadecidade\/wp-content\/uploads\/2020\/11\/centro-cultural-sao-geraldo0.png);background-color:#201816;background-position:85% 48%;min-height:150px;aspect-ratio:unset;\"><div class=\"wp-block-cover__inner-container is-layout-flow wp-block-cover-is-layout-flow\">\n<p style=\"color:#ffffff\" class=\"has-text-color has-text-align-center has-medium-font-size wp-block-paragraph\"><strong><a href=\"https:\/\/www.ufmg.br\/espacodoconhecimento\/mostrauniversidadecidade\/locais\/centro-cultural-sao-geraldo\/\"><span class=\"has-inline-color has-very-light-gray-color\">Centro Cultural S\u00e3o Geraldo<\/span><\/a><\/strong><\/p>\n<\/div><\/div>\n\n\n\n<div style=\"height:20px\" aria-hidden=\"true\" class=\"wp-block-spacer\"><\/div>\n\n\n\n<div class=\"wp-block-cover has-background-dim-80 has-background-dim\" style=\"background-image:url(https:\/\/www.ufmg.br\/espacodoconhecimento\/mostrauniversidadecidade\/wp-content\/uploads\/2020\/11\/centro-cultural-urucuia0.png);background-color:#201816;background-position:81% 41%;min-height:150px;aspect-ratio:unset;\"><div class=\"wp-block-cover__inner-container is-layout-flow wp-block-cover-is-layout-flow\">\n<p style=\"color:#ffffff\" class=\"has-text-color has-text-align-center has-medium-font-size wp-block-paragraph\"><strong><a href=\"https:\/\/www.ufmg.br\/espacodoconhecimento\/mostrauniversidadecidade\/locais\/centro-cultural-urucuia\/\"><span class=\"has-inline-color has-very-light-gray-color\">Centro Cultural Urucuia<\/span><\/a><\/strong><\/p>\n<\/div><\/div>\n\n\n\n<div style=\"height:20px\" aria-hidden=\"true\" class=\"wp-block-spacer\"><\/div>\n\n\n\n<div class=\"wp-block-cover has-background-dim-80 has-background-dim\" style=\"background-image:url(https:\/\/www.ufmg.br\/espacodoconhecimento\/mostrauniversidadecidade\/wp-content\/uploads\/2020\/11\/centro-cultural-venda-nova0.png);background-color:#201816;background-position:78% 64%;min-height:150px;aspect-ratio:unset;\"><div class=\"wp-block-cover__inner-container is-layout-flow wp-block-cover-is-layout-flow\">\n<p style=\"color:#ffffff\" class=\"has-text-color has-text-align-center has-medium-font-size wp-block-paragraph\"><strong><a href=\"https:\/\/www.ufmg.br\/espacodoconhecimento\/mostrauniversidadecidade\/locais\/centro-cultural-venda-nova\/\"><span class=\"has-inline-color has-very-light-gray-color\">Centro Cultural Venda Nova<\/span><\/a><\/strong><\/p>\n<\/div><\/div>\n\n\n\n<div style=\"height:20px\" aria-hidden=\"true\" class=\"wp-block-spacer\"><\/div>\n\n\n\n<div class=\"wp-block-cover has-background-dim-80 has-background-dim\" style=\"background-image:url(https:\/\/www.ufmg.br\/espacodoconhecimento\/mostrauniversidadecidade\/wp-content\/uploads\/2020\/11\/centro-cultural-vila-fatima0.png);background-color:#201816;background-position:84% 55%;min-height:150px;aspect-ratio:unset;\"><div class=\"wp-block-cover__inner-container is-layout-flow wp-block-cover-is-layout-flow\">\n<p style=\"color:#ffffff\" class=\"has-text-color has-text-align-center has-medium-font-size wp-block-paragraph\"><strong><a href=\"https:\/\/www.ufmg.br\/espacodoconhecimento\/mostrauniversidadecidade\/locais\/centro-cultural-vila-fatima\/\"><span class=\"has-inline-color has-very-light-gray-color\">Centro Cultural Vila F\u00e1tima<\/span><\/a><\/strong><\/p>\n<\/div><\/div>\n\n\n\n<div style=\"height:20px\" aria-hidden=\"true\" class=\"wp-block-spacer\"><\/div>\n\n\n\n<div class=\"wp-block-cover has-background-dim-80 has-background-dim\" style=\"background-image:url(https:\/\/www.ufmg.br\/espacodoconhecimento\/mostrauniversidadecidade\/wp-content\/uploads\/2020\/11\/centro-cultural-vila-mar\u00e7ola0.png);background-color:#201816;background-position:79% 64%;min-height:150px;aspect-ratio:unset;\"><div class=\"wp-block-cover__inner-container is-layout-flow wp-block-cover-is-layout-flow\">\n<p style=\"color:#ffffff\" class=\"has-text-color has-text-align-center has-medium-font-size wp-block-paragraph\"><strong><a href=\"https:\/\/www.ufmg.br\/espacodoconhecimento\/mostrauniversidadecidade\/locais\/centro-cultural-vila-marcola\/\"><span class=\"has-inline-color has-very-light-gray-color\">Centro Cultural Vila Mar\u00e7ola<\/span><\/a><\/strong><\/p>\n<\/div><\/div>\n\n\n\n<div style=\"height:20px\" aria-hidden=\"true\" class=\"wp-block-spacer\"><\/div>\n\n\n\n<div class=\"wp-block-cover has-background-dim-80 has-background-dim\" style=\"background-image:url(https:\/\/www.ufmg.br\/espacodoconhecimento\/mostrauniversidadecidade\/wp-content\/uploads\/2020\/11\/centro-cultural-vila-santa-rita0.png);background-color:#201816;background-position:84% 60%;min-height:150px;aspect-ratio:unset;\"><div class=\"wp-block-cover__inner-container is-layout-flow wp-block-cover-is-layout-flow\">\n<p style=\"color:#ffffff\" class=\"has-text-color has-text-align-center has-medium-font-size wp-block-paragraph\"><strong><a href=\"https:\/\/www.ufmg.br\/espacodoconhecimento\/mostrauniversidadecidade\/locais\/centro-cultural-vila-santa-rita\/\"><span class=\"has-inline-color has-very-light-gray-color\">Centro Cultural Vila Santa Rita<\/span><\/a><\/strong><\/p>\n<\/div><\/div>\n\n\n\n<div style=\"height:20px\" aria-hidden=\"true\" class=\"wp-block-spacer\"><\/div>\n\n\n\n<div class=\"wp-block-cover has-background-dim-80 has-background-dim\" style=\"background-image:url(https:\/\/www.ufmg.br\/espacodoconhecimento\/mostrauniversidadecidade\/wp-content\/uploads\/2020\/11\/centro-cultural-sao-bernardo0.png);background-color:#201816;background-position:79% 53%;min-height:150px;aspect-ratio:unset;\"><div class=\"wp-block-cover__inner-container is-layout-flow wp-block-cover-is-layout-flow\">\n<p style=\"color:#ffffff\" class=\"has-text-color has-text-align-center has-medium-font-size wp-block-paragraph\"><strong><a href=\"https:\/\/www.ufmg.br\/espacodoconhecimento\/mostrauniversidadecidade\/locais\/centro-cultural-zilah-sposito\/\"><span class=\"has-inline-color has-very-light-gray-color\">Centro Cultural Zilah Sp\u00f3sito<\/span><\/a><\/strong><\/p>\n<\/div><\/div>\n\n\n\n<div style=\"height:20px\" aria-hidden=\"true\" class=\"wp-block-spacer\"><\/div>\n\n\n\n<div class=\"wp-block-cover has-background-dim-80 has-background-dim\" style=\"background-image:url(https:\/\/www.ufmg.br\/espacodoconhecimento\/mostrauniversidadecidade\/wp-content\/uploads\/2020\/11\/centro-cultural-usina-de-cultura0.png);background-color:#201816;background-position:88% 84%;min-height:150px;aspect-ratio:unset;\"><div class=\"wp-block-cover__inner-container is-layout-flow wp-block-cover-is-layout-flow\">\n<p style=\"color:#ffffff\" class=\"has-text-color has-text-align-center has-medium-font-size wp-block-paragraph\"><strong><a href=\"https:\/\/www.ufmg.br\/espacodoconhecimento\/mostrauniversidadecidade\/locais\/usina-de-cultura-centro-cultural-nordeste\/\"><span class=\"has-inline-color has-very-light-gray-color\">Usina de Cultura Centro Cultural Nordeste<\/span><\/a><\/strong><\/p>\n<\/div><\/div>\n","protected":false},"excerpt":{"rendered":"<p>A Mostra Universidade Cidade foi concebida visando promover o di\u00e1logo, [&hellip;]<\/p>\n","protected":false},"author":1,"featured_media":0,"parent":0,"menu_order":0,"comment_status":"closed","ping_status":"closed","template":"","meta":{"_acf_changed":false,"_monsterinsights_skip_tracking":false,"footnotes":""},"class_list":["post-17","page","type-page","status-publish","hentry"],"acf":[],"_links":{"self":[{"href":"https:\/\/www.ufmg.br\/espacodoconhecimento\/mostrauniversidadecidade\/wp-json\/wp\/v2\/pages\/17","targetHints":{"allow":["GET"]}}],"collection":[{"href":"https:\/\/www.ufmg.br\/espacodoconhecimento\/mostrauniversidadecidade\/wp-json\/wp\/v2\/pages"}],"about":[{"href":"https:\/\/www.ufmg.br\/espacodoconhecimento\/mostrauniversidadecidade\/wp-json\/wp\/v2\/types\/page"}],"author":[{"embeddable":true,"href":"https:\/\/www.ufmg.br\/espacodoconhecimento\/mostrauniversidadecidade\/wp-json\/wp\/v2\/users\/1"}],"replies":[{"embeddable":true,"href":"https:\/\/www.ufmg.br\/espacodoconhecimento\/mostrauniversidadecidade\/wp-json\/wp\/v2\/comments?post=17"}],"version-history":[{"count":164,"href":"https:\/\/www.ufmg.br\/espacodoconhecimento\/mostrauniversidadecidade\/wp-json\/wp\/v2\/pages\/17\/revisions"}],"predecessor-version":[{"id":3771,"href":"https:\/\/www.ufmg.br\/espacodoconhecimento\/mostrauniversidadecidade\/wp-json\/wp\/v2\/pages\/17\/revisions\/3771"}],"wp:attachment":[{"href":"https:\/\/www.ufmg.br\/espacodoconhecimento\/mostrauniversidadecidade\/wp-json\/wp\/v2\/media?parent=17"}],"curies":[{"name":"wp","href":"https:\/\/api.w.org\/{rel}","templated":true}]}}