{"id":515,"date":"2020-11-25T17:52:54","date_gmt":"2020-11-25T20:52:54","guid":{"rendered":"https:\/\/www.ufmg.br\/espacodoconhecimento\/mostrauniversidadecidade\/?page_id=515"},"modified":"2021-02-26T21:33:19","modified_gmt":"2021-02-27T00:33:19","slug":"compasso","status":"publish","type":"page","link":"https:\/\/www.ufmg.br\/espacodoconhecimento\/mostrauniversidadecidade\/compasso\/","title":{"rendered":"Compasso"},"content":{"rendered":"\n<p class=\"wp-block-paragraph\">Grande parte das cidades brasileiras convivem com problemas ambientais associados a padr\u00f5es de desenvolvimento e transforma\u00e7\u00e3o de \u00e1reas geogr\u00e1ficas. Neste contexto, \u00e9 importante destacar que os impactos ambientais advindos das mudan\u00e7as clim\u00e1ticas s\u00e3o agravados pelo quadro social do pa\u00eds.<\/p>\n\n\n\n<figure class=\"wp-block-embed-youtube wp-block-embed is-type-video is-provider-youtube wp-embed-aspect-16-9 wp-has-aspect-ratio\"><div class=\"wp-block-embed__wrapper\">\n\t\t\t<div data-mode=\"normal\" data-oembed=\"1\" data-provider=\"youtube\" id=\"arve-youtube-cqrqtusybm4\" style=\"max-width:400px;\" class=\"arve aligncenter\">\n\t\t\t\t<div class=\"arve-inner\">\n\t\t\t\t\t<div style=\"aspect-ratio:500\/281\" class=\"arve-embed arve-embed--has-aspect-ratio\">\n\t\t\t\t\t\t<div class=\"arve-ar\" style=\"padding-top:56.200000%\"><\/div>\n\t\t\t<iframe allow=\"accelerometer &apos;none&apos;;autoplay &apos;none&apos;;bluetooth &apos;none&apos;;browsing-topics &apos;none&apos;;camera &apos;none&apos;;clipboard-read &apos;none&apos;;clipboard-write;display-capture &apos;none&apos;;encrypted-media &apos;none&apos;;gamepad &apos;none&apos;;geolocation &apos;none&apos;;gyroscope &apos;none&apos;;hid &apos;none&apos;;identity-credentials-get &apos;none&apos;;idle-detection &apos;none&apos;;keyboard-map &apos;none&apos;;local-fonts;magnetometer &apos;none&apos;;microphone &apos;none&apos;;midi &apos;none&apos;;otp-credentials &apos;none&apos;;payment &apos;none&apos;;picture-in-picture;publickey-credentials-create &apos;none&apos;;publickey-credentials-get &apos;none&apos;;screen-wake-lock &apos;none&apos;;serial &apos;none&apos;;summarizer &apos;none&apos;;sync-xhr;usb &apos;none&apos;;web-share;window-management &apos;none&apos;;xr-spatial-tracking &apos;none&apos;;\" allowfullscreen=\"\" class=\"arve-iframe fitvidsignore\" credentialless data-arve=\"arve-youtube-cqrqtusybm4\" data-lenis-prevent=\"\" data-src-no-ap=\"https:\/\/www.youtube.com\/embed\/CqrqtusybM4?feature=oembed&amp;iv_load_policy=3&amp;modestbranding=1&amp;rel=0&amp;autohide=1&amp;playsinline=0&amp;autoplay=0\" frameborder=\"0\" height=\"224.8\" loading=\"lazy\" name=\"\" referrerpolicy=\"strict-origin-when-cross-origin\" sandbox=\"allow-scripts allow-same-origin allow-presentation allow-popups allow-popups-to-escape-sandbox\" scrolling=\"no\" src=\"https:\/\/www.youtube.com\/embed\/CqrqtusybM4?feature=oembed&#038;iv_load_policy=3&#038;modestbranding=1&#038;rel=0&#038;autohide=1&#038;playsinline=0&#038;autoplay=0\" title=\"\" width=\"400\"><\/iframe>\n\t\t\t\t\t\t\t\t<\/div>\n\t\t\t\t\t\t\t\t\t<\/div>\n\t\t\t\t\t\t\t\t\t\t\t\t<script type=\"application\/ld+json\">{\"@context\":\"http:\\\/\\\/schema.org\\\/\",\"@id\":\"https:\\\/\\\/www.ufmg.br\\\/espacodoconhecimento\\\/mostrauniversidadecidade\\\/compasso\\\/#arve-youtube-cqrqtusybm4\",\"@type\":\"VideoObject\",\"embedURL\":\"https:\\\/\\\/www.youtube.com\\\/embed\\\/CqrqtusybM4?feature=oembed&iv_load_policy=3&modestbranding=1&rel=0&autohide=1&playsinline=0&autoplay=0\"}<\/script>\t\t\t\t\t\t\t<\/div>\n\t\t\t\n<\/div><\/figure>\n\n\n<p>O Programa COMPASSO, criado em 2018, \u00e9 uma parceria entre as universidades \u2013 UFMG e UEMG &#8211; e municipalidades com o intuito de aumentar a resili\u00eancia dos territ\u00f3rios vulner\u00e1veis \u00e0s consequ\u00eancias dos eventos clim\u00e1ticos, por meio de a\u00e7\u00f5es participativas e interdisciplinares.<br data-rich-text-line-break=\"true\" \/>Atualmente o Programa COMPASSO desenvolve a\u00e7\u00f5es de extens\u00e3o em parceria com as prefeituras de Belo Horizonte e Contagem. Durante o ano de 2020 foram desenvolvidas cinco a\u00e7\u00f5es de extens\u00e3o: Oficina de\u00a0cocria\u00e7\u00e3o\u00a0de ideias para a regi\u00e3o do Confisco; Comunidades Criativas (Bairro Confisco\/ BH e Contagem);\u00a0Aplica\u00e7\u00e3o de revestimentos em habita\u00e7\u00f5es autoconstru\u00eddas: o uso das argamassas pigmentadas produzidas com res\u00edduos (Conjunto Paulo VI\/ BH); Projeto de Ponto de Apoio aos Sistemas Agroecol\u00f3gicos \u2013 Unidades Produtivas da Agricultura Urbana Coletiva\/Comunit\u00e1ria (Conjunto Paulo VI\/ BH) e o Projeto Escolas Solares (Novo Aar\u00e3o Reis\/ BH). Atualmente, a equipe do COMPASSO hoje conta com a participa\u00e7\u00e3o de docentes e discentes bolsistas e volunt\u00e1rios de gradua\u00e7\u00e3o e p\u00f3s-gradua\u00e7\u00e3o da UFMG e UEMG e com t\u00e9cnicos da PBH.<\/p>\n\n\n<div style=\"height:20px\" aria-hidden=\"true\" class=\"wp-block-spacer\"><\/div>\n\n\n<p><strong>Docentes:<\/strong><\/p>\n<p>Rejane Magiag Loura (coordena\u00e7\u00e3o),<\/p>\n<p>Natalia Aguiar Mol (coordena\u00e7\u00e3o),<\/p>\n<p>K\u00e1tia Andr\u00e9a Carvalhaes P\u00eago (coordena\u00e7\u00e3o),<\/p>\n<p>Eleonora Sad de Assis (coordena\u00e7\u00e3o),<\/p>\n<p>Leonardo Geraldo de Oliveira Gomes,<\/p>\n<p>Sofia Araujo Lima Bessa,<\/p>\n<p>Roberta Vieira Gon\u00e7alves de Souza,<\/p>\n<p>Flavio Hara,<\/p>\n<p>Elizabeth Marques Duarte Pereira.<\/p>\n\n\n<div style=\"height:20px\" aria-hidden=\"true\" class=\"wp-block-spacer\"><\/div>\n\n\n<p><strong>Discentes P\u00f3s-Gradua\u00e7\u00e3o:<\/strong><\/p>\n<p>Ana J\u00falia Maia Mairink,<\/p>\n<p>Marina Soares Silva,<\/p>\n<p>Mar\u00edlia Israel de Azevedo Borges,<\/p>\n<p>Isadora Carvalho Ferreira Buchala,<\/p>\n<p>Daniele Aparecida Santos Cipriano,<\/p>\n<p>Tatiana de Castro e Souza,<\/p>\n<p>Alice Novato Silva de Faria.<\/p>\n\n\n<div style=\"height:20px\" aria-hidden=\"true\" class=\"wp-block-spacer\"><\/div>\n\n\n<p><strong>Discentes Gradua\u00e7\u00e3o:<\/strong><\/p>\n<p>Danielly Marcianny Silva Eulario,<\/p>\n<p>Jo\u00e3o Victor Vilete Oliveira,<\/p>\n<p>Raquel Siman Bitencourt,<\/p>\n<p>Mariana Oliveira Vasconcellos Motta,<\/p>\n<p>Natalia Zeferino Noia,<\/p>\n<p>Thadeu Ribeiro Abreu Neves,<\/p>\n<p>Beatriz Ribeiro Bartholo,<\/p>\n<p>Sabrina De Oliveira Fabiano,<\/p>\n<p>Carolina Bordoni Diniz,<\/p>\n<p>Alice Menezes Monteiro,<\/p>\n<p>Tiago Almeida Nogueira,<\/p>\n<p>Ira Nasser Rosa Oliveira,<\/p>\n<p>Bruna Almeida de Souza Andrade.<\/p>\n\n\n<div style=\"height:20px\" aria-hidden=\"true\" class=\"wp-block-spacer\"><\/div>\n\n\n<p><strong>T\u00e9cnicos PBH:<\/strong><\/p>\n<p>Ana Maria Caetano Pereira (coordena\u00e7\u00e3o),<\/p>\n<p>J\u00falio C\u00e9sar De Marco (coordena\u00e7\u00e3o),<\/p>\n<p>Walacy Da Rocha Cruz,<\/p>\n<p>Dany Silvio Souza Leite Amaral.<\/p>\n\n\n<p class=\"wp-block-paragraph\"><\/p>\n","protected":false},"excerpt":{"rendered":"<p>Grande parte das cidades brasileiras convivem com problemas ambientais associados [&hellip;]<\/p>\n","protected":false},"author":1,"featured_media":0,"parent":0,"menu_order":0,"comment_status":"closed","ping_status":"closed","template":"","meta":{"_acf_changed":false,"_monsterinsights_skip_tracking":false,"footnotes":""},"class_list":["post-515","page","type-page","status-publish","hentry"],"acf":[],"_links":{"self":[{"href":"https:\/\/www.ufmg.br\/espacodoconhecimento\/mostrauniversidadecidade\/wp-json\/wp\/v2\/pages\/515","targetHints":{"allow":["GET"]}}],"collection":[{"href":"https:\/\/www.ufmg.br\/espacodoconhecimento\/mostrauniversidadecidade\/wp-json\/wp\/v2\/pages"}],"about":[{"href":"https:\/\/www.ufmg.br\/espacodoconhecimento\/mostrauniversidadecidade\/wp-json\/wp\/v2\/types\/page"}],"author":[{"embeddable":true,"href":"https:\/\/www.ufmg.br\/espacodoconhecimento\/mostrauniversidadecidade\/wp-json\/wp\/v2\/users\/1"}],"replies":[{"embeddable":true,"href":"https:\/\/www.ufmg.br\/espacodoconhecimento\/mostrauniversidadecidade\/wp-json\/wp\/v2\/comments?post=515"}],"version-history":[{"count":6,"href":"https:\/\/www.ufmg.br\/espacodoconhecimento\/mostrauniversidadecidade\/wp-json\/wp\/v2\/pages\/515\/revisions"}],"predecessor-version":[{"id":3590,"href":"https:\/\/www.ufmg.br\/espacodoconhecimento\/mostrauniversidadecidade\/wp-json\/wp\/v2\/pages\/515\/revisions\/3590"}],"wp:attachment":[{"href":"https:\/\/www.ufmg.br\/espacodoconhecimento\/mostrauniversidadecidade\/wp-json\/wp\/v2\/media?parent=515"}],"curies":[{"name":"wp","href":"https:\/\/api.w.org\/{rel}","templated":true}]}}