{"id":531,"date":"2020-12-03T18:41:13","date_gmt":"2020-12-03T21:41:13","guid":{"rendered":"https:\/\/www.ufmg.br\/espacodoconhecimento\/mostrauniversidadecidade\/?page_id=531"},"modified":"2021-01-18T16:30:52","modified_gmt":"2021-01-18T19:30:52","slug":"leve","status":"publish","type":"page","link":"https:\/\/www.ufmg.br\/espacodoconhecimento\/mostrauniversidadecidade\/leve\/","title":{"rendered":"leve"},"content":{"rendered":"\n<div style=\"height:20px\" aria-hidden=\"true\" class=\"wp-block-spacer\"><\/div>\n\n\n\n<div class=\"wp-block-columns is-layout-flex wp-container-core-columns-is-layout-8f761849 wp-block-columns-is-layout-flex\">\n<div class=\"wp-block-column is-layout-flow wp-block-column-is-layout-flow\" style=\"flex-basis:33.33%\">\n<div class=\"wp-block-image\"><figure class=\"alignright size-large is-resized\"><img loading=\"lazy\" decoding=\"async\" src=\"https:\/\/www.ufmg.br\/espacodoconhecimento\/mostrauniversidadecidade\/wp-content\/uploads\/2020\/12\/ezgif.com-webp-to-png.png\" alt=\"\" class=\"wp-image-907\" width=\"119\" height=\"123\"\/><\/figure><\/div>\n<\/div>\n\n\n\n<div class=\"wp-block-column is-layout-flow wp-block-column-is-layout-flow\" style=\"flex-basis:80%\">\n<p class=\"wp-block-paragraph\">O leve | laborat\u00f3rio de estudos e viv\u00eancias da espacialidade \u00e9 um grupo de pesquisa e a\u00e7\u00e3o criado no \u00e2mbito da Escola de Belas Artes da UFMG e certificado pelo CNPq, tendo como tem\u00e1tica principal a espacialidade na arte contempor\u00e2nea, em abordagem te\u00f3rico-pr\u00e1tica, visando as rela\u00e7\u00f5es entre a arte e o espa\u00e7o social.<\/p>\n<\/div>\n<\/div>\n\n\n\n<p class=\"wp-block-paragraph\">A espacialidade \u00e9 o conceito estruturante que estabelece converg\u00eancias entre artistas, estudantes, professores e pesquisadores orientados por um vi\u00e9s transdisciplinar, tendo o espa\u00e7o urbano como principal foco de interesse e ativa\u00e7\u00e3o, seja a partir de provoca\u00e7\u00f5es est\u00e9ticas, seja por constituir nele percursos, a\u00e7\u00f5es e\/ou interven\u00e7\u00f5es. O desafio que se coloca e que anima a pesquisa art\u00edstica proposta pelo grupo leve est\u00e1 ainda no enfrentamento e atravessamento das m\u00faltiplas circunst\u00e2ncias sociais, pol\u00edticas e culturais em que se encontra imerso, experimentando a busca constante de uma pertin\u00eancia hist\u00f3rica e cr\u00edtica em suas a\u00e7\u00f5es, assim como o compartilhamento e registro das mesmas a fim de consolidar uma mem\u00f3ria e difus\u00e3o das experi\u00eancias empreendidas.<\/p>\n\n\n<h3><span style=\"color: #333333;\">Ficha T\u00e9cnica<\/span><\/h3>\n<p>\u00a0<\/p>\n<p><strong data-rich-text-format-boundary=\"true\">Participantes:<\/strong><\/p>\n<p>Ang\u00e9lica Adverse<br data-rich-text-line-break=\"true\" \/>Armando Queiroz<br data-rich-text-line-break=\"true\" \/>Elisa Campos<br data-rich-text-line-break=\"true\" \/>Frederico Caiafa<br data-rich-text-line-break=\"true\" \/>Jo A-mi<br data-rich-text-line-break=\"true\" \/>Jos\u00e9 Lara<br data-rich-text-line-break=\"true\" \/>Isadora Bellavinha<br data-rich-text-line-break=\"true\" \/>Ricardo Macedo<br data-rich-text-line-break=\"true\" \/>Rodrigo Rafael Gonzaga<\/p>\n<p>\u00a0<\/p>\n<p><strong data-rich-text-format-boundary=\"true\">Coordena\u00e7\u00e3o:<\/strong><\/p>\n<p>Elisa Campos<br data-rich-text-line-break=\"true\" \/>Departamento de Desenho<br data-rich-text-line-break=\"true\" \/>Escola de Belas Artes UFMG<\/p>\n\n\n<p class=\"wp-block-paragraph\">Site do grupo de pesquisa: <a rel=\"noreferrer noopener\" target=\"_blank\" href=\"https:\/\/leveufmg.wixsite.com\/grupodepesquisaleve\">https:\/\/leveufmg.wixsite.com\/grupodepesquisaleve<\/a><\/p>\n\n\n\n<div style=\"height:20px\" aria-hidden=\"true\" class=\"wp-block-spacer\"><\/div>\n\n\n\n<div class=\"wp-block-buttons is-layout-flex wp-block-buttons-is-layout-flex\">\n<div class=\"wp-block-button\"><a class=\"wp-block-button__link has-background has-very-dark-gray-background-color\" href=\"https:\/\/www.ufmg.br\/espacodoconhecimento\/mostrauniversidadecidade\/equivalencias-das-janelas\/\" style=\"border-radius:4px\"><img loading=\"lazy\" decoding=\"async\" width=\"500\" height=\"281\" class=\"wp-image-2901\" style=\"width: 500px;\" src=\"https:\/\/www.ufmg.br\/espacodoconhecimento\/mostrauniversidadecidade\/wp-content\/uploads\/2021\/01\/equivalencia-das-janelas.jpeg\" alt=\"\" srcset=\"https:\/\/www.ufmg.br\/espacodoconhecimento\/mostrauniversidadecidade\/wp-content\/uploads\/2021\/01\/equivalencia-das-janelas.jpeg 1280w, https:\/\/www.ufmg.br\/espacodoconhecimento\/mostrauniversidadecidade\/wp-content\/uploads\/2021\/01\/equivalencia-das-janelas-300x169.jpeg 300w, https:\/\/www.ufmg.br\/espacodoconhecimento\/mostrauniversidadecidade\/wp-content\/uploads\/2021\/01\/equivalencia-das-janelas-1024x575.jpeg 1024w, https:\/\/www.ufmg.br\/espacodoconhecimento\/mostrauniversidadecidade\/wp-content\/uploads\/2021\/01\/equivalencia-das-janelas-768x431.jpeg 768w\" sizes=\"auto, (max-width: 500px) 100vw, 500px\" \/><br><strong><span class=\"has-inline-color has-very-light-gray-color\">Equival\u00eancias das janelas \u00bf<\/span><\/strong><\/a><\/div>\n<\/div>\n\n\n\n<div style=\"height:20px\" aria-hidden=\"true\" class=\"wp-block-spacer\"><\/div>\n\n\n\n<div class=\"wp-block-buttons is-layout-flex wp-block-buttons-is-layout-flex\">\n<div class=\"wp-block-button\"><a class=\"wp-block-button__link has-background has-very-dark-gray-background-color\" href=\"https:\/\/www.ufmg.br\/espacodoconhecimento\/mostrauniversidadecidade\/uma-leve-contaminacao\" style=\"border-radius:4px\"><img loading=\"lazy\" decoding=\"async\" width=\"500\" height=\"346\" class=\"wp-image-2838\" style=\"width: 500px;\" src=\"https:\/\/www.ufmg.br\/espacodoconhecimento\/mostrauniversidadecidade\/wp-content\/uploads\/2021\/01\/14_leve.png\" alt=\"\" srcset=\"https:\/\/www.ufmg.br\/espacodoconhecimento\/mostrauniversidadecidade\/wp-content\/uploads\/2021\/01\/14_leve.png 752w, https:\/\/www.ufmg.br\/espacodoconhecimento\/mostrauniversidadecidade\/wp-content\/uploads\/2021\/01\/14_leve-300x207.png 300w\" sizes=\"auto, (max-width: 500px) 100vw, 500px\" \/><br><strong><span class=\"has-inline-color has-very-light-gray-color\">uma leve contamina\u00e7\u00e3o&#8230;<\/span><\/strong><\/a><\/div>\n<\/div>\n\n\n\n<div style=\"height:60px\" aria-hidden=\"true\" class=\"wp-block-spacer\"><\/div>\n\n\n\n<hr class=\"wp-block-separator\"\/>\n\n\n\n<div style=\"height:96px\" aria-hidden=\"true\" class=\"wp-block-spacer\"><\/div>\n","protected":false},"excerpt":{"rendered":"<p>O leve | laborat\u00f3rio de estudos e viv\u00eancias da espacialidade [&hellip;]<\/p>\n","protected":false},"author":1,"featured_media":0,"parent":0,"menu_order":0,"comment_status":"closed","ping_status":"closed","template":"","meta":{"_acf_changed":false,"_monsterinsights_skip_tracking":false,"footnotes":""},"class_list":["post-531","page","type-page","status-publish","hentry"],"acf":[],"_links":{"self":[{"href":"https:\/\/www.ufmg.br\/espacodoconhecimento\/mostrauniversidadecidade\/wp-json\/wp\/v2\/pages\/531","targetHints":{"allow":["GET"]}}],"collection":[{"href":"https:\/\/www.ufmg.br\/espacodoconhecimento\/mostrauniversidadecidade\/wp-json\/wp\/v2\/pages"}],"about":[{"href":"https:\/\/www.ufmg.br\/espacodoconhecimento\/mostrauniversidadecidade\/wp-json\/wp\/v2\/types\/page"}],"author":[{"embeddable":true,"href":"https:\/\/www.ufmg.br\/espacodoconhecimento\/mostrauniversidadecidade\/wp-json\/wp\/v2\/users\/1"}],"replies":[{"embeddable":true,"href":"https:\/\/www.ufmg.br\/espacodoconhecimento\/mostrauniversidadecidade\/wp-json\/wp\/v2\/comments?post=531"}],"version-history":[{"count":34,"href":"https:\/\/www.ufmg.br\/espacodoconhecimento\/mostrauniversidadecidade\/wp-json\/wp\/v2\/pages\/531\/revisions"}],"predecessor-version":[{"id":2906,"href":"https:\/\/www.ufmg.br\/espacodoconhecimento\/mostrauniversidadecidade\/wp-json\/wp\/v2\/pages\/531\/revisions\/2906"}],"wp:attachment":[{"href":"https:\/\/www.ufmg.br\/espacodoconhecimento\/mostrauniversidadecidade\/wp-json\/wp\/v2\/media?parent=531"}],"curies":[{"name":"wp","href":"https:\/\/api.w.org\/{rel}","templated":true}]}}