{"id":547,"date":"2020-12-09T12:08:05","date_gmt":"2020-12-09T15:08:05","guid":{"rendered":"https:\/\/www.ufmg.br\/espacodoconhecimento\/mostrauniversidadecidade\/?page_id=547"},"modified":"2021-02-18T17:08:15","modified_gmt":"2021-02-18T19:08:15","slug":"radio-janela","status":"publish","type":"page","link":"https:\/\/www.ufmg.br\/espacodoconhecimento\/mostrauniversidadecidade\/radio-janela\/","title":{"rendered":"R\u00e1dio Janela"},"content":{"rendered":"\n<div class=\"wp-block-columns is-layout-flex wp-container-core-columns-is-layout-8f761849 wp-block-columns-is-layout-flex\">\n<div class=\"wp-block-column is-layout-flow wp-block-column-is-layout-flow\" style=\"flex-basis:42%\">\n<figure class=\"wp-block-image size-medium is-resized\"><img loading=\"lazy\" decoding=\"async\" src=\"https:\/\/www.ufmg.br\/espacodoconhecimento\/mostrauniversidadecidade\/wp-content\/uploads\/2021\/01\/R\u00e1dio-Janela-300x292.png\" alt=\"Logo R\u00e1dio Janela - Projeto COVID-19 - Carro Bilioteca\" class=\"wp-image-2383\" width=\"300\" height=\"292\" srcset=\"https:\/\/www.ufmg.br\/espacodoconhecimento\/mostrauniversidadecidade\/wp-content\/uploads\/2021\/01\/R\u00e1dio-Janela-300x292.png 300w, https:\/\/www.ufmg.br\/espacodoconhecimento\/mostrauniversidadecidade\/wp-content\/uploads\/2021\/01\/R\u00e1dio-Janela.png 572w\" sizes=\"auto, (max-width: 300px) 100vw, 300px\" \/><\/figure>\n<\/div>\n\n\n\n<div class=\"wp-block-column is-layout-flow wp-block-column-is-layout-flow\" style=\"flex-basis:66.66%\">\n<p class=\"western\" align=\"JUSTIFY\"><span style=\"font-size: large;\">A R\u00e1dio Janela \u00e9 um projeto vinculado ao Carro-Biblioteca da Escola de Ci\u00eancia da Informa\u00e7\u00e3o (ECI) da Universidade Federal de Minas Gerais (UFMG) que tem por objetivo levar informa\u00e7\u00e3o e cultura para as comunidades perif\u00e9ricas nesse tempo t\u00e3o conturbado de dis social decorrente na pandemia. O programa de r\u00e1dio com a dura\u00e7\u00e3o de aproximadamente 20 minutos \u00e9 semanal e veicula est\u00f3rias, brincadeiras e curiosidades, m\u00fasica independente e informa\u00e7\u00f5es \u00fateis relativas a pandemia de Covid-19 e suas consequ\u00eancias. Em 2020 a R\u00e1dio Janela circulou com um carro de som pelos bairros Confisco, Jardim Encantado, Ce\u00fa Azul e Dandara em Belo Horizonte e tamb\u00e9m por Sabar\u00e1 e S\u00e3o Jos\u00e9 da Lapa. Em janeiro de 2021, o programa circula por oito regionais de BH, como parte da Mostra Universidade e Cidade. Os programas tamb\u00e9m est\u00e3o dispon\u00edvel nas redes sociais e nas plataformas do Carro Biblioteca (YouTube R\u00e1dio Janela).<\/span><\/p>\n<\/div>\n<\/div>\n\n\n<p class=\"western\" lang=\"en-US\" align=\"CENTER\"><span style=\"font-size: x-large;\"><b>@carrobiblioteca &#8211; Facebook: Cenex\/ECI\/UFMG<\/b><\/span><\/p>\n\n\n<div style=\"height:20px\" aria-hidden=\"true\" class=\"wp-block-spacer\"><\/div>\n\n\n\n<hr class=\"wp-block-separator\"\/>\n\n\n\n<div style=\"height:20px\" aria-hidden=\"true\" class=\"wp-block-spacer\"><\/div>\n\n\n\n<div class=\"wp-block-columns is-layout-flex wp-container-core-columns-is-layout-8f761849 wp-block-columns-is-layout-flex\">\n<div class=\"wp-block-column is-layout-flow wp-block-column-is-layout-flow\" style=\"flex-basis:10%\">\n<div class=\"wp-block-image\"><figure class=\"alignright size-medium is-resized\"><img loading=\"lazy\" decoding=\"async\" src=\"https:\/\/www.ufmg.br\/espacodoconhecimento\/mostrauniversidadecidade\/wp-content\/uploads\/2020\/12\/verescutar_escutar-300x300.png\" alt=\"\" class=\"wp-image-1396\" width=\"93\" height=\"93\" srcset=\"https:\/\/www.ufmg.br\/espacodoconhecimento\/mostrauniversidadecidade\/wp-content\/uploads\/2020\/12\/verescutar_escutar-300x300.png 300w, https:\/\/www.ufmg.br\/espacodoconhecimento\/mostrauniversidadecidade\/wp-content\/uploads\/2020\/12\/verescutar_escutar-1024x1024.png 1024w, https:\/\/www.ufmg.br\/espacodoconhecimento\/mostrauniversidadecidade\/wp-content\/uploads\/2020\/12\/verescutar_escutar-150x150.png 150w, https:\/\/www.ufmg.br\/espacodoconhecimento\/mostrauniversidadecidade\/wp-content\/uploads\/2020\/12\/verescutar_escutar-768x768.png 768w, https:\/\/www.ufmg.br\/espacodoconhecimento\/mostrauniversidadecidade\/wp-content\/uploads\/2020\/12\/verescutar_escutar-1536x1536.png 1536w, https:\/\/www.ufmg.br\/espacodoconhecimento\/mostrauniversidadecidade\/wp-content\/uploads\/2020\/12\/verescutar_escutar-2048x2048.png 2048w\" sizes=\"auto, (max-width: 93px) 100vw, 93px\" \/><\/figure><\/div>\n<\/div>\n\n\n\n<div class=\"wp-block-column is-layout-flow wp-block-column-is-layout-flow\" style=\"flex-basis:66.66%\">\n<div style=\"height:30px\" aria-hidden=\"true\" class=\"wp-block-spacer\"><\/div>\n\n\n\n<p class=\"wp-block-paragraph\" style=\"font-size:56px\"><strong><span class=\"has-inline-color has-very-dark-gray-color\">ESCUTAR<\/span><\/strong><\/p>\n<\/div>\n<\/div>\n\n\n\n<p class=\"wp-block-paragraph\"><strong>Chamada:<\/strong><\/p>\n\n\n\n<figure class=\"wp-block-audio\"><audio controls src=\"https:\/\/www.ufmg.br\/espacodoconhecimento\/mostrauniversidadecidade\/wp-content\/uploads\/2021\/01\/Radio-Janela-PGM7.mp3\"><\/audio><\/figure>\n\n\n\n<div style=\"height:50px\" aria-hidden=\"true\" class=\"wp-block-spacer\"><\/div>\n\n\n\n<hr class=\"wp-block-separator\"\/>\n\n\n\n<div style=\"height:50px\" aria-hidden=\"true\" class=\"wp-block-spacer\"><\/div>\n\n\n\n<p class=\"wp-block-paragraph\"><strong>Programa veiculado na primeira semana (1 e 2):<\/strong><\/p>\n\n\n\n<figure class=\"wp-block-audio\"><audio controls src=\"https:\/\/www.ufmg.br\/espacodoconhecimento\/mostrauniversidadecidade\/wp-content\/uploads\/2021\/01\/R\u00e1dio-Janela-PGM-EC-01.mp3\"><\/audio><\/figure>\n\n\n\n<div style=\"height:50px\" aria-hidden=\"true\" class=\"wp-block-spacer\"><\/div>\n\n\n\n<hr class=\"wp-block-separator\"\/>\n\n\n\n<div style=\"height:50px\" aria-hidden=\"true\" class=\"wp-block-spacer\"><\/div>\n\n\n\n<p class=\"wp-block-paragraph\"><strong>Programa veiculado na segunda semana (3 e 4):<\/strong><\/p>\n\n\n\n<figure class=\"wp-block-audio\"><audio controls src=\"https:\/\/www.ufmg.br\/espacodoconhecimento\/mostrauniversidadecidade\/wp-content\/uploads\/2021\/01\/R\u00e1dio-Janela-PGM-EC-02.mp3\"><\/audio><\/figure>\n\n\n\n<div style=\"height:50px\" aria-hidden=\"true\" class=\"wp-block-spacer\"><\/div>\n\n\n\n<hr class=\"wp-block-separator\"\/>\n\n\n\n<div style=\"height:50px\" aria-hidden=\"true\" class=\"wp-block-spacer\"><\/div>\n\n\n\n<p class=\"wp-block-paragraph\"><strong>Programa veiculado na terceira semana (5 e 6):<\/strong><\/p>\n\n\n\n<figure class=\"wp-block-audio\"><audio controls src=\"https:\/\/www.ufmg.br\/espacodoconhecimento\/mostrauniversidadecidade\/wp-content\/uploads\/2021\/01\/R\u00e1dio-Janela-PGM-EC-03.mp3\"><\/audio><\/figure>\n\n\n\n<div style=\"height:50px\" aria-hidden=\"true\" class=\"wp-block-spacer\"><\/div>\n\n\n\n<hr class=\"wp-block-separator\"\/>\n\n\n\n<div style=\"height:50px\" aria-hidden=\"true\" class=\"wp-block-spacer\"><\/div>\n\n\n\n<p class=\"wp-block-paragraph\"><strong>Programa veiculado na quarta semana (7 e 8):<\/strong><\/p>\n\n\n\n<figure class=\"wp-block-audio\"><audio controls src=\"https:\/\/www.ufmg.br\/espacodoconhecimento\/mostrauniversidadecidade\/wp-content\/uploads\/2021\/02\/R\u00e1dio-Janela-PGM-EC-04.mp3\"><\/audio><\/figure>\n\n\n\n<div style=\"height:30px\" aria-hidden=\"true\" class=\"wp-block-spacer\"><\/div>\n\n\n\n<hr class=\"wp-block-separator\"\/>\n\n\n\n<div style=\"height:20px\" aria-hidden=\"true\" class=\"wp-block-spacer\"><\/div>\n\n\n\n<div class=\"wp-block-columns is-layout-flex wp-container-core-columns-is-layout-8f761849 wp-block-columns-is-layout-flex\">\n<div class=\"wp-block-column is-layout-flow wp-block-column-is-layout-flow\" style=\"flex-basis:10%\">\n<div class=\"wp-block-image\"><figure class=\"alignright size-medium is-resized\"><img loading=\"lazy\" decoding=\"async\" src=\"https:\/\/www.ufmg.br\/espacodoconhecimento\/mostrauniversidadecidade\/wp-content\/uploads\/2020\/12\/verescutar_ver-300x300.png\" alt=\"\" class=\"wp-image-1397\" width=\"93\" height=\"93\" srcset=\"https:\/\/www.ufmg.br\/espacodoconhecimento\/mostrauniversidadecidade\/wp-content\/uploads\/2020\/12\/verescutar_ver-300x300.png 300w, https:\/\/www.ufmg.br\/espacodoconhecimento\/mostrauniversidadecidade\/wp-content\/uploads\/2020\/12\/verescutar_ver-1024x1024.png 1024w, https:\/\/www.ufmg.br\/espacodoconhecimento\/mostrauniversidadecidade\/wp-content\/uploads\/2020\/12\/verescutar_ver-150x150.png 150w, https:\/\/www.ufmg.br\/espacodoconhecimento\/mostrauniversidadecidade\/wp-content\/uploads\/2020\/12\/verescutar_ver-768x768.png 768w, https:\/\/www.ufmg.br\/espacodoconhecimento\/mostrauniversidadecidade\/wp-content\/uploads\/2020\/12\/verescutar_ver-1536x1536.png 1536w, https:\/\/www.ufmg.br\/espacodoconhecimento\/mostrauniversidadecidade\/wp-content\/uploads\/2020\/12\/verescutar_ver-2048x2048.png 2048w\" sizes=\"auto, (max-width: 93px) 100vw, 93px\" \/><\/figure><\/div>\n<\/div>\n\n\n\n<div class=\"wp-block-column is-layout-flow wp-block-column-is-layout-flow\" style=\"flex-basis:66.66%\">\n<div style=\"height:30px\" aria-hidden=\"true\" class=\"wp-block-spacer\"><\/div>\n\n\n\n<p class=\"wp-block-paragraph\" style=\"font-size:56px\"><strong><span class=\"has-inline-color has-very-dark-gray-color\">VER<\/span><\/strong><\/p>\n<\/div>\n<\/div>\n\n\n\n<div class=\"wp-block-group\"><div class=\"wp-block-group__inner-container is-layout-flow wp-block-group-is-layout-flow\">\n<div style=\"height:20px\" aria-hidden=\"true\" class=\"wp-block-spacer\"><\/div>\n\n\n\n<div class=\"wp-block-buttons is-layout-flex wp-block-buttons-is-layout-flex\">\n<div class=\"wp-block-button\"><a class=\"wp-block-button__link has-text-color has-very-light-gray-color has-background has-very-dark-gray-background-color\" href=\"https:\/\/www.ufmg.br\/espacodoconhecimento\/mostrauniversidadecidade\/galerias#radio-janela-1\" style=\"border-radius:4px\"><span class=\"has-inline-color has-very-light-gray-color\">R\u00e1dio Janela | Pampulha<\/span><\/a><\/div>\n<\/div>\n\n\n\n<div style=\"height:20px\" aria-hidden=\"true\" class=\"wp-block-spacer\"><\/div>\n\n\n\n<div class=\"wp-block-buttons is-layout-flex wp-block-buttons-is-layout-flex\">\n<div class=\"wp-block-button\"><a class=\"wp-block-button__link has-text-color has-very-light-gray-color has-background has-very-dark-gray-background-color\" href=\"https:\/\/www.ufmg.br\/espacodoconhecimento\/mostrauniversidadecidade\/galerias#radio-janela-2\" style=\"border-radius:4px\"><span class=\"has-inline-color has-very-light-gray-color\">R\u00e1dio Janela | Padre Eust\u00e1quio<\/span><\/a><\/div>\n<\/div>\n\n\n\n<div style=\"height:20px\" aria-hidden=\"true\" class=\"wp-block-spacer\"><\/div>\n\n\n\n<div class=\"wp-block-buttons is-layout-flex wp-block-buttons-is-layout-flex\">\n<div class=\"wp-block-button\"><a class=\"wp-block-button__link has-text-color has-very-light-gray-color has-background has-very-dark-gray-background-color\" href=\"https:\/\/www.ufmg.br\/espacodoconhecimento\/mostrauniversidadecidade\/galerias#radio-janela-3\" style=\"border-radius:4px\"><span class=\"has-inline-color has-very-light-gray-color\">R\u00e1dio Janela | Venda Nova<\/span><\/a><\/div>\n<\/div>\n\n\n\n<div style=\"height:20px\" aria-hidden=\"true\" class=\"wp-block-spacer\"><\/div>\n\n\n\n<div class=\"wp-block-buttons is-layout-flex wp-block-buttons-is-layout-flex\">\n<div class=\"wp-block-button\"><a class=\"wp-block-button__link has-text-color has-very-light-gray-color has-background has-very-dark-gray-background-color\" href=\"https:\/\/www.ufmg.br\/espacodoconhecimento\/mostrauniversidadecidade\/galerias#radio-janela-4\" style=\"border-radius:4px\"><span class=\"has-inline-color has-very-light-gray-color\">R\u00e1dio Janela | Bairro das Ind\u00fastrias<\/span><\/a><\/div>\n<\/div>\n\n\n\n<div style=\"height:20px\" aria-hidden=\"true\" class=\"wp-block-spacer\"><\/div>\n\n\n\n<div class=\"wp-block-buttons is-layout-flex wp-block-buttons-is-layout-flex\">\n<div class=\"wp-block-button\"><a class=\"wp-block-button__link has-text-color has-very-light-gray-color has-background has-very-dark-gray-background-color\" href=\"https:\/\/www.ufmg.br\/espacodoconhecimento\/mostrauniversidadecidade\/galerias#radio-janela-5\" style=\"border-radius:4px\"><span class=\"has-inline-color has-very-light-gray-color\">R\u00e1dio Janela | S\u00e3o Geraldo<\/span><\/a><\/div>\n<\/div>\n\n\n\n<div style=\"height:20px\" aria-hidden=\"true\" class=\"wp-block-spacer\"><\/div>\n\n\n\n<div class=\"wp-block-buttons is-layout-flex wp-block-buttons-is-layout-flex\">\n<div class=\"wp-block-button\"><a class=\"wp-block-button__link has-text-color has-very-light-gray-color has-background has-very-dark-gray-background-color\" href=\"https:\/\/www.ufmg.br\/espacodoconhecimento\/mostrauniversidadecidade\/galerias#radio-janela-6\" style=\"border-radius:4px\"><span class=\"has-inline-color has-very-light-gray-color\">R\u00e1dio Janela | Liberalino Alves<\/span><\/a><\/div>\n<\/div>\n\n\n\n<div style=\"height:20px\" aria-hidden=\"true\" class=\"wp-block-spacer\"><\/div>\n\n\n\n<div class=\"wp-block-buttons is-layout-flex wp-block-buttons-is-layout-flex\">\n<div class=\"wp-block-button\"><a class=\"wp-block-button__link has-text-color has-very-light-gray-color has-background has-very-dark-gray-background-color\" href=\"https:\/\/www.ufmg.br\/espacodoconhecimento\/mostrauniversidadecidade\/galerias#radio-janela-7\" style=\"border-radius:4px\"><span class=\"has-inline-color has-very-light-gray-color\">R\u00e1dio Janela | Salgado Filho<\/span><\/a><\/div>\n<\/div>\n\n\n\n<div style=\"height:20px\" aria-hidden=\"true\" class=\"wp-block-spacer\"><\/div>\n\n\n\n<div class=\"wp-block-buttons is-layout-flex wp-block-buttons-is-layout-flex\">\n<div class=\"wp-block-button\"><a class=\"wp-block-button__link has-text-color has-very-light-gray-color has-background has-very-dark-gray-background-color\" href=\"https:\/\/www.ufmg.br\/espacodoconhecimento\/mostrauniversidadecidade\/galerias#radio-janela-8\" style=\"border-radius:4px\"><span class=\"has-inline-color has-very-light-gray-color\">R\u00e1dio Janela | Jardim Guanabara<\/span><\/a><\/div>\n<\/div>\n\n\n\n<div style=\"height:20px\" aria-hidden=\"true\" class=\"wp-block-spacer\"><\/div>\n\n\n\n<div class=\"wp-block-buttons is-layout-flex wp-block-buttons-is-layout-flex\">\n<div class=\"wp-block-button\"><a class=\"wp-block-button__link has-text-color has-very-light-gray-color has-background has-very-dark-gray-background-color\" href=\"https:\/\/www.ufmg.br\/espacodoconhecimento\/mostrauniversidadecidade\/galerias#radio-janela-9\" style=\"border-radius:4px\"><span class=\"has-inline-color has-very-light-gray-color\">R\u00e1dio Janela | S\u00e3o Bernardo<\/span><\/a><\/div>\n<\/div>\n\n\n\n<div style=\"height:20px\" aria-hidden=\"true\" class=\"wp-block-spacer\"><\/div>\n<\/div><\/div>\n\n\n\n<hr class=\"wp-block-separator\"\/>\n\n\n\n<div style=\"height:20px\" aria-hidden=\"true\" class=\"wp-block-spacer\"><\/div>\n\n\n\n<figure class=\"wp-block-image size-large\"><img loading=\"lazy\" decoding=\"async\" width=\"1024\" height=\"225\" src=\"https:\/\/www.ufmg.br\/espacodoconhecimento\/mostrauniversidadecidade\/wp-content\/uploads\/2021\/01\/radio-janela-cartela-de-marcas-1024x225.png\" alt=\"\" class=\"wp-image-2384\" srcset=\"https:\/\/www.ufmg.br\/espacodoconhecimento\/mostrauniversidadecidade\/wp-content\/uploads\/2021\/01\/radio-janela-cartela-de-marcas-1024x225.png 1024w, https:\/\/www.ufmg.br\/espacodoconhecimento\/mostrauniversidadecidade\/wp-content\/uploads\/2021\/01\/radio-janela-cartela-de-marcas-300x66.png 300w, https:\/\/www.ufmg.br\/espacodoconhecimento\/mostrauniversidadecidade\/wp-content\/uploads\/2021\/01\/radio-janela-cartela-de-marcas-768x169.png 768w, https:\/\/www.ufmg.br\/espacodoconhecimento\/mostrauniversidadecidade\/wp-content\/uploads\/2021\/01\/radio-janela-cartela-de-marcas.png 1519w\" sizes=\"auto, (max-width: 1024px) 100vw, 1024px\" \/><\/figure>\n\n\n<p class=\"western\" align=\"JUSTIFY\"><b>Coordena\u00e7\u00e3o: <\/b>Marina Caja\u00edba e Maria Guiomar Frota<\/p>\n<p class=\"western\" align=\"JUSTIFY\"><b> Dire\u00e7\u00e3o e apresenta\u00e7\u00e3o: <\/b>Maria Guiomar Frota<b><\/b><\/p>\n<p class=\"western\" align=\"JUSTIFY\"><b>Produ\u00e7\u00e3o: <\/b>Gilma Pereira, Luana\u00ad Bozi e Marina Caja\u00edba<\/p>\n<p class=\"western\" align=\"JUSTIFY\"><b>Edi\u00e7\u00e3o: <\/b>Ricardo Lima<\/p>\n<p class=\"western\" align=\"JUSTIFY\"><b>Trilha de abertura: <\/b>Icolini<\/p>\n<p class=\"western\" align=\"JUSTIFY\"><b>Trilha incidental: <\/b>Bequadros<\/p>","protected":false},"excerpt":{"rendered":"<p>A R\u00e1dio Janela \u00e9 um projeto vinculado ao Carro-Biblioteca da [&hellip;]<\/p>\n","protected":false},"author":1,"featured_media":0,"parent":0,"menu_order":0,"comment_status":"closed","ping_status":"closed","template":"","meta":{"_acf_changed":false,"_monsterinsights_skip_tracking":false,"footnotes":""},"class_list":["post-547","page","type-page","status-publish","hentry"],"acf":[],"_links":{"self":[{"href":"https:\/\/www.ufmg.br\/espacodoconhecimento\/mostrauniversidadecidade\/wp-json\/wp\/v2\/pages\/547","targetHints":{"allow":["GET"]}}],"collection":[{"href":"https:\/\/www.ufmg.br\/espacodoconhecimento\/mostrauniversidadecidade\/wp-json\/wp\/v2\/pages"}],"about":[{"href":"https:\/\/www.ufmg.br\/espacodoconhecimento\/mostrauniversidadecidade\/wp-json\/wp\/v2\/types\/page"}],"author":[{"embeddable":true,"href":"https:\/\/www.ufmg.br\/espacodoconhecimento\/mostrauniversidadecidade\/wp-json\/wp\/v2\/users\/1"}],"replies":[{"embeddable":true,"href":"https:\/\/www.ufmg.br\/espacodoconhecimento\/mostrauniversidadecidade\/wp-json\/wp\/v2\/comments?post=547"}],"version-history":[{"count":27,"href":"https:\/\/www.ufmg.br\/espacodoconhecimento\/mostrauniversidadecidade\/wp-json\/wp\/v2\/pages\/547\/revisions"}],"predecessor-version":[{"id":3466,"href":"https:\/\/www.ufmg.br\/espacodoconhecimento\/mostrauniversidadecidade\/wp-json\/wp\/v2\/pages\/547\/revisions\/3466"}],"wp:attachment":[{"href":"https:\/\/www.ufmg.br\/espacodoconhecimento\/mostrauniversidadecidade\/wp-json\/wp\/v2\/media?parent=547"}],"curies":[{"name":"wp","href":"https:\/\/api.w.org\/{rel}","templated":true}]}}