{"id":9,"date":"2020-05-18T08:37:04","date_gmt":"2020-05-18T11:37:04","guid":{"rendered":"https:\/\/www.ufmg.br\/templates\/eventos\/?page_id=9"},"modified":"2021-03-11T20:30:00","modified_gmt":"2021-03-11T23:30:00","slug":"o-que","status":"publish","type":"page","link":"https:\/\/www.ufmg.br\/espacodoconhecimento\/mostrauniversidadecidade\/o-que\/","title":{"rendered":"O Qu\u00ea?"},"content":{"rendered":"<p><span style=\"color: #333333;\">Confira aqui quais s\u00e3o os projetos participantes da Mostra Universidade Cidade. Abaixo, voc\u00ea encontrar\u00e1 mais informa\u00e7\u00f5es sobre as atividades, categorizadas em &#8220;ver&#8221;, &#8220;escutar&#8221; e &#8220;ver e escutar&#8221;.<\/span><\/p>\n\n\n<div class=\"wp-block-image\"><figure class=\"aligncenter size-large\"><img loading=\"lazy\" decoding=\"async\" width=\"845\" height=\"1024\" src=\"https:\/\/www.ufmg.br\/espacodoconhecimento\/mostrauniversidadecidade\/wp-content\/uploads\/2021\/02\/o-que-quem-vertical-3-845x1024.png\" alt=\"\" class=\"wp-image-3591\" srcset=\"https:\/\/www.ufmg.br\/espacodoconhecimento\/mostrauniversidadecidade\/wp-content\/uploads\/2021\/02\/o-que-quem-vertical-3-845x1024.png 845w, https:\/\/www.ufmg.br\/espacodoconhecimento\/mostrauniversidadecidade\/wp-content\/uploads\/2021\/02\/o-que-quem-vertical-3-248x300.png 248w, https:\/\/www.ufmg.br\/espacodoconhecimento\/mostrauniversidadecidade\/wp-content\/uploads\/2021\/02\/o-que-quem-vertical-3-768x931.png 768w, https:\/\/www.ufmg.br\/espacodoconhecimento\/mostrauniversidadecidade\/wp-content\/uploads\/2021\/02\/o-que-quem-vertical-3-1268x1536.png 1268w, https:\/\/www.ufmg.br\/espacodoconhecimento\/mostrauniversidadecidade\/wp-content\/uploads\/2021\/02\/o-que-quem-vertical-3-1690x2048.png 1690w, https:\/\/www.ufmg.br\/espacodoconhecimento\/mostrauniversidadecidade\/wp-content\/uploads\/2021\/02\/o-que-quem-vertical-3.png 1739w\" sizes=\"auto, (max-width: 845px) 100vw, 845px\" \/><\/figure><\/div>\n\n\n\n<div style=\"height:20px\" aria-hidden=\"true\" class=\"wp-block-spacer\"><\/div>\n\n\n\n<hr class=\"wp-block-separator\"\/>\n\n\n\n<div style=\"height:20px\" aria-hidden=\"true\" class=\"wp-block-spacer\"><\/div>\n\n\n\n<div class=\"wp-block-columns is-layout-flex wp-container-core-columns-is-layout-8f761849 wp-block-columns-is-layout-flex\">\n<div class=\"wp-block-column is-layout-flow wp-block-column-is-layout-flow\">\n<div class=\"wp-block-buttons alignright is-layout-flex wp-block-buttons-is-layout-flex\">\n<div class=\"wp-block-button\"><a class=\"wp-block-button__link has-text-color has-luminous-vivid-orange-color has-background has-very-light-gray-background-color\" href=\"https:\/\/www.ufmg.br\/espacodoconhecimento\/mostrauniversidadecidade\/o-que\/#ver\" style=\"border-radius:4px\"><img loading=\"lazy\" decoding=\"async\" width=\"150\" height=\"150\" class=\"wp-image-1397\" style=\"width: 150px;\" src=\"https:\/\/www.ufmg.br\/espacodoconhecimento\/mostrauniversidadecidade\/wp-content\/uploads\/2020\/12\/verescutar_ver.png\" alt=\"\" srcset=\"https:\/\/www.ufmg.br\/espacodoconhecimento\/mostrauniversidadecidade\/wp-content\/uploads\/2020\/12\/verescutar_ver.png 2481w, https:\/\/www.ufmg.br\/espacodoconhecimento\/mostrauniversidadecidade\/wp-content\/uploads\/2020\/12\/verescutar_ver-300x300.png 300w, https:\/\/www.ufmg.br\/espacodoconhecimento\/mostrauniversidadecidade\/wp-content\/uploads\/2020\/12\/verescutar_ver-1024x1024.png 1024w, https:\/\/www.ufmg.br\/espacodoconhecimento\/mostrauniversidadecidade\/wp-content\/uploads\/2020\/12\/verescutar_ver-150x150.png 150w, https:\/\/www.ufmg.br\/espacodoconhecimento\/mostrauniversidadecidade\/wp-content\/uploads\/2020\/12\/verescutar_ver-768x768.png 768w, https:\/\/www.ufmg.br\/espacodoconhecimento\/mostrauniversidadecidade\/wp-content\/uploads\/2020\/12\/verescutar_ver-1536x1536.png 1536w, https:\/\/www.ufmg.br\/espacodoconhecimento\/mostrauniversidadecidade\/wp-content\/uploads\/2020\/12\/verescutar_ver-2048x2048.png 2048w\" sizes=\"auto, (max-width: 150px) 100vw, 150px\" \/><br><span style=\"color:#666666\" class=\"has-inline-color\">ver<\/span><\/a><\/div>\n<\/div>\n<\/div>\n\n\n\n<div class=\"wp-block-column is-layout-flow wp-block-column-is-layout-flow\">\n<div class=\"wp-block-buttons is-layout-flex wp-block-buttons-is-layout-flex\">\n<div class=\"wp-block-button\"><a class=\"wp-block-button__link has-text-color has-luminous-vivid-orange-color has-background has-very-light-gray-background-color\" href=\"https:\/\/www.ufmg.br\/espacodoconhecimento\/mostrauniversidadecidade\/o-que\/#escutar\" style=\"border-radius:4px\"><img loading=\"lazy\" decoding=\"async\" width=\"150\" height=\"150\" class=\"wp-image-1396\" style=\"width: 150px;\" src=\"https:\/\/www.ufmg.br\/espacodoconhecimento\/mostrauniversidadecidade\/wp-content\/uploads\/2020\/12\/verescutar_escutar.png\" alt=\"\" srcset=\"https:\/\/www.ufmg.br\/espacodoconhecimento\/mostrauniversidadecidade\/wp-content\/uploads\/2020\/12\/verescutar_escutar.png 2481w, https:\/\/www.ufmg.br\/espacodoconhecimento\/mostrauniversidadecidade\/wp-content\/uploads\/2020\/12\/verescutar_escutar-300x300.png 300w, https:\/\/www.ufmg.br\/espacodoconhecimento\/mostrauniversidadecidade\/wp-content\/uploads\/2020\/12\/verescutar_escutar-1024x1024.png 1024w, https:\/\/www.ufmg.br\/espacodoconhecimento\/mostrauniversidadecidade\/wp-content\/uploads\/2020\/12\/verescutar_escutar-150x150.png 150w, https:\/\/www.ufmg.br\/espacodoconhecimento\/mostrauniversidadecidade\/wp-content\/uploads\/2020\/12\/verescutar_escutar-768x768.png 768w, https:\/\/www.ufmg.br\/espacodoconhecimento\/mostrauniversidadecidade\/wp-content\/uploads\/2020\/12\/verescutar_escutar-1536x1536.png 1536w, https:\/\/www.ufmg.br\/espacodoconhecimento\/mostrauniversidadecidade\/wp-content\/uploads\/2020\/12\/verescutar_escutar-2048x2048.png 2048w\" sizes=\"auto, (max-width: 150px) 100vw, 150px\" \/><br><span style=\"color:#666666\" class=\"has-inline-color\">escutar<\/span><\/a><\/div>\n<\/div>\n<\/div>\n\n\n\n<div class=\"wp-block-column is-layout-flow wp-block-column-is-layout-flow\">\n<div class=\"wp-block-buttons alignleft is-layout-flex wp-block-buttons-is-layout-flex\">\n<div class=\"wp-block-button\"><a class=\"wp-block-button__link has-text-color has-luminous-vivid-orange-color has-background has-very-light-gray-background-color\" href=\"https:\/\/www.ufmg.br\/espacodoconhecimento\/mostrauniversidadecidade\/o-que\/#ver-escutar\" style=\"border-radius:4px\"><img loading=\"lazy\" decoding=\"async\" width=\"150\" height=\"150\" class=\"wp-image-1398\" style=\"width: 150px;\" src=\"https:\/\/www.ufmg.br\/espacodoconhecimento\/mostrauniversidadecidade\/wp-content\/uploads\/2020\/12\/verescutar_verescutar.png\" alt=\"\" srcset=\"https:\/\/www.ufmg.br\/espacodoconhecimento\/mostrauniversidadecidade\/wp-content\/uploads\/2020\/12\/verescutar_verescutar.png 2481w, https:\/\/www.ufmg.br\/espacodoconhecimento\/mostrauniversidadecidade\/wp-content\/uploads\/2020\/12\/verescutar_verescutar-300x300.png 300w, https:\/\/www.ufmg.br\/espacodoconhecimento\/mostrauniversidadecidade\/wp-content\/uploads\/2020\/12\/verescutar_verescutar-1024x1024.png 1024w, https:\/\/www.ufmg.br\/espacodoconhecimento\/mostrauniversidadecidade\/wp-content\/uploads\/2020\/12\/verescutar_verescutar-150x150.png 150w, https:\/\/www.ufmg.br\/espacodoconhecimento\/mostrauniversidadecidade\/wp-content\/uploads\/2020\/12\/verescutar_verescutar-768x768.png 768w, https:\/\/www.ufmg.br\/espacodoconhecimento\/mostrauniversidadecidade\/wp-content\/uploads\/2020\/12\/verescutar_verescutar-1536x1536.png 1536w, https:\/\/www.ufmg.br\/espacodoconhecimento\/mostrauniversidadecidade\/wp-content\/uploads\/2020\/12\/verescutar_verescutar-2048x2048.png 2048w\" sizes=\"auto, (max-width: 150px) 100vw, 150px\" \/><br><span style=\"color:#666666\" class=\"has-inline-color\">ver e escutar<\/span><\/a><\/div>\n<\/div>\n<\/div>\n<\/div>\n\n\n\n<div class=\"wp-block-group\" id=\"ver\"><div class=\"wp-block-group__inner-container is-layout-flow wp-block-group-is-layout-flow\">\n<hr class=\"wp-block-separator\"\/>\n<\/div><\/div>\n\n\n\n<div style=\"height:20px\" aria-hidden=\"true\" class=\"wp-block-spacer\"><\/div>\n\n\n\n<div class=\"wp-block-columns is-layout-flex wp-container-core-columns-is-layout-8f761849 wp-block-columns-is-layout-flex\">\n<div class=\"wp-block-column is-layout-flow wp-block-column-is-layout-flow\" style=\"flex-basis:10%\">\n<div class=\"wp-block-image\"><figure class=\"alignright size-medium is-resized\"><img loading=\"lazy\" decoding=\"async\" src=\"https:\/\/www.ufmg.br\/espacodoconhecimento\/mostrauniversidadecidade\/wp-content\/uploads\/2020\/12\/verescutar_ver-300x300.png\" alt=\"\" class=\"wp-image-1397\" width=\"93\" height=\"93\" srcset=\"https:\/\/www.ufmg.br\/espacodoconhecimento\/mostrauniversidadecidade\/wp-content\/uploads\/2020\/12\/verescutar_ver-300x300.png 300w, https:\/\/www.ufmg.br\/espacodoconhecimento\/mostrauniversidadecidade\/wp-content\/uploads\/2020\/12\/verescutar_ver-1024x1024.png 1024w, https:\/\/www.ufmg.br\/espacodoconhecimento\/mostrauniversidadecidade\/wp-content\/uploads\/2020\/12\/verescutar_ver-150x150.png 150w, https:\/\/www.ufmg.br\/espacodoconhecimento\/mostrauniversidadecidade\/wp-content\/uploads\/2020\/12\/verescutar_ver-768x768.png 768w, https:\/\/www.ufmg.br\/espacodoconhecimento\/mostrauniversidadecidade\/wp-content\/uploads\/2020\/12\/verescutar_ver-1536x1536.png 1536w, https:\/\/www.ufmg.br\/espacodoconhecimento\/mostrauniversidadecidade\/wp-content\/uploads\/2020\/12\/verescutar_ver-2048x2048.png 2048w\" sizes=\"auto, (max-width: 93px) 100vw, 93px\" \/><\/figure><\/div>\n<\/div>\n\n\n\n<div class=\"wp-block-column is-layout-flow wp-block-column-is-layout-flow\" style=\"flex-basis:66.66%\">\n<div style=\"height:30px\" aria-hidden=\"true\" class=\"wp-block-spacer\"><\/div>\n\n\n\n<p class=\"wp-block-paragraph\" style=\"font-size:56px\"><strong><span class=\"has-inline-color has-very-dark-gray-color\">VER<\/span><\/strong><\/p>\n<\/div>\n<\/div>\n\n\n\n<div class=\"wp-block-buttons is-layout-flex wp-block-buttons-is-layout-flex\">\n<div class=\"wp-block-button\"><a class=\"wp-block-button__link has-text-color has-background\" href=\"https:\/\/www.ufmg.br\/espacodoconhecimento\/mostrauniversidadecidade\/compasso\/\" style=\"background-color:#c69024;color:#ffffff;border-radius:4px\" target=\"_blank\" rel=\"noreferrer noopener\"><img loading=\"lazy\" decoding=\"async\" width=\"500\" height=\"280\" class=\"wp-image-2824\" style=\"width: 500px;\" src=\"https:\/\/www.ufmg.br\/espacodoconhecimento\/mostrauniversidadecidade\/wp-content\/uploads\/2021\/01\/01_acordaconfisco.png\" alt=\"\" srcset=\"https:\/\/www.ufmg.br\/espacodoconhecimento\/mostrauniversidadecidade\/wp-content\/uploads\/2021\/01\/01_acordaconfisco.png 888w, https:\/\/www.ufmg.br\/espacodoconhecimento\/mostrauniversidadecidade\/wp-content\/uploads\/2021\/01\/01_acordaconfisco-300x168.png 300w, https:\/\/www.ufmg.br\/espacodoconhecimento\/mostrauniversidadecidade\/wp-content\/uploads\/2021\/01\/01_acordaconfisco-768x430.png 768w\" sizes=\"auto, (max-width: 500px) 100vw, 500px\" \/><br>Acorda Confisco Criativo<\/a><\/div>\n<\/div>\n\n\n\n<div style=\"height:20px\" aria-hidden=\"true\" class=\"wp-block-spacer\"><\/div>\n\n\n\n<div class=\"wp-block-buttons is-layout-flex wp-block-buttons-is-layout-flex\">\n<div class=\"wp-block-button\"><a class=\"wp-block-button__link has-text-color has-background\" href=\"https:\/\/www.ufmg.br\/espacodoconhecimento\/mostrauniversidadecidade\/agroecologia-em-belo-horizonte-e-regiao-metropolitana\/\" style=\"background-color:#c69024;color:#ffffff;border-radius:4px\" target=\"_blank\" rel=\"noreferrer noopener\"><img loading=\"lazy\" decoding=\"async\" width=\"500\" height=\"277\" class=\"wp-image-2825\" style=\"width: 500px;\" src=\"https:\/\/www.ufmg.br\/espacodoconhecimento\/mostrauniversidadecidade\/wp-content\/uploads\/2021\/01\/02_as-varias-formas-de-agro.png\" alt=\"\" srcset=\"https:\/\/www.ufmg.br\/espacodoconhecimento\/mostrauniversidadecidade\/wp-content\/uploads\/2021\/01\/02_as-varias-formas-de-agro.png 892w, https:\/\/www.ufmg.br\/espacodoconhecimento\/mostrauniversidadecidade\/wp-content\/uploads\/2021\/01\/02_as-varias-formas-de-agro-300x166.png 300w, https:\/\/www.ufmg.br\/espacodoconhecimento\/mostrauniversidadecidade\/wp-content\/uploads\/2021\/01\/02_as-varias-formas-de-agro-768x426.png 768w\" sizes=\"auto, (max-width: 500px) 100vw, 500px\" \/><br>Agroecologia em Belo Horizonte e Regi\u00e3o Metropolitana<\/a><\/div>\n<\/div>\n\n\n\n<div style=\"height:20px\" aria-hidden=\"true\" class=\"wp-block-spacer\"><\/div>\n\n\n\n<div class=\"wp-block-buttons is-layout-flex wp-block-buttons-is-layout-flex\">\n<div class=\"wp-block-button\"><a class=\"wp-block-button__link has-text-color has-background\" href=\"https:\/\/www.ufmg.br\/espacodoconhecimento\/mostrauniversidadecidade\/cartografia-do-orcamento-participativo\/\" style=\"background-color:#c69024;color:#ffffff;border-radius:4px\" target=\"_blank\" rel=\"noreferrer noopener\"><img loading=\"lazy\" decoding=\"async\" width=\"500\" height=\"259\" class=\"wp-image-2826\" style=\"width: 500px;\" src=\"https:\/\/www.ufmg.br\/espacodoconhecimento\/mostrauniversidadecidade\/wp-content\/uploads\/2021\/01\/03_ccop.png\" alt=\"\" srcset=\"https:\/\/www.ufmg.br\/espacodoconhecimento\/mostrauniversidadecidade\/wp-content\/uploads\/2021\/01\/03_ccop.png 895w, https:\/\/www.ufmg.br\/espacodoconhecimento\/mostrauniversidadecidade\/wp-content\/uploads\/2021\/01\/03_ccop-300x155.png 300w, https:\/\/www.ufmg.br\/espacodoconhecimento\/mostrauniversidadecidade\/wp-content\/uploads\/2021\/01\/03_ccop-768x397.png 768w\" sizes=\"auto, (max-width: 500px) 100vw, 500px\" \/><br>Centros Culturais e Or\u00e7amento Participativo<\/a><\/div>\n<\/div>\n\n\n\n<div style=\"height:20px\" aria-hidden=\"true\" class=\"wp-block-spacer\"><\/div>\n\n\n\n<div class=\"wp-block-buttons is-layout-flex wp-block-buttons-is-layout-flex\">\n<div class=\"wp-block-button\"><a class=\"wp-block-button__link has-text-color has-background\" href=\"https:\/\/www.ufmg.br\/espacodoconhecimento\/mostrauniversidadecidade\/corpo-coletivo-eu-voce-nos\/\" style=\"background-color:#c69024;color:#ffffff;border-radius:4px\" target=\"_blank\" rel=\"noreferrer noopener\"><img loading=\"lazy\" decoding=\"async\" width=\"500\" height=\"280\" class=\"wp-image-2827\" style=\"width: 500px;\" src=\"https:\/\/www.ufmg.br\/espacodoconhecimento\/mostrauniversidadecidade\/wp-content\/uploads\/2021\/01\/04_corpocoletivo.png\" alt=\"\" srcset=\"https:\/\/www.ufmg.br\/espacodoconhecimento\/mostrauniversidadecidade\/wp-content\/uploads\/2021\/01\/04_corpocoletivo.png 888w, https:\/\/www.ufmg.br\/espacodoconhecimento\/mostrauniversidadecidade\/wp-content\/uploads\/2021\/01\/04_corpocoletivo-300x168.png 300w, https:\/\/www.ufmg.br\/espacodoconhecimento\/mostrauniversidadecidade\/wp-content\/uploads\/2021\/01\/04_corpocoletivo-768x430.png 768w\" sizes=\"auto, (max-width: 500px) 100vw, 500px\" \/><br><span style=\"color:#ffffff\" class=\"has-inline-color\">Corpo Coletivo: eu, voc\u00ea, n\u00f3s<\/span><\/a><\/div>\n<\/div>\n\n\n\n<div style=\"height:20px\" aria-hidden=\"true\" class=\"wp-block-spacer\"><\/div>\n\n\n\n<div class=\"wp-block-buttons is-layout-flex wp-block-buttons-is-layout-flex\">\n<div class=\"wp-block-button\"><a class=\"wp-block-button__link has-text-color has-background\" href=\"https:\/\/www.ufmg.br\/espacodoconhecimento\/mostrauniversidadecidade\/entre-rios-e-jardins\/\" style=\"background-color:#c69024;color:#ffffff;border-radius:4px\" target=\"_blank\" rel=\"noopener noreferrer\"><img loading=\"lazy\" decoding=\"async\" width=\"500\" height=\"279\" class=\"wp-image-2828\" style=\"width: 500px;\" src=\"https:\/\/www.ufmg.br\/espacodoconhecimento\/mostrauniversidadecidade\/wp-content\/uploads\/2021\/01\/05_erj.png\" alt=\"\" srcset=\"https:\/\/www.ufmg.br\/espacodoconhecimento\/mostrauniversidadecidade\/wp-content\/uploads\/2021\/01\/05_erj.png 891w, https:\/\/www.ufmg.br\/espacodoconhecimento\/mostrauniversidadecidade\/wp-content\/uploads\/2021\/01\/05_erj-300x168.png 300w, https:\/\/www.ufmg.br\/espacodoconhecimento\/mostrauniversidadecidade\/wp-content\/uploads\/2021\/01\/05_erj-768x429.png 768w\" sizes=\"auto, (max-width: 500px) 100vw, 500px\" \/><br>Entre Rios e Jardins<\/a><\/div>\n<\/div>\n\n\n\n<div style=\"height:20px\" aria-hidden=\"true\" class=\"wp-block-spacer\"><\/div>\n\n\n\n<div class=\"wp-block-buttons is-layout-flex wp-block-buttons-is-layout-flex\">\n<div class=\"wp-block-button\"><a class=\"wp-block-button__link has-text-color has-background\" href=\"https:\/\/www.ufmg.br\/espacodoconhecimento\/mostrauniversidadecidade\/mostra-zilah-sposito\/\" style=\"background-color:#c69024;color:#ffffff;border-radius:4px\" target=\"_blank\" rel=\"https:\/\/www.ufmg.br\/espacodoconhecimento\/mostrauniversidadecidade\/mostra-zilah-sposito\/ noopener noreferrer\"><img loading=\"lazy\" decoding=\"async\" width=\"500\" height=\"354\" class=\"wp-image-2829\" style=\"width: 500px;\" src=\"https:\/\/www.ufmg.br\/espacodoconhecimento\/mostrauniversidadecidade\/wp-content\/uploads\/2021\/01\/06_zilah.png\" alt=\"\" srcset=\"https:\/\/www.ufmg.br\/espacodoconhecimento\/mostrauniversidadecidade\/wp-content\/uploads\/2021\/01\/06_zilah.png 1024w, https:\/\/www.ufmg.br\/espacodoconhecimento\/mostrauniversidadecidade\/wp-content\/uploads\/2021\/01\/06_zilah-300x212.png 300w, https:\/\/www.ufmg.br\/espacodoconhecimento\/mostrauniversidadecidade\/wp-content\/uploads\/2021\/01\/06_zilah-768x543.png 768w\" sizes=\"auto, (max-width: 500px) 100vw, 500px\" \/><br>Mostra Zilah Sp\u00f3sito<\/a><\/div>\n<\/div>\n\n\n\n<div style=\"height:20px\" aria-hidden=\"true\" class=\"wp-block-spacer\"><\/div>\n\n\n\n<div class=\"wp-block-buttons is-layout-flex wp-block-buttons-is-layout-flex\">\n<div class=\"wp-block-button\"><a class=\"wp-block-button__link has-text-color has-background\" href=\"https:\/\/www.ufmg.br\/espacodoconhecimento\/mostrauniversidadecidade\/periferico-rap\/\" style=\"background-color:#c69024;color:#ffffff;border-radius:4px\" target=\"_blank\" rel=\"noreferrer noopener\"><img loading=\"lazy\" decoding=\"async\" width=\"500\" height=\"281\" class=\"wp-image-3537\" style=\"width: 500px;\" src=\"https:\/\/www.ufmg.br\/espacodoconhecimento\/mostrauniversidadecidade\/wp-content\/uploads\/2021\/02\/periferico-rap-print-1.jpeg\" alt=\"\" srcset=\"https:\/\/www.ufmg.br\/espacodoconhecimento\/mostrauniversidadecidade\/wp-content\/uploads\/2021\/02\/periferico-rap-print-1.jpeg 1280w, https:\/\/www.ufmg.br\/espacodoconhecimento\/mostrauniversidadecidade\/wp-content\/uploads\/2021\/02\/periferico-rap-print-1-300x169.jpeg 300w, https:\/\/www.ufmg.br\/espacodoconhecimento\/mostrauniversidadecidade\/wp-content\/uploads\/2021\/02\/periferico-rap-print-1-1024x575.jpeg 1024w, https:\/\/www.ufmg.br\/espacodoconhecimento\/mostrauniversidadecidade\/wp-content\/uploads\/2021\/02\/periferico-rap-print-1-768x431.jpeg 768w\" sizes=\"auto, (max-width: 500px) 100vw, 500px\" \/><br>Perif\u00e9rico RAP<\/a><\/div>\n<\/div>\n\n\n\n<div style=\"height:20px\" aria-hidden=\"true\" class=\"wp-block-spacer\"><\/div>\n\n\n\n<div class=\"wp-block-buttons is-layout-flex wp-block-buttons-is-layout-flex\">\n<div class=\"wp-block-button\"><a class=\"wp-block-button__link has-text-color has-background\" href=\"https:\/\/www.ufmg.br\/espacodoconhecimento\/mostrauniversidadecidade\/projeto-jardins-possiveis\/\" style=\"background-color:#c69024;color:#ffffff;border-radius:4px\" target=\"_blank\" rel=\"noreferrer noopener\"><img loading=\"lazy\" decoding=\"async\" width=\"500\" height=\"280\" class=\"wp-image-2831\" style=\"width: 500px;\" src=\"https:\/\/www.ufmg.br\/espacodoconhecimento\/mostrauniversidadecidade\/wp-content\/uploads\/2021\/01\/07_jardinsposs2.png\" alt=\"\" srcset=\"https:\/\/www.ufmg.br\/espacodoconhecimento\/mostrauniversidadecidade\/wp-content\/uploads\/2021\/01\/07_jardinsposs2.png 794w, https:\/\/www.ufmg.br\/espacodoconhecimento\/mostrauniversidadecidade\/wp-content\/uploads\/2021\/01\/07_jardinsposs2-300x168.png 300w, https:\/\/www.ufmg.br\/espacodoconhecimento\/mostrauniversidadecidade\/wp-content\/uploads\/2021\/01\/07_jardinsposs2-768x429.png 768w\" sizes=\"auto, (max-width: 500px) 100vw, 500px\" \/><br>Projeto Jardins Poss\u00edveis<\/a><\/div>\n<\/div>\n\n\n\n<div style=\"height:20px\" aria-hidden=\"true\" class=\"wp-block-spacer\"><\/div>\n\n\n\n<div class=\"wp-block-buttons is-layout-flex wp-block-buttons-is-layout-flex\">\n<div class=\"wp-block-button\"><a class=\"wp-block-button__link has-text-color has-background\" href=\"https:\/\/www.ufmg.br\/espacodoconhecimento\/mostrauniversidadecidade\/projeto-licao-se-essa-rua-fosse-um-rio\/\" style=\"background-color:#c69024;color:#ffffff;border-radius:4px\" target=\"_blank\" rel=\"noreferrer noopener\"><img loading=\"lazy\" decoding=\"async\" width=\"500\" height=\"280\" class=\"wp-image-2832\" style=\"width: 500px;\" src=\"https:\/\/www.ufmg.br\/espacodoconhecimento\/mostrauniversidadecidade\/wp-content\/uploads\/2021\/01\/08_li\u00e7ao.png\" alt=\"\" srcset=\"https:\/\/www.ufmg.br\/espacodoconhecimento\/mostrauniversidadecidade\/wp-content\/uploads\/2021\/01\/08_li\u00e7ao.png 791w, https:\/\/www.ufmg.br\/espacodoconhecimento\/mostrauniversidadecidade\/wp-content\/uploads\/2021\/01\/08_li\u00e7ao-300x168.png 300w, https:\/\/www.ufmg.br\/espacodoconhecimento\/mostrauniversidadecidade\/wp-content\/uploads\/2021\/01\/08_li\u00e7ao-768x430.png 768w\" sizes=\"auto, (max-width: 500px) 100vw, 500px\" \/><br>Projeto Li\u00e7\u00e3o &#8211; Se essa Rua fosse um Rio<\/a><\/div>\n<\/div>\n\n\n\n<div style=\"height:20px\" aria-hidden=\"true\" class=\"wp-block-spacer\"><\/div>\n\n\n\n<div class=\"wp-block-buttons is-layout-flex wp-block-buttons-is-layout-flex\">\n<div class=\"wp-block-button\"><a class=\"wp-block-button__link has-text-color has-background\" href=\"https:\/\/www.ufmg.br\/espacodoconhecimento\/mostrauniversidadecidade\/projeto-mirantes\/\" style=\"background-color:#c69024;color:#ffffff;border-radius:4px\" target=\"_blank\" rel=\"https:\/\/www.ufmg.br\/espacodoconhecimento\/mostrauniversidadecidade\/projeto-mirantes\/ noopener noreferrer\"><img loading=\"lazy\" decoding=\"async\" width=\"500\" height=\"279\" class=\"wp-image-2833\" style=\"width: 500px;\" src=\"https:\/\/www.ufmg.br\/espacodoconhecimento\/mostrauniversidadecidade\/wp-content\/uploads\/2021\/01\/09_mirantes1.png\" alt=\"\" srcset=\"https:\/\/www.ufmg.br\/espacodoconhecimento\/mostrauniversidadecidade\/wp-content\/uploads\/2021\/01\/09_mirantes1.png 791w, https:\/\/www.ufmg.br\/espacodoconhecimento\/mostrauniversidadecidade\/wp-content\/uploads\/2021\/01\/09_mirantes1-300x168.png 300w, https:\/\/www.ufmg.br\/espacodoconhecimento\/mostrauniversidadecidade\/wp-content\/uploads\/2021\/01\/09_mirantes1-768x429.png 768w\" sizes=\"auto, (max-width: 500px) 100vw, 500px\" \/><br>Projeto Mirantes<\/a><\/div>\n<\/div>\n\n\n\n<div style=\"height:20px\" aria-hidden=\"true\" class=\"wp-block-spacer\"><\/div>\n\n\n\n<div class=\"wp-block-buttons is-layout-flex wp-block-buttons-is-layout-flex\">\n<div class=\"wp-block-button\"><a class=\"wp-block-button__link has-text-color has-background\" href=\"https:\/\/www.ufmg.br\/espacodoconhecimento\/mostrauniversidadecidade\/parque-das-ocupacoes\/\" style=\"background-color:#c69024;color:#ffffff;border-radius:4px\" target=\"_blank\" rel=\"noreferrer noopener\"><img loading=\"lazy\" decoding=\"async\" width=\"500\" height=\"273\" class=\"wp-image-2834\" style=\"width: 500px;\" src=\"https:\/\/www.ufmg.br\/espacodoconhecimento\/mostrauniversidadecidade\/wp-content\/uploads\/2021\/01\/10_parqueocupa\u00e7oes.png\" alt=\"\" srcset=\"https:\/\/www.ufmg.br\/espacodoconhecimento\/mostrauniversidadecidade\/wp-content\/uploads\/2021\/01\/10_parqueocupa\u00e7oes.png 744w, https:\/\/www.ufmg.br\/espacodoconhecimento\/mostrauniversidadecidade\/wp-content\/uploads\/2021\/01\/10_parqueocupa\u00e7oes-300x164.png 300w\" sizes=\"auto, (max-width: 500px) 100vw, 500px\" \/><br>Projeto Parque das Ocupa\u00e7\u00f5es<\/a><\/div>\n<\/div>\n\n\n\n<div style=\"height:20px\" aria-hidden=\"true\" class=\"wp-block-spacer\"><\/div>\n\n\n\n<div class=\"wp-block-buttons is-layout-flex wp-block-buttons-is-layout-flex\">\n<div class=\"wp-block-button\"><a class=\"wp-block-button__link has-text-color has-background\" href=\"https:\/\/www.ufmg.br\/espacodoconhecimento\/mostrauniversidadecidade\/projeto-sobre-o-rio\/\" style=\"background-color:#c69024;color:#ffffff;border-radius:4px\" target=\"_blank\" rel=\"noreferrer noopener\"><img loading=\"lazy\" decoding=\"async\" width=\"500\" height=\"280\" class=\"wp-image-2835\" style=\"width: 500px;\" src=\"https:\/\/www.ufmg.br\/espacodoconhecimento\/mostrauniversidadecidade\/wp-content\/uploads\/2021\/01\/11_sobreorio.png\" alt=\"\" srcset=\"https:\/\/www.ufmg.br\/espacodoconhecimento\/mostrauniversidadecidade\/wp-content\/uploads\/2021\/01\/11_sobreorio.png 790w, https:\/\/www.ufmg.br\/espacodoconhecimento\/mostrauniversidadecidade\/wp-content\/uploads\/2021\/01\/11_sobreorio-300x168.png 300w, https:\/\/www.ufmg.br\/espacodoconhecimento\/mostrauniversidadecidade\/wp-content\/uploads\/2021\/01\/11_sobreorio-768x431.png 768w\" sizes=\"auto, (max-width: 500px) 100vw, 500px\" \/><br>Projeto Sobre o Rio<\/a><\/div>\n<\/div>\n\n\n\n<div style=\"height:20px\" aria-hidden=\"true\" class=\"wp-block-spacer\"><\/div>\n\n\n\n<div class=\"wp-block-buttons is-layout-flex wp-block-buttons-is-layout-flex\">\n<div class=\"wp-block-button\"><a class=\"wp-block-button__link has-text-color has-background\" href=\"https:\/\/www.ufmg.br\/espacodoconhecimento\/mostrauniversidadecidade\/retina-solidaria\/\" style=\"background-color:#c69024;color:#ffffff;border-radius:4px\" target=\"_blank\" rel=\"noreferrer noopener\"><img loading=\"lazy\" decoding=\"async\" width=\"500\" height=\"279\" class=\"wp-image-2836\" style=\"width: 500px;\" src=\"https:\/\/www.ufmg.br\/espacodoconhecimento\/mostrauniversidadecidade\/wp-content\/uploads\/2021\/01\/12_retinasolidaria.png\" alt=\"\" srcset=\"https:\/\/www.ufmg.br\/espacodoconhecimento\/mostrauniversidadecidade\/wp-content\/uploads\/2021\/01\/12_retinasolidaria.png 793w, https:\/\/www.ufmg.br\/espacodoconhecimento\/mostrauniversidadecidade\/wp-content\/uploads\/2021\/01\/12_retinasolidaria-300x167.png 300w, https:\/\/www.ufmg.br\/espacodoconhecimento\/mostrauniversidadecidade\/wp-content\/uploads\/2021\/01\/12_retinasolidaria-768x428.png 768w\" sizes=\"auto, (max-width: 500px) 100vw, 500px\" \/><br>Retina Solid\u00e1ria<\/a><\/div>\n<\/div>\n\n\n\n<div style=\"height:20px\" aria-hidden=\"true\" class=\"wp-block-spacer\"><\/div>\n\n\n\n<div class=\"wp-block-buttons is-layout-flex wp-block-buttons-is-layout-flex\">\n<div class=\"wp-block-button\"><a class=\"wp-block-button__link has-text-color has-background\" href=\"https:\/\/www.ufmg.br\/espacodoconhecimento\/mostrauniversidadecidade\/territorios-populares\/\" style=\"background-color:#c69024;color:#ffffff;border-radius:4px\" target=\"_blank\" rel=\"noreferrer noopener\"><img loading=\"lazy\" decoding=\"async\" width=\"500\" height=\"279\" class=\"wp-image-2837\" style=\"width: 500px;\" src=\"https:\/\/www.ufmg.br\/espacodoconhecimento\/mostrauniversidadecidade\/wp-content\/uploads\/2021\/01\/13_territoriospop.png\" alt=\"\" srcset=\"https:\/\/www.ufmg.br\/espacodoconhecimento\/mostrauniversidadecidade\/wp-content\/uploads\/2021\/01\/13_territoriospop.png 793w, https:\/\/www.ufmg.br\/espacodoconhecimento\/mostrauniversidadecidade\/wp-content\/uploads\/2021\/01\/13_territoriospop-300x167.png 300w, https:\/\/www.ufmg.br\/espacodoconhecimento\/mostrauniversidadecidade\/wp-content\/uploads\/2021\/01\/13_territoriospop-768x428.png 768w\" sizes=\"auto, (max-width: 500px) 100vw, 500px\" \/><br>Territ\u00f3rios Populares<\/a><\/div>\n<\/div>\n\n\n\n<div style=\"height:20px\" aria-hidden=\"true\" class=\"wp-block-spacer\"><\/div>\n\n\n\n<div class=\"wp-block-buttons is-layout-flex wp-block-buttons-is-layout-flex\">\n<div class=\"wp-block-button\"><a class=\"wp-block-button__link has-text-color has-background\" href=\"https:\/\/www.ufmg.br\/espacodoconhecimento\/mostrauniversidadecidade\/uma-leve-contaminacao\/\" style=\"background-color:#c69024;color:#ffffff;border-radius:4px\" target=\"_blank\" rel=\"https:\/\/www.ufmg.br\/espacodoconhecimento\/mostrauniversidadecidade\/uma-leve-contaminacao\/ noopener noreferrer\"><img loading=\"lazy\" decoding=\"async\" width=\"500\" height=\"346\" class=\"wp-image-2838\" style=\"width: 500px;\" src=\"https:\/\/www.ufmg.br\/espacodoconhecimento\/mostrauniversidadecidade\/wp-content\/uploads\/2021\/01\/14_leve.png\" alt=\"\" srcset=\"https:\/\/www.ufmg.br\/espacodoconhecimento\/mostrauniversidadecidade\/wp-content\/uploads\/2021\/01\/14_leve.png 752w, https:\/\/www.ufmg.br\/espacodoconhecimento\/mostrauniversidadecidade\/wp-content\/uploads\/2021\/01\/14_leve-300x207.png 300w\" sizes=\"auto, (max-width: 500px) 100vw, 500px\" \/><br>uma leve contamina\u00e7\u00e3o&#8230;<\/a><\/div>\n<\/div>\n\n\n\n<div style=\"height:20px\" aria-hidden=\"true\" class=\"wp-block-spacer\"><\/div>\n\n\n\n<div class=\"wp-block-buttons is-layout-flex wp-block-buttons-is-layout-flex\">\n<div class=\"wp-block-button\"><a class=\"wp-block-button__link has-text-color has-background\" href=\"https:\/\/www.ufmg.br\/espacodoconhecimento\/mostrauniversidadecidade\/vestigios-de-fogo\/\" style=\"background-color:#c69024;color:#ffffff;border-radius:4px\" target=\"_blank\" rel=\"noreferrer noopener\"><img loading=\"lazy\" decoding=\"async\" width=\"500\" height=\"262\" class=\"wp-image-2839\" style=\"width: 500px;\" src=\"https:\/\/www.ufmg.br\/espacodoconhecimento\/mostrauniversidadecidade\/wp-content\/uploads\/2021\/01\/15_vestigios.png\" alt=\"\" srcset=\"https:\/\/www.ufmg.br\/espacodoconhecimento\/mostrauniversidadecidade\/wp-content\/uploads\/2021\/01\/15_vestigios.png 818w, https:\/\/www.ufmg.br\/espacodoconhecimento\/mostrauniversidadecidade\/wp-content\/uploads\/2021\/01\/15_vestigios-300x157.png 300w, https:\/\/www.ufmg.br\/espacodoconhecimento\/mostrauniversidadecidade\/wp-content\/uploads\/2021\/01\/15_vestigios-768x402.png 768w\" sizes=\"auto, (max-width: 500px) 100vw, 500px\" \/><br>Vest\u00edgios de Fogo<\/a><\/div>\n<\/div>\n\n\n\n<div style=\"height:20px\" aria-hidden=\"true\" class=\"wp-block-spacer\"><\/div>\n\n\n\n<div class=\"wp-block-group\" id=\"escutar\"><div class=\"wp-block-group__inner-container is-layout-flow wp-block-group-is-layout-flow\">\n<hr class=\"wp-block-separator\"\/>\n<\/div><\/div>\n\n\n\n<div style=\"height:20px\" aria-hidden=\"true\" class=\"wp-block-spacer\"><\/div>\n\n\n\n<div class=\"wp-block-columns is-layout-flex wp-container-core-columns-is-layout-8f761849 wp-block-columns-is-layout-flex\">\n<div class=\"wp-block-column is-layout-flow wp-block-column-is-layout-flow\" style=\"flex-basis:10%\">\n<div class=\"wp-block-image\"><figure class=\"alignright size-medium is-resized\"><img loading=\"lazy\" decoding=\"async\" src=\"https:\/\/www.ufmg.br\/espacodoconhecimento\/mostrauniversidadecidade\/wp-content\/uploads\/2020\/12\/verescutar_escutar-300x300.png\" alt=\"\" class=\"wp-image-1396\" width=\"93\" height=\"93\" srcset=\"https:\/\/www.ufmg.br\/espacodoconhecimento\/mostrauniversidadecidade\/wp-content\/uploads\/2020\/12\/verescutar_escutar-300x300.png 300w, https:\/\/www.ufmg.br\/espacodoconhecimento\/mostrauniversidadecidade\/wp-content\/uploads\/2020\/12\/verescutar_escutar-1024x1024.png 1024w, https:\/\/www.ufmg.br\/espacodoconhecimento\/mostrauniversidadecidade\/wp-content\/uploads\/2020\/12\/verescutar_escutar-150x150.png 150w, https:\/\/www.ufmg.br\/espacodoconhecimento\/mostrauniversidadecidade\/wp-content\/uploads\/2020\/12\/verescutar_escutar-768x768.png 768w, https:\/\/www.ufmg.br\/espacodoconhecimento\/mostrauniversidadecidade\/wp-content\/uploads\/2020\/12\/verescutar_escutar-1536x1536.png 1536w, https:\/\/www.ufmg.br\/espacodoconhecimento\/mostrauniversidadecidade\/wp-content\/uploads\/2020\/12\/verescutar_escutar-2048x2048.png 2048w\" sizes=\"auto, (max-width: 93px) 100vw, 93px\" \/><\/figure><\/div>\n<\/div>\n\n\n\n<div class=\"wp-block-column is-layout-flow wp-block-column-is-layout-flow\" style=\"flex-basis:66.66%\">\n<div style=\"height:30px\" aria-hidden=\"true\" class=\"wp-block-spacer\"><\/div>\n\n\n\n<p class=\"wp-block-paragraph\" style=\"font-size:56px\"><strong><span class=\"has-inline-color has-very-dark-gray-color\">ESCUTAR<\/span><\/strong><\/p>\n<\/div>\n<\/div>\n\n\n\n<div style=\"height:20px\" aria-hidden=\"true\" class=\"wp-block-spacer\"><\/div>\n\n\n\n<div class=\"wp-block-buttons is-layout-flex wp-block-buttons-is-layout-flex\">\n<div class=\"wp-block-button\"><a class=\"wp-block-button__link has-text-color has-background\" href=\"https:\/\/www.ufmg.br\/espacodoconhecimento\/mostrauniversidadecidade\/entre-rios-e-jardins\/\" style=\"background-color:#c69024;color:#ffffff;border-radius:4px\" target=\"_blank\" rel=\"noopener noreferrer\"><img loading=\"lazy\" decoding=\"async\" width=\"500\" height=\"211\" class=\"wp-image-2840\" style=\"width: 500px;\" src=\"https:\/\/www.ufmg.br\/espacodoconhecimento\/mostrauniversidadecidade\/wp-content\/uploads\/2021\/01\/16_erj.png\" alt=\"\" srcset=\"https:\/\/www.ufmg.br\/espacodoconhecimento\/mostrauniversidadecidade\/wp-content\/uploads\/2021\/01\/16_erj.png 783w, https:\/\/www.ufmg.br\/espacodoconhecimento\/mostrauniversidadecidade\/wp-content\/uploads\/2021\/01\/16_erj-300x127.png 300w, https:\/\/www.ufmg.br\/espacodoconhecimento\/mostrauniversidadecidade\/wp-content\/uploads\/2021\/01\/16_erj-768x325.png 768w\" sizes=\"auto, (max-width: 500px) 100vw, 500px\" \/><br>Entre Rios e Jardins<\/a><\/div>\n<\/div>\n\n\n\n<div style=\"height:20px\" aria-hidden=\"true\" class=\"wp-block-spacer\"><\/div>\n\n\n\n<div class=\"wp-block-buttons is-layout-flex wp-block-buttons-is-layout-flex\">\n<div class=\"wp-block-button\"><a class=\"wp-block-button__link has-text-color has-background\" href=\"https:\/\/www.ufmg.br\/espacodoconhecimento\/mostrauniversidadecidade\/radio-janela\/\" style=\"background-color:#c69024;color:#ffffff;border-radius:4px\" target=\"_blank\" rel=\"noreferrer noopener\"><img loading=\"lazy\" decoding=\"async\" width=\"500\" height=\"345\" class=\"wp-image-2841\" style=\"width: 500px;\" src=\"https:\/\/www.ufmg.br\/espacodoconhecimento\/mostrauniversidadecidade\/wp-content\/uploads\/2021\/01\/17_radiojanela.png\" alt=\"\" srcset=\"https:\/\/www.ufmg.br\/espacodoconhecimento\/mostrauniversidadecidade\/wp-content\/uploads\/2021\/01\/17_radiojanela.png 582w, https:\/\/www.ufmg.br\/espacodoconhecimento\/mostrauniversidadecidade\/wp-content\/uploads\/2021\/01\/17_radiojanela-300x207.png 300w\" sizes=\"auto, (max-width: 500px) 100vw, 500px\" \/><br>R\u00e1dio Janela<\/a><\/div>\n<\/div>\n\n\n\n<div style=\"height:20px\" aria-hidden=\"true\" class=\"wp-block-spacer\"><\/div>\n\n\n\n<div class=\"wp-block-buttons is-layout-flex wp-block-buttons-is-layout-flex\">\n<div class=\"wp-block-button\"><a class=\"wp-block-button__link has-text-color has-background\" href=\"https:\/\/www.ufmg.br\/espacodoconhecimento\/mostrauniversidadecidade\/uma-leve-contaminacao\/\" style=\"background-color:#c69024;color:#ffffff;border-radius:4px\" target=\"_blank\" rel=\"https:\/\/www.ufmg.br\/espacodoconhecimento\/mostrauniversidadecidade\/uma-leve-contaminacao\/ noopener noreferrer\"><img loading=\"lazy\" decoding=\"async\" width=\"500\" height=\"295\" class=\"wp-image-2842\" style=\"width: 500px;\" src=\"https:\/\/www.ufmg.br\/espacodoconhecimento\/mostrauniversidadecidade\/wp-content\/uploads\/2021\/01\/18_leve.png\" alt=\"\" srcset=\"https:\/\/www.ufmg.br\/espacodoconhecimento\/mostrauniversidadecidade\/wp-content\/uploads\/2021\/01\/18_leve.png 465w, https:\/\/www.ufmg.br\/espacodoconhecimento\/mostrauniversidadecidade\/wp-content\/uploads\/2021\/01\/18_leve-300x177.png 300w\" sizes=\"auto, (max-width: 500px) 100vw, 500px\" \/><br>uma leve contamina\u00e7\u00e3o&#8230;<\/a><\/div>\n<\/div>\n\n\n\n<div style=\"height:20px\" aria-hidden=\"true\" class=\"wp-block-spacer\"><\/div>\n\n\n\n<div class=\"wp-block-group\" id=\"ver-escutar\"><div class=\"wp-block-group__inner-container is-layout-flow wp-block-group-is-layout-flow\">\n<hr class=\"wp-block-separator\"\/>\n<\/div><\/div>\n\n\n\n<div style=\"height:20px\" aria-hidden=\"true\" class=\"wp-block-spacer\"><\/div>\n\n\n\n<div class=\"wp-block-columns is-layout-flex wp-container-core-columns-is-layout-8f761849 wp-block-columns-is-layout-flex\">\n<div class=\"wp-block-column is-layout-flow wp-block-column-is-layout-flow\" style=\"flex-basis:10%\">\n<div class=\"wp-block-image\"><figure class=\"alignright size-medium is-resized\"><img loading=\"lazy\" decoding=\"async\" src=\"https:\/\/www.ufmg.br\/espacodoconhecimento\/mostrauniversidadecidade\/wp-content\/uploads\/2020\/12\/verescutar_verescutar-300x300.png\" alt=\"\" class=\"wp-image-1398\" width=\"93\" height=\"93\" srcset=\"https:\/\/www.ufmg.br\/espacodoconhecimento\/mostrauniversidadecidade\/wp-content\/uploads\/2020\/12\/verescutar_verescutar-300x300.png 300w, https:\/\/www.ufmg.br\/espacodoconhecimento\/mostrauniversidadecidade\/wp-content\/uploads\/2020\/12\/verescutar_verescutar-1024x1024.png 1024w, https:\/\/www.ufmg.br\/espacodoconhecimento\/mostrauniversidadecidade\/wp-content\/uploads\/2020\/12\/verescutar_verescutar-150x150.png 150w, https:\/\/www.ufmg.br\/espacodoconhecimento\/mostrauniversidadecidade\/wp-content\/uploads\/2020\/12\/verescutar_verescutar-768x768.png 768w, https:\/\/www.ufmg.br\/espacodoconhecimento\/mostrauniversidadecidade\/wp-content\/uploads\/2020\/12\/verescutar_verescutar-1536x1536.png 1536w, https:\/\/www.ufmg.br\/espacodoconhecimento\/mostrauniversidadecidade\/wp-content\/uploads\/2020\/12\/verescutar_verescutar-2048x2048.png 2048w\" sizes=\"auto, (max-width: 93px) 100vw, 93px\" \/><\/figure><\/div>\n<\/div>\n\n\n\n<div class=\"wp-block-column is-layout-flow wp-block-column-is-layout-flow\" style=\"flex-basis:66.66%\">\n<div style=\"height:30px\" aria-hidden=\"true\" class=\"wp-block-spacer\"><\/div>\n\n\n\n<p class=\"wp-block-paragraph\" style=\"font-size:56px\"><strong><span class=\"has-inline-color has-very-dark-gray-color\">VER E ESCUTAR<\/span><\/strong><\/p>\n<\/div>\n<\/div>\n\n\n\n<div class=\"wp-block-buttons is-layout-flex wp-block-buttons-is-layout-flex\">\n<div class=\"wp-block-button\"><a class=\"wp-block-button__link has-text-color has-background\" href=\"https:\/\/www.ufmg.br\/espacodoconhecimento\/mostrauniversidadecidade\/a-travers\/\" style=\"background-color:#c69024;color:#ffffff;border-radius:4px\" target=\"_blank\" rel=\"noreferrer noopener\"><img loading=\"lazy\" decoding=\"async\" width=\"500\" height=\"279\" class=\"wp-image-2843\" style=\"width: 500px;\" src=\"https:\/\/www.ufmg.br\/espacodoconhecimento\/mostrauniversidadecidade\/wp-content\/uploads\/2021\/01\/19_atravers.png\" alt=\"\" srcset=\"https:\/\/www.ufmg.br\/espacodoconhecimento\/mostrauniversidadecidade\/wp-content\/uploads\/2021\/01\/19_atravers.png 895w, https:\/\/www.ufmg.br\/espacodoconhecimento\/mostrauniversidadecidade\/wp-content\/uploads\/2021\/01\/19_atravers-300x168.png 300w, https:\/\/www.ufmg.br\/espacodoconhecimento\/mostrauniversidadecidade\/wp-content\/uploads\/2021\/01\/19_atravers-768x429.png 768w\" sizes=\"auto, (max-width: 500px) 100vw, 500px\" \/><br>\u00c0 Travers<\/a><\/div>\n<\/div>\n\n\n\n<div style=\"height:20px\" aria-hidden=\"true\" class=\"wp-block-spacer\"><\/div>\n\n\n\n<div class=\"wp-block-buttons is-layout-flex wp-block-buttons-is-layout-flex\">\n<div class=\"wp-block-button\"><a class=\"wp-block-button__link has-text-color has-background\" href=\"https:\/\/www.ufmg.br\/espacodoconhecimento\/mostrauniversidadecidade\/as-varias-formas-de-construir-agroecologia\/\" style=\"background-color:#c69024;color:#ffffff;border-radius:4px\" target=\"_blank\" rel=\"noreferrer noopener\"><img loading=\"lazy\" decoding=\"async\" width=\"500\" height=\"280\" class=\"wp-image-2844\" style=\"width: 500px;\" src=\"https:\/\/www.ufmg.br\/espacodoconhecimento\/mostrauniversidadecidade\/wp-content\/uploads\/2021\/01\/20_as-varias-formas-de-agro.png\" alt=\"\" srcset=\"https:\/\/www.ufmg.br\/espacodoconhecimento\/mostrauniversidadecidade\/wp-content\/uploads\/2021\/01\/20_as-varias-formas-de-agro.png 892w, https:\/\/www.ufmg.br\/espacodoconhecimento\/mostrauniversidadecidade\/wp-content\/uploads\/2021\/01\/20_as-varias-formas-de-agro-300x168.png 300w, https:\/\/www.ufmg.br\/espacodoconhecimento\/mostrauniversidadecidade\/wp-content\/uploads\/2021\/01\/20_as-varias-formas-de-agro-768x430.png 768w\" sizes=\"auto, (max-width: 500px) 100vw, 500px\" \/><br>As v\u00e1rias formas de construir a Agroecologia<\/a><\/div>\n<\/div>\n\n\n\n<div style=\"height:20px\" aria-hidden=\"true\" class=\"wp-block-spacer\"><\/div>\n\n\n\n<div class=\"wp-block-buttons is-layout-flex wp-block-buttons-is-layout-flex\">\n<div class=\"wp-block-button\"><a class=\"wp-block-button__link has-text-color has-background\" href=\"https:\/\/www.ufmg.br\/espacodoconhecimento\/mostrauniversidadecidade\/ars-nova\" style=\"background-color:#c69024;color:#ffffff;border-radius:4px\" target=\"_blank\" rel=\"noreferrer noopener\"><img loading=\"lazy\" decoding=\"async\" width=\"500\" height=\"269\" class=\"wp-image-2845\" style=\"width: 500px;\" src=\"https:\/\/www.ufmg.br\/espacodoconhecimento\/mostrauniversidadecidade\/wp-content\/uploads\/2021\/01\/21_ars-nova.png\" alt=\"\" srcset=\"https:\/\/www.ufmg.br\/espacodoconhecimento\/mostrauniversidadecidade\/wp-content\/uploads\/2021\/01\/21_ars-nova.png 935w, https:\/\/www.ufmg.br\/espacodoconhecimento\/mostrauniversidadecidade\/wp-content\/uploads\/2021\/01\/21_ars-nova-300x161.png 300w, https:\/\/www.ufmg.br\/espacodoconhecimento\/mostrauniversidadecidade\/wp-content\/uploads\/2021\/01\/21_ars-nova-768x413.png 768w\" sizes=\"auto, (max-width: 500px) 100vw, 500px\" \/><br>Ars Nova<\/a><\/div>\n<\/div>\n\n\n\n<div style=\"height:20px\" aria-hidden=\"true\" class=\"wp-block-spacer\"><\/div>\n\n\n\n<div class=\"wp-block-buttons is-layout-flex wp-block-buttons-is-layout-flex\">\n<div class=\"wp-block-button\"><a class=\"wp-block-button__link has-text-color has-background\" href=\"https:\/\/www.ufmg.br\/espacodoconhecimento\/mostrauniversidadecidade\/cartografia-do-orcamento-participativo\/\" style=\"background-color:#c69024;color:#ffffff;border-radius:4px\" target=\"_blank\" rel=\"noreferrer noopener\"><img loading=\"lazy\" decoding=\"async\" width=\"500\" height=\"280\" class=\"wp-image-2846\" style=\"width: 500px;\" src=\"https:\/\/www.ufmg.br\/espacodoconhecimento\/mostrauniversidadecidade\/wp-content\/uploads\/2021\/01\/22_ccop.png\" alt=\"\" srcset=\"https:\/\/www.ufmg.br\/espacodoconhecimento\/mostrauniversidadecidade\/wp-content\/uploads\/2021\/01\/22_ccop.png 893w, https:\/\/www.ufmg.br\/espacodoconhecimento\/mostrauniversidadecidade\/wp-content\/uploads\/2021\/01\/22_ccop-300x168.png 300w, https:\/\/www.ufmg.br\/espacodoconhecimento\/mostrauniversidadecidade\/wp-content\/uploads\/2021\/01\/22_ccop-768x430.png 768w\" sizes=\"auto, (max-width: 500px) 100vw, 500px\" \/><br>Centros Culturais e Or\u00e7amento Participativo<\/a><\/div>\n<\/div>\n\n\n\n<div style=\"height:20px\" aria-hidden=\"true\" class=\"wp-block-spacer\"><\/div>\n\n\n\n<div class=\"wp-block-buttons is-layout-flex wp-block-buttons-is-layout-flex\">\n<div class=\"wp-block-button\"><a class=\"wp-block-button__link has-text-color has-background\" href=\"https:\/\/www.ufmg.br\/espacodoconhecimento\/mostrauniversidadecidade\/corregos-vivos-terra-comum\/\" style=\"background-color:#c69024;color:#ffffff;border-radius:4px\" target=\"_blank\" rel=\"noreferrer noopener\"><img loading=\"lazy\" decoding=\"async\" width=\"500\" height=\"281\" class=\"wp-image-3496\" style=\"width: 500px;\" src=\"https:\/\/www.ufmg.br\/espacodoconhecimento\/mostrauniversidadecidade\/wp-content\/uploads\/2021\/02\/corregos-vivos-2.jpeg\" alt=\"\" srcset=\"https:\/\/www.ufmg.br\/espacodoconhecimento\/mostrauniversidadecidade\/wp-content\/uploads\/2021\/02\/corregos-vivos-2.jpeg 1068w, https:\/\/www.ufmg.br\/espacodoconhecimento\/mostrauniversidadecidade\/wp-content\/uploads\/2021\/02\/corregos-vivos-2-300x169.jpeg 300w, https:\/\/www.ufmg.br\/espacodoconhecimento\/mostrauniversidadecidade\/wp-content\/uploads\/2021\/02\/corregos-vivos-2-1024x576.jpeg 1024w, https:\/\/www.ufmg.br\/espacodoconhecimento\/mostrauniversidadecidade\/wp-content\/uploads\/2021\/02\/corregos-vivos-2-768x432.jpeg 768w\" sizes=\"auto, (max-width: 500px) 100vw, 500px\" \/><br>C\u00f3rregos Vivos<\/a><\/div>\n<\/div>\n\n\n\n<div style=\"height:20px\" aria-hidden=\"true\" class=\"wp-block-spacer\"><\/div>\n\n\n\n<div class=\"wp-block-buttons is-layout-flex wp-block-buttons-is-layout-flex\">\n<div class=\"wp-block-button\"><a class=\"wp-block-button__link has-text-color has-background\" href=\"https:\/\/www.ufmg.br\/espacodoconhecimento\/mostrauniversidadecidade\/equivalencias-das-janelas\/\" style=\"background-color:#c69024;color:#ffffff;border-radius:4px\" target=\"_blank\" rel=\"noreferrer noopener\"><img loading=\"lazy\" decoding=\"async\" width=\"500\" height=\"281\" class=\"wp-image-2901\" style=\"width: 500px;\" src=\"https:\/\/www.ufmg.br\/espacodoconhecimento\/mostrauniversidadecidade\/wp-content\/uploads\/2021\/01\/equivalencia-das-janelas.jpeg\" alt=\"\" srcset=\"https:\/\/www.ufmg.br\/espacodoconhecimento\/mostrauniversidadecidade\/wp-content\/uploads\/2021\/01\/equivalencia-das-janelas.jpeg 1280w, https:\/\/www.ufmg.br\/espacodoconhecimento\/mostrauniversidadecidade\/wp-content\/uploads\/2021\/01\/equivalencia-das-janelas-300x169.jpeg 300w, https:\/\/www.ufmg.br\/espacodoconhecimento\/mostrauniversidadecidade\/wp-content\/uploads\/2021\/01\/equivalencia-das-janelas-1024x575.jpeg 1024w, https:\/\/www.ufmg.br\/espacodoconhecimento\/mostrauniversidadecidade\/wp-content\/uploads\/2021\/01\/equivalencia-das-janelas-768x431.jpeg 768w\" sizes=\"auto, (max-width: 500px) 100vw, 500px\" \/><br>Equival\u00eancia das Janelas<\/a><\/div>\n<\/div>\n\n\n\n<div style=\"height:20px\" aria-hidden=\"true\" class=\"wp-block-spacer\"><\/div>\n\n\n\n<div class=\"wp-block-buttons is-layout-flex wp-block-buttons-is-layout-flex\">\n<div class=\"wp-block-button\"><a class=\"wp-block-button__link has-text-color has-background\" href=\"https:\/\/www.ufmg.br\/espacodoconhecimento\/mostrauniversidadecidade\/flores-do-morro\/\" style=\"background-color:#c69024;color:#ffffff;border-radius:4px\" target=\"_blank\" rel=\"noreferrer noopener\"><img loading=\"lazy\" decoding=\"async\" width=\"500\" height=\"281\" class=\"wp-image-2847\" style=\"width: 500px;\" src=\"https:\/\/www.ufmg.br\/espacodoconhecimento\/mostrauniversidadecidade\/wp-content\/uploads\/2021\/01\/23_floresdomorro.png\" alt=\"\" srcset=\"https:\/\/www.ufmg.br\/espacodoconhecimento\/mostrauniversidadecidade\/wp-content\/uploads\/2021\/01\/23_floresdomorro.png 896w, https:\/\/www.ufmg.br\/espacodoconhecimento\/mostrauniversidadecidade\/wp-content\/uploads\/2021\/01\/23_floresdomorro-300x169.png 300w, https:\/\/www.ufmg.br\/espacodoconhecimento\/mostrauniversidadecidade\/wp-content\/uploads\/2021\/01\/23_floresdomorro-768x432.png 768w\" sizes=\"auto, (max-width: 500px) 100vw, 500px\" \/><br>Flores do Morro<\/a><\/div>\n<\/div>\n\n\n\n<div style=\"height:20px\" aria-hidden=\"true\" class=\"wp-block-spacer\"><\/div>\n\n\n\n<div class=\"wp-block-buttons is-layout-flex wp-block-buttons-is-layout-flex\">\n<div class=\"wp-block-button\"><a class=\"wp-block-button__link has-text-color has-background\" href=\"https:\/\/www.ufmg.br\/espacodoconhecimento\/mostrauniversidadecidade\/formacao-tecnica-para-producao-agroecologica\/\" style=\"background-color:#c69024;color:#ffffff;border-radius:4px\" target=\"_blank\" rel=\"noreferrer noopener\"><img loading=\"lazy\" decoding=\"async\" width=\"500\" height=\"279\" class=\"wp-image-2848\" style=\"width: 500px;\" src=\"https:\/\/www.ufmg.br\/espacodoconhecimento\/mostrauniversidadecidade\/wp-content\/uploads\/2021\/01\/24_agroecologia.png\" alt=\"\" srcset=\"https:\/\/www.ufmg.br\/espacodoconhecimento\/mostrauniversidadecidade\/wp-content\/uploads\/2021\/01\/24_agroecologia.png 891w, https:\/\/www.ufmg.br\/espacodoconhecimento\/mostrauniversidadecidade\/wp-content\/uploads\/2021\/01\/24_agroecologia-300x168.png 300w, https:\/\/www.ufmg.br\/espacodoconhecimento\/mostrauniversidadecidade\/wp-content\/uploads\/2021\/01\/24_agroecologia-768x429.png 768w\" sizes=\"auto, (max-width: 500px) 100vw, 500px\" \/><br>Forma\u00e7\u00e3o t\u00e9cnica para produ\u00e7\u00e3o agroecol\u00f3gica<\/a><\/div>\n<\/div>\n\n\n\n<div style=\"height:20px\" aria-hidden=\"true\" class=\"wp-block-spacer\"><\/div>\n\n\n\n<div class=\"wp-block-buttons is-layout-flex wp-block-buttons-is-layout-flex\">\n<div class=\"wp-block-button\"><a class=\"wp-block-button__link has-text-color has-background\" href=\"https:\/\/www.ufmg.br\/espacodoconhecimento\/mostrauniversidadecidade\/janelas-afora-portas-adentro\/\" style=\"background-color:#c69024;color:#ffffff;border-radius:4px\" target=\"_blank\" rel=\"noreferrer noopener\"><img loading=\"lazy\" decoding=\"async\" width=\"500\" height=\"281\" class=\"wp-image-2849\" style=\"width: 500px;\" src=\"https:\/\/www.ufmg.br\/espacodoconhecimento\/mostrauniversidadecidade\/wp-content\/uploads\/2021\/01\/25_janelas-afora.png\" alt=\"\" srcset=\"https:\/\/www.ufmg.br\/espacodoconhecimento\/mostrauniversidadecidade\/wp-content\/uploads\/2021\/01\/25_janelas-afora.png 885w, https:\/\/www.ufmg.br\/espacodoconhecimento\/mostrauniversidadecidade\/wp-content\/uploads\/2021\/01\/25_janelas-afora-300x169.png 300w, https:\/\/www.ufmg.br\/espacodoconhecimento\/mostrauniversidadecidade\/wp-content\/uploads\/2021\/01\/25_janelas-afora-768x432.png 768w\" sizes=\"auto, (max-width: 500px) 100vw, 500px\" \/><br>Janelas Afora, Portas Adentro<\/a><\/div>\n<\/div>\n\n\n\n<div style=\"height:20px\" aria-hidden=\"true\" class=\"wp-block-spacer\"><\/div>\n\n\n\n<div class=\"wp-block-buttons is-layout-flex wp-block-buttons-is-layout-flex\">\n<div class=\"wp-block-button\"><a class=\"wp-block-button__link has-text-color has-background\" href=\"https:\/\/www.ufmg.br\/espacodoconhecimento\/mostrauniversidadecidade\/projeto-mirantes\/\" style=\"background-color:#c69024;color:#ffffff;border-radius:4px\" target=\"_blank\" rel=\"noreferrer noopener\"><img loading=\"lazy\" decoding=\"async\" width=\"500\" height=\"333\" class=\"wp-image-2850\" style=\"width: 500px;\" src=\"https:\/\/www.ufmg.br\/espacodoconhecimento\/mostrauniversidadecidade\/wp-content\/uploads\/2021\/01\/25_mirantes.jpg\" alt=\"\" srcset=\"https:\/\/www.ufmg.br\/espacodoconhecimento\/mostrauniversidadecidade\/wp-content\/uploads\/2021\/01\/25_mirantes.jpg 1024w, https:\/\/www.ufmg.br\/espacodoconhecimento\/mostrauniversidadecidade\/wp-content\/uploads\/2021\/01\/25_mirantes-300x200.jpg 300w, https:\/\/www.ufmg.br\/espacodoconhecimento\/mostrauniversidadecidade\/wp-content\/uploads\/2021\/01\/25_mirantes-768x512.jpg 768w\" sizes=\"auto, (max-width: 500px) 100vw, 500px\" \/><br>Mirantes<\/a><\/div>\n<\/div>\n\n\n\n<div style=\"height:20px\" aria-hidden=\"true\" class=\"wp-block-spacer\"><\/div>\n\n\n\n<div class=\"wp-block-buttons is-layout-flex wp-block-buttons-is-layout-flex\">\n<div class=\"wp-block-button\"><a class=\"wp-block-button__link has-text-color has-background\" href=\"https:\/\/www.ufmg.br\/espacodoconhecimento\/mostrauniversidadecidade\/musica-para-a-cidade\/\" style=\"background-color:#c69024;color:#ffffff;border-radius:4px\" target=\"_blank\" rel=\"noreferrer noopener\"><img loading=\"lazy\" decoding=\"async\" width=\"500\" height=\"278\" class=\"wp-image-2851\" style=\"width: 500px;\" src=\"https:\/\/www.ufmg.br\/espacodoconhecimento\/mostrauniversidadecidade\/wp-content\/uploads\/2021\/01\/26_musicapcidade.png\" alt=\"\" srcset=\"https:\/\/www.ufmg.br\/espacodoconhecimento\/mostrauniversidadecidade\/wp-content\/uploads\/2021\/01\/26_musicapcidade.png 751w, https:\/\/www.ufmg.br\/espacodoconhecimento\/mostrauniversidadecidade\/wp-content\/uploads\/2021\/01\/26_musicapcidade-300x167.png 300w\" sizes=\"auto, (max-width: 500px) 100vw, 500px\" \/><br>M\u00fasica para a Cidade<\/a><\/div>\n<\/div>\n\n\n\n<div style=\"height:20px\" aria-hidden=\"true\" class=\"wp-block-spacer\"><\/div>\n\n\n\n<div class=\"wp-block-buttons is-layout-flex wp-block-buttons-is-layout-flex\">\n<div class=\"wp-block-button\"><a class=\"wp-block-button__link has-text-color has-background\" href=\"https:\/\/www.ufmg.br\/espacodoconhecimento\/mostrauniversidadecidade\/periferico-rap\/\" style=\"background-color:#c69024;color:#ffffff;border-radius:4px\" target=\"_blank\" rel=\"noreferrer noopener\"><img loading=\"lazy\" decoding=\"async\" width=\"500\" height=\"281\" class=\"wp-image-3502\" style=\"width: 500px;\" src=\"https:\/\/www.ufmg.br\/espacodoconhecimento\/mostrauniversidadecidade\/wp-content\/uploads\/2021\/02\/periferico-rap-print.jpeg\" alt=\"\" srcset=\"https:\/\/www.ufmg.br\/espacodoconhecimento\/mostrauniversidadecidade\/wp-content\/uploads\/2021\/02\/periferico-rap-print.jpeg 1280w, https:\/\/www.ufmg.br\/espacodoconhecimento\/mostrauniversidadecidade\/wp-content\/uploads\/2021\/02\/periferico-rap-print-300x169.jpeg 300w, https:\/\/www.ufmg.br\/espacodoconhecimento\/mostrauniversidadecidade\/wp-content\/uploads\/2021\/02\/periferico-rap-print-1024x575.jpeg 1024w, https:\/\/www.ufmg.br\/espacodoconhecimento\/mostrauniversidadecidade\/wp-content\/uploads\/2021\/02\/periferico-rap-print-768x431.jpeg 768w\" sizes=\"auto, (max-width: 500px) 100vw, 500px\" \/><br>Perif\u00e9rico RAP<\/a><\/div>\n<\/div>\n\n\n\n<div style=\"height:20px\" aria-hidden=\"true\" class=\"wp-block-spacer\"><\/div>\n\n\n\n<div class=\"wp-block-buttons is-layout-flex wp-block-buttons-is-layout-flex\">\n<div class=\"wp-block-button\"><a class=\"wp-block-button__link has-text-color has-background\" href=\"https:\/\/www.ufmg.br\/espacodoconhecimento\/mostrauniversidadecidade\/arcos-pontes-e-janelas\/\" style=\"background-color:#c69024;color:#ffffff;border-radius:4px\" target=\"_blank\" rel=\"noreferrer noopener\"><img loading=\"lazy\" decoding=\"async\" width=\"500\" height=\"279\" class=\"wp-image-2853\" style=\"width: 500px;\" src=\"https:\/\/www.ufmg.br\/espacodoconhecimento\/mostrauniversidadecidade\/wp-content\/uploads\/2021\/01\/28_arcos-pontes.png\" alt=\"\" srcset=\"https:\/\/www.ufmg.br\/espacodoconhecimento\/mostrauniversidadecidade\/wp-content\/uploads\/2021\/01\/28_arcos-pontes.png 797w, https:\/\/www.ufmg.br\/espacodoconhecimento\/mostrauniversidadecidade\/wp-content\/uploads\/2021\/01\/28_arcos-pontes-300x167.png 300w, https:\/\/www.ufmg.br\/espacodoconhecimento\/mostrauniversidadecidade\/wp-content\/uploads\/2021\/01\/28_arcos-pontes-768x428.png 768w\" sizes=\"auto, (max-width: 500px) 100vw, 500px\" \/><br>Projeto Arcos, Pontes e Janelas<\/a><\/div>\n<\/div>\n\n\n\n<div style=\"height:20px\" aria-hidden=\"true\" class=\"wp-block-spacer\"><\/div>\n\n\n\n<div class=\"wp-block-buttons is-layout-flex wp-block-buttons-is-layout-flex\">\n<div class=\"wp-block-button\"><a class=\"wp-block-button__link has-text-color has-background\" href=\"https:\/\/www.ufmg.br\/espacodoconhecimento\/mostrauniversidadecidade\/projeto-suites\/\" style=\"background-color:#c69024;color:#ffffff;border-radius:4px\" target=\"_blank\" rel=\"noreferrer noopener\"><img loading=\"lazy\" decoding=\"async\" width=\"500\" height=\"278\" class=\"wp-image-2854\" style=\"width: 500px;\" src=\"https:\/\/www.ufmg.br\/espacodoconhecimento\/mostrauniversidadecidade\/wp-content\/uploads\/2021\/01\/29_suites.png\" alt=\"\" srcset=\"https:\/\/www.ufmg.br\/espacodoconhecimento\/mostrauniversidadecidade\/wp-content\/uploads\/2021\/01\/29_suites.png 794w, https:\/\/www.ufmg.br\/espacodoconhecimento\/mostrauniversidadecidade\/wp-content\/uploads\/2021\/01\/29_suites-300x167.png 300w, https:\/\/www.ufmg.br\/espacodoconhecimento\/mostrauniversidadecidade\/wp-content\/uploads\/2021\/01\/29_suites-768x428.png 768w\" sizes=\"auto, (max-width: 500px) 100vw, 500px\" \/><br>Projeto Su\u00edtes<\/a><\/div>\n<\/div>\n\n\n\n<div style=\"height:20px\" aria-hidden=\"true\" class=\"wp-block-spacer\"><\/div>\n\n\n\n<div class=\"wp-block-buttons is-layout-flex wp-block-buttons-is-layout-flex\">\n<div class=\"wp-block-button\"><a class=\"wp-block-button__link has-text-color has-background\" href=\"https:\/\/www.ufmg.br\/espacodoconhecimento\/mostrauniversidadecidade\/orquestra-sinfonica-da-escola-de-musica-da-ufmg\/\" style=\"background-color:#c69024;color:#ffffff;border-radius:4px\" target=\"_blank\" rel=\"noreferrer noopener\"><img loading=\"lazy\" decoding=\"async\" width=\"500\" height=\"279\" class=\"wp-image-2852\" style=\"width: 500px;\" src=\"https:\/\/www.ufmg.br\/espacodoconhecimento\/mostrauniversidadecidade\/wp-content\/uploads\/2021\/01\/27_orquestra.png\" alt=\"\" srcset=\"https:\/\/www.ufmg.br\/espacodoconhecimento\/mostrauniversidadecidade\/wp-content\/uploads\/2021\/01\/27_orquestra.png 789w, https:\/\/www.ufmg.br\/espacodoconhecimento\/mostrauniversidadecidade\/wp-content\/uploads\/2021\/01\/27_orquestra-300x168.png 300w, https:\/\/www.ufmg.br\/espacodoconhecimento\/mostrauniversidadecidade\/wp-content\/uploads\/2021\/01\/27_orquestra-768x429.png 768w\" sizes=\"auto, (max-width: 500px) 100vw, 500px\" \/><br>Projeto Viva M\u00fasica<\/a><\/div>\n<\/div>\n\n\n\n<div style=\"height:20px\" aria-hidden=\"true\" class=\"wp-block-spacer\"><\/div>\n\n\n\n<div class=\"wp-block-buttons is-layout-flex wp-block-buttons-is-layout-flex\">\n<div class=\"wp-block-button\"><a class=\"wp-block-button__link has-text-color has-background\" href=\"https:\/\/www.ufmg.br\/espacodoconhecimento\/mostrauniversidadecidade\/quarentena-janelas\/\" style=\"background-color:#c69024;color:#ffffff;border-radius:4px\" target=\"_blank\" rel=\"noreferrer noopener\"><img loading=\"lazy\" decoding=\"async\" width=\"500\" height=\"271\" class=\"wp-image-2855\" style=\"width: 500px;\" src=\"https:\/\/www.ufmg.br\/espacodoconhecimento\/mostrauniversidadecidade\/wp-content\/uploads\/2021\/01\/30_quarentena-janelas.png\" alt=\"\" srcset=\"https:\/\/www.ufmg.br\/espacodoconhecimento\/mostrauniversidadecidade\/wp-content\/uploads\/2021\/01\/30_quarentena-janelas.png 819w, https:\/\/www.ufmg.br\/espacodoconhecimento\/mostrauniversidadecidade\/wp-content\/uploads\/2021\/01\/30_quarentena-janelas-300x163.png 300w, https:\/\/www.ufmg.br\/espacodoconhecimento\/mostrauniversidadecidade\/wp-content\/uploads\/2021\/01\/30_quarentena-janelas-768x416.png 768w\" sizes=\"auto, (max-width: 500px) 100vw, 500px\" \/><br>Quarentena &#8211; Janelas<\/a><\/div>\n<\/div>\n\n\n\n<div style=\"height:20px\" aria-hidden=\"true\" class=\"wp-block-spacer\"><\/div>\n\n\n\n<div class=\"wp-block-buttons is-layout-flex wp-block-buttons-is-layout-flex\">\n<div class=\"wp-block-button\"><a class=\"wp-block-button__link has-text-color has-background\" href=\"https:\/\/www.ufmg.br\/espacodoconhecimento\/mostrauniversidadecidade\/quarentena-na-tela\/\" style=\"background-color:#c69024;color:#ffffff;border-radius:4px\" target=\"_blank\" rel=\"noreferrer noopener\"><img loading=\"lazy\" decoding=\"async\" width=\"500\" height=\"280\" class=\"wp-image-2823\" style=\"width: 500px;\" src=\"https:\/\/www.ufmg.br\/espacodoconhecimento\/mostrauniversidadecidade\/wp-content\/uploads\/2021\/01\/31_quarentena-na-tela.png\" alt=\"\" srcset=\"https:\/\/www.ufmg.br\/espacodoconhecimento\/mostrauniversidadecidade\/wp-content\/uploads\/2021\/01\/31_quarentena-na-tela.png 790w, https:\/\/www.ufmg.br\/espacodoconhecimento\/mostrauniversidadecidade\/wp-content\/uploads\/2021\/01\/31_quarentena-na-tela-300x168.png 300w, https:\/\/www.ufmg.br\/espacodoconhecimento\/mostrauniversidadecidade\/wp-content\/uploads\/2021\/01\/31_quarentena-na-tela-768x430.png 768w\" sizes=\"auto, (max-width: 500px) 100vw, 500px\" \/><br>Quarentena &#8211; Na Tela<\/a><\/div>\n<\/div>\n\n\n\n<div style=\"height:20px\" aria-hidden=\"true\" class=\"wp-block-spacer\"><\/div>\n\n\n\n<div class=\"wp-block-buttons is-layout-flex wp-block-buttons-is-layout-flex\">\n<div class=\"wp-block-button\"><a class=\"wp-block-button__link has-text-color has-background\" href=\"https:\/\/www.ufmg.br\/espacodoconhecimento\/mostrauniversidadecidade\/serie-faces\/\" style=\"background-color:#c69024;color:#ffffff;border-radius:4px\" target=\"_blank\" rel=\"noreferrer noopener\"><img loading=\"lazy\" decoding=\"async\" width=\"500\" height=\"281\" class=\"wp-image-2915\" style=\"width: 500px;\" src=\"https:\/\/www.ufmg.br\/espacodoconhecimento\/mostrauniversidadecidade\/wp-content\/uploads\/2021\/01\/projeto-faces.jpeg\" alt=\"\" srcset=\"https:\/\/www.ufmg.br\/espacodoconhecimento\/mostrauniversidadecidade\/wp-content\/uploads\/2021\/01\/projeto-faces.jpeg 1280w, https:\/\/www.ufmg.br\/espacodoconhecimento\/mostrauniversidadecidade\/wp-content\/uploads\/2021\/01\/projeto-faces-300x169.jpeg 300w, https:\/\/www.ufmg.br\/espacodoconhecimento\/mostrauniversidadecidade\/wp-content\/uploads\/2021\/01\/projeto-faces-1024x575.jpeg 1024w, https:\/\/www.ufmg.br\/espacodoconhecimento\/mostrauniversidadecidade\/wp-content\/uploads\/2021\/01\/projeto-faces-768x431.jpeg 768w\" sizes=\"auto, (max-width: 500px) 100vw, 500px\" \/><br>S\u00e9rie Faces<\/a><\/div>\n<\/div>\n\n\n\n<div style=\"height:20px\" aria-hidden=\"true\" class=\"wp-block-spacer\"><\/div>\n\n\n\n<div class=\"wp-block-buttons is-layout-flex wp-block-buttons-is-layout-flex\">\n<div class=\"wp-block-button\"><a class=\"wp-block-button__link has-text-color has-background\" href=\"https:\/\/www.ufmg.br\/espacodoconhecimento\/mostrauniversidadecidade\/uma-leve-contaminacao\/\" style=\"background-color:#c69024;color:#ffffff;border-radius:4px\" target=\"_blank\" rel=\"noreferrer noopener\"><img loading=\"lazy\" decoding=\"async\" width=\"500\" height=\"281\" class=\"wp-image-2909\" style=\"width: 500px;\" src=\"https:\/\/www.ufmg.br\/espacodoconhecimento\/mostrauniversidadecidade\/wp-content\/uploads\/2021\/01\/rua-progresso.jpeg\" alt=\"\" srcset=\"https:\/\/www.ufmg.br\/espacodoconhecimento\/mostrauniversidadecidade\/wp-content\/uploads\/2021\/01\/rua-progresso.jpeg 1280w, https:\/\/www.ufmg.br\/espacodoconhecimento\/mostrauniversidadecidade\/wp-content\/uploads\/2021\/01\/rua-progresso-300x169.jpeg 300w, https:\/\/www.ufmg.br\/espacodoconhecimento\/mostrauniversidadecidade\/wp-content\/uploads\/2021\/01\/rua-progresso-1024x575.jpeg 1024w, https:\/\/www.ufmg.br\/espacodoconhecimento\/mostrauniversidadecidade\/wp-content\/uploads\/2021\/01\/rua-progresso-768x431.jpeg 768w\" sizes=\"auto, (max-width: 500px) 100vw, 500px\" \/><br>uma leve contamina\u00e7\u00e3o&#8230;<\/a><\/div>\n<\/div>\n\n\n\n<div style=\"height:20px\" aria-hidden=\"true\" class=\"wp-block-spacer\"><\/div>\n","protected":false},"excerpt":{"rendered":"<p>Confira aqui quais s\u00e3o os projetos participantes da Mostra Universidade [&hellip;]<\/p>\n","protected":false},"author":1,"featured_media":0,"parent":0,"menu_order":0,"comment_status":"closed","ping_status":"closed","template":"","meta":{"_acf_changed":false,"_monsterinsights_skip_tracking":false,"footnotes":""},"class_list":["post-9","page","type-page","status-publish","hentry"],"acf":[],"_links":{"self":[{"href":"https:\/\/www.ufmg.br\/espacodoconhecimento\/mostrauniversidadecidade\/wp-json\/wp\/v2\/pages\/9","targetHints":{"allow":["GET"]}}],"collection":[{"href":"https:\/\/www.ufmg.br\/espacodoconhecimento\/mostrauniversidadecidade\/wp-json\/wp\/v2\/pages"}],"about":[{"href":"https:\/\/www.ufmg.br\/espacodoconhecimento\/mostrauniversidadecidade\/wp-json\/wp\/v2\/types\/page"}],"author":[{"embeddable":true,"href":"https:\/\/www.ufmg.br\/espacodoconhecimento\/mostrauniversidadecidade\/wp-json\/wp\/v2\/users\/1"}],"replies":[{"embeddable":true,"href":"https:\/\/www.ufmg.br\/espacodoconhecimento\/mostrauniversidadecidade\/wp-json\/wp\/v2\/comments?post=9"}],"version-history":[{"count":167,"href":"https:\/\/www.ufmg.br\/espacodoconhecimento\/mostrauniversidadecidade\/wp-json\/wp\/v2\/pages\/9\/revisions"}],"predecessor-version":[{"id":3770,"href":"https:\/\/www.ufmg.br\/espacodoconhecimento\/mostrauniversidadecidade\/wp-json\/wp\/v2\/pages\/9\/revisions\/3770"}],"wp:attachment":[{"href":"https:\/\/www.ufmg.br\/espacodoconhecimento\/mostrauniversidadecidade\/wp-json\/wp\/v2\/media?parent=9"}],"curies":[{"name":"wp","href":"https:\/\/api.w.org\/{rel}","templated":true}]}}