{"id":1301,"date":"2025-07-31T13:18:30","date_gmt":"2025-07-31T16:18:30","guid":{"rendered":"https:\/\/www.ufmg.br\/espacodoconhecimento\/novo\/?page_id=1301"},"modified":"2025-10-13T15:53:43","modified_gmt":"2025-10-13T18:53:43","slug":"colecionar-o-mundo-objetos-ciencia-cultura","status":"publish","type":"page","link":"https:\/\/www.ufmg.br\/espacodoconhecimento\/exposicoes\/colecionar-o-mundo-objetos-ciencia-cultura\/","title":{"rendered":"Colecionar o Mundo: objetos + ci\u00eancia + cultura"},"content":{"rendered":"\n<p><em>18 de julho a 02 de dezembro de 2018<\/em><\/p>\n\n\n\n<div style=\"height:35px\" aria-hidden=\"true\" class=\"wp-block-spacer\"><\/div>\n\n\n\n<figure class=\"wp-block-image size-large\"><img loading=\"lazy\" decoding=\"async\" width=\"1024\" height=\"413\" src=\"https:\/\/www.ufmg.br\/espacodoconhecimento\/novo\/wp-content\/uploads\/2025\/07\/IMG_5776a-1024x413.jpg\" alt=\"\" class=\"wp-image-1302\" srcset=\"https:\/\/www.ufmg.br\/espacodoconhecimento\/wp-content\/uploads\/2025\/07\/IMG_5776a-1024x413.jpg 1024w, https:\/\/www.ufmg.br\/espacodoconhecimento\/wp-content\/uploads\/2025\/07\/IMG_5776a-300x121.jpg 300w, https:\/\/www.ufmg.br\/espacodoconhecimento\/wp-content\/uploads\/2025\/07\/IMG_5776a-768x310.jpg 768w, https:\/\/www.ufmg.br\/espacodoconhecimento\/wp-content\/uploads\/2025\/07\/IMG_5776a-1536x620.jpg 1536w, https:\/\/www.ufmg.br\/espacodoconhecimento\/wp-content\/uploads\/2025\/07\/IMG_5776a-2048x826.jpg 2048w\" sizes=\"(max-width: 1024px) 100vw, 1024px\" \/><\/figure>\n\n\n\n<div style=\"height:35px\" aria-hidden=\"true\" class=\"wp-block-spacer\"><\/div>\n\n\n\n<p>Uma parceria com a Cemig, a mostra <strong>Colecionar o Mundo: objetos + ci\u00eancia + cultura<\/strong> exibe artefatos cient\u00edficos e art\u00edsticos catalogados em atividades de pesquisa e ensino que revelam como se d\u00e1 a constru\u00e7\u00e3o do saber.<\/p>\n\n\n\n<p>Do Acervo Art\u00edstico da UFMG, sa\u00edram 27 obras de autores renomados, como Portinari, Guignard, Burle Marx, Di Cavalcanti, Maria Helena Andr\u00e9s e outros. Ao lado, a se\u00e7\u00e3o <em>Ilustra\u00e7\u00f5es Cient\u00edficas<\/em> mostra o resultado da uni\u00e3o entre arte e ci\u00eancia a partir de 140 figuras detalhadas de plantas e animais.<\/p>\n\n\n\n<p>Em <em>Cole\u00e7\u00f5es Taxon\u00f4micas<\/em>, o p\u00fablico contempla exemplares de peixes, aves, orqu\u00eddeas, r\u00e9pteis, insetos e tipos de madeira que mostram a biodiversidade de tr\u00eas regi\u00f5es de Minas Gerais: o Espinha\u00e7o Canga, onde fica o Quadril\u00e1tero Ferr\u00edfero, o Espinha\u00e7o Quartzito, que engloba as serras do Cip\u00f3 e do Cara\u00e7a, e o Vale do Rio Doce.<\/p>\n\n\n\n<p>Por fim, a se\u00e7\u00e3o <em>Artefatos e a pr\u00e1tica acad\u00eamica<\/em> mostra como as atividades da Universidade est\u00e3o cercadas de objetos que s\u00e3o testemunhos de pr\u00e1ticas e tecnologias do passado e do presente.<\/p>\n\n\n\n<p>A curadoria \u00e9 dos professores do curso de Museologia Let\u00edcia Juli\u00e3o e Paulo Roberto Sabino.<\/p>\n\n\n\n<div style=\"height:35px\" aria-hidden=\"true\" class=\"wp-block-spacer\"><\/div>\n\n\n\n<p>Para conhecer mais, acesse o <strong><a href=\"https:\/\/www.ufmg.br\/espacodoconhecimento\/novo\/wp-content\/uploads\/2025\/07\/2019_09_10_Catalogo-Colecionar-o-Mundo_.pdf\" target=\"_blank\" rel=\"noreferrer noopener\">cat\u00e1logo<\/a><\/strong> da mostra, e assista tamb\u00e9m ao v\u00eddeo com o <strong><a href=\"https:\/\/www.youtube.com\/watch?v=jAIBPo0he1Y&amp;list=PLj6artl7bRneWebkIGB_ItBjpvBRU2gJC&amp;index=11&amp;t=0s\" target=\"_blank\" rel=\"noreferrer noopener\">Making Of<\/a><\/strong>&nbsp;da exposi\u00e7\u00e3o.<\/p>\n\n\n\n<p>Ou\u00e7a, ainda, a playlist musical&nbsp;<strong><a href=\"https:\/\/open.spotify.com\/playlist\/7wF30DbCjCyp6EExEL71cw\" target=\"_blank\" rel=\"noreferrer noopener\">Colecionar o Mundo \u2013 O som que vem dos objetos<\/a><\/strong>, no Spotify.<\/p>\n\n\n\n<div style=\"height:35px\" aria-hidden=\"true\" class=\"wp-block-spacer\"><\/div>\n\n\n\n<figure class=\"wp-block-gallery has-nested-images columns-3 is-cropped wp-block-gallery-1 is-layout-flex wp-block-gallery-is-layout-flex\">\n<figure class=\"wp-block-image size-full\"><img loading=\"lazy\" decoding=\"async\" width=\"1024\" height=\"683\" data-id=\"1304\" src=\"https:\/\/www.ufmg.br\/espacodoconhecimento\/novo\/wp-content\/uploads\/2025\/07\/IMG_8796-Colecionar-o-mundo-1024x683-1.jpg\" alt=\"\" class=\"wp-image-1304\" srcset=\"https:\/\/www.ufmg.br\/espacodoconhecimento\/wp-content\/uploads\/2025\/07\/IMG_8796-Colecionar-o-mundo-1024x683-1.jpg 1024w, https:\/\/www.ufmg.br\/espacodoconhecimento\/wp-content\/uploads\/2025\/07\/IMG_8796-Colecionar-o-mundo-1024x683-1-300x200.jpg 300w, https:\/\/www.ufmg.br\/espacodoconhecimento\/wp-content\/uploads\/2025\/07\/IMG_8796-Colecionar-o-mundo-1024x683-1-768x512.jpg 768w\" sizes=\"(max-width: 1024px) 100vw, 1024px\" \/><\/figure>\n\n\n\n<figure class=\"wp-block-image size-full\"><img loading=\"lazy\" decoding=\"async\" width=\"1024\" height=\"683\" data-id=\"1305\" src=\"https:\/\/www.ufmg.br\/espacodoconhecimento\/novo\/wp-content\/uploads\/2025\/07\/IMG_8791-Colecionar-o-mundo-1024x683-1.jpg\" alt=\"\" class=\"wp-image-1305\" srcset=\"https:\/\/www.ufmg.br\/espacodoconhecimento\/wp-content\/uploads\/2025\/07\/IMG_8791-Colecionar-o-mundo-1024x683-1.jpg 1024w, https:\/\/www.ufmg.br\/espacodoconhecimento\/wp-content\/uploads\/2025\/07\/IMG_8791-Colecionar-o-mundo-1024x683-1-300x200.jpg 300w, https:\/\/www.ufmg.br\/espacodoconhecimento\/wp-content\/uploads\/2025\/07\/IMG_8791-Colecionar-o-mundo-1024x683-1-768x512.jpg 768w\" sizes=\"(max-width: 1024px) 100vw, 1024px\" \/><\/figure>\n\n\n\n<figure class=\"wp-block-image size-full\"><img loading=\"lazy\" decoding=\"async\" width=\"1024\" height=\"683\" data-id=\"1306\" src=\"https:\/\/www.ufmg.br\/espacodoconhecimento\/novo\/wp-content\/uploads\/2025\/07\/IMG_4249-Colecionar-o-mundo-1024x683-1.jpg\" alt=\"\" class=\"wp-image-1306\" srcset=\"https:\/\/www.ufmg.br\/espacodoconhecimento\/wp-content\/uploads\/2025\/07\/IMG_4249-Colecionar-o-mundo-1024x683-1.jpg 1024w, https:\/\/www.ufmg.br\/espacodoconhecimento\/wp-content\/uploads\/2025\/07\/IMG_4249-Colecionar-o-mundo-1024x683-1-300x200.jpg 300w, https:\/\/www.ufmg.br\/espacodoconhecimento\/wp-content\/uploads\/2025\/07\/IMG_4249-Colecionar-o-mundo-1024x683-1-768x512.jpg 768w\" sizes=\"(max-width: 1024px) 100vw, 1024px\" \/><\/figure>\n\n\n\n<figure class=\"wp-block-image size-full\"><img loading=\"lazy\" decoding=\"async\" width=\"1024\" height=\"683\" data-id=\"1307\" src=\"https:\/\/www.ufmg.br\/espacodoconhecimento\/novo\/wp-content\/uploads\/2025\/07\/IMG_5876-Colecionar-o-mundo-1024x683-1.jpg\" alt=\"\" class=\"wp-image-1307\" srcset=\"https:\/\/www.ufmg.br\/espacodoconhecimento\/wp-content\/uploads\/2025\/07\/IMG_5876-Colecionar-o-mundo-1024x683-1.jpg 1024w, https:\/\/www.ufmg.br\/espacodoconhecimento\/wp-content\/uploads\/2025\/07\/IMG_5876-Colecionar-o-mundo-1024x683-1-300x200.jpg 300w, https:\/\/www.ufmg.br\/espacodoconhecimento\/wp-content\/uploads\/2025\/07\/IMG_5876-Colecionar-o-mundo-1024x683-1-768x512.jpg 768w\" sizes=\"(max-width: 1024px) 100vw, 1024px\" \/><\/figure>\n\n\n\n<figure class=\"wp-block-image size-full\"><img loading=\"lazy\" decoding=\"async\" width=\"1024\" height=\"683\" data-id=\"1308\" src=\"https:\/\/www.ufmg.br\/espacodoconhecimento\/novo\/wp-content\/uploads\/2025\/07\/IMG_3503-Colecionar-o-mundo-1024x683-1.jpg\" alt=\"\" class=\"wp-image-1308\" srcset=\"https:\/\/www.ufmg.br\/espacodoconhecimento\/wp-content\/uploads\/2025\/07\/IMG_3503-Colecionar-o-mundo-1024x683-1.jpg 1024w, https:\/\/www.ufmg.br\/espacodoconhecimento\/wp-content\/uploads\/2025\/07\/IMG_3503-Colecionar-o-mundo-1024x683-1-300x200.jpg 300w, https:\/\/www.ufmg.br\/espacodoconhecimento\/wp-content\/uploads\/2025\/07\/IMG_3503-Colecionar-o-mundo-1024x683-1-768x512.jpg 768w\" sizes=\"(max-width: 1024px) 100vw, 1024px\" \/><\/figure>\n\n\n\n<figure class=\"wp-block-image size-full\"><img loading=\"lazy\" decoding=\"async\" width=\"1024\" height=\"683\" data-id=\"1309\" src=\"https:\/\/www.ufmg.br\/espacodoconhecimento\/novo\/wp-content\/uploads\/2025\/07\/IMG_8162-Colecionar-o-mundo-1024x683-1.jpg\" alt=\"\" class=\"wp-image-1309\" srcset=\"https:\/\/www.ufmg.br\/espacodoconhecimento\/wp-content\/uploads\/2025\/07\/IMG_8162-Colecionar-o-mundo-1024x683-1.jpg 1024w, https:\/\/www.ufmg.br\/espacodoconhecimento\/wp-content\/uploads\/2025\/07\/IMG_8162-Colecionar-o-mundo-1024x683-1-300x200.jpg 300w, https:\/\/www.ufmg.br\/espacodoconhecimento\/wp-content\/uploads\/2025\/07\/IMG_8162-Colecionar-o-mundo-1024x683-1-768x512.jpg 768w\" sizes=\"(max-width: 1024px) 100vw, 1024px\" \/><\/figure>\n\n\n\n<figure class=\"wp-block-image size-full\"><img loading=\"lazy\" decoding=\"async\" width=\"1024\" height=\"683\" data-id=\"1310\" src=\"https:\/\/www.ufmg.br\/espacodoconhecimento\/novo\/wp-content\/uploads\/2025\/07\/IMG_3516-Colecionar-o-mundo-1024x683-1.jpg\" alt=\"\" class=\"wp-image-1310\" srcset=\"https:\/\/www.ufmg.br\/espacodoconhecimento\/wp-content\/uploads\/2025\/07\/IMG_3516-Colecionar-o-mundo-1024x683-1.jpg 1024w, https:\/\/www.ufmg.br\/espacodoconhecimento\/wp-content\/uploads\/2025\/07\/IMG_3516-Colecionar-o-mundo-1024x683-1-300x200.jpg 300w, https:\/\/www.ufmg.br\/espacodoconhecimento\/wp-content\/uploads\/2025\/07\/IMG_3516-Colecionar-o-mundo-1024x683-1-768x512.jpg 768w\" sizes=\"(max-width: 1024px) 100vw, 1024px\" \/><\/figure>\n\n\n\n<figure class=\"wp-block-image size-full\"><img loading=\"lazy\" decoding=\"async\" width=\"1024\" height=\"683\" data-id=\"1311\" src=\"https:\/\/www.ufmg.br\/espacodoconhecimento\/novo\/wp-content\/uploads\/2025\/07\/IMG_8163-Colecionar-o-mundo-1024x683-1.jpg\" alt=\"\" class=\"wp-image-1311\" srcset=\"https:\/\/www.ufmg.br\/espacodoconhecimento\/wp-content\/uploads\/2025\/07\/IMG_8163-Colecionar-o-mundo-1024x683-1.jpg 1024w, https:\/\/www.ufmg.br\/espacodoconhecimento\/wp-content\/uploads\/2025\/07\/IMG_8163-Colecionar-o-mundo-1024x683-1-300x200.jpg 300w, https:\/\/www.ufmg.br\/espacodoconhecimento\/wp-content\/uploads\/2025\/07\/IMG_8163-Colecionar-o-mundo-1024x683-1-768x512.jpg 768w\" sizes=\"(max-width: 1024px) 100vw, 1024px\" \/><\/figure>\n\n\n\n<figure class=\"wp-block-image size-full\"><img loading=\"lazy\" decoding=\"async\" width=\"1024\" height=\"683\" data-id=\"1312\" src=\"https:\/\/www.ufmg.br\/espacodoconhecimento\/novo\/wp-content\/uploads\/2025\/07\/IMG_3537-Colecionar-o-mundo-1024x683-1.jpg\" alt=\"\" class=\"wp-image-1312\" srcset=\"https:\/\/www.ufmg.br\/espacodoconhecimento\/wp-content\/uploads\/2025\/07\/IMG_3537-Colecionar-o-mundo-1024x683-1.jpg 1024w, https:\/\/www.ufmg.br\/espacodoconhecimento\/wp-content\/uploads\/2025\/07\/IMG_3537-Colecionar-o-mundo-1024x683-1-300x200.jpg 300w, https:\/\/www.ufmg.br\/espacodoconhecimento\/wp-content\/uploads\/2025\/07\/IMG_3537-Colecionar-o-mundo-1024x683-1-768x512.jpg 768w\" sizes=\"(max-width: 1024px) 100vw, 1024px\" \/><\/figure>\n\n\n\n<figure class=\"wp-block-image size-full\"><img loading=\"lazy\" decoding=\"async\" width=\"1024\" height=\"683\" data-id=\"1313\" src=\"https:\/\/www.ufmg.br\/espacodoconhecimento\/novo\/wp-content\/uploads\/2025\/07\/IMG_3458-Colecionar-o-mundo-1024x683-1.jpg\" alt=\"\" class=\"wp-image-1313\" srcset=\"https:\/\/www.ufmg.br\/espacodoconhecimento\/wp-content\/uploads\/2025\/07\/IMG_3458-Colecionar-o-mundo-1024x683-1.jpg 1024w, https:\/\/www.ufmg.br\/espacodoconhecimento\/wp-content\/uploads\/2025\/07\/IMG_3458-Colecionar-o-mundo-1024x683-1-300x200.jpg 300w, https:\/\/www.ufmg.br\/espacodoconhecimento\/wp-content\/uploads\/2025\/07\/IMG_3458-Colecionar-o-mundo-1024x683-1-768x512.jpg 768w\" sizes=\"(max-width: 1024px) 100vw, 1024px\" \/><\/figure>\n\n\n\n<figure class=\"wp-block-image size-full\"><img loading=\"lazy\" decoding=\"async\" width=\"1024\" height=\"683\" data-id=\"1314\" src=\"https:\/\/www.ufmg.br\/espacodoconhecimento\/novo\/wp-content\/uploads\/2025\/07\/IMG_6341-Colecionar-o-mundo-1024x683-1.jpg\" alt=\"\" class=\"wp-image-1314\" srcset=\"https:\/\/www.ufmg.br\/espacodoconhecimento\/wp-content\/uploads\/2025\/07\/IMG_6341-Colecionar-o-mundo-1024x683-1.jpg 1024w, https:\/\/www.ufmg.br\/espacodoconhecimento\/wp-content\/uploads\/2025\/07\/IMG_6341-Colecionar-o-mundo-1024x683-1-300x200.jpg 300w, https:\/\/www.ufmg.br\/espacodoconhecimento\/wp-content\/uploads\/2025\/07\/IMG_6341-Colecionar-o-mundo-1024x683-1-768x512.jpg 768w\" sizes=\"(max-width: 1024px) 100vw, 1024px\" \/><\/figure>\n\n\n\n<figure class=\"wp-block-image size-full\"><img loading=\"lazy\" decoding=\"async\" width=\"1024\" height=\"683\" data-id=\"1315\" src=\"https:\/\/www.ufmg.br\/espacodoconhecimento\/novo\/wp-content\/uploads\/2025\/07\/IMG_8790-Colecionar-o-mundo-1024x683-1.jpg\" alt=\"\" class=\"wp-image-1315\" srcset=\"https:\/\/www.ufmg.br\/espacodoconhecimento\/wp-content\/uploads\/2025\/07\/IMG_8790-Colecionar-o-mundo-1024x683-1.jpg 1024w, https:\/\/www.ufmg.br\/espacodoconhecimento\/wp-content\/uploads\/2025\/07\/IMG_8790-Colecionar-o-mundo-1024x683-1-300x200.jpg 300w, https:\/\/www.ufmg.br\/espacodoconhecimento\/wp-content\/uploads\/2025\/07\/IMG_8790-Colecionar-o-mundo-1024x683-1-768x512.jpg 768w\" sizes=\"(max-width: 1024px) 100vw, 1024px\" \/><\/figure>\n<\/figure>\n","protected":false},"excerpt":{"rendered":"<p>18 de julho a 02 de dezembro de 2018 Uma parceria com a Cemig, a mostra Colecionar o Mundo: objetos + ci\u00eancia + cultura exibe artefatos cient\u00edficos e art\u00edsticos catalogados em atividades de pesquisa e ensino que revelam como se d\u00e1 a constru\u00e7\u00e3o do saber. Do Acervo Art\u00edstico da UFMG, sa\u00edram 27 obras de autores [&hellip;]<\/p>\n","protected":false},"author":3,"featured_media":0,"parent":206,"menu_order":0,"comment_status":"closed","ping_status":"closed","template":"","meta":{"_acf_changed":false,"footnotes":""},"class_list":["post-1301","page","type-page","status-publish","hentry"],"acf":[],"_links":{"self":[{"href":"https:\/\/www.ufmg.br\/espacodoconhecimento\/wp-json\/wp\/v2\/pages\/1301"}],"collection":[{"href":"https:\/\/www.ufmg.br\/espacodoconhecimento\/wp-json\/wp\/v2\/pages"}],"about":[{"href":"https:\/\/www.ufmg.br\/espacodoconhecimento\/wp-json\/wp\/v2\/types\/page"}],"author":[{"embeddable":true,"href":"https:\/\/www.ufmg.br\/espacodoconhecimento\/wp-json\/wp\/v2\/users\/3"}],"replies":[{"embeddable":true,"href":"https:\/\/www.ufmg.br\/espacodoconhecimento\/wp-json\/wp\/v2\/comments?post=1301"}],"version-history":[{"count":4,"href":"https:\/\/www.ufmg.br\/espacodoconhecimento\/wp-json\/wp\/v2\/pages\/1301\/revisions"}],"predecessor-version":[{"id":2234,"href":"https:\/\/www.ufmg.br\/espacodoconhecimento\/wp-json\/wp\/v2\/pages\/1301\/revisions\/2234"}],"up":[{"embeddable":true,"href":"https:\/\/www.ufmg.br\/espacodoconhecimento\/wp-json\/wp\/v2\/pages\/206"}],"wp:attachment":[{"href":"https:\/\/www.ufmg.br\/espacodoconhecimento\/wp-json\/wp\/v2\/media?parent=1301"}],"curies":[{"name":"wp","href":"https:\/\/api.w.org\/{rel}","templated":true}]}}