{"id":1626,"date":"2025-08-04T11:04:24","date_gmt":"2025-08-04T14:04:24","guid":{"rendered":"https:\/\/www.ufmg.br\/espacodoconhecimento\/novo\/?page_id=1626"},"modified":"2026-04-14T11:54:28","modified_gmt":"2026-04-14T14:54:28","slug":"artigos","status":"publish","type":"page","link":"https:\/\/www.ufmg.br\/espacodoconhecimento\/artigos\/","title":{"rendered":"Artigos e resumos"},"content":{"rendered":"\n<h3 class=\"wp-block-heading\">2026<\/h3>\n\n\n\n<p><a href=\"https:\/\/periodicos.ufpb.br\/index.php\/cm\/article\/view\/76492\" target=\"_blank\" rel=\"noreferrer noopener\"><mark style=\"background-color:rgba(0, 0, 0, 0)\" class=\"has-inline-color has-vivid-purple-color\">Germinando conflu\u00eancias: fronteiras epistemol\u00f3gicas e cosmologias afro-ind\u00edgenas na comunica\u00e7\u00e3o do museu universit\u00e1rio Espa\u00e7o do Conhecimento UFMG<\/mark><\/a> &#8211; Ana Carolyna Gon\u00e7alves Barboza, Ver\u00f4nica Soares da Costa e Ivone de Lourdes Oliveira<\/p>\n\n\n\n<h3 class=\"wp-block-heading\">2025<\/h3>\n\n\n\n<p><a href=\"https:\/\/publicacoes.softaliza.com.br\/compos2025\/article\/view\/11312\" target=\"_blank\" rel=\"noreferrer noopener\"><mark style=\"background-color:rgba(0, 0, 0, 0)\" class=\"has-inline-color has-vivid-purple-color\">\u201cA TERRA N\u00c3O \u00c9 NOSSA, N\u00d3S SOMOS DA TERRA\u201d: perspectivas contracoloniais, localizadas e interseccionais da ci\u00eancia no Espa\u00e7o do Conhecimento UFMG<\/mark><\/a> &#8211; Ana Carolyna Gon\u00e7alves Barboza e Ver\u00f4nica Soares da Costa<\/p>\n\n\n\n<h3 class=\"wp-block-heading\">2024<\/h3>\n\n\n\n<p><a href=\"https:\/\/www.ufmg.br\/rededemuseus\/index.php\/download\/rede-de-museus-e-espacos-de-ciencias-e-cultura-da-ufmg-percursos-e-experiencias-formativas\/\" target=\"_blank\" rel=\"noreferrer noopener\"><mark style=\"background-color:rgba(0, 0, 0, 0)\" class=\"has-inline-color has-vivid-purple-color\">O Espa\u00e7o do Conhecimento UFMG: Presente e Futuro<\/mark><\/a> &#8211; Diomira Ma. Cicci Pinto Faria, Sibelle Diniz, Carlos Eduardo Porto Villani, Maur\u00edcio Gino, Junia Ferrari e Camila Mantovani<\/p>\n\n\n\n<p><a href=\"https:\/\/sistemas.intercom.org.br\/pdf\/submissao\/regional\/13\/1836\/04152024103739661d2da3e34ec.pdf\" target=\"_blank\" rel=\"noreferrer noopener\"><mark style=\"background-color:rgba(0, 0, 0, 0)\" class=\"has-inline-color has-vivid-purple-color\">Conflu\u00eancias entre cultura e desenvolvimento sustent\u00e1vel: a integra\u00e7\u00e3o da Agenda 2030 nas pr\u00e1ticas comunicacionais do museu Espa\u00e7o do Conhecimento UFMG<\/mark><\/a> &#8211; Ana Carolyna Gon\u00e7alves Barboza, Fernando J\u00fanio de Jesus Silva e Camila Maciel Campolina Alves Mantovani<\/p>\n\n\n\n<h3 class=\"wp-block-heading\">2023<\/h3>\n\n\n\n<p><a href=\"https:\/\/www.arca.fiocruz.br\/handle\/icict\/63667\" target=\"_blank\" rel=\"noreferrer noopener\"><mark style=\"background-color:rgba(0, 0, 0, 0)\" class=\"has-inline-color has-vivid-purple-color\">P\u00fablico no Espa\u00e7o do Conhecimento UFMG: uma reflex\u00e3o sobre a retomada das atividades presenciais e sua intera\u00e7\u00e3o com as a\u00e7\u00f5es virtuais<\/mark><\/a> &#8211;&nbsp;Sibelle Corn\u00e9lio Diniz, Camila Mantovani, Fernando J\u00fanio de Jesus Silva e Wellington Luiz Silva<\/p>\n\n\n\n<p><a href=\"https:\/\/www.arca.fiocruz.br\/handle\/icict\/63667\" target=\"_blank\" rel=\"noreferrer noopener\"><mark style=\"background-color:rgba(0, 0, 0, 0)\" class=\"has-inline-color has-vivid-purple-color\">Espa\u00e7o do Conhecimento UFMG: diversifica\u00e7\u00e3o do p\u00fablico por meio do agendamento de visitas escolares<\/mark><\/a> &#8211;&nbsp;Jonathan Philippe Fernandes Barboza dos Santos, Juliana Cristina Lopes Cavalli, Wellington Luiz Silva, Priscila Gabriele Martins Silva, Christopher Eug\u00eanio Mour\u00e3o, Karenina Vieira Andrade, Deborah de Magalh\u00e3es Lima<\/p>\n\n\n\n<p><a href=\"https:\/\/www.arca.fiocruz.br\/handle\/icict\/63667\" target=\"_blank\" rel=\"noreferrer noopener\"><mark style=\"background-color:rgba(0, 0, 0, 0)\" class=\"has-inline-color has-vivid-purple-color\">Professores-mediadores: contribui\u00e7\u00f5es da educa\u00e7\u00e3o museal na forma\u00e7\u00e3o e na pr\u00e1tica docente<\/mark><\/a> &#8211;&nbsp;Wellington Luiz Silva e Bernardo Jefferson de Oliveira<\/p>\n\n\n\n<p><a href=\"https:\/\/culturas.cc\/congresso2023\/caderno-de-resumos\/\" target=\"_blank\" rel=\"noreferrer noopener\"><mark style=\"background-color:rgba(0, 0, 0, 0)\" class=\"has-inline-color has-vivid-purple-color\">Po\u00e9ticas visuais participativas: uma experi\u00eancia entre a expografia e o educativo<\/mark><\/a> &#8211;&nbsp;Dania Santos Lima, Marina Aravani Toumbas, Patr\u00edcia Azevedo e Wellington Luiz Silva<\/p>\n\n\n\n<p><a href=\"https:\/\/periodicos.ufmg.br\/index.php\/revistainterfaces\/article\/view\/34301\" target=\"_blank\" rel=\"noreferrer noopener\"><mark style=\"background-color:rgba(0, 0, 0, 0)\" class=\"has-inline-color has-vivid-purple-color\">A\u00e7\u00f5es Educativas no Espa\u00e7o do Conhecimento UFMG<\/mark><\/a> &#8211;&nbsp;B\u00e1rbara Freitas Paglioto,&nbsp;Evelyn Cristine dos Santos \u00c1lvares,&nbsp;Jonathan Philippe Barboza dos Santos,&nbsp;Priscila Gabriele Martins Silva,&nbsp;Sibelle Corn\u00e9lio Diniz,&nbsp;Tamires Batista Silveira e&nbsp;Wellington Luiz Silva<\/p>\n\n\n\n<h3 class=\"wp-block-heading\">2022<\/h3>\n\n\n\n<p><a href=\"https:\/\/drive.google.com\/file\/d\/1Vctq192P8BuvN4T8qYNYPvnTVipEnuUn\/view?usp=sharing\" target=\"_blank\" rel=\"noreferrer noopener\"><mark style=\"background-color:rgba(0, 0, 0, 0)\" class=\"has-inline-color has-vivid-purple-color\">As contribui\u00e7\u00f5es do Design de Intera\u00e7\u00e3o para a experi\u00eancia de crian\u00e7as na exposi\u00e7\u00e3o virtual \u201cSert\u00e3o Mundo\u201d<\/mark><\/a> &#8211; Clarissa Guimar\u00e3es Tomasi<\/p>\n\n\n\n<p><a href=\"https:\/\/www.ufmg.br\/espacodoconhecimento\/novo\/wp-content\/uploads\/2025\/08\/0036.01_Semana-Nacional-de-Museus_Ebook-Ficha-Catalografica-1.pdf\" target=\"_blank\" rel=\"noreferrer noopener\"><mark style=\"background-color:rgba(0, 0, 0, 0)\" class=\"has-inline-color has-vivid-purple-color\">20\u00aa semana nacional de museus: o poder dos museus<\/mark><\/a> &#8211;&nbsp;SESI Museu de Artes e Of\u00edcios<\/p>\n\n\n\n<h3 class=\"wp-block-heading\">2021<\/h3>\n\n\n\n<p><a href=\"https:\/\/repositorio.ufmg.br\/handle\/1843\/76568\" target=\"_blank\" rel=\"noreferrer noopener\"><mark style=\"background-color:rgba(0, 0, 0, 0)\" class=\"has-inline-color has-vivid-purple-color\">Transposi\u00e7\u00e3o de conte\u00fado fulldome para m\u00eddia plana motivado por medidas sanit\u00e1rias decorrentes da pandemia de COVID-19<\/mark><\/a> &#8211;&nbsp;Maur\u00edcio Silva Gino, Vitor Amaro Lacerda e Kayke Quadros Carvalho<\/p>\n\n\n\n<p><a href=\"https:\/\/mae.ufpr.br\/docs\/livros\/forvim_de_museus_universitarios_anais_v2_maeufpr_2022.pdf\" target=\"_blank\" rel=\"noreferrer noopener\"><mark style=\"background-color:rgba(0, 0, 0, 0)\" class=\"has-inline-color has-vivid-purple-color\">Estrat\u00e9gias e A\u00e7\u00f5es de Acessibilidade Desenvolvidas no Espa\u00e7o do Conhecimento UFMG em Formato Remoto<\/mark><\/a> &#8211;&nbsp;B\u00e1rbara V\u00edtor, Dinalva Andrade e Matheus Fonseca<\/p>\n\n\n\n<p><a href=\"https:\/\/mae.ufpr.br\/docs\/livros\/forvim_de_museus_universitarios_anais_v2_maeufpr_2022.pdf\" target=\"_blank\" rel=\"noreferrer noopener\"><mark style=\"background-color:rgba(0, 0, 0, 0)\" class=\"has-inline-color has-vivid-purple-color\">O Espa\u00e7o do Conhecimento UFMG: presente e futuro<\/mark><\/a> &#8211;&nbsp;Diomira Ma. Cicci Pinto Faria, Sibelle Corn\u00e9lio Diniz e Carlos Eduardo Porto Villani<\/p>\n\n\n\n<p><a href=\"https:\/\/www.researchgate.net\/profile\/Manuelina-Duarte-Candido\/publication\/356507762_Actes_du_colloque_Les_musees_universitaires_et_leurs_publics_-_Les_Cahiers_de_Museologie_Edition_hors-serie_n_1\/links\/619e8b8dd7d1af224b21f1e1\/Actes-du-colloque-Les-musees-universitaires-et-leurs-publics-Les-Cahiers-de-Museologie-Edition-hors-serie-n-1.pdf\" target=\"_blank\" rel=\"noreferrer noopener\"><mark style=\"background-color:rgba(0, 0, 0, 0)\" class=\"has-inline-color has-vivid-purple-color\">University museums, inclusion and territory: a case study of Espa\u00e7o do Conhecimento UFMG<\/mark><\/a> &#8211;&nbsp;Alice Demattos Guimar\u00e3es, Sibelle Corn\u00e9lio Diniz e B\u00e1rbara Freitas Paglioto<\/p>\n\n\n\n<p><a href=\"https:\/\/repositorio.ufmg.br\/handle\/1843\/76558\" target=\"_blank\" rel=\"noreferrer noopener\"><mark style=\"background-color:rgba(0, 0, 0, 0)\" class=\"has-inline-color has-vivid-purple-color\">O Planet\u00e1rio, para al\u00e9m das estrelas: desenvolvimento hist\u00f3rico das proje\u00e7\u00f5es audiovisuais para telas hemisf\u00e9ricas<\/mark><\/a> &#8211;&nbsp;Vitor Amaro Lacerda e Maur\u00edcio Silva Gino<\/p>\n\n\n\n<p><a href=\"https:\/\/www.ufmg.br\/espacodoconhecimento\/novo\/wp-content\/uploads\/2025\/08\/Resumo_CBEU_Nathalia.pdf\" target=\"_blank\" rel=\"noreferrer noopener\"><mark style=\"background-color:rgba(0, 0, 0, 0)\" class=\"has-inline-color has-vivid-purple-color\">Descobrindo o C\u00e9u: a extens\u00e3o universit\u00e1ria integrando ensino, pesquisa e divulga\u00e7\u00e3o cient\u00edfica em tempos de pandemia<\/mark><\/a>&nbsp;&#8211; Nathalia Nazareth Junqueira Fonseca, Di\u00f3genes Martins Pires, Let\u00edcia Lima Rios Rioga, Samantha Jully Mesquita Gon\u00e7alves e Carlos Eduardo Porto Villani<\/p>\n\n\n\n<p><a href=\"https:\/\/www.ufmg.br\/espacodoconhecimento\/wp-content\/uploads\/2025\/08\/Fora-da-Caixa-Resumo-Cbeu.pdf\" target=\"_blank\" rel=\"noreferrer noopener\"><mark style=\"background-color:rgba(0, 0, 0, 0)\" class=\"has-inline-color has-vivid-purple-color\">Fora da caixa: Vacinas \u2013 uma publica\u00e7\u00e3o para educadores<\/mark><\/a>&nbsp;&#8211; Cristhian Dias Gomes, Evelyn \u00c1lvares, Juliana Naime Araujo, Yan Nicolas e Sibelle Corn\u00e9lio Diniz<\/p>\n\n\n\n<p><a href=\"https:\/\/www.ufmg.br\/espacodoconhecimento\/wp-content\/uploads\/2025\/08\/Resumo_CBEU_Lucas.pdf\" target=\"_blank\" rel=\"noreferrer noopener\"><mark style=\"background-color:rgba(0, 0, 0, 0)\" class=\"has-inline-color has-vivid-purple-color\">Fora de \u00d3rbita: a divulga\u00e7\u00e3o cient\u00edfica na \u00e1rea de astronomia por meio virtual em per\u00edodo de isolamento social<\/mark><\/a>&nbsp;&#8211; Lucas Alves Espirito Santo, Let\u00edcia Rios Rioga, Lorena Costa de Faria, Vict\u00f3ria Bertoldo Rocha, Nathalia Nazareth Junqueira Fonseca, Di\u00f3genes Martins Pires e Carlos Eduardo Porto Villani<\/p>\n\n\n\n<p><a href=\"https:\/\/www.ufmg.br\/espacodoconhecimento\/wp-content\/uploads\/2025\/08\/saberes-indigenas-e-etnofarmacos.pdf\" target=\"_blank\" rel=\"noreferrer noopener\"><mark style=\"background-color:rgba(0, 0, 0, 0)\" class=\"has-inline-color has-vivid-purple-color\">Saberes Ind\u00edgenas e Etnof\u00e1rmacos<\/mark><\/a>&nbsp;&#8211;&nbsp;por&nbsp;Isadora Santana Ribeiro, B\u00e1rbara Vit\u00f3ria Costa Machado, Iuri Gabriel Gon\u00e7alves, Let\u00edcia Mara Gomes, L\u00edgia Persichini Cunha Gon\u00e7alves Vieira e Sibelle Corn\u00e9lio Diniz<\/p>\n\n\n\n<h3 class=\"wp-block-heading\">2020<\/h3>\n\n\n\n<p><a href=\"https:\/\/www.ufmg.br\/espacodoconhecimento\/wp-content\/uploads\/2025\/08\/Resumo_CBEU_Diogenes.pdf\" target=\"_blank\" rel=\"noreferrer noopener\"><mark style=\"background-color:rgba(0, 0, 0, 0)\" class=\"has-inline-color has-vivid-purple-color\">A quest\u00e3o da acessibilidade no Planet\u00e1rio do Espa\u00e7o do Conhecimento<\/mark><\/a>&nbsp;&#8211; Di\u00f3genes Martins Pires, Nathalia Nazareth Junqueira Fonseca, Dinalva Martins, B\u00e1rbara Paglioto e Carlos Eduardo Porto Villani<\/p>\n\n\n\n<p><a href=\"https:\/\/www.ufmg.br\/espacodoconhecimento\/novo\/wp-content\/uploads\/2025\/08\/Resumo_CNIPC.pdf\" target=\"_blank\" rel=\"noreferrer noopener\"><mark style=\"background-color:rgba(0, 0, 0, 0)\" class=\"has-inline-color has-vivid-purple-color\">Avalia\u00e7\u00e3o e diagn\u00f3stico de sess\u00f5es online semanais de divulga\u00e7\u00e3o e ensino de Astronomia<\/mark><\/a>&nbsp;&#8211;&nbsp;Carlos Eduardo Porto Villani,&nbsp;Di\u00f3genes Martins Pires e&nbsp;Nathalia Nazareth Junqueira Fonseca &#8211; trabalho premiado com men\u00e7\u00e3o honrosa no&nbsp;I&nbsp;Congresso Nacional de Inova\u00e7\u00e3o e Populariza\u00e7\u00e3o da Ci\u00eancia (CNIPC), 2020<\/p>\n\n\n\n<p><a href=\"https:\/\/femic.com.br\/index.php\/2020\/11\/30\/id-415-2020-fora-de-orbita-um-produto-virtual-em-tempos-de-pandemia-pesquisas-e-reflexoes-sobre-atividades-e-oficinas-do-espaco-do-conhecimento-ufmg\/\" target=\"_blank\" rel=\"noreferrer noopener\"><mark style=\"background-color:rgba(0, 0, 0, 0)\" class=\"has-inline-color has-vivid-purple-color\">Fora de \u00d3rbita: um produto virtual em tempos de pandemia. Pesquisas e reflex\u00f5es sobre atividades e oficinas do Espa\u00e7o do Conhecimento UFMG<\/mark><\/a> &#8211;&nbsp;Lucas Alves Espirito Santo, Victoria Bertoldo Rocha, Lorena Costa de Faria, Let\u00edcia Rioga, Di\u00f3genes Martins Pires, Nathalia Nazareth Junqueira Fonseca e Carlos Eduardo Porto Villani &#8211; trabalho premiado com o 1\u00ba lugar&nbsp; na categoria FEMIC Mais, na Feira Mineira de Inicia\u00e7\u00e3o Cient\u00edfica (FEMIC), 2020<\/p>\n\n\n\n<p><a href=\"https:\/\/femic.com.br\/index.php\/2020\/12\/01\/id-383-2020-pesquisa-dos-chats-do-programa-descobrindo-o-ceu-integracao-das-atividades-presenciais-e-virtuais-do-espaco-do-conhecimento-ufmg\/\" target=\"_blank\" rel=\"noreferrer noopener\"><mark style=\"background-color:rgba(0, 0, 0, 0)\" class=\"has-inline-color has-vivid-purple-color\">Pesquisa dos chats do programa &#8220;Descobrindo o C\u00e9u&#8221;: integra\u00e7\u00e3o das atividades presencias e virtuais do Espa\u00e7o do Conhecimento UFMG<\/mark><\/a> &#8211;&nbsp;Samantha Jully Mesquita Gon\u00e7alves, Felipe Andrade Ferreira Nascimento, Paulo Roberto Murta Jardim Junior, Vit\u00f3ria Rodrigues Ramos, Di\u00f3genes Martins Pires, Nathalia Nazareth Junqueira Fonseca e Carlos Eduardo Porto Villani<\/p>\n\n\n\n<p><a href=\"https:\/\/periodicos.sbu.unicamp.br\/ojs\/index.php\/rap\/article\/view\/8660182\" target=\"_blank\" rel=\"noreferrer noopener\"><mark style=\"background-color:rgba(0, 0, 0, 0)\" class=\"has-inline-color has-vivid-purple-color\">Detectando a Ant\u00e1rtica &#8211;&nbsp;exposi\u00e7\u00e3o sensorial na Ant\u00e1rtica no Espa\u00e7o do Conhecimento UFMG, Brasil<\/mark><\/a>&nbsp;&#8211;&nbsp;Fernanda Codevilla Soares e&nbsp;Andr\u00e9s Zarankin<\/p>\n\n\n\n<p><a href=\"https:\/\/www.ufmg.br\/espacodoconhecimento\/wp-content\/uploads\/2025\/08\/Fora-da-caixa-uma-reflexao-sobre-as-praticas-educativas-no-Espaco.pdf\" target=\"_blank\" rel=\"noreferrer noopener\"><mark style=\"background-color:rgba(0, 0, 0, 0)\" class=\"has-inline-color has-vivid-purple-color\">\u201cFora da caixa\u201d: uma reflex\u00e3o sobre as pr\u00e1ticas educativas no Espa\u00e7o do Conhecimento UFMG<\/mark><\/a>&nbsp;&#8211; B\u00e1rbara Freitas Paglioto, Wellington Luiz Silva, Jonathan Philippe Fernandes Barboza dos Santos e Sibelle Corn\u00e9lio Diniz<\/p>\n\n\n\n<h3 class=\"wp-block-heading\">2019<\/h3>\n\n\n\n<p><a href=\"https:\/\/www.ufmg.br\/espacodoconhecimento\/wp-content\/uploads\/2025\/08\/2175-3369-urbe-11-e20180093-ALice.pdf\" target=\"_blank\" rel=\"noreferrer noopener\"><mark style=\"background-color:rgba(0, 0, 0, 0)\" class=\"has-inline-color has-vivid-purple-color\">Equipamentos culturais, h\u00e1bitos e territ\u00f3rio: um estudo de caso do Espa\u00e7o do Conhecimento UFMG<\/mark><\/a>&nbsp;&#8211; Alice Demattos Guimar\u00e3es e&nbsp;Sibelle Corn\u00e9lio Diniz<\/p>\n\n\n\n<p><a href=\"https:\/\/www.ufmg.br\/espacodoconhecimento\/wp-content\/uploads\/2025\/08\/368-2407-1-PB.pdf\" target=\"_blank\" rel=\"noreferrer noopener\"><mark style=\"background-color:rgba(0, 0, 0, 0)\" class=\"has-inline-color has-vivid-purple-color\">Montalv\u00e3o e a Loucura<\/mark><\/a>&nbsp;&#8211;&nbsp;Amanda Ribeiro Marzano<\/p>\n\n\n\n<p><a href=\"https:\/\/www.ufmg.br\/espacodoconhecimento\/wp-content\/uploads\/2025\/08\/374-2379-1-PB.pdf\" target=\"_blank\" rel=\"noreferrer noopener\"><mark style=\"background-color:rgba(0, 0, 0, 0)\" class=\"has-inline-color has-vivid-purple-color\">Ra\u00edzes Ocultadas<\/mark><\/a>&nbsp;&#8211;&nbsp;Tamires Silveira, Adriel Nunes e Francisco de Assis<\/p>\n\n\n\n<p><a href=\"https:\/\/www.ufmg.br\/espacodoconhecimento\/wp-content\/uploads\/2025\/08\/1-Territorio-Negro-para-Infancias-TCC-Felipe-Oliveira-revisado.pdf\" target=\"_blank\" rel=\"noreferrer noopener\"><mark style=\"background-color:rgba(0, 0, 0, 0)\" class=\"has-inline-color has-vivid-purple-color\">Territ\u00f3rio Negro para Inf\u00e2ncias: Conta\u00e7\u00e3o de Mitologias Afro-brasileiras<\/mark><\/a>&nbsp;&#8211;&nbsp;Felipe Antonio Rodrigues de Oliveira<\/p>\n\n\n\n<p><a href=\"https:\/\/www.ufmg.br\/espacodoconhecimento\/novo\/wp-content\/uploads\/2025\/08\/193-2410-1-PB.pdf\" target=\"_blank\" rel=\"noreferrer noopener\"><mark style=\"background-color:rgba(0, 0, 0, 0)\" class=\"has-inline-color has-vivid-purple-color\">Uma ci\u00eancia pelas crian\u00e7as e a imers\u00e3o na oficina MediAntar<\/mark><\/a>&nbsp;&#8211;&nbsp;Creuza Daniely dos Reis e&nbsp;Paula Nuryele de Andrade<\/p>\n\n\n\n<h3 class=\"wp-block-heading\">2018<\/h3>\n\n\n\n<p><a href=\"https:\/\/www.ufmg.br\/espacodoconhecimento\/wp-content\/uploads\/2025\/08\/A-Margem.pdf\" target=\"_blank\" rel=\"noreferrer noopener\"><mark style=\"background-color:rgba(0, 0, 0, 0)\" class=\"has-inline-color has-vivid-purple-color\">\u00c0 Margem: \u00e1gua, cultura e territ\u00f3rio &#8211; uma experi\u00eancia em educa\u00e7\u00e3o ambiental no Espa\u00e7o do Conhecimento UFMG<\/mark><\/a>&nbsp;&#8211; Jonathan Philippe Fernandes Barboza dos Santos, Luiza Nobel Maia e Wellington Luiz Silva<\/p>\n\n\n\n<p><a href=\"https:\/\/www.ufmg.br\/espacodoconhecimento\/wp-content\/uploads\/2025\/08\/Musica-e-contexto.pdf\" target=\"_blank\" rel=\"noreferrer noopener\"><mark style=\"background-color:rgba(0, 0, 0, 0)\" class=\"has-inline-color has-vivid-purple-color\">M\u00fasica e contexto: uma experi\u00eancia de media\u00e7\u00e3o participativa na exposi\u00e7\u00e3o Can\u00e7\u00e3o Amiga &#8211; Clube da Esquina<\/mark><\/a>&nbsp;&#8211;&nbsp;Amanda Marzano, Tamires Silveira, Mariana Barbosa e Nat\u00e1lia Zeferino<\/p>\n\n\n\n<p><a href=\"https:\/\/www.ufmg.br\/espacodoconhecimento\/wp-content\/uploads\/2025\/08\/Sessao-Astronomia-Indigena-com-Libras.pdf\" target=\"_blank\" rel=\"noreferrer noopener\"><mark style=\"background-color:rgba(0, 0, 0, 0)\" class=\"has-inline-color has-vivid-purple-color\">Sess\u00e3o Astronomia Ind\u00edgena com Libras<\/mark><\/a>&nbsp;&#8211;&nbsp;Di\u00f3genes Martins Pires, B\u00e1rbara Freitas Paglioto e Dinalva Andrade Martins<\/p>\n\n\n\n<h3 class=\"wp-block-heading\">2017<\/h3>\n\n\n\n<p><a href=\"https:\/\/www.ufmg.br\/espacodoconhecimento\/wp-content\/uploads\/2025\/08\/15223-Texto-do-artigo-42018-1-10-20190917-Isabela-e-John.pdf\" target=\"_blank\" rel=\"noreferrer noopener\"><mark style=\"background-color:rgba(0, 0, 0, 0)\" class=\"has-inline-color has-vivid-purple-color\">Diversidade Cultural no Espa\u00e7o do Conhecimento&nbsp;UFMG: Povo Maxakali<\/mark><\/a>&nbsp;&#8211;&nbsp;Isabela Lemos Coelho Ribeiro e&nbsp;Jonathan Philippe<\/p>\n\n\n\n<p><a href=\"https:\/\/www.ufmg.br\/espacodoconhecimento\/wp-content\/uploads\/2025\/08\/GUIA-DE-MUSEUS-E-CENTROS-DE-CIENCIAS-ACESSIVEIS-DA-AMERICA-LATINA-E-DO-CARIBE-1-1.pdf\" target=\"_blank\" rel=\"noreferrer noopener\"><mark style=\"background-color:rgba(0, 0, 0, 0)\" class=\"has-inline-color has-vivid-purple-color\">Guia de Museus e Centros de Ci\u00eancia Acess\u00edveis da Am\u00e9rica Latina e do Caribe<\/mark><\/a>&nbsp;&#8211;&nbsp;Jessica Norberto Rocha, Luisa Massarani, Juliana Cardoso Gon\u00e7alves, Fl\u00e1via Barros Ferreira,&nbsp;Willian Vieira de Abreu, Aline Oliveira Molenzani e&nbsp;Luiz Gustavo Barcellos Inacio<\/p>\n\n\n\n<h3 class=\"wp-block-heading\">2016<\/h3>\n\n\n\n<p><a href=\"https:\/\/www.ufmg.br\/espacodoconhecimento\/wp-content\/uploads\/2025\/08\/2016RosadosVentos-Gosling-et-al-2016.pdf\" target=\"_blank\" rel=\"noreferrer noopener\"><mark style=\"background-color:rgba(0, 0, 0, 0)\" class=\"has-inline-color has-vivid-purple-color\">Avaliando a Qualidade de Servi\u00e7os em Museu: Valida\u00e7\u00e3o e Teste de Escala<\/mark><\/a>&nbsp;&#8211; Marlusa de Sevilha Gosling, Jo\u00e3o Albino Silva, J\u00falio Mendes, Mariana de Freitas Coelho e Kelly Cristine Oliveira Meira<\/p>\n\n\n\n<p><a href=\"https:\/\/www.ufmg.br\/espacodoconhecimento\/wp-content\/uploads\/2025\/08\/Revista-ESPACIOS-_-Vol.-37-No-12-Ano-2016-Coelho-et-al-2016.pdf\" target=\"_blank\" rel=\"noreferrer noopener\"><mark style=\"background-color:rgba(0, 0, 0, 0)\" class=\"has-inline-color has-vivid-purple-color\">Marketing de Museus: Influ\u00eancias de vari\u00e1veis demogr\u00e1ficas na Percep\u00e7\u00e3o dos Visitantes<\/mark><\/a>&nbsp;&#8211;&nbsp;Mariana de Freitas Coelho, Marlusa de Sevilha Gosling, Kelly Cristine Oliveira Meira, Jo\u00e3o Albino Silva, J\u00falio Mendes<\/p>\n\n\n\n<p><a href=\"https:\/\/www.ufmg.br\/espacodoconhecimento\/wp-content\/uploads\/2025\/08\/Percepcao-da-comunidade-universitaria-sobre-o-Espaco-do-Conhecimento-UFMG-por-Marina-Braga-Burgarelli-e-Suellen-Alves-de-Melo.pdf\" target=\"_blank\" rel=\"noreferrer noopener\"><mark style=\"background-color:rgba(0, 0, 0, 0)\" class=\"has-inline-color has-vivid-purple-color\">Percep\u00e7\u00e3o da comunidade universit\u00e1ria sobre o Espa\u00e7o do Conhecimento UFMG<\/mark><\/a>&nbsp;&#8211;&nbsp;Marina Braga Burgarelli e Suellen Alves de Melo<\/p>\n\n\n\n<h3 class=\"wp-block-heading\">2014<\/h3>\n\n\n\n<p><a href=\"https:\/\/www.ufmg.br\/espacodoconhecimento\/wp-content\/uploads\/2025\/08\/SNEA2014_TCP30-Leo-e-Silvania.pdf\" target=\"_blank\" rel=\"noreferrer noopener\"><mark style=\"background-color:rgba(0, 0, 0, 0)\" class=\"has-inline-color has-vivid-purple-color\">Forma\u00e7\u00e3o de Professores Ind\u00edgenas e A\u00e7\u00f5es de Divulga\u00e7\u00e3o no Espa\u00e7o do Conhecimento UFMG<\/mark><\/a>&nbsp;&#8211; Leonardo Marques Soares e Silvania Sousa do Nascimento<\/p>\n\n\n\n<p><a href=\"https:\/\/www.ufmg.br\/espacodoconhecimento\/wp-content\/uploads\/2025\/08\/MODELO_DE_ANTECEDENTES_DA_SATISFACAO_DA-Santos-et-al-2014.pdf\" target=\"_blank\" rel=\"noreferrer noopener\"><mark style=\"background-color:rgba(0, 0, 0, 0)\" class=\"has-inline-color has-vivid-purple-color\">Modelo de Antecedentes da Satisfa\u00e7\u00e3o, da Comunica\u00e7\u00e3o Boca-a-Boca e da Aprendizagem em Museus:&nbsp;&nbsp;um estudo emp\u00edrico no Espa\u00e7o TIM-UFMG do&nbsp; Conhecimento<\/mark>&nbsp;<\/a>&#8211; Marcos Ferreira Santos,&nbsp;Fr\u00e2ncio Gosling Silva Mendon\u00e7a e Fernando Silva Parreiras<\/p>\n\n\n\n<p><a href=\"https:\/\/www.ufmg.br\/espacodoconhecimento\/wp-content\/uploads\/2025\/08\/Artigo-MUMIA-na-Fachada-1.pdf\" target=\"_blank\" rel=\"noreferrer noopener\"><mark style=\"background-color:rgba(0, 0, 0, 0)\" class=\"has-inline-color has-vivid-purple-color\">MUMIA na Fachada: a apropria\u00e7\u00e3o de uma tela digital urbana por um festival de anima\u00e7\u00e3o<\/mark><\/a>&nbsp;&#8211;&nbsp;Maur\u00edcio Silva Gino, Vitor Amaro Lacerda e Kayke Quadros Carvalho<\/p>\n\n\n\n<p><a href=\"https:\/\/www.ufmg.br\/espacodoconhecimento\/wp-content\/uploads\/2025\/08\/273-1264-1-PB-Oliveira-et-al-2014.pdf\" target=\"_blank\" rel=\"noreferrer noopener\"><mark style=\"background-color:rgba(0, 0, 0, 0)\" class=\"has-inline-color has-vivid-purple-color\">O fetiche da interatividade em dispositivos museais: efic\u00e1cia ou frustra\u00e7\u00e3o na difus\u00e3o do conhecimento cient\u00edfico<\/mark><\/a>&nbsp;&#8211;&nbsp;Bernardo Jefferson Oliveira,&nbsp;Verona S. Campos,&nbsp;Debora D\u2019Avila Reis e&nbsp;Rene Lommez<\/p>\n\n\n\n<h3 class=\"wp-block-heading\">2013<\/h3>\n\n\n\n<p><a href=\"https:\/\/www.ufmg.br\/espacodoconhecimento\/wp-content\/uploads\/2025\/08\/331228859010-Zago-e-Wada-2013.pdf\" target=\"_blank\" rel=\"noreferrer noopener\"><mark style=\"background-color:rgba(0, 0, 0, 0)\" class=\"has-inline-color has-vivid-purple-color\">Din\u00e2mica de Stakeholders e Cocria\u00e7\u00e3o de Valor em Museus: Um Olhar Inicial<\/mark><\/a>&nbsp;&#8211;&nbsp;Andr\u00e9a do Prado Zago e&nbsp;Elizabeth Kyoko Wada<\/p>\n\n\n\n<p><a href=\"https:\/\/www.ufmg.br\/espacodoconhecimento\/wp-content\/uploads\/2025\/08\/a03v29n3-Lima-e-Carie-2013.pdf\" target=\"_blank\" rel=\"noreferrer noopener\"><mark style=\"background-color:rgba(0, 0, 0, 0)\" class=\"has-inline-color has-vivid-purple-color\">Narrativas Maxakali: Possibilidades para o Ensino de Cultura e Hist\u00f3ria Ind\u00edgena<\/mark><\/a>&nbsp;&#8211;&nbsp;Pablo Luiz de Oliveira Lima e Nayara Silva de Carie<\/p>\n","protected":false},"excerpt":{"rendered":"<p>2026 Germinando conflu\u00eancias: fronteiras epistemol\u00f3gicas e cosmologias afro-ind\u00edgenas na comunica\u00e7\u00e3o do museu universit\u00e1rio Espa\u00e7o do Conhecimento UFMG &#8211; Ana Carolyna Gon\u00e7alves Barboza, Ver\u00f4nica Soares da Costa e Ivone de Lourdes Oliveira 2025 \u201cA TERRA N\u00c3O \u00c9 NOSSA, N\u00d3S SOMOS DA TERRA\u201d: perspectivas contracoloniais, localizadas e interseccionais da ci\u00eancia no Espa\u00e7o do Conhecimento UFMG &#8211; Ana [&hellip;]<\/p>\n","protected":false},"author":3,"featured_media":0,"parent":0,"menu_order":0,"comment_status":"closed","ping_status":"closed","template":"","meta":{"_acf_changed":false,"footnotes":""},"class_list":["post-1626","page","type-page","status-publish","hentry"],"acf":[],"_links":{"self":[{"href":"https:\/\/www.ufmg.br\/espacodoconhecimento\/wp-json\/wp\/v2\/pages\/1626"}],"collection":[{"href":"https:\/\/www.ufmg.br\/espacodoconhecimento\/wp-json\/wp\/v2\/pages"}],"about":[{"href":"https:\/\/www.ufmg.br\/espacodoconhecimento\/wp-json\/wp\/v2\/types\/page"}],"author":[{"embeddable":true,"href":"https:\/\/www.ufmg.br\/espacodoconhecimento\/wp-json\/wp\/v2\/users\/3"}],"replies":[{"embeddable":true,"href":"https:\/\/www.ufmg.br\/espacodoconhecimento\/wp-json\/wp\/v2\/comments?post=1626"}],"version-history":[{"count":13,"href":"https:\/\/www.ufmg.br\/espacodoconhecimento\/wp-json\/wp\/v2\/pages\/1626\/revisions"}],"predecessor-version":[{"id":9733,"href":"https:\/\/www.ufmg.br\/espacodoconhecimento\/wp-json\/wp\/v2\/pages\/1626\/revisions\/9733"}],"wp:attachment":[{"href":"https:\/\/www.ufmg.br\/espacodoconhecimento\/wp-json\/wp\/v2\/media?parent=1626"}],"curies":[{"name":"wp","href":"https:\/\/api.w.org\/{rel}","templated":true}]}}