{"id":1679,"date":"2025-08-04T12:37:58","date_gmt":"2025-08-04T15:37:58","guid":{"rendered":"https:\/\/www.ufmg.br\/espacodoconhecimento\/novo\/?page_id=1679"},"modified":"2026-04-01T15:02:52","modified_gmt":"2026-04-01T18:02:52","slug":"catalogos","status":"publish","type":"page","link":"https:\/\/www.ufmg.br\/espacodoconhecimento\/catalogos\/","title":{"rendered":"Cat\u00e1logos de Exposi\u00e7\u00f5es"},"content":{"rendered":"\n<h4 class=\"wp-block-heading\">2026: <a href=\"https:\/\/www.ufmg.br\/espacodoconhecimento\/wp-content\/uploads\/2026\/03\/Demasiado-Humano.pdf\" target=\"_blank\" rel=\"noreferrer noopener\"><mark style=\"background-color:rgba(0, 0, 0, 0)\" class=\"has-inline-color has-vivid-purple-color\">demasiado humano | o aleph, pensar as origens, modos de existir e sonhar a terra<\/mark><\/a><\/h4>\n\n\n\n<div style=\"height:35px\" aria-hidden=\"true\" class=\"wp-block-spacer\"><\/div>\n\n\n\n<figure class=\"wp-block-gallery has-nested-images columns-default is-cropped wp-block-gallery-1 is-layout-flex wp-block-gallery-is-layout-flex\">\n<figure class=\"wp-block-image size-large\"><a href=\"https:\/\/www.ufmg.br\/espacodoconhecimento\/wp-content\/uploads\/2026\/03\/Demasiado-Humano.pdf\"><img loading=\"lazy\" decoding=\"async\" width=\"768\" height=\"309\" data-id=\"9627\" src=\"https:\/\/www.ufmg.br\/espacodoconhecimento\/wp-content\/uploads\/2026\/04\/1-1.png\" alt=\"\" class=\"wp-image-9627\" srcset=\"https:\/\/www.ufmg.br\/espacodoconhecimento\/wp-content\/uploads\/2026\/04\/1-1.png 768w, https:\/\/www.ufmg.br\/espacodoconhecimento\/wp-content\/uploads\/2026\/04\/1-1-300x121.png 300w\" sizes=\"(max-width: 768px) 100vw, 768px\" \/><\/a><\/figure>\n<\/figure>\n\n\n\n<div style=\"height:35px\" aria-hidden=\"true\" class=\"wp-block-spacer\"><\/div>\n\n\n\n<hr class=\"wp-block-separator has-alpha-channel-opacity\"\/>\n\n\n\n<div style=\"height:35px\" aria-hidden=\"true\" class=\"wp-block-spacer\"><\/div>\n\n\n\n<h4 class=\"wp-block-heading\">2026: <a href=\"https:\/\/www.ufmg.br\/espacodoconhecimento\/wp-content\/uploads\/2026\/03\/Sonhar-a-terra.pdf\" target=\"_blank\" rel=\"noreferrer noopener\"><mark style=\"background-color:rgba(0, 0, 0, 0)\" class=\"has-inline-color has-vivid-purple-color\">demasiado humano | sonhar a terra<\/mark><\/a><\/h4>\n\n\n\n<div style=\"height:35px\" aria-hidden=\"true\" class=\"wp-block-spacer\"><\/div>\n\n\n\n<figure class=\"wp-block-gallery has-nested-images columns-default is-cropped wp-block-gallery-2 is-layout-flex wp-block-gallery-is-layout-flex\">\n<figure class=\"wp-block-image size-large\"><a href=\"https:\/\/www.ufmg.br\/espacodoconhecimento\/wp-content\/uploads\/2026\/03\/Sonhar-a-terra.pdf\"><img loading=\"lazy\" decoding=\"async\" width=\"768\" height=\"309\" data-id=\"9628\" src=\"https:\/\/www.ufmg.br\/espacodoconhecimento\/wp-content\/uploads\/2026\/04\/3-1.png\" alt=\"\" class=\"wp-image-9628\" srcset=\"https:\/\/www.ufmg.br\/espacodoconhecimento\/wp-content\/uploads\/2026\/04\/3-1.png 768w, https:\/\/www.ufmg.br\/espacodoconhecimento\/wp-content\/uploads\/2026\/04\/3-1-300x121.png 300w\" sizes=\"(max-width: 768px) 100vw, 768px\" \/><\/a><\/figure>\n<\/figure>\n\n\n\n<div style=\"height:35px\" aria-hidden=\"true\" class=\"wp-block-spacer\"><\/div>\n\n\n\n<hr class=\"wp-block-separator has-alpha-channel-opacity\"\/>\n\n\n\n<div style=\"height:35px\" aria-hidden=\"true\" class=\"wp-block-spacer\"><\/div>\n\n\n\n<h4 class=\"wp-block-heading\">2024: <a href=\"https:\/\/www.ufmg.br\/espacodoconhecimento\/wp-content\/uploads\/2025\/08\/Demasiado-Humano_catalogo-2024.pdf\" target=\"_blank\" rel=\"noreferrer noopener\"><mark style=\"background-color:rgba(0, 0, 0, 0)\" class=\"has-inline-color has-vivid-purple-color\">demasiado humano | projeto de renova\u00e7\u00e3o &#8211; pt I<\/mark><\/a><\/h4>\n\n\n\n<div style=\"height:35px\" aria-hidden=\"true\" class=\"wp-block-spacer\"><\/div>\n\n\n\n<figure class=\"wp-block-gallery has-nested-images columns-default is-cropped wp-block-gallery-3 is-layout-flex wp-block-gallery-is-layout-flex\">\n<figure class=\"wp-block-image size-large\"><a href=\"https:\/\/www.ufmg.br\/espacodoconhecimento\/wp-content\/uploads\/2025\/08\/Demasiado-Humano_catalogo-2024.pdf\"><img loading=\"lazy\" decoding=\"async\" width=\"768\" height=\"309\" data-id=\"9629\" src=\"https:\/\/www.ufmg.br\/espacodoconhecimento\/wp-content\/uploads\/2026\/04\/2-1.png\" alt=\"\" class=\"wp-image-9629\" srcset=\"https:\/\/www.ufmg.br\/espacodoconhecimento\/wp-content\/uploads\/2026\/04\/2-1.png 768w, https:\/\/www.ufmg.br\/espacodoconhecimento\/wp-content\/uploads\/2026\/04\/2-1-300x121.png 300w\" sizes=\"(max-width: 768px) 100vw, 768px\" \/><\/a><\/figure>\n<\/figure>\n\n\n\n<div style=\"height:35px\" aria-hidden=\"true\" class=\"wp-block-spacer\"><\/div>\n\n\n\n<hr class=\"wp-block-separator has-alpha-channel-opacity\"\/>\n\n\n\n<div style=\"height:35px\" aria-hidden=\"true\" class=\"wp-block-spacer\"><\/div>\n\n\n\n<h4 class=\"wp-block-heading\">2023: <a href=\"https:\/\/www.ufmg.br\/espacodoconhecimento\/wp-content\/uploads\/2025\/08\/Catalogo-MetropoliTRAMAS.pdf\" target=\"_blank\" rel=\"noreferrer noopener\"><mark style=\"background-color:rgba(0, 0, 0, 0)\" class=\"has-inline-color has-vivid-purple-color\">MetropoliTRAMAS<\/mark><\/a><\/h4>\n\n\n\n<div style=\"height:35px\" aria-hidden=\"true\" class=\"wp-block-spacer\"><\/div>\n\n\n\n<figure class=\"wp-block-gallery has-nested-images columns-default is-cropped wp-block-gallery-4 is-layout-flex wp-block-gallery-is-layout-flex\">\n<figure class=\"wp-block-image size-large\"><a href=\"https:\/\/www.ufmg.br\/espacodoconhecimento\/wp-content\/uploads\/2025\/08\/Catalogo-MetropoliTRAMAS.pdf\"><img loading=\"lazy\" decoding=\"async\" width=\"768\" height=\"309\" data-id=\"9630\" src=\"https:\/\/www.ufmg.br\/espacodoconhecimento\/wp-content\/uploads\/2026\/04\/5.png\" alt=\"\" class=\"wp-image-9630\" srcset=\"https:\/\/www.ufmg.br\/espacodoconhecimento\/wp-content\/uploads\/2026\/04\/5.png 768w, https:\/\/www.ufmg.br\/espacodoconhecimento\/wp-content\/uploads\/2026\/04\/5-300x121.png 300w\" sizes=\"(max-width: 768px) 100vw, 768px\" \/><\/a><\/figure>\n<\/figure>\n\n\n\n<div style=\"height:35px\" aria-hidden=\"true\" class=\"wp-block-spacer\"><\/div>\n\n\n\n<hr class=\"wp-block-separator has-alpha-channel-opacity\"\/>\n\n\n\n<div style=\"height:35px\" aria-hidden=\"true\" class=\"wp-block-spacer\"><\/div>\n\n\n\n<h4 class=\"wp-block-heading\">2021:&nbsp;<a href=\"https:\/\/www.ufmg.br\/espacodoconhecimento\/wp-content\/uploads\/2025\/07\/catalogo-sertao-mundo-1.pdf\" target=\"_blank\" rel=\"noreferrer noopener\"><mark style=\"background-color:rgba(0, 0, 0, 0)\" class=\"has-inline-color has-vivid-purple-color\">Sert\u00e3o Mundo<\/mark><\/a><\/h4>\n\n\n\n<div style=\"height:35px\" aria-hidden=\"true\" class=\"wp-block-spacer\"><\/div>\n\n\n\n<figure class=\"wp-block-gallery has-nested-images columns-default is-cropped wp-block-gallery-5 is-layout-flex wp-block-gallery-is-layout-flex\">\n<figure class=\"wp-block-image size-large\"><a href=\"https:\/\/www.ufmg.br\/espacodoconhecimento\/wp-content\/uploads\/2025\/07\/catalogo-sertao-mundo-1.pdf\"><img loading=\"lazy\" decoding=\"async\" width=\"768\" height=\"309\" data-id=\"9631\" src=\"https:\/\/www.ufmg.br\/espacodoconhecimento\/wp-content\/uploads\/2026\/04\/6.png\" alt=\"\" class=\"wp-image-9631\" srcset=\"https:\/\/www.ufmg.br\/espacodoconhecimento\/wp-content\/uploads\/2026\/04\/6.png 768w, https:\/\/www.ufmg.br\/espacodoconhecimento\/wp-content\/uploads\/2026\/04\/6-300x121.png 300w\" sizes=\"(max-width: 768px) 100vw, 768px\" \/><\/a><\/figure>\n<\/figure>\n\n\n\n<div style=\"height:35px\" aria-hidden=\"true\" class=\"wp-block-spacer\"><\/div>\n\n\n\n<hr class=\"wp-block-separator has-alpha-channel-opacity\"\/>\n\n\n\n<div style=\"height:35px\" aria-hidden=\"true\" class=\"wp-block-spacer\"><\/div>\n\n\n\n<h4 class=\"wp-block-heading\">2019: <a href=\"https:\/\/www.ufmg.br\/espacodoconhecimento\/wp-content\/uploads\/2025\/07\/ec-ufmg_2020_mundos-indigenas_catalogo_web_.pdf\" target=\"_blank\" rel=\"noreferrer noopener\"><mark style=\"background-color:rgba(0, 0, 0, 0)\" class=\"has-inline-color has-vivid-purple-color\">Mundos Ind\u00edgenas<\/mark><\/a><\/h4>\n\n\n\n<div style=\"height:35px\" aria-hidden=\"true\" class=\"wp-block-spacer\"><\/div>\n\n\n\n<figure class=\"wp-block-gallery has-nested-images columns-default is-cropped wp-block-gallery-6 is-layout-flex wp-block-gallery-is-layout-flex\">\n<figure class=\"wp-block-image size-large\"><a href=\"https:\/\/www.ufmg.br\/espacodoconhecimento\/wp-content\/uploads\/2025\/07\/ec-ufmg_2020_mundos-indigenas_catalogo_web_.pdf\"><img loading=\"lazy\" decoding=\"async\" width=\"768\" height=\"309\" data-id=\"9632\" src=\"https:\/\/www.ufmg.br\/espacodoconhecimento\/wp-content\/uploads\/2026\/04\/7.png\" alt=\"\" class=\"wp-image-9632\" srcset=\"https:\/\/www.ufmg.br\/espacodoconhecimento\/wp-content\/uploads\/2026\/04\/7.png 768w, https:\/\/www.ufmg.br\/espacodoconhecimento\/wp-content\/uploads\/2026\/04\/7-300x121.png 300w\" sizes=\"(max-width: 768px) 100vw, 768px\" \/><\/a><\/figure>\n<\/figure>\n\n\n\n<div style=\"height:35px\" aria-hidden=\"true\" class=\"wp-block-spacer\"><\/div>\n\n\n\n<hr class=\"wp-block-separator has-alpha-channel-opacity\"\/>\n\n\n\n<div style=\"height:35px\" aria-hidden=\"true\" class=\"wp-block-spacer\"><\/div>\n\n\n\n<h4 class=\"wp-block-heading\">2019:&nbsp;<a href=\"https:\/\/www.ufmg.br\/espacodoconhecimento\/wp-content\/uploads\/2025\/07\/ec-ufmg_2019_energia-em-movimento_catalogo_web.pdf\" target=\"_blank\" rel=\"noreferrer noopener\"><mark style=\"background-color:rgba(0, 0, 0, 0)\" class=\"has-inline-color has-vivid-purple-color\">Energia em Movimento<\/mark><\/a><\/h4>\n\n\n\n<div style=\"height:35px\" aria-hidden=\"true\" class=\"wp-block-spacer\"><\/div>\n\n\n\n<figure class=\"wp-block-gallery has-nested-images columns-default is-cropped wp-block-gallery-7 is-layout-flex wp-block-gallery-is-layout-flex\">\n<figure class=\"wp-block-image size-large\"><a href=\"https:\/\/www.ufmg.br\/espacodoconhecimento\/wp-content\/uploads\/2025\/07\/ec-ufmg_2019_energia-em-movimento_catalogo_web.pdf\"><img loading=\"lazy\" decoding=\"async\" width=\"768\" height=\"309\" data-id=\"9633\" src=\"https:\/\/www.ufmg.br\/espacodoconhecimento\/wp-content\/uploads\/2026\/04\/4-1.png\" alt=\"\" class=\"wp-image-9633\" srcset=\"https:\/\/www.ufmg.br\/espacodoconhecimento\/wp-content\/uploads\/2026\/04\/4-1.png 768w, https:\/\/www.ufmg.br\/espacodoconhecimento\/wp-content\/uploads\/2026\/04\/4-1-300x121.png 300w\" sizes=\"(max-width: 768px) 100vw, 768px\" \/><\/a><\/figure>\n<\/figure>\n\n\n\n<div style=\"height:35px\" aria-hidden=\"true\" class=\"wp-block-spacer\"><\/div>\n\n\n\n<hr class=\"wp-block-separator has-alpha-channel-opacity\"\/>\n\n\n\n<div style=\"height:35px\" aria-hidden=\"true\" class=\"wp-block-spacer\"><\/div>\n\n\n\n<h4 class=\"wp-block-heading\">2018:&nbsp;<a href=\"https:\/\/www.ufmg.br\/espacodoconhecimento\/wp-content\/uploads\/2025\/07\/2019_09_10_Catalogo-Colecionar-o-Mundo_.pdf\" target=\"_blank\" rel=\"noreferrer noopener\"><mark style=\"background-color:rgba(0, 0, 0, 0)\" class=\"has-inline-color has-vivid-purple-color\">Colecionar o Mundo: objetos + ci\u00eancia + cultura<\/mark><\/a><\/h4>\n\n\n\n<div style=\"height:35px\" aria-hidden=\"true\" class=\"wp-block-spacer\"><\/div>\n\n\n\n<figure class=\"wp-block-gallery has-nested-images columns-default is-cropped wp-block-gallery-8 is-layout-flex wp-block-gallery-is-layout-flex\">\n<figure class=\"wp-block-image size-large\"><a href=\"https:\/\/www.ufmg.br\/espacodoconhecimento\/wp-content\/uploads\/2025\/07\/2019_09_10_Catalogo-Colecionar-o-Mundo_.pdf\"><img loading=\"lazy\" decoding=\"async\" width=\"768\" height=\"309\" data-id=\"9634\" src=\"https:\/\/www.ufmg.br\/espacodoconhecimento\/wp-content\/uploads\/2026\/04\/8.png\" alt=\"\" class=\"wp-image-9634\" srcset=\"https:\/\/www.ufmg.br\/espacodoconhecimento\/wp-content\/uploads\/2026\/04\/8.png 768w, https:\/\/www.ufmg.br\/espacodoconhecimento\/wp-content\/uploads\/2026\/04\/8-300x121.png 300w\" sizes=\"(max-width: 768px) 100vw, 768px\" \/><\/a><\/figure>\n<\/figure>\n\n\n\n<div style=\"height:35px\" aria-hidden=\"true\" class=\"wp-block-spacer\"><\/div>\n\n\n\n<hr class=\"wp-block-separator has-alpha-channel-opacity\"\/>\n\n\n\n<div style=\"height:35px\" aria-hidden=\"true\" class=\"wp-block-spacer\"><\/div>\n\n\n\n<h4 class=\"wp-block-heading\">2018:&nbsp;<a href=\"https:\/\/www.ufmg.br\/espacodoconhecimento\/wp-content\/uploads\/2025\/07\/ec-ufmg_2018_expedicao-antartica_catalogo_.pdf\" target=\"_blank\" rel=\"noreferrer noopener\"><mark style=\"background-color:rgba(0, 0, 0, 0)\" class=\"has-inline-color has-vivid-purple-color\">Expedi\u00e7\u00e3o Ant\u00e1rtica<\/mark><\/a><\/h4>\n\n\n\n<div style=\"height:35px\" aria-hidden=\"true\" class=\"wp-block-spacer\"><\/div>\n\n\n\n<figure class=\"wp-block-gallery has-nested-images columns-default is-cropped wp-block-gallery-9 is-layout-flex wp-block-gallery-is-layout-flex\">\n<figure class=\"wp-block-image size-large\"><a href=\"https:\/\/www.ufmg.br\/espacodoconhecimento\/wp-content\/uploads\/2025\/07\/ec-ufmg_2018_expedicao-antartica_catalogo_.pdf\"><img loading=\"lazy\" decoding=\"async\" width=\"768\" height=\"309\" data-id=\"9635\" src=\"https:\/\/www.ufmg.br\/espacodoconhecimento\/wp-content\/uploads\/2026\/04\/10.png\" alt=\"\" class=\"wp-image-9635\" srcset=\"https:\/\/www.ufmg.br\/espacodoconhecimento\/wp-content\/uploads\/2026\/04\/10.png 768w, https:\/\/www.ufmg.br\/espacodoconhecimento\/wp-content\/uploads\/2026\/04\/10-300x121.png 300w\" sizes=\"(max-width: 768px) 100vw, 768px\" \/><\/a><\/figure>\n<\/figure>\n\n\n\n<div style=\"height:35px\" aria-hidden=\"true\" class=\"wp-block-spacer\"><\/div>\n\n\n\n<hr class=\"wp-block-separator has-alpha-channel-opacity\"\/>\n\n\n\n<div style=\"height:35px\" aria-hidden=\"true\" class=\"wp-block-spacer\"><\/div>\n\n\n\n<h4 class=\"wp-block-heading\">2017:&nbsp;<a href=\"https:\/\/www.ufmg.br\/espacodoconhecimento\/wp-content\/uploads\/2025\/07\/ec-ufmg_2017_a-margem_catalogo_web.pdf\" target=\"_blank\" rel=\"noreferrer noopener\"><mark style=\"background-color:rgba(0, 0, 0, 0)\" class=\"has-inline-color has-vivid-purple-color\">\u00c0 Margem: \u00e1gua, cultura e territ\u00f3rio<\/mark><\/a><\/h4>\n\n\n\n<div style=\"height:35px\" aria-hidden=\"true\" class=\"wp-block-spacer\"><\/div>\n\n\n\n<figure class=\"wp-block-gallery has-nested-images columns-default is-cropped wp-block-gallery-10 is-layout-flex wp-block-gallery-is-layout-flex\">\n<figure class=\"wp-block-image size-large\"><a href=\"https:\/\/www.ufmg.br\/espacodoconhecimento\/wp-content\/uploads\/2025\/07\/ec-ufmg_2017_a-margem_catalogo_web.pdf\"><img loading=\"lazy\" decoding=\"async\" width=\"768\" height=\"309\" data-id=\"9636\" src=\"https:\/\/www.ufmg.br\/espacodoconhecimento\/wp-content\/uploads\/2026\/04\/11.png\" alt=\"\" class=\"wp-image-9636\" srcset=\"https:\/\/www.ufmg.br\/espacodoconhecimento\/wp-content\/uploads\/2026\/04\/11.png 768w, https:\/\/www.ufmg.br\/espacodoconhecimento\/wp-content\/uploads\/2026\/04\/11-300x121.png 300w\" sizes=\"(max-width: 768px) 100vw, 768px\" \/><\/a><\/figure>\n<\/figure>\n\n\n\n<div style=\"height:35px\" aria-hidden=\"true\" class=\"wp-block-spacer\"><\/div>\n\n\n\n<hr class=\"wp-block-separator has-alpha-channel-opacity\"\/>\n","protected":false},"excerpt":{"rendered":"<p>2026: demasiado humano | o aleph, pensar as origens, modos de existir e sonhar a terra 2026: demasiado humano | sonhar a terra 2024: demasiado humano | projeto de renova\u00e7\u00e3o &#8211; pt I 2023: MetropoliTRAMAS 2021:&nbsp;Sert\u00e3o Mundo 2019: Mundos Ind\u00edgenas 2019:&nbsp;Energia em Movimento 2018:&nbsp;Colecionar o Mundo: objetos + ci\u00eancia + cultura 2018:&nbsp;Expedi\u00e7\u00e3o Ant\u00e1rtica 2017:&nbsp;\u00c0 Margem: [&hellip;]<\/p>\n","protected":false},"author":3,"featured_media":0,"parent":0,"menu_order":0,"comment_status":"closed","ping_status":"closed","template":"","meta":{"_acf_changed":false,"footnotes":""},"class_list":["post-1679","page","type-page","status-publish","hentry"],"acf":[],"_links":{"self":[{"href":"https:\/\/www.ufmg.br\/espacodoconhecimento\/wp-json\/wp\/v2\/pages\/1679"}],"collection":[{"href":"https:\/\/www.ufmg.br\/espacodoconhecimento\/wp-json\/wp\/v2\/pages"}],"about":[{"href":"https:\/\/www.ufmg.br\/espacodoconhecimento\/wp-json\/wp\/v2\/types\/page"}],"author":[{"embeddable":true,"href":"https:\/\/www.ufmg.br\/espacodoconhecimento\/wp-json\/wp\/v2\/users\/3"}],"replies":[{"embeddable":true,"href":"https:\/\/www.ufmg.br\/espacodoconhecimento\/wp-json\/wp\/v2\/comments?post=1679"}],"version-history":[{"count":24,"href":"https:\/\/www.ufmg.br\/espacodoconhecimento\/wp-json\/wp\/v2\/pages\/1679\/revisions"}],"predecessor-version":[{"id":9639,"href":"https:\/\/www.ufmg.br\/espacodoconhecimento\/wp-json\/wp\/v2\/pages\/1679\/revisions\/9639"}],"wp:attachment":[{"href":"https:\/\/www.ufmg.br\/espacodoconhecimento\/wp-json\/wp\/v2\/media?parent=1679"}],"curies":[{"name":"wp","href":"https:\/\/api.w.org\/{rel}","templated":true}]}}