{"id":237,"date":"2025-07-24T09:38:04","date_gmt":"2025-07-24T12:38:04","guid":{"rendered":"https:\/\/www.ufmg.br\/espacodoconhecimento\/novo\/?page_id=237"},"modified":"2026-04-22T11:27:59","modified_gmt":"2026-04-22T14:27:59","slug":"sala-multiuso","status":"publish","type":"page","link":"https:\/\/www.ufmg.br\/espacodoconhecimento\/sala-multiuso\/","title":{"rendered":"Sala Multiuso"},"content":{"rendered":"\n<div style=\"height:34px\" aria-hidden=\"true\" class=\"wp-block-spacer\"><\/div>\n\n\n<figure class=\"wp-block-post-featured-image\"><img loading=\"lazy\" decoding=\"async\" width=\"2560\" height=\"1150\" src=\"https:\/\/www.ufmg.br\/espacodoconhecimento\/wp-content\/uploads\/2025\/08\/auditorio-multiuso-scaled.jpg\" class=\"attachment-post-thumbnail size-post-thumbnail wp-post-image\" alt=\"\" style=\"object-fit:cover;\" srcset=\"https:\/\/www.ufmg.br\/espacodoconhecimento\/wp-content\/uploads\/2025\/08\/auditorio-multiuso-scaled.jpg 2560w, https:\/\/www.ufmg.br\/espacodoconhecimento\/wp-content\/uploads\/2025\/08\/auditorio-multiuso-300x135.jpg 300w, https:\/\/www.ufmg.br\/espacodoconhecimento\/wp-content\/uploads\/2025\/08\/auditorio-multiuso-1024x460.jpg 1024w, https:\/\/www.ufmg.br\/espacodoconhecimento\/wp-content\/uploads\/2025\/08\/auditorio-multiuso-768x345.jpg 768w, https:\/\/www.ufmg.br\/espacodoconhecimento\/wp-content\/uploads\/2025\/08\/auditorio-multiuso-1536x690.jpg 1536w, https:\/\/www.ufmg.br\/espacodoconhecimento\/wp-content\/uploads\/2025\/08\/auditorio-multiuso-2048x920.jpg 2048w\" sizes=\"(max-width: 2560px) 100vw, 2560px\" \/><\/figure>\n\n\n<div style=\"height:34px\" aria-hidden=\"true\" class=\"wp-block-spacer\"><\/div>\n\n\n\n<h3 class=\"wp-block-heading\"><\/h3>\n\n\n\n<div style=\"height:34px\" aria-hidden=\"true\" class=\"wp-block-spacer\"><\/div>\n\n\n\n<p>Buscando ampliar sua diversidade de a\u00e7\u00f5es, o Espa\u00e7o inaugura, em 2023, um espa\u00e7o multiuso, localizado no t\u00e9rreo do edif\u00edcio. Acess\u00edvel e com capacidade para at\u00e9 40 pessoas, o ambiente \u00e9 equipado com notebook, projetor, equipamento de som (caixa de som e microfone), ar condicionado, al\u00e9m de acesso gratuito \u00e0 rede wifi.<\/p>\n\n\n\n<div style=\"height:34px\" aria-hidden=\"true\" class=\"wp-block-spacer\"><\/div>\n\n\n\n<p>A sala ser\u00e1 disponibilizada exclusivamente para a realiza\u00e7\u00e3o de eventos de car\u00e1ter cultural, cient\u00edfico ou educacional, de acordo com o termo de cess\u00e3o de uso do pr\u00e9dio, com as normas internas e em alinhamento \u00e0s diretrizes institucionais do Espa\u00e7o do Conhecimento e da UFMG.<\/p>\n\n\n\n<div style=\"height:34px\" aria-hidden=\"true\" class=\"wp-block-spacer\"><\/div>\n\n\n\n<p><strong>Confira o <mark style=\"background-color:rgba(0, 0, 0, 0);color:#03488d\" class=\"has-inline-color\">regulamento de loca\u00e7\u00e3o<\/mark>&nbsp;da Sala Multiuso e posteriormente <\/strong><a href=\"https:\/\/docs.google.com\/forms\/d\/e\/1FAIpQLScmwXSJ08w1Efg0pIJHesfzRvoTjFAMVGxn-TZpLVCWiPUBVQ\/viewform?usp=sf_link\" target=\"_blank\" rel=\"noreferrer noopener\"><mark style=\"background-color:rgba(0, 0, 0, 0);color:#03488d\" class=\"has-inline-color\">acesse o formul\u00e1rio<\/mark><\/a><strong> e inscreva seu evento!<\/strong><\/p>\n\n\n\n<div style=\"height:34px\" aria-hidden=\"true\" class=\"wp-block-spacer\"><\/div>\n\n\n\n<details class=\"wp-block-details\"><summary>\u27a4&nbsp;<strong> <mark style=\"background-color:rgba(0, 0, 0, 0);color:#03488d\" class=\"has-inline-color is-layout-flow wp-block-details-is-layout-flow\">Clique para ler o regulamento de loca\u00e7\u00e3o<\/mark><\/strong>.<\/summary>\n<p><\/p>\n\n\n\n<div style=\"height:34px\" aria-hidden=\"true\" class=\"wp-block-spacer\"><\/div>\n\n\n\n<div data-wp-interactive=\"core\/file\" class=\"wp-block-file\"><object data-wp-bind--hidden=\"!state.hasPdfPreview\"  class=\"wp-block-file__embed\" data=\"https:\/\/www.ufmg.br\/espacodoconhecimento\/wp-content\/uploads\/2026\/04\/REGIMENTO-LOCACAO-DE-SALA-MULTIUSO-2026.pdf\" type=\"application\/pdf\" style=\"width:100%;height:600px\" aria-label=\"Incorporado de REGIMENTO - LOCA\u00c7\u00c3O DE SALA MULTIUSO - 2026.\"><\/object><a id=\"wp-block-file--media-77be3aa6-65f1-484c-9d12-c5d37f8b1939\" href=\"https:\/\/www.ufmg.br\/espacodoconhecimento\/wp-content\/uploads\/2026\/04\/REGIMENTO-LOCACAO-DE-SALA-MULTIUSO-2026.pdf\">REGIMENTO &#8211; LOCA\u00c7\u00c3O DE SALA MULTIUSO &#8211; 2026<\/a><a href=\"https:\/\/www.ufmg.br\/espacodoconhecimento\/wp-content\/uploads\/2026\/04\/REGIMENTO-LOCACAO-DE-SALA-MULTIUSO-2026.pdf\" class=\"wp-block-file__button wp-element-button\" download aria-describedby=\"wp-block-file--media-77be3aa6-65f1-484c-9d12-c5d37f8b1939\"><strong><mark style=\"background-color:rgba(0, 0, 0, 0)\" class=\"has-inline-color has-white-color\">Baixar<\/mark><\/strong><\/a><\/div>\n\n\n\n<p><\/p>\n\n\n\n<div style=\"height:34px\" aria-hidden=\"true\" class=\"wp-block-spacer\"><\/div>\n\n\n\n<hr class=\"wp-block-separator has-alpha-channel-opacity\"\/>\n<\/details>\n\n\n\n<div style=\"height:34px\" aria-hidden=\"true\" class=\"wp-block-spacer\"><\/div>\n\n\n\n<p><mark style=\"background-color:rgba(0, 0, 0, 0);color:#03488d\" class=\"has-inline-color\">Galeria de fotos:<\/mark><\/p>\n\n\n\n<div style=\"height:34px\" aria-hidden=\"true\" class=\"wp-block-spacer\"><\/div>\n\n\n\n<figure class=\"wp-block-gallery has-nested-images columns-2 is-cropped wp-block-gallery-1 is-layout-flex wp-block-gallery-is-layout-flex\">\n<figure class=\"wp-block-image size-large\"><img loading=\"lazy\" decoding=\"async\" width=\"1024\" height=\"683\" data-id=\"2492\" src=\"https:\/\/www.ufmg.br\/espacodoconhecimento\/novo\/wp-content\/uploads\/2025\/08\/0K5A0248-1024x683-1.jpg\" alt=\"\" class=\"wp-image-2492\" srcset=\"https:\/\/www.ufmg.br\/espacodoconhecimento\/wp-content\/uploads\/2025\/08\/0K5A0248-1024x683-1.jpg 1024w, https:\/\/www.ufmg.br\/espacodoconhecimento\/wp-content\/uploads\/2025\/08\/0K5A0248-1024x683-1-300x200.jpg 300w, https:\/\/www.ufmg.br\/espacodoconhecimento\/wp-content\/uploads\/2025\/08\/0K5A0248-1024x683-1-768x512.jpg 768w\" sizes=\"(max-width: 1024px) 100vw, 1024px\" \/><figcaption class=\"wp-element-caption\"><strong><mark style=\"background-color:rgba(0, 0, 0, 0)\" class=\"has-inline-color has-white-color\">Audit\u00f3rio (40 lugares)<br><\/mark><\/strong><\/figcaption><\/figure>\n\n\n\n<figure class=\"wp-block-image size-large\"><img loading=\"lazy\" decoding=\"async\" width=\"1024\" height=\"683\" data-id=\"2493\" src=\"https:\/\/www.ufmg.br\/espacodoconhecimento\/novo\/wp-content\/uploads\/2025\/08\/0K5A0540-1024x683-1.jpg\" alt=\"\" class=\"wp-image-2493\" srcset=\"https:\/\/www.ufmg.br\/espacodoconhecimento\/wp-content\/uploads\/2025\/08\/0K5A0540-1024x683-1.jpg 1024w, https:\/\/www.ufmg.br\/espacodoconhecimento\/wp-content\/uploads\/2025\/08\/0K5A0540-1024x683-1-300x200.jpg 300w, https:\/\/www.ufmg.br\/espacodoconhecimento\/wp-content\/uploads\/2025\/08\/0K5A0540-1024x683-1-768x512.jpg 768w\" sizes=\"(max-width: 1024px) 100vw, 1024px\" \/><figcaption class=\"wp-element-caption\"><strong><mark style=\"background-color:rgba(0, 0, 0, 0)\" class=\"has-inline-color has-white-color\">Circulo (30 lugares)<br><\/mark><\/strong><\/figcaption><\/figure>\n\n\n\n<figure class=\"wp-block-image size-full\"><img loading=\"lazy\" decoding=\"async\" width=\"1024\" height=\"683\" data-id=\"2508\" src=\"https:\/\/www.ufmg.br\/espacodoconhecimento\/novo\/wp-content\/uploads\/2025\/08\/0K5A0568-1024x683-1-1.jpg\" alt=\"\" class=\"wp-image-2508\" srcset=\"https:\/\/www.ufmg.br\/espacodoconhecimento\/wp-content\/uploads\/2025\/08\/0K5A0568-1024x683-1-1.jpg 1024w, https:\/\/www.ufmg.br\/espacodoconhecimento\/wp-content\/uploads\/2025\/08\/0K5A0568-1024x683-1-1-300x200.jpg 300w, https:\/\/www.ufmg.br\/espacodoconhecimento\/wp-content\/uploads\/2025\/08\/0K5A0568-1024x683-1-1-768x512.jpg 768w\" sizes=\"(max-width: 1024px) 100vw, 1024px\" \/><figcaption class=\"wp-element-caption\"><strong><mark style=\"background-color:rgba(0, 0, 0, 0)\" class=\"has-inline-color has-white-color\">Reuni\u00e3o (14 lugares)<\/mark><\/strong><\/figcaption><\/figure>\n\n\n\n<figure class=\"wp-block-image size-full\"><img loading=\"lazy\" decoding=\"async\" width=\"1024\" height=\"689\" data-id=\"2507\" src=\"https:\/\/www.ufmg.br\/espacodoconhecimento\/novo\/wp-content\/uploads\/2025\/08\/0K5A0518-1024x689-1-1.jpg\" alt=\"\" class=\"wp-image-2507\" srcset=\"https:\/\/www.ufmg.br\/espacodoconhecimento\/wp-content\/uploads\/2025\/08\/0K5A0518-1024x689-1-1.jpg 1024w, https:\/\/www.ufmg.br\/espacodoconhecimento\/wp-content\/uploads\/2025\/08\/0K5A0518-1024x689-1-1-300x202.jpg 300w, https:\/\/www.ufmg.br\/espacodoconhecimento\/wp-content\/uploads\/2025\/08\/0K5A0518-1024x689-1-1-768x517.jpg 768w\" sizes=\"(max-width: 1024px) 100vw, 1024px\" \/><figcaption class=\"wp-element-caption\"><strong><mark style=\"background-color:rgba(0, 0, 0, 0)\" class=\"has-inline-color has-white-color\">Semic\u00edrculos (30 lugares)<br><\/mark><\/strong><\/figcaption><\/figure>\n\n\n\n<figure class=\"wp-block-image size-large\"><img loading=\"lazy\" decoding=\"async\" width=\"1024\" height=\"683\" data-id=\"2494\" src=\"https:\/\/www.ufmg.br\/espacodoconhecimento\/novo\/wp-content\/uploads\/2025\/08\/0K5A0575-1024x683-1.jpg\" alt=\"\" class=\"wp-image-2494\" srcset=\"https:\/\/www.ufmg.br\/espacodoconhecimento\/wp-content\/uploads\/2025\/08\/0K5A0575-1024x683-1.jpg 1024w, https:\/\/www.ufmg.br\/espacodoconhecimento\/wp-content\/uploads\/2025\/08\/0K5A0575-1024x683-1-300x200.jpg 300w, https:\/\/www.ufmg.br\/espacodoconhecimento\/wp-content\/uploads\/2025\/08\/0K5A0575-1024x683-1-768x512.jpg 768w\" sizes=\"(max-width: 1024px) 100vw, 1024px\" \/><figcaption class=\"wp-element-caption\"><mark style=\"background-color:rgba(0, 0, 0, 0)\" class=\"has-inline-color has-white-color\"><strong>Reuni\u00e3o (12 lugares)<\/strong><\/mark><\/figcaption><\/figure>\n\n\n\n<figure class=\"wp-block-image size-large\"><img loading=\"lazy\" decoding=\"async\" width=\"1024\" height=\"683\" data-id=\"2495\" src=\"https:\/\/www.ufmg.br\/espacodoconhecimento\/novo\/wp-content\/uploads\/2025\/08\/0K5A0593-1024x683-1.jpg\" alt=\"\" class=\"wp-image-2495\" srcset=\"https:\/\/www.ufmg.br\/espacodoconhecimento\/wp-content\/uploads\/2025\/08\/0K5A0593-1024x683-1.jpg 1024w, https:\/\/www.ufmg.br\/espacodoconhecimento\/wp-content\/uploads\/2025\/08\/0K5A0593-1024x683-1-300x200.jpg 300w, https:\/\/www.ufmg.br\/espacodoconhecimento\/wp-content\/uploads\/2025\/08\/0K5A0593-1024x683-1-768x512.jpg 768w\" sizes=\"(max-width: 1024px) 100vw, 1024px\" \/><figcaption class=\"wp-element-caption\"><strong><mark style=\"background-color:rgba(0, 0, 0, 0)\" class=\"has-inline-color has-white-color\">Debate (16 lugares)<br><\/mark><\/strong><\/figcaption><\/figure>\n\n\n\n<figure class=\"wp-block-image size-large\"><img loading=\"lazy\" decoding=\"async\" width=\"1024\" height=\"683\" data-id=\"2496\" src=\"https:\/\/www.ufmg.br\/espacodoconhecimento\/novo\/wp-content\/uploads\/2025\/08\/0K5A0495-1024x683-1.jpg\" alt=\"\" class=\"wp-image-2496\" srcset=\"https:\/\/www.ufmg.br\/espacodoconhecimento\/wp-content\/uploads\/2025\/08\/0K5A0495-1024x683-1.jpg 1024w, https:\/\/www.ufmg.br\/espacodoconhecimento\/wp-content\/uploads\/2025\/08\/0K5A0495-1024x683-1-300x200.jpg 300w, https:\/\/www.ufmg.br\/espacodoconhecimento\/wp-content\/uploads\/2025\/08\/0K5A0495-1024x683-1-768x512.jpg 768w\" sizes=\"(max-width: 1024px) 100vw, 1024px\" \/><figcaption class=\"wp-element-caption\"><strong><mark style=\"background-color:rgba(0, 0, 0, 0)\" class=\"has-inline-color has-white-color\">Mesa de som e microfones<\/mark><\/strong><\/figcaption><\/figure>\n\n\n\n<figure class=\"wp-block-image size-large\"><img loading=\"lazy\" decoding=\"async\" width=\"1024\" height=\"683\" data-id=\"2497\" src=\"https:\/\/www.ufmg.br\/espacodoconhecimento\/novo\/wp-content\/uploads\/2025\/08\/0K5A0619-1024x683-1.jpg\" alt=\"\" class=\"wp-image-2497\" srcset=\"https:\/\/www.ufmg.br\/espacodoconhecimento\/wp-content\/uploads\/2025\/08\/0K5A0619-1024x683-1.jpg 1024w, https:\/\/www.ufmg.br\/espacodoconhecimento\/wp-content\/uploads\/2025\/08\/0K5A0619-1024x683-1-300x200.jpg 300w, https:\/\/www.ufmg.br\/espacodoconhecimento\/wp-content\/uploads\/2025\/08\/0K5A0619-1024x683-1-768x512.jpg 768w\" sizes=\"(max-width: 1024px) 100vw, 1024px\" \/><figcaption class=\"wp-element-caption\"><strong><mark style=\"background-color:rgba(0, 0, 0, 0)\" class=\"has-inline-color has-white-color\">Equipamento de proje\u00e7\u00e3o<br><\/mark><\/strong><\/figcaption><\/figure>\n<\/figure>\n\n\n\n<p><\/p>\n","protected":false},"excerpt":{"rendered":"<p>Buscando ampliar sua diversidade de a\u00e7\u00f5es, o Espa\u00e7o inaugura, em 2023, um espa\u00e7o multiuso, localizado no t\u00e9rreo do edif\u00edcio. Acess\u00edvel e com capacidade para at\u00e9 40 pessoas, o ambiente \u00e9 equipado com notebook, projetor, equipamento de som (caixa de som e microfone), ar condicionado, al\u00e9m de acesso gratuito \u00e0 rede wifi. A sala ser\u00e1 disponibilizada [&hellip;]<\/p>\n","protected":false},"author":3,"featured_media":2491,"parent":0,"menu_order":0,"comment_status":"closed","ping_status":"closed","template":"","meta":{"_acf_changed":false,"footnotes":""},"class_list":["post-237","page","type-page","status-publish","has-post-thumbnail","hentry"],"acf":[],"_links":{"self":[{"href":"https:\/\/www.ufmg.br\/espacodoconhecimento\/wp-json\/wp\/v2\/pages\/237"}],"collection":[{"href":"https:\/\/www.ufmg.br\/espacodoconhecimento\/wp-json\/wp\/v2\/pages"}],"about":[{"href":"https:\/\/www.ufmg.br\/espacodoconhecimento\/wp-json\/wp\/v2\/types\/page"}],"author":[{"embeddable":true,"href":"https:\/\/www.ufmg.br\/espacodoconhecimento\/wp-json\/wp\/v2\/users\/3"}],"replies":[{"embeddable":true,"href":"https:\/\/www.ufmg.br\/espacodoconhecimento\/wp-json\/wp\/v2\/comments?post=237"}],"version-history":[{"count":11,"href":"https:\/\/www.ufmg.br\/espacodoconhecimento\/wp-json\/wp\/v2\/pages\/237\/revisions"}],"predecessor-version":[{"id":9800,"href":"https:\/\/www.ufmg.br\/espacodoconhecimento\/wp-json\/wp\/v2\/pages\/237\/revisions\/9800"}],"wp:featuredmedia":[{"embeddable":true,"href":"https:\/\/www.ufmg.br\/espacodoconhecimento\/wp-json\/wp\/v2\/media\/2491"}],"wp:attachment":[{"href":"https:\/\/www.ufmg.br\/espacodoconhecimento\/wp-json\/wp\/v2\/media?parent=237"}],"curies":[{"name":"wp","href":"https:\/\/api.w.org\/{rel}","templated":true}]}}