{"id":256,"date":"2025-07-24T09:40:43","date_gmt":"2025-07-24T12:40:43","guid":{"rendered":"https:\/\/www.ufmg.br\/espacodoconhecimento\/novo\/?page_id=256"},"modified":"2026-04-15T13:50:24","modified_gmt":"2026-04-15T16:50:24","slug":"metropolitramas","status":"publish","type":"page","link":"https:\/\/www.ufmg.br\/espacodoconhecimento\/exposicoes\/metropolitramas\/","title":{"rendered":"Exposi\u00e7\u00e3o de m\u00e9dia dura\u00e7\u00e3o"},"content":{"rendered":"\n<h3 class=\"wp-block-heading\"><mark style=\"background-color:rgba(0, 0, 0, 0);color:#008080\" class=\"has-inline-color\">Metropoli<\/mark><mark style=\"background-color:rgba(0, 0, 0, 0);color:#99cc00\" class=\"has-inline-color\">TRAMAS<\/mark><\/h3>\n\n\n\n<div style=\"height:13px\" aria-hidden=\"true\" class=\"wp-block-spacer\"><\/div>\n\n\n\n<p><em>Dezembro de 2023 a abril de 2026<\/em><\/p>\n\n\n\n<div style=\"height:13px\" aria-hidden=\"true\" class=\"wp-block-spacer\"><\/div>\n\n\n\n<p><strong><em>Diversidades, complexidades, prazeres e tens\u00f5es<\/em><\/strong><\/p>\n\n\n\n<div style=\"height:30px\" aria-hidden=\"true\" class=\"wp-block-spacer\"><\/div>\n\n\n\n<p>Cotidianamente, milhares de pessoas partilham o espa\u00e7o metropolitano para trabalhar, estudar, usufruir de lazer e servi\u00e7os, criando e fortalecendo rela\u00e7\u00f5es afetivas. Muitos desses deslocamentos envolvem atravessar mais de um <strong>munic\u00edpio<\/strong>, sem que se perceba, com nitidez, quando esses <strong>limites<\/strong> s\u00e3o ultrapassados. \u00c9 o fen\u00f4meno da <strong>metropoliza\u00e7\u00e3o<\/strong> que nos coloca, diariamente, em conex\u00e3o direta com diversos lugares e pessoas.&nbsp;<\/p>\n\n\n\n<div style=\"height:13px\" aria-hidden=\"true\" class=\"wp-block-spacer\"><\/div>\n\n\n\n<p>Trata-se de uma grande rede de ruas, casas, rodovias, pra\u00e7as, parques, paisagens, cursos d&#8217;\u00e1gua, monumentos e manifesta\u00e7\u00f5es culturais, que se entrela\u00e7am com o ir e vir das pessoas, desenhando uma metr\u00f3pole em tramas: <strong><mark style=\"background-color:rgba(0, 0, 0, 0);color:#008080\" class=\"has-inline-color\">Metropoli<\/mark><mark style=\"background-color:rgba(0, 0, 0, 0);color:#99cc00\" class=\"has-inline-color\">TRAMAS<\/mark>.<\/strong><\/p>\n\n\n\n<div style=\"height:13px\" aria-hidden=\"true\" class=\"wp-block-spacer\"><\/div>\n\n\n\n<p>Em comemora\u00e7\u00e3o aos 50 anos da Regi\u00e3o Metropolitana de Belo Horizonte (RMBH), o <strong>Espa\u00e7o do Conhecimento UFMG<\/strong> convida as cidad\u00e3s e os cidad\u00e3os metropolitanos a viajarem por esse extenso universo, e a tomar lugar, seja nos limites do museu, seja nas itiner\u00e2ncias para onde nossas mem\u00f3rias e afetos possam nos levar.&nbsp;Nove instala\u00e7\u00f5es&nbsp;\u2013 <strong>Tramas do Tempo, Tramas e Utopias, Tramas do Territ\u00f3rio, Tramas e Trilhas, Tramas em Luta, Tramas Afetivas, Tramas Culturais, Tramas Educativas e Tramas em Movimento&nbsp;<\/strong>\u2013 comp\u00f5em a exposi\u00e7\u00e3o e apresentam as diversas faces da Regi\u00e3o Metropolitana de maneira po\u00e9tica, sens\u00edvel e, por vezes, conflituosa, proporcionando uma experi\u00eancia envolvente e multifacetada aos visitantes. Venha se entrela\u00e7ar pelas <em>tramas<\/em> da RMBH!<\/p>\n\n\n\n<div style=\"height:13px\" aria-hidden=\"true\" class=\"wp-block-spacer\"><\/div>\n\n\n<div class=\"wp-block-image\">\n<figure class=\"aligncenter\"><a href=\"https:\/\/www.ufmg.br\/espacodoconhecimento\/wp-content\/uploads\/2023\/11\/metropolitramas-3.png\"><img decoding=\"async\" src=\"https:\/\/www.ufmg.br\/espacodoconhecimento\/wp-content\/uploads\/2023\/11\/metropolitramas-3-1024x576.png\" alt=\"\" class=\"wp-image-21854\"\/><\/a><\/figure><\/div>\n\n\n<div style=\"height:13px\" aria-hidden=\"true\" class=\"wp-block-spacer\"><\/div>\n\n\n\n<p>Sonhar a Regi\u00e3o Metropolitana reflete o desejo de ter e viver em um espa\u00e7o de vida permeado por justi\u00e7a social, qualidade ambiental, sa\u00fade, educa\u00e7\u00e3o, lazer, cultura, moradia, trabalho dignos&nbsp;e muitos sonhos mais. Sonhar a RMBH significa ir ao encontro da constru\u00e7\u00e3o de um ideal a ser perseguido. A utopia \u00e9 um ponto de chegada para orientar as a\u00e7\u00f5es individuais e coletivas.&nbsp;<\/p>\n\n\n\n<div style=\"height:35px\" aria-hidden=\"true\" class=\"wp-block-spacer\"><\/div>\n\n\n\n<div style=\"height:13px\" aria-hidden=\"true\" class=\"wp-block-spacer\"><\/div>\n\n\n\n<hr class=\"wp-block-separator has-alpha-channel-opacity\"\/>\n\n\n\n<div style=\"height:35px\" aria-hidden=\"true\" class=\"wp-block-spacer\"><\/div>\n\n\n\n<figure class=\"wp-block-gallery has-nested-images columns-4 is-cropped wp-block-gallery-1 is-layout-flex wp-block-gallery-is-layout-flex\">\n<figure class=\"wp-block-image size-large\"><img loading=\"lazy\" decoding=\"async\" width=\"1024\" height=\"683\" data-id=\"952\" src=\"https:\/\/www.ufmg.br\/espacodoconhecimento\/novo\/wp-content\/uploads\/2025\/07\/MetropoliTRAMAS-Julia-Lobato-2-1024x683-1.jpg\" alt=\"\" class=\"wp-image-952\" srcset=\"https:\/\/www.ufmg.br\/espacodoconhecimento\/wp-content\/uploads\/2025\/07\/MetropoliTRAMAS-Julia-Lobato-2-1024x683-1.jpg 1024w, https:\/\/www.ufmg.br\/espacodoconhecimento\/wp-content\/uploads\/2025\/07\/MetropoliTRAMAS-Julia-Lobato-2-1024x683-1-300x200.jpg 300w, https:\/\/www.ufmg.br\/espacodoconhecimento\/wp-content\/uploads\/2025\/07\/MetropoliTRAMAS-Julia-Lobato-2-1024x683-1-768x512.jpg 768w\" sizes=\"(max-width: 1024px) 100vw, 1024px\" \/><figcaption class=\"wp-element-caption\"><strong>Tramas do Tempo<\/strong><\/figcaption><\/figure>\n\n\n\n<figure class=\"wp-block-image size-large\"><img loading=\"lazy\" decoding=\"async\" width=\"1024\" height=\"683\" data-id=\"954\" src=\"https:\/\/www.ufmg.br\/espacodoconhecimento\/novo\/wp-content\/uploads\/2025\/07\/MetropoliTRAMAS-Fernando-Silva-4-1024x683-1.jpg\" alt=\"\" class=\"wp-image-954\" srcset=\"https:\/\/www.ufmg.br\/espacodoconhecimento\/wp-content\/uploads\/2025\/07\/MetropoliTRAMAS-Fernando-Silva-4-1024x683-1.jpg 1024w, https:\/\/www.ufmg.br\/espacodoconhecimento\/wp-content\/uploads\/2025\/07\/MetropoliTRAMAS-Fernando-Silva-4-1024x683-1-300x200.jpg 300w, https:\/\/www.ufmg.br\/espacodoconhecimento\/wp-content\/uploads\/2025\/07\/MetropoliTRAMAS-Fernando-Silva-4-1024x683-1-768x512.jpg 768w\" sizes=\"(max-width: 1024px) 100vw, 1024px\" \/><figcaption class=\"wp-element-caption\"><strong>Munic\u00edpios da RMBH<\/strong><\/figcaption><\/figure>\n\n\n\n<figure class=\"wp-block-image size-large\"><img loading=\"lazy\" decoding=\"async\" width=\"1024\" height=\"683\" data-id=\"955\" src=\"https:\/\/www.ufmg.br\/espacodoconhecimento\/novo\/wp-content\/uploads\/2025\/07\/MetropoliTRAMAS-Julia-Lobato-1-1024x683-1.jpg\" alt=\"\" class=\"wp-image-955\" srcset=\"https:\/\/www.ufmg.br\/espacodoconhecimento\/wp-content\/uploads\/2025\/07\/MetropoliTRAMAS-Julia-Lobato-1-1024x683-1.jpg 1024w, https:\/\/www.ufmg.br\/espacodoconhecimento\/wp-content\/uploads\/2025\/07\/MetropoliTRAMAS-Julia-Lobato-1-1024x683-1-300x200.jpg 300w, https:\/\/www.ufmg.br\/espacodoconhecimento\/wp-content\/uploads\/2025\/07\/MetropoliTRAMAS-Julia-Lobato-1-1024x683-1-768x512.jpg 768w\" sizes=\"(max-width: 1024px) 100vw, 1024px\" \/><figcaption class=\"wp-element-caption\"><strong>Tramas em Movimento<\/strong><\/figcaption><\/figure>\n\n\n\n<figure class=\"wp-block-image size-large\"><img loading=\"lazy\" decoding=\"async\" width=\"1024\" height=\"683\" data-id=\"956\" src=\"https:\/\/www.ufmg.br\/espacodoconhecimento\/novo\/wp-content\/uploads\/2025\/07\/MetropoliTRAMAS-Fernando-Silva-3-1024x683-1.jpg\" alt=\"\" class=\"wp-image-956\" srcset=\"https:\/\/www.ufmg.br\/espacodoconhecimento\/wp-content\/uploads\/2025\/07\/MetropoliTRAMAS-Fernando-Silva-3-1024x683-1.jpg 1024w, https:\/\/www.ufmg.br\/espacodoconhecimento\/wp-content\/uploads\/2025\/07\/MetropoliTRAMAS-Fernando-Silva-3-1024x683-1-300x200.jpg 300w, https:\/\/www.ufmg.br\/espacodoconhecimento\/wp-content\/uploads\/2025\/07\/MetropoliTRAMAS-Fernando-Silva-3-1024x683-1-768x512.jpg 768w\" sizes=\"(max-width: 1024px) 100vw, 1024px\" \/><figcaption class=\"wp-element-caption\"><strong>Visita \u00e0 MetropoliTRAMAS<\/strong><\/figcaption><\/figure>\n<\/figure>\n\n\n\n<div style=\"height:35px\" aria-hidden=\"true\" class=\"wp-block-spacer\"><\/div>\n\n\n\n<figure class=\"wp-block-gallery has-nested-images columns-3 is-cropped wp-block-gallery-2 is-layout-flex wp-block-gallery-is-layout-flex\">\n<figure class=\"wp-block-image size-large\"><img loading=\"lazy\" decoding=\"async\" width=\"1024\" height=\"682\" data-id=\"963\" src=\"https:\/\/www.ufmg.br\/espacodoconhecimento\/novo\/wp-content\/uploads\/2025\/07\/MetropoliTRAMAS-Fernando-Silva-5-1024x682.jpg\" alt=\"\" class=\"wp-image-963\" srcset=\"https:\/\/www.ufmg.br\/espacodoconhecimento\/wp-content\/uploads\/2025\/07\/MetropoliTRAMAS-Fernando-Silva-5-1024x682.jpg 1024w, https:\/\/www.ufmg.br\/espacodoconhecimento\/wp-content\/uploads\/2025\/07\/MetropoliTRAMAS-Fernando-Silva-5-300x200.jpg 300w, https:\/\/www.ufmg.br\/espacodoconhecimento\/wp-content\/uploads\/2025\/07\/MetropoliTRAMAS-Fernando-Silva-5-768x511.jpg 768w, https:\/\/www.ufmg.br\/espacodoconhecimento\/wp-content\/uploads\/2025\/07\/MetropoliTRAMAS-Fernando-Silva-5-1536x1022.jpg 1536w, https:\/\/www.ufmg.br\/espacodoconhecimento\/wp-content\/uploads\/2025\/07\/MetropoliTRAMAS-Fernando-Silva-5-2048x1363.jpg 2048w\" sizes=\"(max-width: 1024px) 100vw, 1024px\" \/><figcaption class=\"wp-element-caption\"><strong>Tramas Educativas<\/strong><\/figcaption><\/figure>\n\n\n\n<figure class=\"wp-block-image size-large\"><img loading=\"lazy\" decoding=\"async\" width=\"1024\" height=\"669\" data-id=\"968\" src=\"https:\/\/www.ufmg.br\/espacodoconhecimento\/novo\/wp-content\/uploads\/2025\/07\/MetropoliTRAMAS-Fernando-Silva-4-1024x669.jpg\" alt=\"\" class=\"wp-image-968\" srcset=\"https:\/\/www.ufmg.br\/espacodoconhecimento\/wp-content\/uploads\/2025\/07\/MetropoliTRAMAS-Fernando-Silva-4-1024x669.jpg 1024w, https:\/\/www.ufmg.br\/espacodoconhecimento\/wp-content\/uploads\/2025\/07\/MetropoliTRAMAS-Fernando-Silva-4-300x196.jpg 300w, https:\/\/www.ufmg.br\/espacodoconhecimento\/wp-content\/uploads\/2025\/07\/MetropoliTRAMAS-Fernando-Silva-4-768x502.jpg 768w, https:\/\/www.ufmg.br\/espacodoconhecimento\/wp-content\/uploads\/2025\/07\/MetropoliTRAMAS-Fernando-Silva-4.jpg 1280w\" sizes=\"(max-width: 1024px) 100vw, 1024px\" \/><figcaption class=\"wp-element-caption\"><strong>Exposi\u00e7\u00e3o MetropoliTRAMAS<\/strong><\/figcaption><\/figure>\n\n\n\n<figure class=\"wp-block-image size-large\"><img loading=\"lazy\" decoding=\"async\" width=\"1024\" height=\"688\" data-id=\"966\" src=\"https:\/\/www.ufmg.br\/espacodoconhecimento\/novo\/wp-content\/uploads\/2025\/07\/MetropoliTRAMAS-Fernando-Silva-3-1-1024x688.jpg\" alt=\"\" class=\"wp-image-966\" srcset=\"https:\/\/www.ufmg.br\/espacodoconhecimento\/wp-content\/uploads\/2025\/07\/MetropoliTRAMAS-Fernando-Silva-3-1-1024x688.jpg 1024w, https:\/\/www.ufmg.br\/espacodoconhecimento\/wp-content\/uploads\/2025\/07\/MetropoliTRAMAS-Fernando-Silva-3-1-300x202.jpg 300w, https:\/\/www.ufmg.br\/espacodoconhecimento\/wp-content\/uploads\/2025\/07\/MetropoliTRAMAS-Fernando-Silva-3-1-768x516.jpg 768w, https:\/\/www.ufmg.br\/espacodoconhecimento\/wp-content\/uploads\/2025\/07\/MetropoliTRAMAS-Fernando-Silva-3-1.jpg 1280w\" sizes=\"(max-width: 1024px) 100vw, 1024px\" \/><figcaption class=\"wp-element-caption\"><strong>Tramas e Trilhas<\/strong><\/figcaption><\/figure>\n<\/figure>\n\n\n\n<div style=\"height:35px\" aria-hidden=\"true\" class=\"wp-block-spacer\"><\/div>\n\n\n\n<figure class=\"wp-block-gallery has-nested-images columns-4 is-cropped wp-block-gallery-3 is-layout-flex wp-block-gallery-is-layout-flex\">\n<figure class=\"wp-block-image size-large\"><img loading=\"lazy\" decoding=\"async\" width=\"1024\" height=\"683\" data-id=\"959\" src=\"https:\/\/www.ufmg.br\/espacodoconhecimento\/novo\/wp-content\/uploads\/2025\/07\/MetropoliTRAMAS-Julia-Lobato-1024x683-1.jpg\" alt=\"\" class=\"wp-image-959\" srcset=\"https:\/\/www.ufmg.br\/espacodoconhecimento\/wp-content\/uploads\/2025\/07\/MetropoliTRAMAS-Julia-Lobato-1024x683-1.jpg 1024w, https:\/\/www.ufmg.br\/espacodoconhecimento\/wp-content\/uploads\/2025\/07\/MetropoliTRAMAS-Julia-Lobato-1024x683-1-300x200.jpg 300w, https:\/\/www.ufmg.br\/espacodoconhecimento\/wp-content\/uploads\/2025\/07\/MetropoliTRAMAS-Julia-Lobato-1024x683-1-768x512.jpg 768w\" sizes=\"(max-width: 1024px) 100vw, 1024px\" \/><figcaption class=\"wp-element-caption\"><strong>Tramas do Territ\u00f3rio<\/strong><\/figcaption><\/figure>\n\n\n\n<figure class=\"wp-block-image size-large\"><img loading=\"lazy\" decoding=\"async\" width=\"1024\" height=\"683\" data-id=\"958\" src=\"https:\/\/www.ufmg.br\/espacodoconhecimento\/novo\/wp-content\/uploads\/2025\/07\/MetropoliTRAMAS-Fernando-Silva-1-1024x683-1.jpg\" alt=\"\" class=\"wp-image-958\" srcset=\"https:\/\/www.ufmg.br\/espacodoconhecimento\/wp-content\/uploads\/2025\/07\/MetropoliTRAMAS-Fernando-Silva-1-1024x683-1.jpg 1024w, https:\/\/www.ufmg.br\/espacodoconhecimento\/wp-content\/uploads\/2025\/07\/MetropoliTRAMAS-Fernando-Silva-1-1024x683-1-300x200.jpg 300w, https:\/\/www.ufmg.br\/espacodoconhecimento\/wp-content\/uploads\/2025\/07\/MetropoliTRAMAS-Fernando-Silva-1-1024x683-1-768x512.jpg 768w\" sizes=\"(max-width: 1024px) 100vw, 1024px\" \/><figcaption class=\"wp-element-caption\"><strong>Tramas Educativas<\/strong><\/figcaption><\/figure>\n\n\n\n<figure class=\"wp-block-image size-large\"><img loading=\"lazy\" decoding=\"async\" width=\"1024\" height=\"697\" data-id=\"960\" src=\"https:\/\/www.ufmg.br\/espacodoconhecimento\/novo\/wp-content\/uploads\/2025\/07\/MetropoliTRAMAS-Fernando-Silva-2-1024x697-1.jpg\" alt=\"\" class=\"wp-image-960\" srcset=\"https:\/\/www.ufmg.br\/espacodoconhecimento\/wp-content\/uploads\/2025\/07\/MetropoliTRAMAS-Fernando-Silva-2-1024x697-1.jpg 1024w, https:\/\/www.ufmg.br\/espacodoconhecimento\/wp-content\/uploads\/2025\/07\/MetropoliTRAMAS-Fernando-Silva-2-1024x697-1-300x204.jpg 300w, https:\/\/www.ufmg.br\/espacodoconhecimento\/wp-content\/uploads\/2025\/07\/MetropoliTRAMAS-Fernando-Silva-2-1024x697-1-768x523.jpg 768w\" sizes=\"(max-width: 1024px) 100vw, 1024px\" \/><figcaption class=\"wp-element-caption\"><strong>Tramas do Tempo<\/strong><\/figcaption><\/figure>\n\n\n\n<figure class=\"wp-block-image size-large\"><img loading=\"lazy\" decoding=\"async\" width=\"1024\" height=\"683\" data-id=\"961\" src=\"https:\/\/www.ufmg.br\/espacodoconhecimento\/novo\/wp-content\/uploads\/2025\/07\/MT-creditos-Juia-Lobato-3-1024x683-1.jpg\" alt=\"\" class=\"wp-image-961\" srcset=\"https:\/\/www.ufmg.br\/espacodoconhecimento\/wp-content\/uploads\/2025\/07\/MT-creditos-Juia-Lobato-3-1024x683-1.jpg 1024w, https:\/\/www.ufmg.br\/espacodoconhecimento\/wp-content\/uploads\/2025\/07\/MT-creditos-Juia-Lobato-3-1024x683-1-300x200.jpg 300w, https:\/\/www.ufmg.br\/espacodoconhecimento\/wp-content\/uploads\/2025\/07\/MT-creditos-Juia-Lobato-3-1024x683-1-768x512.jpg 768w\" sizes=\"(max-width: 1024px) 100vw, 1024px\" \/><figcaption class=\"wp-element-caption\"><strong>Tramas e Utopias<\/strong><\/figcaption><\/figure>\n<\/figure>\n\n\n\n<div style=\"height:30px\" aria-hidden=\"true\" class=\"wp-block-spacer\"><\/div>\n\n\n\n<h3 class=\"wp-block-heading\"><mark style=\"background-color:rgba(0, 0, 0, 0);color:#99cc00\" class=\"has-inline-color\">INSTALA\u00c7\u00d5ES<\/mark><\/h3>\n\n\n\n<div style=\"height:13px\" aria-hidden=\"true\" class=\"wp-block-spacer\"><\/div>\n\n\n\n<h4 class=\"wp-block-heading\"><em><strong>Tramas do tempo<\/strong><\/em><\/h4>\n\n\n\n<div style=\"height:13px\" aria-hidden=\"true\" class=\"wp-block-spacer\"><\/div>\n\n\n\n<p>A instala\u00e7\u00e3o conta um pouco da hist\u00f3ria da Regi\u00e3o Metropolitana de Belo Horizonte ao longo do tempo: desde 1897, data de inaugura\u00e7\u00e3o da capital Belo Horizonte, at\u00e9 2023, ano em que a RMBH completou 50 anos. Por meio de uma l\u00fadica linha do tempo, repleta de textos, imagens e cores, \u00e9 poss\u00edvel compreender o processo de forma\u00e7\u00e3o da regi\u00e3o e sua crescente import\u00e2ncia.<\/p>\n\n\n\n<hr class=\"wp-block-separator has-alpha-channel-opacity\"\/>\n\n\n\n<div style=\"height:13px\" aria-hidden=\"true\" class=\"wp-block-spacer\"><\/div>\n\n\n\n<h4 class=\"wp-block-heading\"><em><strong>Tramas em luta<\/strong><\/em><\/h4>\n\n\n\n<div style=\"height:13px\" aria-hidden=\"true\" class=\"wp-block-spacer\"><\/div>\n\n\n\n<p>Desde a d\u00e9cada de 1960, a Regi\u00e3o Metropolitana de Belo Horizonte tem se destacado por um grande n\u00famero de movimentos sociais, trazendo quest\u00f5es relevantes para o planejamento metropolitano. Muitas s\u00e3o as mobiliza\u00e7\u00f5es e os agrupamentos de pessoas que buscam um mesmo sonho.<\/p>\n\n\n\n<p>A instala\u00e7\u00e3o busca apresentar os desafios, as dificuldades e as contradi\u00e7\u00f5es que permeiam o cotidiano dos moradores da RMBH, culminando em lutas por munic\u00edpios melhores para se viver.<\/p>\n\n\n\n<hr class=\"wp-block-separator has-alpha-channel-opacity\"\/>\n\n\n\n<div style=\"height:13px\" aria-hidden=\"true\" class=\"wp-block-spacer\"><\/div>\n\n\n\n<h4 class=\"wp-block-heading\"><em><strong>Tramas do territ\u00f3rio<\/strong><\/em><\/h4>\n\n\n\n<div style=\"height:13px\" aria-hidden=\"true\" class=\"wp-block-spacer\"><\/div>\n\n\n\n<p>A instala\u00e7\u00e3o retrata a pluralidade de paisagens que comp\u00f5em a Regi\u00e3o Metropolitana de Belo Horizonte. Do asfalto ao ch\u00e3o de terra, da natureza exuberante \u00e0 minera\u00e7\u00e3o voraz, do caos do centro urbano \u00e0 delicadeza de hortas de quintais&#8230; Cada visitante \u00e9 convidado a refletir sobre os processos sociais e naturais que se realizam no territ\u00f3rio, a partir de diferentes lugares e temporalidades.<\/p>\n\n\n\n<hr class=\"wp-block-separator has-alpha-channel-opacity\"\/>\n\n\n\n<div style=\"height:13px\" aria-hidden=\"true\" class=\"wp-block-spacer\"><\/div>\n\n\n\n<h4 class=\"wp-block-heading\"><em><strong>Tramas em movimento<\/strong><\/em><\/h4>\n\n\n\n<div style=\"height:13px\" aria-hidden=\"true\" class=\"wp-block-spacer\"><\/div>\n\n\n\n<p>O transporte p\u00fablico de qualidade \u00e9 um direito fundamental, necess\u00e1rio para o acesso livre e democr\u00e1tico \u00e0 cidade, sendo assim, pauta de diversas reivindica\u00e7\u00f5es.<\/p>\n\n\n\n<p>Na instala\u00e7\u00e3o, o p\u00fablico \u00e9 convidado a refletir sobre os desafios e as possibilidades para o deslocamento na Regi\u00e3o Metropolitana de Belo Horizonte, por meio de um painel interativo e v\u00eddeos que exemplificam alguns dos caminhos percorridos pelo territ\u00f3rio.<\/p>\n\n\n\n<hr class=\"wp-block-separator has-alpha-channel-opacity\"\/>\n\n\n\n<div style=\"height:13px\" aria-hidden=\"true\" class=\"wp-block-spacer\"><\/div>\n\n\n\n<h4 class=\"wp-block-heading\"><em><strong>Tramas culturais<\/strong><\/em><\/h4>\n\n\n\n<div style=\"height:13px\" aria-hidden=\"true\" class=\"wp-block-spacer\"><\/div>\n\n\n\n<p>As diversas matrizes hist\u00f3rico-sociais que formam a Regi\u00e3o Metropolitana de Belo Horizonte se traduzem, ao longo do tempo, em manifesta\u00e7\u00f5es art\u00edsticas, culturais e religiosas. Por meio delas os lugares s\u00e3o experimentados, narrados e imaginados, criando sentidos de pertencimento e de identifica\u00e7\u00e3o.<\/p>\n\n\n\n<p>A instala\u00e7\u00e3o busca transmitir a mistura de sons, cores, movimentos e cheiros que comp\u00f5em o burburinho caracter\u00edstico dos munic\u00edpios, remetendo aos encontros, festivais, festas e \u00e0 rica produ\u00e7\u00e3o cultural da RMBH.<\/p>\n\n\n\n<hr class=\"wp-block-separator has-alpha-channel-opacity\"\/>\n\n\n\n<div style=\"height:13px\" aria-hidden=\"true\" class=\"wp-block-spacer\"><\/div>\n\n\n\n<h4 class=\"wp-block-heading\"><em><strong>Tramas educativas<\/strong><\/em><\/h4>\n\n\n\n<div style=\"height:13px\" aria-hidden=\"true\" class=\"wp-block-spacer\"><\/div>\n\n\n\n<p><em>&#8220;O que voc\u00eas est\u00e3o tramando a\u00ed?<\/em><\/p>\n\n\n\n<p><em>Nas tramas da metr\u00f3pole, cada rua tra\u00e7a uma hist\u00f3ria composta por serras, rios, \u00e1rvores, aves, um emaranhado de mem\u00f3rias&#8230;<\/em><\/p>\n\n\n\n<p><em>Aqui, tramo um caminho, tra\u00e7o uma linha, entrela\u00e7o a sua hist\u00f3ria com a minha.<\/em><\/p>\n\n\n\n<p><em>Tudo pode nessa trama, at\u00e9 dar um n\u00f3 \u00e9 permitido, ali\u00e1s, \u00e9 fundamental. Que voc\u00ea possa se inspirar, relembrar e assim criar as suas pr\u00f3prias Tramas Educativas.&#8221;<\/em><\/p>\n\n\n\n<p>A instala\u00e7\u00e3o, em formato de ateli\u00ea, proporciona um momento de descontra\u00e7\u00e3o e criatividade para que o p\u00fablico possa desenhar, escrever e dar asas \u00e0 imagina\u00e7\u00e3o.<\/p>\n\n\n\n<hr class=\"wp-block-separator has-alpha-channel-opacity\"\/>\n\n\n\n<div style=\"height:13px\" aria-hidden=\"true\" class=\"wp-block-spacer\"><\/div>\n\n\n\n<h4 class=\"wp-block-heading\"><em><strong>Tramas afetivas<\/strong><\/em><\/h4>\n\n\n\n<div style=\"height:13px\" aria-hidden=\"true\" class=\"wp-block-spacer\"><\/div>\n\n\n\n<p>Pertencer a uma regi\u00e3o metropolitana \u00e9 mais do que morar e transitar em um territ\u00f3rio, \u00e9 tamb\u00e9m estar em contato com as subjetividades locais, suas mem\u00f3rias e afetos, construindo rela\u00e7\u00f5es com o espa\u00e7o e com as pessoas.<\/p>\n\n\n\n<p>A instala\u00e7\u00e3o se constitui em uma trama de afetos, costurada a partir de depoimentos de cidad\u00e3os metropolitanos. Os prazeres, as dificuldades, as alegrias e as tens\u00f5es da vida na Regi\u00e3o Metropolitana de Belo Horizonte s\u00e3o narradas e compartilhadas por moradores de diferentes munic\u00edpios.<\/p>\n\n\n\n<hr class=\"wp-block-separator has-alpha-channel-opacity\"\/>\n\n\n\n<div style=\"height:13px\" aria-hidden=\"true\" class=\"wp-block-spacer\"><\/div>\n\n\n\n<h4 class=\"wp-block-heading\"><em><strong>Tramas e trilhas<\/strong><\/em><\/h4>\n\n\n\n<div style=\"height:13px\" aria-hidden=\"true\" class=\"wp-block-spacer\"><\/div>\n\n\n\n<p>De forma interativa, a instala\u00e7\u00e3o retrata alguns dos muitos circuitos de cultura e turismo na Regi\u00e3o Metropolitana de Belo Horizonte. Imagens e sons se entrela\u00e7am para que os visitantes possam descobrir a gastronomia, a natureza, a arte e os patrim\u00f4nios que fazem parte da vida metropolitana.<\/p>\n\n\n\n<hr class=\"wp-block-separator has-alpha-channel-opacity\"\/>\n\n\n\n<div style=\"height:13px\" aria-hidden=\"true\" class=\"wp-block-spacer\"><\/div>\n\n\n\n<h4 class=\"wp-block-heading\"><em><strong>Tramas e utopias<\/strong><\/em><\/h4>\n\n\n\n<div style=\"height:13px\" aria-hidden=\"true\" class=\"wp-block-spacer\"><\/div>\n\n\n\n<p>Planejar significa sonhar e idealizar um exerc\u00edcio de inventar futuros.<\/p>\n\n\n\n<p>Com o objetivo de incentivar reflex\u00f5es sobre os caminhos e meios essenciais para gerar qualidade de vida e justi\u00e7a social no territ\u00f3rio, a instala\u00e7\u00e3o aborda o planejamento urbano e o Plano Metropolitano da RMBH.<\/p>\n\n\n\n<div style=\"height:20px\" aria-hidden=\"true\" class=\"wp-block-spacer\"><\/div>\n\n\n\n<h3 class=\"wp-block-heading\"><mark style=\"background-color:rgba(0, 0, 0, 0);color:#008080\" class=\"has-inline-color\">MAKING OF<\/mark><\/h3>\n\n\n\n<figure class=\"wp-block-embed is-type-video is-provider-youtube wp-block-embed-youtube wp-embed-aspect-16-9 wp-has-aspect-ratio\"><div class=\"wp-block-embed__wrapper\">\n<iframe loading=\"lazy\" title=\"Exposi\u00e7\u00e3o MetropoliTRAMAS | Making Of\" width=\"500\" height=\"281\" src=\"https:\/\/www.youtube.com\/embed\/GA5GEJddOb8?feature=oembed\" frameborder=\"0\" allow=\"accelerometer; autoplay; clipboard-write; encrypted-media; gyroscope; picture-in-picture; web-share\" referrerpolicy=\"strict-origin-when-cross-origin\" allowfullscreen><\/iframe>\n<\/div><\/figure>\n\n\n\n<div style=\"height:30px\" aria-hidden=\"true\" class=\"wp-block-spacer\"><\/div>\n\n\n\n<h3 class=\"wp-block-heading\"><mark style=\"background-color:rgba(0, 0, 0, 0);color:#99cc00\" class=\"has-inline-color\">CAT\u00c1LOGO<\/mark><\/h3>\n\n\n\n<p>Acesse o cat\u00e1logo&nbsp;<a href=\"https:\/\/www.ufmg.br\/espacodoconhecimento\/wp-content\/uploads\/2025\/08\/Catalogo-MetropoliTRAMAS.pdf\" target=\"_blank\" rel=\"noreferrer noopener\"><strong>aqui<\/strong><\/a>!<\/p>\n\n\n\n<div style=\"height:30px\" aria-hidden=\"true\" class=\"wp-block-spacer\"><\/div>\n\n\n\n<h3 class=\"wp-block-heading\"><mark style=\"background-color:rgba(0, 0, 0, 0);color:#008080\" class=\"has-inline-color\">AUDIOGUIA<\/mark><\/h3>\n\n\n\n<p>Acesse o audioguia&nbsp;<a href=\"https:\/\/soundcloud.com\/audioguia-exposicao-metropolitramas\" target=\"_blank\" rel=\"noreferrer noopener\"><strong>aqui<\/strong><\/a>!<\/p>\n\n\n\n<div style=\"height:30px\" aria-hidden=\"true\" class=\"wp-block-spacer\"><\/div>\n\n\n\n<h3 class=\"wp-block-heading\"><mark style=\"background-color:rgba(0, 0, 0, 0);color:#99cc00\" class=\"has-inline-color\">P\u00cdLULAS DO CONHECIMENTO<\/mark><\/h3>\n\n\n\n<div style=\"height:13px\" aria-hidden=\"true\" class=\"wp-block-spacer\"><\/div>\n\n\n\n<p><strong>Explorando equipamentos culturais<\/strong><\/p>\n\n\n\n<figure class=\"wp-block-embed is-type-rich is-provider-spotify wp-block-embed-spotify wp-embed-aspect-21-9 wp-has-aspect-ratio\"><div class=\"wp-block-embed__wrapper\">\n<iframe title=\"Spotify Embed: #208 - Cidades vivas: explorando equipamentos culturais\" style=\"border-radius: 12px\" width=\"100%\" height=\"152\" frameborder=\"0\" allowfullscreen allow=\"autoplay; clipboard-write; encrypted-media; fullscreen; picture-in-picture\" loading=\"lazy\" src=\"https:\/\/open.spotify.com\/embed\/episode\/4jFj34vhwrYWfEWkwtqvN9?si=NMrgKynQRiy4luXZVlkpwg&amp;utm_source=oembed\"><\/iframe>\n<\/div><\/figure>\n\n\n\n<div style=\"height:13px\" aria-hidden=\"true\" class=\"wp-block-spacer\"><\/div>\n\n\n\n<p><strong>A favela como patrim\u00f4nio cultural<\/strong><\/p>\n\n\n\n<figure class=\"wp-block-embed is-type-rich is-provider-spotify wp-block-embed-spotify wp-embed-aspect-21-9 wp-has-aspect-ratio\"><div class=\"wp-block-embed__wrapper\">\n<iframe title=\"Spotify Embed: #209 - Vozes da quebrada: a favela como patrim\u00f4nio cultural \" style=\"border-radius: 12px\" width=\"100%\" height=\"152\" frameborder=\"0\" allowfullscreen allow=\"autoplay; clipboard-write; encrypted-media; fullscreen; picture-in-picture\" loading=\"lazy\" src=\"https:\/\/open.spotify.com\/embed\/episode\/1AhdEQkBfB5ihRSJEZTJfX?si=iey4wVI8SpmqQZfO4WfzuA&amp;utm_source=oembed\"><\/iframe>\n<\/div><\/figure>\n\n\n\n<div style=\"height:13px\" aria-hidden=\"true\" class=\"wp-block-spacer\"><\/div>\n\n\n\n<p><strong>Quilombo Mangueiras<\/strong><\/p>\n\n\n\n<figure class=\"wp-block-embed is-type-rich is-provider-spotify wp-block-embed-spotify wp-embed-aspect-21-9 wp-has-aspect-ratio\"><div class=\"wp-block-embed__wrapper\">\n<iframe title=\"Spotify Embed: #210 - Quilombos metropolitanos: hist\u00f3ria afrodescendente mineira\" style=\"border-radius: 12px\" width=\"100%\" height=\"152\" frameborder=\"0\" allowfullscreen allow=\"autoplay; clipboard-write; encrypted-media; fullscreen; picture-in-picture\" loading=\"lazy\" src=\"https:\/\/open.spotify.com\/embed\/episode\/7KnNQb0cUFXlYZGQB4G0tE?si=TUr__nmHSoagORn28wsjyg&amp;utm_source=oembed\"><\/iframe>\n<\/div><\/figure>\n\n\n\n<div style=\"height:13px\" aria-hidden=\"true\" class=\"wp-block-spacer\"><\/div>\n\n\n\n<p><strong>Polui\u00e7\u00e3o luminosa<\/strong><\/p>\n\n\n\n<figure class=\"wp-block-embed is-type-rich is-provider-spotify wp-block-embed-spotify wp-embed-aspect-21-9 wp-has-aspect-ratio\"><div class=\"wp-block-embed__wrapper\">\n<iframe title=\"Spotify Embed: #213 - O Perder das Noites Estreladas \" style=\"border-radius: 12px\" width=\"100%\" height=\"152\" frameborder=\"0\" allowfullscreen allow=\"autoplay; clipboard-write; encrypted-media; fullscreen; picture-in-picture\" loading=\"lazy\" src=\"https:\/\/open.spotify.com\/embed\/episode\/6uLWMZ881sBZSAIW7SEM8t?si=rXt_ergwSFq_rQGANXjo2A&amp;utm_source=oembed\"><\/iframe>\n<\/div><\/figure>\n\n\n\n<div style=\"height:13px\" aria-hidden=\"true\" class=\"wp-block-spacer\"><\/div>\n\n\n\n<p><strong>Mobilidade urbana sustent\u00e1vel<\/strong><\/p>\n\n\n\n<figure class=\"wp-block-embed is-type-rich is-provider-spotify wp-block-embed-spotify wp-embed-aspect-21-9 wp-has-aspect-ratio\"><div class=\"wp-block-embed__wrapper\">\n<iframe title=\"Spotify Embed: #217 - Por que precisamos falar em mobilidade urbana sustent\u00e1vel?\" style=\"border-radius: 12px\" width=\"100%\" height=\"152\" frameborder=\"0\" allowfullscreen allow=\"autoplay; clipboard-write; encrypted-media; fullscreen; picture-in-picture\" loading=\"lazy\" src=\"https:\/\/open.spotify.com\/embed\/episode\/3yhkUiCXwOH5DS9IA2juqL?utm_source=oembed\"><\/iframe>\n<\/div><\/figure>\n\n\n\n<div style=\"height:13px\" aria-hidden=\"true\" class=\"wp-block-spacer\"><\/div>\n\n\n\n<p><strong>Para entender o tr\u00e2nsito<\/strong><\/p>\n\n\n\n<figure class=\"wp-block-embed is-type-rich is-provider-spotify wp-block-embed-spotify wp-embed-aspect-21-9 wp-has-aspect-ratio\"><div class=\"wp-block-embed__wrapper\">\n<iframe title=\"Spotify Embed: #219 - Para entender o tr\u00e2nsito\" style=\"border-radius: 12px\" width=\"100%\" height=\"152\" frameborder=\"0\" allowfullscreen allow=\"autoplay; clipboard-write; encrypted-media; fullscreen; picture-in-picture\" loading=\"lazy\" src=\"https:\/\/open.spotify.com\/embed\/episode\/0xpPmAppseoi7Roa6pxvtD?si=6MDVfheTRVuNtjjA-osREg&amp;utm_source=oembed\"><\/iframe>\n<\/div><\/figure>\n\n\n\n<div style=\"height:13px\" aria-hidden=\"true\" class=\"wp-block-spacer\"><\/div>\n\n\n\n<p><strong>Transporte p\u00fablico e a cidade<\/strong><\/p>\n\n\n\n<figure class=\"wp-block-embed is-type-rich is-provider-spotify wp-block-embed-spotify wp-embed-aspect-21-9 wp-has-aspect-ratio\"><div class=\"wp-block-embed__wrapper\">\n<iframe title=\"Spotify Embed: #222 - Transporte p\u00fablico e cidade\" style=\"border-radius: 12px\" width=\"100%\" height=\"152\" frameborder=\"0\" allowfullscreen allow=\"autoplay; clipboard-write; encrypted-media; fullscreen; picture-in-picture\" loading=\"lazy\" src=\"https:\/\/open.spotify.com\/embed\/episode\/6owksUb1g5YWrBgvg46Xrd?si=_4BtWeqdSfGnyOr_8fxRgw&amp;utm_source=oembed\"><\/iframe>\n<\/div><\/figure>\n\n\n\n<div style=\"height:13px\" aria-hidden=\"true\" class=\"wp-block-spacer\"><\/div>\n\n\n\n<p><strong>3 eventos gastron\u00f4micos da RMBH<\/strong><\/p>\n\n\n\n<figure class=\"wp-block-embed is-type-rich is-provider-spotify wp-block-embed-spotify wp-embed-aspect-21-9 wp-has-aspect-ratio\"><div class=\"wp-block-embed__wrapper\">\n<iframe title=\"Spotify Embed: #224 - 3 eventos gastron\u00f4micos na Regi\u00e3o Metropolitana de BH!\" style=\"border-radius: 12px\" width=\"100%\" height=\"152\" frameborder=\"0\" allowfullscreen allow=\"autoplay; clipboard-write; encrypted-media; fullscreen; picture-in-picture\" loading=\"lazy\" src=\"https:\/\/open.spotify.com\/embed\/episode\/1mv6BSJqSg2UAzZxKUDnPC?si=VQBr4thdR-eq3NeaGrefyw&amp;utm_source=oembed\"><\/iframe>\n<\/div><\/figure>\n\n\n\n<div style=\"height:13px\" aria-hidden=\"true\" class=\"wp-block-spacer\"><\/div>\n\n\n\n<p><strong>Conhe\u00e7a marcos da arquitetura de Belo Horizonte!<\/strong><\/p>\n\n\n\n<figure class=\"wp-block-embed is-type-rich is-provider-spotify wp-block-embed-spotify wp-embed-aspect-21-9 wp-has-aspect-ratio\"><div class=\"wp-block-embed__wrapper\">\n<iframe title=\"Spotify Embed: #227 - Conhe\u00e7a marcos da arquitetura belo-horizontina!\" style=\"border-radius: 12px\" width=\"100%\" height=\"152\" frameborder=\"0\" allowfullscreen allow=\"autoplay; clipboard-write; encrypted-media; fullscreen; picture-in-picture\" loading=\"lazy\" src=\"https:\/\/open.spotify.com\/embed\/episode\/6mKsbVH5owZMOUDer04peX?si=thU4hAHwR6qoWfMZJAi2Fg&amp;utm_source=oembed\"><\/iframe>\n<\/div><\/figure>\n\n\n\n<div style=\"height:13px\" aria-hidden=\"true\" class=\"wp-block-spacer\"><\/div>\n\n\n\n<p><strong>Acesso \u00e0 arte e a cultura para quem?<\/strong><\/p>\n\n\n\n<figure class=\"wp-block-embed is-type-rich is-provider-spotify wp-block-embed-spotify wp-embed-aspect-21-9 wp-has-aspect-ratio\"><div class=\"wp-block-embed__wrapper\">\n<iframe title=\"Spotify Embed: #228 - Acesso \u00e0 arte e cultura para quem? \" style=\"border-radius: 12px\" width=\"100%\" height=\"152\" frameborder=\"0\" allowfullscreen allow=\"autoplay; clipboard-write; encrypted-media; fullscreen; picture-in-picture\" loading=\"lazy\" src=\"https:\/\/open.spotify.com\/embed\/episode\/10YQIe2ccEuPhlWXB9349u?si=bu1BpKHJSjK07pKZ2xqxXQ&amp;utm_source=oembed\"><\/iframe>\n<\/div><\/figure>\n\n\n\n<div style=\"height:13px\" aria-hidden=\"true\" class=\"wp-block-spacer\"><\/div>\n\n\n\n<p><strong>O futebol na RMBH<\/strong><\/p>\n\n\n\n<figure class=\"wp-block-embed is-type-rich is-provider-spotify wp-block-embed-spotify wp-embed-aspect-21-9 wp-has-aspect-ratio\"><div class=\"wp-block-embed__wrapper\">\n<iframe title=\"Spotify Embed: #229 - O Futebol na RMBH: aspectos hist\u00f3ricos e sociais\" style=\"border-radius: 12px\" width=\"100%\" height=\"152\" frameborder=\"0\" allowfullscreen allow=\"autoplay; clipboard-write; encrypted-media; fullscreen; picture-in-picture\" loading=\"lazy\" src=\"https:\/\/open.spotify.com\/embed\/episode\/52DqWJiFTrdnRUlkgSKVYz?si=nzYgHRjbShCiZD8lebfajQ&amp;utm_source=oembed\"><\/iframe>\n<\/div><\/figure>\n\n\n\n<div style=\"height:13px\" aria-hidden=\"true\" class=\"wp-block-spacer\"><\/div>\n\n\n\n<p><strong>Destinos tur\u00edsticos naturais na RMBH<\/strong><\/p>\n\n\n\n<figure class=\"wp-block-embed is-type-rich is-provider-spotify wp-block-embed-spotify wp-embed-aspect-21-9 wp-has-aspect-ratio\"><div class=\"wp-block-embed__wrapper\">\n<iframe title=\"Spotify Embed: #231 - Destinos tur\u00edsticos para se conectar com a natureza na RMBH\" style=\"border-radius: 12px\" width=\"100%\" height=\"152\" frameborder=\"0\" allowfullscreen allow=\"autoplay; clipboard-write; encrypted-media; fullscreen; picture-in-picture\" loading=\"lazy\" src=\"https:\/\/open.spotify.com\/embed\/episode\/1r8ZZm2gihE0oyzPSqxLiZ?si=CqRyoT-EQ1ufR52Rv66ejQ&amp;utm_source=oembed\"><\/iframe>\n<\/div><\/figure>\n\n\n\n<div style=\"height:13px\" aria-hidden=\"true\" class=\"wp-block-spacer\"><\/div>\n\n\n\n<p><strong>Uma metr\u00f3pole em tramas<\/strong><\/p>\n\n\n\n<figure class=\"wp-block-embed is-type-rich is-provider-spotify wp-block-embed-spotify wp-embed-aspect-21-9 wp-has-aspect-ratio\"><div class=\"wp-block-embed__wrapper\">\n<iframe title=\"Spotify Embed: #234 - Uma metr\u00f3pole em tramas\" style=\"border-radius: 12px\" width=\"100%\" height=\"152\" frameborder=\"0\" allowfullscreen allow=\"autoplay; clipboard-write; encrypted-media; fullscreen; picture-in-picture\" loading=\"lazy\" src=\"https:\/\/open.spotify.com\/embed\/episode\/28Wppfnif2339gd1FNouN5?utm_source=oembed\"><\/iframe>\n<\/div><\/figure>\n\n\n\n<div style=\"height:13px\" aria-hidden=\"true\" class=\"wp-block-spacer\"><\/div>\n\n\n\n<p><strong>Ciganos <em>Calon<\/em> e a cidade<\/strong><\/p>\n\n\n\n<figure class=\"wp-block-embed is-type-rich is-provider-spotify wp-block-embed-spotify wp-embed-aspect-21-9 wp-has-aspect-ratio\"><div class=\"wp-block-embed__wrapper\">\n<iframe title=\"Spotify Embed: #236 - Ciganos calon e as cidades\" style=\"border-radius: 12px\" width=\"100%\" height=\"152\" frameborder=\"0\" allowfullscreen allow=\"autoplay; clipboard-write; encrypted-media; fullscreen; picture-in-picture\" loading=\"lazy\" src=\"https:\/\/open.spotify.com\/embed\/episode\/1GLmcKOrmIcU1Qzu2SOS0i?si=XX2sNYM4SniwvXx5KUyIAw&amp;utm_source=oembed\"><\/iframe>\n<\/div><\/figure>\n\n\n\n<div style=\"height:13px\" aria-hidden=\"true\" class=\"wp-block-spacer\"><\/div>\n\n\n\n<p><strong>O quilombo urbano em Ribeir\u00e3o das Neves<\/strong><\/p>\n\n\n\n<figure class=\"wp-block-embed is-type-rich is-provider-spotify wp-block-embed-spotify wp-embed-aspect-21-9 wp-has-aspect-ratio\"><div class=\"wp-block-embed__wrapper\">\n<iframe title=\"Spotify Embed: #240 - O quilombo urbano em Ribeir\u00e3o das Neves\" style=\"border-radius: 12px\" width=\"100%\" height=\"152\" frameborder=\"0\" allowfullscreen allow=\"autoplay; clipboard-write; encrypted-media; fullscreen; picture-in-picture\" loading=\"lazy\" src=\"https:\/\/open.spotify.com\/embed\/episode\/7oEJdZBz8jZJ8jbCKnkoQy?utm_source=oembed\"><\/iframe>\n<\/div><\/figure>\n\n\n\n<div style=\"height:13px\" aria-hidden=\"true\" class=\"wp-block-spacer\"><\/div>\n\n\n\n<p><strong>Patrim\u00f4nios da Humanidade em Minas Gerais<\/strong><\/p>\n\n\n\n<figure class=\"wp-block-embed is-type-rich is-provider-spotify wp-block-embed-spotify wp-embed-aspect-21-9 wp-has-aspect-ratio\"><div class=\"wp-block-embed__wrapper\">\n<iframe title=\"Spotify Embed: #251 - Patrim\u00f4nios da Humanidade em Minas Gerais\" style=\"border-radius: 12px\" width=\"100%\" height=\"152\" frameborder=\"0\" allowfullscreen allow=\"autoplay; clipboard-write; encrypted-media; fullscreen; picture-in-picture\" loading=\"lazy\" src=\"https:\/\/open.spotify.com\/embed\/episode\/1xdVFvVRW3HVDkx9VjWtQt?utm_source=oembed\"><\/iframe>\n<\/div><\/figure>\n\n\n\n<div style=\"height:30px\" aria-hidden=\"true\" class=\"wp-block-spacer\"><\/div>\n\n\n\n<h3 class=\"wp-block-heading\"><mark style=\"background-color:rgba(0, 0, 0, 0);color:#008080\" class=\"has-inline-color\">CONCURSO OLHARES METROPOLITANOS<\/mark><\/h3>\n\n\n\n<figure class=\"wp-block-embed is-type-video is-provider-youtube wp-block-embed-youtube wp-embed-aspect-16-9 wp-has-aspect-ratio\"><div class=\"wp-block-embed__wrapper\">\n<iframe loading=\"lazy\" title=\"Olhares Metropolitanos\" width=\"500\" height=\"281\" src=\"https:\/\/www.youtube.com\/embed\/4aeARalVwBo?feature=oembed\" frameborder=\"0\" allow=\"accelerometer; autoplay; clipboard-write; encrypted-media; gyroscope; picture-in-picture; web-share\" referrerpolicy=\"strict-origin-when-cross-origin\" allowfullscreen><\/iframe>\n<\/div><\/figure>\n\n\n\n<div style=\"height:30px\" aria-hidden=\"true\" class=\"wp-block-spacer\"><\/div>\n\n\n\n<h3 class=\"wp-block-heading\"><mark style=\"background-color:rgba(0, 0, 0, 0);color:#99cc00\" class=\"has-inline-color\">CURADORES<\/mark><\/h3>\n\n\n<div class=\"wp-block-image\">\n<figure class=\"alignleft\"><a href=\"https:\/\/www.ufmg.br\/espacodoconhecimento\/wp-content\/uploads\/2023\/11\/Metropolitramas-Cr\u00e9ditos-Julia-Lobato.jpg\"><img decoding=\"async\" src=\"https:\/\/www.ufmg.br\/espacodoconhecimento\/wp-content\/uploads\/2023\/11\/Metropolitramas-Cr\u00e9ditos-Julia-Lobato-1024x683.jpg\" alt=\"\" class=\"wp-image-23139\"\/><\/a><\/figure><\/div>\n\n\n<p><em>Da esquerda para direita, Roberto Lu\u00eds de Melo Monte-M\u00f3r (Faculdade de Ci\u00eancias Econ\u00f4micas \u2013 UFMG),&nbsp;Helo\u00edsa Soares de Moura Costa (Instituto de Geoci\u00eancias \u2013 UFMG),&nbsp;Jupira Gomes de Mendon\u00e7a (Escola de Arquitetura \u2013 UFMG),&nbsp;Junia Maria Ferrari de Lima (Escola de Arquitetura \u2013 UFMG) e Geraldo Magela Costa (Instituto de Geoci\u00eancias \u2013 UFMG).<\/em><\/p>\n","protected":false},"excerpt":{"rendered":"<p>MetropoliTRAMAS Dezembro de 2023 a abril de 2026 Diversidades, complexidades, prazeres e tens\u00f5es Cotidianamente, milhares de pessoas partilham o espa\u00e7o metropolitano para trabalhar, estudar, usufruir de lazer e servi\u00e7os, criando e fortalecendo rela\u00e7\u00f5es afetivas. Muitos desses deslocamentos envolvem atravessar mais de um munic\u00edpio, sem que se perceba, com nitidez, quando esses limites s\u00e3o ultrapassados. \u00c9 [&hellip;]<\/p>\n","protected":false},"author":3,"featured_media":0,"parent":206,"menu_order":0,"comment_status":"closed","ping_status":"closed","template":"","meta":{"_acf_changed":false,"footnotes":""},"class_list":["post-256","page","type-page","status-publish","hentry"],"acf":[],"_links":{"self":[{"href":"https:\/\/www.ufmg.br\/espacodoconhecimento\/wp-json\/wp\/v2\/pages\/256"}],"collection":[{"href":"https:\/\/www.ufmg.br\/espacodoconhecimento\/wp-json\/wp\/v2\/pages"}],"about":[{"href":"https:\/\/www.ufmg.br\/espacodoconhecimento\/wp-json\/wp\/v2\/types\/page"}],"author":[{"embeddable":true,"href":"https:\/\/www.ufmg.br\/espacodoconhecimento\/wp-json\/wp\/v2\/users\/3"}],"replies":[{"embeddable":true,"href":"https:\/\/www.ufmg.br\/espacodoconhecimento\/wp-json\/wp\/v2\/comments?post=256"}],"version-history":[{"count":26,"href":"https:\/\/www.ufmg.br\/espacodoconhecimento\/wp-json\/wp\/v2\/pages\/256\/revisions"}],"predecessor-version":[{"id":9738,"href":"https:\/\/www.ufmg.br\/espacodoconhecimento\/wp-json\/wp\/v2\/pages\/256\/revisions\/9738"}],"up":[{"embeddable":true,"href":"https:\/\/www.ufmg.br\/espacodoconhecimento\/wp-json\/wp\/v2\/pages\/206"}],"wp:attachment":[{"href":"https:\/\/www.ufmg.br\/espacodoconhecimento\/wp-json\/wp\/v2\/media?parent=256"}],"curies":[{"name":"wp","href":"https:\/\/api.w.org\/{rel}","templated":true}]}}