{"id":265,"date":"2025-07-24T09:42:05","date_gmt":"2025-07-24T12:42:05","guid":{"rendered":"https:\/\/www.ufmg.br\/espacodoconhecimento\/novo\/?page_id=265"},"modified":"2026-03-18T14:10:42","modified_gmt":"2026-03-18T17:10:42","slug":"sinopses-planetario","status":"publish","type":"page","link":"https:\/\/www.ufmg.br\/espacodoconhecimento\/planetario\/sinopses-planetario\/","title":{"rendered":"Sinopses"},"content":{"rendered":"\n<h3 class=\"wp-block-heading\"><mark style=\"background-color:rgba(0, 0, 0, 0);color:#03489c\" class=\"has-inline-color\">PLANET\u00c1RIO:<\/mark><\/h3>\n\n\n\n<p><\/p>\n\n\n\n<div style=\"height:22px\" aria-hidden=\"true\" class=\"wp-block-spacer\"><\/div>\n\n\n\n<ul class=\"wp-block-list\">\n<li><strong>INGRESSO<\/strong>: R$ 20,00<\/li>\n\n\n\n<li><strong>MEIA-ENTRADA<\/strong>: R$ 10,00<br><em>Forma de pagamento: Via&nbsp;<strong>cart\u00e3o de d\u00e9bito<\/strong>.<\/em><\/li>\n<\/ul>\n\n\n\n<div style=\"height:30px\" aria-hidden=\"true\" class=\"wp-block-spacer\"><\/div>\n\n\n\n<ul class=\"wp-block-list\">\n<li>Confira a programa\u00e7\u00e3o da semana em:<mark style=\"background-color:rgba(0, 0, 0, 0);color:#9b5e03\" class=\"has-inline-color\"> <\/mark><a href=\"https:\/\/www.ufmg.br\/espacodoconhecimento\/novo\/planetario\/programacao\/\" data-type=\"link\" data-id=\"https:\/\/www.ufmg.br\/espacodoconhecimento\/novo\/planetario\/programacao\/\"><mark style=\"background-color:rgba(0, 0, 0, 0);color:#03489c\" class=\"has-inline-color\">Programa\u00e7\u00e3o (Planet\u00e1rio)<\/mark><\/a><\/li>\n<\/ul>\n\n\n\n<div style=\"height:56px\" aria-hidden=\"true\" class=\"wp-block-spacer\"><\/div>\n\n\n\n<h3 class=\"wp-block-heading\"><mark style=\"background-color:rgba(0, 0, 0, 0);color:#03489c\" class=\"has-inline-color\"><strong>SESS\u00d5ES DIGITAIS EM CARTAZ<\/strong><\/mark><\/h3>\n\n\n\n<div style=\"height:44px\" aria-hidden=\"true\" class=\"wp-block-spacer\"><\/div>\n\n\n\n<figure class=\"wp-block-gallery has-nested-images columns-default is-cropped wp-block-gallery-1 is-layout-flex wp-block-gallery-is-layout-flex\">\n<figure class=\"wp-block-image size-large\"><a href=\"https:\/\/www.ufmg.br\/espacodoconhecimento\/planetario\/sinopses-planetario\/sol-nossa-estrela-viva\/\"><img loading=\"lazy\" decoding=\"async\" width=\"1024\" height=\"398\" data-id=\"7278\" src=\"https:\/\/www.ufmg.br\/espacodoconhecimento\/wp-content\/uploads\/2025\/12\/Sinopses-1024x398.png\" alt=\"\" class=\"wp-image-7278\" srcset=\"https:\/\/www.ufmg.br\/espacodoconhecimento\/wp-content\/uploads\/2025\/12\/Sinopses-1024x398.png 1024w, https:\/\/www.ufmg.br\/espacodoconhecimento\/wp-content\/uploads\/2025\/12\/Sinopses-300x117.png 300w, https:\/\/www.ufmg.br\/espacodoconhecimento\/wp-content\/uploads\/2025\/12\/Sinopses-768x299.png 768w, https:\/\/www.ufmg.br\/espacodoconhecimento\/wp-content\/uploads\/2025\/12\/Sinopses.png 1409w\" sizes=\"(max-width: 1024px) 100vw, 1024px\" \/><\/a><figcaption class=\"wp-element-caption\"><mark style=\"background-color:rgba(0, 0, 0, 0)\" class=\"has-inline-color has-white-color\"><em>Sol: Nossa Estrela Viva<\/em><\/mark><div class=\"main-content\" style=\"margin: 0px; padding: 0px; border: 0px; font-variant-numeric: inherit; font-variant-east-asian: inherit; font-variant-alternates: inherit; font-variant-position: inherit; font-variant-emoji: inherit; font-stretch: inherit; line-height: inherit; font-family: &quot;Open Sans&quot;, sans-serif; font-optical-sizing: inherit; font-size-adjust: inherit; font-kerning: inherit; font-feature-settings: inherit; font-variation-settings: inherit; font-size: 18px; vertical-align: baseline; color: rgb(0, 0, 0); text-align: start; white-space-collapse: collapse;\"><\/div><\/figcaption><\/figure>\n\n\n\n<figure class=\"wp-block-image size-full\"><a href=\"https:\/\/www.ufmg.br\/espacodoconhecimento\/planetario\/sinopses-planetario\/da-terra-ao-universo\/\"><img loading=\"lazy\" decoding=\"async\" width=\"1409\" height=\"548\" data-id=\"7277\" src=\"https:\/\/www.ufmg.br\/espacodoconhecimento\/wp-content\/uploads\/2025\/12\/Sinopses-1.png\" alt=\"\" class=\"wp-image-7277\" srcset=\"https:\/\/www.ufmg.br\/espacodoconhecimento\/wp-content\/uploads\/2025\/12\/Sinopses-1.png 1409w, https:\/\/www.ufmg.br\/espacodoconhecimento\/wp-content\/uploads\/2025\/12\/Sinopses-1-300x117.png 300w, https:\/\/www.ufmg.br\/espacodoconhecimento\/wp-content\/uploads\/2025\/12\/Sinopses-1-1024x398.png 1024w, https:\/\/www.ufmg.br\/espacodoconhecimento\/wp-content\/uploads\/2025\/12\/Sinopses-1-768x299.png 768w\" sizes=\"(max-width: 1409px) 100vw, 1409px\" \/><\/a><figcaption class=\"wp-element-caption\"><mark style=\"background-color:rgba(0, 0, 0, 0)\" class=\"has-inline-color has-white-color\"><em>Da Terra ao Universo<\/em><\/mark><div class=\"main-content\" style=\"margin: 0px; padding: 0px; border: 0px; font-variant-numeric: inherit; font-variant-east-asian: inherit; font-variant-alternates: inherit; font-variant-position: inherit; font-variant-emoji: inherit; font-stretch: inherit; line-height: inherit; font-family: &quot;Open Sans&quot;, sans-serif; font-optical-sizing: inherit; font-size-adjust: inherit; font-kerning: inherit; font-feature-settings: inherit; font-variation-settings: inherit; font-size: 18px; vertical-align: baseline; color: rgb(0, 0, 0); text-align: start; white-space-collapse: collapse;\"><\/div><\/figcaption><\/figure>\n<\/figure>\n\n\n\n<div style=\"height:46px\" aria-hidden=\"true\" class=\"wp-block-spacer\"><\/div>\n\n\n\n<figure class=\"wp-block-gallery has-nested-images columns-default is-cropped wp-block-gallery-2 is-layout-flex wp-block-gallery-is-layout-flex\">\n<figure class=\"wp-block-image size-large\"><a href=\"https:\/\/www.ufmg.br\/espacodoconhecimento\/planetario\/sinopses-planetario\/o-segredo-do-foguete-de-papelao\/\"><img loading=\"lazy\" decoding=\"async\" width=\"1024\" height=\"398\" data-id=\"7284\" src=\"https:\/\/www.ufmg.br\/espacodoconhecimento\/wp-content\/uploads\/2025\/12\/Sinopses-2-1024x398.png\" alt=\"\" class=\"wp-image-7284\" srcset=\"https:\/\/www.ufmg.br\/espacodoconhecimento\/wp-content\/uploads\/2025\/12\/Sinopses-2-1024x398.png 1024w, https:\/\/www.ufmg.br\/espacodoconhecimento\/wp-content\/uploads\/2025\/12\/Sinopses-2-300x117.png 300w, https:\/\/www.ufmg.br\/espacodoconhecimento\/wp-content\/uploads\/2025\/12\/Sinopses-2-768x299.png 768w, https:\/\/www.ufmg.br\/espacodoconhecimento\/wp-content\/uploads\/2025\/12\/Sinopses-2.png 1409w\" sizes=\"(max-width: 1024px) 100vw, 1024px\" \/><\/a><figcaption class=\"wp-element-caption\"><em><mark style=\"background-color:rgba(0, 0, 0, 0)\" class=\"has-inline-color has-white-color\">O Segredo do Foguete de Papel\u00e3o<\/mark><\/em><div class=\"main-content\" style=\"margin: 0px; padding: 0px; border: 0px; font-variant-numeric: inherit; font-variant-east-asian: inherit; font-variant-alternates: inherit; font-variant-position: inherit; font-variant-emoji: inherit; font-stretch: inherit; line-height: inherit; font-family: &quot;Open Sans&quot;, sans-serif; font-optical-sizing: inherit; font-size-adjust: inherit; font-kerning: inherit; font-feature-settings: inherit; font-variation-settings: inherit; font-size: 18px; vertical-align: baseline; color: rgb(0, 0, 0); text-align: start; white-space-collapse: collapse;\"><\/div><\/figcaption><\/figure>\n\n\n\n<figure class=\"wp-block-image size-large\"><a href=\"https:\/\/www.ufmg.br\/espacodoconhecimento\/planetario\/sinopses-planetario\/arqueoastronomia-maia-observadores-do-universo\/\"><img loading=\"lazy\" decoding=\"async\" width=\"1024\" height=\"398\" data-id=\"7285\" src=\"https:\/\/www.ufmg.br\/espacodoconhecimento\/wp-content\/uploads\/2025\/12\/Sinopses-3-1-1024x398.png\" alt=\"\" class=\"wp-image-7285\" srcset=\"https:\/\/www.ufmg.br\/espacodoconhecimento\/wp-content\/uploads\/2025\/12\/Sinopses-3-1-1024x398.png 1024w, https:\/\/www.ufmg.br\/espacodoconhecimento\/wp-content\/uploads\/2025\/12\/Sinopses-3-1-300x117.png 300w, https:\/\/www.ufmg.br\/espacodoconhecimento\/wp-content\/uploads\/2025\/12\/Sinopses-3-1-768x299.png 768w, https:\/\/www.ufmg.br\/espacodoconhecimento\/wp-content\/uploads\/2025\/12\/Sinopses-3-1.png 1409w\" sizes=\"(max-width: 1024px) 100vw, 1024px\" \/><\/a><figcaption class=\"wp-element-caption\"><em><mark style=\"background-color:rgba(0, 0, 0, 0)\" class=\"has-inline-color has-white-color\">Arqueoastronomia Maia \u2013 Observadores do Universo<\/mark><\/em><div class=\"main-content\" style=\"margin: 0px; padding: 0px; border: 0px; font-variant-numeric: inherit; font-variant-east-asian: inherit; font-variant-alternates: inherit; font-variant-position: inherit; font-variant-emoji: inherit; font-stretch: inherit; line-height: inherit; font-family: &quot;Open Sans&quot;, sans-serif; font-optical-sizing: inherit; font-size-adjust: inherit; font-kerning: inherit; font-feature-settings: inherit; font-variation-settings: inherit; font-size: 18px; vertical-align: baseline; color: rgb(0, 0, 0); text-align: start; white-space-collapse: collapse;\"><\/div><\/figcaption><\/figure>\n<\/figure>\n\n\n\n<div style=\"height:46px\" aria-hidden=\"true\" class=\"wp-block-spacer\"><\/div>\n\n\n\n<figure class=\"wp-block-gallery has-nested-images columns-default is-cropped wp-block-gallery-3 is-layout-flex wp-block-gallery-is-layout-flex\">\n<figure class=\"wp-block-image size-large\"><a href=\"https:\/\/www.ufmg.br\/espacodoconhecimento\/planetario\/sinopses-planetario\/alvorecer-da-era-espacial\/\"><img loading=\"lazy\" decoding=\"async\" width=\"1024\" height=\"398\" data-id=\"7289\" src=\"https:\/\/www.ufmg.br\/espacodoconhecimento\/wp-content\/uploads\/2025\/12\/Sinopses-4-1024x398.png\" alt=\"\" class=\"wp-image-7289\" srcset=\"https:\/\/www.ufmg.br\/espacodoconhecimento\/wp-content\/uploads\/2025\/12\/Sinopses-4-1024x398.png 1024w, https:\/\/www.ufmg.br\/espacodoconhecimento\/wp-content\/uploads\/2025\/12\/Sinopses-4-300x117.png 300w, https:\/\/www.ufmg.br\/espacodoconhecimento\/wp-content\/uploads\/2025\/12\/Sinopses-4-768x299.png 768w, https:\/\/www.ufmg.br\/espacodoconhecimento\/wp-content\/uploads\/2025\/12\/Sinopses-4.png 1409w\" sizes=\"(max-width: 1024px) 100vw, 1024px\" \/><\/a><figcaption class=\"wp-element-caption\"><em><mark style=\"background-color:rgba(0, 0, 0, 0)\" class=\"has-inline-color has-white-color\">Alvorecer da Era Espacial<\/mark><\/em><\/figcaption><\/figure>\n\n\n\n<figure class=\"wp-block-image size-large\"><a href=\"https:\/\/www.ufmg.br\/espacodoconhecimento\/planetario\/sinopses-planetario\/dois-pedacinhos-de-vidro-2\/\"><img loading=\"lazy\" decoding=\"async\" width=\"1024\" height=\"398\" data-id=\"7288\" src=\"https:\/\/www.ufmg.br\/espacodoconhecimento\/wp-content\/uploads\/2025\/12\/Sinopses-5-1-1024x398.png\" alt=\"\" class=\"wp-image-7288\" srcset=\"https:\/\/www.ufmg.br\/espacodoconhecimento\/wp-content\/uploads\/2025\/12\/Sinopses-5-1-1024x398.png 1024w, https:\/\/www.ufmg.br\/espacodoconhecimento\/wp-content\/uploads\/2025\/12\/Sinopses-5-1-300x117.png 300w, https:\/\/www.ufmg.br\/espacodoconhecimento\/wp-content\/uploads\/2025\/12\/Sinopses-5-1-768x299.png 768w, https:\/\/www.ufmg.br\/espacodoconhecimento\/wp-content\/uploads\/2025\/12\/Sinopses-5-1.png 1409w\" sizes=\"(max-width: 1024px) 100vw, 1024px\" \/><\/a><figcaption class=\"wp-element-caption\"><em><mark style=\"background-color:rgba(0, 0, 0, 0)\" class=\"has-inline-color has-white-color\">Dois Pedacinhos de Vidro<\/mark><\/em><\/figcaption><\/figure>\n<\/figure>\n\n\n\n<div style=\"height:56px\" aria-hidden=\"true\" class=\"wp-block-spacer\"><\/div>\n\n\n\n<h3 class=\"wp-block-heading\"><mark style=\"background-color:rgba(0, 0, 0, 0);color:#03489c\" class=\"has-inline-color\"><strong>SESS\u00d5ES COMENTADAS EM CARTAZ<\/strong><\/mark><\/h3>\n\n\n\n<div style=\"height:44px\" aria-hidden=\"true\" class=\"wp-block-spacer\"><\/div>\n\n\n\n<figure class=\"wp-block-gallery has-nested-images columns-default is-cropped wp-block-gallery-4 is-layout-flex wp-block-gallery-is-layout-flex\">\n<figure class=\"wp-block-image size-large\"><a href=\"https:\/\/www.ufmg.br\/espacodoconhecimento\/planetario\/sinopses-planetario\/%e6%98%9f%e5%ae%98-a-lua-e-o-reino-celeste-chines\/\"><img loading=\"lazy\" decoding=\"async\" width=\"1024\" height=\"398\" data-id=\"9266\" src=\"https:\/\/www.ufmg.br\/espacodoconhecimento\/wp-content\/uploads\/2026\/03\/Sinopses-1024x398.png\" alt=\"\" class=\"wp-image-9266\" srcset=\"https:\/\/www.ufmg.br\/espacodoconhecimento\/wp-content\/uploads\/2026\/03\/Sinopses-1024x398.png 1024w, https:\/\/www.ufmg.br\/espacodoconhecimento\/wp-content\/uploads\/2026\/03\/Sinopses-300x117.png 300w, https:\/\/www.ufmg.br\/espacodoconhecimento\/wp-content\/uploads\/2026\/03\/Sinopses-768x299.png 768w, https:\/\/www.ufmg.br\/espacodoconhecimento\/wp-content\/uploads\/2026\/03\/Sinopses.png 1409w\" sizes=\"(max-width: 1024px) 100vw, 1024px\" \/><\/a><figcaption class=\"wp-element-caption\"><em>\u661f\u5b98: A Lua e o Reino Celeste Chin\u00eas<\/em><\/figcaption><\/figure>\n\n\n\n<figure class=\"wp-block-image size-large\"><a href=\"https:\/\/www.ufmg.br\/espacodoconhecimento\/planetario\/sinopses-planetario\/o-ceu-da-regiao-metropolitana-de-belo-horizonte-sessao-comentada\/\"><img loading=\"lazy\" decoding=\"async\" width=\"1024\" height=\"398\" data-id=\"7295\" src=\"https:\/\/www.ufmg.br\/espacodoconhecimento\/wp-content\/uploads\/2025\/12\/Sinopses-7-1024x398.png\" alt=\"\" class=\"wp-image-7295\" srcset=\"https:\/\/www.ufmg.br\/espacodoconhecimento\/wp-content\/uploads\/2025\/12\/Sinopses-7-1024x398.png 1024w, https:\/\/www.ufmg.br\/espacodoconhecimento\/wp-content\/uploads\/2025\/12\/Sinopses-7-300x117.png 300w, https:\/\/www.ufmg.br\/espacodoconhecimento\/wp-content\/uploads\/2025\/12\/Sinopses-7-768x299.png 768w, https:\/\/www.ufmg.br\/espacodoconhecimento\/wp-content\/uploads\/2025\/12\/Sinopses-7.png 1409w\" sizes=\"(max-width: 1024px) 100vw, 1024px\" \/><\/a><figcaption class=\"wp-element-caption\"><em><mark style=\"background-color:rgba(0, 0, 0, 0)\" class=\"has-inline-color has-white-color\">O C\u00e9u da Regi\u00e3o Metropolitana de Belo Horizonte<\/mark><\/em><\/figcaption><\/figure>\n<\/figure>\n\n\n\n<div style=\"height:46px\" aria-hidden=\"true\" class=\"wp-block-spacer\"><\/div>\n\n\n\n<figure class=\"wp-block-gallery has-nested-images columns-default is-cropped wp-block-gallery-5 is-layout-flex wp-block-gallery-is-layout-flex\">\n<figure class=\"wp-block-image size-large\"><a href=\"https:\/\/www.ufmg.br\/espacodoconhecimento\/planetario\/sinopses-planetario\/era-uma-vez-no-ceu-andromeda-e-perseu-sessao-comentada-2\/\"><img loading=\"lazy\" decoding=\"async\" width=\"1024\" height=\"398\" data-id=\"7302\" src=\"https:\/\/www.ufmg.br\/espacodoconhecimento\/wp-content\/uploads\/2025\/12\/Sinopses-9-1024x398.png\" alt=\"\" class=\"wp-image-7302\" srcset=\"https:\/\/www.ufmg.br\/espacodoconhecimento\/wp-content\/uploads\/2025\/12\/Sinopses-9-1024x398.png 1024w, https:\/\/www.ufmg.br\/espacodoconhecimento\/wp-content\/uploads\/2025\/12\/Sinopses-9-300x117.png 300w, https:\/\/www.ufmg.br\/espacodoconhecimento\/wp-content\/uploads\/2025\/12\/Sinopses-9-768x299.png 768w, https:\/\/www.ufmg.br\/espacodoconhecimento\/wp-content\/uploads\/2025\/12\/Sinopses-9.png 1409w\" sizes=\"(max-width: 1024px) 100vw, 1024px\" \/><\/a><figcaption class=\"wp-element-caption\"><em><mark style=\"background-color:rgba(0, 0, 0, 0)\" class=\"has-inline-color has-white-color\">&nbsp;Era Uma Vez no C\u00e9u: Andr\u00f4meda&nbsp;e Perseu<\/mark><\/em><\/figcaption><\/figure>\n\n\n\n<figure class=\"wp-block-image size-full\"><a href=\"https:\/\/www.ufmg.br\/espacodoconhecimento\/planetario\/sinopses-planetario\/era-uma-vez-no-ceu-hercules\/\"><img loading=\"lazy\" decoding=\"async\" width=\"1409\" height=\"548\" data-id=\"7303\" src=\"https:\/\/www.ufmg.br\/espacodoconhecimento\/wp-content\/uploads\/2025\/12\/Sinopses-8.png\" alt=\"\" class=\"wp-image-7303\" srcset=\"https:\/\/www.ufmg.br\/espacodoconhecimento\/wp-content\/uploads\/2025\/12\/Sinopses-8.png 1409w, https:\/\/www.ufmg.br\/espacodoconhecimento\/wp-content\/uploads\/2025\/12\/Sinopses-8-300x117.png 300w, https:\/\/www.ufmg.br\/espacodoconhecimento\/wp-content\/uploads\/2025\/12\/Sinopses-8-1024x398.png 1024w, https:\/\/www.ufmg.br\/espacodoconhecimento\/wp-content\/uploads\/2025\/12\/Sinopses-8-768x299.png 768w\" sizes=\"(max-width: 1409px) 100vw, 1409px\" \/><\/a><figcaption class=\"wp-element-caption\">Era Uma Vez no C\u00e9u: H\u00e9rcules<\/figcaption><\/figure>\n<\/figure>\n\n\n\n<div style=\"height:46px\" aria-hidden=\"true\" class=\"wp-block-spacer\"><\/div>\n\n\n\n<figure class=\"wp-block-gallery has-nested-images columns-default is-cropped wp-block-gallery-6 is-layout-flex wp-block-gallery-is-layout-flex\">\n<figure class=\"wp-block-image size-large\"><a href=\"https:\/\/www.ufmg.br\/espacodoconhecimento\/planetario\/sinopses-planetario\/a-lua-e-o-zodiaco-sessao-comentada\/\"><img loading=\"lazy\" decoding=\"async\" width=\"1024\" height=\"398\" data-id=\"7296\" src=\"https:\/\/www.ufmg.br\/espacodoconhecimento\/wp-content\/uploads\/2025\/12\/Sinopses-6-1024x398.png\" alt=\"\" class=\"wp-image-7296\" srcset=\"https:\/\/www.ufmg.br\/espacodoconhecimento\/wp-content\/uploads\/2025\/12\/Sinopses-6-1024x398.png 1024w, https:\/\/www.ufmg.br\/espacodoconhecimento\/wp-content\/uploads\/2025\/12\/Sinopses-6-300x117.png 300w, https:\/\/www.ufmg.br\/espacodoconhecimento\/wp-content\/uploads\/2025\/12\/Sinopses-6-768x299.png 768w, https:\/\/www.ufmg.br\/espacodoconhecimento\/wp-content\/uploads\/2025\/12\/Sinopses-6.png 1409w\" sizes=\"(max-width: 1024px) 100vw, 1024px\" \/><\/a><figcaption class=\"wp-element-caption\">A Lua e o Zod\u00edaco<\/figcaption><\/figure>\n\n\n\n<figure class=\"wp-block-image size-large\"><a href=\"https:\/\/www.ufmg.br\/espacodoconhecimento\/planetario\/sinopses-planetario\/perdendo-o-ceu-escuro-sessao-comentada\/\"><img loading=\"lazy\" decoding=\"async\" width=\"1024\" height=\"398\" data-id=\"7312\" src=\"https:\/\/www.ufmg.br\/espacodoconhecimento\/wp-content\/uploads\/2025\/12\/Sinopses-11-1024x398.png\" alt=\"\" class=\"wp-image-7312\" srcset=\"https:\/\/www.ufmg.br\/espacodoconhecimento\/wp-content\/uploads\/2025\/12\/Sinopses-11-1024x398.png 1024w, https:\/\/www.ufmg.br\/espacodoconhecimento\/wp-content\/uploads\/2025\/12\/Sinopses-11-300x117.png 300w, https:\/\/www.ufmg.br\/espacodoconhecimento\/wp-content\/uploads\/2025\/12\/Sinopses-11-768x299.png 768w, https:\/\/www.ufmg.br\/espacodoconhecimento\/wp-content\/uploads\/2025\/12\/Sinopses-11.png 1409w\" sizes=\"(max-width: 1024px) 100vw, 1024px\" \/><\/a><figcaption class=\"wp-element-caption\">Perdendo o C\u00e9u Escuro<\/figcaption><\/figure>\n<\/figure>\n\n\n\n<div style=\"height:46px\" aria-hidden=\"true\" class=\"wp-block-spacer\"><\/div>\n\n\n\n<h3 class=\"wp-block-heading\"><strong><mark style=\"background-color:rgba(0, 0, 0, 0);color:#03489c\" class=\"has-inline-color\">OUTRAS SESS\u00d5ES DIGITAIS E COMENTADAS<\/mark><\/strong><\/h3>\n\n\n\n<div style=\"height:44px\" aria-hidden=\"true\" class=\"wp-block-spacer\"><\/div>\n\n\n\n<figure class=\"wp-block-gallery has-nested-images columns-default is-cropped wp-block-gallery-7 is-layout-flex wp-block-gallery-is-layout-flex\">\n<figure class=\"wp-block-image size-large\"><a href=\"https:\/\/www.ufmg.br\/espacodoconhecimento\/planetario\/sinopses-planetario\/inconfidencias\/\"><img loading=\"lazy\" decoding=\"async\" width=\"1024\" height=\"398\" data-id=\"7322\" src=\"https:\/\/www.ufmg.br\/espacodoconhecimento\/wp-content\/uploads\/2025\/12\/Sinopses-14-1024x398.png\" alt=\"\" class=\"wp-image-7322\" srcset=\"https:\/\/www.ufmg.br\/espacodoconhecimento\/wp-content\/uploads\/2025\/12\/Sinopses-14-1024x398.png 1024w, https:\/\/www.ufmg.br\/espacodoconhecimento\/wp-content\/uploads\/2025\/12\/Sinopses-14-300x117.png 300w, https:\/\/www.ufmg.br\/espacodoconhecimento\/wp-content\/uploads\/2025\/12\/Sinopses-14-768x299.png 768w, https:\/\/www.ufmg.br\/espacodoconhecimento\/wp-content\/uploads\/2025\/12\/Sinopses-14.png 1409w\" sizes=\"(max-width: 1024px) 100vw, 1024px\" \/><\/a><figcaption class=\"wp-element-caption\"><em><mark style=\"background-color:rgba(0, 0, 0, 0)\" class=\"has-inline-color has-white-color\">Inconfid\u00eancias<\/mark><\/em><\/figcaption><\/figure>\n\n\n\n<figure class=\"wp-block-image size-large\"><a href=\"https:\/\/www.ufmg.br\/espacodoconhecimento\/planetario\/sinopses-planetario\/400-anos-de-solidao-shakespeare-e-cervantes\/\"><img loading=\"lazy\" decoding=\"async\" width=\"1024\" height=\"398\" data-id=\"7323\" src=\"https:\/\/www.ufmg.br\/espacodoconhecimento\/wp-content\/uploads\/2025\/12\/Sinopses-13-1024x398.png\" alt=\"\" class=\"wp-image-7323\" srcset=\"https:\/\/www.ufmg.br\/espacodoconhecimento\/wp-content\/uploads\/2025\/12\/Sinopses-13-1024x398.png 1024w, https:\/\/www.ufmg.br\/espacodoconhecimento\/wp-content\/uploads\/2025\/12\/Sinopses-13-300x117.png 300w, https:\/\/www.ufmg.br\/espacodoconhecimento\/wp-content\/uploads\/2025\/12\/Sinopses-13-768x299.png 768w, https:\/\/www.ufmg.br\/espacodoconhecimento\/wp-content\/uploads\/2025\/12\/Sinopses-13.png 1409w\" sizes=\"(max-width: 1024px) 100vw, 1024px\" \/><\/a><figcaption class=\"wp-element-caption\"><em><mark style=\"background-color:rgba(0, 0, 0, 0)\" class=\"has-inline-color has-white-color\">400 Anos de Solid\u00e3o: Shakespeare e Cervantes<\/mark><\/em><\/figcaption><\/figure>\n<\/figure>\n\n\n\n<div style=\"height:46px\" aria-hidden=\"true\" class=\"wp-block-spacer\"><\/div>\n\n\n\n<figure class=\"wp-block-gallery has-nested-images columns-default is-cropped wp-block-gallery-8 is-layout-flex wp-block-gallery-is-layout-flex\">\n<figure class=\"wp-block-image size-large\"><a href=\"https:\/\/www.ufmg.br\/espacodoconhecimento\/planetario\/sinopses-planetario\/o-ceu-como-patrimonio\/\"><img loading=\"lazy\" decoding=\"async\" width=\"1024\" height=\"398\" data-id=\"7326\" src=\"https:\/\/www.ufmg.br\/espacodoconhecimento\/wp-content\/uploads\/2025\/12\/Sinopses-16-1024x398.png\" alt=\"\" class=\"wp-image-7326\" srcset=\"https:\/\/www.ufmg.br\/espacodoconhecimento\/wp-content\/uploads\/2025\/12\/Sinopses-16-1024x398.png 1024w, https:\/\/www.ufmg.br\/espacodoconhecimento\/wp-content\/uploads\/2025\/12\/Sinopses-16-300x117.png 300w, https:\/\/www.ufmg.br\/espacodoconhecimento\/wp-content\/uploads\/2025\/12\/Sinopses-16-768x299.png 768w, https:\/\/www.ufmg.br\/espacodoconhecimento\/wp-content\/uploads\/2025\/12\/Sinopses-16.png 1409w\" sizes=\"(max-width: 1024px) 100vw, 1024px\" \/><\/a><figcaption class=\"wp-element-caption\"><em><mark style=\"background-color:rgba(0, 0, 0, 0)\" class=\"has-inline-color has-white-color\">O c\u00e9u como patrim\u00f4nio<\/mark><\/em><\/figcaption><\/figure>\n\n\n\n<figure class=\"wp-block-image size-large\"><a href=\"https:\/\/www.ufmg.br\/espacodoconhecimento\/planetario\/sinopses-planetario\/perspectivas-austrais\/\"><img loading=\"lazy\" decoding=\"async\" width=\"1024\" height=\"398\" data-id=\"7327\" src=\"https:\/\/www.ufmg.br\/espacodoconhecimento\/wp-content\/uploads\/2025\/12\/Sinopses-15-1024x398.png\" alt=\"\" class=\"wp-image-7327\" srcset=\"https:\/\/www.ufmg.br\/espacodoconhecimento\/wp-content\/uploads\/2025\/12\/Sinopses-15-1024x398.png 1024w, https:\/\/www.ufmg.br\/espacodoconhecimento\/wp-content\/uploads\/2025\/12\/Sinopses-15-300x117.png 300w, https:\/\/www.ufmg.br\/espacodoconhecimento\/wp-content\/uploads\/2025\/12\/Sinopses-15-768x299.png 768w, https:\/\/www.ufmg.br\/espacodoconhecimento\/wp-content\/uploads\/2025\/12\/Sinopses-15.png 1409w\" sizes=\"(max-width: 1024px) 100vw, 1024px\" \/><\/a><figcaption class=\"wp-element-caption\"><em><mark style=\"background-color:rgba(0, 0, 0, 0)\" class=\"has-inline-color has-white-color\"> Perspectivas Austrais<\/mark><\/em><\/figcaption><\/figure>\n<\/figure>\n\n\n\n<div style=\"height:46px\" aria-hidden=\"true\" class=\"wp-block-spacer\"><\/div>\n\n\n\n<figure class=\"wp-block-gallery has-nested-images columns-default is-cropped wp-block-gallery-9 is-layout-flex wp-block-gallery-is-layout-flex\">\n<figure class=\"wp-block-image size-large\"><a href=\"https:\/\/www.ufmg.br\/espacodoconhecimento\/planetario\/sinopses-planetario\/reverberacoes\/\"><img loading=\"lazy\" decoding=\"async\" width=\"1024\" height=\"398\" data-id=\"7330\" src=\"https:\/\/www.ufmg.br\/espacodoconhecimento\/wp-content\/uploads\/2025\/12\/Sinopses-17-1024x398.png\" alt=\"\" class=\"wp-image-7330\" srcset=\"https:\/\/www.ufmg.br\/espacodoconhecimento\/wp-content\/uploads\/2025\/12\/Sinopses-17-1024x398.png 1024w, https:\/\/www.ufmg.br\/espacodoconhecimento\/wp-content\/uploads\/2025\/12\/Sinopses-17-300x117.png 300w, https:\/\/www.ufmg.br\/espacodoconhecimento\/wp-content\/uploads\/2025\/12\/Sinopses-17-768x299.png 768w, https:\/\/www.ufmg.br\/espacodoconhecimento\/wp-content\/uploads\/2025\/12\/Sinopses-17.png 1409w\" sizes=\"(max-width: 1024px) 100vw, 1024px\" \/><\/a><figcaption class=\"wp-element-caption\">Reverbera\u00e7\u00f5es<\/figcaption><\/figure>\n\n\n\n<figure class=\"wp-block-image size-large\"><a href=\"https:\/\/www.ufmg.br\/espacodoconhecimento\/planetario\/sinopses-planetario\/astronomia-indigena-com-libras-2\/\"><img loading=\"lazy\" decoding=\"async\" width=\"1024\" height=\"398\" data-id=\"7329\" src=\"https:\/\/www.ufmg.br\/espacodoconhecimento\/wp-content\/uploads\/2025\/12\/Sinopses-18-1024x398.png\" alt=\"\" class=\"wp-image-7329\" srcset=\"https:\/\/www.ufmg.br\/espacodoconhecimento\/wp-content\/uploads\/2025\/12\/Sinopses-18-1024x398.png 1024w, https:\/\/www.ufmg.br\/espacodoconhecimento\/wp-content\/uploads\/2025\/12\/Sinopses-18-300x117.png 300w, https:\/\/www.ufmg.br\/espacodoconhecimento\/wp-content\/uploads\/2025\/12\/Sinopses-18-768x299.png 768w, https:\/\/www.ufmg.br\/espacodoconhecimento\/wp-content\/uploads\/2025\/12\/Sinopses-18.png 1409w\" sizes=\"(max-width: 1024px) 100vw, 1024px\" \/><\/a><figcaption class=\"wp-element-caption\">Astronomia Ind\u00edgena com Libras<\/figcaption><\/figure>\n<\/figure>\n\n\n\n<div style=\"height:46px\" aria-hidden=\"true\" class=\"wp-block-spacer\"><\/div>\n\n\n\n<figure class=\"wp-block-gallery has-nested-images columns-default is-cropped wp-block-gallery-10 is-layout-flex wp-block-gallery-is-layout-flex\">\n<figure class=\"wp-block-image size-large\"><a href=\"https:\/\/www.ufmg.br\/espacodoconhecimento\/planetario\/sinopses-planetario\/marcacoes-do-tempo\/\"><img loading=\"lazy\" decoding=\"async\" width=\"1024\" height=\"398\" data-id=\"7317\" src=\"https:\/\/www.ufmg.br\/espacodoconhecimento\/wp-content\/uploads\/2025\/12\/Sinopses-12-1024x398.png\" alt=\"\" class=\"wp-image-7317\" srcset=\"https:\/\/www.ufmg.br\/espacodoconhecimento\/wp-content\/uploads\/2025\/12\/Sinopses-12-1024x398.png 1024w, https:\/\/www.ufmg.br\/espacodoconhecimento\/wp-content\/uploads\/2025\/12\/Sinopses-12-300x117.png 300w, https:\/\/www.ufmg.br\/espacodoconhecimento\/wp-content\/uploads\/2025\/12\/Sinopses-12-768x299.png 768w, https:\/\/www.ufmg.br\/espacodoconhecimento\/wp-content\/uploads\/2025\/12\/Sinopses-12.png 1409w\" sizes=\"(max-width: 1024px) 100vw, 1024px\" \/><\/a><figcaption class=\"wp-element-caption\">Marca\u00e7\u00f5es do Tempo<\/figcaption><\/figure>\n\n\n\n<figure class=\"wp-block-image size-large\"><a href=\"https:\/\/www.ufmg.br\/espacodoconhecimento\/planetario\/sinopses-planetario\/astronomia-indigena-sessao-comentada\/\"><img loading=\"lazy\" decoding=\"async\" width=\"1024\" height=\"398\" data-id=\"7313\" src=\"https:\/\/www.ufmg.br\/espacodoconhecimento\/wp-content\/uploads\/2025\/12\/Sinopses-10-1024x398.png\" alt=\"\" class=\"wp-image-7313\" srcset=\"https:\/\/www.ufmg.br\/espacodoconhecimento\/wp-content\/uploads\/2025\/12\/Sinopses-10-1024x398.png 1024w, https:\/\/www.ufmg.br\/espacodoconhecimento\/wp-content\/uploads\/2025\/12\/Sinopses-10-300x117.png 300w, https:\/\/www.ufmg.br\/espacodoconhecimento\/wp-content\/uploads\/2025\/12\/Sinopses-10-768x299.png 768w, https:\/\/www.ufmg.br\/espacodoconhecimento\/wp-content\/uploads\/2025\/12\/Sinopses-10.png 1409w\" sizes=\"(max-width: 1024px) 100vw, 1024px\" \/><\/a><figcaption class=\"wp-element-caption\">Astronomia Ind\u00edgena<\/figcaption><\/figure>\n<\/figure>\n\n\n\n<p><\/p>\n","protected":false},"excerpt":{"rendered":"<p>PLANET\u00c1RIO: SESS\u00d5ES DIGITAIS EM CARTAZ SESS\u00d5ES COMENTADAS EM CARTAZ OUTRAS SESS\u00d5ES DIGITAIS E COMENTADAS<\/p>\n","protected":false},"author":3,"featured_media":0,"parent":208,"menu_order":0,"comment_status":"closed","ping_status":"closed","template":"","meta":{"_acf_changed":false,"footnotes":""},"class_list":["post-265","page","type-page","status-publish","hentry"],"acf":[],"_links":{"self":[{"href":"https:\/\/www.ufmg.br\/espacodoconhecimento\/wp-json\/wp\/v2\/pages\/265"}],"collection":[{"href":"https:\/\/www.ufmg.br\/espacodoconhecimento\/wp-json\/wp\/v2\/pages"}],"about":[{"href":"https:\/\/www.ufmg.br\/espacodoconhecimento\/wp-json\/wp\/v2\/types\/page"}],"author":[{"embeddable":true,"href":"https:\/\/www.ufmg.br\/espacodoconhecimento\/wp-json\/wp\/v2\/users\/3"}],"replies":[{"embeddable":true,"href":"https:\/\/www.ufmg.br\/espacodoconhecimento\/wp-json\/wp\/v2\/comments?post=265"}],"version-history":[{"count":58,"href":"https:\/\/www.ufmg.br\/espacodoconhecimento\/wp-json\/wp\/v2\/pages\/265\/revisions"}],"predecessor-version":[{"id":9272,"href":"https:\/\/www.ufmg.br\/espacodoconhecimento\/wp-json\/wp\/v2\/pages\/265\/revisions\/9272"}],"up":[{"embeddable":true,"href":"https:\/\/www.ufmg.br\/espacodoconhecimento\/wp-json\/wp\/v2\/pages\/208"}],"wp:attachment":[{"href":"https:\/\/www.ufmg.br\/espacodoconhecimento\/wp-json\/wp\/v2\/media?parent=265"}],"curies":[{"name":"wp","href":"https:\/\/api.w.org\/{rel}","templated":true}]}}