{"id":269,"date":"2025-07-24T09:43:10","date_gmt":"2025-07-24T12:43:10","guid":{"rendered":"https:\/\/www.ufmg.br\/espacodoconhecimento\/novo\/?page_id=269"},"modified":"2026-04-28T10:21:45","modified_gmt":"2026-04-28T13:21:45","slug":"agendamento-de-visitas-em-grupo","status":"publish","type":"page","link":"https:\/\/www.ufmg.br\/espacodoconhecimento\/agendamento-de-visitas-em-grupo\/","title":{"rendered":"Agendamento de Visitas em Grupo"},"content":{"rendered":"\n<div style=\"height:18px\" aria-hidden=\"true\" class=\"wp-block-spacer\"><\/div>\n\n\n<figure class=\"wp-block-post-featured-image\"><img loading=\"lazy\" decoding=\"async\" width=\"4750\" height=\"1917\" src=\"https:\/\/www.ufmg.br\/espacodoconhecimento\/wp-content\/uploads\/2026\/04\/Agendamento-Pecas-de-divulgacao-maio-junho-e-julho-25_Banner-site-destaque.png\" class=\"attachment-post-thumbnail size-post-thumbnail wp-post-image\" alt=\"\" style=\"object-fit:cover;\" srcset=\"https:\/\/www.ufmg.br\/espacodoconhecimento\/wp-content\/uploads\/2026\/04\/Agendamento-Pecas-de-divulgacao-maio-junho-e-julho-25_Banner-site-destaque.png 4750w, https:\/\/www.ufmg.br\/espacodoconhecimento\/wp-content\/uploads\/2026\/04\/Agendamento-Pecas-de-divulgacao-maio-junho-e-julho-25_Banner-site-destaque-300x121.png 300w, https:\/\/www.ufmg.br\/espacodoconhecimento\/wp-content\/uploads\/2026\/04\/Agendamento-Pecas-de-divulgacao-maio-junho-e-julho-25_Banner-site-destaque-1024x413.png 1024w, https:\/\/www.ufmg.br\/espacodoconhecimento\/wp-content\/uploads\/2026\/04\/Agendamento-Pecas-de-divulgacao-maio-junho-e-julho-25_Banner-site-destaque-768x310.png 768w, https:\/\/www.ufmg.br\/espacodoconhecimento\/wp-content\/uploads\/2026\/04\/Agendamento-Pecas-de-divulgacao-maio-junho-e-julho-25_Banner-site-destaque-1536x620.png 1536w, https:\/\/www.ufmg.br\/espacodoconhecimento\/wp-content\/uploads\/2026\/04\/Agendamento-Pecas-de-divulgacao-maio-junho-e-julho-25_Banner-site-destaque-2048x827.png 2048w\" sizes=\"(max-width: 4750px) 100vw, 4750px\" \/><\/figure>\n\n\n<div style=\"height:55px\" aria-hidden=\"true\" class=\"wp-block-spacer\"><\/div>\n\n\n\n<h3 class=\"wp-block-heading\"><mark style=\"background-color:rgba(0, 0, 0, 0);color:#494293\" class=\"has-inline-color\">AGENDAMENTO DE VISITAS EM GRUPO<\/mark><\/h3>\n\n\n\n<div style=\"height:25px\" aria-hidden=\"true\" class=\"wp-block-spacer\"><\/div>\n\n\n\n<p>Para al\u00e9m da visita\u00e7\u00e3o espont\u00e2nea, que pode ser feita individualmente ou em grupos, o Espa\u00e7o do Conhecimento UFMG oferece visitas mediadas para escolas p\u00fablicas e privadas, ONGs, funda\u00e7\u00f5es e outras institui\u00e7\u00f5es. Os grupos podem ter acesso \u00e0 exposi\u00e7\u00e3o&nbsp;<em>demasiado humano<\/em>, \u00e0s exposi\u00e7\u00f5es de curta dura\u00e7\u00e3o e sess\u00f5es no Planet\u00e1rio. <\/p>\n\n\n\n<p><\/p>\n\n\n\n<div style=\"height:32px\" aria-hidden=\"true\" class=\"wp-block-spacer\"><\/div>\n\n\n\n<details class=\"wp-block-details\"><summary><mark style=\"background-color:rgba(0, 0, 0, 0)\" class=\"has-inline-color has-vivid-cyan-blue-color is-layout-flow wp-block-details-is-layout-flow\">\u27a4 <strong>Clique e confira a Pol\u00edtica de Agendamento de 2026<\/strong><\/mark><\/summary>\n<p><\/p>\n\n\n\n<div data-wp-interactive=\"core\/file\" class=\"wp-block-file\"><object data-wp-bind--hidden=\"!state.hasPdfPreview\"  class=\"wp-block-file__embed\" data=\"https:\/\/www.ufmg.br\/espacodoconhecimento\/wp-content\/uploads\/2026\/02\/Politica-de-Agendamento-2026.pdf\" type=\"application\/pdf\" style=\"width:100%;height:600px\" aria-label=\"Incorporado de Pol\u00edtica de Agendamento 2026.\"><\/object><a id=\"wp-block-file--media-c5f9bbaa-b24c-4e13-a38e-95b393d6bc6e\" href=\"https:\/\/www.ufmg.br\/espacodoconhecimento\/wp-content\/uploads\/2026\/02\/Politica-de-Agendamento-2026.pdf\">Pol\u00edtica de Agendamento 2026<\/a><a href=\"https:\/\/www.ufmg.br\/espacodoconhecimento\/wp-content\/uploads\/2026\/02\/Politica-de-Agendamento-2026.pdf\" class=\"wp-block-file__button wp-element-button\" download aria-describedby=\"wp-block-file--media-c5f9bbaa-b24c-4e13-a38e-95b393d6bc6e\"><strong><mark style=\"background-color:rgba(0, 0, 0, 0)\" class=\"has-inline-color has-white-color\">Baixar<\/mark><\/strong><\/a><\/div>\n\n\n\n<hr class=\"wp-block-separator has-alpha-channel-opacity\"\/>\n<\/details>\n\n\n\n<div style=\"height:50px\" aria-hidden=\"true\" class=\"wp-block-spacer\"><\/div>\n\n\n\n<h3 class=\"wp-block-heading\"><mark style=\"background-color:rgba(0, 0, 0, 0);color:#494293\" class=\"has-inline-color\">Agendamento de visitas &#8211; maio, junho e julho de 2026<\/mark><\/h3>\n\n\n\n<div style=\"height:20px\" aria-hidden=\"true\" class=\"wp-block-spacer\"><\/div>\n\n\n\n<p>O Espa\u00e7o do Conhecimento UFMG torna p\u00fablico o <a href=\"https:\/\/www.ufmg.br\/espacodoconhecimento\/noticia\/resultado-do-agendamento-de-visitas-maio-junho-e-julho-2026\/\" target=\"_blank\" rel=\"noreferrer noopener\">resultado do agendamento de visitas<\/a> para os meses de <strong>maio, junho e julho de 2026<\/strong>. O N\u00facleo de A\u00e7\u00f5es Educativas e Acessibilidade entrar\u00e1 em contato com as institui\u00e7\u00f5es selecionadas. Verifique os e-mails inscritos a partir de 29\/04 (quarta-feira)!<\/p>\n\n\n\n<div style=\"height:20px\" aria-hidden=\"true\" class=\"wp-block-spacer\"><\/div>\n\n\n\n<h4 class=\"wp-block-heading\"><mark style=\"background-color:rgba(0, 0, 0, 0);color:#494293\" class=\"has-inline-color\">Resultados:<\/mark><\/h4>\n\n\n\n<div style=\"height:35px\" aria-hidden=\"true\" class=\"wp-block-spacer\"><\/div>\n\n\n\n<details class=\"wp-block-details is-layout-flow wp-block-details-is-layout-flow\"><summary>\u27a4 <strong>Selecionados<\/strong> \u2013 <strong>Manh\u00e3 (ter-sex: 09h \u00e0s 11h)<\/strong><\/summary>\n<div data-wp-interactive=\"core\/file\" class=\"wp-block-file\"><object data-wp-bind--hidden=\"!state.hasPdfPreview\"  class=\"wp-block-file__embed\" data=\"https:\/\/www.ufmg.br\/espacodoconhecimento\/wp-content\/uploads\/2026\/04\/01.-Lista-de-selecionados_Manha_maio-a-julho-1.pdf\" type=\"application\/pdf\" style=\"width:100%;height:600px\" aria-label=\"Incorporado de 01. Lista de selecionados_Manha_maio a julho.\"><\/object><a id=\"wp-block-file--media-21eef86c-bd86-417e-a4e7-d0fb72e284ad\" href=\"https:\/\/www.ufmg.br\/espacodoconhecimento\/wp-content\/uploads\/2026\/04\/01.-Lista-de-selecionados_Manha_maio-a-julho-1.pdf\">01. Lista de selecionados_Manha_maio a julho<\/a><a href=\"https:\/\/www.ufmg.br\/espacodoconhecimento\/wp-content\/uploads\/2026\/04\/01.-Lista-de-selecionados_Manha_maio-a-julho-1.pdf\" class=\"wp-block-file__button wp-element-button\" download aria-describedby=\"wp-block-file--media-21eef86c-bd86-417e-a4e7-d0fb72e284ad\">Baixar<\/a><\/div>\n<\/details>\n\n\n\n<div style=\"height:35px\" aria-hidden=\"true\" class=\"wp-block-spacer\"><\/div>\n\n\n\n<details class=\"wp-block-details is-layout-flow wp-block-details-is-layout-flow\"><summary>\u27a4 <strong>Selecionados<\/strong> \u2013 <strong>Tarde (ter-sex: 14h \u00e0s 16h)<\/strong><\/summary>\n<div data-wp-interactive=\"core\/file\" class=\"wp-block-file\"><object data-wp-bind--hidden=\"!state.hasPdfPreview\"  class=\"wp-block-file__embed\" data=\"https:\/\/www.ufmg.br\/espacodoconhecimento\/wp-content\/uploads\/2026\/04\/02.-Lista-de-Selecionados_Tarde_maio-a-julho-1.pdf\" type=\"application\/pdf\" style=\"width:100%;height:600px\" aria-label=\"Incorporado de 02. Lista de Selecionados_Tarde_maio a julho.\"><\/object><a id=\"wp-block-file--media-83fc9f71-1ede-4aaa-9c24-323700722a65\" href=\"https:\/\/www.ufmg.br\/espacodoconhecimento\/wp-content\/uploads\/2026\/04\/02.-Lista-de-Selecionados_Tarde_maio-a-julho-1.pdf\">02. Lista de Selecionados_Tarde_maio a julho<\/a><a href=\"https:\/\/www.ufmg.br\/espacodoconhecimento\/wp-content\/uploads\/2026\/04\/02.-Lista-de-Selecionados_Tarde_maio-a-julho-1.pdf\" class=\"wp-block-file__button wp-element-button\" download aria-describedby=\"wp-block-file--media-83fc9f71-1ede-4aaa-9c24-323700722a65\">Baixar<\/a><\/div>\n<\/details>\n\n\n\n<div style=\"height:35px\" aria-hidden=\"true\" class=\"wp-block-spacer\"><\/div>\n\n\n\n<details class=\"wp-block-details is-layout-flow wp-block-details-is-layout-flow\"><summary>\u27a4 <strong>Selecionados<\/strong> \u2013 <strong>Noite (qua: 19h \u00e0s 21h)<\/strong><\/summary>\n<div data-wp-interactive=\"core\/file\" class=\"wp-block-file\"><object data-wp-bind--hidden=\"!state.hasPdfPreview\"  class=\"wp-block-file__embed\" data=\"https:\/\/www.ufmg.br\/espacodoconhecimento\/wp-content\/uploads\/2026\/04\/03.-Lista-de-Selecionados_Noite_maio-a-julho-1.pdf\" type=\"application\/pdf\" style=\"width:100%;height:600px\" aria-label=\"Incorporado de 03. Lista de Selecionados_Noite_maio a julho.\"><\/object><a id=\"wp-block-file--media-83864c16-f429-4cab-a5de-3ed38f45301a\" href=\"https:\/\/www.ufmg.br\/espacodoconhecimento\/wp-content\/uploads\/2026\/04\/03.-Lista-de-Selecionados_Noite_maio-a-julho-1.pdf\">03. Lista de Selecionados_Noite_maio a julho<\/a><a href=\"https:\/\/www.ufmg.br\/espacodoconhecimento\/wp-content\/uploads\/2026\/04\/03.-Lista-de-Selecionados_Noite_maio-a-julho-1.pdf\" class=\"wp-block-file__button wp-element-button\" download aria-describedby=\"wp-block-file--media-83864c16-f429-4cab-a5de-3ed38f45301a\">Baixar<\/a><\/div>\n<\/details>\n\n\n\n<div style=\"height:35px\" aria-hidden=\"true\" class=\"wp-block-spacer\"><\/div>\n\n\n\n<details class=\"wp-block-details is-layout-flow wp-block-details-is-layout-flow\"><summary>\u27a4 <strong>Selecionados<\/strong> \u2013 <strong>Manh\u00e3 (s\u00e1b: 10h \u00e0s 12h)<\/strong><\/summary>\n<div data-wp-interactive=\"core\/file\" class=\"wp-block-file\"><object data-wp-bind--hidden=\"!state.hasPdfPreview\"  class=\"wp-block-file__embed\" data=\"https:\/\/www.ufmg.br\/espacodoconhecimento\/wp-content\/uploads\/2026\/04\/04.-Lista-de-Selecionados_Sabado__maio-a-julho-1.pdf\" type=\"application\/pdf\" style=\"width:100%;height:600px\" aria-label=\"Incorporado de 04. Lista de Selecionados_S\u00e1bado__maio a julho.\"><\/object><a id=\"wp-block-file--media-0312869f-13d7-4ff3-b8ae-0e7ba1619507\" href=\"https:\/\/www.ufmg.br\/espacodoconhecimento\/wp-content\/uploads\/2026\/04\/04.-Lista-de-Selecionados_Sabado__maio-a-julho-1.pdf\">04. Lista de Selecionados_S\u00e1bado__maio a julho<\/a><a href=\"https:\/\/www.ufmg.br\/espacodoconhecimento\/wp-content\/uploads\/2026\/04\/04.-Lista-de-Selecionados_Sabado__maio-a-julho-1.pdf\" class=\"wp-block-file__button wp-element-button\" download aria-describedby=\"wp-block-file--media-0312869f-13d7-4ff3-b8ae-0e7ba1619507\">Baixar<\/a><\/div>\n<\/details>\n\n\n\n<div style=\"height:70px\" aria-hidden=\"true\" class=\"wp-block-spacer\"><\/div>\n\n\n\n<p><mark style=\"background-color:rgba(0, 0, 0, 0);color:#494293\" class=\"has-inline-color\"><strong>Lista de espera:<\/strong><\/mark><\/p>\n\n\n\n<div style=\"height:15px\" aria-hidden=\"true\" class=\"wp-block-spacer\"><\/div>\n\n\n\n<details class=\"wp-block-details is-layout-flow wp-block-details-is-layout-flow\"><summary>\u27a4 <strong>Lista de espera<\/strong> \u2013 <strong>Manh\u00e3 (s\u00e1b: 10h \u00e0s 12h)<\/strong><br><\/summary>\n<div data-wp-interactive=\"core\/file\" class=\"wp-block-file\"><object data-wp-bind--hidden=\"!state.hasPdfPreview\"  class=\"wp-block-file__embed\" data=\"https:\/\/www.ufmg.br\/espacodoconhecimento\/wp-content\/uploads\/2026\/04\/05.-Lista-de-Espera_Manha_-maio-a-julho-1.pdf\" type=\"application\/pdf\" style=\"width:100%;height:600px\" aria-label=\"Incorporado de 05. Lista de Espera_Manha_ maio a julho.\"><\/object><a id=\"wp-block-file--media-819b2608-fb55-47bb-a5e4-5a89c1a0370d\" href=\"https:\/\/www.ufmg.br\/espacodoconhecimento\/wp-content\/uploads\/2026\/04\/05.-Lista-de-Espera_Manha_-maio-a-julho-1.pdf\">05. Lista de Espera_Manha_ maio a julho<\/a><a href=\"https:\/\/www.ufmg.br\/espacodoconhecimento\/wp-content\/uploads\/2026\/04\/05.-Lista-de-Espera_Manha_-maio-a-julho-1.pdf\" class=\"wp-block-file__button wp-element-button\" download aria-describedby=\"wp-block-file--media-819b2608-fb55-47bb-a5e4-5a89c1a0370d\">Baixar<\/a><\/div>\n<\/details>\n\n\n\n<div style=\"height:35px\" aria-hidden=\"true\" class=\"wp-block-spacer\"><\/div>\n\n\n\n<details class=\"wp-block-details is-layout-flow wp-block-details-is-layout-flow\"><summary>\u27a4 <strong>Lista de espera<\/strong> \u2013 <strong>Tarde (ter-sex: 14h \u00e0s 16h)<\/strong><\/summary>\n<div data-wp-interactive=\"core\/file\" class=\"wp-block-file\"><object data-wp-bind--hidden=\"!state.hasPdfPreview\"  class=\"wp-block-file__embed\" data=\"https:\/\/www.ufmg.br\/espacodoconhecimento\/wp-content\/uploads\/2026\/04\/06.-Lista-de-Espera_Tarde_maio-a-julho-1.pdf\" type=\"application\/pdf\" style=\"width:100%;height:600px\" aria-label=\"Incorporado de 06. Lista de Espera_Tarde_maio a julho.\"><\/object><a id=\"wp-block-file--media-4ba6583e-1e4e-4763-9e80-ef2e6ea3b1ae\" href=\"https:\/\/www.ufmg.br\/espacodoconhecimento\/wp-content\/uploads\/2026\/04\/06.-Lista-de-Espera_Tarde_maio-a-julho-1.pdf\">06. Lista de Espera_Tarde_maio a julho<\/a><a href=\"https:\/\/www.ufmg.br\/espacodoconhecimento\/wp-content\/uploads\/2026\/04\/06.-Lista-de-Espera_Tarde_maio-a-julho-1.pdf\" class=\"wp-block-file__button wp-element-button\" download aria-describedby=\"wp-block-file--media-4ba6583e-1e4e-4763-9e80-ef2e6ea3b1ae\">Baixar<\/a><\/div>\n<\/details>\n\n\n\n<div style=\"height:35px\" aria-hidden=\"true\" class=\"wp-block-spacer\"><\/div>\n\n\n\n<details class=\"wp-block-details is-layout-flow wp-block-details-is-layout-flow\"><summary>\u27a4 <strong>Lista de espera<\/strong> \u2013 <strong>Noite (qua: 19h \u00e0s 21h)<\/strong><\/summary>\n<div data-wp-interactive=\"core\/file\" class=\"wp-block-file\"><object data-wp-bind--hidden=\"!state.hasPdfPreview\"  class=\"wp-block-file__embed\" data=\"https:\/\/www.ufmg.br\/espacodoconhecimento\/wp-content\/uploads\/2026\/04\/07.-Lista-de-Espera__Noite_maio-a-julho-1.pdf\" type=\"application\/pdf\" style=\"width:100%;height:600px\" aria-label=\"Incorporado de 07. Lista de Espera__Noite_maio a julho.\"><\/object><a id=\"wp-block-file--media-0eab2763-5f5c-4d2b-92da-f0a84d798e9b\" href=\"https:\/\/www.ufmg.br\/espacodoconhecimento\/wp-content\/uploads\/2026\/04\/07.-Lista-de-Espera__Noite_maio-a-julho-1.pdf\">07. Lista de Espera__Noite_maio a julho<\/a><a href=\"https:\/\/www.ufmg.br\/espacodoconhecimento\/wp-content\/uploads\/2026\/04\/07.-Lista-de-Espera__Noite_maio-a-julho-1.pdf\" class=\"wp-block-file__button wp-element-button\" download aria-describedby=\"wp-block-file--media-0eab2763-5f5c-4d2b-92da-f0a84d798e9b\">Baixar<\/a><\/div>\n<\/details>\n\n\n\n<div style=\"height:70px\" aria-hidden=\"true\" class=\"wp-block-spacer\"><\/div>\n\n\n\n<p><strong><mark style=\"background-color:rgba(0, 0, 0, 0);color:#494293\" class=\"has-inline-color\">Participe tamb\u00e9m do encontro Espa\u00e7o Aberto a Educadores:<\/mark><\/strong><\/p>\n\n\n\n<p><strong>06\/05 (quarta-feira), \u00e0s 14h, e 09\/05 (s\u00e1bado), \u00e0s 10h<\/strong><\/p>\n\n\n\n<p><strong>Inscreva-se:&nbsp;<\/strong><a href=\"https:\/\/forms.gle\/wgEizuYiHDTFYRhK9\" target=\"_blank\" rel=\"noreferrer noopener\">forms.gle\/wgEizuYiHDTFYRhK9<\/a><\/p>\n\n\n\n<div style=\"height:30px\" aria-hidden=\"true\" class=\"wp-block-spacer\"><\/div>\n\n\n\n<hr class=\"wp-block-separator has-alpha-channel-opacity\"\/>\n\n\n\n<div style=\"height:30px\" aria-hidden=\"true\" class=\"wp-block-spacer\"><\/div>\n\n\n\n<p><strong><mark style=\"background-color:rgba(0, 0, 0, 0);color:#494293\" class=\"has-inline-color\">Confira o passo a passo para agendar uma visita em grupo ao Espa\u00e7o do Conhecimento UFMG:<\/mark><\/strong><\/p>\n\n\n\n<figure class=\"wp-block-embed is-type-video is-provider-youtube wp-block-embed-youtube wp-embed-aspect-16-9 wp-has-aspect-ratio\"><div class=\"wp-block-embed__wrapper\">\n<iframe loading=\"lazy\" title=\"Agendamento de Visitas em Grupo - Espa\u00e7o do Conhecimento UFMG\" width=\"500\" height=\"281\" src=\"https:\/\/www.youtube.com\/embed\/TSTpluaa2ok?feature=oembed\" frameborder=\"0\" allow=\"accelerometer; autoplay; clipboard-write; encrypted-media; gyroscope; picture-in-picture; web-share\" referrerpolicy=\"strict-origin-when-cross-origin\" allowfullscreen><\/iframe>\n<\/div><\/figure>\n\n\n\n<div style=\"height:30px\" aria-hidden=\"true\" class=\"wp-block-spacer\"><\/div>\n\n\n\n<hr class=\"wp-block-separator has-alpha-channel-opacity\"\/>\n\n\n\n<div style=\"height:30px\" aria-hidden=\"true\" class=\"wp-block-spacer\"><\/div>\n\n\n\n<p><strong><mark style=\"background-color:rgba(0, 0, 0, 0);color:#494293\" class=\"has-inline-color\">Cronograma do agendamento de visitas em grupo &#8211; 2026:<\/mark><\/strong><\/p>\n\n\n\n<figure class=\"wp-block-image size-large\"><img loading=\"lazy\" decoding=\"async\" width=\"1024\" height=\"694\" src=\"https:\/\/www.ufmg.br\/espacodoconhecimento\/wp-content\/uploads\/2026\/02\/Tabela-Agendamentos-final7_TABELA-01-Agendamento-1024x694.png\" alt=\"\" class=\"wp-image-8964\" srcset=\"https:\/\/www.ufmg.br\/espacodoconhecimento\/wp-content\/uploads\/2026\/02\/Tabela-Agendamentos-final7_TABELA-01-Agendamento-1024x694.png 1024w, https:\/\/www.ufmg.br\/espacodoconhecimento\/wp-content\/uploads\/2026\/02\/Tabela-Agendamentos-final7_TABELA-01-Agendamento-300x203.png 300w, https:\/\/www.ufmg.br\/espacodoconhecimento\/wp-content\/uploads\/2026\/02\/Tabela-Agendamentos-final7_TABELA-01-Agendamento-768x520.png 768w, https:\/\/www.ufmg.br\/espacodoconhecimento\/wp-content\/uploads\/2026\/02\/Tabela-Agendamentos-final7_TABELA-01-Agendamento-1536x1041.png 1536w, https:\/\/www.ufmg.br\/espacodoconhecimento\/wp-content\/uploads\/2026\/02\/Tabela-Agendamentos-final7_TABELA-01-Agendamento-2048x1388.png 2048w\" sizes=\"(max-width: 1024px) 100vw, 1024px\" \/><\/figure>\n\n\n\n<div style=\"height:35px\" aria-hidden=\"true\" class=\"wp-block-spacer\"><\/div>\n\n\n\n<hr class=\"wp-block-separator has-alpha-channel-opacity\"\/>\n\n\n\n<div style=\"height:30px\" aria-hidden=\"true\" class=\"wp-block-spacer\"><\/div>\n\n\n\n<h4 class=\"wp-block-heading\"><mark style=\"background-color:rgba(0, 0, 0, 0);color:#494293\" class=\"has-inline-color\">Diretrizes para visitas em grupo sem agendamento<\/mark><\/h4>\n\n\n\n<div style=\"height:34px\" aria-hidden=\"true\" class=\"wp-block-spacer\"><\/div>\n\n\n\n<p>Em caso de visitas em grupo sem agendamento, consulte o <mark style=\"background-color:rgba(0, 0, 0, 0);color:#494293\" class=\"has-inline-color\">&#8220;<strong>GUIA PARA VISITA\u00c7\u00c3O ESPONT\u00c2NEA<\/strong>&#8220;<\/mark> abaixo<strong> <\/strong>para informa\u00e7\u00f5es detalhadas.<\/p>\n\n\n\n<div style=\"height:34px\" aria-hidden=\"true\" class=\"wp-block-spacer\"><\/div>\n\n\n\n<details class=\"wp-block-details\"><summary>\u27a4&nbsp;<mark style=\"background-color:rgba(0, 0, 0, 0)\" class=\"has-inline-color has-vivid-cyan-blue-color is-layout-flow wp-block-details-is-layout-flow\"><strong>GUIA PARA VISITA\u00c7\u00c3O ESPONT\u00c2NEA<\/strong><\/mark><\/summary>\n<p><\/p>\n\n\n\n<div data-wp-interactive=\"core\/file\" class=\"wp-block-file\"><object data-wp-bind--hidden=\"!state.hasPdfPreview\"  class=\"wp-block-file__embed\" data=\"https:\/\/www.ufmg.br\/espacodoconhecimento\/wp-content\/uploads\/2026\/02\/GUIA-PARA-VISITACAO-ESPONTANEA.pdf\" type=\"application\/pdf\" style=\"width:100%;height:600px\" aria-label=\"Incorporado de GUIA-PARA-VISITACAO-ESPONTANEA.\"><\/object><a id=\"wp-block-file--media-62c98a62-e1d1-4680-8e2e-2d9d630697d1\" href=\"https:\/\/www.ufmg.br\/espacodoconhecimento\/wp-content\/uploads\/2026\/02\/GUIA-PARA-VISITACAO-ESPONTANEA.pdf\">GUIA-PARA-VISITACAO-ESPONTANEA<\/a><a href=\"https:\/\/www.ufmg.br\/espacodoconhecimento\/wp-content\/uploads\/2026\/02\/GUIA-PARA-VISITACAO-ESPONTANEA.pdf\" class=\"wp-block-file__button wp-element-button\" download aria-describedby=\"wp-block-file--media-62c98a62-e1d1-4680-8e2e-2d9d630697d1\"><strong><mark style=\"background-color:rgba(0, 0, 0, 0)\" class=\"has-inline-color has-white-color\">Baixar<\/mark><\/strong><\/a><\/div>\n<\/details>\n\n\n\n<div style=\"height:34px\" aria-hidden=\"true\" class=\"wp-block-spacer\"><\/div>\n\n\n\n<hr class=\"wp-block-separator has-alpha-channel-opacity\"\/>\n\n\n\n<div style=\"height:30px\" aria-hidden=\"true\" class=\"wp-block-spacer\"><\/div>\n\n\n\n<h4 class=\"wp-block-heading\"><mark style=\"background-color:rgba(0, 0, 0, 0);color:#494293\" class=\"has-inline-color\">Comunicado de instabilidade nos elevadores do pr\u00e9dio<\/mark><\/h4>\n\n\n\n<div style=\"height:34px\" aria-hidden=\"true\" class=\"wp-block-spacer\"><\/div>\n\n\n\n<p>Para garantir a acessibilidade e a qualidade da visita, o Espa\u00e7o do Conhecimento UFMG est\u00e1 realizando manuten\u00e7\u00f5es preventivas e corretivas cont\u00ednuas em seus elevadores, que v\u00eam apresentando instabilidade em seu funcionamento. Pedimos a compreens\u00e3o de todos e informamos que nossa equipe est\u00e1 trabalhando para resolver a situa\u00e7\u00e3o o mais breve poss\u00edvel. Agradecemos pela paci\u00eancia e compreens\u00e3o.<\/p>\n\n\n\n<div style=\"height:30px\" aria-hidden=\"true\" class=\"wp-block-spacer\"><\/div>\n\n\n\n<hr class=\"wp-block-separator has-alpha-channel-opacity\"\/>\n\n\n\n<div style=\"height:30px\" aria-hidden=\"true\" class=\"wp-block-spacer\"><\/div>\n\n\n\n<p><strong>Pre\u00e7os:<\/strong>&nbsp;As visitas \u00e0s exposi\u00e7\u00f5es s\u00e3o gratuitas. As sess\u00f5es de filme no Planet\u00e1rio s\u00e3o gratuitas para estudantes da rede p\u00fablica e professores. Estudantes de escolas privadas pagam meia-entrada (R$ 10,00). Confira nossa&nbsp;pol\u00edtica de gratuidade<mark style=\"background-color:rgba(0, 0, 0, 0);color:#494293\" class=\"has-inline-color\"><a href=\"https:\/\/www.ufmg.br\/espacodoconhecimento\/novo\/planetario\/informacoes-gerais\/\" data-type=\"link\" data-id=\"https:\/\/www.ufmg.br\/espacodoconhecimento\/novo\/planetario\/informacoes-gerais\/\" target=\"_blank\" rel=\"noreferrer noopener\"><strong> aqui<\/strong><\/a>.<\/mark><\/p>\n\n\n\n<div style=\"height:30px\" aria-hidden=\"true\" class=\"wp-block-spacer\"><\/div>\n\n\n\n<hr class=\"wp-block-separator has-alpha-channel-opacity\"\/>\n\n\n\n<div style=\"height:34px\" aria-hidden=\"true\" class=\"wp-block-spacer\"><\/div>\n\n\n\n<h4 class=\"wp-block-heading\"><mark style=\"background-color:rgba(0, 0, 0, 0);color:#494293\" class=\"has-inline-color\">Informa\u00e7\u00f5es para o agendamento de visitas:<\/mark><\/h4>\n\n\n\n<div style=\"height:34px\" aria-hidden=\"true\" class=\"wp-block-spacer\"><\/div>\n\n\n\n<p><strong><em>IMPORTANTE:<\/em><\/strong><em>&nbsp;leia todas as informa\u00e7\u00f5es. O agendamento deve ser realizado apenas pelo site.<\/em><\/p>\n\n\n\n<p><em><br><\/em><strong>1-<\/strong> Escolha o turno (manh\u00e3 ou tarde) de sua prefer\u00eancia:<\/p>\n\n\n\n<p><br><strong>Manh\u00e3<\/strong>: de ter\u00e7a a sexta-feira, das 9h \u00e0s 11h (m\u00e1ximo de 45 alunos por turno).<\/p>\n\n\n\n<p><strong>Tarde<\/strong>: de ter\u00e7a a sexta-feira, das 14h \u00e0s 16h (m\u00e1ximo de 45 alunos por turno).<\/p>\n\n\n\n<p><strong>Noite<\/strong>: \u00e0s quartas-feiras,&nbsp;das 19h \u00e0s 21h (m\u00e1ximo de 45 alunos por turno).<\/p>\n\n\n\n<p><strong>S\u00e1bado<\/strong>: das 10h \u00e0s 12h (m\u00e1ximo de 45 alunos por turno).<\/p>\n\n\n\n<p><br><strong>1.1 \u2013&nbsp;<\/strong>O n\u00famero de acompanhantes fica limitado a cinco pessoas.<\/p>\n\n\n\n<p><strong>2-<\/strong> Conhe\u00e7a as sess\u00f5es de planet\u00e1rio dispon\u00edveis para suas visitas <mark style=\"background-color:rgba(0, 0, 0, 0);color:#1b6a98\" class=\"has-inline-color\"><a href=\"https:\/\/www.ufmg.br\/espacodoconhecimento\/descubra\/planetario\/\" target=\"_blank\" rel=\"noreferrer noopener\"><strong>aqui<\/strong><\/a>.<\/mark><\/p>\n\n\n\n<p><strong>3-<\/strong>&nbsp;Cada vaga do agendamento d\u00e1 direito \u00e0 visita de <strong>45 <em>alunos<\/em>.<\/strong> Caso o professor queira trazer mais estudantes, \u00e9 preciso enviar outra inscri\u00e7\u00e3o.<\/p>\n\n\n\n<p><strong><br>4-<\/strong>&nbsp;As escolas ser\u00e3o selecionadas por sorteio p\u00fablico ap\u00f3s o per\u00edodo de inscri\u00e7\u00e3o, respeitando a capacidade de atendimento de visitantes por turno. Os sorteios acontecem em transmiss\u00e3o ao vivo no <a href=\"http:\/\/youtube.com\/espacoufmg\" target=\"_blank\" rel=\"noreferrer noopener\"><mark style=\"background-color:rgba(0, 0, 0, 0);color:#1b6a98\" class=\"has-inline-color\">YouTube<\/mark><\/a>, posteriormente disponibilizado para comprova\u00e7\u00e3o.<\/p>\n\n\n\n<p><strong>5-&nbsp;<\/strong>O envio do formul\u00e1rio n\u00e3o garante o agendamento do grupo. &nbsp;Ap\u00f3s o envio do formul\u00e1rio as escolas sorteadas ter\u00e3o seu agendamento confirmado via lista divulgada neste site.<br><strong>5.1 \u2013<\/strong>&nbsp;No formul\u00e1rio de agendamento, h\u00e1 indica\u00e7\u00f5es de datas de prefer\u00eancia para seu agendamento. Por\u00e9m, essas datas n\u00e3o necessariamente ser\u00e3o as contempladas para as escolas.<\/p>\n\n\n\n<p><\/p>\n\n\n\n<p><strong>6-<\/strong> A confirma\u00e7\u00e3o do agendamento de escolas privadas est\u00e1 condicionada ao envio da c\u00f3pia do comprovante de pagamento do boleto referente \u00e0 participa\u00e7\u00e3o na sess\u00e3o do Planet\u00e1rio, enviado \u00e0 institui\u00e7\u00e3o previamente por e-mail ap\u00f3s a confirma\u00e7\u00e3o do n\u00famero de pagantes. O comprovante deve ser enviado para o e-mail&nbsp;<strong>agendamento.conhecimento@gmail.com<\/strong>.<br><strong>6.1-<\/strong> Em caso de desist\u00eancia, o valor referente ao boleto n\u00e3o ser\u00e1 restitu\u00eddo.<\/p>\n\n\n\n<p><strong><br>7-<\/strong> Os pedidos excedentes entrar\u00e3o automaticamente para a lista de espera, que ser\u00e1, tamb\u00e9m, divulgada neste site.<br><strong>7.1<\/strong> &#8211;&nbsp;O per\u00edodo de vig\u00eancia da lista de espera \u00e9 o mesmo do agendamento.<\/p>\n\n\n\n<div style=\"height:34px\" aria-hidden=\"true\" class=\"wp-block-spacer\"><\/div>\n\n\n\n<h3 class=\"wp-block-heading\"><mark style=\"background-color:rgba(0, 0, 0, 0);color:#494293\" class=\"has-inline-color\">Para mais informa\u00e7\u00f5es<\/mark><\/h3>\n\n\n\n<p><\/p>\n\n\n\n<p><strong>E-mail: <\/strong>agendamento.conhecimento@gmail.com<\/p>\n\n\n\n<p><strong>Telefone:<\/strong> (31) 3409-8360<\/p>\n\n\n\n<p><\/p>\n","protected":false},"excerpt":{"rendered":"<p>AGENDAMENTO DE VISITAS EM GRUPO Para al\u00e9m da visita\u00e7\u00e3o espont\u00e2nea, que pode ser feita individualmente ou em grupos, o Espa\u00e7o do Conhecimento UFMG oferece visitas mediadas para escolas p\u00fablicas e privadas, ONGs, funda\u00e7\u00f5es e outras institui\u00e7\u00f5es. Os grupos podem ter acesso \u00e0 exposi\u00e7\u00e3o&nbsp;demasiado humano, \u00e0s exposi\u00e7\u00f5es de curta dura\u00e7\u00e3o e sess\u00f5es no Planet\u00e1rio. Agendamento de [&hellip;]<\/p>\n","protected":false},"author":3,"featured_media":9787,"parent":0,"menu_order":0,"comment_status":"closed","ping_status":"closed","template":"","meta":{"_acf_changed":false,"footnotes":""},"class_list":["post-269","page","type-page","status-publish","has-post-thumbnail","hentry"],"acf":[],"_links":{"self":[{"href":"https:\/\/www.ufmg.br\/espacodoconhecimento\/wp-json\/wp\/v2\/pages\/269"}],"collection":[{"href":"https:\/\/www.ufmg.br\/espacodoconhecimento\/wp-json\/wp\/v2\/pages"}],"about":[{"href":"https:\/\/www.ufmg.br\/espacodoconhecimento\/wp-json\/wp\/v2\/types\/page"}],"author":[{"embeddable":true,"href":"https:\/\/www.ufmg.br\/espacodoconhecimento\/wp-json\/wp\/v2\/users\/3"}],"replies":[{"embeddable":true,"href":"https:\/\/www.ufmg.br\/espacodoconhecimento\/wp-json\/wp\/v2\/comments?post=269"}],"version-history":[{"count":91,"href":"https:\/\/www.ufmg.br\/espacodoconhecimento\/wp-json\/wp\/v2\/pages\/269\/revisions"}],"predecessor-version":[{"id":9900,"href":"https:\/\/www.ufmg.br\/espacodoconhecimento\/wp-json\/wp\/v2\/pages\/269\/revisions\/9900"}],"wp:featuredmedia":[{"embeddable":true,"href":"https:\/\/www.ufmg.br\/espacodoconhecimento\/wp-json\/wp\/v2\/media\/9787"}],"wp:attachment":[{"href":"https:\/\/www.ufmg.br\/espacodoconhecimento\/wp-json\/wp\/v2\/media?parent=269"}],"curies":[{"name":"wp","href":"https:\/\/api.w.org\/{rel}","templated":true}]}}