{"id":8697,"date":"2026-02-12T09:09:35","date_gmt":"2026-02-12T12:09:35","guid":{"rendered":"https:\/\/www.ufmg.br\/espacodoconhecimento\/?page_id=8697"},"modified":"2026-02-24T16:07:00","modified_gmt":"2026-02-24T19:07:00","slug":"edital-de-selecao-nucleo-de-comunicacao-e-design-bolsas-pbext-e-acao-afirmativa-fev-2026","status":"publish","type":"page","link":"https:\/\/www.ufmg.br\/espacodoconhecimento\/trabalhe-conosco\/edital-de-selecao-nucleo-de-comunicacao-e-design-bolsas-pbext-e-acao-afirmativa-fev-2026\/","title":{"rendered":"EDITAL DE SELE\u00c7\u00c3O \u2013 N\u00facleo de Comunica\u00e7\u00e3o e Design | Bolsas PBEXT e A\u00e7\u00e3o Afirmativa (fev\/2026)"},"content":{"rendered":"\n<div style=\"height:40px\" aria-hidden=\"true\" class=\"wp-block-spacer\"><\/div>\n\n\n\n<figure class=\"wp-block-image size-full\"><img loading=\"lazy\" decoding=\"async\" width=\"768\" height=\"309\" src=\"https:\/\/www.ufmg.br\/espacodoconhecimento\/wp-content\/uploads\/2026\/02\/comunicacao-noticia-768x309-1-1.png\" alt=\"\" class=\"wp-image-8674\" srcset=\"https:\/\/www.ufmg.br\/espacodoconhecimento\/wp-content\/uploads\/2026\/02\/comunicacao-noticia-768x309-1-1.png 768w, https:\/\/www.ufmg.br\/espacodoconhecimento\/wp-content\/uploads\/2026\/02\/comunicacao-noticia-768x309-1-1-300x121.png 300w\" sizes=\"(max-width: 768px) 100vw, 768px\" \/><\/figure>\n\n\n\n<div style=\"height:40px\" aria-hidden=\"true\" class=\"wp-block-spacer\"><\/div>\n\n\n\n<p><strong><mark style=\"background-color:rgba(0, 0, 0, 0);color:#e9426c\" class=\"has-inline-color\">BOLSA DE EXTENS\u00c3O<\/mark><\/strong><\/p>\n\n\n\n<p><strong><mark style=\"background-color:rgba(0, 0, 0, 0);color:#e9426c\" class=\"has-inline-color\">N\u00facleo de Comunica\u00e7\u00e3o e Design do Espa\u00e7o do Conhecimento UFMG<\/mark><\/strong><\/p>\n\n\n\n<div style=\"height:20px\" aria-hidden=\"true\" class=\"wp-block-spacer\"><\/div>\n\n\n\n<p><em>24 de fevereiro de 2026<\/em><\/p>\n\n\n\n<div style=\"height:20px\" aria-hidden=\"true\" class=\"wp-block-spacer\"><\/div>\n\n\n\n<p><strong>1\u00aa RETIFICA\u00c7\u00c3O AO EDITAL N\u00ba 03\/2026 \u2013 EDITAL DE SELE\u00c7\u00c3O PARA BOLSISTA DE EXTENS\u00c3O \u2013 2026<\/strong><\/p>\n\n\n\n<p>A Diretora Adjunta do Espa\u00e7o do Conhecimento UFMG, Profa. Camila Maciel Campolina Alves Mantovani, no uso de suas atribui\u00e7\u00f5es, e com base nos princ\u00edpios da publicidade, da razoabilidade e da finalidade p\u00fablica, bem como os crit\u00e9rios de conveni\u00eancia e de oportunidade, RESOLVE:<\/p>\n\n\n\n<div style=\"height:10px\" aria-hidden=\"true\" class=\"wp-block-spacer\"><\/div>\n\n\n\n<p>Retificar, em parte, o Edital n o 03\/2026, de sele\u00e7\u00e3o de bolsistas de Extens\u00e3o do Programa \u201cEspa\u00e7o do Conhecimento UFMG\u201d &#8211; N\u00facleo de Comunica\u00e7\u00e3o e Design, com a altera\u00e7\u00e3o do item 3. INSCRI\u00c7\u00d5ES, que passa a ter o seguinte teor:<\/p>\n\n\n\n<div style=\"height:10px\" aria-hidden=\"true\" class=\"wp-block-spacer\"><\/div>\n\n\n\n<p><strong>3. INSCRI\u00c7\u00d5ES<br><\/strong>3.1. As inscri\u00e7\u00f5es ser\u00e3o realizadas de <strong>12 a 28 de fevereiro de 2026<\/strong>, atrav\u00e9s dos formul\u00e1rios dispon\u00edveis nos endere\u00e7os abaixo:<\/p>\n\n\n\n<p><br><strong><mark style=\"background-color:rgba(0, 0, 0, 0);color:#e9426c\" class=\"has-inline-color\">VAGAS COMUNICA\u00c7\u00c3O-\u00c1UDIO ou COMUNICA\u00c7\u00c3O:<\/mark><\/strong> <a href=\"https:\/\/forms.gle\/BrbH7k9rxGszCDJL7\" target=\"_blank\" rel=\"noreferrer noopener\">https:\/\/forms.gle\/BrbH7k9rxGszCDJL7<\/a><\/p>\n\n\n\n<p><strong><mark style=\"background-color:rgba(0, 0, 0, 0);color:#e9426c\" class=\"has-inline-color\">VAGAS DESIGN:<\/mark><\/strong> <a href=\"https:\/\/forms.gle\/6yWtfg2HGbgahq2c7\" target=\"_blank\" rel=\"noreferrer noopener\">https:\/\/forms.gle\/6yWtfg2HGbgahq2c7<\/a><\/p>\n\n\n\n<div style=\"height:20px\" aria-hidden=\"true\" class=\"wp-block-spacer\"><\/div>\n\n\n\n<p>Permanecem inalteradas as demais disposi\u00e7\u00f5es do Edital n\u00ba 03\/2026. <a href=\"https:\/\/www.ufmg.br\/espacodoconhecimento\/wp-content\/uploads\/2026\/02\/Edital-03-2026-Nucleo-de-Comunicacao-e-Design-1a-Retificacao.pdf\" target=\"_blank\" rel=\"noreferrer noopener\">Acesse aqui a retifica\u00e7\u00e3o<\/a>.<\/p>\n\n\n\n<div style=\"height:35px\" aria-hidden=\"true\" class=\"wp-block-spacer\"><\/div>\n\n\n\n<hr class=\"wp-block-separator has-alpha-channel-opacity\"\/>\n\n\n\n<div style=\"height:35px\" aria-hidden=\"true\" class=\"wp-block-spacer\"><\/div>\n\n\n\n<p><em>12 de fevereiro de 202<\/em>6<\/p>\n\n\n\n<p>Est\u00e3o abertas as inscri\u00e7\u00f5es para bolsistas de extens\u00e3o no N\u00facleo de Comunica\u00e7\u00e3o e Design do museu!<\/p>\n\n\n\n<div style=\"height:20px\" aria-hidden=\"true\" class=\"wp-block-spacer\"><\/div>\n\n\n\n<p><strong>Vagas:&nbsp;<\/strong>03 (tr\u00eas), sendo:<\/p>\n\n\n\n<p><strong><mark style=\"background-color:rgba(0, 0, 0, 0);color:#e9426c\" class=\"has-inline-color\">COMUNICA\u00c7\u00c3O<\/mark><\/strong><\/p>\n\n\n\n<p>\u2013 1 (uma) vaga <strong>PBEXT <\/strong>para Bolsista de Comunica\u00e7\u00e3o<br><em>(Produ\u00e7\u00e3o, grava\u00e7\u00e3o e edi\u00e7\u00e3o de v\u00eddeos curtos para divulga\u00e7\u00e3o de atividades e projetos do museu [TikTok, Reels, Shorts], participa\u00e7\u00e3o e registro de atividades e eventos, produ\u00e7\u00e3o de releases materiais para imprensa, suporte a demandas de comunica\u00e7\u00e3o interna, assessoria de comunica\u00e7\u00e3o e redes sociais)<\/em>;<\/p>\n\n\n\n<p>\u2013 1 (uma) vaga <strong>PBEXT A\u00e7\u00e3o Afirmativa<\/strong> para Bolsista de Comunica\u00e7\u00e3o-\u00c1udio<br><em>(Atua\u00e7\u00e3o em projetos com \u00eanfase na produ\u00e7\u00e3o de podcasts [roteiriza\u00e7\u00e3o\/adapta\u00e7\u00e3o, narra\u00e7\u00e3o e edi\u00e7\u00e3o], capta\u00e7\u00e3o e edi\u00e7\u00e3o de \u00e1udio para exposi\u00e7\u00f5es, mixagem, montagem de trilhas, aux\u00edlio na opera\u00e7\u00e3o de microfones e em mesa de som durante eventos)<\/em>.<\/p>\n\n\n\n<p>As bolsas&nbsp;<strong><em>PBEXT A\u00e7\u00e3o Afirmativa<\/em><\/strong>&nbsp;s\u00e3o destinadas, exclusivamente, a estudantes que ingressaram na UFMG pelo sistema de cotas e\/ou classificados socioeconomicamente no n\u00edvel I, II ou III pela Funda\u00e7\u00e3o Universit\u00e1ria Mendes Pimentel (FUMP); estudantes m\u00e3es com crian\u00e7a cursando o Ensino Infantil ou Fundamental na rede p\u00fablica de ensino; estudantes travestis e transexuais; estudantes com defici\u00eancia; estudantes ind\u00edgenas e quilombolas; estudantes refugiados. O candidato a essa bolsa deve apresentar qualquer documento que comprove uma das condi\u00e7\u00f5es descritas acima no momento da inscri\u00e7\u00e3o.<\/p>\n\n\n\n<p><strong><mark style=\"background-color:rgba(0, 0, 0, 0);color:#e9426c\" class=\"has-inline-color\">DESIGN<\/mark><\/strong><\/p>\n\n\n\n<p>\u2013 1 (uma) vaga <strong>PBEXT <\/strong>para Bolsista de Design<br><em>(Cria\u00e7\u00e3o de produtos e identidades visuais, produ\u00e7\u00e3o de pe\u00e7as gr\u00e1ficas para impress\u00e3o e redes sociais, gifs, anima\u00e7\u00f5es, ilustra\u00e7\u00f5es, diagrama\u00e7\u00e3o de cartazes, cartilhas, folders, livretos, revistas, cat\u00e1logos, dentre outras publica\u00e7\u00f5es impressas e digitais, desenvolvimento de conte\u00fados interativos e projetos de sinaliza\u00e7\u00e3o)<\/em>.<\/p>\n\n\n\n<div style=\"height:20px\" aria-hidden=\"true\" class=\"wp-block-spacer\"><\/div>\n\n\n\n<p><strong>Inscri\u00e7\u00f5es<\/strong>: As inscri\u00e7\u00f5es ser\u00e3o realizadas de&nbsp;<strong>12\/02 a 28\/02\/2026<\/strong>, atrav\u00e9s dos formul\u00e1rios dispon\u00edveis nos endere\u00e7os abaixo:<\/p>\n\n\n\n<p><strong><mark style=\"background-color:rgba(0, 0, 0, 0);color:#e9426c\" class=\"has-inline-color\">VAGAS COMUNICA\u00c7\u00c3O-\u00c1UDIO ou COMUNICA\u00c7\u00c3O:<\/mark><\/strong> <a href=\"https:\/\/forms.gle\/BrbH7k9rxGszCDJL7\" target=\"_blank\" rel=\"noreferrer noopener\">https:\/\/forms.gle\/BrbH7k9rxGszCDJL7<\/a><\/p>\n\n\n\n<p><strong><mark style=\"background-color:rgba(0, 0, 0, 0);color:#e9426c\" class=\"has-inline-color\">VAGAS DESIGN:<\/mark><\/strong> <a href=\"https:\/\/forms.gle\/6yWtfg2HGbgahq2c7\" target=\"_blank\" rel=\"noreferrer noopener\">https:\/\/forms.gle\/6yWtfg2HGbgahq2c7<\/a><\/p>\n\n\n\n<div style=\"height:20px\" aria-hidden=\"true\" class=\"wp-block-spacer\"><\/div>\n\n\n\n<p><strong>Per\u00edodo de vig\u00eancia da bolsa<\/strong>: at\u00e9 28\/02\/2027<\/p>\n\n\n\n<p><strong>Valor da bolsa<\/strong>: R$ 700,00<\/p>\n\n\n\n<p><strong>Carga-hor\u00e1ria<\/strong>: 20 horas semanais<\/p>\n\n\n\n<div style=\"height:20px\" aria-hidden=\"true\" class=\"wp-block-spacer\"><\/div>\n\n\n\n<p><strong>Pr\u00e9-requisitos:<\/strong><\/p>\n\n\n\n<p><strong><mark style=\"background-color:rgba(0, 0, 0, 0);color:#e9426c\" class=\"has-inline-color\">COMUNICA\u00c7\u00c3O-\u00c1UDIO ou COMUNICA\u00c7\u00c3O<\/mark><\/strong><\/p>\n\n\n\n<p>\u2013&nbsp;Estar matriculado(a) em qualquer curso de gradua\u00e7\u00e3o da UFMG, <em>preferencialmente <\/em>no curso de Jornalismo, Rela\u00e7\u00f5es P\u00fablicas ou Publicidade e Propaganda;<\/p>\n\n\n\n<p>\u2013&nbsp;Ter disponibilidade de 20 horas semanais para dedica\u00e7\u00e3o \u00e0s atividades de extens\u00e3o;<\/p>\n\n\n\n<p>\u2013&nbsp;N\u00e3o ter v\u00ednculo empregat\u00edcio ou ac\u00famulo de bolsas no per\u00edodo de desenvolvimento do projeto;<\/p>\n\n\n\n<p>\u2013&nbsp;Estar dispon\u00edvel para assumir a bolsa em mar\u00e7o de 2026;<\/p>\n\n\n\n<p>\u2013&nbsp;Caso seja selecionado(a) para a bolsa, possuir conta banc\u00e1ria ativa, do tipo conta-corrente, da qual seja o(a) \u00fanico(a) titular.<\/p>\n\n\n\n<p><strong><mark style=\"background-color:rgba(0, 0, 0, 0);color:#e9426c\" class=\"has-inline-color\">DESIGN<\/mark><\/strong><\/p>\n\n\n\n<p>\u2013&nbsp;Estar matriculado(a) nos cursos de Design, Arquitetura e Urbanismo, Artes Visuais, Publicidade e Propaganda, Jornalismo, Rela\u00e7\u00f5es P\u00fablicas e afins. A pessoa candidata deve ter conhecimento em Illustrator, Indesign e Photoshop;<\/p>\n\n\n\n<p>\u2013&nbsp;Ter disponibilidade de 20 horas semanais para dedica\u00e7\u00e3o \u00e0s atividades de extens\u00e3o;<\/p>\n\n\n\n<p>\u2013&nbsp;N\u00e3o ter v\u00ednculo empregat\u00edcio ou ac\u00famulo de bolsas no per\u00edodo de desenvolvimento do projeto;<\/p>\n\n\n\n<p>\u2013&nbsp;Estar dispon\u00edvel para assumir a bolsa em mar\u00e7o de 2026;<\/p>\n\n\n\n<p>\u2013&nbsp;Caso seja selecionado para a bolsa, possuir conta banc\u00e1ria ativa, do tipo conta-corrente, da qual seja o \u00fanico titular.<\/p>\n\n\n\n<p>\u2013&nbsp;Ilustra\u00e7\u00e3o e edi\u00e7\u00e3o de v\u00eddeo\/anima\u00e7\u00e3o ser\u00e3o considerados diferenciais.<\/p>\n\n\n\n<div style=\"height:20px\" aria-hidden=\"true\" class=\"wp-block-spacer\"><\/div>\n\n\n\n<p><strong>Documentos para inscri\u00e7\u00e3o:<\/strong><\/p>\n\n\n\n<p>O(a) candidato(a) deve informar no formul\u00e1rio: nome, curso, per\u00edodo, n\u00famero de matr\u00edcula, telefone para contato, disponibilidade de turno para dedica\u00e7\u00e3o \u00e0s atividades presenciais (manh\u00e3, tarde, noite, fim de semana) e os seguintes anexos:<\/p>\n\n\n\n<ul class=\"wp-block-list\">\n<li>Portf\u00f3lio (obrigat\u00f3rio para pessoas candidatas \u00e0s vagas de Design);<\/li>\n\n\n\n<li>Documento de <em>Curriculum Vitae<\/em> (CV);<\/li>\n\n\n\n<li>Plano de estudo SIGA (gerado em pdf pelo site&nbsp;<a href=\"https:\/\/sistemas.ufmg.br\/aluno-grad\/home.seam\" target=\"_blank\" rel=\"noreferrer noopener\">https:\/\/sistemas.ufmg.br\/aluno-grad\/home.seam<\/a>&nbsp;&gt; Siga UFMG: Siga UFMG: acesso para alunos de gradua\u00e7\u00e3o &gt; Minhas matr\u00edculas &gt; Minhas atividades em curso e cursadas);<\/li>\n\n\n\n<li>Reda\u00e7\u00e3o de 1 a 2 laudas sobre o tema \u201cSua percep\u00e7\u00e3o sobre o Espa\u00e7o do Conhecimento UFMG, sua rela\u00e7\u00e3o com os temas cultura, ci\u00eancia e\/ ou arte e seu interesse em atuar como bolsista no N\u00facleo de Comunica\u00e7\u00e3o e Design do Museu\u201d.<\/li>\n<\/ul>\n\n\n\n<div style=\"height:20px\" aria-hidden=\"true\" class=\"wp-block-spacer\"><\/div>\n\n\n\n<p><strong>Sele\u00e7\u00e3o:<\/strong><\/p>\n\n\n\n<p>\u2013 1\u00aa etapa: Ser\u00e3o avaliados: os curr\u00edculos, portf\u00f3lios, o plano de estudo e a reda\u00e7\u00e3o, enviados na inscri\u00e7\u00e3o. Na an\u00e1lise do curr\u00edculo ser\u00e1 valorizada <em>preferencialmente <\/em>as experi\u00eancias pr\u00e9vias em atua\u00e7\u00e3o em museus e institui\u00e7\u00f5es culturais afins;<\/p>\n\n\n\n<p>\u2013 2\u00aa etapa: As pessoas candidatas aprovadas na 1\u00aa etapa ser\u00e3o convidadas para Entrevista e Teste Pr\u00e1tico, cujo tema a ser informado e agendamento dar-se-\u00e3o via e-mail.<\/p>\n\n\n\n<p><strong>Resultados:<\/strong><\/p>\n\n\n\n<p>Os resultados finais ser\u00e3o divulgados at\u00e9 o dia&nbsp;<strong>10 de mar\u00e7o de 2026,<\/strong>&nbsp;<a href=\"https:\/\/www.ufmg.br\/espacodoconhecimento\/trabalhe-conosco\/\" target=\"_blank\" rel=\"noreferrer noopener\"><strong>no<\/strong>&nbsp;<strong>site<\/strong><\/a>&nbsp;do Espa\u00e7o do Conhecimento UFMG.<\/p>\n\n\n\n<p><strong>Acesse as informa\u00e7\u00f5es completas no Edital:&nbsp;<\/strong><\/p>\n\n\n\n<div data-wp-interactive=\"core\/file\" class=\"wp-block-file\"><object data-wp-bind--hidden=\"!state.hasPdfPreview\"  class=\"wp-block-file__embed\" data=\"https:\/\/www.ufmg.br\/espacodoconhecimento\/wp-content\/uploads\/2026\/02\/Edital-03-2026-Nucleo-de-Comunicacao-e-Design.pdf\" type=\"application\/pdf\" style=\"width:100%;height:600px\" aria-label=\"Incorporado de Edital 03-2026 - N\u00facleo de Comunica\u00e7\u00e3o e Design.\"><\/object><a id=\"wp-block-file--media-d9582bc7-0c56-4981-83f8-a1d11bef790e\" href=\"https:\/\/www.ufmg.br\/espacodoconhecimento\/wp-content\/uploads\/2026\/02\/Edital-03-2026-Nucleo-de-Comunicacao-e-Design.pdf\">Edital 03-2026 &#8211; N\u00facleo de Comunica\u00e7\u00e3o e Design<\/a><a href=\"https:\/\/www.ufmg.br\/espacodoconhecimento\/wp-content\/uploads\/2026\/02\/Edital-03-2026-Nucleo-de-Comunicacao-e-Design.pdf\" class=\"wp-block-file__button wp-element-button\" download aria-describedby=\"wp-block-file--media-d9582bc7-0c56-4981-83f8-a1d11bef790e\">Baixar<\/a><\/div>\n","protected":false},"excerpt":{"rendered":"<p>BOLSA DE EXTENS\u00c3O N\u00facleo de Comunica\u00e7\u00e3o e Design do Espa\u00e7o do Conhecimento UFMG 24 de fevereiro de 2026 1\u00aa RETIFICA\u00c7\u00c3O AO EDITAL N\u00ba 03\/2026 \u2013 EDITAL DE SELE\u00c7\u00c3O PARA BOLSISTA DE EXTENS\u00c3O \u2013 2026 A Diretora Adjunta do Espa\u00e7o do Conhecimento UFMG, Profa. Camila Maciel Campolina Alves Mantovani, no uso de suas atribui\u00e7\u00f5es, e com [&hellip;]<\/p>\n","protected":false},"author":3,"featured_media":0,"parent":243,"menu_order":0,"comment_status":"closed","ping_status":"closed","template":"","meta":{"_acf_changed":false,"footnotes":""},"class_list":["post-8697","page","type-page","status-publish","hentry"],"acf":[],"_links":{"self":[{"href":"https:\/\/www.ufmg.br\/espacodoconhecimento\/wp-json\/wp\/v2\/pages\/8697"}],"collection":[{"href":"https:\/\/www.ufmg.br\/espacodoconhecimento\/wp-json\/wp\/v2\/pages"}],"about":[{"href":"https:\/\/www.ufmg.br\/espacodoconhecimento\/wp-json\/wp\/v2\/types\/page"}],"author":[{"embeddable":true,"href":"https:\/\/www.ufmg.br\/espacodoconhecimento\/wp-json\/wp\/v2\/users\/3"}],"replies":[{"embeddable":true,"href":"https:\/\/www.ufmg.br\/espacodoconhecimento\/wp-json\/wp\/v2\/comments?post=8697"}],"version-history":[{"count":16,"href":"https:\/\/www.ufmg.br\/espacodoconhecimento\/wp-json\/wp\/v2\/pages\/8697\/revisions"}],"predecessor-version":[{"id":8796,"href":"https:\/\/www.ufmg.br\/espacodoconhecimento\/wp-json\/wp\/v2\/pages\/8697\/revisions\/8796"}],"up":[{"embeddable":true,"href":"https:\/\/www.ufmg.br\/espacodoconhecimento\/wp-json\/wp\/v2\/pages\/243"}],"wp:attachment":[{"href":"https:\/\/www.ufmg.br\/espacodoconhecimento\/wp-json\/wp\/v2\/media?parent=8697"}],"curies":[{"name":"wp","href":"https:\/\/api.w.org\/{rel}","templated":true}]}}