{"id":17087,"date":"2020-05-06T18:25:35","date_gmt":"2020-05-06T21:25:35","guid":{"rendered":"https:\/\/www.ufmg.br\/estacaoecologica-novo2\/?page_id=17087"},"modified":"2021-05-19T12:03:58","modified_gmt":"2021-05-19T15:03:58","slug":"orientacoes","status":"publish","type":"page","link":"https:\/\/www.ufmg.br\/estacaoecologica\/pesquisa\/orientacoes\/","title":{"rendered":"Orienta\u00e7\u00f5es"},"content":{"rendered":"[vc_row][vc_column]<nav class=\"vcex-breadcrumbs\" style=\"font-size:14px;\"><span><span><a href=\"https:\/\/www.ufmg.br\/estacaoecologica\/\">In\u00edcio<\/a><\/span><\/span><\/nav>[\/vc_column][\/vc_row][vc_row][vc_column]<figure class=\"vcex-image vcex-module wpex-clr figcaption-legenda\"><div class=\"vcex-image-inner wpex-relative wpex-inline-block\"><a href=\"https:\/\/www.ufmg.br\/estacaoecologica\/wp-content\/uploads\/2020\/05\/orientacoes.jpg\" class=\"wpex-lightbox\"><img decoding=\"async\" width=\"1280\" height=\"548\" src=\"https:\/\/www.ufmg.br\/estacaoecologica\/wp-content\/uploads\/2020\/05\/orientacoes.jpg\" class=\"wpex-align-middle\" alt=\"Imagem ilustrativa. (Fonte: Google)\" loading=\"lazy\" srcset=\"https:\/\/www.ufmg.br\/estacaoecologica\/wp-content\/uploads\/2020\/05\/orientacoes.jpg 1280w, https:\/\/www.ufmg.br\/estacaoecologica\/wp-content\/uploads\/2020\/05\/orientacoes-300x128.jpg 300w, https:\/\/www.ufmg.br\/estacaoecologica\/wp-content\/uploads\/2020\/05\/orientacoes-1024x438.jpg 1024w, https:\/\/www.ufmg.br\/estacaoecologica\/wp-content\/uploads\/2020\/05\/orientacoes-768x329.jpg 768w\" sizes=\"auto, (max-width: 1280px) 100vw, 1280px\" \/><\/a><\/div><figcaption class=\"wpex-mt-10\">Imagem ilustrativa. (Fonte: Google)<\/figcaption><\/figure>[\/vc_column][\/vc_row][vc_row][vc_column]<h1 class=\"vcex-heading vcex-module wpex-text-2xl wpex-font-normal wpex-m-auto wpex-max-w-100 vcex-heading-plain wpex-block wpex-italic\" style=\"color:#254151;font-family:Merriweather;font-size:32px;letter-spacing:-1px;font-weight:900;line-height:48px;\"><span class=\"vcex-heading-inner wpex-inline-block wpex-clr\">Orienta\u00e7\u00f5es<\/span><\/h1>[vc_separator][\/vc_column][\/vc_row][vc_row][vc_column]<div class=\"vcex-heading vcex-module wpex-text-2xl wpex-font-normal wpex-m-auto wpex-max-w-100 vcex-heading-bottom-border-w-color wpex-block vc_custom_1605218509501 wpex-border-b-2 wpex-border-solid wpex-border-main\" style=\"font-size:16px;font-weight:600;\"><span class=\"vcex-heading-inner wpex-inline-block wpex-clr wpex-relative wpex-pb-5 wpex-border-b-2 wpex-border-solid wpex-border-accent\">Para realiza\u00e7\u00e3o de pesquisa no espa\u00e7o da EECO-UFMG<\/span><\/div>[\/vc_column][\/vc_row][vc_row css=&#8221;.vc_custom_1588869301209{border-top-width: 0px !important;border-right-width: 0px !important;border-bottom-width: 0px !important;border-left-width: 3px !important;padding-top: 25px !important;padding-right: 20px !important;padding-left: 20px !important;background-color: #f6f6f6 !important;border-left-color: #179e83 !important;border-left-style: solid !important;border-right-color: #179e83 !important;border-right-style: solid !important;border-top-color: #179e83 !important;border-top-style: solid !important;border-bottom-color: #179e83 !important;border-bottom-style: solid !important;}&#8221;][vc_column][vc_column_text css=&#8221;.vc_custom_1621436579736{padding-bottom: 20px !important;}&#8221;]<span style=\"font-size: 16px;\"><em>Caro Pesquisador,<\/em><\/span><\/p>\n<p>A Esta\u00e7\u00e3o Ecol\u00f3gica da UFMG fica feliz em poder contribuir com sua pesquisa e seus estudos! Para a solicita\u00e7\u00e3o da realiza\u00e7\u00e3o de pesquisas na unidade, siga o seguinte protocolo (ser\u00e1 solicitado o login em conta Google para o preenchimento do formul\u00e1rio):<\/p>\n<ol>\n<li>Clique no bot\u00e3o &#8220;formul\u00e1rio de requisi\u00e7\u00e3o&#8221; abaixo.<\/li>\n<li>Preencha todos os campos listados na p\u00e1gina que ir\u00e1 abrir.<\/li>\n<li>N\u00e3o deixe de anexar os documentos solicitados no formul\u00e1rio.<\/li>\n<li>Tendo finalizado todos os passos anteriores, clique no bot\u00e3o &#8220;Enviar&#8221; ao final do formul\u00e1rio para que os dados informados sejam enviados.<\/li>\n<\/ol>\n<p>Qualquer d\u00favida sobre o procedimento, envie um email para <a href=\"mailto:eeco@reitoria.ufmg.br\">eeco@reitoria.ufmg.br<\/a>.<\/p>\n<p>Ap\u00f3s a aprova\u00e7\u00e3o por parte da Dire\u00e7\u00e3o da Esta\u00e7\u00e3o Ecol\u00f3gica (e do SisBio, se for o caso), o pesquisador tem acesso a \u00e1rea da Esta\u00e7\u00e3o Ecol\u00f3gica para a realiza\u00e7\u00e3o da pesquisa. Ap\u00f3s a finaliza\u00e7\u00e3o da pesquisa e sua publica\u00e7\u00e3o, solicitamos que o pesquisador nos envie o resultado da pesquisa para que possamos alimentar nossa biblioteca de pesquisas realizadas na Esta\u00e7\u00e3o.[\/vc_column_text][vc_message message_box_color=&#8221;alert-warning&#8221; icon_fontawesome=&#8221;fas fa-exclamation-circle&#8221;]Aten\u00e7\u00e3o ao preencher os campos do formul\u00e1rio. Revise todos os campos preenchidos antes de clicar em &#8220;submit&#8221;. E, se ainda assim, algum dado foi preenchido errado ou o arquivo anexado n\u00e3o era o solicitado, entre em contato com a EECO-UFMG pelo email <a href=\"mailto:eeco@reitoria.ufmg.br\">eeco@reitoria.ufmg.br<\/a>.[\/vc_message][vc_empty_space height=&#8221;20px&#8221;]<div class=\"theme-button-wrap textcenter wpex-clr\"><a href=\"https:\/\/docs.google.com\/forms\/d\/e\/1FAIpQLSc-gYELOq8UNkycXzKKpQQ5uKJLD5Iv6rMe3345QvmwFqbCZw\/viewform\" class=\"vcex-button theme-button align-center inline\" target=\"_blank\" style=\"background:#fcca3d;padding-top:8px;padding-right:24px;padding-bottom:8px;padding-left:24px;font-size:16px;font-weight:600;border-radius:45px;\" rel=\"noopener noreferrer\" data-wpex-hover='{&quot;background&quot;:&quot;#013f51&quot;}'><span class=\"theme-button-inner\">Formul\u00e1rio de Requisi\u00e7\u00e3o<\/span><\/a><\/div> [\/vc_column][\/vc_row][vc_row][vc_column]<div class=\"vcex-spacing wpex-w-100 wpex-clear\"><\/div>[\/vc_column][\/vc_row]\n","protected":false},"excerpt":{"rendered":"<p>[vc_row][vc_column][\/vc_column][\/vc_row][vc_row][vc_column][\/vc_column][\/vc_row][vc_row][vc_column][vc_separator][\/vc_column][\/vc_row][vc_row][vc_column][\/vc_column][\/vc_row][vc_row css=&#8221;.vc_custom_1588869301209{border-top-width: 0px !important;border-right-width: 0px !important;border-bottom-width: 0px !important;border-left-width: 3px !important;padding-top: 25px !important;padding-right: 20px !important;padding-left: 20px !important;background-color: #f6f6f6 !important;border-left-color: #179e83 !important;border-left-style: solid !important;border-right-color: #179e83 !important;border-right-style: solid !important;border-top-color: #179e83 !important;border-top-style: solid !important;border-bottom-color:&hellip;<\/p>\n","protected":false},"author":1,"featured_media":0,"parent":17083,"menu_order":0,"comment_status":"closed","ping_status":"closed","template":"","meta":{"_EventAllDay":false,"_EventTimezone":"","_EventStartDate":"","_EventEndDate":"","_EventStartDateUTC":"","_EventEndDateUTC":"","_EventShowMap":false,"_EventShowMapLink":false,"_EventURL":"","_EventCost":"","_EventCostDescription":"","_EventCurrencySymbol":"","_EventCurrencyCode":"","_EventCurrencyPosition":"","_EventDateTimeSeparator":"","_EventTimeRangeSeparator":"","_EventOrganizerID":[],"_EventVenueID":[],"_OrganizerEmail":"","_OrganizerPhone":"","_OrganizerWebsite":"","_VenueAddress":"","_VenueCity":"","_VenueCountry":"","_VenueProvince":"","_VenueState":"","_VenueZip":"","_VenuePhone":"","_VenueURL":"","_VenueStateProvince":"","_VenueLat":"","_VenueLng":"","_VenueShowMap":false,"_VenueShowMapLink":false,"footnotes":""},"class_list":["post-17087","page","type-page","status-publish","hentry","entry","no-media"],"yoast_head":"<!-- This site is optimized with the Yoast SEO plugin v27.5 - https:\/\/yoast.com\/product\/yoast-seo-wordpress\/ -->\n<title>Orienta\u00e7\u00f5es - Esta\u00e7\u00e3o Ecol\u00f3gica da UFMG<\/title>\n<meta name=\"robots\" content=\"index, follow, max-snippet:-1, max-image-preview:large, max-video-preview:-1\" \/>\n<link rel=\"canonical\" href=\"https:\/\/www.ufmg.br\/estacaoecologica\/pesquisa\/orientacoes\/\" \/>\n<meta property=\"og:locale\" content=\"pt_BR\" \/>\n<meta property=\"og:type\" content=\"article\" \/>\n<meta property=\"og:title\" content=\"Orienta\u00e7\u00f5es - Esta\u00e7\u00e3o Ecol\u00f3gica da UFMG\" \/>\n<meta property=\"og:description\" content=\"[vc_row][vc_column][\/vc_column][\/vc_row][vc_row][vc_column][\/vc_column][\/vc_row][vc_row][vc_column][vc_separator][\/vc_column][\/vc_row][vc_row][vc_column][\/vc_column][\/vc_row][vc_row css=&#8221;.vc_custom_1588869301209{border-top-width: 0px !important;border-right-width: 0px !important;border-bottom-width: 0px !important;border-left-width: 3px !important;padding-top: 25px !important;padding-right: 20px !important;padding-left: 20px !important;background-color: #f6f6f6 !important;border-left-color: #179e83 !important;border-left-style: solid !important;border-right-color: #179e83 !important;border-right-style: solid !important;border-top-color: #179e83 !important;border-top-style: solid !important;border-bottom-color:&hellip;\" \/>\n<meta property=\"og:url\" content=\"https:\/\/www.ufmg.br\/estacaoecologica\/pesquisa\/orientacoes\/\" \/>\n<meta property=\"og:site_name\" content=\"Esta\u00e7\u00e3o Ecol\u00f3gica da UFMG\" \/>\n<meta property=\"article:modified_time\" content=\"2021-05-19T15:03:58+00:00\" \/>\n<meta name=\"twitter:card\" content=\"summary_large_image\" \/>\n<meta name=\"twitter:label1\" content=\"Est. tempo de leitura\" \/>\n\t<meta name=\"twitter:data1\" content=\"2 minutos\" \/>\n<script type=\"application\/ld+json\" class=\"yoast-schema-graph\">{\"@context\":\"https:\\\/\\\/schema.org\",\"@graph\":[{\"@type\":\"WebPage\",\"@id\":\"https:\\\/\\\/www.ufmg.br\\\/estacaoecologica\\\/pesquisa\\\/orientacoes\\\/\",\"url\":\"https:\\\/\\\/www.ufmg.br\\\/estacaoecologica\\\/pesquisa\\\/orientacoes\\\/\",\"name\":\"Orienta\u00e7\u00f5es - Esta\u00e7\u00e3o Ecol\u00f3gica da UFMG\",\"isPartOf\":{\"@id\":\"https:\\\/\\\/www.ufmg.br\\\/estacaoecologica\\\/#website\"},\"datePublished\":\"2020-05-06T21:25:35+00:00\",\"dateModified\":\"2021-05-19T15:03:58+00:00\",\"breadcrumb\":{\"@id\":\"https:\\\/\\\/www.ufmg.br\\\/estacaoecologica\\\/pesquisa\\\/orientacoes\\\/#breadcrumb\"},\"inLanguage\":\"pt-BR\",\"potentialAction\":[{\"@type\":\"ReadAction\",\"target\":[\"https:\\\/\\\/www.ufmg.br\\\/estacaoecologica\\\/pesquisa\\\/orientacoes\\\/\"]}]},{\"@type\":\"BreadcrumbList\",\"@id\":\"https:\\\/\\\/www.ufmg.br\\\/estacaoecologica\\\/pesquisa\\\/orientacoes\\\/#breadcrumb\",\"itemListElement\":[{\"@type\":\"ListItem\",\"position\":1,\"name\":\"In\u00edcio\",\"item\":\"https:\\\/\\\/www.ufmg.br\\\/estacaoecologica\\\/\"},{\"@type\":\"ListItem\",\"position\":2,\"name\":\"Pesquisa\",\"item\":\"https:\\\/\\\/www.ufmg.br\\\/estacaoecologica\\\/pesquisa\\\/\"},{\"@type\":\"ListItem\",\"position\":3,\"name\":\"Orienta\u00e7\u00f5es\"}]},{\"@type\":\"WebSite\",\"@id\":\"https:\\\/\\\/www.ufmg.br\\\/estacaoecologica\\\/#website\",\"url\":\"https:\\\/\\\/www.ufmg.br\\\/estacaoecologica\\\/\",\"name\":\"Esta\u00e7\u00e3o Ecol\u00f3gica da UFMG\",\"description\":\"Natureza, hist\u00f3ria e preserva\u00e7\u00e3o\",\"publisher\":{\"@id\":\"https:\\\/\\\/www.ufmg.br\\\/estacaoecologica\\\/#organization\"},\"potentialAction\":[{\"@type\":\"SearchAction\",\"target\":{\"@type\":\"EntryPoint\",\"urlTemplate\":\"https:\\\/\\\/www.ufmg.br\\\/estacaoecologica\\\/?s={search_term_string}\"},\"query-input\":{\"@type\":\"PropertyValueSpecification\",\"valueRequired\":true,\"valueName\":\"search_term_string\"}}],\"inLanguage\":\"pt-BR\"},{\"@type\":\"Organization\",\"@id\":\"https:\\\/\\\/www.ufmg.br\\\/estacaoecologica\\\/#organization\",\"name\":\"Esta\u00e7\u00e3o Ecol\u00f3gica da UFMG\",\"url\":\"https:\\\/\\\/www.ufmg.br\\\/estacaoecologica\\\/\",\"logo\":{\"@type\":\"ImageObject\",\"inLanguage\":\"pt-BR\",\"@id\":\"https:\\\/\\\/www.ufmg.br\\\/estacaoecologica\\\/#\\\/schema\\\/logo\\\/image\\\/\",\"url\":\"https:\\\/\\\/www.ufmg.br\\\/estacaoecologica\\\/wp-content\\\/uploads\\\/2020\\\/04\\\/logo-proex-v2.png\",\"contentUrl\":\"https:\\\/\\\/www.ufmg.br\\\/estacaoecologica\\\/wp-content\\\/uploads\\\/2020\\\/04\\\/logo-proex-v2.png\",\"width\":500,\"height\":104,\"caption\":\"Esta\u00e7\u00e3o Ecol\u00f3gica da UFMG\"},\"image\":{\"@id\":\"https:\\\/\\\/www.ufmg.br\\\/estacaoecologica\\\/#\\\/schema\\\/logo\\\/image\\\/\"}}]}<\/script>\n<!-- \/ Yoast SEO plugin. -->","yoast_head_json":{"title":"Orienta\u00e7\u00f5es - Esta\u00e7\u00e3o Ecol\u00f3gica da UFMG","robots":{"index":"index","follow":"follow","max-snippet":"max-snippet:-1","max-image-preview":"max-image-preview:large","max-video-preview":"max-video-preview:-1"},"canonical":"https:\/\/www.ufmg.br\/estacaoecologica\/pesquisa\/orientacoes\/","og_locale":"pt_BR","og_type":"article","og_title":"Orienta\u00e7\u00f5es - Esta\u00e7\u00e3o Ecol\u00f3gica da UFMG","og_description":"[vc_row][vc_column][\/vc_column][\/vc_row][vc_row][vc_column][\/vc_column][\/vc_row][vc_row][vc_column][vc_separator][\/vc_column][\/vc_row][vc_row][vc_column][\/vc_column][\/vc_row][vc_row css=&#8221;.vc_custom_1588869301209{border-top-width: 0px !important;border-right-width: 0px !important;border-bottom-width: 0px !important;border-left-width: 3px !important;padding-top: 25px !important;padding-right: 20px !important;padding-left: 20px !important;background-color: #f6f6f6 !important;border-left-color: #179e83 !important;border-left-style: solid !important;border-right-color: #179e83 !important;border-right-style: solid !important;border-top-color: #179e83 !important;border-top-style: solid !important;border-bottom-color:&hellip;","og_url":"https:\/\/www.ufmg.br\/estacaoecologica\/pesquisa\/orientacoes\/","og_site_name":"Esta\u00e7\u00e3o Ecol\u00f3gica da UFMG","article_modified_time":"2021-05-19T15:03:58+00:00","twitter_card":"summary_large_image","twitter_misc":{"Est. tempo de leitura":"2 minutos"},"schema":{"@context":"https:\/\/schema.org","@graph":[{"@type":"WebPage","@id":"https:\/\/www.ufmg.br\/estacaoecologica\/pesquisa\/orientacoes\/","url":"https:\/\/www.ufmg.br\/estacaoecologica\/pesquisa\/orientacoes\/","name":"Orienta\u00e7\u00f5es - Esta\u00e7\u00e3o Ecol\u00f3gica da UFMG","isPartOf":{"@id":"https:\/\/www.ufmg.br\/estacaoecologica\/#website"},"datePublished":"2020-05-06T21:25:35+00:00","dateModified":"2021-05-19T15:03:58+00:00","breadcrumb":{"@id":"https:\/\/www.ufmg.br\/estacaoecologica\/pesquisa\/orientacoes\/#breadcrumb"},"inLanguage":"pt-BR","potentialAction":[{"@type":"ReadAction","target":["https:\/\/www.ufmg.br\/estacaoecologica\/pesquisa\/orientacoes\/"]}]},{"@type":"BreadcrumbList","@id":"https:\/\/www.ufmg.br\/estacaoecologica\/pesquisa\/orientacoes\/#breadcrumb","itemListElement":[{"@type":"ListItem","position":1,"name":"In\u00edcio","item":"https:\/\/www.ufmg.br\/estacaoecologica\/"},{"@type":"ListItem","position":2,"name":"Pesquisa","item":"https:\/\/www.ufmg.br\/estacaoecologica\/pesquisa\/"},{"@type":"ListItem","position":3,"name":"Orienta\u00e7\u00f5es"}]},{"@type":"WebSite","@id":"https:\/\/www.ufmg.br\/estacaoecologica\/#website","url":"https:\/\/www.ufmg.br\/estacaoecologica\/","name":"Esta\u00e7\u00e3o Ecol\u00f3gica da UFMG","description":"Natureza, hist\u00f3ria e preserva\u00e7\u00e3o","publisher":{"@id":"https:\/\/www.ufmg.br\/estacaoecologica\/#organization"},"potentialAction":[{"@type":"SearchAction","target":{"@type":"EntryPoint","urlTemplate":"https:\/\/www.ufmg.br\/estacaoecologica\/?s={search_term_string}"},"query-input":{"@type":"PropertyValueSpecification","valueRequired":true,"valueName":"search_term_string"}}],"inLanguage":"pt-BR"},{"@type":"Organization","@id":"https:\/\/www.ufmg.br\/estacaoecologica\/#organization","name":"Esta\u00e7\u00e3o Ecol\u00f3gica da UFMG","url":"https:\/\/www.ufmg.br\/estacaoecologica\/","logo":{"@type":"ImageObject","inLanguage":"pt-BR","@id":"https:\/\/www.ufmg.br\/estacaoecologica\/#\/schema\/logo\/image\/","url":"https:\/\/www.ufmg.br\/estacaoecologica\/wp-content\/uploads\/2020\/04\/logo-proex-v2.png","contentUrl":"https:\/\/www.ufmg.br\/estacaoecologica\/wp-content\/uploads\/2020\/04\/logo-proex-v2.png","width":500,"height":104,"caption":"Esta\u00e7\u00e3o Ecol\u00f3gica da UFMG"},"image":{"@id":"https:\/\/www.ufmg.br\/estacaoecologica\/#\/schema\/logo\/image\/"}}]}},"_links":{"self":[{"href":"https:\/\/www.ufmg.br\/estacaoecologica\/wp-json\/wp\/v2\/pages\/17087","targetHints":{"allow":["GET"]}}],"collection":[{"href":"https:\/\/www.ufmg.br\/estacaoecologica\/wp-json\/wp\/v2\/pages"}],"about":[{"href":"https:\/\/www.ufmg.br\/estacaoecologica\/wp-json\/wp\/v2\/types\/page"}],"author":[{"embeddable":true,"href":"https:\/\/www.ufmg.br\/estacaoecologica\/wp-json\/wp\/v2\/users\/1"}],"replies":[{"embeddable":true,"href":"https:\/\/www.ufmg.br\/estacaoecologica\/wp-json\/wp\/v2\/comments?post=17087"}],"version-history":[{"count":44,"href":"https:\/\/www.ufmg.br\/estacaoecologica\/wp-json\/wp\/v2\/pages\/17087\/revisions"}],"predecessor-version":[{"id":19497,"href":"https:\/\/www.ufmg.br\/estacaoecologica\/wp-json\/wp\/v2\/pages\/17087\/revisions\/19497"}],"up":[{"embeddable":true,"href":"https:\/\/www.ufmg.br\/estacaoecologica\/wp-json\/wp\/v2\/pages\/17083"}],"wp:attachment":[{"href":"https:\/\/www.ufmg.br\/estacaoecologica\/wp-json\/wp\/v2\/media?parent=17087"}],"curies":[{"name":"wp","href":"https:\/\/api.w.org\/{rel}","templated":true}]}}