{"id":17238,"date":"2020-05-07T16:19:05","date_gmt":"2020-05-07T19:19:05","guid":{"rendered":"https:\/\/www.ufmg.br\/estacaoecologica-novo2\/?page_id=17238"},"modified":"2020-12-07T09:47:11","modified_gmt":"2020-12-07T12:47:11","slug":"proeco","status":"publish","type":"page","link":"https:\/\/www.ufmg.br\/estacaoecologica\/extensao\/proeco\/","title":{"rendered":"PROECO"},"content":{"rendered":"[vc_row][vc_column]<nav class=\"vcex-breadcrumbs\" style=\"font-size:14px;\"><span><span><a href=\"https:\/\/www.ufmg.br\/estacaoecologica\/\">In\u00edcio<\/a><\/span><\/span><\/nav>[\/vc_column][\/vc_row][vc_row][vc_column]<figure class=\"vcex-image vcex-module wpex-clr figcaption-legenda\"><div class=\"vcex-image-inner wpex-relative wpex-inline-block\"><a href=\"https:\/\/www.ufmg.br\/estacaoecologica\/wp-content\/uploads\/2020\/05\/proeco-v1.jpg\" class=\"wpex-lightbox\"><img decoding=\"async\" width=\"1280\" height=\"549\" src=\"https:\/\/www.ufmg.br\/estacaoecologica\/wp-content\/uploads\/2020\/05\/proeco-v1.jpg\" class=\"wpex-align-middle\" alt=\"Visitante em ponte da trilha ecol\u00f3gica. (foto acervo)\" loading=\"lazy\" srcset=\"https:\/\/www.ufmg.br\/estacaoecologica\/wp-content\/uploads\/2020\/05\/proeco-v1.jpg 1280w, https:\/\/www.ufmg.br\/estacaoecologica\/wp-content\/uploads\/2020\/05\/proeco-v1-300x129.jpg 300w, https:\/\/www.ufmg.br\/estacaoecologica\/wp-content\/uploads\/2020\/05\/proeco-v1-1024x439.jpg 1024w, https:\/\/www.ufmg.br\/estacaoecologica\/wp-content\/uploads\/2020\/05\/proeco-v1-768x329.jpg 768w\" sizes=\"auto, (max-width: 1280px) 100vw, 1280px\" \/><\/a><\/div><figcaption class=\"wpex-mt-10\">Visitante em ponte da trilha ecol\u00f3gica. (foto acervo)<\/figcaption><\/figure>[\/vc_column][\/vc_row][vc_row][vc_column]<h1 class=\"vcex-heading vcex-module wpex-text-2xl wpex-font-normal wpex-m-auto wpex-max-w-100 vcex-heading-plain wpex-block wpex-italic\" style=\"color:#254151;font-family:Merriweather;font-size:32px;letter-spacing:-1px;font-weight:900;line-height:48px;\"><span class=\"vcex-heading-inner wpex-inline-block wpex-clr\">PROECO<\/span><\/h1>[vc_separator][\/vc_column][\/vc_row][vc_row][vc_column][vc_column_text]O Programa Esta\u00e7\u00e3o Ecol\u00f3gica &#8211; PROECO \u00e9 bastante din\u00e2mico, abrange um universo cada vez maior de participantes, de forma a contribuir para que a Esta\u00e7\u00e3o Ecol\u00f3gica da UFMG consolide um di\u00e1logo efetivo com a sociedade. Ele tem se tornando um importante centro de refer\u00eancia para discuss\u00f5es de quest\u00f5es socioambientais em educa\u00e7\u00e3o ambiental para os alunos do munic\u00edpio, atendendo desde a educa\u00e7\u00e3o b\u00e1sica at\u00e9 o ensino superior. Desenvolvido com a PROEX, visa integrar as v\u00e1rias \u00e1reas do conhecimento \u00e0 proposta ambiental. Favorece ainda a interdisciplinaridade e a troca de informa\u00e7\u00f5es entre graduandos de diferentes cursos da UFMG, resgatando o contato dos cidad\u00e3os urbanos com a natureza e produzindo uma discuss\u00e3o sobre o homem e o ambiente. Al\u00e9m disso, proporciona um enriquecimento curricular de docentes, discentes e estagi\u00e1rios, um aumento significativo no n\u00famero de visitantes da \u00e1rea e o desenvolvimento de novas metodologias em educa\u00e7\u00e3o ambiental.[\/vc_column_text][\/vc_column][\/vc_row]\n","protected":false},"excerpt":{"rendered":"<p>[vc_row][vc_column][\/vc_column][\/vc_row][vc_row][vc_column][\/vc_column][\/vc_row][vc_row][vc_column][vc_separator][\/vc_column][\/vc_row][vc_row][vc_column][vc_column_text]O Programa Esta\u00e7\u00e3o Ecol\u00f3gica &#8211; PROECO \u00e9 bastante din\u00e2mico, abrange um universo cada vez maior de participantes, de forma a contribuir para que a Esta\u00e7\u00e3o Ecol\u00f3gica da UFMG consolide um&hellip;<\/p>\n","protected":false},"author":1,"featured_media":0,"parent":17227,"menu_order":0,"comment_status":"closed","ping_status":"closed","template":"","meta":{"_EventAllDay":false,"_EventTimezone":"","_EventStartDate":"","_EventEndDate":"","_EventStartDateUTC":"","_EventEndDateUTC":"","_EventShowMap":false,"_EventShowMapLink":false,"_EventURL":"","_EventCost":"","_EventCostDescription":"","_EventCurrencySymbol":"","_EventCurrencyCode":"","_EventCurrencyPosition":"","_EventDateTimeSeparator":"","_EventTimeRangeSeparator":"","_EventOrganizerID":[],"_EventVenueID":[],"_OrganizerEmail":"","_OrganizerPhone":"","_OrganizerWebsite":"","_VenueAddress":"","_VenueCity":"","_VenueCountry":"","_VenueProvince":"","_VenueState":"","_VenueZip":"","_VenuePhone":"","_VenueURL":"","_VenueStateProvince":"","_VenueLat":"","_VenueLng":"","_VenueShowMap":false,"_VenueShowMapLink":false,"footnotes":""},"class_list":["post-17238","page","type-page","status-publish","hentry","entry","no-media"],"yoast_head":"<!-- This site is optimized with the Yoast SEO plugin v27.5 - https:\/\/yoast.com\/product\/yoast-seo-wordpress\/ -->\n<title>PROECO - Esta\u00e7\u00e3o Ecol\u00f3gica da UFMG<\/title>\n<meta name=\"robots\" content=\"index, follow, max-snippet:-1, max-image-preview:large, max-video-preview:-1\" \/>\n<link rel=\"canonical\" href=\"https:\/\/www.ufmg.br\/estacaoecologica\/extensao\/proeco\/\" \/>\n<meta property=\"og:locale\" content=\"pt_BR\" \/>\n<meta property=\"og:type\" content=\"article\" \/>\n<meta property=\"og:title\" content=\"PROECO - Esta\u00e7\u00e3o Ecol\u00f3gica da UFMG\" \/>\n<meta property=\"og:description\" content=\"[vc_row][vc_column][\/vc_column][\/vc_row][vc_row][vc_column][\/vc_column][\/vc_row][vc_row][vc_column][vc_separator][\/vc_column][\/vc_row][vc_row][vc_column][vc_column_text]O Programa Esta\u00e7\u00e3o Ecol\u00f3gica &#8211; PROECO \u00e9 bastante din\u00e2mico, abrange um universo cada vez maior de participantes, de forma a contribuir para que a Esta\u00e7\u00e3o Ecol\u00f3gica da UFMG consolide um&hellip;\" \/>\n<meta property=\"og:url\" content=\"https:\/\/www.ufmg.br\/estacaoecologica\/extensao\/proeco\/\" \/>\n<meta property=\"og:site_name\" content=\"Esta\u00e7\u00e3o Ecol\u00f3gica da UFMG\" \/>\n<meta property=\"article:modified_time\" content=\"2020-12-07T12:47:11+00:00\" \/>\n<meta name=\"twitter:card\" content=\"summary_large_image\" \/>\n<meta name=\"twitter:label1\" content=\"Est. tempo de leitura\" \/>\n\t<meta name=\"twitter:data1\" content=\"1 minuto\" \/>\n<script type=\"application\/ld+json\" class=\"yoast-schema-graph\">{\"@context\":\"https:\\\/\\\/schema.org\",\"@graph\":[{\"@type\":\"WebPage\",\"@id\":\"https:\\\/\\\/www.ufmg.br\\\/estacaoecologica\\\/extensao\\\/proeco\\\/\",\"url\":\"https:\\\/\\\/www.ufmg.br\\\/estacaoecologica\\\/extensao\\\/proeco\\\/\",\"name\":\"PROECO - Esta\u00e7\u00e3o Ecol\u00f3gica da UFMG\",\"isPartOf\":{\"@id\":\"https:\\\/\\\/www.ufmg.br\\\/estacaoecologica\\\/#website\"},\"datePublished\":\"2020-05-07T19:19:05+00:00\",\"dateModified\":\"2020-12-07T12:47:11+00:00\",\"breadcrumb\":{\"@id\":\"https:\\\/\\\/www.ufmg.br\\\/estacaoecologica\\\/extensao\\\/proeco\\\/#breadcrumb\"},\"inLanguage\":\"pt-BR\",\"potentialAction\":[{\"@type\":\"ReadAction\",\"target\":[\"https:\\\/\\\/www.ufmg.br\\\/estacaoecologica\\\/extensao\\\/proeco\\\/\"]}]},{\"@type\":\"BreadcrumbList\",\"@id\":\"https:\\\/\\\/www.ufmg.br\\\/estacaoecologica\\\/extensao\\\/proeco\\\/#breadcrumb\",\"itemListElement\":[{\"@type\":\"ListItem\",\"position\":1,\"name\":\"In\u00edcio\",\"item\":\"https:\\\/\\\/www.ufmg.br\\\/estacaoecologica\\\/\"},{\"@type\":\"ListItem\",\"position\":2,\"name\":\"Extens\u00e3o\",\"item\":\"https:\\\/\\\/www.ufmg.br\\\/estacaoecologica\\\/extensao\\\/\"},{\"@type\":\"ListItem\",\"position\":3,\"name\":\"PROECO\"}]},{\"@type\":\"WebSite\",\"@id\":\"https:\\\/\\\/www.ufmg.br\\\/estacaoecologica\\\/#website\",\"url\":\"https:\\\/\\\/www.ufmg.br\\\/estacaoecologica\\\/\",\"name\":\"Esta\u00e7\u00e3o Ecol\u00f3gica da UFMG\",\"description\":\"Natureza, hist\u00f3ria e preserva\u00e7\u00e3o\",\"publisher\":{\"@id\":\"https:\\\/\\\/www.ufmg.br\\\/estacaoecologica\\\/#organization\"},\"potentialAction\":[{\"@type\":\"SearchAction\",\"target\":{\"@type\":\"EntryPoint\",\"urlTemplate\":\"https:\\\/\\\/www.ufmg.br\\\/estacaoecologica\\\/?s={search_term_string}\"},\"query-input\":{\"@type\":\"PropertyValueSpecification\",\"valueRequired\":true,\"valueName\":\"search_term_string\"}}],\"inLanguage\":\"pt-BR\"},{\"@type\":\"Organization\",\"@id\":\"https:\\\/\\\/www.ufmg.br\\\/estacaoecologica\\\/#organization\",\"name\":\"Esta\u00e7\u00e3o Ecol\u00f3gica da UFMG\",\"url\":\"https:\\\/\\\/www.ufmg.br\\\/estacaoecologica\\\/\",\"logo\":{\"@type\":\"ImageObject\",\"inLanguage\":\"pt-BR\",\"@id\":\"https:\\\/\\\/www.ufmg.br\\\/estacaoecologica\\\/#\\\/schema\\\/logo\\\/image\\\/\",\"url\":\"https:\\\/\\\/www.ufmg.br\\\/estacaoecologica\\\/wp-content\\\/uploads\\\/2020\\\/04\\\/logo-proex-v2.png\",\"contentUrl\":\"https:\\\/\\\/www.ufmg.br\\\/estacaoecologica\\\/wp-content\\\/uploads\\\/2020\\\/04\\\/logo-proex-v2.png\",\"width\":500,\"height\":104,\"caption\":\"Esta\u00e7\u00e3o Ecol\u00f3gica da UFMG\"},\"image\":{\"@id\":\"https:\\\/\\\/www.ufmg.br\\\/estacaoecologica\\\/#\\\/schema\\\/logo\\\/image\\\/\"}}]}<\/script>\n<!-- \/ Yoast SEO plugin. -->","yoast_head_json":{"title":"PROECO - Esta\u00e7\u00e3o Ecol\u00f3gica da UFMG","robots":{"index":"index","follow":"follow","max-snippet":"max-snippet:-1","max-image-preview":"max-image-preview:large","max-video-preview":"max-video-preview:-1"},"canonical":"https:\/\/www.ufmg.br\/estacaoecologica\/extensao\/proeco\/","og_locale":"pt_BR","og_type":"article","og_title":"PROECO - Esta\u00e7\u00e3o Ecol\u00f3gica da UFMG","og_description":"[vc_row][vc_column][\/vc_column][\/vc_row][vc_row][vc_column][\/vc_column][\/vc_row][vc_row][vc_column][vc_separator][\/vc_column][\/vc_row][vc_row][vc_column][vc_column_text]O Programa Esta\u00e7\u00e3o Ecol\u00f3gica &#8211; PROECO \u00e9 bastante din\u00e2mico, abrange um universo cada vez maior de participantes, de forma a contribuir para que a Esta\u00e7\u00e3o Ecol\u00f3gica da UFMG consolide um&hellip;","og_url":"https:\/\/www.ufmg.br\/estacaoecologica\/extensao\/proeco\/","og_site_name":"Esta\u00e7\u00e3o Ecol\u00f3gica da UFMG","article_modified_time":"2020-12-07T12:47:11+00:00","twitter_card":"summary_large_image","twitter_misc":{"Est. tempo de leitura":"1 minuto"},"schema":{"@context":"https:\/\/schema.org","@graph":[{"@type":"WebPage","@id":"https:\/\/www.ufmg.br\/estacaoecologica\/extensao\/proeco\/","url":"https:\/\/www.ufmg.br\/estacaoecologica\/extensao\/proeco\/","name":"PROECO - Esta\u00e7\u00e3o Ecol\u00f3gica da UFMG","isPartOf":{"@id":"https:\/\/www.ufmg.br\/estacaoecologica\/#website"},"datePublished":"2020-05-07T19:19:05+00:00","dateModified":"2020-12-07T12:47:11+00:00","breadcrumb":{"@id":"https:\/\/www.ufmg.br\/estacaoecologica\/extensao\/proeco\/#breadcrumb"},"inLanguage":"pt-BR","potentialAction":[{"@type":"ReadAction","target":["https:\/\/www.ufmg.br\/estacaoecologica\/extensao\/proeco\/"]}]},{"@type":"BreadcrumbList","@id":"https:\/\/www.ufmg.br\/estacaoecologica\/extensao\/proeco\/#breadcrumb","itemListElement":[{"@type":"ListItem","position":1,"name":"In\u00edcio","item":"https:\/\/www.ufmg.br\/estacaoecologica\/"},{"@type":"ListItem","position":2,"name":"Extens\u00e3o","item":"https:\/\/www.ufmg.br\/estacaoecologica\/extensao\/"},{"@type":"ListItem","position":3,"name":"PROECO"}]},{"@type":"WebSite","@id":"https:\/\/www.ufmg.br\/estacaoecologica\/#website","url":"https:\/\/www.ufmg.br\/estacaoecologica\/","name":"Esta\u00e7\u00e3o Ecol\u00f3gica da UFMG","description":"Natureza, hist\u00f3ria e preserva\u00e7\u00e3o","publisher":{"@id":"https:\/\/www.ufmg.br\/estacaoecologica\/#organization"},"potentialAction":[{"@type":"SearchAction","target":{"@type":"EntryPoint","urlTemplate":"https:\/\/www.ufmg.br\/estacaoecologica\/?s={search_term_string}"},"query-input":{"@type":"PropertyValueSpecification","valueRequired":true,"valueName":"search_term_string"}}],"inLanguage":"pt-BR"},{"@type":"Organization","@id":"https:\/\/www.ufmg.br\/estacaoecologica\/#organization","name":"Esta\u00e7\u00e3o Ecol\u00f3gica da UFMG","url":"https:\/\/www.ufmg.br\/estacaoecologica\/","logo":{"@type":"ImageObject","inLanguage":"pt-BR","@id":"https:\/\/www.ufmg.br\/estacaoecologica\/#\/schema\/logo\/image\/","url":"https:\/\/www.ufmg.br\/estacaoecologica\/wp-content\/uploads\/2020\/04\/logo-proex-v2.png","contentUrl":"https:\/\/www.ufmg.br\/estacaoecologica\/wp-content\/uploads\/2020\/04\/logo-proex-v2.png","width":500,"height":104,"caption":"Esta\u00e7\u00e3o Ecol\u00f3gica da UFMG"},"image":{"@id":"https:\/\/www.ufmg.br\/estacaoecologica\/#\/schema\/logo\/image\/"}}]}},"_links":{"self":[{"href":"https:\/\/www.ufmg.br\/estacaoecologica\/wp-json\/wp\/v2\/pages\/17238","targetHints":{"allow":["GET"]}}],"collection":[{"href":"https:\/\/www.ufmg.br\/estacaoecologica\/wp-json\/wp\/v2\/pages"}],"about":[{"href":"https:\/\/www.ufmg.br\/estacaoecologica\/wp-json\/wp\/v2\/types\/page"}],"author":[{"embeddable":true,"href":"https:\/\/www.ufmg.br\/estacaoecologica\/wp-json\/wp\/v2\/users\/1"}],"replies":[{"embeddable":true,"href":"https:\/\/www.ufmg.br\/estacaoecologica\/wp-json\/wp\/v2\/comments?post=17238"}],"version-history":[{"count":7,"href":"https:\/\/www.ufmg.br\/estacaoecologica\/wp-json\/wp\/v2\/pages\/17238\/revisions"}],"predecessor-version":[{"id":18885,"href":"https:\/\/www.ufmg.br\/estacaoecologica\/wp-json\/wp\/v2\/pages\/17238\/revisions\/18885"}],"up":[{"embeddable":true,"href":"https:\/\/www.ufmg.br\/estacaoecologica\/wp-json\/wp\/v2\/pages\/17227"}],"wp:attachment":[{"href":"https:\/\/www.ufmg.br\/estacaoecologica\/wp-json\/wp\/v2\/media?parent=17238"}],"curies":[{"name":"wp","href":"https:\/\/api.w.org\/{rel}","templated":true}]}}