{"id":17634,"date":"2020-06-21T19:09:57","date_gmt":"2020-06-21T22:09:57","guid":{"rendered":"https:\/\/www.ufmg.br\/estacaoecologica-novo2\/?page_id=17634"},"modified":"2021-03-11T19:29:55","modified_gmt":"2021-03-11T22:29:55","slug":"3d-virtual-tour","status":"publish","type":"page","link":"https:\/\/www.ufmg.br\/estacaoecologica\/institucional\/memorial-virtual-eeco\/3d-virtual-tour\/","title":{"rendered":"3d Virtual Tour"},"content":{"rendered":"[vc_row column_spacing=&#8221;50&#8243; bg_style=&#8221;stretch&#8221; css=&#8221;.vc_custom_1489785582478{padding-top: 0px !important;padding-bottom: 5px !important;}&#8221;][vc_column 0=&#8221;&#8221;]<h2 class=\"vcex-heading vcex-module wpex-text-2xl wpex-font-normal wpex-m-auto wpex-max-w-100 vcex-heading-plain wpex-block wpex-text-center wpex-italic\" style=\"color:#254151;font-family:Georgia, serif;font-size:32px;letter-spacing:-1px;font-weight:600;line-height:48px;\"><span class=\"vcex-heading-inner wpex-inline-block wpex-clr\">Imersivo e Informativo<\/span><\/h2><div class=\"vcex-spacing wpex-w-100 wpex-clear\" style=\"height:15px;\"><\/div>[vc_column_text width=&#8221;750&#8243; font_size=&#8221;14px&#8221;]\n<p style=\"text-align: center;\">Espa\u00e7os da Esta\u00e7\u00e3o Ecol\u00f3gica em 360\u00b0. Fa\u00e7a este Tour Virtual.<br \/>\nAp\u00f3s ativar o visualizador, clique (segure o clique) e arraste com o mouse para &#8220;girar&#8221; as imagens.<\/p>\n[\/vc_column_text][\/vc_column][\/vc_row][vc_row full_width=&#8221;stretch_row&#8221; bg_style=&#8221;stretch&#8221; css=&#8221;.vc_custom_1489785570215{border-top-width: 1px !important;border-right-width: 0px !important;border-bottom-width: 1px !important;border-left-width: 0px !important;padding-top: 45px !important;background-color: #f7f7f7 !important;border-left-color: #e4e4e4 !important;border-left-style: solid !important;border-right-color: #e4e4e4 !important;border-right-style: solid !important;border-top-color: #e4e4e4 !important;border-top-style: solid !important;border-bottom-color: #e4e4e4 !important;border-bottom-style: solid !important;}&#8221;][vc_column 0=&#8221;&#8221;][vc_row_inner css=&#8221;.vc_custom_1615501687910{margin-bottom: 40px !important;}&#8221;][vc_column_inner]<h1 class=\"vcex-heading vcex-module wpex-text-2xl wpex-font-normal wpex-m-auto wpex-max-w-100 vcex-heading-plain wpex-block wpex-text-center wpex-italic\" style=\"color:#254151;font-family:Merriweather;font-size:32px;letter-spacing:-1px;font-weight:800;line-height:48 px;\"><span class=\"vcex-heading-inner wpex-inline-block wpex-clr\">Portaria Esta\u00e7\u00e3o Ecol\u00f3gica<\/span><\/h1><div class=\"vcex-module vcex-divider vcex-divider-solid wpex-max-w-100 wpex-mx-auto vcex-divider-has-icon wpex-flex wpex-items-center\"><div class=\"vcex-divider-border wpex-flex-grow wpex-border-b wpex-border-solid wpex-border-main\"><\/div><span class=\"vcex-divider-icon-span wpex-inline-flex wpex-justify-center wpex-items-center wpex-box-content wpex-inline-block wpex-text-center wpex-text-lg wpex-py-10 wpex-px-20\" style=\"color:#179e83;\"><span class=\"ticon ticon-leaf\" aria-hidden=\"true\"><\/span><\/span><div class=\"vcex-divider-border wpex-flex-grow wpex-border-b wpex-border-solid wpex-border-main\"><\/div><\/div><div class=\"vcex-module vcex-form-shortcode wpex-form wpex-m-auto wpex-max-w-100 wpex-form-modern full-width-input\" style=\"width:750px;\"><!-- ipanorama begin -->\n<div class=\"ipanorama ipnrm-9\"data-json-src=\"https:\/\/www.ufmg.br\/estacaoecologica\/wp-content\/uploads\/ipanorama\/9\/config.json?ver=1615500494\" data-item-id=\"9\" style=\"display:none;background-image:url(https:\/\/www.ufmg.br\/estacaoecologica\/wp-content\/uploads\/2021\/03\/rotulo-360-01.jpg);\">\n<div class=\"ipnrm-store\">\n<div class=\"ipnrm-scene\" data-scene-id=\"5959f490\">\n<div class=\"ipnrm-markers-data\">\n<\/div>\n<div class=\"ipnrm-tooltips-data\">\n<\/div>\n<div class=\"ipnrm-popovers-data\">\n<\/div>\n<\/div>\n<\/div>\n<\/div>\n<!-- ipanorama end -->\n<\/div>[\/vc_column_inner][\/vc_row_inner][vc_row_inner css=&#8221;.vc_custom_1614272749126{margin-top: 40px !important;margin-bottom: 40px !important;}&#8221;][vc_column_inner]<h1 class=\"vcex-heading vcex-module wpex-text-2xl wpex-font-normal wpex-m-auto wpex-max-w-100 vcex-heading-plain wpex-block wpex-text-center wpex-italic\" style=\"color:#254151;font-family:Merriweather;font-size:32px;letter-spacing:-1px;font-weight:800;line-height:48 px;\"><span class=\"vcex-heading-inner wpex-inline-block wpex-clr\">Administra\u00e7\u00e3o<\/span><\/h1><div class=\"vcex-module vcex-divider vcex-divider-solid wpex-max-w-100 wpex-mx-auto vcex-divider-has-icon wpex-flex wpex-items-center\"><div class=\"vcex-divider-border wpex-flex-grow wpex-border-b wpex-border-solid wpex-border-main\"><\/div><span class=\"vcex-divider-icon-span wpex-inline-flex wpex-justify-center wpex-items-center wpex-box-content wpex-inline-block wpex-text-center wpex-text-lg wpex-py-10 wpex-px-20\" style=\"color:#179e83;\"><span class=\"ticon ticon-leaf\" aria-hidden=\"true\"><\/span><\/span><div class=\"vcex-divider-border wpex-flex-grow wpex-border-b wpex-border-solid wpex-border-main\"><\/div><\/div><div class=\"vcex-module vcex-form-shortcode wpex-form wpex-m-auto wpex-max-w-100 wpex-form-modern full-width-input\" style=\"width:750px;\"><!-- ipanorama begin -->\n<div class=\"ipanorama ipnrm-8\"data-json-src=\"https:\/\/www.ufmg.br\/estacaoecologica\/wp-content\/uploads\/ipanorama\/8\/config.json?ver=1615500543\" data-item-id=\"8\" style=\"display:none;background-image:url(https:\/\/www.ufmg.br\/estacaoecologica\/wp-content\/uploads\/2021\/03\/rotulo-360-03.jpg);\">\n<div class=\"ipnrm-store\">\n<div class=\"ipnrm-scene\" data-scene-id=\"39a8cc86\">\n<div class=\"ipnrm-markers-data\">\n<\/div>\n<div class=\"ipnrm-tooltips-data\">\n<\/div>\n<div class=\"ipnrm-popovers-data\">\n<\/div>\n<\/div>\n<\/div>\n<\/div>\n<!-- ipanorama end -->\n<\/div><div class=\"vcex-spacing wpex-w-100 wpex-clear\"><\/div><div class=\"vcex-module vcex-form-shortcode wpex-form wpex-m-auto wpex-max-w-100 wpex-form-modern full-width-input\" style=\"width:750px;\"><!-- ipanorama begin -->\n<div class=\"ipanorama ipnrm-11\"data-json-src=\"https:\/\/www.ufmg.br\/estacaoecologica\/wp-content\/uploads\/ipanorama\/11\/config.json?ver=1615501063\" data-item-id=\"11\" style=\"display:none;background-image:url(https:\/\/www.ufmg.br\/estacaoecologica\/wp-content\/uploads\/2021\/03\/rotulo-360-04.jpg);\">\n<div class=\"ipnrm-store\">\n<div class=\"ipnrm-scene\" data-scene-id=\"79ece635\">\n<div class=\"ipnrm-markers-data\">\n<\/div>\n<div class=\"ipnrm-tooltips-data\">\n<div class=\"ipnrm-data\" data-marker-id=\"46c9d9e8\">\n<p>Torre da Olaria.<\/p>\n<\/div>\n<div class=\"ipnrm-data\" data-marker-id=\"23453127\">\n<p>Olaria.<\/p>\n<\/div>\n<div class=\"ipnrm-data\" data-marker-id=\"e25e91fc\">\n<p>Espa\u00e7o do Viveiro e Oficinas Ambientais.<\/p>\n<\/div>\n<div class=\"ipnrm-data\" data-marker-id=\"09a517c6\">\n<p>Pr\u00e9dio Administrativo da Esta\u00e7\u00e3o Ecol\u00f3gica da UFMG.<\/p>\n<\/div>\n<\/div>\n<div class=\"ipnrm-popovers-data\">\n<\/div>\n<\/div>\n<\/div>\n<\/div>\n<!-- ipanorama end -->\n<\/div>[\/vc_column_inner][\/vc_row_inner][vc_row_inner css=&#8221;.vc_custom_1614272749126{margin-top: 40px !important;margin-bottom: 40px !important;}&#8221;][vc_column_inner]<h1 class=\"vcex-heading vcex-module wpex-text-2xl wpex-font-normal wpex-m-auto wpex-max-w-100 vcex-heading-plain wpex-block wpex-text-center wpex-italic\" style=\"color:#254151;font-family:Merriweather;font-size:32px;letter-spacing:-1px;font-weight:800;line-height:48 px;\"><span class=\"vcex-heading-inner wpex-inline-block wpex-clr\">Olaria<\/span><\/h1><div class=\"vcex-module vcex-divider vcex-divider-solid wpex-max-w-100 wpex-mx-auto vcex-divider-has-icon wpex-flex wpex-items-center\"><div class=\"vcex-divider-border wpex-flex-grow wpex-border-b wpex-border-solid wpex-border-main\"><\/div><span class=\"vcex-divider-icon-span wpex-inline-flex wpex-justify-center wpex-items-center wpex-box-content wpex-inline-block wpex-text-center wpex-text-lg wpex-py-10 wpex-px-20\" style=\"color:#179e83;\"><span class=\"ticon ticon-leaf\" aria-hidden=\"true\"><\/span><\/span><div class=\"vcex-divider-border wpex-flex-grow wpex-border-b wpex-border-solid wpex-border-main\"><\/div><\/div><div class=\"vcex-module vcex-form-shortcode wpex-form wpex-m-auto wpex-max-w-100 wpex-form-modern full-width-input\" style=\"width:750px;\"><!-- ipanorama begin -->\n<div class=\"ipanorama ipnrm-7\"data-json-src=\"https:\/\/www.ufmg.br\/estacaoecologica\/wp-content\/uploads\/ipanorama\/7\/config.json?ver=1615500601\" data-item-id=\"7\" style=\"display:none;background-image:url(https:\/\/www.ufmg.br\/estacaoecologica\/wp-content\/uploads\/2021\/03\/rotulo-360-05.jpg);\">\n<div class=\"ipnrm-store\">\n<div class=\"ipnrm-scene\" data-scene-id=\"7267fb39\">\n<div class=\"ipnrm-markers-data\">\n<\/div>\n<div class=\"ipnrm-tooltips-data\">\n<\/div>\n<div class=\"ipnrm-popovers-data\">\n<\/div>\n<\/div>\n<\/div>\n<\/div>\n<!-- ipanorama end -->\n<\/div>[\/vc_column_inner][\/vc_row_inner][vc_row_inner][vc_column_inner]<h1 class=\"vcex-heading vcex-module wpex-text-2xl wpex-font-normal wpex-m-auto wpex-max-w-100 vcex-heading-plain wpex-block wpex-text-center wpex-italic\" style=\"color:#254151;font-family:Merriweather;font-size:32px;letter-spacing:-1px;font-weight:800;line-height:48 px;\"><span class=\"vcex-heading-inner wpex-inline-block wpex-clr\">Quiosque<\/span><\/h1><div class=\"vcex-module vcex-divider vcex-divider-solid wpex-max-w-100 wpex-mx-auto vcex-divider-has-icon wpex-flex wpex-items-center\"><div class=\"vcex-divider-border wpex-flex-grow wpex-border-b wpex-border-solid wpex-border-main\"><\/div><span class=\"vcex-divider-icon-span wpex-inline-flex wpex-justify-center wpex-items-center wpex-box-content wpex-inline-block wpex-text-center wpex-text-lg wpex-py-10 wpex-px-20\" style=\"color:#179e83;\"><span class=\"ticon ticon-leaf\" aria-hidden=\"true\"><\/span><\/span><div class=\"vcex-divider-border wpex-flex-grow wpex-border-b wpex-border-solid wpex-border-main\"><\/div><\/div><div class=\"vcex-module vcex-form-shortcode wpex-form wpex-m-auto wpex-max-w-100 wpex-form-modern full-width-input\" style=\"width:750px;\"><!-- ipanorama begin -->\n<div class=\"ipanorama ipnrm-2\"data-json-src=\"https:\/\/www.ufmg.br\/estacaoecologica\/wp-content\/uploads\/ipanorama\/2\/config.json?ver=1615501378\" data-item-id=\"2\" style=\"display:none;background-image:url(https:\/\/www.ufmg.br\/estacaoecologica\/wp-content\/uploads\/2021\/03\/rotulo-360-06.jpg);\">\n<div class=\"ipnrm-store\">\n<div class=\"ipnrm-scene\" data-scene-id=\"a0cc3363\">\n<div class=\"ipnrm-markers-data\">\n<\/div>\n<div class=\"ipnrm-tooltips-data\">\n<div class=\"ipnrm-data\" data-marker-id=\"639dcabf\">\n<p>\u00c1rea coberta do quiosque para cursos e oficinas.<\/p>\n<\/div>\n<div class=\"ipnrm-data\" data-marker-id=\"8649b1dc\">\n<p>Lixeiras para reciclagem.<\/p>\n<\/div>\n<\/div>\n<div class=\"ipnrm-popovers-data\">\n<\/div>\n<\/div>\n<\/div>\n<\/div>\n<!-- ipanorama end -->\n<\/div>[\/vc_column_inner][\/vc_row_inner][vc_row_inner css=&#8221;.vc_custom_1614272749126{margin-top: 40px !important;margin-bottom: 40px !important;}&#8221;][vc_column_inner]<h1 class=\"vcex-heading vcex-module wpex-text-2xl wpex-font-normal wpex-m-auto wpex-max-w-100 vcex-heading-plain wpex-block wpex-text-center wpex-italic\" style=\"color:#254151;font-family:Merriweather;font-size:32px;letter-spacing:-1px;font-weight:800;line-height:48 px;\"><span class=\"vcex-heading-inner wpex-inline-block wpex-clr\">Esta\u00e7\u00e3o Meteorol\u00f3gica<\/span><\/h1><div class=\"vcex-module vcex-divider vcex-divider-solid wpex-max-w-100 wpex-mx-auto vcex-divider-has-icon wpex-flex wpex-items-center\"><div class=\"vcex-divider-border wpex-flex-grow wpex-border-b wpex-border-solid wpex-border-main\"><\/div><span class=\"vcex-divider-icon-span wpex-inline-flex wpex-justify-center wpex-items-center wpex-box-content wpex-inline-block wpex-text-center wpex-text-lg wpex-py-10 wpex-px-20\" style=\"color:#179e83;\"><span class=\"ticon ticon-leaf\" aria-hidden=\"true\"><\/span><\/span><div class=\"vcex-divider-border wpex-flex-grow wpex-border-b wpex-border-solid wpex-border-main\"><\/div><\/div><div class=\"vcex-module vcex-form-shortcode wpex-form wpex-m-auto wpex-max-w-100 wpex-form-modern full-width-input\" style=\"width:750px;\"><!-- ipanorama begin -->\n<div class=\"ipanorama ipnrm-5\"data-json-src=\"https:\/\/www.ufmg.br\/estacaoecologica\/wp-content\/uploads\/ipanorama\/5\/config.json?ver=1615500836\" data-item-id=\"5\" style=\"display:none;background-image:url(https:\/\/www.ufmg.br\/estacaoecologica\/wp-content\/uploads\/2021\/03\/rotulo-360-07.jpg);\">\n<div class=\"ipnrm-store\">\n<div class=\"ipnrm-scene\" data-scene-id=\"6ccb814e\">\n<div class=\"ipnrm-markers-data\">\n<\/div>\n<div class=\"ipnrm-tooltips-data\">\n<\/div>\n<div class=\"ipnrm-popovers-data\">\n<\/div>\n<\/div>\n<\/div>\n<\/div>\n<!-- ipanorama end -->\n<\/div>[\/vc_column_inner][\/vc_row_inner][vc_row_inner css=&#8221;.vc_custom_1614272749126{margin-top: 40px !important;margin-bottom: 40px !important;}&#8221;][vc_column_inner]<h1 class=\"vcex-heading vcex-module wpex-text-2xl wpex-font-normal wpex-m-auto wpex-max-w-100 vcex-heading-plain wpex-block wpex-text-center wpex-italic\" style=\"color:#254151;font-family:Merriweather;font-size:32px;letter-spacing:-1px;font-weight:800;line-height:48 px;\"><span class=\"vcex-heading-inner wpex-inline-block wpex-clr\">Trilha<\/span><\/h1><div class=\"vcex-module vcex-divider vcex-divider-solid wpex-max-w-100 wpex-mx-auto vcex-divider-has-icon wpex-flex wpex-items-center\"><div class=\"vcex-divider-border wpex-flex-grow wpex-border-b wpex-border-solid wpex-border-main\"><\/div><span class=\"vcex-divider-icon-span wpex-inline-flex wpex-justify-center wpex-items-center wpex-box-content wpex-inline-block wpex-text-center wpex-text-lg wpex-py-10 wpex-px-20\" style=\"color:#179e83;\"><span class=\"ticon ticon-leaf\" aria-hidden=\"true\"><\/span><\/span><div class=\"vcex-divider-border wpex-flex-grow wpex-border-b wpex-border-solid wpex-border-main\"><\/div><\/div><div class=\"vcex-module vcex-form-shortcode wpex-form wpex-m-auto wpex-max-w-100 wpex-form-modern full-width-input\" style=\"width:750px;\"><!-- ipanorama begin -->\n<div class=\"ipanorama ipnrm-10\"data-json-src=\"https:\/\/www.ufmg.br\/estacaoecologica\/wp-content\/uploads\/ipanorama\/10\/config.json?ver=1615501100\" data-item-id=\"10\" style=\"display:none;background-image:url(https:\/\/www.ufmg.br\/estacaoecologica\/wp-content\/uploads\/2021\/03\/rotulo-360-08.jpg);\">\n<div class=\"ipnrm-store\">\n<div class=\"ipnrm-scene\" data-scene-id=\"6109aee3\">\n<div class=\"ipnrm-markers-data\">\n<\/div>\n<div class=\"ipnrm-tooltips-data\">\n<div class=\"ipnrm-data\" data-marker-id=\"cb077e16\">\n<p><span class=\"vcex-heading-inner wpex-inline-block wpex-clr\">Copa\u00edba (<em>Copaifera langsdorffii<\/em>)<\/span><\/p>\n<\/div>\n<\/div>\n<div class=\"ipnrm-popovers-data\">\n<\/div>\n<\/div>\n<\/div>\n<\/div>\n<!-- ipanorama end -->\n<\/div>[\/vc_column_inner][\/vc_row_inner][vc_row_inner css=&#8221;.vc_custom_1614272749126{margin-top: 40px !important;margin-bottom: 40px !important;}&#8221;][vc_column_inner]<h1 class=\"vcex-heading vcex-module wpex-text-2xl wpex-font-normal wpex-m-auto wpex-max-w-100 vcex-heading-plain wpex-block wpex-text-center wpex-italic\" style=\"color:#254151;font-family:Merriweather;font-size:32px;letter-spacing:-1px;font-weight:800;line-height:48 px;\"><span class=\"vcex-heading-inner wpex-inline-block wpex-clr\">Bambuzal<\/span><\/h1><div class=\"vcex-module vcex-divider vcex-divider-solid wpex-max-w-100 wpex-mx-auto vcex-divider-has-icon wpex-flex wpex-items-center\"><div class=\"vcex-divider-border wpex-flex-grow wpex-border-b wpex-border-solid wpex-border-main\"><\/div><span class=\"vcex-divider-icon-span wpex-inline-flex wpex-justify-center wpex-items-center wpex-box-content wpex-inline-block wpex-text-center wpex-text-lg wpex-py-10 wpex-px-20\" style=\"color:#179e83;\"><span class=\"ticon ticon-leaf\" aria-hidden=\"true\"><\/span><\/span><div class=\"vcex-divider-border wpex-flex-grow wpex-border-b wpex-border-solid wpex-border-main\"><\/div><\/div><div class=\"vcex-module vcex-form-shortcode wpex-form wpex-m-auto wpex-max-w-100 wpex-form-modern full-width-input\" style=\"width:750px;\"><!-- ipanorama begin -->\n<div class=\"ipanorama ipnrm-3\"data-json-src=\"https:\/\/www.ufmg.br\/estacaoecologica\/wp-content\/uploads\/ipanorama\/3\/config.json?ver=1615500912\" data-item-id=\"3\" style=\"display:none;background-image:url(https:\/\/www.ufmg.br\/estacaoecologica\/wp-content\/uploads\/2021\/03\/rotulo-360-09.jpg);\">\n<div class=\"ipnrm-store\">\n<div class=\"ipnrm-scene\" data-scene-id=\"47022921\">\n<div class=\"ipnrm-markers-data\">\n<\/div>\n<div class=\"ipnrm-tooltips-data\">\n<\/div>\n<div class=\"ipnrm-popovers-data\">\n<\/div>\n<\/div>\n<\/div>\n<\/div>\n<!-- ipanorama end -->\n<\/div><div class=\"vcex-spacing wpex-w-100 wpex-clear\"><\/div><div class=\"vcex-module vcex-form-shortcode wpex-form wpex-m-auto wpex-max-w-100 wpex-form-modern full-width-input\" style=\"width:750px;\"><!-- ipanorama begin -->\n<div class=\"ipanorama ipnrm-4\"data-json-src=\"https:\/\/www.ufmg.br\/estacaoecologica\/wp-content\/uploads\/ipanorama\/4\/config.json?ver=1615500982\" data-item-id=\"4\" style=\"display:none;background-image:url(https:\/\/www.ufmg.br\/estacaoecologica\/wp-content\/uploads\/2021\/03\/rotulo-360-02.jpg);\">\n<div class=\"ipnrm-store\">\n<div class=\"ipnrm-scene\" data-scene-id=\"26c54a44\">\n<div class=\"ipnrm-markers-data\">\n<\/div>\n<div class=\"ipnrm-tooltips-data\">\n<\/div>\n<div class=\"ipnrm-popovers-data\">\n<\/div>\n<\/div>\n<\/div>\n<\/div>\n<!-- ipanorama end -->\n<\/div><div class=\"vcex-spacing wpex-w-100 wpex-clear\"><\/div>[\/vc_column_inner][\/vc_row_inner][\/vc_column][\/vc_row][vc_row column_spacing=&#8221;60&#8243; bg_style=&#8221;stretch&#8221; css=&#8221;.vc_custom_1489785485029{padding-top: 50px !important;padding-bottom: 10px !important;}&#8221;][vc_column width=&#8221;1\/4&#8243;]<h3 class=\"vcex-heading vcex-module wpex-text-2xl wpex-font-normal wpex-m-auto wpex-max-w-100 vcex-heading-plain wpex-block wpex-text-center\" style=\"color:#555555;font-weight:400;\"><span class=\"vcex-heading-inner wpex-inline-block wpex-clr\">Localiza\u00e7\u00e3o<\/span><\/h3><div class=\"vcex-spacing wpex-w-100 wpex-clear\" style=\"height:15px;\"><\/div>[vc_column_text 0=&#8221;&#8221;]\n<p style=\"text-align: center;\">Hor\u00e1rio de funcionamento<br \/>\nde Ter\u00e7a a Sexta das<br \/>\n08h \u00e0s 12h \/ 14h \u00e0s 18h.<\/p>\n[\/vc_column_text]<div class=\"vcex-module vcex-divider vcex-divider-solid wpex-max-w-100 wpex-mx-auto wpex-block wpex-h-0 wpex-border-b wpex-border-solid wpex-border-main\" style=\"margin-top:20px;margin-bottom:20px;\"><\/div>[vc_column_text 0=&#8221;&#8221;]\n<p style=\"text-align: center;\">Av. Ant\u00f4nio Carlos, 6.627<br \/>\nCampus Pampulha \u2013 BH\/MG<br \/>\nCEP: 31270-901<\/p>\n[\/vc_column_text]<div class=\"vcex-module vcex-divider vcex-divider-solid wpex-max-w-100 wpex-mx-auto wpex-block wpex-h-0 wpex-border-b wpex-border-solid wpex-border-main\" style=\"margin-top:20px;margin-bottom:20px;\"><\/div><div class=\"vcex-module vcex-list_item wpex-max-w-100 wpex-clr wpex-mb-5 texttextcenter\"><div class=\"vcex-list-item-inner wpex-inline-flex wpex-flex-no-wrap\"><div class=\"vcex-list-item-icon wpex-mr-10\"><div class=\"vcex-icon-wrap wpex-inline-flex wpex-justify-center wpex-items-center\" style=\"color:#4a97c2;\"><span class=\"ticon ticon-phone\"><\/span><\/div><\/div><div class=\"vcex-list-item-text vcex-content wpex-flex-grow\">+55 (31) 3409 22 96<\/div><\/div><\/div><div class=\"vcex-module vcex-list_item wpex-max-w-100 wpex-clr wpex-mb-5 texttextcenter\"><div class=\"vcex-list-item-inner wpex-inline-flex wpex-flex-no-wrap\"><div class=\"vcex-list-item-icon wpex-mr-10\"><div class=\"vcex-icon-wrap wpex-inline-flex wpex-justify-center wpex-items-center\" style=\"color:#4a97c2;\"><span class=\"ticon ticon-envelope-o\"><\/span><\/div><\/div><div class=\"vcex-list-item-text vcex-content wpex-flex-grow\">eeco@reitoria.ufmg.br<\/div><\/div><\/div>[\/vc_column][vc_column width=&#8221;3\/4&#8243;][vc_gmaps link=&#8221;#E-8_JTNDaWZyYW1lJTIwc3JjJTNEJTIyaHR0cHMlM0ElMkYlMkZ3d3cuZ29vZ2xlLmNvbSUyRm1hcHMlMkZlbWJlZCUzRnBiJTNEJTIxMW0xNCUyMTFtOCUyMTFtMyUyMTFkMTUwMDguODEwOTI4NDUwNDIzJTIxMmQtNDMuOTcyNTQ3NyUyMTNkLTE5Ljg3MzY1OTYlMjEzbTIlMjExaTEwMjQlMjEyaTc2OCUyMTRmMTMuMSUyMTNtMyUyMTFtMiUyMTFzMHgwJTI1M0EweDVmYmFjN2VlZGQ5NzZjOWElMjEyelJYTjBZY09udzZOdklFVmpiMnpEczJkcFkyRWdaR0VnVlVaTlJ3JTIxNWUwJTIxM20yJTIxMXNwdC1CUiUyMTJzYnIlMjE0djE1ODg4MDQ5OTk3NzglMjE1bTIlMjExc3B0LUJSJTIxMnNiciUyMiUyMHdpZHRoJTNEJTIyNjAwJTIyJTIwaGVpZ2h0JTNEJTIyNDUwJTIyJTIwZnJhbWVib3JkZXIlM0QlMjIwJTIyJTIwc3R5bGUlM0QlMjJib3JkZXIlM0EwJTNCJTIyJTIwYWxsb3dmdWxsc2NyZWVuJTNEJTIyJTIyJTIwYXJpYS1oaWRkZW4lM0QlMjJmYWxzZSUyMiUyMHRhYmluZGV4JTNEJTIyMCUyMiUzRSUzQyUyRmlmcmFtZSUzRQ==&#8221; size=&#8221;330&#8243; type=&#8221;m&#8221; zoom=&#8221;14&#8243;][\/vc_column][\/vc_row]\n","protected":false},"excerpt":{"rendered":"<p>[vc_row column_spacing=&#8221;50&#8243; bg_style=&#8221;stretch&#8221; css=&#8221;.vc_custom_1489785582478{padding-top: 0px !important;padding-bottom: 5px !important;}&#8221;][vc_column 0=&#8221;&#8221;][vc_column_text width=&#8221;750&#8243; font_size=&#8221;14px&#8221;] Espa\u00e7os da Esta\u00e7\u00e3o Ecol\u00f3gica em 360\u00b0. Fa\u00e7a este Tour Virtual. Ap\u00f3s ativar o visualizador, clique (segure o clique) e&hellip;<\/p>\n","protected":false},"author":1,"featured_media":0,"parent":18892,"menu_order":0,"comment_status":"closed","ping_status":"closed","template":"","meta":{"_EventAllDay":false,"_EventTimezone":"","_EventStartDate":"","_EventEndDate":"","_EventStartDateUTC":"","_EventEndDateUTC":"","_EventShowMap":false,"_EventShowMapLink":false,"_EventURL":"","_EventCost":"","_EventCostDescription":"","_EventCurrencySymbol":"","_EventCurrencyCode":"","_EventCurrencyPosition":"","_EventDateTimeSeparator":"","_EventTimeRangeSeparator":"","_EventOrganizerID":[],"_EventVenueID":[],"_OrganizerEmail":"","_OrganizerPhone":"","_OrganizerWebsite":"","_VenueAddress":"","_VenueCity":"","_VenueCountry":"","_VenueProvince":"","_VenueState":"","_VenueZip":"","_VenuePhone":"","_VenueURL":"","_VenueStateProvince":"","_VenueLat":"","_VenueLng":"","_VenueShowMap":false,"_VenueShowMapLink":false,"footnotes":""},"class_list":["post-17634","page","type-page","status-publish","hentry","entry","no-media"],"yoast_head":"<!-- This site is optimized with the Yoast SEO plugin v27.5 - https:\/\/yoast.com\/product\/yoast-seo-wordpress\/ -->\n<title>3d Virtual Tour - Esta\u00e7\u00e3o Ecol\u00f3gica da UFMG<\/title>\n<meta name=\"robots\" content=\"index, follow, max-snippet:-1, max-image-preview:large, max-video-preview:-1\" \/>\n<link rel=\"canonical\" href=\"https:\/\/www.ufmg.br\/estacaoecologica\/institucional\/memorial-virtual-eeco\/3d-virtual-tour\/\" \/>\n<meta property=\"og:locale\" content=\"pt_BR\" \/>\n<meta property=\"og:type\" content=\"article\" \/>\n<meta property=\"og:title\" content=\"3d Virtual Tour - Esta\u00e7\u00e3o Ecol\u00f3gica da UFMG\" \/>\n<meta property=\"og:description\" content=\"[vc_row column_spacing=&#8221;50&#8243; bg_style=&#8221;stretch&#8221; css=&#8221;.vc_custom_1489785582478{padding-top: 0px !important;padding-bottom: 5px !important;}&#8221;][vc_column 0=&#8221;&#8221;][vc_column_text width=&#8221;750&#8243; font_size=&#8221;14px&#8221;] Espa\u00e7os da Esta\u00e7\u00e3o Ecol\u00f3gica em 360\u00b0. Fa\u00e7a este Tour Virtual. Ap\u00f3s ativar o visualizador, clique (segure o clique) e&hellip;\" \/>\n<meta property=\"og:url\" content=\"https:\/\/www.ufmg.br\/estacaoecologica\/institucional\/memorial-virtual-eeco\/3d-virtual-tour\/\" \/>\n<meta property=\"og:site_name\" content=\"Esta\u00e7\u00e3o Ecol\u00f3gica da UFMG\" \/>\n<meta property=\"article:modified_time\" content=\"2021-03-11T22:29:55+00:00\" \/>\n<meta name=\"twitter:card\" content=\"summary_large_image\" \/>\n<meta name=\"twitter:label1\" content=\"Est. tempo de leitura\" \/>\n\t<meta name=\"twitter:data1\" content=\"2 minutos\" \/>\n<script type=\"application\/ld+json\" class=\"yoast-schema-graph\">{\"@context\":\"https:\\\/\\\/schema.org\",\"@graph\":[{\"@type\":\"WebPage\",\"@id\":\"https:\\\/\\\/www.ufmg.br\\\/estacaoecologica\\\/institucional\\\/memorial-virtual-eeco\\\/3d-virtual-tour\\\/\",\"url\":\"https:\\\/\\\/www.ufmg.br\\\/estacaoecologica\\\/institucional\\\/memorial-virtual-eeco\\\/3d-virtual-tour\\\/\",\"name\":\"3d Virtual Tour - Esta\u00e7\u00e3o Ecol\u00f3gica da UFMG\",\"isPartOf\":{\"@id\":\"https:\\\/\\\/www.ufmg.br\\\/estacaoecologica\\\/#website\"},\"datePublished\":\"2020-06-21T22:09:57+00:00\",\"dateModified\":\"2021-03-11T22:29:55+00:00\",\"breadcrumb\":{\"@id\":\"https:\\\/\\\/www.ufmg.br\\\/estacaoecologica\\\/institucional\\\/memorial-virtual-eeco\\\/3d-virtual-tour\\\/#breadcrumb\"},\"inLanguage\":\"pt-BR\",\"potentialAction\":[{\"@type\":\"ReadAction\",\"target\":[\"https:\\\/\\\/www.ufmg.br\\\/estacaoecologica\\\/institucional\\\/memorial-virtual-eeco\\\/3d-virtual-tour\\\/\"]}]},{\"@type\":\"BreadcrumbList\",\"@id\":\"https:\\\/\\\/www.ufmg.br\\\/estacaoecologica\\\/institucional\\\/memorial-virtual-eeco\\\/3d-virtual-tour\\\/#breadcrumb\",\"itemListElement\":[{\"@type\":\"ListItem\",\"position\":1,\"name\":\"In\u00edcio\",\"item\":\"https:\\\/\\\/www.ufmg.br\\\/estacaoecologica\\\/\"},{\"@type\":\"ListItem\",\"position\":2,\"name\":\"Institucional\",\"item\":\"https:\\\/\\\/www.ufmg.br\\\/estacaoecologica\\\/institucional\\\/\"},{\"@type\":\"ListItem\",\"position\":3,\"name\":\"Memorial Virtual EECO\",\"item\":\"https:\\\/\\\/www.ufmg.br\\\/estacaoecologica\\\/institucional\\\/memorial-virtual-eeco\\\/\"},{\"@type\":\"ListItem\",\"position\":4,\"name\":\"3d Virtual Tour\"}]},{\"@type\":\"WebSite\",\"@id\":\"https:\\\/\\\/www.ufmg.br\\\/estacaoecologica\\\/#website\",\"url\":\"https:\\\/\\\/www.ufmg.br\\\/estacaoecologica\\\/\",\"name\":\"Esta\u00e7\u00e3o Ecol\u00f3gica da UFMG\",\"description\":\"Natureza, hist\u00f3ria e preserva\u00e7\u00e3o\",\"publisher\":{\"@id\":\"https:\\\/\\\/www.ufmg.br\\\/estacaoecologica\\\/#organization\"},\"potentialAction\":[{\"@type\":\"SearchAction\",\"target\":{\"@type\":\"EntryPoint\",\"urlTemplate\":\"https:\\\/\\\/www.ufmg.br\\\/estacaoecologica\\\/?s={search_term_string}\"},\"query-input\":{\"@type\":\"PropertyValueSpecification\",\"valueRequired\":true,\"valueName\":\"search_term_string\"}}],\"inLanguage\":\"pt-BR\"},{\"@type\":\"Organization\",\"@id\":\"https:\\\/\\\/www.ufmg.br\\\/estacaoecologica\\\/#organization\",\"name\":\"Esta\u00e7\u00e3o Ecol\u00f3gica da UFMG\",\"url\":\"https:\\\/\\\/www.ufmg.br\\\/estacaoecologica\\\/\",\"logo\":{\"@type\":\"ImageObject\",\"inLanguage\":\"pt-BR\",\"@id\":\"https:\\\/\\\/www.ufmg.br\\\/estacaoecologica\\\/#\\\/schema\\\/logo\\\/image\\\/\",\"url\":\"https:\\\/\\\/www.ufmg.br\\\/estacaoecologica\\\/wp-content\\\/uploads\\\/2020\\\/04\\\/logo-proex-v2.png\",\"contentUrl\":\"https:\\\/\\\/www.ufmg.br\\\/estacaoecologica\\\/wp-content\\\/uploads\\\/2020\\\/04\\\/logo-proex-v2.png\",\"width\":500,\"height\":104,\"caption\":\"Esta\u00e7\u00e3o Ecol\u00f3gica da UFMG\"},\"image\":{\"@id\":\"https:\\\/\\\/www.ufmg.br\\\/estacaoecologica\\\/#\\\/schema\\\/logo\\\/image\\\/\"}}]}<\/script>\n<!-- \/ Yoast SEO plugin. -->","yoast_head_json":{"title":"3d Virtual Tour - Esta\u00e7\u00e3o Ecol\u00f3gica da UFMG","robots":{"index":"index","follow":"follow","max-snippet":"max-snippet:-1","max-image-preview":"max-image-preview:large","max-video-preview":"max-video-preview:-1"},"canonical":"https:\/\/www.ufmg.br\/estacaoecologica\/institucional\/memorial-virtual-eeco\/3d-virtual-tour\/","og_locale":"pt_BR","og_type":"article","og_title":"3d Virtual Tour - Esta\u00e7\u00e3o Ecol\u00f3gica da UFMG","og_description":"[vc_row column_spacing=&#8221;50&#8243; bg_style=&#8221;stretch&#8221; css=&#8221;.vc_custom_1489785582478{padding-top: 0px !important;padding-bottom: 5px !important;}&#8221;][vc_column 0=&#8221;&#8221;][vc_column_text width=&#8221;750&#8243; font_size=&#8221;14px&#8221;] Espa\u00e7os da Esta\u00e7\u00e3o Ecol\u00f3gica em 360\u00b0. Fa\u00e7a este Tour Virtual. Ap\u00f3s ativar o visualizador, clique (segure o clique) e&hellip;","og_url":"https:\/\/www.ufmg.br\/estacaoecologica\/institucional\/memorial-virtual-eeco\/3d-virtual-tour\/","og_site_name":"Esta\u00e7\u00e3o Ecol\u00f3gica da UFMG","article_modified_time":"2021-03-11T22:29:55+00:00","twitter_card":"summary_large_image","twitter_misc":{"Est. tempo de leitura":"2 minutos"},"schema":{"@context":"https:\/\/schema.org","@graph":[{"@type":"WebPage","@id":"https:\/\/www.ufmg.br\/estacaoecologica\/institucional\/memorial-virtual-eeco\/3d-virtual-tour\/","url":"https:\/\/www.ufmg.br\/estacaoecologica\/institucional\/memorial-virtual-eeco\/3d-virtual-tour\/","name":"3d Virtual Tour - Esta\u00e7\u00e3o Ecol\u00f3gica da UFMG","isPartOf":{"@id":"https:\/\/www.ufmg.br\/estacaoecologica\/#website"},"datePublished":"2020-06-21T22:09:57+00:00","dateModified":"2021-03-11T22:29:55+00:00","breadcrumb":{"@id":"https:\/\/www.ufmg.br\/estacaoecologica\/institucional\/memorial-virtual-eeco\/3d-virtual-tour\/#breadcrumb"},"inLanguage":"pt-BR","potentialAction":[{"@type":"ReadAction","target":["https:\/\/www.ufmg.br\/estacaoecologica\/institucional\/memorial-virtual-eeco\/3d-virtual-tour\/"]}]},{"@type":"BreadcrumbList","@id":"https:\/\/www.ufmg.br\/estacaoecologica\/institucional\/memorial-virtual-eeco\/3d-virtual-tour\/#breadcrumb","itemListElement":[{"@type":"ListItem","position":1,"name":"In\u00edcio","item":"https:\/\/www.ufmg.br\/estacaoecologica\/"},{"@type":"ListItem","position":2,"name":"Institucional","item":"https:\/\/www.ufmg.br\/estacaoecologica\/institucional\/"},{"@type":"ListItem","position":3,"name":"Memorial Virtual EECO","item":"https:\/\/www.ufmg.br\/estacaoecologica\/institucional\/memorial-virtual-eeco\/"},{"@type":"ListItem","position":4,"name":"3d Virtual Tour"}]},{"@type":"WebSite","@id":"https:\/\/www.ufmg.br\/estacaoecologica\/#website","url":"https:\/\/www.ufmg.br\/estacaoecologica\/","name":"Esta\u00e7\u00e3o Ecol\u00f3gica da UFMG","description":"Natureza, hist\u00f3ria e preserva\u00e7\u00e3o","publisher":{"@id":"https:\/\/www.ufmg.br\/estacaoecologica\/#organization"},"potentialAction":[{"@type":"SearchAction","target":{"@type":"EntryPoint","urlTemplate":"https:\/\/www.ufmg.br\/estacaoecologica\/?s={search_term_string}"},"query-input":{"@type":"PropertyValueSpecification","valueRequired":true,"valueName":"search_term_string"}}],"inLanguage":"pt-BR"},{"@type":"Organization","@id":"https:\/\/www.ufmg.br\/estacaoecologica\/#organization","name":"Esta\u00e7\u00e3o Ecol\u00f3gica da UFMG","url":"https:\/\/www.ufmg.br\/estacaoecologica\/","logo":{"@type":"ImageObject","inLanguage":"pt-BR","@id":"https:\/\/www.ufmg.br\/estacaoecologica\/#\/schema\/logo\/image\/","url":"https:\/\/www.ufmg.br\/estacaoecologica\/wp-content\/uploads\/2020\/04\/logo-proex-v2.png","contentUrl":"https:\/\/www.ufmg.br\/estacaoecologica\/wp-content\/uploads\/2020\/04\/logo-proex-v2.png","width":500,"height":104,"caption":"Esta\u00e7\u00e3o Ecol\u00f3gica da UFMG"},"image":{"@id":"https:\/\/www.ufmg.br\/estacaoecologica\/#\/schema\/logo\/image\/"}}]}},"_links":{"self":[{"href":"https:\/\/www.ufmg.br\/estacaoecologica\/wp-json\/wp\/v2\/pages\/17634","targetHints":{"allow":["GET"]}}],"collection":[{"href":"https:\/\/www.ufmg.br\/estacaoecologica\/wp-json\/wp\/v2\/pages"}],"about":[{"href":"https:\/\/www.ufmg.br\/estacaoecologica\/wp-json\/wp\/v2\/types\/page"}],"author":[{"embeddable":true,"href":"https:\/\/www.ufmg.br\/estacaoecologica\/wp-json\/wp\/v2\/users\/1"}],"replies":[{"embeddable":true,"href":"https:\/\/www.ufmg.br\/estacaoecologica\/wp-json\/wp\/v2\/comments?post=17634"}],"version-history":[{"count":37,"href":"https:\/\/www.ufmg.br\/estacaoecologica\/wp-json\/wp\/v2\/pages\/17634\/revisions"}],"predecessor-version":[{"id":19396,"href":"https:\/\/www.ufmg.br\/estacaoecologica\/wp-json\/wp\/v2\/pages\/17634\/revisions\/19396"}],"up":[{"embeddable":true,"href":"https:\/\/www.ufmg.br\/estacaoecologica\/wp-json\/wp\/v2\/pages\/18892"}],"wp:attachment":[{"href":"https:\/\/www.ufmg.br\/estacaoecologica\/wp-json\/wp\/v2\/media?parent=17634"}],"curies":[{"name":"wp","href":"https:\/\/api.w.org\/{rel}","templated":true}]}}