{"id":20095,"date":"2024-08-27T22:34:01","date_gmt":"2024-08-28T01:34:01","guid":{"rendered":"https:\/\/www.ufmg.br\/estacaoecologica\/?page_id=20095"},"modified":"2025-01-06T00:06:32","modified_gmt":"2025-01-06T03:06:32","slug":"trilha-do-bambuzal","status":"publish","type":"page","link":"https:\/\/www.ufmg.br\/estacaoecologica\/extensao\/proeco\/trilhas-interpretativas-autoguiadas\/trilha-do-bambuzal\/","title":{"rendered":"Trilha do Bambuzal"},"content":{"rendered":"[vc_row][vc_column]<nav class=\"vcex-breadcrumbs\" style=\"font-size:14px;\"><span><span><a href=\"https:\/\/www.ufmg.br\/estacaoecologica\/\">In\u00edcio<\/a><\/span><\/span><\/nav>[\/vc_column][\/vc_row][vc_row][vc_column]<figure class=\"vcex-image vcex-module wpex-clr figcaption-legenda\"><div class=\"vcex-image-inner wpex-relative wpex-inline-block\"><img decoding=\"async\" width=\"1280\" height=\"549\" src=\"https:\/\/www.ufmg.br\/estacaoecologica\/wp-content\/uploads\/2020\/05\/passeio-trilha-escola.jpg\" class=\"wpex-align-middle\" alt=\"\" loading=\"lazy\" srcset=\"https:\/\/www.ufmg.br\/estacaoecologica\/wp-content\/uploads\/2020\/05\/passeio-trilha-escola.jpg 1280w, https:\/\/www.ufmg.br\/estacaoecologica\/wp-content\/uploads\/2020\/05\/passeio-trilha-escola-300x129.jpg 300w, https:\/\/www.ufmg.br\/estacaoecologica\/wp-content\/uploads\/2020\/05\/passeio-trilha-escola-1024x439.jpg 1024w, https:\/\/www.ufmg.br\/estacaoecologica\/wp-content\/uploads\/2020\/05\/passeio-trilha-escola-768x329.jpg 768w\" sizes=\"auto, (max-width: 1280px) 100vw, 1280px\" \/><\/div><figcaption class=\"wpex-mt-10\">Monitores junto com alunos da rede p\u00fablica em trilha ecol\u00f3gica. (foto acervo)<\/figcaption><\/figure>[\/vc_column][\/vc_row][vc_row][vc_column]<h1 class=\"vcex-heading vcex-module wpex-text-2xl wpex-font-normal wpex-m-auto wpex-max-w-100 vcex-heading-plain wpex-block wpex-italic\" style=\"color:#254151;font-family:Merriweather;font-size:32px;letter-spacing:-1px;font-weight:900;line-height:48px;\"><span class=\"vcex-heading-inner wpex-inline-block wpex-clr\">Trilha do Bambuzal<\/span><\/h1>[vc_separator]<div class=\"vcex-spacing wpex-w-100 wpex-clear\" style=\"height:20px;\"><\/div>[\/vc_column][\/vc_row][vc_row][vc_column][vc_column_text]A Trilha do Bambuzal \u00e9 uma trilha curta de cerca de 1 quil\u00f4metro, ida e volta, com dificuldade m\u00e9dia devido ao leve aclive na volta. Ao final do trajeto, \u00e9 poss\u00edvel encontrar a exuberante atra\u00e7\u00e3o que nomeia a trilha: o bambuzal.<\/p>\n<p><em>Orienta\u00e7\u00f5es para a trilha<\/em><\/p>\n<ul>\n<li><span class=\"OYPEnA font-feature-liga-off font-feature-clig-off font-feature-calt-off text-decoration-none text-strikethrough-none\">Use cal\u00e7ados confort\u00e1veis e adequados para caminhada.<\/span><\/li>\n<li><span class=\"OYPEnA font-feature-liga-off font-feature-clig-off font-feature-calt-off text-decoration-none text-strikethrough-none\">Leve \u00e1gua e protetor solar.<\/span><\/li>\n<li><span class=\"OYPEnA font-feature-liga-off font-feature-clig-off font-feature-calt-off text-decoration-none text-strikethrough-none\">Siga o caminho indicado.<\/span><\/li>\n<li><span class=\"OYPEnA font-feature-liga-off font-feature-clig-off font-feature-calt-off text-decoration-none text-strikethrough-none\">Respeite a natureza.<\/span><\/li>\n<li><span class=\"OYPEnA font-feature-liga-off font-feature-clig-off font-feature-calt-off text-decoration-none text-strikethrough-none\">Mantenha o local limpo.<\/span><\/li>\n<\/ul>\n<p>Boa trilha![\/vc_column_text][\/vc_column][\/vc_row][vc_row css=&#8221;.vc_custom_1724809390726{border-top-width: 0px !important;border-right-width: 0px !important;border-bottom-width: 0px !important;border-left-width: 3px !important;padding-top: 20px !important;padding-right: 20px !important;padding-bottom: 20px !important;padding-left: 20px !important;background-color: #f6f6f6 !important;border-left-color: #179e83 !important;border-right-color: #179e83 !important;border-top-color: #179e83 !important;border-bottom-color: #179e83 !important;}&#8221;][vc_column][vc_column_text]\n<h1><em><strong>Placa Eucalipto<\/strong><\/em><\/h1>\n<p><em>Saiba mais em:<\/em><\/p>\n<p><a href=\"https:\/\/editorarealize.com.br\/artigo\/visualizar\/19553\">1. A.; ALMEIDA, R. S.; Da Silva, J. R. L.; ARAUJO, C. R. F. O uso do <i>Eucalyptus globulus <\/i>Labill no tratamento das infec\u00e7\u00f5es respirat\u00f3rias. In: Congresso Brasileiro de Ci\u00eancias da Sa\u00fade. 2016.<\/a><\/p>\n<p><a href=\"https:\/\/www.embrapa.br\/busca-de-publicacoes\/-\/publicacao\/1131510\/o-eucalipto-e-a-embrapa-quatro-decadas-de-pesquisa-e-desenvolvimento\">2. OLIVEIRA, E. B. O eucalipto e a Embrapa : quatro d\u00e9cadas de pesquisa e desenvolvimento. Bras\u00edlia, DF: Edilson Batista de Oliveira, Jos\u00e9 Elidney Pinto Junior, editores t\u00e9cnicos. Embrapa, 2021, 1160 p.<\/a><\/p>\n<p><em>Audiodescri\u00e7\u00e3o:<\/em><\/p>\n<audio class=\"wp-audio-shortcode\" id=\"audio-17264-1\" preload=\"none\" style=\"width: 100%;\" controls=\"controls\"><source type=\"audio\/mpeg\" src=\"https:\/\/www.ufmg.br\/estacaoecologica\/wp-content\/uploads\/2025\/01\/Eucalipto.mp3?_=1\" \/><a href=\"https:\/\/www.ufmg.br\/estacaoecologica\/wp-content\/uploads\/2025\/01\/Eucalipto.mp3\">https:\/\/www.ufmg.br\/estacaoecologica\/wp-content\/uploads\/2025\/01\/Eucalipto.mp3<\/a><\/audio>\n[\/vc_column_text]<div class=\"vcex-spacing wpex-w-100 wpex-clear\" style=\"height:20px;\"><\/div>[vc_column_text]\n<h1><em><strong>Placa Refeit\u00f3rio<\/strong><\/em><\/h1>\n<p><em>Audiodescri\u00e7\u00e3o:<\/em><\/p>\n<audio class=\"wp-audio-shortcode\" id=\"audio-17264-2\" preload=\"none\" style=\"width: 100%;\" controls=\"controls\"><source type=\"audio\/mpeg\" src=\"https:\/\/www.ufmg.br\/estacaoecologica\/wp-content\/uploads\/2025\/01\/Refeito\u0301rio.mp3?_=2\" \/><a href=\"https:\/\/www.ufmg.br\/estacaoecologica\/wp-content\/uploads\/2025\/01\/Refeito\u0301rio.mp3\">https:\/\/www.ufmg.br\/estacaoecologica\/wp-content\/uploads\/2025\/01\/Refeito\u0301rio.mp3<\/a><\/audio>\n[\/vc_column_text]<div class=\"vcex-spacing wpex-w-100 wpex-clear\" style=\"height:20px;\"><\/div>[vc_column_text]\n<h1><em><strong>Placa Emba\u00faba<\/strong><\/em><\/h1>\n<p><em>Saiba mais em:<\/em><\/p>\n<p>1. <a href=\"https:\/\/www.embrapa.br\/busca-de-publicacoes\/-\/publicacao\/1140767\/embauba--cecropia-pachystachya\">CARVALHO, P. E. R. Emba\u00faba: <em>Cecropia pachystachya<\/em>. In: Esp\u00e9cies arb\u00f3reas brasileiras. Bras\u00edlia, DF. Embrapa, 2006.<\/a><\/p>\n<p><a href=\"https:\/\/floradigital.ufsc.br\/open_sp.php?img=906\">2. Flora Digital: Universidade Federal de Santa Catarina. <em>Cecropia pachystach<\/em><em>ya<\/em>.<\/a><\/p>\n<p><a href=\"https:\/\/floradobrasil.jbrj.gov.br\/reflora\/listaBrasil\/ConsultaPublicaUC\/BemVindoConsultaPublicaConsultar.do?invalidatePageControlCounter=1&amp;idsFilhosAlgas=%5B2%5D&amp;idsFilhosFungos=%5B1%2C10%2C11%5D&amp;lingua=&amp;grupo=5&amp;familia=null&amp;genero=&amp;especie=&amp;autor=&amp;nomeVernaculo=&amp;nomeCompleto=Cecropia+pachystachya&amp;formaVida=null&amp;substrato=null&amp;ocorreBrasil=QUALQUER&amp;ocorrencia=OCORRE&amp;endemismo=TODOS&amp;origem=TODOS&amp;regiao=QUALQUER&amp;estado=QUALQUER&amp;ilhaOceanica=32767&amp;domFitogeograficos=QUALQUER&amp;bacia=QUALQUER&amp;vegetacao=TODOS&amp;mostrarAte=SUBESP_VAR&amp;opcoesBusca=TODOS_OS_NOMES&amp;loginUsuario=Visitante&amp;senhaUsuario=&amp;contexto=consulta-publica\">3. Flora e Funga do Brasil: <em>Cecropia pachystach<\/em><em>ya<\/em>.<\/a><\/p>\n<p><a href=\"https:\/\/sites.usp.br\/jardimdabotanicausprp\/embauba-cecropia-pachystachya\/\">4. Jardim da Bot\u00e2nica USP &#8211; Ribeir\u00e3o Preto. Emba\u00faba: <em>Cecropia pachystach<\/em><em>ya<\/em>.<\/a><\/p>\n<p><em>Audiodescri\u00e7\u00e3o:<\/em><\/p>\n<audio class=\"wp-audio-shortcode\" id=\"audio-17264-3\" preload=\"none\" style=\"width: 100%;\" controls=\"controls\"><source type=\"audio\/mpeg\" src=\"https:\/\/www.ufmg.br\/estacaoecologica\/wp-content\/uploads\/2025\/01\/Embau\u0301ba.mp3?_=3\" \/><a href=\"https:\/\/www.ufmg.br\/estacaoecologica\/wp-content\/uploads\/2025\/01\/Embau\u0301ba.mp3\">https:\/\/www.ufmg.br\/estacaoecologica\/wp-content\/uploads\/2025\/01\/Embau\u0301ba.mp3<\/a><\/audio>\n[\/vc_column_text]<div class=\"vcex-spacing wpex-w-100 wpex-clear\" style=\"height:20px;\"><\/div>[vc_column_text]\n<h1><em><strong>Placa Copa\u00edba<br \/>\n<\/strong><\/em><\/h1>\n<p><em>Saiba mais em:<\/em><\/p>\n<p><a href=\"https:\/\/www.alice.cnptia.embrapa.br\/alice\/bitstream\/doc\/1139732\/1\/Especies-Arboreas-Brasileiras-vol-1-Copaiba.pdf\">1. CARVALHO, P. E. R. Copa\u00edba: <em>Copaifera langsdorffii<\/em>. In: Esp\u00e9cies arb\u00f3reas brasileiras. Bras\u00edlia, DF. Embrapa, 2006.<\/a><\/p>\n<p><a href=\"https:\/\/www.scielo.br\/j\/rbpm\/a\/54wyKL9fqFpDcfSpshDVv5G\/\">2. Pieri, F. A.; Mussi, M. C.; Moreira, M. A. S. \u00d3leo de copa\u00edba (Copaifera sp.): hist\u00f3rico, extra\u00e7\u00e3o, aplica\u00e7\u00f5es industriais e propriedades medicinais. Revista Brasileira de Plantas Medicinais. v. 11, n. 4, p. 465\u2013472, 2009.<\/a><\/p>\n<p><em>Audiodescri\u00e7\u00e3o:<\/em><\/p>\n<audio class=\"wp-audio-shortcode\" id=\"audio-17264-4\" preload=\"none\" style=\"width: 100%;\" controls=\"controls\"><source type=\"audio\/mpeg\" src=\"https:\/\/www.ufmg.br\/estacaoecologica\/wp-content\/uploads\/2025\/01\/Copai\u0301ba.mp3?_=4\" \/><a href=\"https:\/\/www.ufmg.br\/estacaoecologica\/wp-content\/uploads\/2025\/01\/Copai\u0301ba.mp3\">https:\/\/www.ufmg.br\/estacaoecologica\/wp-content\/uploads\/2025\/01\/Copai\u0301ba.mp3<\/a><\/audio>\n[\/vc_column_text]<div class=\"vcex-spacing wpex-w-100 wpex-clear\" style=\"height:20px;\"><\/div>[vc_column_text]\n<h1><em><strong>Placa Espada de S\u00e3o Jorge<br \/>\n<\/strong><\/em><\/h1>\n<p><em>Saiba mais em: <\/em><\/p>\n<p>1. Barros, J. F. P &amp; Napole\u00e3o, E. Uso Lit\u00fargico e Terap\u00eautico dos Vegetais nas Casas de Candombl\u00e9 J\u00eaje-Nag\u00f4. Rio de Janeiro- RJ: Bertrand Brasil, 3\u00aa ed., 2007.<\/p>\n<p><a href=\"https:\/\/www.unirio.br\/ccbs\/ibio\/herbariohuni\/sansevieria-trifasciata-prain\">2. Universidade Federal do Estado do Rio de Janeiro. <em>Sansevieria trifasciata<\/em> Prain. 2020.<\/a><\/p>\n<p><em>Audiodescri\u00e7\u00e3o:<\/em><\/p>\n<audio class=\"wp-audio-shortcode\" id=\"audio-17264-5\" preload=\"none\" style=\"width: 100%;\" controls=\"controls\"><source type=\"audio\/mpeg\" src=\"https:\/\/www.ufmg.br\/estacaoecologica\/wp-content\/uploads\/2025\/01\/Espada-de-Sa\u0303o-Jorge.mp3?_=5\" \/><a href=\"https:\/\/www.ufmg.br\/estacaoecologica\/wp-content\/uploads\/2025\/01\/Espada-de-Sa\u0303o-Jorge.mp3\">https:\/\/www.ufmg.br\/estacaoecologica\/wp-content\/uploads\/2025\/01\/Espada-de-Sa\u0303o-Jorge.mp3<\/a><\/audio>\n[\/vc_column_text]<div class=\"vcex-spacing wpex-w-100 wpex-clear\" style=\"height:20px;\"><\/div>[vc_column_text]\n<h1><em><strong>Placa Aceiro<br \/>\n<\/strong><\/em><\/h1>\n<p><em>Saiba mais em: <\/em><\/p>\n<p>1. <a href=\"https:\/\/www.ufmg.br\/estacaoecologica\/wp-content\/uploads\/2022\/06\/PLANO-DE-MANEJO-FINAL_11_maio.pdf\">PLANO DE MANEJO DA ESTA\u00c7\u00c3O ECOL\u00d3GICA DA UFMG. Desafios e oportunidades para os anos 2022-2027. Universidade Federal de Minas Gerais, 2022, 92p.<\/a><\/p>\n<p><a href=\"https:\/\/www.ufmg.br\/proex\/noticia\/brigadistas-debelam-incendio-na-estacao-ecologica-da-ufmg\/#:~:text=Um%20inc\u00eandio%20no%20quarteir\u00e3o%2015,Luz%2C%20no%20bairro%20Engenheiro%20Nogueira\">2. Pr\u00f3-reitoria de extens\u00e3o &#8211; PROEX. Brigadistas debelam inc\u00eandio na Esta\u00e7\u00e3o Ecol\u00f3gica da UFMG.<\/a><\/p>\n<p><a href=\"https:\/\/plantverd.com.br\/noticias\/37701\/aceiros-e-a-prevencao-contra-incendios#:~:text=O%20que%20s\u00e3o%20aceiros%3F,passagem%20ou%20propaga\u00e7\u00e3o%20do%20fogo\">3. PlantVerd Servi\u00e7os Florestais. Aceiros e a preven\u00e7\u00e3o contra inc\u00eandios.<\/a><\/p>\n<p><em>Audiodescri\u00e7\u00e3o:<\/em><\/p>\n<audio class=\"wp-audio-shortcode\" id=\"audio-17264-6\" preload=\"none\" style=\"width: 100%;\" controls=\"controls\"><source type=\"audio\/mpeg\" src=\"https:\/\/www.ufmg.br\/estacaoecologica\/wp-content\/uploads\/2025\/01\/Aceiro.mp3?_=6\" \/><a href=\"https:\/\/www.ufmg.br\/estacaoecologica\/wp-content\/uploads\/2025\/01\/Aceiro.mp3\">https:\/\/www.ufmg.br\/estacaoecologica\/wp-content\/uploads\/2025\/01\/Aceiro.mp3<\/a><\/audio>\n[\/vc_column_text]<div class=\"vcex-spacing wpex-w-100 wpex-clear\" style=\"height:20px;\"><\/div>[vc_column_text]\n<h1><em><strong>Placa Jatob\u00e1<br \/>\n<\/strong><\/em><\/h1>\n<p><em>Saiba mais em: <\/em><\/p>\n<p>1. <a href=\"https:\/\/www.alice.cnptia.embrapa.br\/alice\/bitstream\/doc\/1140090\/1\/Especies-Arboreas-Brasileiras-vol-1-Jatoba.pdf\">CARVALHO, P. E. R. Jatob\u00e1: <em>Hymenaea courbaril<\/em> var. stilbocarpa. In: Esp\u00e9cies arb\u00f3reas brasileiras. Bras\u00edlia, DF. Embrapa, 2006.<\/a><\/p>\n<p>2. <a href=\"https:\/\/www.infoteca.cnptia.embrapa.br\/infoteca\/bitstream\/doc\/408645\/1\/Jatoba-Hymenaea.pdf\">EMBRAPA. Jatob\u00e1: <em>Hymenaea courbaril<\/em>. In: Esp\u00e9cies Arb\u00f3reas da Amaz\u00f4nia.<\/a><\/p>\n<p><a href=\"https:\/\/www.infoteca.cnptia.embrapa.br\/infoteca\/bitstream\/doc\/568717\/1\/p200456.pdf\">3. EMBRAPA. Aproveitamento Alimentar do Jatob\u00e1.<\/a><\/p>\n<p><em>Audiodescri\u00e7\u00e3o:<\/em><\/p>\n<audio class=\"wp-audio-shortcode\" id=\"audio-17264-7\" preload=\"none\" style=\"width: 100%;\" controls=\"controls\"><source type=\"audio\/mpeg\" src=\"https:\/\/www.ufmg.br\/estacaoecologica\/wp-content\/uploads\/2025\/01\/Jatoba\u0301.mp3?_=7\" \/><a href=\"https:\/\/www.ufmg.br\/estacaoecologica\/wp-content\/uploads\/2025\/01\/Jatoba\u0301.mp3\">https:\/\/www.ufmg.br\/estacaoecologica\/wp-content\/uploads\/2025\/01\/Jatoba\u0301.mp3<\/a><\/audio>\n[\/vc_column_text]<div class=\"vcex-spacing wpex-w-100 wpex-clear\" style=\"height:20px;\"><\/div>[vc_column_text]\n<h1><em><strong>Placa Bambuzal<br \/>\n<\/strong><\/em><\/h1>\n<p><em>Saiba mais em: <\/em><\/p>\n<p><a href=\"https:\/\/www.conhecer.org.br\/enciclop\/2021C\/invasao.pdf\">1. RIOS, R. C. &amp; FARIAS, G. H. Invas\u00e3o De Bambu Dourado (<em>Phyllostachys Aurea<\/em>) Altera a Estrutura e a Diversidade da Regenera\u00e7\u00e3o Natural em um Fragmento Florestal Urbano Localizado em Curitiba, PR. Enciclop\u00e9dia Biosfera, Centro Cient\u00edfico Conhecer \u2013 Jandaia-GO, v.18 n.37; p. 312, 2021.<\/a><\/p>\n<p><a href=\"https:\/\/www.researchgate.net\/publication\/343242780_Propriedades_fisicas_dos_bambus_das_especies_Phyllostachys_aurea_e_Bambusa_tuldoides_apos_tratamento_termico\">2. MBAMU, M. F. A. O.; NASCIMENTO, A. M.; GARCIA, R. A.; De JESUS, D. S.; JUNIOR, A. D. S. Propriedades f\u00edsicas dos bambus das esp\u00e9cies <span class=\"ff5\">Phyllostachys aurea<\/span> e Bambusa tuldoides<span class=\"ff1\"> ap\u00f3s tratamento t\u00e9rmico. Ci\u00eancia da Madeira (<span class=\"ff2\">Brazilian Journal of Wood Science<\/span><span class=\"ws0\">)<\/span>. v. 11, n. 2, p. 85-92, 2020<\/span><\/a><\/p>\n<p>3. NUNES, G. M.; JUNIOR, A. S. S.; PASTOR, J. S. Revista Princ\u00edpia &#8211; IFPB. O uso do bambu como material estrutural na constru\u00e7\u00e3o civil, v. 55,\u00a0 p. 252 &#8211; 164. 2021.<\/p>\n<div class=\"t m0 x9 hd y10 ff5 fs4 fc0 sc0 ls3 ws5\"><em>Audiodescri\u00e7\u00e3o:<\/em><\/div>\n<audio class=\"wp-audio-shortcode\" id=\"audio-17264-8\" preload=\"none\" style=\"width: 100%;\" controls=\"controls\"><source type=\"audio\/mpeg\" src=\"https:\/\/www.ufmg.br\/estacaoecologica\/wp-content\/uploads\/2025\/01\/Bambuzal.mp3?_=8\" \/><a href=\"https:\/\/www.ufmg.br\/estacaoecologica\/wp-content\/uploads\/2025\/01\/Bambuzal.mp3\">https:\/\/www.ufmg.br\/estacaoecologica\/wp-content\/uploads\/2025\/01\/Bambuzal.mp3<\/a><\/audio>\n[\/vc_column_text]<div class=\"vcex-spacing wpex-w-100 wpex-clear\" style=\"height:20px;\"><\/div>[vc_column_text]\n<h1><em><strong>Placa Sapo-verruga-ornado<\/strong><\/em><\/h1>\n<div class=\"t m0 x9 hd y10 ff5 fs4 fc0 sc0 ls3 ws5\">\n<p><em><em>Audiodescri\u00e7\u00e3o:<\/em><\/em><\/p>\n<audio class=\"wp-audio-shortcode\" id=\"audio-17264-9\" preload=\"none\" style=\"width: 100%;\" controls=\"controls\"><source type=\"audio\/mpeg\" src=\"https:\/\/www.ufmg.br\/estacaoecologica\/wp-content\/uploads\/2025\/01\/Sapo.mp3?_=9\" \/><a href=\"https:\/\/www.ufmg.br\/estacaoecologica\/wp-content\/uploads\/2025\/01\/Sapo.mp3\">https:\/\/www.ufmg.br\/estacaoecologica\/wp-content\/uploads\/2025\/01\/Sapo.mp3<\/a><\/audio>\n<\/div>\n[\/vc_column_text][\/vc_column][\/vc_row]\n","protected":false},"excerpt":{"rendered":"<p>[vc_row][vc_column][\/vc_column][\/vc_row][vc_row][vc_column][\/vc_column][\/vc_row][vc_row][vc_column][vc_separator][\/vc_column][\/vc_row][vc_row][vc_column][vc_column_text]A Trilha do Bambuzal \u00e9 uma trilha curta de cerca de 1 quil\u00f4metro, ida e volta, com dificuldade m\u00e9dia devido ao leve aclive na volta. Ao final do trajeto, \u00e9&hellip;<\/p>\n","protected":false},"author":1,"featured_media":0,"parent":20087,"menu_order":0,"comment_status":"closed","ping_status":"closed","template":"","meta":{"_EventAllDay":false,"_EventTimezone":"","_EventStartDate":"","_EventEndDate":"","_EventStartDateUTC":"","_EventEndDateUTC":"","_EventShowMap":false,"_EventShowMapLink":false,"_EventURL":"","_EventCost":"","_EventCostDescription":"","_EventCurrencySymbol":"","_EventCurrencyCode":"","_EventCurrencyPosition":"","_EventDateTimeSeparator":"","_EventTimeRangeSeparator":"","_EventOrganizerID":[],"_EventVenueID":[],"_OrganizerEmail":"","_OrganizerPhone":"","_OrganizerWebsite":"","_VenueAddress":"","_VenueCity":"","_VenueCountry":"","_VenueProvince":"","_VenueState":"","_VenueZip":"","_VenuePhone":"","_VenueURL":"","_VenueStateProvince":"","_VenueLat":"","_VenueLng":"","_VenueShowMap":false,"_VenueShowMapLink":false,"footnotes":""},"class_list":["post-20095","page","type-page","status-publish","hentry","entry","no-media"],"yoast_head":"<!-- This site is optimized with the Yoast SEO plugin v27.5 - https:\/\/yoast.com\/product\/yoast-seo-wordpress\/ -->\n<title>Trilha do Bambuzal - Esta\u00e7\u00e3o Ecol\u00f3gica da UFMG<\/title>\n<meta name=\"robots\" content=\"index, follow, max-snippet:-1, max-image-preview:large, max-video-preview:-1\" \/>\n<link rel=\"canonical\" href=\"https:\/\/www.ufmg.br\/estacaoecologica\/extensao\/proeco\/trilhas-interpretativas-autoguiadas\/trilha-do-bambuzal\/\" \/>\n<meta property=\"og:locale\" content=\"pt_BR\" \/>\n<meta property=\"og:type\" content=\"article\" \/>\n<meta property=\"og:title\" content=\"Trilha do Bambuzal - Esta\u00e7\u00e3o Ecol\u00f3gica da UFMG\" \/>\n<meta property=\"og:description\" content=\"[vc_row][vc_column][\/vc_column][\/vc_row][vc_row][vc_column][\/vc_column][\/vc_row][vc_row][vc_column][vc_separator][\/vc_column][\/vc_row][vc_row][vc_column][vc_column_text]A Trilha do Bambuzal \u00e9 uma trilha curta de cerca de 1 quil\u00f4metro, ida e volta, com dificuldade m\u00e9dia devido ao leve aclive na volta. Ao final do trajeto, \u00e9&hellip;\" \/>\n<meta property=\"og:url\" content=\"https:\/\/www.ufmg.br\/estacaoecologica\/extensao\/proeco\/trilhas-interpretativas-autoguiadas\/trilha-do-bambuzal\/\" \/>\n<meta property=\"og:site_name\" content=\"Esta\u00e7\u00e3o Ecol\u00f3gica da UFMG\" \/>\n<meta property=\"article:modified_time\" content=\"2025-01-06T03:06:32+00:00\" \/>\n<meta name=\"twitter:card\" content=\"summary_large_image\" \/>\n<meta name=\"twitter:label1\" content=\"Est. tempo de leitura\" \/>\n\t<meta name=\"twitter:data1\" content=\"4 minutos\" \/>\n<script type=\"application\/ld+json\" class=\"yoast-schema-graph\">{\"@context\":\"https:\\\/\\\/schema.org\",\"@graph\":[{\"@type\":\"WebPage\",\"@id\":\"https:\\\/\\\/www.ufmg.br\\\/estacaoecologica\\\/extensao\\\/proeco\\\/trilhas-interpretativas-autoguiadas\\\/trilha-do-bambuzal\\\/\",\"url\":\"https:\\\/\\\/www.ufmg.br\\\/estacaoecologica\\\/extensao\\\/proeco\\\/trilhas-interpretativas-autoguiadas\\\/trilha-do-bambuzal\\\/\",\"name\":\"Trilha do Bambuzal - Esta\u00e7\u00e3o Ecol\u00f3gica da UFMG\",\"isPartOf\":{\"@id\":\"https:\\\/\\\/www.ufmg.br\\\/estacaoecologica\\\/#website\"},\"datePublished\":\"2024-08-28T01:34:01+00:00\",\"dateModified\":\"2025-01-06T03:06:32+00:00\",\"breadcrumb\":{\"@id\":\"https:\\\/\\\/www.ufmg.br\\\/estacaoecologica\\\/extensao\\\/proeco\\\/trilhas-interpretativas-autoguiadas\\\/trilha-do-bambuzal\\\/#breadcrumb\"},\"inLanguage\":\"pt-BR\",\"potentialAction\":[{\"@type\":\"ReadAction\",\"target\":[\"https:\\\/\\\/www.ufmg.br\\\/estacaoecologica\\\/extensao\\\/proeco\\\/trilhas-interpretativas-autoguiadas\\\/trilha-do-bambuzal\\\/\"]}]},{\"@type\":\"BreadcrumbList\",\"@id\":\"https:\\\/\\\/www.ufmg.br\\\/estacaoecologica\\\/extensao\\\/proeco\\\/trilhas-interpretativas-autoguiadas\\\/trilha-do-bambuzal\\\/#breadcrumb\",\"itemListElement\":[{\"@type\":\"ListItem\",\"position\":1,\"name\":\"In\u00edcio\",\"item\":\"https:\\\/\\\/www.ufmg.br\\\/estacaoecologica\\\/\"},{\"@type\":\"ListItem\",\"position\":2,\"name\":\"Extens\u00e3o\",\"item\":\"https:\\\/\\\/www.ufmg.br\\\/estacaoecologica\\\/extensao\\\/\"},{\"@type\":\"ListItem\",\"position\":3,\"name\":\"PROECO\",\"item\":\"https:\\\/\\\/www.ufmg.br\\\/estacaoecologica\\\/extensao\\\/proeco\\\/\"},{\"@type\":\"ListItem\",\"position\":4,\"name\":\"Trilhas Interpretativas Autoguiadas\",\"item\":\"https:\\\/\\\/www.ufmg.br\\\/estacaoecologica\\\/extensao\\\/proeco\\\/trilhas-interpretativas-autoguiadas\\\/\"},{\"@type\":\"ListItem\",\"position\":5,\"name\":\"Trilha do Bambuzal\"}]},{\"@type\":\"WebSite\",\"@id\":\"https:\\\/\\\/www.ufmg.br\\\/estacaoecologica\\\/#website\",\"url\":\"https:\\\/\\\/www.ufmg.br\\\/estacaoecologica\\\/\",\"name\":\"Esta\u00e7\u00e3o Ecol\u00f3gica da UFMG\",\"description\":\"Natureza, hist\u00f3ria e preserva\u00e7\u00e3o\",\"publisher\":{\"@id\":\"https:\\\/\\\/www.ufmg.br\\\/estacaoecologica\\\/#organization\"},\"potentialAction\":[{\"@type\":\"SearchAction\",\"target\":{\"@type\":\"EntryPoint\",\"urlTemplate\":\"https:\\\/\\\/www.ufmg.br\\\/estacaoecologica\\\/?s={search_term_string}\"},\"query-input\":{\"@type\":\"PropertyValueSpecification\",\"valueRequired\":true,\"valueName\":\"search_term_string\"}}],\"inLanguage\":\"pt-BR\"},{\"@type\":\"Organization\",\"@id\":\"https:\\\/\\\/www.ufmg.br\\\/estacaoecologica\\\/#organization\",\"name\":\"Esta\u00e7\u00e3o Ecol\u00f3gica da UFMG\",\"url\":\"https:\\\/\\\/www.ufmg.br\\\/estacaoecologica\\\/\",\"logo\":{\"@type\":\"ImageObject\",\"inLanguage\":\"pt-BR\",\"@id\":\"https:\\\/\\\/www.ufmg.br\\\/estacaoecologica\\\/#\\\/schema\\\/logo\\\/image\\\/\",\"url\":\"https:\\\/\\\/www.ufmg.br\\\/estacaoecologica\\\/wp-content\\\/uploads\\\/2020\\\/04\\\/logo-proex-v2.png\",\"contentUrl\":\"https:\\\/\\\/www.ufmg.br\\\/estacaoecologica\\\/wp-content\\\/uploads\\\/2020\\\/04\\\/logo-proex-v2.png\",\"width\":500,\"height\":104,\"caption\":\"Esta\u00e7\u00e3o Ecol\u00f3gica da UFMG\"},\"image\":{\"@id\":\"https:\\\/\\\/www.ufmg.br\\\/estacaoecologica\\\/#\\\/schema\\\/logo\\\/image\\\/\"}}]}<\/script>\n<!-- \/ Yoast SEO plugin. -->","yoast_head_json":{"title":"Trilha do Bambuzal - Esta\u00e7\u00e3o Ecol\u00f3gica da UFMG","robots":{"index":"index","follow":"follow","max-snippet":"max-snippet:-1","max-image-preview":"max-image-preview:large","max-video-preview":"max-video-preview:-1"},"canonical":"https:\/\/www.ufmg.br\/estacaoecologica\/extensao\/proeco\/trilhas-interpretativas-autoguiadas\/trilha-do-bambuzal\/","og_locale":"pt_BR","og_type":"article","og_title":"Trilha do Bambuzal - Esta\u00e7\u00e3o Ecol\u00f3gica da UFMG","og_description":"[vc_row][vc_column][\/vc_column][\/vc_row][vc_row][vc_column][\/vc_column][\/vc_row][vc_row][vc_column][vc_separator][\/vc_column][\/vc_row][vc_row][vc_column][vc_column_text]A Trilha do Bambuzal \u00e9 uma trilha curta de cerca de 1 quil\u00f4metro, ida e volta, com dificuldade m\u00e9dia devido ao leve aclive na volta. Ao final do trajeto, \u00e9&hellip;","og_url":"https:\/\/www.ufmg.br\/estacaoecologica\/extensao\/proeco\/trilhas-interpretativas-autoguiadas\/trilha-do-bambuzal\/","og_site_name":"Esta\u00e7\u00e3o Ecol\u00f3gica da UFMG","article_modified_time":"2025-01-06T03:06:32+00:00","twitter_card":"summary_large_image","twitter_misc":{"Est. tempo de leitura":"4 minutos"},"schema":{"@context":"https:\/\/schema.org","@graph":[{"@type":"WebPage","@id":"https:\/\/www.ufmg.br\/estacaoecologica\/extensao\/proeco\/trilhas-interpretativas-autoguiadas\/trilha-do-bambuzal\/","url":"https:\/\/www.ufmg.br\/estacaoecologica\/extensao\/proeco\/trilhas-interpretativas-autoguiadas\/trilha-do-bambuzal\/","name":"Trilha do Bambuzal - Esta\u00e7\u00e3o Ecol\u00f3gica da UFMG","isPartOf":{"@id":"https:\/\/www.ufmg.br\/estacaoecologica\/#website"},"datePublished":"2024-08-28T01:34:01+00:00","dateModified":"2025-01-06T03:06:32+00:00","breadcrumb":{"@id":"https:\/\/www.ufmg.br\/estacaoecologica\/extensao\/proeco\/trilhas-interpretativas-autoguiadas\/trilha-do-bambuzal\/#breadcrumb"},"inLanguage":"pt-BR","potentialAction":[{"@type":"ReadAction","target":["https:\/\/www.ufmg.br\/estacaoecologica\/extensao\/proeco\/trilhas-interpretativas-autoguiadas\/trilha-do-bambuzal\/"]}]},{"@type":"BreadcrumbList","@id":"https:\/\/www.ufmg.br\/estacaoecologica\/extensao\/proeco\/trilhas-interpretativas-autoguiadas\/trilha-do-bambuzal\/#breadcrumb","itemListElement":[{"@type":"ListItem","position":1,"name":"In\u00edcio","item":"https:\/\/www.ufmg.br\/estacaoecologica\/"},{"@type":"ListItem","position":2,"name":"Extens\u00e3o","item":"https:\/\/www.ufmg.br\/estacaoecologica\/extensao\/"},{"@type":"ListItem","position":3,"name":"PROECO","item":"https:\/\/www.ufmg.br\/estacaoecologica\/extensao\/proeco\/"},{"@type":"ListItem","position":4,"name":"Trilhas Interpretativas Autoguiadas","item":"https:\/\/www.ufmg.br\/estacaoecologica\/extensao\/proeco\/trilhas-interpretativas-autoguiadas\/"},{"@type":"ListItem","position":5,"name":"Trilha do Bambuzal"}]},{"@type":"WebSite","@id":"https:\/\/www.ufmg.br\/estacaoecologica\/#website","url":"https:\/\/www.ufmg.br\/estacaoecologica\/","name":"Esta\u00e7\u00e3o Ecol\u00f3gica da UFMG","description":"Natureza, hist\u00f3ria e preserva\u00e7\u00e3o","publisher":{"@id":"https:\/\/www.ufmg.br\/estacaoecologica\/#organization"},"potentialAction":[{"@type":"SearchAction","target":{"@type":"EntryPoint","urlTemplate":"https:\/\/www.ufmg.br\/estacaoecologica\/?s={search_term_string}"},"query-input":{"@type":"PropertyValueSpecification","valueRequired":true,"valueName":"search_term_string"}}],"inLanguage":"pt-BR"},{"@type":"Organization","@id":"https:\/\/www.ufmg.br\/estacaoecologica\/#organization","name":"Esta\u00e7\u00e3o Ecol\u00f3gica da UFMG","url":"https:\/\/www.ufmg.br\/estacaoecologica\/","logo":{"@type":"ImageObject","inLanguage":"pt-BR","@id":"https:\/\/www.ufmg.br\/estacaoecologica\/#\/schema\/logo\/image\/","url":"https:\/\/www.ufmg.br\/estacaoecologica\/wp-content\/uploads\/2020\/04\/logo-proex-v2.png","contentUrl":"https:\/\/www.ufmg.br\/estacaoecologica\/wp-content\/uploads\/2020\/04\/logo-proex-v2.png","width":500,"height":104,"caption":"Esta\u00e7\u00e3o Ecol\u00f3gica da UFMG"},"image":{"@id":"https:\/\/www.ufmg.br\/estacaoecologica\/#\/schema\/logo\/image\/"}}]}},"_links":{"self":[{"href":"https:\/\/www.ufmg.br\/estacaoecologica\/wp-json\/wp\/v2\/pages\/20095","targetHints":{"allow":["GET"]}}],"collection":[{"href":"https:\/\/www.ufmg.br\/estacaoecologica\/wp-json\/wp\/v2\/pages"}],"about":[{"href":"https:\/\/www.ufmg.br\/estacaoecologica\/wp-json\/wp\/v2\/types\/page"}],"author":[{"embeddable":true,"href":"https:\/\/www.ufmg.br\/estacaoecologica\/wp-json\/wp\/v2\/users\/1"}],"replies":[{"embeddable":true,"href":"https:\/\/www.ufmg.br\/estacaoecologica\/wp-json\/wp\/v2\/comments?post=20095"}],"version-history":[{"count":7,"href":"https:\/\/www.ufmg.br\/estacaoecologica\/wp-json\/wp\/v2\/pages\/20095\/revisions"}],"predecessor-version":[{"id":20136,"href":"https:\/\/www.ufmg.br\/estacaoecologica\/wp-json\/wp\/v2\/pages\/20095\/revisions\/20136"}],"up":[{"embeddable":true,"href":"https:\/\/www.ufmg.br\/estacaoecologica\/wp-json\/wp\/v2\/pages\/20087"}],"wp:attachment":[{"href":"https:\/\/www.ufmg.br\/estacaoecologica\/wp-json\/wp\/v2\/media?parent=20095"}],"curies":[{"name":"wp","href":"https:\/\/api.w.org\/{rel}","templated":true}]}}