{"id":160,"date":"2022-09-23T13:34:14","date_gmt":"2022-09-23T16:34:14","guid":{"rendered":"https:\/\/www.ufmg.br\/giz?page_id=160"},"modified":"2023-09-01T14:09:35","modified_gmt":"2023-09-01T17:09:35","slug":"assessoria-pedagogica","status":"publish","type":"page","link":"https:\/\/www.ufmg.br\/giz\/assessoria-pedagogica\/","title":{"rendered":"Assessoria Pedag\u00f3gica"},"content":{"rendered":"<p><img loading=\"lazy\" class=\"alignnone wp-image-804\" src=\"https:\/\/www.ufmg.br\/giz\/wp-content\/uploads\/2023\/09\/LOGO-1-copy-3.png\" alt=\"\" width=\"460\" height=\"143\" srcset=\"https:\/\/www.ufmg.br\/giz\/wp-content\/uploads\/2023\/09\/LOGO-1-copy-3.png 710w, https:\/\/www.ufmg.br\/giz\/wp-content\/uploads\/2023\/09\/LOGO-1-copy-3-300x93.png 300w\" sizes=\"(max-width: 460px) 100vw, 460px\" \/><\/p>\n<p>As assessorias pedag\u00f3gicas que a Diretoria de Inova\u00e7\u00e3o e Metodologias de Ensino oferece s\u00e3o voltadas para grupos de professores efetivos da UFMG, coordena\u00e7\u00f5es de colegiados e cursos de gradua\u00e7\u00e3o. O prop\u00f3sito das assessorias \u00e9 oferecer apoio pedag\u00f3gico contextualizado e situacionalizado para quest\u00f5es relacionadas aos cursos de gradua\u00e7\u00e3o.<\/p>\n<div id=\"sp-ea-488\" class=\"sp-ea-one sp-easy-accordion\" data-ex-icon=\"fa-minus\" data-col-icon=\"fa-plus\"  data-ea-active=\"ea-click\"  data-ea-mode=\"vertical\" data-preloader=\"0\"><div class=\"ea-card  sp-ea-single\"><h3 class=\"ea-header\"><a class=\"collapsed\" data-sptoggle=\"spcollapse\" data-sptarget=#collapse4880 href=\"javascript:void(0)\" aria-expanded=\"false\"><i class=\"ea-expand-icon fa fa-plus\"><\/i> OBJETIVOS<\/a><\/h3><div class=\"sp-collapse spcollapse spcollapse\" id=\"collapse4880\" data-parent=#sp-ea-488><div class=\"ea-body\"><p>No \u00e2mbito das a\u00e7\u00f5es estruturantes as assessorias pedag\u00f3gicas que o GIZ oferece s\u00e3o voltadas para grupos de professores efetivos da UFMG, coordena\u00e7\u00f5es de colegiados e cursos de gradua\u00e7\u00e3o. O prop\u00f3sito das assessorias \u00e9 oferecer apoio pedag\u00f3gico contextualizado e situacionalizado para quest\u00f5es relacionadas aos cursos de gradua\u00e7\u00e3o, tais como: reformula\u00e7\u00e3o de projetos pedag\u00f3gicos, apoio na elabora\u00e7\u00e3o de recursos educacionais (materiais did\u00e1ticos, v\u00eddeos, objetos de aprendizagem, roteiros, materiais para ambiente virtual), apoio e acompanhamento na elabora\u00e7\u00e3o de instrumentos de avalia\u00e7\u00e3o de disciplinas, projetos pedag\u00f3gicos de cursos, propostas transversais, apoio na montagem de ambientes virtuais de aprendizagem voltados para promo\u00e7\u00e3o de educa\u00e7\u00e3o convergente (presencial e a dist\u00e2ncia), apoio na oferta de cursos de forma\u00e7\u00e3o de professores e\/ou estudantes de unidades.<\/p>\n<\/div><\/div><\/div><div class=\"ea-card  sp-ea-single\"><h3 class=\"ea-header\"><a class=\"collapsed\" data-sptoggle=\"spcollapse\" data-sptarget=#collapse4881 href=\"javascript:void(0)\" aria-expanded=\"false\"><i class=\"ea-expand-icon fa fa-plus\"><\/i> P\u00daBLICO-ALVO<\/a><\/h3><div class=\"sp-collapse spcollapse spcollapse\" id=\"collapse4881\" data-parent=#sp-ea-488><div class=\"ea-body\"><p>Professores efetivos da UFMG, coordena\u00e7\u00f5es de colegiados e cursos de gradua\u00e7\u00e3o.<\/p>\n<\/div><\/div><\/div><div class=\"ea-card  sp-ea-single\"><h3 class=\"ea-header\"><a class=\"collapsed\" data-sptoggle=\"spcollapse\" data-sptarget=#collapse4882 href=\"javascript:void(0)\" aria-expanded=\"false\"><i class=\"ea-expand-icon fa fa-plus\"><\/i> ORGANIZA\u00c7\u00c3O<\/a><\/h3><div class=\"sp-collapse spcollapse spcollapse\" id=\"collapse4882\" data-parent=#sp-ea-488><div class=\"ea-body\">No Content<\/div><\/div><\/div><div class=\"ea-card  sp-ea-single\"><h3 class=\"ea-header\"><a class=\"collapsed\" data-sptoggle=\"spcollapse\" data-sptarget=#collapse4883 href=\"javascript:void(0)\" aria-expanded=\"false\"><i class=\"ea-expand-icon fa fa-plus\"><\/i> COORDENA\u00c7\u00c3O<\/a><\/h3><div class=\"sp-collapse spcollapse spcollapse\" id=\"collapse4883\" data-parent=#sp-ea-488><div class=\"ea-body\"><p>K\u00eania Aul\u00edzia Her\u00e9dia<br \/>\nMarcos Vin\u00edcius Tarquinio<br \/>\nRafaela Esteves Godinho Leal<\/p>\n<\/div><\/div><\/div><div class=\"ea-card  sp-ea-single\"><h3 class=\"ea-header\"><a class=\"collapsed\" data-sptoggle=\"spcollapse\" data-sptarget=#collapse4884 href=\"javascript:void(0)\" aria-expanded=\"false\"><i class=\"ea-expand-icon fa fa-plus\"><\/i> COMO PARTICIPAR E CONTATOS<\/a><\/h3><div class=\"sp-collapse spcollapse spcollapse\" id=\"collapse4884\" data-parent=#sp-ea-488><div class=\"ea-body\"><div id=\"yui_3_16_0_ym19_1_1491838996974_10215\">\n<div id=\"yui_3_16_0_ym19_1_1491838996974_10216\">E-mail: giz@prograd.ufmg.br<\/div>\n<\/div>\n<\/div><\/div><\/div><\/div>\n","protected":false},"excerpt":{"rendered":"<p>As assessorias pedag\u00f3gicas que a Diretoria de Inova\u00e7\u00e3o e Metodologias [&hellip;]<\/p>\n","protected":false},"author":7,"featured_media":0,"parent":0,"menu_order":0,"comment_status":"closed","ping_status":"closed","template":"","meta":[],"acf":[],"_links":{"self":[{"href":"https:\/\/www.ufmg.br\/giz\/wp-json\/wp\/v2\/pages\/160"}],"collection":[{"href":"https:\/\/www.ufmg.br\/giz\/wp-json\/wp\/v2\/pages"}],"about":[{"href":"https:\/\/www.ufmg.br\/giz\/wp-json\/wp\/v2\/types\/page"}],"author":[{"embeddable":true,"href":"https:\/\/www.ufmg.br\/giz\/wp-json\/wp\/v2\/users\/7"}],"replies":[{"embeddable":true,"href":"https:\/\/www.ufmg.br\/giz\/wp-json\/wp\/v2\/comments?post=160"}],"version-history":[{"count":13,"href":"https:\/\/www.ufmg.br\/giz\/wp-json\/wp\/v2\/pages\/160\/revisions"}],"predecessor-version":[{"id":807,"href":"https:\/\/www.ufmg.br\/giz\/wp-json\/wp\/v2\/pages\/160\/revisions\/807"}],"wp:attachment":[{"href":"https:\/\/www.ufmg.br\/giz\/wp-json\/wp\/v2\/media?parent=160"}],"curies":[{"name":"wp","href":"https:\/\/api.w.org\/{rel}","templated":true}]}}