{"id":160,"date":"2022-09-23T13:34:14","date_gmt":"2022-09-23T16:34:14","guid":{"rendered":"https:\/\/www.ufmg.br\/giz?page_id=160"},"modified":"2026-08-18T11:57:06","modified_gmt":"2026-08-18T14:57:06","slug":"assessoria-pedagogica","status":"publish","type":"page","link":"https:\/\/www.ufmg.br\/giz\/assessoria-pedagogica\/","title":{"rendered":"Assessoria Pedag\u00f3gica"},"content":{"rendered":"<p><img loading=\"lazy\" decoding=\"async\" class=\"alignnone wp-image-804\" src=\"https:\/\/www.ufmg.br\/giz\/wp-content\/uploads\/2023\/09\/LOGO-1-copy-3.png\" alt=\"\" width=\"460\" height=\"143\" srcset=\"https:\/\/www.ufmg.br\/giz\/wp-content\/uploads\/2023\/09\/LOGO-1-copy-3.png 710w, https:\/\/www.ufmg.br\/giz\/wp-content\/uploads\/2023\/09\/LOGO-1-copy-3-300x93.png 300w\" sizes=\"auto, (max-width: 460px) 100vw, 460px\" \/><\/p>\r\n<p>A Assessoria Pedag\u00f3gica do GIZ \u00e9 uma a\u00e7\u00e3o institucional voltada \u00e0 forma\u00e7\u00e3o e ao desenvolvimento did\u00e1tico-pedag\u00f3gico de docentes da UFMG, a partir de demandas concretas e contextualizadas das pr\u00e1ticas educativas nos cursos de gradua\u00e7\u00e3o.<\/p>\r\n<!-- \/wp:post-content -->\r\n\r\n<!-- wp:paragraph -->\r\n<p>A assessoria busca contribuir para o planejamento, o desenvolvimento e o aprimoramento de pr\u00e1ticas pedag\u00f3gicas, considerando as especificidades dos cursos, das disciplinas e dos contextos institucionais.<\/p>\r\n<p>&nbsp;<\/p>\r\n<style>#sp-ea-488 .spcollapsing { height: 0; overflow: hidden; transition-property: height;transition-duration: 300ms;}#sp-ea-488.sp-easy-accordion>.sp-ea-single {margin-bottom: 10px; border: 1px solid #e2e2e2; }#sp-ea-488.sp-easy-accordion>.sp-ea-single>.ea-header a {color: #444;}#sp-ea-488.sp-easy-accordion>.sp-ea-single>.sp-collapse>.ea-body {background: #fff; color: #444;}#sp-ea-488.sp-easy-accordion>.sp-ea-single {background: #eee;}#sp-ea-488.sp-easy-accordion>.sp-ea-single>.ea-header a .ea-expand-icon { float: left; color: #444;font-size: 16px;}<\/style><div id=\"sp_easy_accordion-1787060875\"><div id=\"sp-ea-488\" class=\"sp-ea-one sp-easy-accordion\" data-ea-active=\"ea-click\" data-ea-mode=\"vertical\" data-preloader=\"\" data-scroll-active-item=\"\" data-offset-to-scroll=\"0\"><div class=\"ea-card sp-ea-single\"><h3 class=\"ea-header\"><a class=\"collapsed\" id=\"ea-header-4880\" role=\"button\" data-sptoggle=\"spcollapse\" data-sptarget=\"#collapse4880\" aria-controls=\"collapse4880\" href=\"#\" aria-expanded=\"false\" tabindex=\"0\"><i aria-hidden=\"true\" role=\"presentation\" class=\"ea-expand-icon eap-icon-ea-expand-plus\"><\/i> CHAMADAS<\/a><\/h3><div class=\"sp-collapse spcollapse spcollapse\" id=\"collapse4880\" data-parent=\"#sp-ea-488\" role=\"region\" aria-labelledby=\"ea-header-4880\"> <div class=\"ea-body\"><p><a href=\"https:\/\/www.ufmg.br\/giz\/wp-content\/uploads\/2026\/08\/CHAMADA-Assessoria-pedagogica-2026-final.docx-1.pdf\">CHAMADA PARA ASSESSORIA 2026 (Encerrada)<\/a><\/p><p><a href=\"https:\/\/www.ufmg.br\/giz\/wp-content\/uploads\/2026\/08\/Resultado-Chamada-Assessoria-Pedagogica-2026.pdf\">RESULTADO DA CHAMADA P\u00daBLICA DE SELE\u00c7\u00c3O PARA ASSESSORIA PEDAG\u00d3GICA GIZ\/PROGRAD N\u00b0 001\/2026<\/a><\/p><\/div><\/div><\/div><div class=\"ea-card sp-ea-single\"><h3 class=\"ea-header\"><a class=\"collapsed\" id=\"ea-header-4881\" role=\"button\" data-sptoggle=\"spcollapse\" data-sptarget=\"#collapse4881\" aria-controls=\"collapse4881\" href=\"#\" aria-expanded=\"false\" tabindex=\"0\"><i aria-hidden=\"true\" role=\"presentation\" class=\"ea-expand-icon eap-icon-ea-expand-plus\"><\/i> OBJETIVOS<\/a><\/h3><div class=\"sp-collapse spcollapse spcollapse\" id=\"collapse4881\" data-parent=\"#sp-ea-488\" role=\"region\" aria-labelledby=\"ea-header-4881\"> <div class=\"ea-body\"><p>As assessorias t\u00eam como objetivo oferecer apoio pedag\u00f3gico especializado e contextualizado para quest\u00f5es relacionadas ao ensino de gradua\u00e7\u00e3o, contemplando, entre outras, as seguintes demandas:<\/p><p> <\/p><ul><li>reformula\u00e7\u00e3o e desenvolvimento de projetos pedag\u00f3gicos de cursos;<\/li><\/ul><p> <\/p><ul><li>elabora\u00e7\u00e3o e aperfei\u00e7oamento de recursos educacionais, como materiais did\u00e1ticos, v\u00eddeos, objetos de aprendizagem e materiais para ambientes virtuais;<\/li><\/ul><p> <\/p><ul><li>constru\u00e7\u00e3o e aperfei\u00e7oamento de instrumentos de avalia\u00e7\u00e3o das aprendizagens;<\/li><\/ul><p> <\/p><ul><li>desenvolvimento de propostas pedag\u00f3gicas integradoras e\/ou transversais;<\/li><\/ul><p> <\/p><ul><li>organiza\u00e7\u00e3o de ambientes virtuais de aprendizagem para disciplinas de cursos da gradua\u00e7\u00e3o presenciais;<\/li><\/ul><p> <\/p><ul><li>planejamento e realiza\u00e7\u00e3o de a\u00e7\u00f5es de forma\u00e7\u00e3o para docentes e estudantes das unidades acad\u00eamicas;<\/li><\/ul><p> <\/p><ul><li>outras demandas relacionadas ao planejamento, desenvolvimento e avalia\u00e7\u00e3o dos processos de ensino e aprendizagem na gradua\u00e7\u00e3o.<\/li><\/ul><\/div><\/div><\/div><div class=\"ea-card sp-ea-single\"><h3 class=\"ea-header\"><a class=\"collapsed\" id=\"ea-header-4882\" role=\"button\" data-sptoggle=\"spcollapse\" data-sptarget=\"#collapse4882\" aria-controls=\"collapse4882\" href=\"#\" aria-expanded=\"false\" tabindex=\"0\"><i aria-hidden=\"true\" role=\"presentation\" class=\"ea-expand-icon eap-icon-ea-expand-plus\"><\/i> P\u00daBLICO-ALVO<\/a><\/h3><div class=\"sp-collapse spcollapse spcollapse\" id=\"collapse4882\" data-parent=\"#sp-ea-488\" role=\"region\" aria-labelledby=\"ea-header-4882\"> <div class=\"ea-body\"><p>Podem solicitar assessoramento pedag\u00f3gico:<\/p><p> <\/p><ul><li>docentes efetivos da UFMG, no \u00e2mbito de disciplinas e\/ou cursos de gradua\u00e7\u00e3o;<\/li><li>coordena\u00e7\u00f5es de colegiados de cursos de gradua\u00e7\u00e3o;<\/li><li>N\u00facleos Docentes Estruturantes (NDEs).As solicita\u00e7\u00f5es devem estar relacionadas a demandas pedag\u00f3gicas institucionais vinculadas ao ensino de gradua\u00e7\u00e3o<\/li><\/ul><\/div><\/div><\/div><div class=\"ea-card sp-ea-single\"><h3 class=\"ea-header\"><a class=\"collapsed\" id=\"ea-header-4883\" role=\"button\" data-sptoggle=\"spcollapse\" data-sptarget=\"#collapse4883\" aria-controls=\"collapse4883\" href=\"#\" aria-expanded=\"false\" tabindex=\"0\"><i aria-hidden=\"true\" role=\"presentation\" class=\"ea-expand-icon eap-icon-ea-expand-plus\"><\/i> ORGANIZA\u00c7\u00c3O E INSCRI\u00c7\u00d5ES<\/a><\/h3><div class=\"sp-collapse spcollapse spcollapse\" id=\"collapse4883\" data-parent=\"#sp-ea-488\" role=\"region\" aria-labelledby=\"ea-header-4883\"> <div class=\"ea-body\"><p><strong>(Inscri\u00e7\u00f5es encerradas)<\/strong><\/p><p>O atendimento \u00e0s demandas de assessoria pedag\u00f3gica \u00e9 realizado por meio de chamadas p\u00fablicas de sele\u00e7\u00e3o, divulgadas semestralmente pelo GIZ.<\/p><p> <\/p><p>Os interessados\/as devem apresentar suas propostas por meio de formul\u00e1rio eletr\u00f4nico, observando as orienta\u00e7\u00f5es e os prazos estabelecidos em cada chamada.<\/p><p> <\/p><p>Chamada P\u00fablica de Assessoria Pedag\u00f3gica GIZ\/2026<br \/>No segundo semestre de 2026, as inscri\u00e7\u00f5es para apresenta\u00e7\u00e3o de propostas estar\u00e3o abertas de 3 a 16 de agosto de 2026. (Inscri\u00e7\u00f5es encerradas)<\/p><p> <\/p><p>Para inscrever sua proposta, acesse o formul\u00e1rio da Chamada P\u00fablica de Sele\u00e7\u00e3o para Assessoria Pedag\u00f3gica GIZ\/2026:<\/p><p> <\/p><p>Inscreva sua proposta \u2013 formul\u00e1rio de inscri\u00e7\u00e3o (<a href=\"https:\/\/forms.gle\/Jeecs8YbyMAmAA2f8\">https:\/\/forms.gle\/Jeecs8YbyMAmAA2f8<\/a>)<\/p><p> <\/p><p>As propostas ser\u00e3o analisadas de acordo com os crit\u00e9rios estabelecidos na chamada p\u00fablica.<\/p><p> <\/p><p>Para informa\u00e7\u00f5es sobre a chamada, crit\u00e9rios de sele\u00e7\u00e3o e demais orienta\u00e7\u00f5es, consulte o edital correspondente.<\/p><\/div><\/div><\/div><div class=\"ea-card sp-ea-single\"><h3 class=\"ea-header\"><a class=\"collapsed\" id=\"ea-header-4884\" role=\"button\" data-sptoggle=\"spcollapse\" data-sptarget=\"#collapse4884\" aria-controls=\"collapse4884\" href=\"#\" aria-expanded=\"false\" tabindex=\"0\"><i aria-hidden=\"true\" role=\"presentation\" class=\"ea-expand-icon eap-icon-ea-expand-plus\"><\/i> COORDENA\u00c7\u00c3O<\/a><\/h3><div class=\"sp-collapse spcollapse spcollapse\" id=\"collapse4884\" data-parent=\"#sp-ea-488\" role=\"region\" aria-labelledby=\"ea-header-4884\"> <div class=\"ea-body\"><p>K\u00eania Aul\u00edzia Her\u00e9dia<br \/>Marcos Vin\u00edcius Tarquinio<br \/>Rafaela Esteves Godinho Leal<\/p><\/div><\/div><\/div><div class=\"ea-card sp-ea-single\"><h3 class=\"ea-header\"><a class=\"collapsed\" id=\"ea-header-4885\" role=\"button\" data-sptoggle=\"spcollapse\" data-sptarget=\"#collapse4885\" aria-controls=\"collapse4885\" href=\"#\" aria-expanded=\"false\" tabindex=\"0\"><i aria-hidden=\"true\" role=\"presentation\" class=\"ea-expand-icon eap-icon-ea-expand-plus\"><\/i> COMO OCORRE?<\/a><\/h3><div class=\"sp-collapse spcollapse spcollapse\" id=\"collapse4885\" data-parent=\"#sp-ea-488\" role=\"region\" aria-labelledby=\"ea-header-4885\"> <div class=\"ea-body\"><div id=\"yui_3_16_0_ym19_1_1491838996974_10215\"><div id=\"yui_3_16_0_ym19_1_1491838996974_10216\"><p>A Assessoria Pedag\u00f3gica do GIZ \u00e9 desenvolvida a partir de chamadas p\u00fablicas semestrais, nas quais s\u00e3o selecionadas propostas de docentes, coordena\u00e7\u00f5es de colegiados e N\u00facleos Docentes Estruturantes (NDEs).<\/p><p> <\/p><p>O processo compreende as seguintes etapas:<\/p><p> <\/p><ol class=\"wp-block-list\"><li style=\"list-style-type: none\"><ul class=\"wp-block-list\"><\/p><li><ul class=\"wp-block-list\"><li style=\"list-style-type: none\"><ul class=\"wp-block-list\"><\/p><li>Apresenta\u00e7\u00e3o da proposta<br \/>O\/a interessado\/a apresenta a demanda de assessoria por meio do formul\u00e1rio eletr\u00f4nico disponibilizado pelo GIZ durante o per\u00edodo de inscri\u00e7\u00e3o da chamada p\u00fablica.<\/li><\/ul><\/li><\/ul><p> <\/p><ul class=\"wp-block-list\"><li style=\"list-style-type: none\"><ul class=\"wp-block-list\"><li>An\u00e1lise e sele\u00e7\u00e3o das propostas<br \/>As propostas s\u00e3o analisadas pela equipe do GIZ, considerando os crit\u00e9rios e as condi\u00e7\u00f5es estabelecidos na chamada p\u00fablica.<\/li><\/ul><\/li><\/ul><p> <\/p><ul class=\"wp-block-list\"><li style=\"list-style-type: none\"><ul class=\"wp-block-list\"><li>Planejamento da assessoria<br \/>As propostas selecionadas s\u00e3o discutidas com os\/as solicitantes para o detalhamento da demanda, defini\u00e7\u00e3o dos objetivos, das estrat\u00e9gias de trabalho e do cronograma das atividades.<\/li><\/ul><\/li><\/ul><p> <\/p><ul class=\"wp-block-list\"><li style=\"list-style-type: none\"><ul class=\"wp-block-list\"><li>Desenvolvimento das a\u00e7\u00f5es<br \/>A assessoria \u00e9 realizada de forma colaborativa, considerando as especificidades da disciplina, do curso ou da unidade acad\u00eamica e as necessidades pedag\u00f3gicas identificadas.<\/li><\/ul><\/li><\/ul><p> <\/p><ul class=\"wp-block-list\"><li style=\"list-style-type: none\"><ul class=\"wp-block-list\"><li>Acompanhamento e avalia\u00e7\u00e3o<br \/>Ao longo do processo, s\u00e3o realizados momentos de acompanhamento e avalia\u00e7\u00e3o das a\u00e7\u00f5es desenvolvidas, buscando identificar avan\u00e7os, resultados e poss\u00edveis desdobramentos da assessoria.<\/li><\/ul><\/li><\/ul><\/li><\/ul><\/li><\/ol><\/div><\/div><\/div><\/div><\/div><div class=\"ea-card sp-ea-single\"><h3 class=\"ea-header\"><a class=\"collapsed\" id=\"ea-header-4886\" role=\"button\" data-sptoggle=\"spcollapse\" data-sptarget=\"#collapse4886\" aria-controls=\"collapse4886\" href=\"#\" aria-expanded=\"false\" tabindex=\"0\"><i aria-hidden=\"true\" role=\"presentation\" class=\"ea-expand-icon eap-icon-ea-expand-plus\"><\/i> CONDI\u00c7\u00d5ES DA ASSESSORIA<\/a><\/h3><div class=\"sp-collapse spcollapse spcollapse\" id=\"collapse4886\" data-parent=\"#sp-ea-488\" role=\"region\" aria-labelledby=\"ea-header-4886\"> <div class=\"ea-body\"><p><\/p><p><\/p><p>A realiza\u00e7\u00e3o da Assessoria Pedag\u00f3gica pelo GIZ n\u00e3o gera custos para a unidade acad\u00eamica ou para o curso atendido. Da mesma forma, a participa\u00e7\u00e3o dos\/as docentes nas atividades de assessoria n\u00e3o prev\u00ea concess\u00e3o de bolsas, aux\u00edlios ou recursos financeiros.<\/p><p> <\/p><p>A participa\u00e7\u00e3o nas a\u00e7\u00f5es de forma\u00e7\u00e3o e assessoria realizadas pelo GIZ poder\u00e1 ser comprovada por meio de declara\u00e7\u00e3o ou certificado, conforme a natureza da atividade. Essa participa\u00e7\u00e3o poder\u00e1 ser considerada para fins de pontua\u00e7\u00e3o ou comprova\u00e7\u00e3o de atividades em editais e processos de sele\u00e7\u00e3o da PROGRAD\/UFMG, quando prevista nos respectivos crit\u00e9rios.<\/p><p><\/p><\/div><\/div><\/div><\/div><\/div>","protected":false},"excerpt":{"rendered":"<p>A Assessoria Pedag\u00f3gica do GIZ \u00e9 uma a\u00e7\u00e3o institucional voltada [&hellip;]<\/p>\n","protected":false},"author":7,"featured_media":0,"parent":0,"menu_order":0,"comment_status":"closed","ping_status":"closed","template":"","meta":{"_acf_changed":false,"footnotes":""},"class_list":["post-160","page","type-page","status-publish","hentry"],"acf":[],"_links":{"self":[{"href":"https:\/\/www.ufmg.br\/giz\/wp-json\/wp\/v2\/pages\/160","targetHints":{"allow":["GET"]}}],"collection":[{"href":"https:\/\/www.ufmg.br\/giz\/wp-json\/wp\/v2\/pages"}],"about":[{"href":"https:\/\/www.ufmg.br\/giz\/wp-json\/wp\/v2\/types\/page"}],"author":[{"embeddable":true,"href":"https:\/\/www.ufmg.br\/giz\/wp-json\/wp\/v2\/users\/7"}],"replies":[{"embeddable":true,"href":"https:\/\/www.ufmg.br\/giz\/wp-json\/wp\/v2\/comments?post=160"}],"version-history":[{"count":18,"href":"https:\/\/www.ufmg.br\/giz\/wp-json\/wp\/v2\/pages\/160\/revisions"}],"predecessor-version":[{"id":2208,"href":"https:\/\/www.ufmg.br\/giz\/wp-json\/wp\/v2\/pages\/160\/revisions\/2208"}],"wp:attachment":[{"href":"https:\/\/www.ufmg.br\/giz\/wp-json\/wp\/v2\/media?parent=160"}],"curies":[{"name":"wp","href":"https:\/\/api.w.org\/{rel}","templated":true}]}}