{"id":184,"date":"2022-09-23T14:03:49","date_gmt":"2022-09-23T17:03:49","guid":{"rendered":"https:\/\/www.ufmg.br\/giz?page_id=184"},"modified":"2026-02-13T09:08:35","modified_gmt":"2026-02-13T12:08:35","slug":"revista-docencia-do-ensino-superior","status":"publish","type":"page","link":"https:\/\/www.ufmg.br\/giz\/revista-docencia-do-ensino-superior\/","title":{"rendered":"Revista Doc\u00eancia do Ensino Superior"},"content":{"rendered":"<p align=\"justify\"><img loading=\"lazy\" decoding=\"async\" class=\"alignnone wp-image-513 size-full\" src=\"https:\/\/www.ufmg.br\/giz\/wp-content\/uploads\/2023\/06\/image.png\" alt=\"\" width=\"454\" height=\"153\" srcset=\"https:\/\/www.ufmg.br\/giz\/wp-content\/uploads\/2023\/06\/image.png 454w, https:\/\/www.ufmg.br\/giz\/wp-content\/uploads\/2023\/06\/image-300x101.png 300w\" sizes=\"auto, (max-width: 454px) 100vw, 454px\" \/><\/p>\n<p>A Revista Doc\u00eancia do Ensino Superior \u00e9 um peri\u00f3dico cient\u00edfico e constitui-se como espa\u00e7o de debate e reflex\u00e3o sobre as atividades docentes de ensino superior. Na \u00faltima avalia\u00e7\u00e3o Qualis Peri\u00f3dicos (2021-2024) da Capes, obteve a qualifica\u00e7\u00e3o no estrato A3.<\/p>\n<p>Lan\u00e7ada em outubro de 2011, a Revista Doc\u00eancia do Ensino Superior teve seus quatro primeiros volumes publicados anualmente em vers\u00e3o online. Em 2015 passou a ser de circula\u00e7\u00e3o semestral, em vers\u00f5es online e impressa. Em 2018 voltou a ter apenas a vers\u00e3o online, mantendo a periodicidade semestral. Desde 2019 a Revista adota a modalidade de fluxo cont\u00ednuo de publica\u00e7\u00e3o.<\/p>\n<style>#sp-ea-320 .spcollapsing { height: 0; overflow: hidden; transition-property: height;transition-duration: 300ms;}#sp-ea-320.sp-easy-accordion>.sp-ea-single {margin-bottom: 10px; border: 1px solid #e2e2e2; }#sp-ea-320.sp-easy-accordion>.sp-ea-single>.ea-header a {color: #004044;}#sp-ea-320.sp-easy-accordion>.sp-ea-single>.sp-collapse>.ea-body {background: #fff; color: #004044;}#sp-ea-320.sp-easy-accordion>.sp-ea-single {background: #eee;}#sp-ea-320.sp-easy-accordion>.sp-ea-single>.ea-header a .ea-expand-icon { float: left; color: #004044;font-size: 16px;}<\/style><div id=\"sp_easy_accordion-1788270696\"><div id=\"sp-ea-320\" class=\"sp-ea-one sp-easy-accordion\" data-ea-active=\"ea-click\" data-ea-mode=\"vertical\" data-preloader=\"\" data-scroll-active-item=\"\" data-offset-to-scroll=\"0\"><div class=\"ea-card sp-ea-single\"><h3 class=\"ea-header\"><a class=\"collapsed\" id=\"ea-header-3200\" role=\"button\" data-sptoggle=\"spcollapse\" data-sptarget=\"#collapse3200\" aria-controls=\"collapse3200\" href=\"#\" aria-expanded=\"false\" tabindex=\"0\"><i aria-hidden=\"true\" role=\"presentation\" class=\"ea-expand-icon eap-icon-ea-expand-plus\"><\/i> P\u00daBLICO-ALVO<\/a><\/h3><div class=\"sp-collapse spcollapse spcollapse\" id=\"collapse3200\" data-parent=\"#sp-ea-320\" role=\"region\" aria-labelledby=\"ea-header-3200\"> <div class=\"ea-body\"><p>Docentes do ensino superior, estudantes de p\u00f3s-gradua\u00e7\u00e3o e gradua\u00e7\u00e3o.<\/p><\/div><\/div><\/div><div class=\"ea-card sp-ea-single\"><h3 class=\"ea-header\"><a class=\"collapsed\" id=\"ea-header-3201\" role=\"button\" data-sptoggle=\"spcollapse\" data-sptarget=\"#collapse3201\" aria-controls=\"collapse3201\" href=\"#\" aria-expanded=\"false\" tabindex=\"0\"><i aria-hidden=\"true\" role=\"presentation\" class=\"ea-expand-icon eap-icon-ea-expand-plus\"><\/i> COORDENA\u00c7\u00c3O<\/a><\/h3><div class=\"sp-collapse spcollapse spcollapse\" id=\"collapse3201\" data-parent=\"#sp-ea-320\" role=\"region\" aria-labelledby=\"ea-header-3201\"> <div class=\"ea-body\"><div>Isabela Cristina Passos e Possas<\/div><div>Patr\u00edcia Carla Oliveira Carneiro Silva<\/div><div>Zulmira Medeiros Roque<\/div><\/div><\/div><\/div><div class=\"ea-card sp-ea-single\"><h3 class=\"ea-header\"><a class=\"collapsed\" id=\"ea-header-3202\" role=\"button\" data-sptoggle=\"spcollapse\" data-sptarget=\"#collapse3202\" aria-controls=\"collapse3202\" href=\"#\" aria-expanded=\"false\" tabindex=\"0\"><i aria-hidden=\"true\" role=\"presentation\" class=\"ea-expand-icon eap-icon-ea-expand-plus\"><\/i> COMO PUBLICAR E CONTATOS<\/a><\/h3><div class=\"sp-collapse spcollapse spcollapse\" id=\"collapse3202\" data-parent=\"#sp-ea-320\" role=\"region\" aria-labelledby=\"ea-header-3202\"> <div class=\"ea-body\"><div>Todos os volumes est\u00e3o dispon\u00edveis no\u00a0<a href=\"https:\/\/periodicos.ufmg.br\/index.php\/rdes\/issue\/archive\" target=\"_blank\" rel=\"noopener\" data-saferedirecturl=\"https:\/\/www.google.com\/url?q=https:\/\/periodicos.ufmg.br\/index.php\/rdes\/issue\/archive&amp;source=gmail&amp;ust=1691585512979000&amp;usg=AOvVaw1XAo_NUhO_Fd9ur-A_PmO2\">site<\/a>.<\/div><div><p>Para submeter um trabalho, confira as\u00a0<a href=\"https:\/\/periodicos.ufmg.br\/index.php\/rdes\/about\/submissions\" target=\"_blank\" rel=\"noopener\" data-saferedirecturl=\"https:\/\/www.google.com\/url?q=https:\/\/periodicos.ufmg.br\/index.php\/rdes\/about\/submissions&amp;source=gmail&amp;ust=1691585512979000&amp;usg=AOvVaw3sjMvvk5HfWXHFrnB6ydLH\">Diretrizes para Autores<\/a>.<\/p><p>E-mail:\u00a0<a href=\"mailto:revistadocenciaensinosuperior@ufmg.br\" target=\"_blank\" rel=\"noopener\">revistadocenciaensinosuperior@ufmg.br<\/a><\/p><\/div><\/div><\/div><\/div><div class=\"ea-card sp-ea-single\"><h3 class=\"ea-header\"><a class=\"collapsed\" id=\"ea-header-3203\" role=\"button\" data-sptoggle=\"spcollapse\" data-sptarget=\"#collapse3203\" aria-controls=\"collapse3203\" href=\"#\" aria-expanded=\"false\" tabindex=\"0\"><i aria-hidden=\"true\" role=\"presentation\" class=\"ea-expand-icon eap-icon-ea-expand-plus\"><\/i> GALERIA<\/a><\/h3><div class=\"sp-collapse spcollapse spcollapse\" id=\"collapse3203\" data-parent=\"#sp-ea-320\" role=\"region\" aria-labelledby=\"ea-header-3203\"> <div class=\"ea-body\"><p><a href=\"https:\/\/www.ufmg.br\/giz\/fotos-revista-docencia-do-ensino-superior\/\">Galeria Revista Doc\u00eancia do Ensino Superior<\/a><\/p><\/div><\/div><\/div><\/div><\/div>\n<p>&nbsp;<\/p>\n","protected":false},"excerpt":{"rendered":"<p>A Revista Doc\u00eancia do Ensino Superior \u00e9 um peri\u00f3dico cient\u00edfico [&hellip;]<\/p>\n","protected":false},"author":7,"featured_media":0,"parent":0,"menu_order":0,"comment_status":"closed","ping_status":"closed","template":"","meta":{"_acf_changed":false,"footnotes":""},"class_list":["post-184","page","type-page","status-publish","hentry"],"acf":[],"_links":{"self":[{"href":"https:\/\/www.ufmg.br\/giz\/wp-json\/wp\/v2\/pages\/184","targetHints":{"allow":["GET"]}}],"collection":[{"href":"https:\/\/www.ufmg.br\/giz\/wp-json\/wp\/v2\/pages"}],"about":[{"href":"https:\/\/www.ufmg.br\/giz\/wp-json\/wp\/v2\/types\/page"}],"author":[{"embeddable":true,"href":"https:\/\/www.ufmg.br\/giz\/wp-json\/wp\/v2\/users\/7"}],"replies":[{"embeddable":true,"href":"https:\/\/www.ufmg.br\/giz\/wp-json\/wp\/v2\/comments?post=184"}],"version-history":[{"count":6,"href":"https:\/\/www.ufmg.br\/giz\/wp-json\/wp\/v2\/pages\/184\/revisions"}],"predecessor-version":[{"id":1947,"href":"https:\/\/www.ufmg.br\/giz\/wp-json\/wp\/v2\/pages\/184\/revisions\/1947"}],"wp:attachment":[{"href":"https:\/\/www.ufmg.br\/giz\/wp-json\/wp\/v2\/media?parent=184"}],"curies":[{"name":"wp","href":"https:\/\/api.w.org\/{rel}","templated":true}]}}