{"id":228,"date":"2022-09-26T14:06:42","date_gmt":"2022-09-26T17:06:42","guid":{"rendered":"https:\/\/www.ufmg.br\/giz?page_id=228"},"modified":"2025-03-11T17:02:34","modified_gmt":"2025-03-11T20:02:34","slug":"encontro-com-professores-ingressantes","status":"publish","type":"page","link":"https:\/\/www.ufmg.br\/giz\/encontro-com-professores-ingressantes\/","title":{"rendered":"Encontro com professores ingressantes"},"content":{"rendered":"<p>Desde 2020 a Prograd, por meio da Diretoria de Inova\u00e7\u00e3o e Metodologias de Ensino, realiza o Encontro com Professores Ingressantes (EPI). No evento s\u00e3o apresentadas a estrutura da Prograd, a pol\u00edtica de ensino e as possibilidades formativas para os docentes que ingressam na Universidade.<\/p>\n<p>Al\u00e9m do empenho em estabelecer uma rela\u00e7\u00e3o mais pr\u00f3xima com os docentes da Universidade, tal a\u00e7\u00e3o visa contribuir para a melhoria da qualidade do ensino de gradua\u00e7\u00e3o, tendo em vista que\u00a0mais que o conhecimento do campo disciplinar, \u00e9 necess\u00e1rio ao docente a compreens\u00e3o da pedagogia universit\u00e1ria e dos conhecimentos did\u00e1ticos-pedag\u00f3gicos.<\/p>\n<p>Na atividade os professores s\u00e3o convidados\u00a0a integrar a rede de desenvolvimento e forma\u00e7\u00e3o para o ensino superior e lembrados que atua\u00e7\u00e3o docente deve ser baseada no aprimoramento e no compartilhamento de pr\u00e1ticas pedag\u00f3gicas voltadas para o ensino de gradua\u00e7\u00e3o.<\/p>\n<p>Nos encontros o GIZ\/Prograd reafirma o compromisso de promover processos com foco na forma\u00e7\u00e3o continuada que assessorem, subsidiem e orientem a pr\u00e1tica pedag\u00f3gica de profissionais de diferentes campos do saber que escolheram a doc\u00eancia da educa\u00e7\u00e3o superior como profiss\u00e3o.<\/p>\n<p>A partir de 2024, o EPI foi assumido pela Reitoria da UFMG e se tornou o Recep\u00e7\u00e3o UFMG &#8211; Docente<\/p>\n<p>Link para mais informa\u00e7\u00f5es: <a href=\"https:\/\/ufmg.br\/recepcaodocente\">https:\/\/ufmg.br\/recepcaodocente<\/a><\/p>\n<style>#sp-ea-496 .spcollapsing { height: 0; overflow: hidden; transition-property: height;transition-duration: 300ms;}#sp-ea-496.sp-easy-accordion>.sp-ea-single {margin-bottom: 10px; border: 1px solid #e2e2e2; }#sp-ea-496.sp-easy-accordion>.sp-ea-single>.ea-header a {color: #444;}#sp-ea-496.sp-easy-accordion>.sp-ea-single>.sp-collapse>.ea-body {background: #fff; color: #444;}#sp-ea-496.sp-easy-accordion>.sp-ea-single {background: #eee;}#sp-ea-496.sp-easy-accordion>.sp-ea-single>.ea-header a .ea-expand-icon { float: left; color: #444;font-size: 16px;}<\/style><div id=\"sp_easy_accordion-1788176003\"><div id=\"sp-ea-496\" class=\"sp-ea-one sp-easy-accordion\" data-ea-active=\"ea-click\" data-ea-mode=\"vertical\" data-preloader=\"\" data-scroll-active-item=\"\" data-offset-to-scroll=\"0\"><div class=\"ea-card sp-ea-single\"><h3 class=\"ea-header\"><a class=\"collapsed\" id=\"ea-header-4960\" role=\"button\" data-sptoggle=\"spcollapse\" data-sptarget=\"#collapse4960\" aria-controls=\"collapse4960\" href=\"#\" aria-expanded=\"false\" tabindex=\"0\"><i aria-hidden=\"true\" role=\"presentation\" class=\"ea-expand-icon eap-icon-ea-expand-plus\"><\/i> GALERIA<\/a><\/h3><div class=\"sp-collapse spcollapse spcollapse\" id=\"collapse4960\" data-parent=\"#sp-ea-496\" role=\"region\" aria-labelledby=\"ea-header-4960\"> <div class=\"ea-body\"><p><a href=\"https:\/\/www.ufmg.br\/giz\/galeria-encontro-com-professores-ingressantes\/\">Galeria encontro com professores<\/a><\/p><\/div><\/div><\/div><\/div><\/div>\n<p>&nbsp;<\/p>\n","protected":false},"excerpt":{"rendered":"<p>Desde 2020 a Prograd, por meio da Diretoria de Inova\u00e7\u00e3o [&hellip;]<\/p>\n","protected":false},"author":7,"featured_media":0,"parent":0,"menu_order":0,"comment_status":"closed","ping_status":"closed","template":"","meta":{"_acf_changed":false,"footnotes":""},"class_list":["post-228","page","type-page","status-publish","hentry"],"acf":[],"_links":{"self":[{"href":"https:\/\/www.ufmg.br\/giz\/wp-json\/wp\/v2\/pages\/228","targetHints":{"allow":["GET"]}}],"collection":[{"href":"https:\/\/www.ufmg.br\/giz\/wp-json\/wp\/v2\/pages"}],"about":[{"href":"https:\/\/www.ufmg.br\/giz\/wp-json\/wp\/v2\/types\/page"}],"author":[{"embeddable":true,"href":"https:\/\/www.ufmg.br\/giz\/wp-json\/wp\/v2\/users\/7"}],"replies":[{"embeddable":true,"href":"https:\/\/www.ufmg.br\/giz\/wp-json\/wp\/v2\/comments?post=228"}],"version-history":[{"count":16,"href":"https:\/\/www.ufmg.br\/giz\/wp-json\/wp\/v2\/pages\/228\/revisions"}],"predecessor-version":[{"id":1437,"href":"https:\/\/www.ufmg.br\/giz\/wp-json\/wp\/v2\/pages\/228\/revisions\/1437"}],"wp:attachment":[{"href":"https:\/\/www.ufmg.br\/giz\/wp-json\/wp\/v2\/media?parent=228"}],"curies":[{"name":"wp","href":"https:\/\/api.w.org\/{rel}","templated":true}]}}