{"id":1451,"date":"2022-09-06T09:26:21","date_gmt":"2022-09-06T12:26:21","guid":{"rendered":"https:\/\/www.ufmg.br\/ieat_novosite\/?page_id=1451"},"modified":"2022-09-06T09:26:21","modified_gmt":"2022-09-06T12:26:21","slug":"seminario-anual-do-ieat-2015","status":"publish","type":"page","link":"https:\/\/www.ufmg.br\/ieat\/eventos\/seminario-anual-do-ieat-2015\/","title":{"rendered":"Semin\u00e1rio Anual do IEAT 2015"},"content":{"rendered":"<p><strong>Data:<\/strong>\u00a026 e 27 de mar\u00e7o de 2015<br \/>\n<strong>Locais:<\/strong>\u00a0Audit\u00f3rio da Reitoria, Escola de Engenharia e Faculdade de Medicina.<\/p>\n<p>O Instituto de Estudos Avan\u00e7ados Transdisciplinares \u2013 IEAT \u2013 realiza a cada ano um Semin\u00e1rio Anual.\u00a0 Os caminhos da transdisciplinaridade dentro da UFMG, perspectivas e projetos futuros e os resultados dos projetos desenvolvidos pelos professores residentes do Instituto foram o tema do Semin\u00e1rio IEAT 2015, que aconteceu nos dias 26 e 27 de mar\u00e7o de 2015.<\/p>\n<p>O evento foi aberto por Jaime Arturo Ram\u00edrez, reitor da UFMG, Ricardo Hiroshi Caldeira Takahashi, Pr\u00f3-Reitor de Gradua\u00e7\u00e3o da UFMG, e Estevam Barbosa de Las Casas, Diretor do IEAT. Na sequ\u00eancia das atividades, o Semin\u00e1rio contou com a participa\u00e7\u00e3o dos ex-diretores do Instituto e do diretor do Instituto Latino-americano de Estudos Avan\u00e7ados da Universidade Federal do Rio Grande do Sul, professor Jos\u00e9 Vicente Tavares dos Santos. Foram realizadas mesas redondas em torno das quest\u00f5es ligadas \u00e0 dissemina\u00e7\u00e3o de pr\u00e1ticas transdisciplinares dentro da UFMG e palestras sobre o \u201cProjeto de transversalidade no ensino da UFMG\u201d e o \u201cEnsino n\u00e3o presencial na UFMG\u201d.<\/p>\n<p>J\u00e1 no segundo dia, as atividades concentraram-se em tr\u00eas locais. Na parte da manh\u00e3, aconteceu, em duas escolas, o \u201cWorkshop Residentes do IEAT\u201d e no per\u00edodo da tarde o evento se concentrou no Audit\u00f3rio da Reitoria, onde foi realizado os relatos das sess\u00f5es: \u201cPerspectivas e futuros projetos do IEAT\u201d, com a presen\u00e7a de Sandra Regina Goulart Almeida, Vice-reitora da UFMG e dos membros do comit\u00ea diretor do IEAT.<\/p>\n<style>#sp-ea-1452 .spcollapsing { height: 0; overflow: hidden; transition-property: height;transition-duration: 500ms;}#sp-ea-1452.sp-easy-accordion>.sp-ea-single {margin-bottom: 10px; border: 1px solid #e2e2e2; }#sp-ea-1452.sp-easy-accordion>.sp-ea-single>.ea-header a {color: #444;}#sp-ea-1452.sp-easy-accordion>.sp-ea-single>.sp-collapse>.ea-body {background: #fff; color: #444;}#sp-ea-1452.sp-easy-accordion>.sp-ea-single {background: #eee;}#sp-ea-1452.sp-easy-accordion>.sp-ea-single>.ea-header a .ea-expand-icon { float: left; color: #444;font-size: 16px;}<\/style><div id=\"sp_easy_accordion-1788686570\"><div id=\"sp-ea-1452\" class=\"sp-ea-one sp-easy-accordion\" data-ea-active=\"ea-click\" data-ea-mode=\"vertical\" data-preloader=\"\" data-scroll-active-item=\"\" data-offset-to-scroll=\"0\"><div class=\"ea-card ea-expand sp-ea-single\"><h3 class=\"ea-header\"><a class=\"collapsed\" id=\"ea-header-14520\" role=\"button\" data-sptoggle=\"spcollapse\" data-sptarget=\"#collapse14520\" aria-controls=\"collapse14520\" href=\"#\" aria-expanded=\"true\" tabindex=\"0\"><i aria-hidden=\"true\" role=\"presentation\" class=\"ea-expand-icon eap-icon-ea-expand-minus\"><\/i> V\u00eddeos<\/a><\/h3><div class=\"sp-collapse spcollapse collapsed show\" id=\"collapse14520\" data-parent=\"#sp-ea-1452\" role=\"region\" aria-labelledby=\"ea-header-14520\"> <div class=\"ea-body\">No Content<\/div><\/div><\/div><\/div><\/div>\n","protected":false},"excerpt":{"rendered":"<p>Data:\u00a026 e 27 de mar\u00e7o de 2015 Locais:\u00a0Audit\u00f3rio da Reitoria, [&hellip;]<\/p>\n","protected":false},"author":4,"featured_media":0,"parent":381,"menu_order":0,"comment_status":"closed","ping_status":"closed","template":"","meta":{"_acf_changed":false,"footnotes":""},"class_list":["post-1451","page","type-page","status-publish","hentry"],"acf":[],"_links":{"self":[{"href":"https:\/\/www.ufmg.br\/ieat\/wp-json\/wp\/v2\/pages\/1451","targetHints":{"allow":["GET"]}}],"collection":[{"href":"https:\/\/www.ufmg.br\/ieat\/wp-json\/wp\/v2\/pages"}],"about":[{"href":"https:\/\/www.ufmg.br\/ieat\/wp-json\/wp\/v2\/types\/page"}],"author":[{"embeddable":true,"href":"https:\/\/www.ufmg.br\/ieat\/wp-json\/wp\/v2\/users\/4"}],"replies":[{"embeddable":true,"href":"https:\/\/www.ufmg.br\/ieat\/wp-json\/wp\/v2\/comments?post=1451"}],"version-history":[{"count":1,"href":"https:\/\/www.ufmg.br\/ieat\/wp-json\/wp\/v2\/pages\/1451\/revisions"}],"predecessor-version":[{"id":1453,"href":"https:\/\/www.ufmg.br\/ieat\/wp-json\/wp\/v2\/pages\/1451\/revisions\/1453"}],"up":[{"embeddable":true,"href":"https:\/\/www.ufmg.br\/ieat\/wp-json\/wp\/v2\/pages\/381"}],"wp:attachment":[{"href":"https:\/\/www.ufmg.br\/ieat\/wp-json\/wp\/v2\/media?parent=1451"}],"curies":[{"name":"wp","href":"https:\/\/api.w.org\/{rel}","templated":true}]}}