{"id":2207,"date":"2022-10-31T10:37:52","date_gmt":"2022-10-31T13:37:52","guid":{"rendered":"https:\/\/www.ufmg.br\/ieat_novosite\/?page_id=2207"},"modified":"2025-09-22T13:59:05","modified_gmt":"2025-09-22T16:59:05","slug":"a-biologia-militante","status":"publish","type":"page","link":"https:\/\/www.ufmg.br\/ieat\/publicacoes\/colecao-editora\/a-biologia-militante\/","title":{"rendered":"A biologia militante"},"content":{"rendered":"<p><a href=\"https:\/\/www.editoraufmg.com.br\/#\/pages\/obra\/215\" target=\"_blank\" rel=\"noopener noreferrer\"><img decoding=\"async\" class=\"\" src=\"https:\/\/www.ufmg.br\/ieat\/wp-content\/uploads\/2022\/10\/BIOLOGIA_MILITANTE_CAPA.jpg\" width=\"40%;\/\" \/><\/a><\/p>\n<p><strong>Regina Horta Duarte<\/strong><br \/>\n<strong>\u00c1rea:<\/strong>\u00a0Biologia | Hist\u00f3ria<br \/>\n<strong>Cole\u00e7\u00e3o:<\/strong>\u00a0IEAT<br \/>\n<strong>Apoio:<\/strong>\u00a0IEAT<br \/>\n2010. 354 p. ISBN: 978-85-7041-860-9<\/p>\n<p><a href=\"https:\/\/www.editoraufmg.com.br\/#\/pages\/obra\/215\" target=\"_blank\" rel=\"noopener noreferrer\"><img loading=\"lazy\" decoding=\"async\" class=\"alignnone wp-image-7283 size-full\" src=\"https:\/\/www.ufmg.br\/ieat\/wp-content\/uploads\/2025\/09\/editoraufmg_fundovermelho.png\" alt=\"\" width=\"218\" height=\"98\" \/><\/a><\/p>\n<p>Nas d\u00e9cadas de 1920 a 1940, alguns cientistas do Museu Nacional iniciaram um movimento para demonstrar a import\u00e2ncia da biologia na transforma\u00e7\u00e3o do Brasil. Para isso, lan\u00e7aram m\u00e3o de livros, exposi\u00e7\u00f5es, programas de r\u00e1dio, filmes educativos, revistas, congressos, sociedades cient\u00edficas, viagens, redes de debate entre especialistas de v\u00e1rios pa\u00edses. Visavam a uma ampla proje\u00e7\u00e3o cient\u00edfica, ao mesmo tempo que buscavam o apoio governamental a fim de exercer um papel ativo na constru\u00e7\u00e3o de pol\u00edticas p\u00fablicas, com destaque para a educa\u00e7\u00e3o e a prote\u00e7\u00e3o da Natureza. Esse movimento ficou conhecido como Biologia Militante.<\/p>\n","protected":false},"excerpt":{"rendered":"<p>Regina Horta Duarte \u00c1rea:\u00a0Biologia | Hist\u00f3ria Cole\u00e7\u00e3o:\u00a0IEAT Apoio:\u00a0IEAT 2010. 354 [&hellip;]<\/p>\n","protected":false},"author":4,"featured_media":0,"parent":395,"menu_order":0,"comment_status":"closed","ping_status":"closed","template":"","meta":{"_acf_changed":false,"footnotes":""},"class_list":["post-2207","page","type-page","status-publish","hentry"],"acf":[],"_links":{"self":[{"href":"https:\/\/www.ufmg.br\/ieat\/wp-json\/wp\/v2\/pages\/2207","targetHints":{"allow":["GET"]}}],"collection":[{"href":"https:\/\/www.ufmg.br\/ieat\/wp-json\/wp\/v2\/pages"}],"about":[{"href":"https:\/\/www.ufmg.br\/ieat\/wp-json\/wp\/v2\/types\/page"}],"author":[{"embeddable":true,"href":"https:\/\/www.ufmg.br\/ieat\/wp-json\/wp\/v2\/users\/4"}],"replies":[{"embeddable":true,"href":"https:\/\/www.ufmg.br\/ieat\/wp-json\/wp\/v2\/comments?post=2207"}],"version-history":[{"count":5,"href":"https:\/\/www.ufmg.br\/ieat\/wp-json\/wp\/v2\/pages\/2207\/revisions"}],"predecessor-version":[{"id":7357,"href":"https:\/\/www.ufmg.br\/ieat\/wp-json\/wp\/v2\/pages\/2207\/revisions\/7357"}],"up":[{"embeddable":true,"href":"https:\/\/www.ufmg.br\/ieat\/wp-json\/wp\/v2\/pages\/395"}],"wp:attachment":[{"href":"https:\/\/www.ufmg.br\/ieat\/wp-json\/wp\/v2\/media?parent=2207"}],"curies":[{"name":"wp","href":"https:\/\/api.w.org\/{rel}","templated":true}]}}