{"id":4468,"date":"2024-02-27T18:27:48","date_gmt":"2024-02-27T21:27:48","guid":{"rendered":"https:\/\/www.ufmg.br\/ieat\/?page_id=4468"},"modified":"2025-07-07T14:45:08","modified_gmt":"2025-07-07T17:45:08","slug":"richard-walton","status":"publish","type":"page","link":"https:\/\/www.ufmg.br\/ieat\/catedras-curtas\/fundep-ieat\/richard-walton\/","title":{"rendered":"Richard Walton"},"content":{"rendered":"<h4><img loading=\"lazy\" decoding=\"async\" class=\"alignnone size-medium wp-image-542\" src=\"https:\/\/www.ufmg.br\/ieat\/wp-content\/uploads\/2024\/02\/Richard-Walton-300x159-1.jpg\" alt=\"\" width=\"300\" height=\"159\" \/><\/h4>\n<hr \/>\n<p><strong>Indica\u00e7\u00e3o: <\/strong>Geraldo de Lima \u2013 Instituto de Ci\u00eancias Exatas da UFMG<br \/>\n<strong>Per\u00edodo:<\/strong> 25 de mar\u00e7o a 03 de abril de 2023<\/p>\n<p>Richard Walton \u00e9 Professor de Qu\u00edmica Inorg\u00e2nica, Diretor da Plataforma Tecnol\u00f3gica de Pesquisa em Difra\u00e7\u00e3o de Raio X na Universidade de Warwick e Catedr\u00e1tico do Comit\u00ea de Pesquisa em Qu\u00edmica. Seus interesses em pesquisa s\u00e3o a qu\u00edmica do estado s\u00f3lido, abrangendo a s\u00edntese e caracteriza\u00e7\u00e3o de materiais inorg\u00e2nicos incluindo materiais porosos, estruturas dos \u00f3xidos de transi\u00e7\u00e3o met\u00e1lica e dos metais org\u00e2nicos, e as aplica\u00e7\u00f5es industriais em cat\u00e1lise heterog\u00eanea e energia por meio de v\u00e1rias colabora\u00e7\u00f5es.<\/p>\n<p>&nbsp;<\/p>\n<style>#sp-ea-4722 .spcollapsing { height: 0; overflow: hidden; transition-property: height;transition-duration: 500ms;}#sp-ea-4722.sp-easy-accordion>.sp-ea-single {margin-bottom: 10px; border: 1px solid #e2e2e2; }#sp-ea-4722.sp-easy-accordion>.sp-ea-single>.ea-header a {color: #444;}#sp-ea-4722.sp-easy-accordion>.sp-ea-single>.sp-collapse>.ea-body {background: #fff; color: #444;}#sp-ea-4722.sp-easy-accordion>.sp-ea-single {background: #eee;}#sp-ea-4722.sp-easy-accordion>.sp-ea-single>.ea-header a .ea-expand-icon { float: left; color: #444;font-size: 16px;}<\/style><div id=\"sp_easy_accordion-1788528618\"><div id=\"sp-ea-4722\" class=\"sp-ea-one sp-easy-accordion\" data-ea-active=\"ea-click\" data-ea-mode=\"vertical\" data-preloader=\"\" data-scroll-active-item=\"\" data-offset-to-scroll=\"0\"><div class=\"ea-card ea-expand sp-ea-single\"><h3 class=\"ea-header\"><a class=\"collapsed\" id=\"ea-header-47220\" role=\"button\" data-sptoggle=\"spcollapse\" data-sptarget=\"#collapse47220\" aria-controls=\"collapse47220\" href=\"#\" aria-expanded=\"true\" tabindex=\"0\"><i aria-hidden=\"true\" role=\"presentation\" class=\"ea-expand-icon eap-icon-ea-expand-minus\"><\/i> V\u00eddeo<\/a><\/h3><div class=\"sp-collapse spcollapse collapsed show\" id=\"collapse47220\" data-parent=\"#sp-ea-4722\" role=\"region\" aria-labelledby=\"ea-header-47220\"> <div class=\"ea-body\"><p><iframe loading=\"lazy\" width=\"560\" height=\"315\" src=\"https:\/\/www.youtube.com\/embed\/yVhjXuyvuJ8?si=_5HkUsRYLuQ43qs9\" title=\"YouTube video player\" frameborder=\"0\" allowfullscreen><\/iframe><\/p><\/div><\/div><\/div><\/div><\/div>\n","protected":false},"excerpt":{"rendered":"<p>Indica\u00e7\u00e3o: Geraldo de Lima \u2013 Instituto de Ci\u00eancias Exatas da [&hellip;]<\/p>\n","protected":false},"author":4,"featured_media":0,"parent":343,"menu_order":0,"comment_status":"closed","ping_status":"closed","template":"","meta":{"_acf_changed":false,"footnotes":""},"class_list":["post-4468","page","type-page","status-publish","hentry"],"acf":[],"_links":{"self":[{"href":"https:\/\/www.ufmg.br\/ieat\/wp-json\/wp\/v2\/pages\/4468","targetHints":{"allow":["GET"]}}],"collection":[{"href":"https:\/\/www.ufmg.br\/ieat\/wp-json\/wp\/v2\/pages"}],"about":[{"href":"https:\/\/www.ufmg.br\/ieat\/wp-json\/wp\/v2\/types\/page"}],"author":[{"embeddable":true,"href":"https:\/\/www.ufmg.br\/ieat\/wp-json\/wp\/v2\/users\/4"}],"replies":[{"embeddable":true,"href":"https:\/\/www.ufmg.br\/ieat\/wp-json\/wp\/v2\/comments?post=4468"}],"version-history":[{"count":3,"href":"https:\/\/www.ufmg.br\/ieat\/wp-json\/wp\/v2\/pages\/4468\/revisions"}],"predecessor-version":[{"id":6639,"href":"https:\/\/www.ufmg.br\/ieat\/wp-json\/wp\/v2\/pages\/4468\/revisions\/6639"}],"up":[{"embeddable":true,"href":"https:\/\/www.ufmg.br\/ieat\/wp-json\/wp\/v2\/pages\/343"}],"wp:attachment":[{"href":"https:\/\/www.ufmg.br\/ieat\/wp-json\/wp\/v2\/media?parent=4468"}],"curies":[{"name":"wp","href":"https:\/\/api.w.org\/{rel}","templated":true}]}}