{"id":2547,"date":"2019-07-01T17:33:37","date_gmt":"2019-07-01T20:33:37","guid":{"rendered":"https:\/\/halley.adm-serv.ufmg.br\/sites\/imprensa\/?page_id=2547"},"modified":"2023-12-18T10:43:41","modified_gmt":"2023-12-18T12:43:41","slug":"editais-encerrados","status":"publish","type":"page","link":"https:\/\/www.ufmg.br\/imprensa\/index.php\/compras\/contratos\/editais-encerrados-2019\/editais-encerrados\/","title":{"rendered":"Editais 2017"},"content":{"rendered":"<p>[vc_row][vc_column][vc_column_text]EDITAL N\u00ba: <strong>001\/2017<\/strong><br \/>\nOBJETO: Implanta\u00e7\u00e3o de Registro de Pre\u00e7os e sua posterior implementa\u00e7\u00e3o para aquisi\u00e7\u00e3o parcelada de chapas t\u00e9rmicas para grava\u00e7\u00e3o e gomas para lavagem de chapas para a Imprensa Universit\u00e1ria da UFMG.<\/p>\n<p><a href=\"https:\/\/www.ufmg.br\/imprensa\/wp-content\/uploads\/2019\/12\/ANEXO-I-ESPECIFICA\u00c7\u00c3O-DO-OBJETO.xls\">ANEXO I &#8211; ESPECIFICA\u00c7\u00c3O DO OBJETO<\/a><\/p>\n<p><a href=\"https:\/\/www.ufmg.br\/imprensa\/wp-content\/uploads\/2019\/12\/ANEXO-II-ATA-DE-REGISTRO-DE-PRE\u00c7OS.doc\">ANEXO II &#8211; ATA DE REGISTRO DE PRE\u00c7OS<\/a><\/p>\n<p><a href=\"https:\/\/www.ufmg.br\/imprensa\/wp-content\/uploads\/2019\/12\/ANEXO-II-ATA-DE-REGISTRO-DE-PRE\u00c7OS-FOTOBR\u00c1S.doc\">ANEXO II &#8211; ATA DE REGISTRO DE PRE\u00c7OS &#8211; FOTOBR\u00c1S<\/a><\/p>\n<p><a href=\"https:\/\/www.ufmg.br\/imprensa\/wp-content\/uploads\/2019\/12\/Anexo-III-TERMO-DE-REFER\u00caNCIA.doc\">Anexo III &#8211; TERMO DE REFER\u00caNCIA<\/a><\/p>\n<p><a href=\"https:\/\/www.ufmg.br\/imprensa\/wp-content\/uploads\/2019\/12\/ANEXO-IV-DECLARA\u00c7\u00c3O-DE-SUSTENTABILIDADE.doc\">ANEXO IV -DECLARA\u00c7\u00c3O DE SUSTENTABILIDADE<\/a><\/p>\n<p><a href=\"https:\/\/www.ufmg.br\/imprensa\/wp-content\/uploads\/2019\/12\/EDITAL.doc\">EDITAL<\/a><\/p>\n<p>[\/vc_column_text][\/vc_column][\/vc_row][vc_row][vc_column][vc_separator][\/vc_column][\/vc_row][vc_row][vc_row][vc_row][vc_column][vc_column_text]EDITAL N\u00ba: <strong>002\/2017<\/strong><br \/>\nOBJETO: Implanta\u00e7\u00e3o de Registro de Pre\u00e7os e posterior implementa\u00e7\u00e3o para a contrata\u00e7\u00e3o de servi\u00e7os gr\u00e1ficos de corte, vinco, aplica\u00e7\u00e3o de relevo seco, confec\u00e7\u00e3o de faca, confec\u00e7\u00e3o de clich\u00ea e outros, para acabamento de impressos diversos visando atender \u00e0s Unidades Acad\u00eamicas e Administra\u00e7\u00e3o Central da UFMG.<\/p>\n<p><a href=\"https:\/\/www.ufmg.br\/imprensa\/wp-content\/uploads\/2019\/12\/MINUTA-DE-EDITAL-PREG\u00c3O-ELETR\u00d4NICO-SRP-02.2017.doc\">MINUTA DE EDITAL &#8211; PREG\u00c3O ELETR\u00d4NICO SRP 02.2017<\/a><\/p>\n<p><a href=\"https:\/\/www.ufmg.br\/imprensa\/wp-content\/uploads\/2019\/12\/ATA-DE-REGISTRO-DE-PRE\u00c7OS-N\u00ba-06.2017-JA-STUDIO-GR\u00c1FICO.doc\">ATA DE REGISTRO DE PRE\u00c7OS N\u00ba 06.2017 &#8211; JA STUDIO GR\u00c1FICO<\/a><\/p>\n<p><a href=\"https:\/\/www.ufmg.br\/imprensa\/wp-content\/uploads\/2019\/12\/ATA-DE-REGISTRO-DE-PRE\u00c7OS-N\u00ba-04.2017-ELAIMAR-COM\u00c9RCIO.doc\">ATA DE REGISTRO DE PRE\u00c7OS N\u00ba 04.2017 &#8211; ELAIMAR COM\u00c9RCIO<\/a><\/p>\n<p><a href=\"https:\/\/www.ufmg.br\/imprensa\/wp-content\/uploads\/2019\/12\/ATA-DE-REGISTRO-DE-PRE\u00c7OS-N\u00ba-05.2017-GRAFICA-EDITORA-TAVARES.doc\">ATA DE REGISTRO DE PRE\u00c7OS N\u00ba 05.2017 &#8211; GRAFICA EDITORA TAVARES<\/a><\/p>\n<p><a href=\"https:\/\/www.ufmg.br\/imprensa\/wp-content\/uploads\/2019\/12\/ATA-DE-REGISTRO-DE-PRE\u00c7OS-N\u00ba-03.2017-PRINT-SETE-SOLU\u00c7\u00d5ES.doc\">ATA DE REGISTRO DE PRE\u00c7OS N\u00ba 03.2017 &#8211; PRINT SETE SOLU\u00c7\u00d5ES<\/a><\/p>\n<p><a href=\"https:\/\/www.ufmg.br\/imprensa\/wp-content\/uploads\/2019\/12\/ATA-DE-REGISTRO-DE-PRE\u00c7OS-N\u00ba-02.2017-FRENTE-E-VERSO.doc\">ATA DE REGISTRO DE PRE\u00c7OS N\u00ba 02.2017 &#8211; FRENTE E VERSO<\/a><\/p>\n<p><a href=\"https:\/\/www.ufmg.br\/imprensa\/wp-content\/uploads\/2019\/12\/ANEXO-IV-MODELO-DE-DECLARA\u00c7\u00c3O-DE-SUSTENTABILIDADE-S\u00d3CIO-AMBIENTAL.doc\">ANEXO IV &#8211; MODELO DE DECLARA\u00c7\u00c3O DE SUSTENTABILIDADE S\u00d3CIO AMBIENTAL<\/a><\/p>\n<p><a href=\"https:\/\/www.ufmg.br\/imprensa\/wp-content\/uploads\/2019\/12\/ANEXO-II-ATA-DE-REGISTRO-DE-PRE\u00c7OS-1.doc\">ANEXO II &#8211; ATA DE REGISTRO DE PRE\u00c7OS<\/a><\/p>\n<p><a href=\"https:\/\/www.ufmg.br\/imprensa\/wp-content\/uploads\/2019\/12\/ANEXO-III-TERMO-DE-REFER\u00caNCIA-PREG\u00c3O-ELETR\u00d4NICO-SRP-002.2017.doc\">ANEXO III &#8211; TERMO DE REFER\u00caNCIA &#8211; PREG\u00c3O ELETR\u00d4NICO SRP 002.2017<\/a><\/p>\n<p><a href=\"https:\/\/www.ufmg.br\/imprensa\/wp-content\/uploads\/2019\/12\/ANEXO-I-ESPECIFICA\u00c7\u00c3O-DO-OBJETO-1.xls\">ANEXO I &#8211; ESPECIFICA\u00c7\u00c3O DO OBJETO<\/a><\/p>\n<p>[\/vc_column_text][\/vc_column][\/vc_row][vc_row][vc_column][vc_separator][\/vc_column][\/vc_row][vc_row][vc_row][vc_column][vc_column_text]EDITAL N\u00ba: <strong>003\/2017<\/strong><br \/>\nOBJETO: Aquisi\u00e7\u00e3o parcelada de cart\u00f5es, cartolinas, envelopes e pap\u00e9is diversos para a Imprensa Universit\u00e1ria da UFMG.<\/p>\n<p><a href=\"https:\/\/www.ufmg.br\/imprensa\/wp-content\/uploads\/2019\/12\/MINUTA-DE-EDITAL-PREG\u00c3O-03.2017.pdf\">MINUTA DE EDITAL &#8211; PREG\u00c3O 03.2017<\/a><\/p>\n<p><a href=\"https:\/\/www.ufmg.br\/imprensa\/wp-content\/uploads\/2019\/12\/ATA-DE-REGISTRO-DE-PRE\u00c7OS-N\u00ba-11.2017-CORBA-EDITORA.pdf\">ATA DE REGISTRO DE PRE\u00c7OS N\u00ba 11.2017 &#8211; CORBA EDITORA<\/a><\/p>\n<p><a href=\"https:\/\/www.ufmg.br\/imprensa\/wp-content\/uploads\/2019\/12\/ATA-DE-REGISTRO-DE-PRE\u00c7OS-N\u00ba-10.2017-IPE-PAP\u00c9IS.pdf\">ATA DE REGISTRO DE PRE\u00c7OS N\u00ba 10.2017 &#8211; IPE PAP\u00c9IS<\/a><\/p>\n<p><a href=\"https:\/\/www.ufmg.br\/imprensa\/wp-content\/uploads\/2019\/12\/ATA-DE-REGISTRO-DE-PRE\u00c7OS-N\u00ba-09.2017-DM-PAP\u00c9IS.pdf\">ATA DE REGISTRO DE PRE\u00c7OS N\u00ba 09.2017 &#8211; DM PAP\u00c9IS<\/a><\/p>\n<p><a href=\"https:\/\/www.ufmg.br\/imprensa\/wp-content\/uploads\/2019\/12\/ATA-DE-REGISTRO-DE-PRE\u00c7OS-N\u00ba-08.2017-BAZAR-E-PAPELARIA.pdf\">ATA DE REGISTRO DE PRE\u00c7OS N\u00ba 08.2017 &#8211; BAZAR E PAPELARIA<\/a><\/p>\n<p><a href=\"https:\/\/www.ufmg.br\/imprensa\/wp-content\/uploads\/2019\/12\/ATA-DE-REGISTRO-DE-PRE\u00c7OS-N\u00ba-07.2017-ONLINE-PAPELARIA.pdf\">ATA DE REGISTRO DE PRE\u00c7OS N\u00ba 07.2017 &#8211; ONLINE PAPELARIA<\/a><\/p>\n<p><a href=\"https:\/\/www.ufmg.br\/imprensa\/wp-content\/uploads\/2019\/12\/ANEXO-III-TERMO-DE-REFER\u00caNCIA-PREG\u00c3O-ELETR\u00d4NICO-SRP-N\u00ba-03.2017.pdf\">ANEXO III &#8211; TERMO DE REFER\u00caNCIA &#8211; PREG\u00c3O ELETR\u00d4NICO SRP N\u00ba 03.2017<\/a><\/p>\n<p><a href=\"https:\/\/www.ufmg.br\/imprensa\/wp-content\/uploads\/2019\/12\/ANEXO-IV-DECLARA\u00c7\u00c3O-DE-SUSTENTABILIDADE-S\u00d3CIOAMBIENTAL-PREG\u00c3O-ELETR\u00d4NICO-SRP-N\u00ba-03.2017.docx\">ANEXO IV &#8211; DECLARA\u00c7\u00c3O DE SUSTENTABILIDADE S\u00d3CIOAMBIENTAL &#8211; PREG\u00c3O ELETR\u00d4NICO SRP N\u00ba 03.2017<\/a><\/p>\n<p><a href=\"https:\/\/www.ufmg.br\/imprensa\/wp-content\/uploads\/2019\/12\/ANEXO-II-ATA-DE-REGISTRO-DE-PRE\u00c7OS-PREG\u00c3O-ELETR\u00d4NICO-SRP-N\u00ba-03.2017.pdf\">ANEXO II &#8211; ATA DE REGISTRO DE PRE\u00c7OS &#8211; PREG\u00c3O ELETR\u00d4NICO SRP N\u00ba 03.2017<\/a><\/p>\n<p><a href=\"https:\/\/www.ufmg.br\/imprensa\/wp-content\/uploads\/2019\/12\/ANEXO-I-ESPECIFICA\u00c7\u00c3O-DO-OBJETO-2.xls\">ANEXO I &#8211; ESPECIFICA\u00c7\u00c3O DO OBJETO<\/a><\/p>\n<p>[\/vc_column_text][\/vc_column][\/vc_row][vc_row][vc_column][vc_separator][\/vc_column][\/vc_row][vc_row][vc_row][vc_column][vc_column_text]EDITAL N\u00ba: <strong>005\/2017<\/strong><br \/>\nOBJETO: Aquisi\u00e7\u00e3o de impressora digital colorida, para linha de produ\u00e7\u00e3o em gr\u00e1fica.<\/p>\n<p><a href=\"https:\/\/www.ufmg.br\/imprensa\/wp-content\/uploads\/2019\/12\/ANEXO-I-ESPECIFICA\u00c7\u00c3O-DO-OBJETO-3.xls\">ANEXO I &#8211; ESPECIFICA\u00c7\u00c3O DO OBJETO<\/a><\/p>\n<p><a href=\"https:\/\/www.ufmg.br\/imprensa\/wp-content\/uploads\/2019\/12\/ANEXO-II-ESPECIFICA\u00c7\u00c3O-T\u00c9CNICA-DO-OBJETO.pdf\">ANEXO II &#8211; ESPECIFICA\u00c7\u00c3O T\u00c9CNICA DO OBJETO<\/a><\/p>\n<p><a href=\"https:\/\/www.ufmg.br\/imprensa\/wp-content\/uploads\/2019\/12\/ANEXO-III-TERMO-DE-REFER\u00caNCIA.pdf\">ANEXO III &#8211; TERMO DE REFER\u00caNCIA<\/a><\/p>\n<p><a href=\"https:\/\/www.ufmg.br\/imprensa\/wp-content\/uploads\/2019\/12\/ANEXO-IV-DECLARA\u00c7\u00c3O-DE-SUSTENTABILIDADE-SOCIOAMBIENTAL.doc\">ANEXO IV &#8211; DECLARA\u00c7\u00c3O DE SUSTENTABILIDADE SOCIOAMBIENTAL<\/a><\/p>\n<p><a href=\"https:\/\/www.ufmg.br\/imprensa\/wp-content\/uploads\/2019\/12\/EDITAL-PREG\u00c3O-05.pdf\">EDITAL &#8211; PREG\u00c3O 05<\/a><\/p>\n<p><a href=\"https:\/\/www.ufmg.br\/imprensa\/wp-content\/uploads\/2019\/12\/PROPOSTA-COMERCIAL-EMPRESA-MAPEL.pdf\">PROPOSTA COMERCIAL &#8211; EMPRESA MAPEL<\/a><\/p>\n<p>[\/vc_column_text][\/vc_column][\/vc_row][vc_row][vc_column][vc_separator][\/vc_column][\/vc_row][vc_row][vc_row][vc_column][vc_column_text]EDITAL N\u00ba: <strong>006\/2017<\/strong><br \/>\nOBJETO: Registro de pre\u00e7os de Aquisi\u00e7\u00e3o parcelada de servi\u00e7os gr\u00e1ficos de lamina\u00e7\u00e3o, plastifica\u00e7\u00e3o e aplica\u00e7\u00e3o de verniz, para acabamentos de impressos diversos, visando atender \u00e0s Unidades Acad\u00eamicas e Administra\u00e7\u00e3o Central.<\/p>\n<p><a href=\"https:\/\/www.ufmg.br\/imprensa\/wp-content\/uploads\/2019\/12\/ANEXO-I-ESPECIFICA\u00c7\u00c3O-DO-OBJETO-4.xls\">ANEXO I &#8211; ESPECIFICA\u00c7\u00c3O DO OBJETO<\/a><\/p>\n<p><a href=\"https:\/\/www.ufmg.br\/imprensa\/wp-content\/uploads\/2019\/12\/ANEXO-II-ATA-DE-REGISTRO-DE-PRE\u00c7OS-2.doc\">ANEXO II &#8211; ATA DE REGISTRO DE PRE\u00c7OS<\/a><\/p>\n<p><a href=\"https:\/\/www.ufmg.br\/imprensa\/wp-content\/uploads\/2019\/12\/ANEXO-III-TERMO-DE-REFER\u00caNCIA.doc\">ANEXO III &#8211; TERMO DE REFER\u00caNCIA<\/a><\/p>\n<p><a href=\"https:\/\/www.ufmg.br\/imprensa\/wp-content\/uploads\/2019\/12\/ANEXO-IV-DECLARA\u00c7\u00c3O-DE-SUSTENTABILIDADE-AMBIENTAL.doc\">ANEXO IV &#8211; DECLARA\u00c7\u00c3O DE SUSTENTABILIDADE AMBIENTAL<\/a><\/p>\n<p><a href=\"https:\/\/www.ufmg.br\/imprensa\/wp-content\/uploads\/2019\/12\/ATA-DE-REGISTRO-DE-PRE\u00c7OS-N\u00ba-12.2017-PLASTIFIC.pdf\">ATA DE REGISTRO DE PRE\u00c7OS N\u00ba 12.2017 &#8211; PLASTIFIC<\/a><\/p>\n<p><a href=\"https:\/\/www.ufmg.br\/imprensa\/wp-content\/uploads\/2019\/12\/Edital-PREG\u00c3O-SRP-N\u00ba-06.2017.doc\">Edital &#8211; PREG\u00c3O SRP N\u00ba 06.2017<\/a><\/p>\n<p>[\/vc_column_text][\/vc_column][\/vc_row][vc_row][vc_column][vc_separator][\/vc_column][\/vc_row][vc_row][vc_column][vc_column_text]<a href=\"https:\/\/www.ufmg.br\/imprensa\/index.php\/compras\/contratos\/editais-encerrados-2019\/\">Volte para Editais Encerrados<\/a>[\/vc_column_text][\/vc_column][\/vc_row]<\/p>\n","protected":false},"excerpt":{"rendered":"<p>[vc_row][vc_column][vc_column_text]EDITAL N\u00ba: 001\/2017 OBJETO: Implanta\u00e7\u00e3o de Registro de Pre\u00e7os e sua posterior implementa\u00e7\u00e3o para aquisi\u00e7\u00e3o parcelada de chapas t\u00e9rmicas para grava\u00e7\u00e3o e gomas para lavagem&#8230;<\/p>\n<div class=\"more-link-wrapper\"><a class=\"more-link\" href=\"https:\/\/www.ufmg.br\/imprensa\/index.php\/compras\/contratos\/editais-encerrados-2019\/editais-encerrados\/\">Continue reading<span class=\"screen-reader-text\">Editais 2017<\/span><\/a><\/div>\n","protected":false},"author":1,"featured_media":0,"parent":3040,"menu_order":0,"comment_status":"closed","ping_status":"closed","template":"","meta":[],"_links":{"self":[{"href":"https:\/\/www.ufmg.br\/imprensa\/index.php\/wp-json\/wp\/v2\/pages\/2547"}],"collection":[{"href":"https:\/\/www.ufmg.br\/imprensa\/index.php\/wp-json\/wp\/v2\/pages"}],"about":[{"href":"https:\/\/www.ufmg.br\/imprensa\/index.php\/wp-json\/wp\/v2\/types\/page"}],"author":[{"embeddable":true,"href":"https:\/\/www.ufmg.br\/imprensa\/index.php\/wp-json\/wp\/v2\/users\/1"}],"replies":[{"embeddable":true,"href":"https:\/\/www.ufmg.br\/imprensa\/index.php\/wp-json\/wp\/v2\/comments?post=2547"}],"version-history":[{"count":13,"href":"https:\/\/www.ufmg.br\/imprensa\/index.php\/wp-json\/wp\/v2\/pages\/2547\/revisions"}],"predecessor-version":[{"id":4030,"href":"https:\/\/www.ufmg.br\/imprensa\/index.php\/wp-json\/wp\/v2\/pages\/2547\/revisions\/4030"}],"up":[{"embeddable":true,"href":"https:\/\/www.ufmg.br\/imprensa\/index.php\/wp-json\/wp\/v2\/pages\/3040"}],"wp:attachment":[{"href":"https:\/\/www.ufmg.br\/imprensa\/index.php\/wp-json\/wp\/v2\/media?parent=2547"}],"curies":[{"name":"wp","href":"https:\/\/api.w.org\/{rel}","templated":true}]}}