{"id":3038,"date":"2019-12-05T14:46:03","date_gmt":"2019-12-05T17:46:03","guid":{"rendered":"https:\/\/www.ufmg.br\/imprensa\/?page_id=3038"},"modified":"2023-12-18T10:43:51","modified_gmt":"2023-12-18T12:43:51","slug":"editais-encerrados-2018","status":"publish","type":"page","link":"https:\/\/www.ufmg.br\/imprensa\/index.php\/compras\/contratos\/editais-encerrados-2019\/editais-encerrados-2018\/","title":{"rendered":"Editais 2018"},"content":{"rendered":"<p>[vc_row][vc_column][vc_column_text]EDITAL N\u00ba: <strong>002\/2018<\/strong><br \/>\nOBJETO: Registro de pre\u00e7os de aquisi\u00e7\u00e3o parcelada de blanquetas, tintas gr\u00e1ficas, solventes e insumos gr\u00e1ficos diversos para a Imprensa Universit\u00e1ria da UFMG, por um per\u00edodo de 12 (doze) meses.<\/p>\n<p><a href=\"https:\/\/www.ufmg.br\/imprensa\/wp-content\/uploads\/2019\/12\/ANEXO-I-ESPECIFICA\u00c7\u00c3O-DO-OBJETO-PREG\u00c3O-ELETR\u00d4NICO-SRP-N\u00ba-02.2018.pdf\">ANEXO I &#8211; ESPECIFICA\u00c7\u00c3O DO OBJETO &#8211; PREG\u00c3O ELETR\u00d4NICO SRP N\u00ba 02.2018<\/a><\/p>\n<p><a href=\"https:\/\/www.ufmg.br\/imprensa\/wp-content\/uploads\/2019\/12\/ANEXO-II-ATA-DE-REGISTRO-DE-PRE\u00c7OS-PREG\u00c3O-ELETR\u00d4NICO-SRP-N\u00ba-02.2018.pdf\">ANEXO II &#8211; ATA DE REGISTRO DE PRE\u00c7OS &#8211; PREG\u00c3O ELETR\u00d4NICO SRP N\u00ba 02.2018<\/a><\/p>\n<p><a href=\"https:\/\/www.ufmg.br\/imprensa\/wp-content\/uploads\/2019\/12\/ANEXO-III-TERMO-DE-REFER\u00caNCIA-PREG\u00c3O-ELETR\u00d4NICO-SRP-N\u00ba-02.2018.pdf\">ANEXO III &#8211; TERMO DE REFER\u00caNCIA -PREG\u00c3O ELETR\u00d4NICO SRP N\u00ba 02.2018<\/a><\/p>\n<p><a href=\"https:\/\/www.ufmg.br\/imprensa\/wp-content\/uploads\/2019\/12\/ANEXO-IV-DECLARA\u00c7\u00c3O-DE-SUSTENTABILIDADE-SOCIOAMBIENTAL-PREG\u00c3O-ELETR\u00d4NICO-SRP-N\u00ba-02.2018.pdf\">ANEXO IV &#8211; DECLARA\u00c7\u00c3O DE SUSTENTABILIDADE SOCIOAMBIENTAL &#8211; PREG\u00c3O ELETR\u00d4NICO SRP N\u00ba 02.2018<\/a><\/p>\n<p><a href=\"https:\/\/www.ufmg.br\/imprensa\/wp-content\/uploads\/2019\/12\/ATA-DE-REGISTRO-DE-PRE\u00c7OS-PREG\u00c3O-ELETR\u00d4NICO-SRP-N\u00ba-02.2018-ALEXANDRE-CHAMONE.pdf\">ATA DE REGISTRO DE PRE\u00c7OS &#8211; PREG\u00c3O ELETR\u00d4NICO SRP N\u00ba 02.2018 &#8211; ALEXANDRE CHAMONE<\/a><\/p>\n<p><a href=\"https:\/\/www.ufmg.br\/imprensa\/wp-content\/uploads\/2019\/12\/ATA-DE-REGISTRO-DE-PRE\u00c7OS-PREG\u00c3O-ELETR\u00d4NICO-SRP-N\u00ba-02.2018-COMERCIAL-KR.pdf\">ATA DE REGISTRO DE PRE\u00c7OS &#8211; PREG\u00c3O ELETR\u00d4NICO SRP N\u00ba 02.2018 &#8211; COMERCIAL KR<\/a><\/p>\n<p><a href=\"https:\/\/www.ufmg.br\/imprensa\/wp-content\/uploads\/2019\/12\/ATA-DE-REGISTRO-DE-PRE\u00c7OS-PREG\u00c3O-ELETR\u00d4NICO-SRP-N\u00ba-02.2018-CTG-CENTRAL-TINTAS-GR\u00c1FICAS.pdf\">ATA DE REGISTRO DE PRE\u00c7OS &#8211; PREG\u00c3O ELETR\u00d4NICO SRP N\u00ba 02.2018 &#8211; CTG CENTRAL TINTAS GR\u00c1FICAS<\/a><\/p>\n<p><a href=\"https:\/\/www.ufmg.br\/imprensa\/wp-content\/uploads\/2019\/12\/ATA-DE-REGISTRO-DE-PRE\u00c7OS-PREG\u00c3O-ELETR\u00d4NICO-SRP-N\u00ba-02.2018-JPRINT-COM\u00c9RCIO-PARA-IND\u00daSTRIA-GR\u00c1FICA.pdf\">ATA DE REGISTRO DE PRE\u00c7OS &#8211; PREG\u00c3O ELETR\u00d4NICO SRP N\u00ba 02.2018 &#8211; JPRINT COM\u00c9RCIO PARA IND\u00daSTRIA GR\u00c1FICA<\/a><\/p>\n<p><a href=\"https:\/\/www.ufmg.br\/imprensa\/wp-content\/uploads\/2019\/12\/ATA-DE-REGISTRO-DE-PRE\u00c7OS-PREG\u00c3O-ELETR\u00d4NICO-SRP-N\u00ba-02.2018-LANCE-TECNOLOGIA.pdf\">ATA DE REGISTRO DE PRE\u00c7OS &#8211; PREG\u00c3O ELETR\u00d4NICO SRP N\u00ba 02.2018 &#8211; LANCE TECNOLOGIA<\/a><\/p>\n<p><a href=\"https:\/\/www.ufmg.br\/imprensa\/wp-content\/uploads\/2019\/12\/ATA-DE-REGISTRO-DE-PRE\u00c7OS-PREG\u00c3O-ELETR\u00d4NICO-SRP-N\u00ba-02.2018-SICOLI-IND\u00daSTRIA.pdf\">ATA DE REGISTRO DE PRE\u00c7OS &#8211; PREG\u00c3O ELETR\u00d4NICO SRP N\u00ba 02.2018 &#8211; SICOLI IND\u00daSTRIA<\/a><\/p>\n<p><a href=\"https:\/\/www.ufmg.br\/imprensa\/wp-content\/uploads\/2019\/12\/ATA-DE-REGISTRO-DE-PRE\u00c7OS-PREG\u00c3O-ELETR\u00d4NICO-SRP-N\u00ba-02.2018-SIGGRAF-MATERIAIS-E-SERVI\u00c7OS.pdf\">ATA DE REGISTRO DE PRE\u00c7OS &#8211; PREG\u00c3O ELETR\u00d4NICO SRP N\u00ba 02.2018 &#8211; SIGGRAF MATERIAIS E SERVI\u00c7OS<\/a><\/p>\n<p><a href=\"https:\/\/www.ufmg.br\/imprensa\/wp-content\/uploads\/2019\/12\/ATA-DE-REGISTRO-DE-PRE\u00c7OS-PREG\u00c3O-ELETR\u00d4NICO-SRP-N\u00ba-02.2018-TECHSIGN-TECNOLOGIA.pdf\">ATA DE REGISTRO DE PRE\u00c7OS &#8211; PREG\u00c3O ELETR\u00d4NICO SRP N\u00ba 02.2018 &#8211; TECHSIGN TECNOLOGIA<\/a><\/p>\n<p><a href=\"https:\/\/www.ufmg.br\/imprensa\/wp-content\/uploads\/2019\/12\/ATA-DE-REGISTRO-DE-PRE\u00c7OS-PREG\u00c3O-ELETR\u00d4NICO-SRP-N\u00ba-02.2018-TY-BORTHOLIN.pdf\">ATA DE REGISTRO DE PRE\u00c7OS &#8211; PREG\u00c3O ELETR\u00d4NICO SRP N\u00ba 02.2018 &#8211; TY BORTHOLIN<\/a><\/p>\n<p><a href=\"https:\/\/www.ufmg.br\/imprensa\/wp-content\/uploads\/2019\/12\/MINUTA-DO-EDITAL-PREG\u00c3O-ELETR\u00d4NICO-SRP-N\u00ba-02.2018.pdf\">MINUTA DO EDITAL- PREG\u00c3O ELETR\u00d4NICO SRP N\u00ba 02.2018<\/a><\/p>\n<p>[\/vc_column_text][\/vc_column][\/vc_row][vc_row][vc_column][vc_separator][\/vc_column][\/vc_row][vc_row][vc_row][vc_row][vc_column][vc_column_text]EDITAL N\u00ba: <strong>003\/2018<\/strong><br \/>\nOBJETO: Registro de pre\u00e7os para eventual contrata\u00e7\u00e3o de servi\u00e7os de corte, vinco, aplica\u00e7\u00e3o de relevo seco, e acabamentos gr\u00e1ficos diversos e fornecimento de facas e clich\u00eas.<\/p>\n<p><a href=\"https:\/\/www.ufmg.br\/imprensa\/wp-content\/uploads\/2019\/12\/ANEXO-I-ESPECIFICA\u00c7\u00c3O-DO-OBJETO-PREG\u00c3O-SRP-N\u00ba-03.2018.xls\">ANEXO I &#8211; ESPECIFICA\u00c7\u00c3O DO OBJETO &#8211; PREG\u00c3O SRP N\u00ba 03.2018<\/a><\/p>\n<p><a href=\"https:\/\/www.ufmg.br\/imprensa\/wp-content\/uploads\/2019\/12\/ANEXO-II-TERMO-DE-REFER\u00caNCIA-PREG\u00c3O-ELETR\u00d4NICO-SRP-N\u00ba-03.2018.docx\">ANEXO II &#8211; TERMO DE REFER\u00caNCIA &#8211; PREG\u00c3O ELETR\u00d4NICO SRP N\u00ba 03.2018<\/a><\/p>\n<p><a href=\"https:\/\/www.ufmg.br\/imprensa\/wp-content\/uploads\/2019\/12\/ANEXO-III-ATA-DE-REGISTRO-DE-PRE\u00c7OS.docx\">ANEXO III &#8211; ATA DE REGISTRO DE PRE\u00c7OS<\/a><\/p>\n<p><a href=\"https:\/\/www.ufmg.br\/imprensa\/wp-content\/uploads\/2019\/12\/ANEXO-IV-CONTRATO-ELAIMAR-COM\u00c9RCIO.pdf\">ANEXO IV &#8211; CONTRATO &#8211; ELAIMAR COM\u00c9RCIO<\/a><\/p>\n<p><a href=\"https:\/\/www.ufmg.br\/imprensa\/wp-content\/uploads\/2019\/12\/ANEXO-IV-CONTRATO-FRENTE-E-VERSO-ENCADERNA\u00c7\u00d5ES-ESPECIAIS.pdf\">ANEXO IV &#8211; CONTRATO &#8211; FRENTE E VERSO ENCADERNA\u00c7\u00d5ES ESPECIAIS<\/a><\/p>\n<p><a href=\"https:\/\/www.ufmg.br\/imprensa\/wp-content\/uploads\/2019\/12\/ANEXO-IV-CONTRATO-GR\u00c1FICA-EDITORA-TAVARES.pdf\">ANEXO IV &#8211; CONTRATO &#8211; GR\u00c1FICA EDITORA TAVARES<\/a><\/p>\n<p><a href=\"https:\/\/www.ufmg.br\/imprensa\/wp-content\/uploads\/2019\/12\/ANEXO-IV-CONTRATO-HOT-BOOK-ACABAMENTOS.pdf\">ANEXO IV &#8211; CONTRATO &#8211; HOT-BOOK ACABAMENTOS<\/a><\/p>\n<p><a href=\"https:\/\/www.ufmg.br\/imprensa\/wp-content\/uploads\/2019\/12\/ANEXO-IV-CONTRATO-PLASTIFIC-PLASTIFICA\u00c7\u00c3O.pdf\">ANEXO IV &#8211; CONTRATO &#8211; PLASTIFIC PLASTIFICA\u00c7\u00c3O<\/a><\/p>\n<p><a href=\"https:\/\/www.ufmg.br\/imprensa\/wp-content\/uploads\/2019\/12\/ANEXO-IV-MINUTA-DO-CONTRATO.docx\">ANEXO IV &#8211; MINUTA DO CONTRATO<\/a><\/p>\n<p><a href=\"https:\/\/www.ufmg.br\/imprensa\/wp-content\/uploads\/2019\/12\/ANEXO-V-DECLARA\u00c7\u00c3O-DE-SUSTENTABILIDADE-SOCIOAMBIENTAL.docx\">ANEXO V &#8211; DECLARA\u00c7\u00c3O DE SUSTENTABILIDADE SOCIOAMBIENTAL<\/a><\/p>\n<p><a href=\"https:\/\/www.ufmg.br\/imprensa\/wp-content\/uploads\/2019\/12\/ANEXO-VI-INSTRUMENTO-DE-MEDI\u00c7\u00c3O-DE-RESULTADO-IMR.doc\">ANEXO VI &#8211; INSTRUMENTO DE MEDI\u00c7\u00c3O DE RESULTADO &#8211; IMR<\/a><\/p>\n<p><a href=\"https:\/\/www.ufmg.br\/imprensa\/wp-content\/uploads\/2019\/12\/ATA-DE-REGISTRO-DE-PRE\u00c7OS-N\u00ba-10.2018-FRENTE-VERSO-ENCADERNA\u00c7\u00d5ES.pdf\">ATA DE REGISTRO DE PRE\u00c7OS N\u00ba 10.2018 &#8211; FRENTE VERSO ENCADERNA\u00c7\u00d5ES<\/a><\/p>\n<p><a href=\"https:\/\/www.ufmg.br\/imprensa\/wp-content\/uploads\/2019\/12\/ATA-DE-REGISTRO-DE-PRE\u00c7OS-N\u00ba-11.2018-ELAIMAR-COM\u00c9RCIO-E-IND\u00daSTRIA-DE-FACAS-LTDA.pdf\">ATA DE REGISTRO DE PRE\u00c7OS N\u00ba 11.2018 &#8211; ELAIMAR COM\u00c9RCIO E IND\u00daSTRIA DE FACAS LTDA<\/a><\/p>\n<p><a href=\"https:\/\/www.ufmg.br\/imprensa\/wp-content\/uploads\/2019\/12\/ATA-DE-REGISTRO-DE-PRE\u00c7OS-N\u00ba-12.2018-GR\u00c1FICA-EDITORA-TAVARES-LTDA.pdf\">ATA DE REGISTRO DE PRE\u00c7OS N\u00ba 12.2018 &#8211; GR\u00c1FICA EDITORA TAVARES LTDA<\/a><\/p>\n<p><a href=\"https:\/\/www.ufmg.br\/imprensa\/wp-content\/uploads\/2019\/12\/ATA-DE-REGISTRO-DE-PRE\u00c7OS-N\u00ba-13.2018-PLASTIFIC-COM\u00c9RCIO-E-PLASTIFICA\u00c7\u00c3O.pdf\">ATA DE REGISTRO DE PRE\u00c7OS N\u00ba 13.2018 &#8211; PLASTIFIC COM\u00c9RCIO E PLASTIFICA\u00c7\u00c3O<\/a><\/p>\n<p><a href=\"https:\/\/www.ufmg.br\/imprensa\/wp-content\/uploads\/2019\/12\/ATA-DE-REGISTRO-DE-PRE\u00c7OS-N\u00ba-14.2018-HOT-BOOK-ACABAMENTOS.pdf\">ATA DE REGISTRO DE PRE\u00c7OS N\u00ba 14.2018 &#8211; HOT-BOOK ACABAMENTOS<\/a><\/p>\n<p><a href=\"https:\/\/www.ufmg.br\/imprensa\/wp-content\/uploads\/2019\/12\/EDITAL-PREG\u00c3O-SRP-003.2018.docx\">EDITAL &#8211; PREG\u00c3O SRP 003.2018<\/a><\/p>\n<p>[\/vc_column_text][\/vc_column][\/vc_row][vc_row][vc_column][vc_separator][\/vc_column][\/vc_row][vc_row][vc_column][vc_column_text]<a href=\"https:\/\/www.ufmg.br\/imprensa\/index.php\/compras\/contratos\/editais-encerrados-2019\/\">Volte para Editais Encerrados<\/a>[\/vc_column_text][\/vc_column][\/vc_row]<\/p>\n","protected":false},"excerpt":{"rendered":"<p>[vc_row][vc_column][vc_column_text]EDITAL N\u00ba: 002\/2018 OBJETO: Registro de pre\u00e7os de aquisi\u00e7\u00e3o parcelada de blanquetas, tintas gr\u00e1ficas, solventes e insumos gr\u00e1ficos diversos para a Imprensa Universit\u00e1ria da UFMG,&#8230;<\/p>\n<div class=\"more-link-wrapper\"><a class=\"more-link\" href=\"https:\/\/www.ufmg.br\/imprensa\/index.php\/compras\/contratos\/editais-encerrados-2019\/editais-encerrados-2018\/\">Continue reading<span class=\"screen-reader-text\">Editais 2018<\/span><\/a><\/div>\n","protected":false},"author":1,"featured_media":0,"parent":3040,"menu_order":0,"comment_status":"closed","ping_status":"closed","template":"","meta":[],"_links":{"self":[{"href":"https:\/\/www.ufmg.br\/imprensa\/index.php\/wp-json\/wp\/v2\/pages\/3038"}],"collection":[{"href":"https:\/\/www.ufmg.br\/imprensa\/index.php\/wp-json\/wp\/v2\/pages"}],"about":[{"href":"https:\/\/www.ufmg.br\/imprensa\/index.php\/wp-json\/wp\/v2\/types\/page"}],"author":[{"embeddable":true,"href":"https:\/\/www.ufmg.br\/imprensa\/index.php\/wp-json\/wp\/v2\/users\/1"}],"replies":[{"embeddable":true,"href":"https:\/\/www.ufmg.br\/imprensa\/index.php\/wp-json\/wp\/v2\/comments?post=3038"}],"version-history":[{"count":7,"href":"https:\/\/www.ufmg.br\/imprensa\/index.php\/wp-json\/wp\/v2\/pages\/3038\/revisions"}],"predecessor-version":[{"id":4031,"href":"https:\/\/www.ufmg.br\/imprensa\/index.php\/wp-json\/wp\/v2\/pages\/3038\/revisions\/4031"}],"up":[{"embeddable":true,"href":"https:\/\/www.ufmg.br\/imprensa\/index.php\/wp-json\/wp\/v2\/pages\/3040"}],"wp:attachment":[{"href":"https:\/\/www.ufmg.br\/imprensa\/index.php\/wp-json\/wp\/v2\/media?parent=3038"}],"curies":[{"name":"wp","href":"https:\/\/api.w.org\/{rel}","templated":true}]}}