{"id":3654,"date":"2021-11-11T14:57:12","date_gmt":"2021-11-11T17:57:12","guid":{"rendered":"https:\/\/www.ufmg.br\/imprensa\/?page_id=3654"},"modified":"2023-07-12T14:24:25","modified_gmt":"2023-07-12T17:24:25","slug":"autorizacao-para-contratacao-direta","status":"publish","type":"page","link":"https:\/\/www.ufmg.br\/imprensa\/index.php\/compras\/autorizacao-para-contratacao-direta\/","title":{"rendered":"Autoriza\u00e7\u00e3o para Contrata\u00e7\u00e3o Direta"},"content":{"rendered":"<p>[vc_row][vc_column][vc_column_text]<\/p>\n<p><a href=\"https:\/\/www.ufmg.br\/imprensa\/wp-content\/uploads\/2023\/07\/OFICIO-No-53.2023.pdf\">OF\u00cdCIO N\u00ba 53\/2023<\/a><\/p>\n<p>OBJETO: Aquisi\u00e7\u00e3o de empilhadeiras semiel\u00e9tricas destinadas \u00e0\u00a0Imprensa Universit\u00e1ria\/UFMG &#8211; UASG 153262.<\/p>\n<p>[\/vc_column_text][\/vc_column][\/vc_row][vc_row][vc_column][vc_separator][\/vc_column][\/vc_row][vc_row][vc_column][vc_column_text]<\/p>\n<p><a href=\"https:\/\/www.ufmg.br\/imprensa\/wp-content\/uploads\/2022\/06\/OFICIO-111.2022-AUTORIZACAO-DESPESA.pdf\">OF\u00cdCIO N\u00ba 111\/2022<\/a><\/p>\n<p>OBJETO: Aquisi\u00e7\u00e3o de servi\u00e7os de loca\u00e7\u00e3o de licen\u00e7a de uso de software Adobe Creative for Teams (para equipes), incluindo todos os aplicativos (Photoshop, Illustrator, InDesign, Adobe Stock, Illustrator Draw e Fonts &#8211; Typekit), n\u00edvel 1 \u2013 9, Educacional \u2013 VIP \u2013 Usu\u00e1rio nomeado, com vig\u00eancia de 12 (doze) meses.<\/p>\n<p>[\/vc_column_text][\/vc_column][\/vc_row][vc_row][vc_column][vc_separator][\/vc_column][\/vc_row][vc_row][vc_column][vc_column_text]<\/p>\n<p><a href=\"https:\/\/www.ufmg.br\/imprensa\/wp-content\/uploads\/2022\/06\/OFICIO-96.2022.pdf\">OF\u00cdCIO N\u00ba 96\/2022<\/a><\/p>\n<p>OBJETO: Aquisi\u00e7\u00e3o de servi\u00e7os de manuten\u00e7\u00e3o corretiva em equipamento gr\u00e1fico, m\u00e1quina de dobra (dobradeira), marca\/fabricante Horizon, modelo Bucke Folder Horizon n\u00ba AF 566F, patrim\u00f4nio n\u00ba 001206960-4, pertencente \u00e0 Imprensa Universit\u00e1ria da UFMG.<\/p>\n<p>[\/vc_column_text][\/vc_column][\/vc_row][vc_row][vc_column][vc_separator][\/vc_column][\/vc_row][vc_row][vc_column][vc_column_text]<\/p>\n<p><a href=\"https:\/\/www.ufmg.br\/imprensa\/wp-content\/uploads\/2022\/06\/OFICIO-82.2022-dispensa-materiais-graficos.pdf\">OF\u00cdCIO N\u00ba 82\/2022<\/a><\/p>\n<p>OBJETO: Aquisi\u00e7\u00e3o de insumos e materiais gr\u00e1ficos diversos, destinados \u00e0 Imprensa Universit\u00e1ria da UFMG, por Dispensa de Licita\u00e7\u00e3o, inciso II, do artigo 24, da Lei n\u00ba 8.666\/1993, consoante \u00e0 Portaria de Delega\u00e7\u00e3o de Compet\u00eancia n\u00ba 2.198\/2020, de 06 de abril de 2020.<\/p>\n<p>[\/vc_column_text][\/vc_column][\/vc_row][vc_row][vc_column][vc_separator][\/vc_column][\/vc_row][vc_row][vc_column][vc_column_text]<\/p>\n<p>OF\u00cdCIO N\u00ba: <a href=\"https:\/\/www.ufmg.br\/imprensa\/wp-content\/uploads\/2022\/06\/OFICIO-no-70.2022-autorizacao-da-despesa.pdf\">70\/2022<\/a><\/p>\n<p>OBJETO: Aquisi\u00e7\u00e3o de materiais de limpeza, higiene, escrit\u00f3rio, descart\u00e1veis e g\u00eaneros de alimenta\u00e7\u00e3o destinados \u00e0 Imprensa Universit\u00e1ria da UFMG.<\/p>\n<p>[\/vc_column_text][\/vc_column][\/vc_row][vc_row][vc_column][vc_separator][\/vc_column][\/vc_row][vc_row][vc_column][vc_column_text]<\/p>\n<p>OF\u00cdCIO N\u00ba: <a href=\"https:\/\/www.ufmg.br\/imprensa\/wp-content\/uploads\/2022\/04\/OFICIO-59.2022.pdf\">59\/2022<\/a><\/p>\n<p>OBJETO: Aquisi\u00e7\u00e3o de equipamento microcomputador destinado ao Setor de Coordena\u00e7\u00e3o Geral de Produ\u00e7\u00e3o Gr\u00e1fica da Imprensa Universit\u00e1ria\/UFMG.<\/p>\n<p>[\/vc_column_text][\/vc_column][\/vc_row][vc_row][vc_column][vc_separator][\/vc_column][\/vc_row][vc_row][vc_column][vc_column_text]<\/p>\n<p>OF\u00cdCIO N\u00ba: <a href=\"https:\/\/www.ufmg.br\/imprensa\/wp-content\/uploads\/2022\/03\/OFICIO-47.2022.pdf\">47\/2022<\/a><\/p>\n<p>OBJETO: Aquisi\u00e7\u00e3o de servi\u00e7os de dedetiza\u00e7\u00e3o\/desinsetiza\u00e7\u00e3o, descupiniza\u00e7\u00e3o e desratiza\u00e7\u00e3o, nas depend\u00eancias internas e externas do pr\u00e9dio da Imprensa Universit\u00e1ria da UFMG, <strong>conforme especifica\u00e7\u00f5es constantes no Projeto B\u00e1sico. <\/strong><\/p>\n<p>[\/vc_column_text][\/vc_column][\/vc_row][vc_row][vc_column][vc_separator][\/vc_column][\/vc_row][vc_row][vc_column][vc_column_text]<\/p>\n<p>OF\u00cdCIO N\u00ba: <a href=\"https:\/\/www.ufmg.br\/imprensa\/wp-content\/uploads\/2022\/03\/OFICIO-No-34.2022-AUTORIZACAO-DA-DESPESA-SIDEC-4.2022.pdf\">34\/2022<\/a><\/p>\n<p>OBJETO: Aquisi\u00e7\u00e3o de servi\u00e7os de manuten\u00e7\u00f5es corretivas em equipamentos gr\u00e1ficos e impressora laser monocrom\u00e1tica, pertencentes \u00e0 Imprensa Universit\u00e1ria\/UFMG<\/p>\n<p>[\/vc_column_text][\/vc_column][\/vc_row][vc_row][vc_column][vc_separator][\/vc_column][\/vc_row][vc_row][vc_column][vc_column_text]<\/p>\n<p>OF\u00cdCIO N\u00ba: <a href=\"https:\/\/www.ufmg.br\/imprensa\/wp-content\/uploads\/2022\/03\/OFICIO-No-33.2022.pdf\">33\/2022<\/a><\/p>\n<p>OBJETO: Aquisi\u00e7\u00e3o de placa de circuito eletr\u00f4nico EWK, para m\u00e1quina impressora gr\u00e1fica offset plana, fabricante\/marca Komori, modelo Lithrone &#8211; LS429P &#8211; quatro cores, com unidade de verniz, n\u00famero de s\u00e9rie 103, n\u00famero de patrim\u00f4nio 001180476-9, pertencente \u00e0 Imprensa Universit\u00e1ria da UFMG.<\/p>\n<p>[\/vc_column_text][\/vc_column][\/vc_row][vc_row][vc_column][vc_separator][\/vc_column][\/vc_row][vc_row][vc_column][vc_column_text]<\/p>\n<p>OF\u00cdCIO N\u00ba: <a href=\"https:\/\/www.ufmg.br\/imprensa\/wp-content\/uploads\/2022\/02\/OFICIO-No-4.2022-AUTORIZACAO-DA-DESPESA-SIDEC-1.2022.pdf\">04\/2022<\/a><\/p>\n<p>OBJETO: Aquisi\u00e7\u00e3o de servi\u00e7os de transporte rodovi\u00e1rio de equipamento gr\u00e1fico (m\u00e1quina coladeira\/encadernadora de livros P.U.R.) adquirida pela Imprensa Universit\u00e1ria\/UFMG, incluindo despesas com armazenagem, custos do terminal, taxas locais, desembara\u00e7o aduaneiro, desova do cntr, descarregamento e movimenta\u00e7\u00e3o.<\/p>\n<p>[\/vc_column_text][\/vc_column][\/vc_row][vc_row][vc_column][vc_separator][\/vc_column][\/vc_row][vc_row][vc_column][vc_column_text]<\/p>\n<p>OF\u00cdCIO N\u00ba: <a href=\"https:\/\/www.ufmg.br\/imprensa\/wp-content\/uploads\/2021\/11\/OFICIO-No-91.2021-LICENCAS-ADOBE.pdf\">91\/2021<\/a><\/p>\n<p>OBJETO: Aquisi\u00e7\u00e3o de servi\u00e7os de loca\u00e7\u00e3o de licen\u00e7a de uso de software Adobe Creative for Teams (para equipes), incluindo todos os aplicativos (Photoshop, Ilustrator, InDesign, Adobe Stock, Ilustrator Draw e Fonts &#8211; Typekit), n\u00edvel 1 \u2013 9, Educacional \u2013 VIP \u2013 Usu\u00e1rio nomeado, com vig\u00eancia de 12 (doze) meses.<\/p>\n<p>[\/vc_column_text][\/vc_column][\/vc_row][vc_row][vc_column][vc_separator][\/vc_column][\/vc_row][vc_row][vc_column][vc_column_text]<\/p>\n<p>OF\u00cdCIO N\u00ba: <a href=\"https:\/\/www.ufmg.br\/imprensa\/wp-content\/uploads\/2021\/12\/OFICIO-No-104.2021-PECAS-PARA-EQUIPAMENTOS-GRAFICOS.pdf\">104\/2021<\/a><\/p>\n<p>OBJETO: Aquisi\u00e7\u00e3o de pe\u00e7as\/componentes diversos para equipamentos gr\u00e1ficos, pertencentes \u00e0 Imprensa Universit\u00e1ria\/UFMG, por Dispensa de Licita\u00e7\u00e3o, nos termos do inciso II, do artigo 24, da Lei n\u00ba 8.666\/1993, atrav\u00e9s do Sistema de Cota\u00e7\u00e3o Eletr\u00f4nica, artigo 1\u00ba da Portaria n\u00ba 306\/2001<\/p>\n<p>[\/vc_column_text][\/vc_column][\/vc_row][vc_row][vc_column][vc_separator][\/vc_column][\/vc_row][vc_row][vc_column][vc_column_text]<\/p>\n<p>OF\u00cdCIO N\u00ba: <a href=\"https:\/\/www.ufmg.br\/imprensa\/wp-content\/uploads\/2021\/12\/OFICIO-No-116.2021-INSUMOS-GRAFICOS-DIVERSOS.pdf\">116\/2021<\/a><\/p>\n<p>OBJETO: Aquisi\u00e7\u00e3o de insumos gr\u00e1ficos diversos destinados \u00e0 produ\u00e7\u00e3o gr\u00e1fica da Imprensa Universit\u00e1ria\/UFMG, por Dispensa de Licita\u00e7\u00e3o, Inciso II, art. 75 da lei n\u00ba 14.133\/2021, atrav\u00e9s do Sistema de Dispensa Eletr\u00f4nica , nos termos do inciso II, artigo 4\u00ba da Instru\u00e7\u00e3o Normativa SEGES\/ME n\u00ba 67, de 8 de julho de 2021<\/p>\n<p>[\/vc_column_text][\/vc_column][\/vc_row][vc_row][vc_column][vc_separator][\/vc_column][\/vc_row][vc_row][vc_column][vc_column_text]<\/p>\n<p>OF\u00cdCIO N\u00ba <a href=\"https:\/\/www.ufmg.br\/imprensa\/wp-content\/uploads\/2021\/12\/OFICIO-129.2021.pdf\">129\/2021<\/a><\/p>\n<p>OBJETO: Aquisi\u00e7\u00e3o de servi\u00e7os de manuten\u00e7\u00e3o corretiva em equipamento gr\u00e1fico, m\u00e1quina guilhotina gr\u00e1fica, marca\/fabricante Perfecta Cutiing Systems, modelo Perfecta 115 SE, patrim\u00f4nio n\u00ba 001198027-3, pertencente \u00e0 Imprensa Universit\u00e1ria da UFMG .<\/p>\n<p>[\/vc_column_text][\/vc_column][\/vc_row][vc_row][vc_column][vc_separator][\/vc_column][\/vc_row][vc_row][vc_column][vc_column_text]<a href=\"https:\/\/halley.adm-serv.ufmg.br\/sites\/imprensa\/index.php\/compras\/\">Volte para Compras<\/a><\/p>\n<p>[\/vc_column_text][\/vc_column][\/vc_row]<\/p>\n","protected":false},"excerpt":{"rendered":"<p>[vc_row][vc_column][vc_column_text] OF\u00cdCIO N\u00ba 53\/2023 OBJETO: Aquisi\u00e7\u00e3o de empilhadeiras semiel\u00e9tricas destinadas \u00e0\u00a0Imprensa Universit\u00e1ria\/UFMG &#8211; UASG 153262. [\/vc_column_text][\/vc_column][\/vc_row][vc_row][vc_column][vc_separator][\/vc_column][\/vc_row][vc_row][vc_column][vc_column_text] OF\u00cdCIO N\u00ba 111\/2022 OBJETO: Aquisi\u00e7\u00e3o de servi\u00e7os de loca\u00e7\u00e3o&#8230;<\/p>\n<div class=\"more-link-wrapper\"><a class=\"more-link\" href=\"https:\/\/www.ufmg.br\/imprensa\/index.php\/compras\/autorizacao-para-contratacao-direta\/\">Continue reading<span class=\"screen-reader-text\">Autoriza\u00e7\u00e3o para Contrata\u00e7\u00e3o Direta<\/span><\/a><\/div>\n","protected":false},"author":1,"featured_media":0,"parent":2293,"menu_order":0,"comment_status":"closed","ping_status":"closed","template":"","meta":[],"_links":{"self":[{"href":"https:\/\/www.ufmg.br\/imprensa\/index.php\/wp-json\/wp\/v2\/pages\/3654"}],"collection":[{"href":"https:\/\/www.ufmg.br\/imprensa\/index.php\/wp-json\/wp\/v2\/pages"}],"about":[{"href":"https:\/\/www.ufmg.br\/imprensa\/index.php\/wp-json\/wp\/v2\/types\/page"}],"author":[{"embeddable":true,"href":"https:\/\/www.ufmg.br\/imprensa\/index.php\/wp-json\/wp\/v2\/users\/1"}],"replies":[{"embeddable":true,"href":"https:\/\/www.ufmg.br\/imprensa\/index.php\/wp-json\/wp\/v2\/comments?post=3654"}],"version-history":[{"count":22,"href":"https:\/\/www.ufmg.br\/imprensa\/index.php\/wp-json\/wp\/v2\/pages\/3654\/revisions"}],"predecessor-version":[{"id":3986,"href":"https:\/\/www.ufmg.br\/imprensa\/index.php\/wp-json\/wp\/v2\/pages\/3654\/revisions\/3986"}],"up":[{"embeddable":true,"href":"https:\/\/www.ufmg.br\/imprensa\/index.php\/wp-json\/wp\/v2\/pages\/2293"}],"wp:attachment":[{"href":"https:\/\/www.ufmg.br\/imprensa\/index.php\/wp-json\/wp\/v2\/media?parent=3654"}],"curies":[{"name":"wp","href":"https:\/\/api.w.org\/{rel}","templated":true}]}}