{"id":1709,"date":"2025-03-19T09:41:09","date_gmt":"2025-03-19T12:41:09","guid":{"rendered":"https:\/\/www.ufmg.br\/mhnjb\/?page_id=1709"},"modified":"2025-09-10T09:43:13","modified_gmt":"2025-09-10T12:43:13","slug":"exposicoes","status":"publish","type":"page","link":"https:\/\/www.ufmg.br\/mhnjb\/atrativos\/exposicoes\/","title":{"rendered":"Exposi\u00e7\u00f5es"},"content":{"rendered":"\n<div class=\"wp-block-group alignfull has-custom-cor-5-color has-custom-cor-1-background-color has-text-color has-background has-link-color wp-elements-261e23e53f51fb3ee45e8c2d9e31427c has-global-padding is-layout-constrained wp-block-group-is-layout-constrained\" id=\"page-title\" style=\"padding-top:var(--wp--preset--spacing--50);padding-bottom:var(--wp--preset--spacing--50)\"><h2 class=\"has-text-align-center alignwide wp-block-post-title\">Exposi\u00e7\u00f5es<\/h2><\/div>\n\n\n\n<div class=\"wp-block-group alignwide has-max-width has-base-color has-custom-color-1-background-color has-text-color has-background has-link-color wp-elements-750a96a1dcaf2c317cfcc6280da3c4fb has-global-padding is-layout-constrained wp-container-core-group-is-layout-2ae561bf wp-block-group-is-layout-constrained\" style=\"margin-top:var(--wp--preset--spacing--30);margin-bottom:var(--wp--preset--spacing--30);padding-top:var(--wp--preset--spacing--40);padding-right:var(--wp--preset--spacing--40);padding-bottom:var(--wp--preset--spacing--40);padding-left:var(--wp--preset--spacing--40)\">\n<div class=\"wp-block-media-text alignwide is-stacked-on-mobile is-vertically-aligned-center is-image-fill-element has-custom-cor-5-color has-text-color has-link-color wp-elements-40b527c09906644938d4416ecafeb6cd\" style=\"padding-right:var(--wp--preset--spacing--50);padding-left:var(--wp--preset--spacing--50);grid-template-columns:33% auto\"><figure class=\"wp-block-media-text__media\"><img loading=\"lazy\" decoding=\"async\" width=\"2560\" height=\"1920\" src=\"https:\/\/www.ufmg.br\/mhnjb\/wp-content\/uploads\/2025\/03\/2019-Nova-exposicao-de-Arqueologia-scaled.jpg\" alt=\"\" class=\"wp-image-1747 size-full\" style=\"object-position:50% 50%\" srcset=\"https:\/\/www.ufmg.br\/mhnjb\/wp-content\/uploads\/2025\/03\/2019-Nova-exposicao-de-Arqueologia-scaled.jpg 2560w, https:\/\/www.ufmg.br\/mhnjb\/wp-content\/uploads\/2025\/03\/2019-Nova-exposicao-de-Arqueologia-300x225.jpg 300w, https:\/\/www.ufmg.br\/mhnjb\/wp-content\/uploads\/2025\/03\/2019-Nova-exposicao-de-Arqueologia-1024x768.jpg 1024w, https:\/\/www.ufmg.br\/mhnjb\/wp-content\/uploads\/2025\/03\/2019-Nova-exposicao-de-Arqueologia-768x576.jpg 768w, https:\/\/www.ufmg.br\/mhnjb\/wp-content\/uploads\/2025\/03\/2019-Nova-exposicao-de-Arqueologia-1536x1152.jpg 1536w, https:\/\/www.ufmg.br\/mhnjb\/wp-content\/uploads\/2025\/03\/2019-Nova-exposicao-de-Arqueologia-2048x1536.jpg 2048w\" sizes=\"auto, (max-width: 2560px) 100vw, 2560px\" \/><\/figure><div class=\"wp-block-media-text__content\">\n<h4 class=\"wp-block-heading\">Arqueologia<\/h4>\n\n\n\n<p class=\"has-medium-font-size\">Apresenta a reprodu\u00e7\u00e3o de 4 s\u00edtios arqueol\u00f3gicos de cronologias diversas (a partir de 14.000 anos) e com caracter\u00edsticas culturais diferentes, al\u00e9m de um bloco expositivo central com informa\u00e7\u00f5es sobre alimenta\u00e7\u00e3o e tecnologias de fabrica\u00e7\u00e3o de artefatos.<\/p>\n\n\n\n<p class=\"has-small-font-size\"><span class=\"wp-rich-text-font-awesome-icon wp-font-awesome-icon\"><svg aria-hidden=\"true\" focusable=\"false\" data-prefix=\"far\" data-icon=\"clock\" class=\"svg-inline--fa fa-clock \" role=\"img\" xmlns=\"http:\/\/www.w3.org\/2000\/svg\" viewBox=\"0 0 512 512\"><path fill=\"currentColor\" d=\"M464 256A208 208 0 1 1 48 256a208 208 0 1 1 416 0zM0 256a256 256 0 1 0 512 0A256 256 0 1 0 0 256zM232 120V256c0 8 4 15.5 10.7 20l96 64c11 7.4 25.9 4.4 33.3-6.7s4.4-25.9-6.7-33.3L280 243.2V120c0-13.3-10.7-24-24-24s-24 10.7-24 24z\"><\/path><\/svg><\/span> Hor\u00e1rio: Quarta a s\u00e1bado \u2013 8h30 \u00e0s 16h30<\/p>\n<\/div><\/div>\n<\/div>\n\n\n\n<div class=\"wp-block-group alignwide has-max-width has-custom-cor-5-color has-custom-cor-6-background-color has-text-color has-background has-link-color wp-elements-43796b11cc7542352002030da4fd937b has-global-padding is-layout-constrained wp-container-core-group-is-layout-2ae561bf wp-block-group-is-layout-constrained\" style=\"margin-top:var(--wp--preset--spacing--30);margin-bottom:var(--wp--preset--spacing--30);padding-top:var(--wp--preset--spacing--40);padding-right:var(--wp--preset--spacing--40);padding-bottom:var(--wp--preset--spacing--40);padding-left:var(--wp--preset--spacing--40)\">\n<div class=\"wp-block-media-text alignwide has-media-on-the-right is-stacked-on-mobile is-vertically-aligned-center is-image-fill-element has-custom-cor-5-color has-text-color has-link-color wp-elements-4c07d629967e16218d90163221034117\" style=\"grid-template-columns:auto 33%\"><div class=\"wp-block-media-text__content\">\n<h4 class=\"wp-block-heading\">As Fascinantes Orqu\u00eddeas<\/h4>\n\n\n\n<p class=\"has-medium-font-size\">As orqu\u00eddeas est\u00e3o entre as plantas mais conhecidas, carism\u00e1ticas e admiradas. S\u00e3o amplamente cultivadas e comercializadas com fins ornamentais, principalmente devido \u00e0 beleza de suas flores. Nesta exposi\u00e7\u00e3o, poder\u00e1 ser observada a diversidade de formas, tamanhos, cores e odores de suas esp\u00e9cies, sobretudo da nossa flora nativa.<\/p>\n\n\n\n<p class=\"has-small-font-size\"><span class=\"wp-rich-text-font-awesome-icon wp-font-awesome-icon\"><svg aria-hidden=\"true\" focusable=\"false\" data-prefix=\"far\" data-icon=\"clock\" class=\"svg-inline--fa fa-clock \" role=\"img\" xmlns=\"http:\/\/www.w3.org\/2000\/svg\" viewBox=\"0 0 512 512\"><path fill=\"currentColor\" d=\"M464 256A208 208 0 1 1 48 256a208 208 0 1 1 416 0zM0 256a256 256 0 1 0 512 0A256 256 0 1 0 0 256zM232 120V256c0 8 4 15.5 10.7 20l96 64c11 7.4 25.9 4.4 33.3-6.7s4.4-25.9-6.7-33.3L280 243.2V120c0-13.3-10.7-24-24-24s-24 10.7-24 24z\"><\/path><\/svg><\/span> Hor\u00e1rio: Quarta a s\u00e1bado \u2013 8h30 \u00e0s 16h30<\/p>\n<\/div><figure class=\"wp-block-media-text__media\"><img loading=\"lazy\" decoding=\"async\" width=\"1280\" height=\"621\" src=\"https:\/\/www.ufmg.br\/mhnjb\/wp-content\/uploads\/2025\/03\/WhatsApp-Image-2019-09-10-at-14.31.54-1.jpeg\" alt=\"\" class=\"wp-image-1760 size-full\" style=\"object-position:50% 50%\" srcset=\"https:\/\/www.ufmg.br\/mhnjb\/wp-content\/uploads\/2025\/03\/WhatsApp-Image-2019-09-10-at-14.31.54-1.jpeg 1280w, https:\/\/www.ufmg.br\/mhnjb\/wp-content\/uploads\/2025\/03\/WhatsApp-Image-2019-09-10-at-14.31.54-1-300x146.jpeg 300w, https:\/\/www.ufmg.br\/mhnjb\/wp-content\/uploads\/2025\/03\/WhatsApp-Image-2019-09-10-at-14.31.54-1-1024x497.jpeg 1024w, https:\/\/www.ufmg.br\/mhnjb\/wp-content\/uploads\/2025\/03\/WhatsApp-Image-2019-09-10-at-14.31.54-1-768x373.jpeg 768w\" sizes=\"auto, (max-width: 1280px) 100vw, 1280px\" \/><\/figure><\/div>\n<\/div>\n\n\n\n<div class=\"wp-block-group alignwide has-max-width has-base-color has-custom-cor-7-background-color has-text-color has-background has-link-color wp-elements-f6a23e027e16c5f31e515b3999788e5b has-global-padding is-layout-constrained wp-container-core-group-is-layout-2ae561bf wp-block-group-is-layout-constrained\" style=\"margin-top:var(--wp--preset--spacing--30);margin-bottom:var(--wp--preset--spacing--30);padding-top:var(--wp--preset--spacing--40);padding-right:var(--wp--preset--spacing--40);padding-bottom:var(--wp--preset--spacing--40);padding-left:var(--wp--preset--spacing--40)\">\n<div class=\"wp-block-media-text alignwide is-stacked-on-mobile is-vertically-aligned-center is-image-fill-element has-custom-cor-4-color has-text-color has-link-color wp-elements-b67fd3039939381b66a6d3b545def1dc\" style=\"grid-template-columns:33% auto\"><figure class=\"wp-block-media-text__media\"><img loading=\"lazy\" decoding=\"async\" width=\"1024\" height=\"768\" src=\"https:\/\/www.ufmg.br\/mhnjb\/wp-content\/uploads\/2024\/09\/20190812_163942-1024x768.jpg\" alt=\"\" class=\"wp-image-891 size-full\" style=\"object-position:50% 50%\" srcset=\"https:\/\/www.ufmg.br\/mhnjb\/wp-content\/uploads\/2024\/09\/20190812_163942-1024x768.jpg 1024w, https:\/\/www.ufmg.br\/mhnjb\/wp-content\/uploads\/2024\/09\/20190812_163942-300x225.jpg 300w, https:\/\/www.ufmg.br\/mhnjb\/wp-content\/uploads\/2024\/09\/20190812_163942-768x576.jpg 768w, https:\/\/www.ufmg.br\/mhnjb\/wp-content\/uploads\/2024\/09\/20190812_163942-1536x1152.jpg 1536w, https:\/\/www.ufmg.br\/mhnjb\/wp-content\/uploads\/2024\/09\/20190812_163942-2048x1536.jpg 2048w\" sizes=\"auto, (max-width: 1024px) 100vw, 1024px\" \/><\/figure><div class=\"wp-block-media-text__content\">\n<h4 class=\"wp-block-heading\">Bot\u00e2nica: O Mundo das Plantas<\/h4>\n\n\n\n<p class=\"has-medium-font-size\">As plantas s\u00e3o essenciais para a nossa sobreviv\u00eancia e de outras esp\u00e9cies. Visite e conhe\u00e7a mais sobre quem s\u00e3o, como evolu\u00edram e como s\u00e3o fundamentais para a vida no planeta!<\/p>\n\n\n\n<p class=\"has-small-font-size\"><span class=\"wp-rich-text-font-awesome-icon wp-font-awesome-icon\"><svg aria-hidden=\"true\" focusable=\"false\" data-prefix=\"far\" data-icon=\"clock\" class=\"svg-inline--fa fa-clock \" role=\"img\" xmlns=\"http:\/\/www.w3.org\/2000\/svg\" viewBox=\"0 0 512 512\"><path fill=\"currentColor\" d=\"M464 256A208 208 0 1 1 48 256a208 208 0 1 1 416 0zM0 256a256 256 0 1 0 512 0A256 256 0 1 0 0 256zM232 120V256c0 8 4 15.5 10.7 20l96 64c11 7.4 25.9 4.4 33.3-6.7s4.4-25.9-6.7-33.3L280 243.2V120c0-13.3-10.7-24-24-24s-24 10.7-24 24z\"><\/path><\/svg><\/span> Hor\u00e1rio: Quarta a s\u00e1bado \u2013 8h30 \u00e0s 16h30<\/p>\n<\/div><\/div>\n<\/div>\n\n\n\n<div class=\"wp-block-group alignwide has-max-width has-custom-cor-1-color has-custom-color-1-background-color has-text-color has-background has-link-color wp-elements-8819b78a015acf34eb557eb83620947f has-global-padding is-layout-constrained wp-container-core-group-is-layout-2ae561bf wp-block-group-is-layout-constrained\" style=\"margin-top:var(--wp--preset--spacing--30);margin-bottom:var(--wp--preset--spacing--30);padding-top:var(--wp--preset--spacing--40);padding-right:var(--wp--preset--spacing--40);padding-bottom:var(--wp--preset--spacing--40);padding-left:var(--wp--preset--spacing--40)\">\n<div class=\"wp-block-media-text alignwide has-media-on-the-right is-stacked-on-mobile is-vertically-aligned-center is-image-fill-element has-custom-cor-5-color has-text-color has-link-color wp-elements-6efca6eb18259e6875dab5bfa43be72d\" style=\"grid-template-columns:auto 33%\"><div class=\"wp-block-media-text__content\">\n<h4 class=\"wp-block-heading\">Centro de Refer\u00eancia em Cartografia Hist\u00f3rica<\/h4>\n\n\n\n<p class=\"has-medium-font-size\">Nos mapas, v\u00e1rias ci\u00eancias se encontram e deixam suas representa\u00e7\u00f5es. Al\u00e9m do valor como fontes prim\u00e1rias de informa\u00e7\u00e3o, os mapas, muitas vezes, chamam aten\u00e7\u00e3o por seus aspectos art\u00edsticos. Venha conhec\u00ea-los, particularmente os referentes ao territ\u00f3rio de Minas Gerais do s\u00e9culo XVIII e XIX, no CRCH, que se encontra tamb\u00e9m instalado em uma bela edifica\u00e7\u00e3o do in\u00edcio do s\u00e9culo XX.<\/p>\n\n\n\n<p class=\"has-small-font-size\"><span class=\"wp-rich-text-font-awesome-icon wp-font-awesome-icon\"><svg aria-hidden=\"true\" focusable=\"false\" data-prefix=\"far\" data-icon=\"clock\" class=\"svg-inline--fa fa-clock \" role=\"img\" xmlns=\"http:\/\/www.w3.org\/2000\/svg\" viewBox=\"0 0 512 512\"><path fill=\"currentColor\" d=\"M464 256A208 208 0 1 1 48 256a208 208 0 1 1 416 0zM0 256a256 256 0 1 0 512 0A256 256 0 1 0 0 256zM232 120V256c0 8 4 15.5 10.7 20l96 64c11 7.4 25.9 4.4 33.3-6.7s4.4-25.9-6.7-33.3L280 243.2V120c0-13.3-10.7-24-24-24s-24 10.7-24 24z\"><\/path><\/svg><\/span> Hor\u00e1rio: Quarta-feira \u2013 8h30 \u00e0s 12h e 13h \u00e0s 16h30, quinta e sexta \u2013 13h \u00e0s 16h30 e s\u00e1bado \u2013 8h30 \u00e0s 12h<\/p>\n<\/div><figure class=\"wp-block-media-text__media\"><img loading=\"lazy\" decoding=\"async\" width=\"448\" height=\"336\" src=\"https:\/\/www.ufmg.br\/mhnjb\/wp-content\/uploads\/2025\/03\/parques-de-belo-horizonte-museu.jpg\" alt=\"\" class=\"wp-image-1772 size-full\" style=\"object-position:50% 50%\" srcset=\"https:\/\/www.ufmg.br\/mhnjb\/wp-content\/uploads\/2025\/03\/parques-de-belo-horizonte-museu.jpg 448w, https:\/\/www.ufmg.br\/mhnjb\/wp-content\/uploads\/2025\/03\/parques-de-belo-horizonte-museu-300x225.jpg 300w\" sizes=\"auto, (max-width: 448px) 100vw, 448px\" \/><\/figure><\/div>\n<\/div>\n\n\n\n<div class=\"wp-block-group alignwide has-max-width has-custom-cor-1-color has-custom-cor-6-background-color has-text-color has-background has-link-color wp-elements-96025797836647f965cead709c38eccf has-global-padding is-layout-constrained wp-container-core-group-is-layout-2ae561bf wp-block-group-is-layout-constrained\" style=\"margin-top:var(--wp--preset--spacing--30);margin-bottom:var(--wp--preset--spacing--30);padding-top:var(--wp--preset--spacing--40);padding-right:var(--wp--preset--spacing--40);padding-bottom:var(--wp--preset--spacing--40);padding-left:var(--wp--preset--spacing--40)\">\n<div class=\"wp-block-media-text alignwide has-media-on-the-right is-stacked-on-mobile is-vertically-aligned-center is-image-fill-element has-custom-cor-5-color has-text-color has-link-color wp-elements-0e804499293bd28193e7194ca78c9b19\" style=\"grid-template-columns:auto 33%\"><div class=\"wp-block-media-text__content\">\n<h4 class=\"wp-block-heading\">Jardim Sensorial<\/h4>\n\n\n\n<p class=\"has-medium-font-size\">O Jardim Sensorial prop\u00f5e-se mostrar mais do que os olhos est\u00e3o acostumados a ver. Seu objetivo principal \u00e9 a estimula\u00e7\u00e3o dos sentidos atrav\u00e9s das plantas. O visitante ir\u00e1 sentir o cheiro das plantas arom\u00e1ticas, o sabor das plantas comest\u00edveis, a textura das folhas, ouvir o som dos p\u00e1ssaros e vento e observar a beleza das plantas.<\/p>\n\n\n\n<p class=\"has-small-font-size\"><span class=\"wp-rich-text-font-awesome-icon wp-font-awesome-icon\"><svg aria-hidden=\"true\" focusable=\"false\" data-prefix=\"far\" data-icon=\"clock\" class=\"svg-inline--fa fa-clock \" role=\"img\" xmlns=\"http:\/\/www.w3.org\/2000\/svg\" viewBox=\"0 0 512 512\"><path fill=\"currentColor\" d=\"M464 256A208 208 0 1 1 48 256a208 208 0 1 1 416 0zM0 256a256 256 0 1 0 512 0A256 256 0 1 0 0 256zM232 120V256c0 8 4 15.5 10.7 20l96 64c11 7.4 25.9 4.4 33.3-6.7s4.4-25.9-6.7-33.3L280 243.2V120c0-13.3-10.7-24-24-24s-24 10.7-24 24z\"><\/path><\/svg><\/span> Hor\u00e1rio: Quarta a s\u00e1bado \u2013 8h30 \u00e0s 16h30<\/p>\n<\/div><figure class=\"wp-block-media-text__media\"><img loading=\"lazy\" decoding=\"async\" width=\"1024\" height=\"768\" src=\"https:\/\/www.ufmg.br\/mhnjb\/wp-content\/uploads\/2025\/03\/IMG_5688-1024x768.jpg\" alt=\"\" class=\"wp-image-1778 size-full\" style=\"object-position:50% 50%\" srcset=\"https:\/\/www.ufmg.br\/mhnjb\/wp-content\/uploads\/2025\/03\/IMG_5688-1024x768.jpg 1024w, https:\/\/www.ufmg.br\/mhnjb\/wp-content\/uploads\/2025\/03\/IMG_5688-300x225.jpg 300w, https:\/\/www.ufmg.br\/mhnjb\/wp-content\/uploads\/2025\/03\/IMG_5688-768x576.jpg 768w, https:\/\/www.ufmg.br\/mhnjb\/wp-content\/uploads\/2025\/03\/IMG_5688-1536x1152.jpg 1536w, https:\/\/www.ufmg.br\/mhnjb\/wp-content\/uploads\/2025\/03\/IMG_5688.jpg 1600w\" sizes=\"auto, (max-width: 1024px) 100vw, 1024px\" \/><\/figure><\/div>\n<\/div>\n\n\n\n<div class=\"wp-block-group alignwide has-max-width has-base-color has-custom-cor-7-background-color has-text-color has-background has-link-color wp-elements-372d8d7fe11f51d7edc517659fb5284e has-global-padding is-layout-constrained wp-container-core-group-is-layout-2ae561bf wp-block-group-is-layout-constrained\" style=\"margin-top:var(--wp--preset--spacing--30);margin-bottom:var(--wp--preset--spacing--30);padding-top:var(--wp--preset--spacing--40);padding-right:var(--wp--preset--spacing--40);padding-bottom:var(--wp--preset--spacing--40);padding-left:var(--wp--preset--spacing--40)\">\n<div class=\"wp-block-media-text alignwide is-stacked-on-mobile is-vertically-aligned-center is-image-fill-element has-custom-cor-4-color has-text-color has-link-color wp-elements-c41a9374c8d1a34546115dc45536bbec\" style=\"grid-template-columns:33% auto\"><figure class=\"wp-block-media-text__media\"><img loading=\"lazy\" decoding=\"async\" width=\"1024\" height=\"685\" src=\"https:\/\/www.ufmg.br\/mhnjb\/wp-content\/uploads\/2025\/03\/IMG_2984-1024x685.jpg\" alt=\"\" class=\"wp-image-1774 size-full\" style=\"object-position:50% 50%\" srcset=\"https:\/\/www.ufmg.br\/mhnjb\/wp-content\/uploads\/2025\/03\/IMG_2984-1024x685.jpg 1024w, https:\/\/www.ufmg.br\/mhnjb\/wp-content\/uploads\/2025\/03\/IMG_2984-300x201.jpg 300w, https:\/\/www.ufmg.br\/mhnjb\/wp-content\/uploads\/2025\/03\/IMG_2984-768x514.jpg 768w, https:\/\/www.ufmg.br\/mhnjb\/wp-content\/uploads\/2025\/03\/IMG_2984-1536x1028.jpg 1536w, https:\/\/www.ufmg.br\/mhnjb\/wp-content\/uploads\/2025\/03\/IMG_2984-2048x1370.jpg 2048w\" sizes=\"auto, (max-width: 1024px) 100vw, 1024px\" \/><\/figure><div class=\"wp-block-media-text__content\">\n<h4 class=\"wp-block-heading\">Plantas Medicinais<\/h4>\n\n\n\n<p class=\"has-medium-font-size\">A Horta de Plantas Medicinais do MHNJB faz parte do Ceplamt \u2013 Centro Especializado em Plantas Arom\u00e1ticas, Medicinais e T\u00f3xicas. Os estudos desenvolvidos no Ceplamt concentram-se na recupera\u00e7\u00e3o e divulga\u00e7\u00e3o de informa\u00e7\u00f5es hist\u00f3ricas e t\u00e9cnico-cient\u00edficas sobre as plantas \u00fateis e medicinais nativas do Brasil.<\/p>\n\n\n\n<p class=\"has-small-font-size\"><span class=\"wp-rich-text-font-awesome-icon wp-font-awesome-icon\"><svg aria-hidden=\"true\" focusable=\"false\" data-prefix=\"far\" data-icon=\"clock\" class=\"svg-inline--fa fa-clock \" role=\"img\" xmlns=\"http:\/\/www.w3.org\/2000\/svg\" viewBox=\"0 0 512 512\"><path fill=\"currentColor\" d=\"M464 256A208 208 0 1 1 48 256a208 208 0 1 1 416 0zM0 256a256 256 0 1 0 512 0A256 256 0 1 0 0 256zM232 120V256c0 8 4 15.5 10.7 20l96 64c11 7.4 25.9 4.4 33.3-6.7s4.4-25.9-6.7-33.3L280 243.2V120c0-13.3-10.7-24-24-24s-24 10.7-24 24z\"><\/path><\/svg><\/span> Hor\u00e1rio: Quarta a s\u00e1bado \u2013 8h30 \u00e0s 16h30<\/p>\n<\/div><\/div>\n<\/div>\n\n\n\n<p class=\"has-medium-font-size\">Observa\u00e7\u00e3o: Exposi\u00e7\u00e3o de Paleontologia est\u00e1 temporariamente fechada.<\/p>\n\n\n\n<div style=\"height:20px\" aria-hidden=\"true\" class=\"wp-block-spacer\"><\/div>\n","protected":false},"excerpt":{"rendered":"<p>Arqueologia Apresenta a reprodu\u00e7\u00e3o de 4 s\u00edtios arqueol\u00f3gicos de cronologias diversas (a partir de 14.000 anos) e com caracter\u00edsticas culturais diferentes, al\u00e9m de um bloco expositivo central com informa\u00e7\u00f5es sobre alimenta\u00e7\u00e3o e tecnologias de fabrica\u00e7\u00e3o de artefatos. Hor\u00e1rio: Quarta a s\u00e1bado \u2013 8h30 \u00e0s 16h30 As Fascinantes Orqu\u00eddeas As orqu\u00eddeas est\u00e3o entre as plantas mais [&hellip;]<\/p>\n","protected":false},"author":1,"featured_media":0,"parent":2538,"menu_order":0,"comment_status":"closed","ping_status":"closed","template":"","meta":{"footnotes":""},"class_list":["post-1709","page","type-page","status-publish","hentry"],"_links":{"self":[{"href":"https:\/\/www.ufmg.br\/mhnjb\/wp-json\/wp\/v2\/pages\/1709","targetHints":{"allow":["GET"]}}],"collection":[{"href":"https:\/\/www.ufmg.br\/mhnjb\/wp-json\/wp\/v2\/pages"}],"about":[{"href":"https:\/\/www.ufmg.br\/mhnjb\/wp-json\/wp\/v2\/types\/page"}],"author":[{"embeddable":true,"href":"https:\/\/www.ufmg.br\/mhnjb\/wp-json\/wp\/v2\/users\/1"}],"replies":[{"embeddable":true,"href":"https:\/\/www.ufmg.br\/mhnjb\/wp-json\/wp\/v2\/comments?post=1709"}],"version-history":[{"count":55,"href":"https:\/\/www.ufmg.br\/mhnjb\/wp-json\/wp\/v2\/pages\/1709\/revisions"}],"predecessor-version":[{"id":2893,"href":"https:\/\/www.ufmg.br\/mhnjb\/wp-json\/wp\/v2\/pages\/1709\/revisions\/2893"}],"up":[{"embeddable":true,"href":"https:\/\/www.ufmg.br\/mhnjb\/wp-json\/wp\/v2\/pages\/2538"}],"wp:attachment":[{"href":"https:\/\/www.ufmg.br\/mhnjb\/wp-json\/wp\/v2\/media?parent=1709"}],"curies":[{"name":"wp","href":"https:\/\/api.w.org\/{rel}","templated":true}]}}