{"id":2438,"date":"2025-06-24T10:35:53","date_gmt":"2025-06-24T13:35:53","guid":{"rendered":"https:\/\/www.ufmg.br\/mhnjb\/?page_id=2438"},"modified":"2025-07-10T14:23:55","modified_gmt":"2025-07-10T17:23:55","slug":"publicacoes","status":"publish","type":"page","link":"https:\/\/www.ufmg.br\/mhnjb\/ciencia\/publicacoes\/","title":{"rendered":"Publica\u00e7\u00f5es"},"content":{"rendered":"\n<div class=\"wp-block-group alignfull has-custom-cor-5-color has-custom-cor-1-background-color has-text-color has-background has-link-color wp-elements-261e23e53f51fb3ee45e8c2d9e31427c has-global-padding is-layout-constrained wp-block-group-is-layout-constrained\" id=\"page-title\" style=\"padding-top:var(--wp--preset--spacing--50);padding-bottom:var(--wp--preset--spacing--50)\"><h2 class=\"has-text-align-center alignwide wp-block-post-title\">Publica\u00e7\u00f5es<\/h2><\/div>\n\n\n\n<div class=\"wp-block-group alignwide is-layout-flow wp-block-group-is-layout-flow\"><style type=\"text\/css\">\n#foogallery-gallery-2468 .fg-image { width: 200px; }\n#foogallery-gallery-2468 { --fg-gutter: 10px; }<\/style>\n\t\t\t<div class=\"foogallery foogallery-container foogallery-default foogallery-lightbox-none fg-center fg-default fg-ready fg-light fg-border-thin fg-shadow-outline fg-loading-default fg-loaded-scale-up fg-hover-scale fg-caption-always fg-hover-fade fg-hover-eye\" id=\"foogallery-gallery-2468\" data-foogallery=\"{&quot;item&quot;:{&quot;showCaptionTitle&quot;:true,&quot;showCaptionDescription&quot;:true},&quot;lazy&quot;:true}\" >\n\t<div class=\"fg-item fg-type-iframe fg-idle\"><figure class=\"fg-item-inner\"><a href=\"https:\/\/www.ufmg.br\/mhnjb\/projeto-plantar-no-museu\/\" data-caption-title=\"Projeto Plantar no Museu\" data-caption-desc=\"2025\" data-attachment-id=\"2909\" data-type=\"iframe\" class=\"fg-thumb\"><span class=\"fg-image-wrap\"><img fetchpriority=\"high\" decoding=\"async\" alt=\"Projeto Plantar no Museu - 2025\" title=\"Projeto Plantar no Museu\" width=\"200\" height=\"250\" class=\"skip-lazy fg-image\" data-src-fg=\"https:\/\/www.ufmg.br\/mhnjb\/wp-content\/uploads\/cache\/2025\/06\/LivroProjetoPlantarNoMuseu\/1189264105.png\" src=\"data:image\/svg+xml,%3Csvg%20xmlns%3D%22http%3A%2F%2Fwww.w3.org%2F2000%2Fsvg%22%20width%3D%22200%22%20height%3D%22250%22%20viewBox%3D%220%200%20200%20250%22%3E%3C%2Fsvg%3E\" loading=\"eager\"><\/span><span class=\"fg-image-overlay\"><\/span><\/a><figcaption class=\"fg-caption\"><div class=\"fg-caption-inner\"><div class=\"fg-caption-title\">Projeto Plantar no Museu<\/div><div class=\"fg-caption-desc\">2025<\/div><\/div><\/figcaption><\/figure><div class=\"fg-loader\"><\/div><\/div><div class=\"fg-item fg-type-iframe fg-idle\"><figure class=\"fg-item-inner\"><a href=\"https:\/\/www.ufmg.br\/mhnjb\/vida-no-museu\/\" data-caption-title=\"Vida no Museu\" data-caption-desc=\"2025\" data-attachment-id=\"2903\" data-type=\"iframe\" class=\"fg-thumb\"><span class=\"fg-image-wrap\"><img decoding=\"async\" alt=\"Vida no Museu - 2025\" title=\"Vida no Museu\" width=\"200\" height=\"250\" class=\"skip-lazy fg-image\" data-src-fg=\"https:\/\/www.ufmg.br\/mhnjb\/wp-content\/uploads\/cache\/2025\/06\/LivroVidaNoMuseu\/1995713686.png\" src=\"data:image\/svg+xml,%3Csvg%20xmlns%3D%22http%3A%2F%2Fwww.w3.org%2F2000%2Fsvg%22%20width%3D%22200%22%20height%3D%22250%22%20viewBox%3D%220%200%20200%20250%22%3E%3C%2Fsvg%3E\" loading=\"eager\"><\/span><span class=\"fg-image-overlay\"><\/span><\/a><figcaption class=\"fg-caption\"><div class=\"fg-caption-inner\"><div class=\"fg-caption-title\">Vida no Museu<\/div><div class=\"fg-caption-desc\">2025<\/div><\/div><\/figcaption><\/figure><div class=\"fg-loader\"><\/div><\/div><div class=\"fg-item fg-type-iframe fg-idle\"><figure class=\"fg-item-inner\"><a href=\"https:\/\/www.ufmg.br\/mhnjb\/caderno-da-paisagem\/\" data-caption-title=\"Caderno da Paisagem\" data-caption-desc=\"2025\" data-attachment-id=\"2789\" data-type=\"iframe\" class=\"fg-thumb\"><span class=\"fg-image-wrap\"><img decoding=\"async\" alt=\"Caderno da Paisagem - 2025\" title=\"Caderno da Paisagem\" width=\"200\" height=\"250\" class=\"skip-lazy fg-image\" data-src-fg=\"https:\/\/www.ufmg.br\/mhnjb\/wp-content\/uploads\/cache\/2025\/06\/CadernoDaPaisagemMHNJB-1_page-0001\/652379649.jpg\" src=\"data:image\/svg+xml,%3Csvg%20xmlns%3D%22http%3A%2F%2Fwww.w3.org%2F2000%2Fsvg%22%20width%3D%22200%22%20height%3D%22250%22%20viewBox%3D%220%200%20200%20250%22%3E%3C%2Fsvg%3E\" loading=\"eager\"><\/span><span class=\"fg-image-overlay\"><\/span><\/a><figcaption class=\"fg-caption\"><div class=\"fg-caption-inner\"><div class=\"fg-caption-title\">Caderno da Paisagem<\/div><div class=\"fg-caption-desc\">2025<\/div><\/div><\/figcaption><\/figure><div class=\"fg-loader\"><\/div><\/div><div class=\"fg-item fg-type-iframe fg-idle\"><figure class=\"fg-item-inner\"><a href=\"https:\/\/www.ufmg.br\/mhnjb\/guia-doa-educadora-mhnjb\/\" data-caption-title=\"Guia do(a) Educador(a) MHNJB\" data-caption-desc=\"2025\" data-attachment-id=\"2470\" data-type=\"iframe\" class=\"fg-thumb\"><span class=\"fg-image-wrap\"><img decoding=\"async\" alt=\"Guia do(a) Educador(a) MHNJB - 2025\" title=\"Guia do(a) Educador(a) MHNJB\" width=\"200\" height=\"250\" class=\"skip-lazy fg-image\" data-src-fg=\"https:\/\/www.ufmg.br\/mhnjb\/wp-content\/uploads\/cache\/2025\/06\/CapaGuiaEducadorMHNJB2025\/3006103758.png\" src=\"data:image\/svg+xml,%3Csvg%20xmlns%3D%22http%3A%2F%2Fwww.w3.org%2F2000%2Fsvg%22%20width%3D%22200%22%20height%3D%22250%22%20viewBox%3D%220%200%20200%20250%22%3E%3C%2Fsvg%3E\" loading=\"eager\"><\/span><span class=\"fg-image-overlay\"><\/span><\/a><figcaption class=\"fg-caption\"><div class=\"fg-caption-inner\"><div class=\"fg-caption-title\">Guia do(a) Educador(a) MHNJB<\/div><div class=\"fg-caption-desc\">2025<\/div><\/div><\/figcaption><\/figure><div class=\"fg-loader\"><\/div><\/div><div class=\"fg-item fg-type-iframe fg-idle\"><figure class=\"fg-item-inner\"><a href=\"https:\/\/www.ufmg.br\/mhnjb\/50-animais-do-museu\/\" data-caption-title=\"50 Animais do Museu\" data-caption-desc=\"2019\" data-attachment-id=\"2469\" data-type=\"iframe\" class=\"fg-thumb\"><span class=\"fg-image-wrap\"><img decoding=\"async\" alt=\"50 Animais do Museu - 2019\" title=\"50 Animais do Museu\" width=\"200\" height=\"250\" class=\"skip-lazy fg-image\" data-src-fg=\"https:\/\/www.ufmg.br\/mhnjb\/wp-content\/uploads\/cache\/2025\/06\/Capa50Animais\/297118420.png\" src=\"data:image\/svg+xml,%3Csvg%20xmlns%3D%22http%3A%2F%2Fwww.w3.org%2F2000%2Fsvg%22%20width%3D%22200%22%20height%3D%22250%22%20viewBox%3D%220%200%20200%20250%22%3E%3C%2Fsvg%3E\" loading=\"eager\"><\/span><span class=\"fg-image-overlay\"><\/span><\/a><figcaption class=\"fg-caption\"><div class=\"fg-caption-inner\"><div class=\"fg-caption-title\">50 Animais do Museu<\/div><div class=\"fg-caption-desc\">2019<\/div><\/div><\/figcaption><\/figure><div class=\"fg-loader\"><\/div><\/div><div class=\"fg-item fg-type-iframe fg-idle\"><figure class=\"fg-item-inner\"><a href=\"https:\/\/www.ufmg.br\/mhnjb\/50-arvores-do-museu\/\" data-caption-title=\"50 \u00c1rvores do Museu\" data-caption-desc=\"2019\" data-attachment-id=\"2471\" data-type=\"iframe\" class=\"fg-thumb\"><span class=\"fg-image-wrap\"><img decoding=\"async\" alt=\"50 \u00c1rvores do Museu - 2019\" title=\"50 \u00c1rvores do Museu\" width=\"200\" height=\"250\" class=\"skip-lazy fg-image\" data-src-fg=\"https:\/\/www.ufmg.br\/mhnjb\/wp-content\/uploads\/cache\/2025\/06\/capalivro50arvores\/3080390600.png\" src=\"data:image\/svg+xml,%3Csvg%20xmlns%3D%22http%3A%2F%2Fwww.w3.org%2F2000%2Fsvg%22%20width%3D%22200%22%20height%3D%22250%22%20viewBox%3D%220%200%20200%20250%22%3E%3C%2Fsvg%3E\" loading=\"eager\"><\/span><span class=\"fg-image-overlay\"><\/span><\/a><figcaption class=\"fg-caption\"><div class=\"fg-caption-inner\"><div class=\"fg-caption-title\">50 \u00c1rvores do Museu<\/div><div class=\"fg-caption-desc\">2019<\/div><\/div><\/figcaption><\/figure><div class=\"fg-loader\"><\/div><\/div><div class=\"fg-item fg-type-iframe fg-idle\"><figure class=\"fg-item-inner\"><a href=\"https:\/\/www.ufmg.br\/mhnjb\/arquivos-do-museu-periodico\/\" data-caption-title=\"Arquivos do Museu de Hist\u00f3ria Natural e Jardim Bot\u00e2nico da UFMG\" data-caption-desc=\"Peri\u00f3dico\" data-attachment-id=\"2472\" data-type=\"iframe\" class=\"fg-thumb\"><span class=\"fg-image-wrap\"><img decoding=\"async\" alt=\"Arquivos do Museu de Hist\u00f3ria Natural e Jardim Bot\u00e2nico da UFMG - Peri\u00f3dico\" title=\"Arquivos do Museu de Hist\u00f3ria Natural e Jardim Bot\u00e2nico da UFMG\" width=\"200\" height=\"250\" class=\"skip-lazy fg-image\" data-src-fg=\"https:\/\/www.ufmg.br\/mhnjb\/wp-content\/uploads\/cache\/2025\/06\/cover_issue_860_pt_BR-scaled-1\/3893704735.jpg\" src=\"data:image\/svg+xml,%3Csvg%20xmlns%3D%22http%3A%2F%2Fwww.w3.org%2F2000%2Fsvg%22%20width%3D%22200%22%20height%3D%22250%22%20viewBox%3D%220%200%20200%20250%22%3E%3C%2Fsvg%3E\" loading=\"eager\"><\/span><span class=\"fg-image-overlay\"><\/span><\/a><figcaption class=\"fg-caption\"><div class=\"fg-caption-inner\"><div class=\"fg-caption-title\">Arquivos do Museu de Hist\u00f3ria Natural e Jardim Bot\u00e2nico da UFMG<\/div><div class=\"fg-caption-desc\">Peri\u00f3dico<\/div><\/div><\/figcaption><\/figure><div class=\"fg-loader\"><\/div><\/div><div class=\"fg-item fg-type-iframe fg-idle\"><figure class=\"fg-item-inner\"><a href=\"https:\/\/www.ufmg.br\/mhnjb\/tecnologia-da-pedra-lascada\/\" data-caption-title=\"Tecnologia da Pedra Lascada\" data-caption-desc=\"2017\" data-attachment-id=\"2474\" data-type=\"iframe\" class=\"fg-thumb\"><span class=\"fg-image-wrap\"><img decoding=\"async\" alt=\"Tecnologia da Pedra Lascada - 2017\" title=\"Tecnologia da Pedra Lascada\" width=\"200\" height=\"250\" class=\"skip-lazy fg-image\" data-src-fg=\"https:\/\/www.ufmg.br\/mhnjb\/wp-content\/uploads\/cache\/2025\/06\/tecnologiapedralascada-capa-e1598206672308\/1217880881.png\" src=\"data:image\/svg+xml,%3Csvg%20xmlns%3D%22http%3A%2F%2Fwww.w3.org%2F2000%2Fsvg%22%20width%3D%22200%22%20height%3D%22250%22%20viewBox%3D%220%200%20200%20250%22%3E%3C%2Fsvg%3E\" loading=\"eager\"><\/span><span class=\"fg-image-overlay\"><\/span><\/a><figcaption class=\"fg-caption\"><div class=\"fg-caption-inner\"><div class=\"fg-caption-title\">Tecnologia da Pedra Lascada<\/div><div class=\"fg-caption-desc\">2017<\/div><\/div><\/figcaption><\/figure><div class=\"fg-loader\"><\/div><\/div><div class=\"fg-item fg-type-iframe fg-idle\"><figure class=\"fg-item-inner\"><a href=\"https:\/\/www.ufmg.br\/mhnjb\/tecnologia-litica-na-arqueologia-brasileira\/\" data-caption-title=\"Tecnologia l\u00edtica na arqueologia brasileira:colet\u00e2nea de (re)publica\u00e7\u00f5es\" data-caption-desc=\"2017\" data-attachment-id=\"2473\" data-type=\"iframe\" class=\"fg-thumb\"><span class=\"fg-image-wrap\"><img decoding=\"async\" alt=\"Tecnologia l\u00edtica na arqueologia brasileira:colet\u00e2nea de (re)publica\u00e7\u00f5es - 2017\" title=\"Tecnologia l\u00edtica na arqueologia brasileira:colet\u00e2nea de (re)publica\u00e7\u00f5es\" width=\"200\" height=\"250\" class=\"skip-lazy fg-image\" data-src-fg=\"https:\/\/www.ufmg.br\/mhnjb\/wp-content\/uploads\/cache\/2025\/06\/Tecnologialitica-e1598206631704-scaled\/1214202462.jpg\" src=\"data:image\/svg+xml,%3Csvg%20xmlns%3D%22http%3A%2F%2Fwww.w3.org%2F2000%2Fsvg%22%20width%3D%22200%22%20height%3D%22250%22%20viewBox%3D%220%200%20200%20250%22%3E%3C%2Fsvg%3E\" loading=\"eager\"><\/span><span class=\"fg-image-overlay\"><\/span><\/a><figcaption class=\"fg-caption\"><div class=\"fg-caption-inner\"><div class=\"fg-caption-title\">Tecnologia l\u00edtica na arqueologia brasileira:colet\u00e2nea de (re)publica\u00e7\u00f5es<\/div><div class=\"fg-caption-desc\">2017<\/div><\/div><\/figcaption><\/figure><div class=\"fg-loader\"><\/div><\/div><\/div>\n<\/div>\n\n\n\n<div style=\"height:50px\" aria-hidden=\"true\" class=\"wp-block-spacer\"><\/div>\n","protected":false},"excerpt":{"rendered":"","protected":false},"author":1,"featured_media":0,"parent":2542,"menu_order":0,"comment_status":"closed","ping_status":"closed","template":"","meta":{"footnotes":""},"class_list":["post-2438","page","type-page","status-publish","hentry"],"_links":{"self":[{"href":"https:\/\/www.ufmg.br\/mhnjb\/wp-json\/wp\/v2\/pages\/2438","targetHints":{"allow":["GET"]}}],"collection":[{"href":"https:\/\/www.ufmg.br\/mhnjb\/wp-json\/wp\/v2\/pages"}],"about":[{"href":"https:\/\/www.ufmg.br\/mhnjb\/wp-json\/wp\/v2\/types\/page"}],"author":[{"embeddable":true,"href":"https:\/\/www.ufmg.br\/mhnjb\/wp-json\/wp\/v2\/users\/1"}],"replies":[{"embeddable":true,"href":"https:\/\/www.ufmg.br\/mhnjb\/wp-json\/wp\/v2\/comments?post=2438"}],"version-history":[{"count":5,"href":"https:\/\/www.ufmg.br\/mhnjb\/wp-json\/wp\/v2\/pages\/2438\/revisions"}],"predecessor-version":[{"id":2517,"href":"https:\/\/www.ufmg.br\/mhnjb\/wp-json\/wp\/v2\/pages\/2438\/revisions\/2517"}],"up":[{"embeddable":true,"href":"https:\/\/www.ufmg.br\/mhnjb\/wp-json\/wp\/v2\/pages\/2542"}],"wp:attachment":[{"href":"https:\/\/www.ufmg.br\/mhnjb\/wp-json\/wp\/v2\/media?parent=2438"}],"curies":[{"name":"wp","href":"https:\/\/api.w.org\/{rel}","templated":true}]}}