{"id":763,"date":"2025-09-10T23:42:31","date_gmt":"2025-09-10T23:42:31","guid":{"rendered":"https:\/\/www.ufmg.br\/montesclaros\/saude\/?page_id=763"},"modified":"2025-09-10T23:42:32","modified_gmt":"2025-09-10T23:42:32","slug":"brigada-de-incendio","status":"publish","type":"page","link":"https:\/\/www.ufmg.br\/montesclaros\/saude\/brigada-de-incendio\/","title":{"rendered":"Brigada de Inc\u00eandio"},"content":{"rendered":"\n<h2 class=\"wp-block-heading\">Brigada de Inc\u00eandio<\/h2>\n\n\n\n<h3 class=\"wp-block-heading\">\ud83d\udd25 O que \u00e9 Brigada de Inc\u00eandio?<\/h3>\n\n\n\n<p>A <strong>brigada de inc\u00eandio<\/strong> \u00e9 uma medida de seguran\u00e7a prevista no <strong>Decreto Estadual n\u00ba 47.998\/2020<\/strong>, que consiste em um <strong>grupo organizado de pessoas treinadas e capacitadas<\/strong> para atuar nas seguintes situa\u00e7\u00f5es:<\/p>\n\n\n\n<p>\ud83e\uddef <strong>Preven\u00e7\u00e3o de inc\u00eandios<\/strong><br>\ud83c\udfc3\u200d\u2642\ufe0f <strong>Abandono seguro da edifica\u00e7\u00e3o<\/strong><br>\ud83d\udd25 <strong>Combate a princ\u00edpios de inc\u00eandio<\/strong><br>\u26d1\ufe0f <strong>Presta\u00e7\u00e3o de primeiros socorros<\/strong><\/p>\n\n\n\n<p>Esse grupo atua dentro de uma \u00e1rea preestabelecida e pode ser classificado em dois tipos:<\/p>\n\n\n\n<hr class=\"wp-block-separator has-alpha-channel-opacity\"\/>\n\n\n\n<h3 class=\"wp-block-heading\">\ud83d\udc65 Tipos de Brigada<\/h3>\n\n\n\n<h4 class=\"wp-block-heading\">\ud83e\uddd1\u200d\ud83c\udfed <strong>Brigada Org\u00e2nica<\/strong><\/h4>\n\n\n\n<p>Grupo composto por <strong>brigadistas que fazem parte da popula\u00e7\u00e3o fixa<\/strong> da edifica\u00e7\u00e3o ou espa\u00e7o de uso coletivo.<br>Embora n\u00e3o sejam contratados especificamente para essa fun\u00e7\u00e3o, esses colaboradores atuam de forma extraordin\u00e1ria na:<\/p>\n\n\n\n<ul class=\"wp-block-list\">\n<li>Preven\u00e7\u00e3o e combate a princ\u00edpios de inc\u00eandio<\/li>\n\n\n\n<li>Evacua\u00e7\u00e3o do local<\/li>\n\n\n\n<li>Presta\u00e7\u00e3o de primeiros socorros<\/li>\n<\/ul>\n\n\n\n<h4 class=\"wp-block-heading\">\ud83d\udc68\u200d\ud83d\ude92 <strong>Brigada Profissional<\/strong><\/h4>\n\n\n\n<p>Formada por <strong>profissionais contratados<\/strong> para atuar, exclusiva ou parcialmente, em a\u00e7\u00f5es de preven\u00e7\u00e3o e combate a inc\u00eandio.<br>Essa brigada atua em <strong>propriedades permanentes<\/strong> ou em <strong>eventos tempor\u00e1rios<\/strong>, <strong>excetuando-se<\/strong> brigadas de aer\u00f3dromos, florestais, org\u00e2nicas e municipais.<\/p>\n\n\n\n<hr class=\"wp-block-separator has-alpha-channel-opacity\"\/>\n\n\n\n<h3 class=\"wp-block-heading\">\ud83d\udea8 Import\u00e2ncia da Implementa\u00e7\u00e3o da Brigada de Inc\u00eandio<\/h3>\n\n\n\n<p>A presen\u00e7a de uma brigada de inc\u00eandio nas empresas, institui\u00e7\u00f5es p\u00fablicas e privadas \u00e9 de <strong>extrema import\u00e2ncia<\/strong>, pois:<\/p>\n\n\n\n<p>\u2764\ufe0f <strong>Protege vidas<\/strong><br>\ud83c\udfe2 <strong>Preserva o patrim\u00f4nio<\/strong><br>\u267b\ufe0f <strong>Garante a continuidade das opera\u00e7\u00f5es<\/strong><br>\u2705 <strong>Reflete o compromisso com a seguran\u00e7a e o bem-estar<\/strong><\/p>\n\n\n\n<p>A brigada atua de forma <strong>proativa na preven\u00e7\u00e3o<\/strong> e, em caso de emerg\u00eancia, responde <strong>rapidamente<\/strong> com a\u00e7\u00f5es eficazes para controlar as chamas e permitir uma <strong>evacua\u00e7\u00e3o segura<\/strong> das instala\u00e7\u00f5es.<\/p>\n\n\n\n<hr class=\"wp-block-separator has-alpha-channel-opacity\"\/>\n\n\n\n<h3 class=\"wp-block-heading\">\ud83d\udcd8\ud83c\udfafEduca\u00e7\u00e3o e Treinamento<\/h3>\n\n\n\n<p>A brigada tamb\u00e9m \u00e9 essencial para:<\/p>\n\n\n\n<p>\ud83c\udf93 <strong>Realizar treinamentos regulares<\/strong><br>\ud83d\udce3 <strong>Divulgar procedimentos de evacua\u00e7\u00e3o e primeiros socorros<\/strong><br>\ud83e\uddd8\u200d\u2642\ufe0f <strong>Reduzir o p\u00e2nico e minimizar danos<\/strong><\/p>\n\n\n\n<p>Esse preparo constante <strong>capacita todos os envolvidos<\/strong> a reagirem de maneira segura e eficiente diante de situa\u00e7\u00f5es de emerg\u00eancia.<\/p>\n\n\n\n<hr class=\"wp-block-separator has-alpha-channel-opacity\"\/>\n\n\n\n<h3 class=\"wp-block-heading\">\u2696\ufe0f Conformidade Legal<\/h3>\n\n\n\n<p>A implementa\u00e7\u00e3o da brigada de inc\u00eandio <strong>atende \u00e0 legisla\u00e7\u00e3o vigente<\/strong>, sendo exigida por diversas normas e regulamentos. O descumprimento dessas exig\u00eancias pode resultar em:<\/p>\n\n\n\n<p>\ud83d\udcb8 <strong>Multas e san\u00e7\u00f5es legais<\/strong><br>\ud83d\udeab <strong>Interdi\u00e7\u00e3o do estabelecimento<\/strong><br>\ud83d\udcc9 <strong>Preju\u00edzos financeiros e \u00e0 reputa\u00e7\u00e3o institucional<\/strong><\/p>\n\n\n\n<hr class=\"wp-block-separator has-alpha-channel-opacity\"\/>\n\n\n\n<h3 class=\"wp-block-heading\">\ud83d\udcda Base Legal<\/h3>\n\n\n\n<ul class=\"wp-block-list\">\n<li>Consolida\u00e7\u00e3o das Leis do Trabalho (CLT) \u2013 Lei n\u00ba 6.514\/1977<\/li>\n\n\n\n<li>Portaria MTb n\u00ba 3.214, de 8 de junho de 1978<\/li>\n\n\n\n<li><strong>Norma Regulamentadora 23 (NR-23)<\/strong><\/li>\n\n\n\n<li>Instru\u00e7\u00e3o T\u00e9cnica n\u00ba 12 \u2013 Corpo de Bombeiros de MG<\/li>\n\n\n\n<li><strong>Lei Estadual n\u00ba 14.130\/2001<\/strong> \u2013 Preven\u00e7\u00e3o contra inc\u00eandio e p\u00e2nico<\/li>\n\n\n\n<li><strong>Decreto Estadual n\u00ba 47.998\/2020<\/strong> \u2013 Regulamenta a Lei n\u00ba 14.130\/2001<\/li>\n\n\n\n<li><strong>Lei Federal n\u00ba 13.425\/2017<\/strong> \u2013 Regras sobre seguran\u00e7a em locais de reuni\u00e3o de p\u00fablico<\/li>\n<\/ul>\n","protected":false},"excerpt":{"rendered":"<p>Brigada de Inc\u00eandio \ud83d\udd25 O que \u00e9 Brigada de Inc\u00eandio? A brigada de inc\u00eandio \u00e9 uma medida de seguran\u00e7a prevista no Decreto Estadual n\u00ba 47.998\/2020, que consiste em um grupo organizado de pessoas treinadas e capacitadas para atuar nas seguintes situa\u00e7\u00f5es: \ud83e\uddef Preven\u00e7\u00e3o de inc\u00eandios\ud83c\udfc3\u200d\u2642\ufe0f Abandono seguro da edifica\u00e7\u00e3o\ud83d\udd25 Combate a princ\u00edpios de inc\u00eandio\u26d1\ufe0f Presta\u00e7\u00e3o de primeiros socorros Esse grupo atua dentro de uma \u00e1rea preestabelecida e pode ser classificado em dois tipos: \ud83d\udc65 Tipos de Brigada \ud83e\uddd1\u200d\ud83c\udfed Brigada Org\u00e2nica Grupo composto por brigadistas que fazem parte da popula\u00e7\u00e3o fixa da edifica\u00e7\u00e3o ou espa\u00e7o de uso coletivo.Embora n\u00e3o sejam contratados especificamente para essa fun\u00e7\u00e3o, esses colaboradores atuam de forma extraordin\u00e1ria na: \ud83d\udc68\u200d\ud83d\ude92 Brigada Profissional Formada por profissionais contratados para atuar, exclusiva ou parcialmente, em a\u00e7\u00f5es de preven\u00e7\u00e3o e combate a inc\u00eandio.Essa brigada atua em propriedades permanentes ou em eventos tempor\u00e1rios, excetuando-se brigadas de aer\u00f3dromos, florestais, org\u00e2nicas e municipais. \ud83d\udea8 Import\u00e2ncia da Implementa\u00e7\u00e3o da Brigada de Inc\u00eandio A presen\u00e7a de uma brigada de inc\u00eandio nas empresas, institui\u00e7\u00f5es p\u00fablicas e privadas \u00e9 de extrema import\u00e2ncia, pois: \u2764\ufe0f Protege vidas\ud83c\udfe2 Preserva o patrim\u00f4nio\u267b\ufe0f Garante a continuidade das opera\u00e7\u00f5es\u2705 Reflete o compromisso com a seguran\u00e7a e o bem-estar A brigada atua de forma proativa na preven\u00e7\u00e3o e, em caso de emerg\u00eancia, responde rapidamente com a\u00e7\u00f5es eficazes para controlar as chamas e permitir uma evacua\u00e7\u00e3o segura das instala\u00e7\u00f5es. \ud83d\udcd8\ud83c\udfafEduca\u00e7\u00e3o e Treinamento A brigada tamb\u00e9m \u00e9 essencial para: \ud83c\udf93 Realizar treinamentos regulares\ud83d\udce3 Divulgar procedimentos de evacua\u00e7\u00e3o e primeiros socorros\ud83e\uddd8\u200d\u2642\ufe0f Reduzir o p\u00e2nico e minimizar danos Esse preparo constante capacita todos os envolvidos a reagirem de maneira segura e eficiente diante de situa\u00e7\u00f5es de emerg\u00eancia. \u2696\ufe0f Conformidade Legal A implementa\u00e7\u00e3o da brigada de inc\u00eandio atende \u00e0 legisla\u00e7\u00e3o vigente, sendo exigida por diversas normas e regulamentos. O descumprimento dessas exig\u00eancias pode resultar em: \ud83d\udcb8 Multas e san\u00e7\u00f5es legais\ud83d\udeab Interdi\u00e7\u00e3o do estabelecimento\ud83d\udcc9 Preju\u00edzos financeiros e \u00e0 reputa\u00e7\u00e3o institucional \ud83d\udcda Base Legal<\/p>\n","protected":false},"author":2,"featured_media":0,"parent":0,"menu_order":0,"comment_status":"closed","ping_status":"closed","template":"","meta":{"_acf_changed":false,"footnotes":""},"class_list":["post-763","page","type-page","status-publish"],"acf":[],"_links":{"self":[{"href":"https:\/\/www.ufmg.br\/montesclaros\/saude\/wp-json\/wp\/v2\/pages\/763","targetHints":{"allow":["GET"]}}],"collection":[{"href":"https:\/\/www.ufmg.br\/montesclaros\/saude\/wp-json\/wp\/v2\/pages"}],"about":[{"href":"https:\/\/www.ufmg.br\/montesclaros\/saude\/wp-json\/wp\/v2\/types\/page"}],"author":[{"embeddable":true,"href":"https:\/\/www.ufmg.br\/montesclaros\/saude\/wp-json\/wp\/v2\/users\/2"}],"replies":[{"embeddable":true,"href":"https:\/\/www.ufmg.br\/montesclaros\/saude\/wp-json\/wp\/v2\/comments?post=763"}],"version-history":[{"count":1,"href":"https:\/\/www.ufmg.br\/montesclaros\/saude\/wp-json\/wp\/v2\/pages\/763\/revisions"}],"predecessor-version":[{"id":764,"href":"https:\/\/www.ufmg.br\/montesclaros\/saude\/wp-json\/wp\/v2\/pages\/763\/revisions\/764"}],"wp:attachment":[{"href":"https:\/\/www.ufmg.br\/montesclaros\/saude\/wp-json\/wp\/v2\/media?parent=763"}],"curies":[{"name":"wp","href":"https:\/\/api.w.org\/{rel}","templated":true}]}}