{"id":864,"date":"2025-09-17T14:30:17","date_gmt":"2025-09-17T14:30:17","guid":{"rendered":"https:\/\/www.ufmg.br\/montesclaros\/saude\/?page_id=864"},"modified":"2025-09-17T15:37:37","modified_gmt":"2025-09-17T15:37:37","slug":"o-que-sao","status":"publish","type":"page","link":"https:\/\/www.ufmg.br\/montesclaros\/saude\/o-que-sao\/","title":{"rendered":"Exame M\u00e9dico Peri\u00f3dico"},"content":{"rendered":"\n<p class=\"has-large-font-size\">\ud83e\ude7a Programa de Acompanhamento de Sa\u00fade do Servidor \u2013 UFMG\/Montes Claros <\/p>\n\n\n\n<h2 class=\"wp-block-heading\">\ud83c\udf31 O que \u00e9?<\/h2>\n\n\n\n<p>O <strong>Programa de Acompanhamento de Sa\u00fade do Servidor da UFMG<\/strong> \u00e9 uma iniciativa da <strong>Coordenadoria de Recursos Humanos do Instituto de Ci\u00eancias Agr\u00e1rias (ICA)<\/strong> que busca <strong>proteger e preservar a sa\u00fade dos servidores<\/strong> frente aos riscos ocupacionais identificados no mapeamento de riscos ambientais da institui\u00e7\u00e3o.<\/p>\n\n\n\n<p>\ud83d\udc49 Inicialmente, ser\u00e1 desenvolvido um <strong>projeto piloto<\/strong> voltado para docentes e t\u00e9cnicos administrativos em educa\u00e7\u00e3o do ICA, com <strong>a\u00e7\u00f5es de vigil\u00e2ncia ativa<\/strong> e realiza\u00e7\u00e3o de <strong>exames m\u00e9dicos peri\u00f3dicos<\/strong>.<\/p>\n\n\n\n<hr class=\"wp-block-separator has-alpha-channel-opacity\"\/>\n\n\n\n<h2 class=\"wp-block-heading\">\ud83e\uddea O que ser\u00e1 feito?<\/h2>\n\n\n\n<ul class=\"wp-block-list\">\n<li>\u2705 Exames cl\u00ednicos peri\u00f3dicos realizados pela <strong>Se\u00e7\u00e3o de Sa\u00fade do Trabalhador do ICA<\/strong>;<\/li>\n\n\n\n<li>\u2705 Possibilidade de aproveitamento de exames recentes (at\u00e9 180 dias);<\/li>\n\n\n\n<li>\u2705 Detec\u00e7\u00e3o precoce de doen\u00e7as relacionadas (ou n\u00e3o) ao trabalho;<\/li>\n\n\n\n<li>\u2705 Promo\u00e7\u00e3o da sa\u00fade e melhoria da qualidade de vida no trabalho.<\/li>\n<\/ul>\n\n\n\n<p>\ud83d\udd0d O exame m\u00e9dico peri\u00f3dico inclui <strong>avalia\u00e7\u00e3o cl\u00ednica e exames complementares<\/strong> (laboratoriais e\/ou de imagem), conforme o grau de exposi\u00e7\u00e3o do servidor a riscos f\u00edsicos, qu\u00edmicos e biol\u00f3gicos.<\/p>\n\n\n\n<hr class=\"wp-block-separator has-alpha-channel-opacity\"\/>\n\n\n\n<h2 class=\"wp-block-heading\">\ud83d\udca1 Por que \u00e9 importante?<\/h2>\n\n\n\n<p>A realiza\u00e7\u00e3o dos exames possibilita:<\/p>\n\n\n\n<ul class=\"wp-block-list\">\n<li>\ud83d\udd0e <strong>Rastrear e detectar precocemente<\/strong> agravos \u00e0 sa\u00fade;<\/li>\n\n\n\n<li>\ud83d\udee1\ufe0f Identificar <strong>exposi\u00e7\u00e3o a agentes nocivos<\/strong>;<\/li>\n\n\n\n<li>\ud83d\udc69\u200d\u2695\ufe0f Definir <strong>aptid\u00e3o para fun\u00e7\u00f5es<\/strong>;<\/li>\n\n\n\n<li>\ud83d\udcca Apoiar <strong>an\u00e1lises epidemiol\u00f3gicas<\/strong> e medidas preventivas;<\/li>\n\n\n\n<li>\ud83d\ude91 Subsidiar encaminhamentos para a <strong>Per\u00edcia Oficial em Sa\u00fade<\/strong>;<\/li>\n\n\n\n<li>\ud83d\udc89 Controlar a <strong>imuniza\u00e7\u00e3o relacionada a riscos ocupacionais<\/strong>;<\/li>\n\n\n\n<li>\ud83c\udf3f Promover <strong>sa\u00fade, bem-estar e qualidade de vida no trabalho<\/strong>.<\/li>\n<\/ul>\n\n\n\n<hr class=\"wp-block-separator has-alpha-channel-opacity\"\/>\n\n\n\n<h2 class=\"wp-block-heading\">\ud83d\udc65 P\u00fablico-alvo<\/h2>\n\n\n\n<ul class=\"wp-block-list\">\n<li>Servidores efetivos do <strong>ICA\/UFMG<\/strong> \u2013 docentes e t\u00e9cnicos administrativos.<\/li>\n\n\n\n<li>A participa\u00e7\u00e3o \u00e9 <strong>facultativa<\/strong>, mas quem optar por n\u00e3o participar dever\u00e1 assinar termo de recusa.<\/li>\n<\/ul>\n\n\n\n<p>\ud83d\udcc5 Os exames ser\u00e3o <strong>agendados pela equipe da Se\u00e7\u00e3o de Sa\u00fade do Trabalhador<\/strong>.<br>\ud83d\udce8 Os servidores ser\u00e3o <strong>convocados via SEI<\/strong> para marcar a avalia\u00e7\u00e3o m\u00e9dica peri\u00f3dica.<\/p>\n\n\n\n<hr class=\"wp-block-separator has-alpha-channel-opacity\"\/>\n\n\n\n<p class=\"has-medium-font-size\">\u2728 Esse programa \u00e9 um passo fundamental para fortalecer o <strong>cuidado com a sa\u00fade dos servidores<\/strong>, garantindo <strong>preven\u00e7\u00e3o, bem-estar e um ambiente de trabalho mais seguro<\/strong>.<\/p>\n\n\n\n<p><\/p>\n","protected":false},"excerpt":{"rendered":"<p>\ud83e\ude7a Programa de Acompanhamento de Sa\u00fade do Servidor \u2013 UFMG\/Montes Claros \ud83c\udf31 O que \u00e9? O Programa de Acompanhamento de Sa\u00fade do Servidor da UFMG \u00e9 uma iniciativa da Coordenadoria de Recursos Humanos do Instituto de Ci\u00eancias Agr\u00e1rias (ICA) que busca proteger e preservar a sa\u00fade dos servidores frente aos riscos ocupacionais identificados no mapeamento de riscos ambientais da institui\u00e7\u00e3o. \ud83d\udc49 Inicialmente, ser\u00e1 desenvolvido um projeto piloto voltado para docentes e t\u00e9cnicos administrativos em educa\u00e7\u00e3o do ICA, com a\u00e7\u00f5es de vigil\u00e2ncia ativa e realiza\u00e7\u00e3o de exames m\u00e9dicos peri\u00f3dicos. \ud83e\uddea O que ser\u00e1 feito? \ud83d\udd0d O exame m\u00e9dico peri\u00f3dico inclui avalia\u00e7\u00e3o cl\u00ednica e exames complementares (laboratoriais e\/ou de imagem), conforme o grau de exposi\u00e7\u00e3o do servidor a riscos f\u00edsicos, qu\u00edmicos e biol\u00f3gicos. \ud83d\udca1 Por que \u00e9 importante? A realiza\u00e7\u00e3o dos exames possibilita: \ud83d\udc65 P\u00fablico-alvo \ud83d\udcc5 Os exames ser\u00e3o agendados pela equipe da Se\u00e7\u00e3o de Sa\u00fade do Trabalhador.\ud83d\udce8 Os servidores ser\u00e3o convocados via SEI para marcar a avalia\u00e7\u00e3o m\u00e9dica peri\u00f3dica. \u2728 Esse programa \u00e9 um passo fundamental para fortalecer o cuidado com a sa\u00fade dos servidores, garantindo preven\u00e7\u00e3o, bem-estar e um ambiente de trabalho mais seguro.<\/p>\n","protected":false},"author":2,"featured_media":0,"parent":0,"menu_order":0,"comment_status":"closed","ping_status":"closed","template":"","meta":{"_acf_changed":false,"footnotes":""},"class_list":["post-864","page","type-page","status-publish"],"acf":[],"_links":{"self":[{"href":"https:\/\/www.ufmg.br\/montesclaros\/saude\/wp-json\/wp\/v2\/pages\/864","targetHints":{"allow":["GET"]}}],"collection":[{"href":"https:\/\/www.ufmg.br\/montesclaros\/saude\/wp-json\/wp\/v2\/pages"}],"about":[{"href":"https:\/\/www.ufmg.br\/montesclaros\/saude\/wp-json\/wp\/v2\/types\/page"}],"author":[{"embeddable":true,"href":"https:\/\/www.ufmg.br\/montesclaros\/saude\/wp-json\/wp\/v2\/users\/2"}],"replies":[{"embeddable":true,"href":"https:\/\/www.ufmg.br\/montesclaros\/saude\/wp-json\/wp\/v2\/comments?post=864"}],"version-history":[{"count":5,"href":"https:\/\/www.ufmg.br\/montesclaros\/saude\/wp-json\/wp\/v2\/pages\/864\/revisions"}],"predecessor-version":[{"id":878,"href":"https:\/\/www.ufmg.br\/montesclaros\/saude\/wp-json\/wp\/v2\/pages\/864\/revisions\/878"}],"wp:attachment":[{"href":"https:\/\/www.ufmg.br\/montesclaros\/saude\/wp-json\/wp\/v2\/media?parent=864"}],"curies":[{"name":"wp","href":"https:\/\/api.w.org\/{rel}","templated":true}]}}