{"id":277,"date":"2024-03-22T09:23:51","date_gmt":"2024-03-22T12:23:51","guid":{"rendered":"http:\/\/sites-hml.dti.ufmg.br\/ica\/ica-novo\/?page_id=277"},"modified":"2024-04-22T12:17:39","modified_gmt":"2024-04-22T15:17:39","slug":"biblioteca","status":"publish","type":"page","link":"https:\/\/www.ufmg.br\/montesclaros\/biblioteca\/","title":{"rendered":"Biblioteca"},"content":{"rendered":"<div ><style>#sp-ea-276 .spcollapsing { height: 0; overflow: hidden; transition-property: height;transition-duration: 300ms;}#sp-ea-276.sp-easy-accordion>.sp-ea-single {border: 1px solid #e2e2e2; }#sp-ea-276.sp-easy-accordion>.sp-ea-single>.ea-header a {color: #444;}#sp-ea-276.sp-easy-accordion>.sp-ea-single>.sp-collapse>.ea-body {background: #fff; color: #444;}#sp-ea-276.sp-easy-accordion>.sp-ea-single {background: #eee;}#sp-ea-276.sp-easy-accordion>.sp-ea-single>.ea-header a .ea-expand-icon.fa { float: left; color: #444;font-size: 16px;}<\/style><div id=\"sp_easy_accordion-1711110047\"><div id=\"sp-ea-276\" class=\"sp-ea-one sp-easy-accordion\" data-ex-icon=\"fa-minus\" data-col-icon=\"fa-plus\"  data-ea-active=\"ea-click\"  data-ea-mode=\"vertical\" data-preloader=\"\" data-scroll-active-item=\"\" data-offset-to-scroll=\"0\"><div class=\"ea-card ea-expand sp-ea-single\"><h3 class=\"ea-header\"><a class=\"collapsed\" data-sptoggle=\"spcollapse\" data-sptarget=#collapse2760 href=\"javascript:void(0)\"  aria-expanded=\"true\"><i class=\"ea-expand-icon fa fa-minus\"><\/i> Apresenta\u00e7\u00e3o<\/a><\/h3><div class=\"sp-collapse spcollapse collapsed show\" id=\"collapse2760\" data-parent=#sp-ea-276><div class=\"ea-body\"><p><strong>Biblioteca Universit\u00e1ria Jos\u00e9 Carlos Valle de Lima: contexto hist\u00f3rico<br \/>\n<\/strong><\/p>\n<div>\n<p>A Biblioteca do Instituto de Ci\u00eancias Agr\u00e1rias \u2013 Campus Regional da UFMG em Montes Claros foi criada na d\u00e9cada de 1960, a princ\u00edpio, para atender \u00e0 demanda do Curso T\u00e9cnico em Agropecu\u00e1ria. A partir de 1996, atrav\u00e9s de campanha de divulga\u00e7\u00e3o de seu acervo t\u00e9cnico, passou tamb\u00e9m a atender localmente tamb\u00e9m o p\u00fablico externo e, em 1998, a Biblioteca foi transformada em Biblioteca Universit\u00e1ria, com vistas \u00e0 cria\u00e7\u00e3o do curso superior de Agronomia. A seguir foi criado o curso de Zootecnia, bem como cursos de Especializa\u00e7\u00e3o e Mestrado, al\u00e9m de mais quatro cursos criados pela iniciativa do Programa do Governo Federal de Apoio a Planos de Reestrutura\u00e7\u00e3o e Expans\u00e3o das Universidades Federais Brasileiras (REUNI).<\/p>\n<p>No ano 2000, com o objetivo de atender efetivamente sua clientela, oriunda de uma regi\u00e3o que abrange 83 munic\u00edpios do Norte de Minas e Sul da Bahia, iniciou-se discuss\u00f5es para a constru\u00e7\u00e3o de um novo pr\u00e9dio, com \u00e1rea de 1.000 m\u00b2, em terreno de 10.000 m\u00b2. Em 2002, com o objetivo de angariar recursos para a constru\u00e7\u00e3o de pr\u00e9dio pr\u00f3prio, foi transformada oficialmente em Biblioteca Comunit\u00e1ria em Ci\u00eancias Agr\u00e1rias, passando a atender oficialmente a toda comunidade t\u00e9cnica.<\/p>\n<p>No dia 7 de mar\u00e7o de 2006, foi inaugurado o novo pr\u00e9dio da Biblioteca com a amplia\u00e7\u00e3o e adequa\u00e7\u00e3o do seu acervo para atender \u00e0s demandas informacionais de seus usu\u00e1rios (alunos, t\u00e9cnico-administrativos, professores e pesquisadores). Os servi\u00e7os prestados garantem aos seus usu\u00e1rios o acesso \u00e0s obras do acervo, com livre acesso \u00e0s estantes e empr\u00e9stimo domiciliar de materiais impressos, audiovisuais e eletr\u00f4nicos, bem como o acesso a peri\u00f3dicos locais e via Portal de Peri\u00f3dicos Capes.<\/p>\n<p>Em agosto de 2017, por meio da Resolu\u00e7\u00e3o n\u00ba 3\/2017, da Congrega\u00e7\u00e3o do ICA, a Biblioteca teve sua denomina\u00e7\u00e3o e nome alterado para Biblioteca Universit\u00e1ria Jos\u00e9 Carlos Valle de Lima.<\/p>\n<p>Sobre o homenageado: Jos\u00e9 Carlos Valle de Lima era jornalista, ruralista e advogado. Foi representante de Minas Gerais junto \u00e0 Superintend\u00eancia do Desenvolvimento do Nordeste (SUDENE) e superintendente da SUDEMINAS. Faleceu em 15 de agosto de 2015.<\/p>\n<p>&nbsp;<\/p>\n<p><strong>Hor\u00e1rio de funcionamento:<\/strong><\/p>\n<p>Seg. a sexta: 7 \u00e0s 22h<\/p>\n<p><strong>Per\u00edodo de F\u00e9rias acad\u00eamicas:<\/strong><\/p>\n<p>Seg. a sexta: 7 \u00e0s 19h<\/p>\n<p>&nbsp;<\/p>\n<p><strong>Telefones:<\/strong>\u00a0Coordena\u00e7\u00e3o da Biblioteca: 38 2101-7726 \/ Setor de Refer\u00eancia\/Se\u00e7\u00e3o de Circula\u00e7\u00e3o e Atendimento ao Usu\u00e1rio: 38 2101-7794 \/ Setor de Processamento T\u00e9cnico: 38 2101-7725<\/p>\n<p><strong>E-mails:\u00a0<\/strong><a href=\"mailto:bib@ica.ufmg.br\">bib@ica.ufmg.br<\/a>\u00a0(institucional) \/\u00a0<a href=\"mailto:bibliotecadoica@gmail.com\">bibliotecadoica@gmail.com<\/a>\u00a0(administrativo)<\/p>\n<p><strong><br \/>\nRedes Sociais<\/strong><\/p>\n<p>Facebook:\u00a0<a href=\"http:\/\/facebook.com\/bibliotecaica.ufmg\" target=\"_blank\" rel=\"noopener\">facebook.com\/bibliotecaica.ufmg<\/a><\/p>\n<\/div>\n<p>Instagram:\u00a0<a href=\"http:\/\/instagram.com\/bibliotecadoica\" target=\"_blank\" rel=\"noopener\">instagram.com\/bibliotecadoica<\/a><\/p>\n<p>Twitter:\u00a0<a href=\"http:\/\/twitter.com\/bibliotecadoica\">twitter.com\/bibliotecadoica<\/a><\/p>\n<p><strong>Produtos e Servi\u00e7os<\/strong><\/p>\n<p>\u2013 Empr\u00e9stimo domiciliar (14 dias, r\u00e1pido, noturno, fim de semana e especial)<\/p>\n<p>\u2013\u00a0<a href=\"https:\/\/catalogobiblioteca.ufmg.br\/pergamum\/biblioteca\/index.php\" target=\"_blank\" rel=\"noopener noreferrer\">Reserva via web<br \/>\n<\/a><br \/>\n\u2013\u00a0<a href=\"https:\/\/catalogobiblioteca.ufmg.br\/pergamum\/biblioteca\/index.php\" target=\"_blank\" rel=\"noopener noreferrer\">Renova\u00e7\u00e3o via web<br \/>\n<\/a><br \/>\n\u2013 <a href=\"https:\/\/www.ufmg.br\/montesclaros\/wp-content\/uploads\/2024\/03\/10-Boletim-Novas-Aquisicoes-out.-2024.pdf\">Boletim Novas Aquisi\u00e7\u00f5es<\/a><\/p>\n<p>\u2013 Malote (empr\u00e9stimo interno via Sistema de Bibliotecas UFMG)<\/p>\n<p>\u2013\u00a0Empr\u00e9stimo entre Bibliotecas (Unicamp, UFSC, UNA, UFLA, etc.)<\/p>\n<p>\u2013\u00a0Cat\u00e1logo online<\/p>\n<p>\u2013 Comut (c\u00f3pia de artigos cient\u00edficos)<\/p>\n<p>\u2013 Acesso ao CCN<\/p>\n<p>\u2013\u00a0<a href=\"https:\/\/www-periodicos-capes-gov-br.ez27.periodicos.capes.gov.br\/index.php\/treinamentos\/calend%C3%A1rio.html\">Portal de Peri\u00f3dicos Capes<\/a>\u00a0est\u00e3o sendo realizados de forma online no site do pr\u00f3prio Portal<\/p>\n<p>\u2013\u00a0Orienta\u00e7\u00e3o para normaliza\u00e7\u00e3o<\/p>\n<p>\u2013 Constru\u00e7\u00e3o de Ficha Catalogr\u00e1fica<\/p>\n<p>\u2013 ISBN do ICA<\/p>\n<p>\u2013 Treinamento Busca da Informa\u00e7\u00e3o na UFMG (agendado)<\/p>\n<p>\u2013 Treinamentos<\/p>\n<p>*\u00a0<a href=\"https:\/\/www-periodicos-capes-gov-br.ez27.periodicos.capes.gov.br\/index.php\/treinamentos\/calend%C3%A1rio.html\" target=\"_blank\" rel=\"noopener\">Portal de Peri\u00f3dicos Capes<\/a>\u00a0est\u00e3o sendo realizados de forma online no site do pr\u00f3prio Portal.<\/p>\n<p>* Treinamentos no uso de e-books e autoarquivamento de Trabalhos Acad\u00eamicos no RI-UFMG, constam v\u00eddeos nos canais do YouTube\u00a0<a href=\"https:\/\/www.youtube.com\/@SuporteaPesquisaUFMG\">\u201cSuporte \u00e0 Pesquisa UFMG\u201d<\/a>\u00a0, bem como no canal\u00a0<a href=\"https:\/\/www.youtube.com\/@UFMGBiblioteca\">\u201cBiblioteca Universit\u00e1ria UFMG\u201d<\/a><\/p>\n<p>\u2013 Visita orientada, atividades de divulga\u00e7\u00e3o, campanhas de preserva\u00e7\u00e3o e exposi\u00e7\u00f5es<\/p>\n<p>&nbsp;<\/p>\n<div><strong>Espa\u00e7os da Biblioteca<\/strong><\/div>\n<ul>\n<li>Salas de Estudo Individual<\/li>\n<li>Sala de Estudo em Grupo<\/li>\n<li>Sala de Acervo Geral e de Peri\u00f3dicos<\/li>\n<li>Terminais de Consulta ao Cat\u00e1logo Online<\/li>\n<li>Lounge da Biblioteca (espa\u00e7o para descanso e leitura de jornais e revistas)<\/li>\n<li>Acervo do Sert\u00e3o (cole\u00e7\u00e3o especial)<\/li>\n<li>Portaria e Guarda-Volumes<\/li>\n<li>Se\u00e7\u00e3o de Circula\u00e7\u00e3o e Atendimento ao Usu\u00e1rio<\/li>\n<li>Setor Refer\u00eancia<\/li>\n<li>Setor de Processamento T\u00e9cnico<\/li>\n<li>Setor de Coordena\u00e7\u00e3o<\/li>\n<\/ul>\n<\/div><\/div><\/div><div class=\"ea-card  sp-ea-single\"><h3 class=\"ea-header\"><a class=\"collapsed\" data-sptoggle=\"spcollapse\" data-sptarget=#collapse2761 href=\"javascript:void(0)\"  aria-expanded=\"false\"><i class=\"ea-expand-icon fa fa-plus\"><\/i> Membros<\/a><\/h3><div class=\"sp-collapse spcollapse \" id=\"collapse2761\" data-parent=#sp-ea-276><div class=\"ea-body\"><p><strong>Bibliotec\u00e1rios<\/strong>:<\/p>\n<p>Rachel Bragan\u00e7a de Carvalho Mota (Bibliotec\u00e1ria-Coordenadora)<\/p>\n<p>Josiel Machado Santos (Bibliotec\u00e1rio-Subcoordenador\/Setor de Refer\u00eancia)<\/p>\n<p>N\u00e1dia Cristina Oliveira Pires (Bibliotec\u00e1ria\/Setor de Processamento T\u00e9cnico)<\/p>\n<p>&nbsp;<\/p>\n<p><strong>Auxiliares<\/strong>:<\/p>\n<p>Luiz Augusto Mendes Andrade<\/p>\n<p>Job Santos Lima<\/p>\n<p>&nbsp;<\/p>\n<p><strong>Bolsistas Fump<\/strong><\/p>\n<p>Camila Lopes Soares de S\u00e1 (diurno)<br \/>\nFernanda Silva Lopes (Noturno)<br \/>\nLivia Maria Souza Bastos (vespertino)<\/p>\n<\/div><\/div><\/div><div class=\"ea-card  sp-ea-single\"><h3 class=\"ea-header\"><a class=\"collapsed\" data-sptoggle=\"spcollapse\" data-sptarget=#collapse2762 href=\"javascript:void(0)\"  aria-expanded=\"false\"><i class=\"ea-expand-icon fa fa-plus\"><\/i> Normas e Procedimentos<\/a><\/h3><div class=\"sp-collapse spcollapse \" id=\"collapse2762\" data-parent=#sp-ea-276><div class=\"ea-body\"><p><strong>Normas<\/strong><\/p>\n<p><a href=\"https:\/\/www.ufmg.br\/montesclaros\/wp-content\/uploads\/2016\/01\/resolucao_07_2021_reg_biblio.pdf\">Resolu\u00e7\u00e3o n\u00ba 7\/2021 \u2013 Regulamento Interno da Biblioteca<\/a><\/p>\n<p><a href=\"https:\/\/www.ufmg.br\/montesclaros\/wp-content\/uploads\/2019\/02\/Guia_do_usuario_2019.pdf\" target=\"_blank\" rel=\"noopener\">Guia do Usu\u00e1rio \u2013 Sistema de Bibliotecas da UFMG<\/a><\/p>\n<p><strong>Formul\u00e1rios<\/strong><\/p>\n<p><a href=\"https:\/\/docs.google.com\/forms\/d\/1mAFJQ6YP3c5x8vkafopxudCMY41DIBUAJWaileU9WSQ\/preview\" target=\"_blank\" rel=\"noopener\">Formul\u00e1rio de solicita\u00e7\u00e3o de Ficha Catalogr\u00e1fica para Trabalhos Acad\u00eamicos e Publica\u00e7\u00f5es<\/a><\/p>\n<p id=\"wp-normas-wrap\" class=\"wp-core-ui wp-editor-wrap tmce-active\"><a href=\"https:\/\/docs.google.com\/forms\/d\/e\/1FAIpQLSf8tc4iajE03lMXwXtTF50GNmMk7ADI_PgbzfJjpQXV1DLgOQ\/viewform\" target=\"_blank\" rel=\"noopener\">Formul\u00e1rio de Solicita\u00e7\u00e3o de Malotes<\/a><\/p>\n<p><a href=\"https:\/\/www.ufmg.br\/montesclaros\/wp-content\/uploads\/2024\/03\/Manual-de-procedimentos-para-pagamento-de-multas-da-Biblioteca-por-GRU-2025.pdf\">Manual de procedimentos para pagamento de d\u00e9bitos da Biblioteca via GRU<\/a><\/p>\n<p><strong>Procedimentos Operacionais Padr\u00e3o (POPs)\u00a0<\/strong><\/p>\n<p><a href=\"https:\/\/www.ufmg.br\/montesclaros\/wp-content\/uploads\/2020\/07\/POP-BIB-1-Emprestimos-1.pdf\" target=\"_blank\" rel=\"noopener\">POP BIB-1 \u2013 Empr\u00e9stimos<\/a><\/p>\n<p><a href=\"https:\/\/www.ufmg.br\/montesclaros\/wp-content\/uploads\/2020\/07\/POP-BIB-2-Devolucao-1.pdf\" target=\"_blank\" rel=\"noopener\">POP BIB-2 \u2013 Devolu\u00e7\u00e3o<\/a><\/p>\n<p><a href=\"https:\/\/www.ufmg.br\/montesclaros\/wp-content\/uploads\/2020\/07\/POP-BIB-3-Processamento-Tecnico-Recepcao-de-Material-1.pdf\" target=\"_blank\" rel=\"noopener\">POP BIB-3 \u2013 Processamento T\u00e9cnico \u2013 Recep\u00e7\u00e3o de Material<\/a><\/p>\n<p><a href=\"https:\/\/www.ufmg.br\/montesclaros\/wp-content\/uploads\/2020\/07\/POP-BIB-4-Controle-de-autoridade-1.pdf\" target=\"_blank\" rel=\"noopener\">POP BIB-4 \u2013 Controle de autoridade<\/a><\/p>\n<p><a href=\"https:\/\/www.ufmg.br\/montesclaros\/wp-content\/uploads\/2020\/07\/POP-BIB-5-Catalogacao.pdf\" target=\"_blank\" rel=\"noopener\">POP BIB-5 \u2013 Cataloga\u00e7\u00e3o<\/a><\/p>\n<p><a href=\"https:\/\/www.ufmg.br\/montesclaros\/wp-content\/uploads\/2020\/07\/POP-BIB-6-Solicitacao-de-ISBN-1.pdf\" target=\"_blank\" rel=\"noopener\">POP BIB-6 \u2013 Solicita\u00e7\u00e3o de ISBN<\/a><\/p>\n<p><a href=\"https:\/\/www.ufmg.br\/montesclaros\/wp-content\/uploads\/2020\/07\/POP-BIB-7-Conservacao-e-restauro-1.pdf\" target=\"_blank\" rel=\"noopener\">POP BIB-7 \u2013 Conserva\u00e7\u00e3o e restauro<\/a><\/p>\n<p><a href=\"https:\/\/www.ufmg.br\/montesclaros\/wp-content\/uploads\/2021\/05\/POP-BIB-8-Transferencia-de-exemplares.pdf\" target=\"_blank\" rel=\"noopener\">POP BIB-8 \u2013 Transfer\u00eancia de exemplares<\/a><\/p>\n<p><a href=\"https:\/\/www.ufmg.br\/montesclaros\/wp-content\/uploads\/2021\/05\/POP-BIB-9-Valiacao-de-trabalhos-academicos-no-RI-UFMG.pdf\" target=\"_blank\" rel=\"noopener\">POP BIB-9 \u2013 Valida\u00e7\u00e3o de trabalhos acad\u00eamicos no RI-UFMG<\/a><\/p>\n<p><a href=\"https:\/\/www.ufmg.br\/montesclaros\/wp-content\/uploads\/2021\/05\/POP-BIB-10-Substituicao-de-exemplar-perdido-danificado.pdf\" target=\"_blank\" rel=\"noopener\">POP BIB-10 \u2013 Substitui\u00e7\u00e3o de exemplar perdido-danificado<\/a><\/p>\n<p><a href=\"https:\/\/www.ufmg.br\/montesclaros\/wp-content\/uploads\/2021\/05\/POP-BIB-11-Servico-de-COMUT.pdf\" target=\"_blank\" rel=\"noopener\">POP BIB-11 \u2013 Servi\u00e7o de COMUT<\/a><\/p>\n<p><a href=\"https:\/\/www.ufmg.br\/montesclaros\/wp-content\/uploads\/2021\/05\/POP-BIB-12-Servico-de-Malote.pdf\" target=\"_blank\" rel=\"noopener\">POP BIB-12 \u2013 Servi\u00e7o de Malote<\/a><\/p>\n<p><a href=\"https:\/\/www.ufmg.br\/montesclaros\/wp-content\/uploads\/2021\/05\/POP-BIB-13-Servico-de-Confeccao-de-Ficha-Catalografica-para-Trabalhos-Academicos.pdf\" target=\"_blank\" rel=\"noopener\">POP BIB-13 \u2013 Servi\u00e7o de Confec\u00e7\u00e3o de Ficha Catalogr\u00e1fica para Trabalhos Acad\u00eamicos<\/a><\/p>\n<\/div><\/div><\/div><\/div><\/div><\/div>\n\n\n<figure class=\"wp-block-image size-large\"><img decoding=\"async\" loading=\"lazy\" width=\"1024\" height=\"683\" src=\"http:\/\/sites-hml.dti.ufmg.br\/ica\/ica-novo\/wp-content\/uploads\/2024\/04\/Biblioteca-foto-Lucas-Braga-UFMG-15-1024x683.jpg\" alt=\"\" class=\"wp-image-759\" srcset=\"https:\/\/www.ufmg.br\/montesclaros\/wp-content\/uploads\/2024\/04\/Biblioteca-foto-Lucas-Braga-UFMG-15-1024x683.jpg 1024w, https:\/\/www.ufmg.br\/montesclaros\/wp-content\/uploads\/2024\/04\/Biblioteca-foto-Lucas-Braga-UFMG-15-300x200.jpg 300w, https:\/\/www.ufmg.br\/montesclaros\/wp-content\/uploads\/2024\/04\/Biblioteca-foto-Lucas-Braga-UFMG-15-768x512.jpg 768w, https:\/\/www.ufmg.br\/montesclaros\/wp-content\/uploads\/2024\/04\/Biblioteca-foto-Lucas-Braga-UFMG-15-1536x1024.jpg 1536w, https:\/\/www.ufmg.br\/montesclaros\/wp-content\/uploads\/2024\/04\/Biblioteca-foto-Lucas-Braga-UFMG-15.jpg 1620w\" sizes=\"(max-width: 1024px) 100vw, 1024px\" \/><figcaption class=\"wp-element-caption\">Foto: Lucas Braga I UFMG<\/figcaption><\/figure>\n\n\n\n<figure class=\"wp-block-image size-large\"><img decoding=\"async\" loading=\"lazy\" width=\"1024\" height=\"683\" src=\"http:\/\/sites-hml.dti.ufmg.br\/ica\/ica-novo\/wp-content\/uploads\/2024\/04\/Biblioteca-foto-Lucas-Braga-UFMG-2-1024x683.jpg\" alt=\"\" class=\"wp-image-758\" srcset=\"https:\/\/www.ufmg.br\/montesclaros\/wp-content\/uploads\/2024\/04\/Biblioteca-foto-Lucas-Braga-UFMG-2-1024x683.jpg 1024w, https:\/\/www.ufmg.br\/montesclaros\/wp-content\/uploads\/2024\/04\/Biblioteca-foto-Lucas-Braga-UFMG-2-300x200.jpg 300w, https:\/\/www.ufmg.br\/montesclaros\/wp-content\/uploads\/2024\/04\/Biblioteca-foto-Lucas-Braga-UFMG-2-768x512.jpg 768w, https:\/\/www.ufmg.br\/montesclaros\/wp-content\/uploads\/2024\/04\/Biblioteca-foto-Lucas-Braga-UFMG-2-1536x1024.jpg 1536w, https:\/\/www.ufmg.br\/montesclaros\/wp-content\/uploads\/2024\/04\/Biblioteca-foto-Lucas-Braga-UFMG-2.jpg 1620w\" sizes=\"(max-width: 1024px) 100vw, 1024px\" \/><figcaption class=\"wp-element-caption\">Foto: Lucas Braga I UFMG<\/figcaption><\/figure>\n\n\n\n<figure class=\"wp-block-image size-large\"><img decoding=\"async\" loading=\"lazy\" width=\"1024\" height=\"683\" src=\"http:\/\/sites-hml.dti.ufmg.br\/ica\/ica-novo\/wp-content\/uploads\/2024\/04\/Biblioteca-Ana-Claudia-I-UFMG-4-1-1024x683.jpg\" alt=\"\" class=\"wp-image-805\" srcset=\"https:\/\/www.ufmg.br\/montesclaros\/wp-content\/uploads\/2024\/04\/Biblioteca-Ana-Claudia-I-UFMG-4-1-1024x683.jpg 1024w, https:\/\/www.ufmg.br\/montesclaros\/wp-content\/uploads\/2024\/04\/Biblioteca-Ana-Claudia-I-UFMG-4-1-300x200.jpg 300w, https:\/\/www.ufmg.br\/montesclaros\/wp-content\/uploads\/2024\/04\/Biblioteca-Ana-Claudia-I-UFMG-4-1-768x512.jpg 768w, https:\/\/www.ufmg.br\/montesclaros\/wp-content\/uploads\/2024\/04\/Biblioteca-Ana-Claudia-I-UFMG-4-1-1536x1024.jpg 1536w, https:\/\/www.ufmg.br\/montesclaros\/wp-content\/uploads\/2024\/04\/Biblioteca-Ana-Claudia-I-UFMG-4-1-2048x1365.jpg 2048w\" sizes=\"(max-width: 1024px) 100vw, 1024px\" \/><figcaption class=\"wp-element-caption\">Foto: Ana Cl\u00e1udia Mendes I UFMG<\/figcaption><\/figure>\n\n\n\n<figure class=\"wp-block-image size-large\"><img decoding=\"async\" loading=\"lazy\" width=\"1024\" height=\"683\" src=\"http:\/\/sites-hml.dti.ufmg.br\/ica\/ica-novo\/wp-content\/uploads\/2024\/04\/Biblioteca-Ana-Claudia-Mendes-I-UFMG-37-1024x683.jpg\" alt=\"\" class=\"wp-image-806\" srcset=\"https:\/\/www.ufmg.br\/montesclaros\/wp-content\/uploads\/2024\/04\/Biblioteca-Ana-Claudia-Mendes-I-UFMG-37-1024x683.jpg 1024w, https:\/\/www.ufmg.br\/montesclaros\/wp-content\/uploads\/2024\/04\/Biblioteca-Ana-Claudia-Mendes-I-UFMG-37-300x200.jpg 300w, https:\/\/www.ufmg.br\/montesclaros\/wp-content\/uploads\/2024\/04\/Biblioteca-Ana-Claudia-Mendes-I-UFMG-37-768x512.jpg 768w, https:\/\/www.ufmg.br\/montesclaros\/wp-content\/uploads\/2024\/04\/Biblioteca-Ana-Claudia-Mendes-I-UFMG-37-1536x1024.jpg 1536w, https:\/\/www.ufmg.br\/montesclaros\/wp-content\/uploads\/2024\/04\/Biblioteca-Ana-Claudia-Mendes-I-UFMG-37-2048x1365.jpg 2048w\" sizes=\"(max-width: 1024px) 100vw, 1024px\" \/><figcaption class=\"wp-element-caption\">Foto: Ana Cl\u00e1udia Mendes I UFMG<\/figcaption><\/figure>\n\n\n\n<figure class=\"wp-block-image size-large\"><img decoding=\"async\" loading=\"lazy\" width=\"1024\" height=\"683\" src=\"http:\/\/sites-hml.dti.ufmg.br\/ica\/ica-novo\/wp-content\/uploads\/2024\/04\/Biblioteca-Ana-Claudia-Mendes-I-UFMG-58-1024x683.jpg\" alt=\"\" class=\"wp-image-807\" srcset=\"https:\/\/www.ufmg.br\/montesclaros\/wp-content\/uploads\/2024\/04\/Biblioteca-Ana-Claudia-Mendes-I-UFMG-58-1024x683.jpg 1024w, https:\/\/www.ufmg.br\/montesclaros\/wp-content\/uploads\/2024\/04\/Biblioteca-Ana-Claudia-Mendes-I-UFMG-58-300x200.jpg 300w, https:\/\/www.ufmg.br\/montesclaros\/wp-content\/uploads\/2024\/04\/Biblioteca-Ana-Claudia-Mendes-I-UFMG-58-768x512.jpg 768w, https:\/\/www.ufmg.br\/montesclaros\/wp-content\/uploads\/2024\/04\/Biblioteca-Ana-Claudia-Mendes-I-UFMG-58-1536x1024.jpg 1536w, https:\/\/www.ufmg.br\/montesclaros\/wp-content\/uploads\/2024\/04\/Biblioteca-Ana-Claudia-Mendes-I-UFMG-58-2048x1365.jpg 2048w\" sizes=\"(max-width: 1024px) 100vw, 1024px\" \/><figcaption class=\"wp-element-caption\">Foto: Ana Cl\u00e1udia Mendes I UFMG<\/figcaption><\/figure>\n\n\n\n<figure class=\"wp-block-image size-large\"><img decoding=\"async\" loading=\"lazy\" width=\"1024\" height=\"683\" src=\"http:\/\/sites-hml.dti.ufmg.br\/ica\/ica-novo\/wp-content\/uploads\/2024\/04\/Biblioteca-Ana-Claudia-Mendes-I-UFMG-44-1024x683.jpg\" alt=\"\" class=\"wp-image-809\" srcset=\"https:\/\/www.ufmg.br\/montesclaros\/wp-content\/uploads\/2024\/04\/Biblioteca-Ana-Claudia-Mendes-I-UFMG-44-1024x683.jpg 1024w, https:\/\/www.ufmg.br\/montesclaros\/wp-content\/uploads\/2024\/04\/Biblioteca-Ana-Claudia-Mendes-I-UFMG-44-300x200.jpg 300w, https:\/\/www.ufmg.br\/montesclaros\/wp-content\/uploads\/2024\/04\/Biblioteca-Ana-Claudia-Mendes-I-UFMG-44-768x512.jpg 768w, https:\/\/www.ufmg.br\/montesclaros\/wp-content\/uploads\/2024\/04\/Biblioteca-Ana-Claudia-Mendes-I-UFMG-44-1536x1024.jpg 1536w, https:\/\/www.ufmg.br\/montesclaros\/wp-content\/uploads\/2024\/04\/Biblioteca-Ana-Claudia-Mendes-I-UFMG-44-2048x1365.jpg 2048w\" sizes=\"(max-width: 1024px) 100vw, 1024px\" \/><figcaption class=\"wp-element-caption\">Foto: Ana Cl\u00e1udia Mendes I UFMG<\/figcaption><\/figure>\n\n\n\n<figure class=\"wp-block-image size-large\"><img decoding=\"async\" loading=\"lazy\" width=\"1024\" height=\"787\" src=\"http:\/\/sites-hml.dti.ufmg.br\/ica\/ica-novo\/wp-content\/uploads\/2024\/04\/Acervo-Sertao-Ana-Claudia-Mendes-I-UFMG-3-1-1024x787.jpg\" alt=\"\" class=\"wp-image-811\" srcset=\"https:\/\/www.ufmg.br\/montesclaros\/wp-content\/uploads\/2024\/04\/Acervo-Sertao-Ana-Claudia-Mendes-I-UFMG-3-1-1024x787.jpg 1024w, https:\/\/www.ufmg.br\/montesclaros\/wp-content\/uploads\/2024\/04\/Acervo-Sertao-Ana-Claudia-Mendes-I-UFMG-3-1-300x231.jpg 300w, https:\/\/www.ufmg.br\/montesclaros\/wp-content\/uploads\/2024\/04\/Acervo-Sertao-Ana-Claudia-Mendes-I-UFMG-3-1-768x590.jpg 768w, https:\/\/www.ufmg.br\/montesclaros\/wp-content\/uploads\/2024\/04\/Acervo-Sertao-Ana-Claudia-Mendes-I-UFMG-3-1-1536x1180.jpg 1536w, https:\/\/www.ufmg.br\/montesclaros\/wp-content\/uploads\/2024\/04\/Acervo-Sertao-Ana-Claudia-Mendes-I-UFMG-3-1-2048x1574.jpg 2048w\" sizes=\"(max-width: 1024px) 100vw, 1024px\" \/><figcaption class=\"wp-element-caption\">Foto: Ana Cl\u00e1udia Mendes I UFMG<\/figcaption><\/figure>\n\n\n\n<figure class=\"wp-block-image size-large\"><img decoding=\"async\" loading=\"lazy\" width=\"1024\" height=\"683\" src=\"http:\/\/sites-hml.dti.ufmg.br\/ica\/ica-novo\/wp-content\/uploads\/2024\/04\/Acervo-Sertao-Ana-Claudia-Mendes-UFMG-02-1-1024x683.jpg\" alt=\"\" class=\"wp-image-812\" srcset=\"https:\/\/www.ufmg.br\/montesclaros\/wp-content\/uploads\/2024\/04\/Acervo-Sertao-Ana-Claudia-Mendes-UFMG-02-1-1024x683.jpg 1024w, https:\/\/www.ufmg.br\/montesclaros\/wp-content\/uploads\/2024\/04\/Acervo-Sertao-Ana-Claudia-Mendes-UFMG-02-1-300x200.jpg 300w, https:\/\/www.ufmg.br\/montesclaros\/wp-content\/uploads\/2024\/04\/Acervo-Sertao-Ana-Claudia-Mendes-UFMG-02-1-768x512.jpg 768w, https:\/\/www.ufmg.br\/montesclaros\/wp-content\/uploads\/2024\/04\/Acervo-Sertao-Ana-Claudia-Mendes-UFMG-02-1-1536x1024.jpg 1536w, https:\/\/www.ufmg.br\/montesclaros\/wp-content\/uploads\/2024\/04\/Acervo-Sertao-Ana-Claudia-Mendes-UFMG-02-1-2048x1365.jpg 2048w\" sizes=\"(max-width: 1024px) 100vw, 1024px\" \/><figcaption class=\"wp-element-caption\">Foto: Ana Cl\u00e1udia Mendes I UFMG<\/figcaption><\/figure>\n","protected":false},"excerpt":{"rendered":"","protected":false},"author":3,"featured_media":0,"parent":0,"menu_order":0,"comment_status":"closed","ping_status":"closed","template":"","meta":[],"acf":[],"_links":{"self":[{"href":"https:\/\/www.ufmg.br\/montesclaros\/wp-json\/wp\/v2\/pages\/277"}],"collection":[{"href":"https:\/\/www.ufmg.br\/montesclaros\/wp-json\/wp\/v2\/pages"}],"about":[{"href":"https:\/\/www.ufmg.br\/montesclaros\/wp-json\/wp\/v2\/types\/page"}],"author":[{"embeddable":true,"href":"https:\/\/www.ufmg.br\/montesclaros\/wp-json\/wp\/v2\/users\/3"}],"replies":[{"embeddable":true,"href":"https:\/\/www.ufmg.br\/montesclaros\/wp-json\/wp\/v2\/comments?post=277"}],"version-history":[{"count":4,"href":"https:\/\/www.ufmg.br\/montesclaros\/wp-json\/wp\/v2\/pages\/277\/revisions"}],"predecessor-version":[{"id":813,"href":"https:\/\/www.ufmg.br\/montesclaros\/wp-json\/wp\/v2\/pages\/277\/revisions\/813"}],"wp:attachment":[{"href":"https:\/\/www.ufmg.br\/montesclaros\/wp-json\/wp\/v2\/media?parent=277"}],"curies":[{"name":"wp","href":"https:\/\/api.w.org\/{rel}","templated":true}]}}