{"id":315,"date":"2024-03-22T10:36:56","date_gmt":"2024-03-22T13:36:56","guid":{"rendered":"http:\/\/sites-hml.dti.ufmg.br\/ica\/ica-novo\/?page_id=315"},"modified":"2024-03-22T10:37:23","modified_gmt":"2024-03-22T13:37:23","slug":"agronomia","status":"publish","type":"page","link":"https:\/\/www.ufmg.br\/montesclaros\/agronomia\/","title":{"rendered":"Agronomia"},"content":{"rendered":"<div ><style>#sp-ea-316 .spcollapsing { height: 0; overflow: hidden; transition-property: height;transition-duration: 300ms;}#sp-ea-316.sp-easy-accordion>.sp-ea-single {border: 1px solid #e2e2e2; }#sp-ea-316.sp-easy-accordion>.sp-ea-single>.ea-header a {color: #444;}#sp-ea-316.sp-easy-accordion>.sp-ea-single>.sp-collapse>.ea-body {background: #fff; color: #444;}#sp-ea-316.sp-easy-accordion>.sp-ea-single {background: #eee;}#sp-ea-316.sp-easy-accordion>.sp-ea-single>.ea-header a .ea-expand-icon.fa { float: left; color: #444;font-size: 16px;}<\/style><div id=\"sp_easy_accordion-1711114486\"><div id=\"sp-ea-316\" class=\"sp-ea-one sp-easy-accordion\" data-ex-icon=\"fa-minus\" data-col-icon=\"fa-plus\"  data-ea-active=\"ea-click\"  data-ea-mode=\"vertical\" data-preloader=\"\" data-scroll-active-item=\"\" data-offset-to-scroll=\"0\"><div class=\"ea-card ea-expand sp-ea-single\"><h3 class=\"ea-header\"><a class=\"collapsed\" data-sptoggle=\"spcollapse\" data-sptarget=#collapse3160 href=\"javascript:void(0)\"  aria-expanded=\"true\"><i class=\"ea-expand-icon fa fa-minus\"><\/i> Apresenta\u00e7\u00e3o<\/a><\/h3><div class=\"sp-collapse spcollapse collapsed show\" id=\"collapse3160\" data-parent=#sp-ea-316><div class=\"ea-body\"><p>O curso de Agronomia prop\u00f5e a forma\u00e7\u00e3o de um profissional com s\u00f3lida base de conhecimentos cient\u00edficos que, dotado de consci\u00eancia \u00e9tica, pol\u00edtica, com vis\u00e3o cr\u00edtica e global da conjuntura econ\u00f4mica, social e cultural, possa atuar no \u00e2mbito regional, no Brasil e no Mundo. Para alcan\u00e7ar tais objetivos o curso busca se adequar\u00a0 \u00e0s atuais tecnologias para a agropecu\u00e1ria moderna, atender \u00e0s quest\u00f5es ambientais, de modo especial \u00e0s peculiaridades das regi\u00f5es de clima semi\u00e1rido e do Cerrado brasileiro.<\/p>\n<p>Assim, pretende-se que esse profissional, ao concluir o Curso de Agronomia, seja capaz de projetar, coordenar, analisar, fiscalizar, assessorar, supervisionar e especificar t\u00e9cnica e economicamente projetos agroindustriais e do agroneg\u00f3cio, aplicando padr\u00f5es, medidas e controle de qualidade; realizar vistorias, per\u00edcias, avalia\u00e7\u00f5es, arbitramentos, laudos e pareceres t\u00e9cnicos, com condutas, atitudes e responsabilidade t\u00e9cnica e social, respeitando a fauna e a flora e promovendo a conserva\u00e7\u00e3o e, ou, recupera\u00e7\u00e3o da qualidade do solo, do ar e da \u00e1gua, com uso de tecnologias integradas e sustent\u00e1veis do ambiente; atuar na organiza\u00e7\u00e3o e gerenciamento empresarial e comunit\u00e1rio, interagindo e influenciando nos processos decis\u00f3rios de agentes e institui\u00e7\u00f5es, na gest\u00e3o de pol\u00edticas setoriais; produzir, conservar e comercializar alimentos, fibras e outros produtos agropecu\u00e1rios; participar e atuar em todos os segmentos das cadeias produtivas do agroneg\u00f3cio; exercer atividades de doc\u00eancia, pesquisa e extens\u00e3o no ensino t\u00e9cnico profissional, ensino superior, pesquisa, an\u00e1lise, experimenta\u00e7\u00e3o, ensaios e divulga\u00e7\u00e3o t\u00e9cnica e extens\u00e3o e; enfrentar os desafios das r\u00e1pidas transforma\u00e7\u00f5es da sociedade, do mundo, do trabalho, adaptando-se \u00e0s situa\u00e7\u00f5es novas e emergentes.<\/p>\n<div><strong>Caracteriza\u00e7\u00e3o do curso:<\/strong><\/div>\n<div><strong>Modalidade:<\/strong>\u00a0Bacharelado<\/div>\n<div><strong>T\u00edtulo Conferido:<\/strong>\u00a0Engenheiro Agr\u00f4nomo<\/div>\n<div><strong>Regime:<\/strong>\u00a0Semestral<\/div>\n<div><strong>Turno:<\/strong>\u00a0Diurno<\/div>\n<div><strong>N\u00famero de vagas:<\/strong>\u00a040, com entrada \u00fanica no primeiro semestre de cada ano<\/div>\n<div><strong>Per\u00edodo de integraliza\u00e7\u00e3o:<\/strong>\u00a0m\u00ednimo \u2013 4 anos; refer\u00eancia \u2013 5 anos; m\u00e1ximo \u2013 8 anos<\/div>\n<div><strong>Carga hor\u00e1ria total:<\/strong>\u00a03.600 horas<\/div>\n<div>Clique\u00a0<a href=\"https:\/\/www.ufmg.br\/montesclaros\/secretaria-administrativa-dos-colegiados-de-graduacao\/\">aqui<\/a>\u00a0para acessar os contatos do Colegiado de Gradua\u00e7\u00e3o em Agronomia<\/div>\n<\/div><\/div><\/div><div class=\"ea-card  sp-ea-single\"><h3 class=\"ea-header\"><a class=\"collapsed\" data-sptoggle=\"spcollapse\" data-sptarget=#collapse3161 href=\"javascript:void(0)\"  aria-expanded=\"false\"><i class=\"ea-expand-icon fa fa-plus\"><\/i> Projeto Pedag\u00f3gico<\/a><\/h3><div class=\"sp-collapse spcollapse \" id=\"collapse3161\" data-parent=#sp-ea-316><div class=\"ea-body\"><p><a href=\"https:\/\/www.ufmg.br\/montesclaros\/wp-content\/uploads\/2015\/06\/proj_pedagogico_agr.pdf\" target=\"_blank\" rel=\"noopener\">Projeto Pedag\u00f3gico<\/a><\/p>\n<p><a href=\"https:\/\/www.ufmg.br\/montesclaros\/wp-content\/uploads\/2015\/06\/MATRIZ_AGRONOMIA.pdf\" target=\"_blank\" rel=\"noopener\">Grade Curricular<\/a><\/p>\n<\/div><\/div><\/div><div class=\"ea-card  sp-ea-single\"><h3 class=\"ea-header\"><a class=\"collapsed\" data-sptoggle=\"spcollapse\" data-sptarget=#collapse3162 href=\"javascript:void(0)\"  aria-expanded=\"false\"><i class=\"ea-expand-icon fa fa-plus\"><\/i> Normas e Documentos<\/a><\/h3><div class=\"sp-collapse spcollapse \" id=\"collapse3162\" data-parent=#sp-ea-316><div class=\"ea-body\"><p><strong>Normas:<\/strong><\/p>\n<p>Diretrizes para os Curr\u00edculos de Gradua\u00e7\u00e3o da UFMG.<\/p>\n<p><a href=\"https:\/\/www.ufmg.br\/montesclaros\/wp-content\/uploads\/2015\/06\/Normas-de-Graduacao.pdf\" target=\"_blank\" rel=\"noopener\">Normas Acad\u00eamicas \u2013 Resolu\u00e7\u00e3o CEPE 01\/90<\/a><\/p>\n<p>Normas de Est\u00e1gio Curricular;<\/p>\n<p><a href=\"https:\/\/www.ufmg.br\/montesclaros\/wp-content\/uploads\/2015\/06\/Resolucao-ICA-002-2016TCC.pdf\" target=\"_blank\" rel=\"noopener\">Normas de Trabalho de Conclus\u00e3o de Curso \u2013 Resolu\u00e7\u00e3o ICA 002\/201<\/a>6<\/p>\n<p><a href=\"https:\/\/www2.ufmg.br\/prograd\/prograd\/Pro-Reitoria-de-Graduacao\/Estudante\/Programa-de-Mobilidade-Academica\" target=\"_blank\" rel=\"noopener\">Programa de Mobilidade Acad\u00eamica<\/a><\/p>\n<p><a href=\"https:\/\/www.ufmg.br\/montesclaros\/wp-content\/uploads\/2015\/06\/Atividades-de-Intercambio.pdf\" target=\"_blank\" rel=\"noopener\">Resolu\u00e7\u00e3o CEPE 04\/2014 \u2013 Regulamenta a utiliza\u00e7\u00e3o de atividades de interc\u00e2mbio na integraliza\u00e7\u00e3o da carga hor\u00e1ria de Forma\u00e7\u00e3o Complementar Aberta<\/a><\/p>\n<p><a href=\"https:\/\/www.ufmg.br\/montesclaros\/wp-content\/uploads\/2017\/06\/Resolucaon07-2016AproveitamentodeEstudos.pdf\" target=\"_blank\" rel=\"attachment wp-att-1641 noopener\">Resolu\u00e7\u00e3o CEPE 07\/2016 \u2013 Regulamenta o aproveitamento de estudos realizados por estudantes de gradua\u00e7\u00e3o em outras institui\u00e7\u00f5es de ensino superior<\/a><\/p>\n<p><a href=\"https:\/\/www.ufmg.br\/montesclaros\/wp-content\/uploads\/2015\/06\/Exame-de-Comprovacao-de-Conhecimento.pdf\" target=\"_blank\" rel=\"noopener\">Resolu\u00e7\u00e3o CEPE 17\/2014 \u2013 Regulamenta a realiza\u00e7\u00e3o de exame de comprova\u00e7\u00e3o de conhecimentos por estudantes de gradua\u00e7\u00e3o da UFMG<\/a><\/p>\n<p><a href=\"https:\/\/www.ufmg.br\/montesclaros\/wp-content\/uploads\/2015\/06\/Formacao_Transversal.pdf\" target=\"_blank\" rel=\"noopener\">Resolu\u00e7\u00e3o CEPE 19\/2014 \u2013 Regulamenta a oferta de \u201cForma\u00e7\u00e3o Transversal\u201d aos alunos do curso de gradua\u00e7\u00e3o da UFMG<\/a><\/p>\n<p><a href=\"https:\/\/www.ufmg.br\/montesclaros\/wp-content\/uploads\/2015\/06\/Formacao_Avancada.pdf\" target=\"_blank\" rel=\"noopener\">Resolu\u00e7\u00e3o CEPE 18\/2014 \u2013 Regulamenta Grupos de Disciplinas de Forma\u00e7\u00e3o Avan\u00e7ada<\/a><\/p>\n<p>&nbsp;<\/p>\n<p><strong>Formul\u00e1rios<\/strong><\/p>\n<p><a href=\"https:\/\/www.ufmg.br\/montesclaros\/wp-content\/uploads\/2015\/06\/Aproveitamento_de_Estudos.pdf\" target=\"_blank\" rel=\"noopener\">Aproveitamento de Estudos<\/a><\/p>\n<p><a href=\"https:\/\/www.ufmg.br\/montesclaros\/wp-content\/uploads\/2015\/06\/Disciplina_Isolada.pdf\" target=\"_blank\" rel=\"noopener\">Disciplina Isolada<\/a><\/p>\n<p><a href=\"https:\/\/www.ufmg.br\/montesclaros\/wp-content\/uploads\/2015\/06\/form-1_Tranc-PARCIAL.pdf\" target=\"_blank\" rel=\"noopener\">Trancamento Parcial de Matricula<\/a><\/p>\n<p><a href=\"https:\/\/www.ufmg.br\/montesclaros\/wp-content\/uploads\/2015\/06\/Trancamento_Total.pdf\" target=\"_blank\" rel=\"noopener\">Trancamento Total de Matr\u00edcula<\/a><\/p>\n<p><a href=\"https:\/\/www.ufmg.br\/montesclaros\/wp-content\/uploads\/2015\/06\/Regime_Especial.pdf\" target=\"_blank\" rel=\"noopener\">Regime Especial<\/a><\/p>\n<p><a href=\"https:\/\/www.ufmg.br\/montesclaros\/wp-content\/uploads\/2015\/06\/REQUERIMENTO-2-CHAMADA.pdf\" target=\"_blank\" rel=\"noopener\">Requerimento 2\u00aa Chamada<\/a><\/p>\n<p><a href=\"https:\/\/www.ica.ufmg.br\/wp-content\/uploads\/2019\/04\/Formulario-SCG-02-Rev-01-Requerimento-Formacao-Livre.pdf\" target=\"_blank\" rel=\"noopener\">Requerimemento Dispensa de Carga Hor\u00e1ria de Forma\u00e7\u00e3o Livre<\/a><\/p>\n<p>Ementas das disciplinas<\/p>\n<\/div><\/div><\/div><div class=\"ea-card  sp-ea-single\"><h3 class=\"ea-header\"><a class=\"collapsed\" data-sptoggle=\"spcollapse\" data-sptarget=#collapse3163 href=\"javascript:void(0)\"  aria-expanded=\"false\"><i class=\"ea-expand-icon fa fa-plus\"><\/i> Laborat\u00f3rios<\/a><\/h3><div class=\"sp-collapse spcollapse \" id=\"collapse3163\" data-parent=#sp-ea-316><div class=\"ea-body\"><div id=\"tabs-4\" class=\"ui-tabs-panel ui-widget-content ui-corner-bottom\" role=\"tabpanel\" aria-labelledby=\"ui-id-4\" aria-expanded=\"true\" aria-hidden=\"false\">\n<div class=\"texto_page\">\n<ul>\n<li><a href=\"https:\/\/www.ufmg.br\/montesclaros\/?ica=fazenda-experimental\">Laborat\u00f3rio de\u00a0Fazenda Experimental Hamilton de Abreu Navarro, com atividades de agricultura de sequeiro e irrigada, al\u00e9m pecu\u00e1ria.<\/a><\/li>\n<li><a href=\"https:\/\/www.ufmg.br\/montesclaros\/?laboratorio=analise-de-residuos-para-aproveitamento-agricola\">Laborat\u00f3rio de\u00a0An\u00e1lise de Res\u00edduos para Aproveitamento Agr\u00edcola<\/a><\/li>\n<li><a href=\"https:\/\/www.ufmg.br\/montesclaros\/?laboratorio=laboratorio-1\">Laborat\u00f3rio de\u00a0Apicultura<\/a><\/li>\n<li><a href=\"https:\/\/www.ufmg.br\/montesclaros\/?laboratorio=anatomia-e-dendrologia\">Laborat\u00f3rio de\u00a0Anatomia e Dendrologia<\/a><\/li>\n<li><a href=\"https:\/\/www.ufmg.br\/montesclaros\/?laboratorio=biodigestao-anaerobia\">Laborat\u00f3rio de\u00a0Biodigest\u00e3o Anaer\u00f3bia<\/a><\/li>\n<li><a href=\"https:\/\/www.ufmg.br\/montesclaros\/?laboratorio=biotecnolgia-bloco-a\">Laborat\u00f3rio de\u00a0Biotecnologia\u00a0Bloco A<\/a><\/li>\n<li><a href=\"https:\/\/www.ufmg.br\/montesclaros\/?laboratorio=biotecnologia-cpca\">Laborat\u00f3rio de\u00a0Biotecnologia CPCA<\/a><\/li>\n<li><a href=\"https:\/\/www.ufmg.br\/montesclaros\/?laboratorio=botanica-e-fisiologia-vegetal\">Laborat\u00f3rio de\u00a0Bot\u00e2nica\u00a0<\/a><\/li>\n<li><a href=\"https:\/\/www.ufmg.br\/montesclaros\/?laboratorio=bromatologia\">Laborat\u00f3rio de\u00a0Bromatologia<\/a><\/li>\n<li><a href=\"https:\/\/www.ufmg.br\/montesclaros\/?laboratorio=entomologia-e-zoologia\">Laborat\u00f3rio de\u00a0Entomologia<\/a><\/li>\n<li><a href=\"https:\/\/www.ufmg.br\/montesclaros\/?laboratorio=fitopatologia\">Laborat\u00f3rio de\u00a0Fitopatologia<\/a><\/li>\n<li><a href=\"https:\/\/www.ufmg.br\/montesclaros\/?laboratorio=hidraulica\">Laborat\u00f3rio de\u00a0Hidr\u00e1ulica<\/a><\/li>\n<li>Laborat\u00f3rio de Horticultura<\/li>\n<li><a href=\"https:\/\/www.ufmg.br\/montesclaros\/?laboratorio=informatica\">Laborat\u00f3rio de\u00a0Inform\u00e1tica<\/a><\/li>\n<li><a href=\"https:\/\/www.ufmg.br\/montesclaros\/?laboratorio=microbiologia-bloco-d\">Laborat\u00f3rio de\u00a0Microbiologia<\/a><\/li>\n<li><a href=\"https:\/\/www.ufmg.br\/montesclaros\/?laboratorio=microbiologia-aplicada\">Laborat\u00f3rio de\u00a0Microbiologia Aplicada<\/a><\/li>\n<li><a href=\"https:\/\/www.ufmg.br\/montesclaros\/?laboratorio=morfologia-animal\">Laborat\u00f3rio de\u00a0Morfologia Animal<\/a><\/li>\n<li><a href=\"https:\/\/www.ufmg.br\/montesclaros\/?laboratorio=plantas-medicinais\">Laborat\u00f3rio de\u00a0Plantas Medicinais e Arom\u00e1ticas<\/a><\/li>\n<li><a href=\"https:\/\/www.ufmg.br\/montesclaros\/?laboratorio=plantas-medicinais\">Laborat\u00f3rio de\u00a0Propaga\u00e7\u00e3o de Plantas<\/a><\/li>\n<li>Laborat\u00f3rio de\u00a0Qu\u00edmica<\/li>\n<li><a href=\"https:\/\/www.ufmg.br\/montesclaros\/?laboratorio=quimica-analitica\">Laborat\u00f3rio de\u00a0Quimica Anal\u00edtica<\/a><\/li>\n<li><a href=\"https:\/\/www.ufmg.br\/montesclaros\/?laboratorio=analise-de-sementes\">Laborat\u00f3rio de\u00a0Sementes<\/a><\/li>\n<li><a href=\"https:\/\/www.ufmg.br\/montesclaros\/?laboratorio=analise-dos-solos\">Laborat\u00f3rio de\u00a0Solos<\/a><\/li>\n<li><a href=\"https:\/\/www.ufmg.br\/montesclaros\/?laboratorio=tecnologia-de-alimentos\">Laborat\u00f3rio de\u00a0Tecnologia de Alimentos<\/a><\/li>\n<li><a href=\"https:\/\/www.ufmg.br\/montesclaros\/?laboratorio=tecnologia-de-produtos-vegetais\">Laborat\u00f3rio de\u00a0Tecnologia de Produtos Vegetais<\/a><\/li>\n<li><a href=\"https:\/\/www.ufmg.br\/montesclaros\/?laboratorio=tecnologia-de-laticinios\">Laborat\u00f3rio de\u00a0Tecnologia de Latic\u00ednios<\/a><\/li>\n<li><a href=\"https:\/\/www.ufmg.br\/montesclaros\/?laboratorio=biotecnolgia-bloco-a\">Laborat\u00f3rio de\u00a0Biotecnologia<\/a><\/li>\n<li><a href=\"https:\/\/www.ufmg.br\/montesclaros\/?laboratorio=biotecnologia-cpca\">Laborat\u00f3rio de\u00a0Biotecnologia CPCA<\/a><\/li>\n<li><a href=\"https:\/\/www.ufmg.br\/montesclaros\/?laboratorio=tratamento-de-residuos\">Laborat\u00f3rio de\u00a0Tratamento de Res\u00edduos<\/a><\/li>\n<\/ul>\n<\/div>\n<\/div>\n<\/div><\/div><\/div><div class=\"ea-card  sp-ea-single\"><h3 class=\"ea-header\"><a class=\"collapsed\" data-sptoggle=\"spcollapse\" data-sptarget=#collapse3164 href=\"javascript:void(0)\"  aria-expanded=\"false\"><i class=\"ea-expand-icon fa fa-plus\"><\/i> \u00c1rea do aluno<\/a><\/h3><div class=\"sp-collapse spcollapse \" id=\"collapse3164\" data-parent=#sp-ea-316><div class=\"ea-body\"><p><a href=\"https:\/\/www.ufmg.br\/montesclaros\/central-de-atendimento-a-graduacao-cegrad\/\">Acesse aqui a \u00c1rea do Aluno<\/a><\/p>\n<\/div><\/div><\/div><\/div><\/div><\/div>","protected":false},"excerpt":{"rendered":"","protected":false},"author":3,"featured_media":0,"parent":0,"menu_order":0,"comment_status":"closed","ping_status":"closed","template":"","meta":[],"acf":[],"_links":{"self":[{"href":"https:\/\/www.ufmg.br\/montesclaros\/wp-json\/wp\/v2\/pages\/315"}],"collection":[{"href":"https:\/\/www.ufmg.br\/montesclaros\/wp-json\/wp\/v2\/pages"}],"about":[{"href":"https:\/\/www.ufmg.br\/montesclaros\/wp-json\/wp\/v2\/types\/page"}],"author":[{"embeddable":true,"href":"https:\/\/www.ufmg.br\/montesclaros\/wp-json\/wp\/v2\/users\/3"}],"replies":[{"embeddable":true,"href":"https:\/\/www.ufmg.br\/montesclaros\/wp-json\/wp\/v2\/comments?post=315"}],"version-history":[{"count":2,"href":"https:\/\/www.ufmg.br\/montesclaros\/wp-json\/wp\/v2\/pages\/315\/revisions"}],"predecessor-version":[{"id":319,"href":"https:\/\/www.ufmg.br\/montesclaros\/wp-json\/wp\/v2\/pages\/315\/revisions\/319"}],"wp:attachment":[{"href":"https:\/\/www.ufmg.br\/montesclaros\/wp-json\/wp\/v2\/media?parent=315"}],"curies":[{"name":"wp","href":"https:\/\/api.w.org\/{rel}","templated":true}]}}